{"id":99687,"date":"2026-04-29T10:41:47","date_gmt":"2026-04-29T08:41:47","guid":{"rendered":"https:\/\/www.ogbl.lu\/?post_type=communiques&#038;p=99687"},"modified":"2026-04-29T10:41:47","modified_gmt":"2026-04-29T08:41:47","slug":"dnet-erheijung-vum-mindestloun-verschaerft-dkanneraarmut-an-dbildungsonglaichheeten","status":"publish","type":"communiques","link":"https:\/\/www.ogbl.lu\/en\/communique\/dnet-erheijung-vum-mindestloun-verschaerft-dkanneraarmut-an-dbildungsonglaichheeten\/","title":{"rendered":"D\u2019Net-Erh\u00e9ijung vum Mindestloun versch\u00e4erft d\u2019Kanneraarmut an d\u2019Bildungsongl\u00e4ichheeten"},"content":{"rendered":"<p class=\"qtranxs-available-languages-message qtranxs-available-languages-message-en\"> <\/p><p><\/p>\n<p style=\"font-weight: 400;\">Am Kontext vu steigende Liewensk\u00e4schten ass d\u2019Tatsaach, dass d\u2019Regierung keng strukturell Erh\u00e9ijung vum Mindestloun duerchf\u00e9iere w\u00ebll, sozial onverantwortlech. D\u00ebs politesch Decisioun tr\u00ebfft virun allem d\u00e9i Familljen, d\u00e9i schonn elo mat niddrege Revenuen ze k\u00e4mpfen hunn, an dr\u00e9it dozou b\u00e4i, d\u2019Kanneraarmut zu L\u00ebtzebuerg weider ze versch\u00e4erfen.<\/p>\n<p style=\"font-weight: 400;\">An eise Schoulen ass d\u00ebs Entw\u00e9cklung scho laang Realit\u00e9it. D\u2019Personal aus dem Educatiounsber\u00e4ich stellt eng zouhuelend Prekarit\u00e9it fest: de Gini-Koeffizient geet z\u00ebnter enger Rei Joren \u00ebmmer m\u00e9i an d\u2019Luucht, a m\u00ebttlerweil ass all 4. Kand zu L\u00ebtzebuerg vum Aarmutsrisiko betraff. D\u00ebs Ongl\u00e4ichheeten hunn en direkten Impakt op d\u2019L\u00e9iere, d\u2019Wuelbefannen an d\u2019Entw\u00e9cklung vun de Sch\u00fcler, an domat och d\u2019Bildungschanc\u00eb vun eise Sch\u00fcler.<\/p>\n<p style=\"font-weight: 400;\">Den Observatoire de l\u2019Enfance, de la Jeunesse et de la Qualit\u00e9 Scolaire (OEJQS) \u00ebnnerstr\u00e4icht an senge Analysen, dass sozial Ongl\u00e4ichheeten eng zentral Ursaach vu Bildungsongl\u00e4ichheeten sinn. Wann de Mindestloun net m\u00e9i duergeet fir dezent hei zu L\u00ebtzebuerg k\u00ebnnen ze liewen, a gl\u00e4ichz\u00e4iteg d\u2019Lounsch\u00e9ier \u00ebmmer weider ausenee geet, g\u00ebtt d\u00ebs Problematik nach verst\u00e4erkt, an d\u2019Schoul g\u00ebtt \u00ebmmer m\u00e9i zum Spigelbild vun enger sozial gespl\u00e9ckter Gesellschaft.<\/p>\n<p style=\"font-weight: 400;\">D\u2019Schoul kann awer net all M\u00ebssst\u00e4nn ausgl\u00e4ichen, d\u00e9i an der Gesellschaft entstinn. Kanneraarmut ass keng Fatalit\u00e9it, mee d\u2019Resultat vu politesche Choixen. D\u2019Net-Erh\u00e9ijung vum Mindestloun ass eng bewosst Entscheedung mat schw\u00e9ieren Auswierkungen op d\u00e9i j\u00e9ngst Membere vun eiser Gesellschaft.<\/p>\n<p style=\"font-weight: 400;\">Als SEW\/OGBL \u00ebnnerst\u00ebtze mir dow\u00e9inst d\u2019Fuerderung fir eng direkt an substantiell strukturell Erh\u00e9ijung vum Mindestloun. Parallel dozou mussen och de REVIS an d\u2019Mindestrent ugepasst ginn. D\u2019Allocation de vie ch\u00e8re muss endlech index\u00e9iert ginn an et musse konkret Mesuren g\u00e9int dee permanenten Noutstand beim Wunnen geholl hinn. D\u00ebs Mesur\u00eb sinn on\u00ebmg\u00e4nglech fir konkret g\u00e9int Kanneraarmut virzegoen an domat d\u2019Bildungschanc\u00eb vun alle Kanner ze st\u00e4erken.<\/p>\n<p style=\"font-weight: 400;\"><strong><em>\u00a0<\/em><\/strong><\/p>\n<p style=\"font-weight: 400;\"><strong>Matgedeelt vum Syndikat Erz\u00e9iung a W\u00ebssenschaft am OGBL (SEW\/OGBL),<br \/>\n<\/strong><strong>de 29. Abr\u00ebll 2026 <\/strong><\/p>\n<p><\/p>","protected":false},"author":6,"featured_media":99688,"template":"","categorie_communiques":[49],"syndicat":[77],"acf":[],"yoast_head":"<!-- This site is optimized with the Yoast SEO plugin v23.1 - https:\/\/yoast.com\/wordpress\/plugins\/seo\/ -->\r\n<title><\/title>\r\n<meta name=\"robots\" content=\"index, follow, max-snippet:-1, max-image-preview:large, max-video-preview:-1\" \/>\r\n<link rel=\"canonical\" href=\"https:\/\/www.ogbl.lu\/communique\/dnet-erheijung-vum-mindestloun-verschaerft-dkanneraarmut-an-dbildungsonglaichheeten\/\" \/>\r\n<meta property=\"og:locale\" content=\"en_US\" \/>\r\n<meta property=\"og:type\" content=\"article\" \/>\r\n<meta property=\"og:title\" content=\"[:de]D\u2019Net-Erh\u00e9ijung vum Mindestloun versch\u00e4erft d\u2019Kanneraarmut an d\u2019Bildungsongl\u00e4ichheeten[:] - OGBL\" \/>\r\n<meta property=\"og:description\" content=\"Am Kontext vu steigende Liewensk\u00e4schten ass d\u2019Tatsaach, dass d\u2019Regierung keng strukturell Erh\u00e9ijung vum Mindestloun duerchf\u00e9iere w\u00ebll, sozial onverantwortlech. D\u00ebs politesch \u2026\" \/>\r\n<meta property=\"og:url\" content=\"https:\/\/www.ogbl.lu\/communique\/dnet-erheijung-vum-mindestloun-verschaerft-dkanneraarmut-an-dbildungsonglaichheeten\/\" \/>\r\n<meta property=\"og:site_name\" content=\"OGBL\" \/>\r\n<meta property=\"og:image\" content=\"https:\/\/www.ogbl.lu\/wp-content\/uploads\/2026\/04\/AdobeStock_557262171-scaled.jpeg\" \/>\r\n\t<meta property=\"og:image:width\" content=\"2560\" \/>\r\n\t<meta property=\"og:image:height\" content=\"1707\" \/>\r\n\t<meta property=\"og:image:type\" content=\"image\/jpeg\" \/>\r\n<meta name=\"twitter:card\" content=\"summary_large_image\" \/>\r\n<meta name=\"twitter:label1\" content=\"Est. reading time\" \/>\n\t<meta name=\"twitter:data1\" content=\"2 minutes\" \/>\r\n<script type=\"application\/ld+json\" class=\"yoast-schema-graph\">{\"@context\":\"https:\/\/schema.org\",\"@graph\":[{\"@type\":\"WebPage\",\"@id\":\"https:\/\/www.ogbl.lu\/communique\/dnet-erheijung-vum-mindestloun-verschaerft-dkanneraarmut-an-dbildungsonglaichheeten\/\",\"url\":\"https:\/\/www.ogbl.lu\/communique\/dnet-erheijung-vum-mindestloun-verschaerft-dkanneraarmut-an-dbildungsonglaichheeten\/\",\"name\":\"[:de]D\u2019Net-Erh\u00e9ijung vum Mindestloun versch\u00e4erft d\u2019Kanneraarmut an d\u2019Bildungsongl\u00e4ichheeten[:] - OGBL\",\"isPartOf\":{\"@id\":\"https:\/\/www.ogbl.lu\/de\/#website\"},\"primaryImageOfPage\":{\"@id\":\"https:\/\/www.ogbl.lu\/communique\/dnet-erheijung-vum-mindestloun-verschaerft-dkanneraarmut-an-dbildungsonglaichheeten\/#primaryimage\"},\"image\":{\"@id\":\"https:\/\/www.ogbl.lu\/communique\/dnet-erheijung-vum-mindestloun-verschaerft-dkanneraarmut-an-dbildungsonglaichheeten\/#primaryimage\"},\"thumbnailUrl\":\"https:\/\/www.ogbl.lu\/wp-content\/uploads\/2026\/04\/AdobeStock_557262171-scaled.jpeg\",\"datePublished\":\"2026-04-29T08:41:47+00:00\",\"dateModified\":\"2026-04-29T08:41:47+00:00\",\"breadcrumb\":{\"@id\":\"https:\/\/www.ogbl.lu\/communique\/dnet-erheijung-vum-mindestloun-verschaerft-dkanneraarmut-an-dbildungsonglaichheeten\/#breadcrumb\"},\"inLanguage\":\"en-US\",\"potentialAction\":[{\"@type\":\"ReadAction\",\"target\":[\"https:\/\/www.ogbl.lu\/communique\/dnet-erheijung-vum-mindestloun-verschaerft-dkanneraarmut-an-dbildungsonglaichheeten\/\"]}]},{\"@type\":\"ImageObject\",\"inLanguage\":\"en-US\",\"@id\":\"https:\/\/www.ogbl.lu\/communique\/dnet-erheijung-vum-mindestloun-verschaerft-dkanneraarmut-an-dbildungsonglaichheeten\/#primaryimage\",\"url\":\"https:\/\/www.ogbl.lu\/wp-content\/uploads\/2026\/04\/AdobeStock_557262171-scaled.jpeg\",\"contentUrl\":\"https:\/\/www.ogbl.lu\/wp-content\/uploads\/2026\/04\/AdobeStock_557262171-scaled.jpeg\",\"width\":2560,\"height\":1707,\"caption\":\"Sad lonely boy sitting in the back of the classroom during classes\"},{\"@type\":\"BreadcrumbList\",\"@id\":\"https:\/\/www.ogbl.lu\/communique\/dnet-erheijung-vum-mindestloun-verschaerft-dkanneraarmut-an-dbildungsonglaichheeten\/#breadcrumb\",\"itemListElement\":[{\"@type\":\"ListItem\",\"position\":1,\"name\":\"Home\",\"item\":\"https:\/\/www.ogbl.lu\/\"},{\"@type\":\"ListItem\",\"position\":2,\"name\":\"D\u2019Net-Erh\u00e9ijung vum Mindestloun versch\u00e4erft d\u2019Kanneraarmut an d\u2019Bildungsongl\u00e4ichheeten\"}]},{\"@type\":\"WebSite\",\"@id\":\"https:\/\/www.ogbl.lu\/de\/#website\",\"url\":\"https:\/\/www.ogbl.lu\/de\/\",\"name\":\"OGBL\",\"description\":\"THE TRADE UNION\",\"publisher\":{\"@id\":\"https:\/\/www.ogbl.lu\/de\/#organization\"},\"potentialAction\":[{\"@type\":\"SearchAction\",\"target\":{\"@type\":\"EntryPoint\",\"urlTemplate\":\"https:\/\/www.ogbl.lu\/de\/?s={search_term_string}\"},\"query-input\":\"required name=search_term_string\"}],\"inLanguage\":\"en-US\"},{\"@type\":\"Organization\",\"@id\":\"https:\/\/www.ogbl.lu\/de\/#organization\",\"name\":\"OGBL\",\"url\":\"https:\/\/www.ogbl.lu\/de\/\",\"logo\":{\"@type\":\"ImageObject\",\"inLanguage\":\"en-US\",\"@id\":\"https:\/\/www.ogbl.lu\/de\/#\/schema\/logo\/image\/\",\"url\":\"https:\/\/www.ogbl.lu\/wp-content\/uploads\/2024\/07\/LOGO_Red_FR-svg.png\",\"contentUrl\":\"https:\/\/www.ogbl.lu\/wp-content\/uploads\/2024\/07\/LOGO_Red_FR-svg.png\",\"width\":369,\"height\":171,\"caption\":\"OGBL\"},\"image\":{\"@id\":\"https:\/\/www.ogbl.lu\/de\/#\/schema\/logo\/image\/\"}}]}<\/script>\r\n<!-- \/ Yoast SEO plugin. -->","yoast_head_json":{"title":"[:de]D\u2019Net-Erh\u00e9ijung vum Mindestloun versch\u00e4erft d\u2019Kanneraarmut an d\u2019Bildungsongl\u00e4ichheeten[:] - OGBL","robots":{"index":"index","follow":"follow","max-snippet":"max-snippet:-1","max-image-preview":"max-image-preview:large","max-video-preview":"max-video-preview:-1"},"canonical":"https:\/\/www.ogbl.lu\/communique\/dnet-erheijung-vum-mindestloun-verschaerft-dkanneraarmut-an-dbildungsonglaichheeten\/","og_locale":"en_US","og_type":"article","og_title":"[:de]D\u2019Net-Erh\u00e9ijung vum Mindestloun versch\u00e4erft d\u2019Kanneraarmut an d\u2019Bildungsongl\u00e4ichheeten[:] - OGBL","og_description":"Am Kontext vu steigende Liewensk\u00e4schten ass d\u2019Tatsaach, dass d\u2019Regierung keng strukturell Erh\u00e9ijung vum Mindestloun duerchf\u00e9iere w\u00ebll, sozial onverantwortlech. D\u00ebs politesch \u2026","og_url":"https:\/\/www.ogbl.lu\/communique\/dnet-erheijung-vum-mindestloun-verschaerft-dkanneraarmut-an-dbildungsonglaichheeten\/","og_site_name":"OGBL","og_image":[{"width":2560,"height":1707,"url":"https:\/\/www.ogbl.lu\/wp-content\/uploads\/2026\/04\/AdobeStock_557262171-scaled.jpeg","type":"image\/jpeg"}],"twitter_card":"summary_large_image","twitter_misc":{"Est. reading time":"2 minutes"},"schema":{"@context":"https:\/\/schema.org","@graph":[{"@type":"WebPage","@id":"https:\/\/www.ogbl.lu\/communique\/dnet-erheijung-vum-mindestloun-verschaerft-dkanneraarmut-an-dbildungsonglaichheeten\/","url":"https:\/\/www.ogbl.lu\/communique\/dnet-erheijung-vum-mindestloun-verschaerft-dkanneraarmut-an-dbildungsonglaichheeten\/","name":"[:de]D\u2019Net-Erh\u00e9ijung vum Mindestloun versch\u00e4erft d\u2019Kanneraarmut an d\u2019Bildungsongl\u00e4ichheeten[:] - OGBL","isPartOf":{"@id":"https:\/\/www.ogbl.lu\/de\/#website"},"primaryImageOfPage":{"@id":"https:\/\/www.ogbl.lu\/communique\/dnet-erheijung-vum-mindestloun-verschaerft-dkanneraarmut-an-dbildungsonglaichheeten\/#primaryimage"},"image":{"@id":"https:\/\/www.ogbl.lu\/communique\/dnet-erheijung-vum-mindestloun-verschaerft-dkanneraarmut-an-dbildungsonglaichheeten\/#primaryimage"},"thumbnailUrl":"https:\/\/www.ogbl.lu\/wp-content\/uploads\/2026\/04\/AdobeStock_557262171-scaled.jpeg","datePublished":"2026-04-29T08:41:47+00:00","dateModified":"2026-04-29T08:41:47+00:00","breadcrumb":{"@id":"https:\/\/www.ogbl.lu\/communique\/dnet-erheijung-vum-mindestloun-verschaerft-dkanneraarmut-an-dbildungsonglaichheeten\/#breadcrumb"},"inLanguage":"en-US","potentialAction":[{"@type":"ReadAction","target":["https:\/\/www.ogbl.lu\/communique\/dnet-erheijung-vum-mindestloun-verschaerft-dkanneraarmut-an-dbildungsonglaichheeten\/"]}]},{"@type":"ImageObject","inLanguage":"en-US","@id":"https:\/\/www.ogbl.lu\/communique\/dnet-erheijung-vum-mindestloun-verschaerft-dkanneraarmut-an-dbildungsonglaichheeten\/#primaryimage","url":"https:\/\/www.ogbl.lu\/wp-content\/uploads\/2026\/04\/AdobeStock_557262171-scaled.jpeg","contentUrl":"https:\/\/www.ogbl.lu\/wp-content\/uploads\/2026\/04\/AdobeStock_557262171-scaled.jpeg","width":2560,"height":1707,"caption":"Sad lonely boy sitting in the back of the classroom during classes"},{"@type":"BreadcrumbList","@id":"https:\/\/www.ogbl.lu\/communique\/dnet-erheijung-vum-mindestloun-verschaerft-dkanneraarmut-an-dbildungsonglaichheeten\/#breadcrumb","itemListElement":[{"@type":"ListItem","position":1,"name":"Home","item":"https:\/\/www.ogbl.lu\/"},{"@type":"ListItem","position":2,"name":"D\u2019Net-Erh\u00e9ijung vum Mindestloun versch\u00e4erft d\u2019Kanneraarmut an d\u2019Bildungsongl\u00e4ichheeten"}]},{"@type":"WebSite","@id":"https:\/\/www.ogbl.lu\/de\/#website","url":"https:\/\/www.ogbl.lu\/de\/","name":"OGBL","description":"THE TRADE UNION","publisher":{"@id":"https:\/\/www.ogbl.lu\/de\/#organization"},"potentialAction":[{"@type":"SearchAction","target":{"@type":"EntryPoint","urlTemplate":"https:\/\/www.ogbl.lu\/de\/?s={search_term_string}"},"query-input":"required name=search_term_string"}],"inLanguage":"en-US"},{"@type":"Organization","@id":"https:\/\/www.ogbl.lu\/de\/#organization","name":"OGBL","url":"https:\/\/www.ogbl.lu\/de\/","logo":{"@type":"ImageObject","inLanguage":"en-US","@id":"https:\/\/www.ogbl.lu\/de\/#\/schema\/logo\/image\/","url":"https:\/\/www.ogbl.lu\/wp-content\/uploads\/2024\/07\/LOGO_Red_FR-svg.png","contentUrl":"https:\/\/www.ogbl.lu\/wp-content\/uploads\/2024\/07\/LOGO_Red_FR-svg.png","width":369,"height":171,"caption":"OGBL"},"image":{"@id":"https:\/\/www.ogbl.lu\/de\/#\/schema\/logo\/image\/"}}]}},"_links":{"self":[{"href":"https:\/\/www.ogbl.lu\/en\/wp-json\/wp\/v2\/communiques\/99687"}],"collection":[{"href":"https:\/\/www.ogbl.lu\/en\/wp-json\/wp\/v2\/communiques"}],"about":[{"href":"https:\/\/www.ogbl.lu\/en\/wp-json\/wp\/v2\/types\/communiques"}],"author":[{"embeddable":true,"href":"https:\/\/www.ogbl.lu\/en\/wp-json\/wp\/v2\/users\/6"}],"version-history":[{"count":1,"href":"https:\/\/www.ogbl.lu\/en\/wp-json\/wp\/v2\/communiques\/99687\/revisions"}],"predecessor-version":[{"id":99691,"href":"https:\/\/www.ogbl.lu\/en\/wp-json\/wp\/v2\/communiques\/99687\/revisions\/99691"}],"wp:featuredmedia":[{"embeddable":true,"href":"https:\/\/www.ogbl.lu\/en\/wp-json\/wp\/v2\/media\/99688"}],"wp:attachment":[{"href":"https:\/\/www.ogbl.lu\/en\/wp-json\/wp\/v2\/media?parent=99687"}],"wp:term":[{"taxonomy":"categorie_communiques","embeddable":true,"href":"https:\/\/www.ogbl.lu\/en\/wp-json\/wp\/v2\/categorie_communiques?post=99687"},{"taxonomy":"syndicat","embeddable":true,"href":"https:\/\/www.ogbl.lu\/en\/wp-json\/wp\/v2\/syndicat?post=99687"}],"curies":[{"name":"wp","href":"https:\/\/api.w.org\/{rel}","templated":true}]}}