{"id":59887,"date":"2025-10-27T10:01:18","date_gmt":"2025-10-27T09:01:18","guid":{"rendered":"https:\/\/www.ogbl.lu\/?post_type=communiques&#038;p=59887"},"modified":"2025-10-27T10:01:18","modified_gmt":"2025-10-27T09:01:18","slug":"renouvellement-de-la-convention-collective-a-la-cmcm-2","status":"publish","type":"communiques","link":"https:\/\/www.ogbl.lu\/en\/communique\/renouvellement-de-la-convention-collective-a-la-cmcm-2\/","title":{"rendered":"Renouvellement de la convention collective \u00e0 la CMCM"},"content":{"rendered":"<p class=\"qtranxs-available-languages-message qtranxs-available-languages-message-en\"> <\/p><p>Le vendredi 24 octobre 2025, le Conseil d\u2019administration, la Direction de la Caisse M\u00e9dico-Compl\u00e9mentaire Mutualiste (CMCM) et les syndicats OGBL et LCGB ont sign\u00e9 un accord quant au renouvellement de la convention collective de travail pour les 75 salari\u00e9s concern\u00e9s.<\/p>\n<p>La nouvelle convention collective porte sur une dur\u00e9e de 3 ans, \u00e0 savoir du 1<sup>er<\/sup> janvier 2025 (avec effet r\u00e9troactif) au 31 d\u00e9cembre 2027.<\/p>\n<p>Les discussions, men\u00e9es dans un esprit constructif et de respect mutuel, ont permis d\u2019aboutir \u00e0 un compromis \u00e9quilibr\u00e9 qui tient compte \u00e0 la fois des attentes des collaborateurs et des besoins de la mutualit\u00e9. Cet accord confirme la volont\u00e9 partag\u00e9e des partenaires sociaux de garantir un cadre de travail motivant, \u00e9quitable et tourn\u00e9 vers l\u2019avenir.<\/p>\n<p>L\u2019accord pr\u00e9voit plusieurs am\u00e9liorations notables pour les salari\u00e9s de l\u2019entreprise, parmi lesquelles :<\/p>\n<p><strong><u>au niveau qualitatif :<\/u><\/strong><\/p>\n<ul>\n<li>Am\u00e9lioration sur la flexibilit\u00e9 de l\u2019horaire mobile<\/li>\n<li>Introduction du t\u00e9l\u00e9travail r\u00e9gulier \u00e0 20% du temps de travail annuel<\/li>\n<li>Augmentation du cong\u00e9 annuel de deux journ\u00e9es<\/li>\n<li>Am\u00e9lioration du cong\u00e9 social<\/li>\n<\/ul>\n<p><strong><u>au niveau quantitatif\u00a0:<\/u><\/strong><\/p>\n<ul>\n<li>Paiement d\u2019une allocation unique et exceptionnelle de r\u00e9gularisation<\/li>\n<li>Augmentation lin\u00e9aire des salaires de 1%<\/li>\n<li>Introduction d\u2019une prime de flexibilit\u00e9 pour le travail du week-end<\/li>\n<\/ul>\n<p>Les 2 articles en relation avec l\u2019\u00e9volution de la valeur du point indiciaire des employ\u00e9s de l\u2019Etat sont rest\u00e9s inchang\u00e9s. En effet, ceux-ci constituent des points essentiels pour le personnel.<\/p>\n<p>Cet accord vise \u00e0 garantir de bonnes conditions de travail et une \u00e9volution \u00e9quitable des salaires.<\/p>\n<p>Celui-ci vient \u00e9galement renforcer la coh\u00e9sion au sein de l\u2019entreprise et marque une nouvelle \u00e9tape positive dans le d\u00e9veloppement d\u2019un environnement professionnel fond\u00e9 sur la confiance et le bien-\u00eatre de tous.<\/p>\n<p>&nbsp;<\/p>\n<p><strong><em>Communiqu\u00e9 par l\u2019OGBL, le LCGB et la CMCM, <\/em><\/strong><\/p>\n<p><strong><em>le 27 octobre 2025<\/em><\/strong><\/p>","protected":false},"author":5,"featured_media":59889,"template":"","categorie_communiques":[52],"syndicat":[],"acf":[],"yoast_head":"<!-- This site is optimized with the Yoast SEO plugin v23.1 - https:\/\/yoast.com\/wordpress\/plugins\/seo\/ -->\r\n<title><\/title>\r\n<meta name=\"robots\" content=\"index, follow, max-snippet:-1, max-image-preview:large, max-video-preview:-1\" \/>\r\n<link rel=\"canonical\" href=\"https:\/\/www.ogbl.lu\/communique\/renouvellement-de-la-convention-collective-a-la-cmcm-2\/\" \/>\r\n<meta property=\"og:locale\" content=\"en_US\" \/>\r\n<meta property=\"og:type\" content=\"article\" \/>\r\n<meta property=\"og:title\" content=\"[:fr]Renouvellement de la convention collective \u00e0 la CMCM [:] - OGBL\" \/>\r\n<meta property=\"og:description\" content=\"Le vendredi 24 octobre 2025, le Conseil d\u2019administration, la Direction de la Caisse M\u00e9dico-Compl\u00e9mentaire Mutualiste (CMCM) et les syndicats OGBL \u2026\" \/>\r\n<meta property=\"og:url\" content=\"https:\/\/www.ogbl.lu\/communique\/renouvellement-de-la-convention-collective-a-la-cmcm-2\/\" \/>\r\n<meta property=\"og:site_name\" content=\"OGBL\" \/>\r\n<meta property=\"og:image\" content=\"https:\/\/www.ogbl.lu\/wp-content\/uploads\/2025\/10\/IMG_4762-1-scaled.jpeg\" \/>\r\n\t<meta property=\"og:image:width\" content=\"2560\" \/>\r\n\t<meta property=\"og:image:height\" content=\"1707\" \/>\r\n\t<meta property=\"og:image:type\" content=\"image\/jpeg\" \/>\r\n<meta name=\"twitter:card\" content=\"summary_large_image\" \/>\r\n<meta name=\"twitter:label1\" content=\"Est. reading time\" \/>\n\t<meta name=\"twitter:data1\" content=\"2 minutes\" \/>\r\n<script type=\"application\/ld+json\" class=\"yoast-schema-graph\">{\"@context\":\"https:\/\/schema.org\",\"@graph\":[{\"@type\":\"WebPage\",\"@id\":\"https:\/\/www.ogbl.lu\/communique\/renouvellement-de-la-convention-collective-a-la-cmcm-2\/\",\"url\":\"https:\/\/www.ogbl.lu\/communique\/renouvellement-de-la-convention-collective-a-la-cmcm-2\/\",\"name\":\"[:fr]Renouvellement de la convention collective \u00e0 la CMCM [:] - OGBL\",\"isPartOf\":{\"@id\":\"https:\/\/www.ogbl.lu\/de\/#website\"},\"primaryImageOfPage\":{\"@id\":\"https:\/\/www.ogbl.lu\/communique\/renouvellement-de-la-convention-collective-a-la-cmcm-2\/#primaryimage\"},\"image\":{\"@id\":\"https:\/\/www.ogbl.lu\/communique\/renouvellement-de-la-convention-collective-a-la-cmcm-2\/#primaryimage\"},\"thumbnailUrl\":\"https:\/\/www.ogbl.lu\/wp-content\/uploads\/2025\/10\/IMG_4762-1-scaled.jpeg\",\"datePublished\":\"2025-10-27T09:01:18+00:00\",\"dateModified\":\"2025-10-27T09:01:18+00:00\",\"breadcrumb\":{\"@id\":\"https:\/\/www.ogbl.lu\/communique\/renouvellement-de-la-convention-collective-a-la-cmcm-2\/#breadcrumb\"},\"inLanguage\":\"en-US\",\"potentialAction\":[{\"@type\":\"ReadAction\",\"target\":[\"https:\/\/www.ogbl.lu\/communique\/renouvellement-de-la-convention-collective-a-la-cmcm-2\/\"]}]},{\"@type\":\"ImageObject\",\"inLanguage\":\"en-US\",\"@id\":\"https:\/\/www.ogbl.lu\/communique\/renouvellement-de-la-convention-collective-a-la-cmcm-2\/#primaryimage\",\"url\":\"https:\/\/www.ogbl.lu\/wp-content\/uploads\/2025\/10\/IMG_4762-1-scaled.jpeg\",\"contentUrl\":\"https:\/\/www.ogbl.lu\/wp-content\/uploads\/2025\/10\/IMG_4762-1-scaled.jpeg\",\"width\":2560,\"height\":1707},{\"@type\":\"BreadcrumbList\",\"@id\":\"https:\/\/www.ogbl.lu\/communique\/renouvellement-de-la-convention-collective-a-la-cmcm-2\/#breadcrumb\",\"itemListElement\":[{\"@type\":\"ListItem\",\"position\":1,\"name\":\"Home\",\"item\":\"https:\/\/www.ogbl.lu\/\"},{\"@type\":\"ListItem\",\"position\":2,\"name\":\"Renouvellement de la convention collective \u00e0 la CMCM\"}]},{\"@type\":\"WebSite\",\"@id\":\"https:\/\/www.ogbl.lu\/de\/#website\",\"url\":\"https:\/\/www.ogbl.lu\/de\/\",\"name\":\"OGBL\",\"description\":\"THE TRADE UNION\",\"publisher\":{\"@id\":\"https:\/\/www.ogbl.lu\/de\/#organization\"},\"potentialAction\":[{\"@type\":\"SearchAction\",\"target\":{\"@type\":\"EntryPoint\",\"urlTemplate\":\"https:\/\/www.ogbl.lu\/de\/?s={search_term_string}\"},\"query-input\":\"required name=search_term_string\"}],\"inLanguage\":\"en-US\"},{\"@type\":\"Organization\",\"@id\":\"https:\/\/www.ogbl.lu\/de\/#organization\",\"name\":\"OGBL\",\"url\":\"https:\/\/www.ogbl.lu\/de\/\",\"logo\":{\"@type\":\"ImageObject\",\"inLanguage\":\"en-US\",\"@id\":\"https:\/\/www.ogbl.lu\/de\/#\/schema\/logo\/image\/\",\"url\":\"https:\/\/www.ogbl.lu\/wp-content\/uploads\/2024\/07\/LOGO_Red_FR-svg.png\",\"contentUrl\":\"https:\/\/www.ogbl.lu\/wp-content\/uploads\/2024\/07\/LOGO_Red_FR-svg.png\",\"width\":369,\"height\":171,\"caption\":\"OGBL\"},\"image\":{\"@id\":\"https:\/\/www.ogbl.lu\/de\/#\/schema\/logo\/image\/\"}}]}<\/script>\r\n<!-- \/ Yoast SEO plugin. -->","yoast_head_json":{"title":"[:fr]Renouvellement de la convention collective \u00e0 la CMCM [:] - OGBL","robots":{"index":"index","follow":"follow","max-snippet":"max-snippet:-1","max-image-preview":"max-image-preview:large","max-video-preview":"max-video-preview:-1"},"canonical":"https:\/\/www.ogbl.lu\/communique\/renouvellement-de-la-convention-collective-a-la-cmcm-2\/","og_locale":"en_US","og_type":"article","og_title":"[:fr]Renouvellement de la convention collective \u00e0 la CMCM [:] - OGBL","og_description":"Le vendredi 24 octobre 2025, le Conseil d\u2019administration, la Direction de la Caisse M\u00e9dico-Compl\u00e9mentaire Mutualiste (CMCM) et les syndicats OGBL \u2026","og_url":"https:\/\/www.ogbl.lu\/communique\/renouvellement-de-la-convention-collective-a-la-cmcm-2\/","og_site_name":"OGBL","og_image":[{"width":2560,"height":1707,"url":"https:\/\/www.ogbl.lu\/wp-content\/uploads\/2025\/10\/IMG_4762-1-scaled.jpeg","type":"image\/jpeg"}],"twitter_card":"summary_large_image","twitter_misc":{"Est. reading time":"2 minutes"},"schema":{"@context":"https:\/\/schema.org","@graph":[{"@type":"WebPage","@id":"https:\/\/www.ogbl.lu\/communique\/renouvellement-de-la-convention-collective-a-la-cmcm-2\/","url":"https:\/\/www.ogbl.lu\/communique\/renouvellement-de-la-convention-collective-a-la-cmcm-2\/","name":"[:fr]Renouvellement de la convention collective \u00e0 la CMCM [:] - OGBL","isPartOf":{"@id":"https:\/\/www.ogbl.lu\/de\/#website"},"primaryImageOfPage":{"@id":"https:\/\/www.ogbl.lu\/communique\/renouvellement-de-la-convention-collective-a-la-cmcm-2\/#primaryimage"},"image":{"@id":"https:\/\/www.ogbl.lu\/communique\/renouvellement-de-la-convention-collective-a-la-cmcm-2\/#primaryimage"},"thumbnailUrl":"https:\/\/www.ogbl.lu\/wp-content\/uploads\/2025\/10\/IMG_4762-1-scaled.jpeg","datePublished":"2025-10-27T09:01:18+00:00","dateModified":"2025-10-27T09:01:18+00:00","breadcrumb":{"@id":"https:\/\/www.ogbl.lu\/communique\/renouvellement-de-la-convention-collective-a-la-cmcm-2\/#breadcrumb"},"inLanguage":"en-US","potentialAction":[{"@type":"ReadAction","target":["https:\/\/www.ogbl.lu\/communique\/renouvellement-de-la-convention-collective-a-la-cmcm-2\/"]}]},{"@type":"ImageObject","inLanguage":"en-US","@id":"https:\/\/www.ogbl.lu\/communique\/renouvellement-de-la-convention-collective-a-la-cmcm-2\/#primaryimage","url":"https:\/\/www.ogbl.lu\/wp-content\/uploads\/2025\/10\/IMG_4762-1-scaled.jpeg","contentUrl":"https:\/\/www.ogbl.lu\/wp-content\/uploads\/2025\/10\/IMG_4762-1-scaled.jpeg","width":2560,"height":1707},{"@type":"BreadcrumbList","@id":"https:\/\/www.ogbl.lu\/communique\/renouvellement-de-la-convention-collective-a-la-cmcm-2\/#breadcrumb","itemListElement":[{"@type":"ListItem","position":1,"name":"Home","item":"https:\/\/www.ogbl.lu\/"},{"@type":"ListItem","position":2,"name":"Renouvellement de la convention collective \u00e0 la CMCM"}]},{"@type":"WebSite","@id":"https:\/\/www.ogbl.lu\/de\/#website","url":"https:\/\/www.ogbl.lu\/de\/","name":"OGBL","description":"THE TRADE UNION","publisher":{"@id":"https:\/\/www.ogbl.lu\/de\/#organization"},"potentialAction":[{"@type":"SearchAction","target":{"@type":"EntryPoint","urlTemplate":"https:\/\/www.ogbl.lu\/de\/?s={search_term_string}"},"query-input":"required name=search_term_string"}],"inLanguage":"en-US"},{"@type":"Organization","@id":"https:\/\/www.ogbl.lu\/de\/#organization","name":"OGBL","url":"https:\/\/www.ogbl.lu\/de\/","logo":{"@type":"ImageObject","inLanguage":"en-US","@id":"https:\/\/www.ogbl.lu\/de\/#\/schema\/logo\/image\/","url":"https:\/\/www.ogbl.lu\/wp-content\/uploads\/2024\/07\/LOGO_Red_FR-svg.png","contentUrl":"https:\/\/www.ogbl.lu\/wp-content\/uploads\/2024\/07\/LOGO_Red_FR-svg.png","width":369,"height":171,"caption":"OGBL"},"image":{"@id":"https:\/\/www.ogbl.lu\/de\/#\/schema\/logo\/image\/"}}]}},"_links":{"self":[{"href":"https:\/\/www.ogbl.lu\/en\/wp-json\/wp\/v2\/communiques\/59887"}],"collection":[{"href":"https:\/\/www.ogbl.lu\/en\/wp-json\/wp\/v2\/communiques"}],"about":[{"href":"https:\/\/www.ogbl.lu\/en\/wp-json\/wp\/v2\/types\/communiques"}],"author":[{"embeddable":true,"href":"https:\/\/www.ogbl.lu\/en\/wp-json\/wp\/v2\/users\/5"}],"version-history":[{"count":1,"href":"https:\/\/www.ogbl.lu\/en\/wp-json\/wp\/v2\/communiques\/59887\/revisions"}],"predecessor-version":[{"id":59891,"href":"https:\/\/www.ogbl.lu\/en\/wp-json\/wp\/v2\/communiques\/59887\/revisions\/59891"}],"wp:featuredmedia":[{"embeddable":true,"href":"https:\/\/www.ogbl.lu\/en\/wp-json\/wp\/v2\/media\/59889"}],"wp:attachment":[{"href":"https:\/\/www.ogbl.lu\/en\/wp-json\/wp\/v2\/media?parent=59887"}],"wp:term":[{"taxonomy":"categorie_communiques","embeddable":true,"href":"https:\/\/www.ogbl.lu\/en\/wp-json\/wp\/v2\/categorie_communiques?post=59887"},{"taxonomy":"syndicat","embeddable":true,"href":"https:\/\/www.ogbl.lu\/en\/wp-json\/wp\/v2\/syndicat?post=59887"}],"curies":[{"name":"wp","href":"https:\/\/api.w.org\/{rel}","templated":true}]}}