{"id":59661,"date":"2025-10-21T10:37:23","date_gmt":"2025-10-21T08:37:23","guid":{"rendered":"https:\/\/www.ogbl.lu\/?post_type=communiques&#038;p=59661"},"modified":"2025-10-21T10:37:23","modified_gmt":"2025-10-21T08:37:23","slug":"signature-dune-convention-collective-de-travail-chez-grandvision-luxembourg","status":"publish","type":"communiques","link":"https:\/\/www.ogbl.lu\/en\/communique\/signature-dune-convention-collective-de-travail-chez-grandvision-luxembourg\/","title":{"rendered":"Signature d\u2019une convention collective de travail chez GrandVision Luxembourg"},"content":{"rendered":"<p class=\"qtranxs-available-languages-message qtranxs-available-languages-message-en\"> <\/p><p>Le secteur de l\u2019optique vient de franchir une \u00e9tape majeure au Luxembourg\u00a0! Le syndicat Commerce de l\u2019OGBL d\u00e9montre ainsi encore une fois que chaque branche, y compris celle de l\u2019optique, peut b\u00e9n\u00e9ficier d\u2019une convention collective de travail. C\u2019est d\u00e9sormais en effet chose faite chez GrandVision Luxembourg, qui regroupe les enseignes <strong>GrandOptical<\/strong> et <strong>G\u00e9n\u00e9rale d\u2019Optique<\/strong>.<\/p>\n<p>Cette premi\u00e8re convention collective, sign\u00e9e le 2 octobre 2025, entrera en vigueur le <strong>1<sup>er<\/sup> janvier 2026<\/strong> pour une dur\u00e9e de trois ans, c\u2019est-\u00e0-dire jusqu\u2019au <strong>31 d\u00e9cembre 2028<\/strong>.<\/p>\n<p>Pour les <strong>84 salari\u00e9s<\/strong> de l\u2019entreprise, cet accord constitue une avanc\u00e9e sociale consid\u00e9rable.<\/p>\n<p>L\u2019OGBL, seul syndicat repr\u00e9sent\u00e9 dans l\u2019entreprise, salue la qualit\u00e9 du dialogue social et la volont\u00e9 commune de la direction et de la d\u00e9l\u00e9gation du personnel d\u2019aboutir \u00e0 un accord \u00e9quilibr\u00e9 et durable, au b\u00e9n\u00e9fice de tous.<\/p>\n<p>Parmi les avanc\u00e9s pour les salari\u00e9s de GrandVision Luxembourg, on peut relever\u00a0:<\/p>\n<ul>\n<li><strong>Un 13<\/strong><strong>\u1d49<\/strong><strong> mois garanti<\/strong> par la convention collective<\/li>\n<li><strong>Une prime variable<\/strong> index\u00e9e sur le chiffre d\u2019affaires<\/li>\n<li><strong>Des bons d\u2019\u00e9quipement<\/strong> pour l\u2019achat de lunettes<\/li>\n<li>Des r\u00e9ductions \u00ab\u00a0Family &amp; Friends\u00a0\u00bb pouvant atteindre 50 %<\/li>\n<li><strong>Des ch\u00e8ques-repas<\/strong> de <strong>9 euros<\/strong> par jour travaill\u00e9, avec un engagement de ren\u00e9gociation en 2027<\/li>\n<li><strong>Des cong\u00e9s suppl\u00e9mentaires<\/strong> :\n<ul>\n<li>+1 jour \u00e0 partir de 15 ans d\u2019anciennet\u00e9, d\u00e8s 45 ans<\/li>\n<li>+1 jour \u00e0 partir de 25 ans d\u2019anciennet\u00e9., d\u00e8s 55 ans<\/li>\n<\/ul>\n<\/li>\n<li><strong>Des cong\u00e9s extraordinaires<\/strong> :\n<ul>\n<li>4 jours pour mariage ou PACS<\/li>\n<li>10 jours pour le d\u00e9c\u00e8s d\u2019un enfant de moins de 25 ans<\/li>\n<li>8 jours pour le d\u00e9c\u00e8s d\u2019un enfant de 25 ans ou plus<\/li>\n<\/ul>\n<\/li>\n<li><strong>4 heures de cong\u00e9 social<\/strong> par an<\/li>\n<li><strong>Une enveloppe de m\u00e9rite<\/strong> li\u00e9e aux \u00e9valuations individuelles<\/li>\n<li><strong>Un dispositif de pr\u00e9retraite progressive<\/strong><\/li>\n<li><strong>Un plan mensuel d\u2019organisation du travail<\/strong> pour les heures de d\u00e9l\u00e9gation.<\/li>\n<\/ul>\n<p><strong>Une victoire collective<\/strong><\/p>\n<p>Le syndicat Commerce de l\u2019OGBL et la d\u00e9l\u00e9gation de GrandVision Luxembourg se f\u00e9licitent de cet accord historique, fruit d\u2019un dialogue constructif et d\u2019une vision commune : <strong>placer les salari\u00e9s au c\u0153ur du progr\u00e8s social<\/strong> dans le secteur de l\u2019optique luxembourgeois.<\/p>\n<p><strong><em>Communiqu\u00e9 par le syndicat Commerce de l\u2019OGBL, <\/em><\/strong><strong><em>le 21 octobre 2025<\/em><\/strong><\/p>","protected":false},"author":5,"featured_media":59663,"template":"","categorie_communiques":[48],"syndicat":[78],"acf":[],"yoast_head":"<!-- This site is optimized with the Yoast SEO plugin v23.1 - https:\/\/yoast.com\/wordpress\/plugins\/seo\/ -->\r\n<title><\/title>\r\n<meta name=\"robots\" content=\"index, follow, max-snippet:-1, max-image-preview:large, max-video-preview:-1\" \/>\r\n<link rel=\"canonical\" href=\"https:\/\/www.ogbl.lu\/communique\/signature-dune-convention-collective-de-travail-chez-grandvision-luxembourg\/\" \/>\r\n<meta property=\"og:locale\" content=\"en_US\" \/>\r\n<meta property=\"og:type\" content=\"article\" \/>\r\n<meta property=\"og:title\" content=\"[:fr]Signature d\u2019une convention collective de travail chez GrandVision Luxembourg[:] - OGBL\" \/>\r\n<meta property=\"og:description\" content=\"Le secteur de l\u2019optique vient de franchir une \u00e9tape majeure au Luxembourg\u00a0! Le syndicat Commerce de l\u2019OGBL d\u00e9montre ainsi encore \u2026\" \/>\r\n<meta property=\"og:url\" content=\"https:\/\/www.ogbl.lu\/communique\/signature-dune-convention-collective-de-travail-chez-grandvision-luxembourg\/\" \/>\r\n<meta property=\"og:site_name\" content=\"OGBL\" \/>\r\n<meta property=\"og:image\" content=\"https:\/\/www.ogbl.lu\/wp-content\/uploads\/2025\/10\/CCT-GrandVision-1.jpg\" \/>\r\n\t<meta property=\"og:image:width\" content=\"2048\" \/>\r\n\t<meta property=\"og:image:height\" content=\"1526\" \/>\r\n\t<meta property=\"og:image:type\" content=\"image\/jpeg\" \/>\r\n<meta name=\"twitter:card\" content=\"summary_large_image\" \/>\r\n<meta name=\"twitter:label1\" content=\"Est. reading time\" \/>\n\t<meta name=\"twitter:data1\" content=\"2 minutes\" \/>\r\n<script type=\"application\/ld+json\" class=\"yoast-schema-graph\">{\"@context\":\"https:\/\/schema.org\",\"@graph\":[{\"@type\":\"WebPage\",\"@id\":\"https:\/\/www.ogbl.lu\/communique\/signature-dune-convention-collective-de-travail-chez-grandvision-luxembourg\/\",\"url\":\"https:\/\/www.ogbl.lu\/communique\/signature-dune-convention-collective-de-travail-chez-grandvision-luxembourg\/\",\"name\":\"[:fr]Signature d\u2019une convention collective de travail chez GrandVision Luxembourg[:] - OGBL\",\"isPartOf\":{\"@id\":\"https:\/\/www.ogbl.lu\/de\/#website\"},\"primaryImageOfPage\":{\"@id\":\"https:\/\/www.ogbl.lu\/communique\/signature-dune-convention-collective-de-travail-chez-grandvision-luxembourg\/#primaryimage\"},\"image\":{\"@id\":\"https:\/\/www.ogbl.lu\/communique\/signature-dune-convention-collective-de-travail-chez-grandvision-luxembourg\/#primaryimage\"},\"thumbnailUrl\":\"https:\/\/www.ogbl.lu\/wp-content\/uploads\/2025\/10\/CCT-GrandVision-1.jpg\",\"datePublished\":\"2025-10-21T08:37:23+00:00\",\"dateModified\":\"2025-10-21T08:37:23+00:00\",\"breadcrumb\":{\"@id\":\"https:\/\/www.ogbl.lu\/communique\/signature-dune-convention-collective-de-travail-chez-grandvision-luxembourg\/#breadcrumb\"},\"inLanguage\":\"en-US\",\"potentialAction\":[{\"@type\":\"ReadAction\",\"target\":[\"https:\/\/www.ogbl.lu\/communique\/signature-dune-convention-collective-de-travail-chez-grandvision-luxembourg\/\"]}]},{\"@type\":\"ImageObject\",\"inLanguage\":\"en-US\",\"@id\":\"https:\/\/www.ogbl.lu\/communique\/signature-dune-convention-collective-de-travail-chez-grandvision-luxembourg\/#primaryimage\",\"url\":\"https:\/\/www.ogbl.lu\/wp-content\/uploads\/2025\/10\/CCT-GrandVision-1.jpg\",\"contentUrl\":\"https:\/\/www.ogbl.lu\/wp-content\/uploads\/2025\/10\/CCT-GrandVision-1.jpg\",\"width\":2048,\"height\":1526},{\"@type\":\"BreadcrumbList\",\"@id\":\"https:\/\/www.ogbl.lu\/communique\/signature-dune-convention-collective-de-travail-chez-grandvision-luxembourg\/#breadcrumb\",\"itemListElement\":[{\"@type\":\"ListItem\",\"position\":1,\"name\":\"Home\",\"item\":\"https:\/\/www.ogbl.lu\/\"},{\"@type\":\"ListItem\",\"position\":2,\"name\":\"Signature d\u2019une convention collective de travail chez GrandVision Luxembourg\"}]},{\"@type\":\"WebSite\",\"@id\":\"https:\/\/www.ogbl.lu\/de\/#website\",\"url\":\"https:\/\/www.ogbl.lu\/de\/\",\"name\":\"OGBL\",\"description\":\"THE TRADE UNION\",\"publisher\":{\"@id\":\"https:\/\/www.ogbl.lu\/de\/#organization\"},\"potentialAction\":[{\"@type\":\"SearchAction\",\"target\":{\"@type\":\"EntryPoint\",\"urlTemplate\":\"https:\/\/www.ogbl.lu\/de\/?s={search_term_string}\"},\"query-input\":\"required name=search_term_string\"}],\"inLanguage\":\"en-US\"},{\"@type\":\"Organization\",\"@id\":\"https:\/\/www.ogbl.lu\/de\/#organization\",\"name\":\"OGBL\",\"url\":\"https:\/\/www.ogbl.lu\/de\/\",\"logo\":{\"@type\":\"ImageObject\",\"inLanguage\":\"en-US\",\"@id\":\"https:\/\/www.ogbl.lu\/de\/#\/schema\/logo\/image\/\",\"url\":\"https:\/\/www.ogbl.lu\/wp-content\/uploads\/2024\/07\/LOGO_Red_FR-svg.png\",\"contentUrl\":\"https:\/\/www.ogbl.lu\/wp-content\/uploads\/2024\/07\/LOGO_Red_FR-svg.png\",\"width\":369,\"height\":171,\"caption\":\"OGBL\"},\"image\":{\"@id\":\"https:\/\/www.ogbl.lu\/de\/#\/schema\/logo\/image\/\"}}]}<\/script>\r\n<!-- \/ Yoast SEO plugin. -->","yoast_head_json":{"title":"[:fr]Signature d\u2019une convention collective de travail chez GrandVision Luxembourg[:] - OGBL","robots":{"index":"index","follow":"follow","max-snippet":"max-snippet:-1","max-image-preview":"max-image-preview:large","max-video-preview":"max-video-preview:-1"},"canonical":"https:\/\/www.ogbl.lu\/communique\/signature-dune-convention-collective-de-travail-chez-grandvision-luxembourg\/","og_locale":"en_US","og_type":"article","og_title":"[:fr]Signature d\u2019une convention collective de travail chez GrandVision Luxembourg[:] - OGBL","og_description":"Le secteur de l\u2019optique vient de franchir une \u00e9tape majeure au Luxembourg\u00a0! Le syndicat Commerce de l\u2019OGBL d\u00e9montre ainsi encore \u2026","og_url":"https:\/\/www.ogbl.lu\/communique\/signature-dune-convention-collective-de-travail-chez-grandvision-luxembourg\/","og_site_name":"OGBL","og_image":[{"width":2048,"height":1526,"url":"https:\/\/www.ogbl.lu\/wp-content\/uploads\/2025\/10\/CCT-GrandVision-1.jpg","type":"image\/jpeg"}],"twitter_card":"summary_large_image","twitter_misc":{"Est. reading time":"2 minutes"},"schema":{"@context":"https:\/\/schema.org","@graph":[{"@type":"WebPage","@id":"https:\/\/www.ogbl.lu\/communique\/signature-dune-convention-collective-de-travail-chez-grandvision-luxembourg\/","url":"https:\/\/www.ogbl.lu\/communique\/signature-dune-convention-collective-de-travail-chez-grandvision-luxembourg\/","name":"[:fr]Signature d\u2019une convention collective de travail chez GrandVision Luxembourg[:] - OGBL","isPartOf":{"@id":"https:\/\/www.ogbl.lu\/de\/#website"},"primaryImageOfPage":{"@id":"https:\/\/www.ogbl.lu\/communique\/signature-dune-convention-collective-de-travail-chez-grandvision-luxembourg\/#primaryimage"},"image":{"@id":"https:\/\/www.ogbl.lu\/communique\/signature-dune-convention-collective-de-travail-chez-grandvision-luxembourg\/#primaryimage"},"thumbnailUrl":"https:\/\/www.ogbl.lu\/wp-content\/uploads\/2025\/10\/CCT-GrandVision-1.jpg","datePublished":"2025-10-21T08:37:23+00:00","dateModified":"2025-10-21T08:37:23+00:00","breadcrumb":{"@id":"https:\/\/www.ogbl.lu\/communique\/signature-dune-convention-collective-de-travail-chez-grandvision-luxembourg\/#breadcrumb"},"inLanguage":"en-US","potentialAction":[{"@type":"ReadAction","target":["https:\/\/www.ogbl.lu\/communique\/signature-dune-convention-collective-de-travail-chez-grandvision-luxembourg\/"]}]},{"@type":"ImageObject","inLanguage":"en-US","@id":"https:\/\/www.ogbl.lu\/communique\/signature-dune-convention-collective-de-travail-chez-grandvision-luxembourg\/#primaryimage","url":"https:\/\/www.ogbl.lu\/wp-content\/uploads\/2025\/10\/CCT-GrandVision-1.jpg","contentUrl":"https:\/\/www.ogbl.lu\/wp-content\/uploads\/2025\/10\/CCT-GrandVision-1.jpg","width":2048,"height":1526},{"@type":"BreadcrumbList","@id":"https:\/\/www.ogbl.lu\/communique\/signature-dune-convention-collective-de-travail-chez-grandvision-luxembourg\/#breadcrumb","itemListElement":[{"@type":"ListItem","position":1,"name":"Home","item":"https:\/\/www.ogbl.lu\/"},{"@type":"ListItem","position":2,"name":"Signature d\u2019une convention collective de travail chez GrandVision Luxembourg"}]},{"@type":"WebSite","@id":"https:\/\/www.ogbl.lu\/de\/#website","url":"https:\/\/www.ogbl.lu\/de\/","name":"OGBL","description":"THE TRADE UNION","publisher":{"@id":"https:\/\/www.ogbl.lu\/de\/#organization"},"potentialAction":[{"@type":"SearchAction","target":{"@type":"EntryPoint","urlTemplate":"https:\/\/www.ogbl.lu\/de\/?s={search_term_string}"},"query-input":"required name=search_term_string"}],"inLanguage":"en-US"},{"@type":"Organization","@id":"https:\/\/www.ogbl.lu\/de\/#organization","name":"OGBL","url":"https:\/\/www.ogbl.lu\/de\/","logo":{"@type":"ImageObject","inLanguage":"en-US","@id":"https:\/\/www.ogbl.lu\/de\/#\/schema\/logo\/image\/","url":"https:\/\/www.ogbl.lu\/wp-content\/uploads\/2024\/07\/LOGO_Red_FR-svg.png","contentUrl":"https:\/\/www.ogbl.lu\/wp-content\/uploads\/2024\/07\/LOGO_Red_FR-svg.png","width":369,"height":171,"caption":"OGBL"},"image":{"@id":"https:\/\/www.ogbl.lu\/de\/#\/schema\/logo\/image\/"}}]}},"_links":{"self":[{"href":"https:\/\/www.ogbl.lu\/en\/wp-json\/wp\/v2\/communiques\/59661"}],"collection":[{"href":"https:\/\/www.ogbl.lu\/en\/wp-json\/wp\/v2\/communiques"}],"about":[{"href":"https:\/\/www.ogbl.lu\/en\/wp-json\/wp\/v2\/types\/communiques"}],"author":[{"embeddable":true,"href":"https:\/\/www.ogbl.lu\/en\/wp-json\/wp\/v2\/users\/5"}],"version-history":[{"count":1,"href":"https:\/\/www.ogbl.lu\/en\/wp-json\/wp\/v2\/communiques\/59661\/revisions"}],"predecessor-version":[{"id":59664,"href":"https:\/\/www.ogbl.lu\/en\/wp-json\/wp\/v2\/communiques\/59661\/revisions\/59664"}],"wp:featuredmedia":[{"embeddable":true,"href":"https:\/\/www.ogbl.lu\/en\/wp-json\/wp\/v2\/media\/59663"}],"wp:attachment":[{"href":"https:\/\/www.ogbl.lu\/en\/wp-json\/wp\/v2\/media?parent=59661"}],"wp:term":[{"taxonomy":"categorie_communiques","embeddable":true,"href":"https:\/\/www.ogbl.lu\/en\/wp-json\/wp\/v2\/categorie_communiques?post=59661"},{"taxonomy":"syndicat","embeddable":true,"href":"https:\/\/www.ogbl.lu\/en\/wp-json\/wp\/v2\/syndicat?post=59661"}],"curies":[{"name":"wp","href":"https:\/\/api.w.org\/{rel}","templated":true}]}}