{"id":59491,"date":"2025-10-17T10:56:02","date_gmt":"2025-10-17T08:56:02","guid":{"rendered":"https:\/\/www.ogbl.lu\/?post_type=communiques&#038;p=59491"},"modified":"2025-10-17T10:57:40","modified_gmt":"2025-10-17T08:57:40","slug":"directive-sur-le-devoir-de-vigilance-un-recul-majeur-apres-le-vote-au-parlement-europeen","status":"publish","type":"communiques","link":"https:\/\/www.ogbl.lu\/en\/communique\/directive-sur-le-devoir-de-vigilance-un-recul-majeur-apres-le-vote-au-parlement-europeen\/","title":{"rendered":"Un recul majeur apr\u00e8s le vote au Parlement europ\u00e9en"},"content":{"rendered":"<p class=\"qtranxs-available-languages-message qtranxs-available-languages-message-en\"> <\/p><p>L\u2019OGBL et le LCGB expriment leur profonde\u00a0pr\u00e9occupation suite au \u00a0r\u00e9sultat du vote r\u00e9cent au sein de la commission des affaires juridiques du Parlement europ\u00e9en sur la directive sur le devoir de vigilance des entreprises en mati\u00e8re de durabilit\u00e9 (CS3D).\u00a0Le 13 octobre 2025, via son Secr\u00e9tariat europ\u00e9en commun (SECEC), les deux organisations ont \u00e9galement envoy\u00e9 un courrier aux eurod\u00e9put\u00e9s luxembourgeois afin de leur faire part de leurs inqui\u00e9tudes.<\/p>\n<p>Ayant \u00e9t\u00e9 alert\u00e9s en amont du vote des d\u00e9veloppements au sein du Parlement europ\u00e9en, l\u2019OGBL et le LCGB ne peuvent que d\u00e9plorer le r\u00e9sultat obtenu lors du vote du 13 octobre 2025, qui affaiblit consid\u00e9rablement les initiatives sociales et environnementales de la directive. Celle-ci avait pourtant d\u00e9j\u00e0 \u00e9t\u00e9 vid\u00e9e de sa substance par la Commission europ\u00e9enne. Les syndicats regrettent \u00e9galement le manque de transparence tout au long du processus l\u00e9gislatif, tant au Parlement europ\u00e9en qu&#8217;\u00e0 la Commission europ\u00e9enne. Une telle approche sape in\u00e9vitablement la confiance du public dans les institutions europ\u00e9ennes.<\/p>\n<p>Or, ce qui est encore plus pr\u00e9occupant, ce sont les man\u0153uvres politiques utilis\u00e9es par le rapporteur du dossier, M. J\u00f6rgen Warborn, membre du Parti populaire europ\u00e9en (PPE). Bien avant le vote, ce dernier a en effet refus\u00e9 d&#8217;adopter les compromis n\u00e9goci\u00e9s avec les sociaux-d\u00e9mocrates, les Verts et les lib\u00e9raux et\u00a0a m\u00eame\u00a0ouvertement\u00a0menac\u00e9 de s\u2019allier avec l\u2019extr\u00eame droite si les progressistes n\u2019acceptaient pas son texte.\u00a0<strong>Pour l\u2019OGBL et le LCGB cette pratique utilis\u00e9e par le rapporteur du PPE\u00a0 et contraire aux valeurs d\u00e9mocratiques de l\u2019UE. Il s\u2019agit ici en effet clairement d\u2019un cas de chantage politique.<\/strong>\u00a0<strong>De tels agissements ne doivent en aucun cas devenir la norme\u00a0!\u00a0<\/strong><\/p>\n<p>Les deux organisations tiennent \u00e0 \u00a0rappeler que cette directive est essentielle pour les travailleurs et la protection de leurs droits tout au long des cha\u00eenes d&#8217;approvisionnement. Elle permet de lutter contre l&#8217;exploitation des travailleurs et les violations des droits humains, tout en responsabilisant les entreprises.\u00a0<strong>C&#8217;est pourquoi l&#8217;OGBL et le LCGB appellent les d\u00e9put\u00e9s europ\u00e9ens \u00e0 rejeter le texte qui sera soumis au vote lors de la session pl\u00e9ni\u00e8re de la semaine prochaine.\u00a0<\/strong><\/p>\n<p><strong>Communiqu\u00e9 par le Secr\u00e9tariat europ\u00e9en commun de l\u2019OGBL et du LCGB (SECEC), le 17 octobre 2025 <\/strong><\/p>\n<p>&nbsp;<\/p>\n<p><strong>\u00a0<\/strong><\/p>\n<p><strong>\u00a0<\/strong><\/p>\n<p><strong>\u00a0<\/strong><\/p>\n<p><strong>\u00a0<\/strong><\/p>\n<p><strong>\u00a0<\/strong><\/p>\n<p><strong>\u00a0<\/strong><\/p>\n<p><strong>\u00a0<\/strong><\/p>\n<p>&nbsp;<\/p>","protected":false},"author":4,"featured_media":59495,"template":"","categorie_communiques":[38],"syndicat":[],"acf":[],"yoast_head":"<!-- This site is optimized with the Yoast SEO plugin v23.1 - https:\/\/yoast.com\/wordpress\/plugins\/seo\/ -->\r\n<title><\/title>\r\n<meta name=\"robots\" content=\"index, follow, max-snippet:-1, max-image-preview:large, max-video-preview:-1\" \/>\r\n<link rel=\"canonical\" href=\"https:\/\/www.ogbl.lu\/communique\/directive-sur-le-devoir-de-vigilance-un-recul-majeur-apres-le-vote-au-parlement-europeen\/\" \/>\r\n<meta property=\"og:locale\" content=\"en_US\" \/>\r\n<meta property=\"og:type\" content=\"article\" \/>\r\n<meta property=\"og:title\" content=\"[:fr]Un recul majeur apr\u00e8s le vote au Parlement europ\u00e9en[:] - OGBL\" \/>\r\n<meta property=\"og:description\" content=\"L\u2019OGBL et le LCGB expriment leur profonde\u00a0pr\u00e9occupation suite au \u00a0r\u00e9sultat du vote r\u00e9cent au sein de la commission des affaires \u2026\" \/>\r\n<meta property=\"og:url\" content=\"https:\/\/www.ogbl.lu\/communique\/directive-sur-le-devoir-de-vigilance-un-recul-majeur-apres-le-vote-au-parlement-europeen\/\" \/>\r\n<meta property=\"og:site_name\" content=\"OGBL\" \/>\r\n<meta property=\"article:modified_time\" content=\"2025-10-17T08:57:40+00:00\" \/>\r\n<meta property=\"og:image\" content=\"https:\/\/www.ogbl.lu\/wp-content\/uploads\/2025\/10\/vigi_eduard-delputte-IqUWW56sBkk-unsplash-scaled-e1760691349873.jpg\" \/>\r\n\t<meta property=\"og:image:width\" content=\"1809\" \/>\r\n\t<meta property=\"og:image:height\" content=\"1055\" \/>\r\n\t<meta property=\"og:image:type\" content=\"image\/jpeg\" \/>\r\n<meta name=\"twitter:card\" content=\"summary_large_image\" \/>\r\n<meta name=\"twitter:label1\" content=\"Est. reading time\" \/>\n\t<meta name=\"twitter:data1\" content=\"3 minutes\" \/>\r\n<script type=\"application\/ld+json\" class=\"yoast-schema-graph\">{\"@context\":\"https:\/\/schema.org\",\"@graph\":[{\"@type\":\"WebPage\",\"@id\":\"https:\/\/www.ogbl.lu\/communique\/directive-sur-le-devoir-de-vigilance-un-recul-majeur-apres-le-vote-au-parlement-europeen\/\",\"url\":\"https:\/\/www.ogbl.lu\/communique\/directive-sur-le-devoir-de-vigilance-un-recul-majeur-apres-le-vote-au-parlement-europeen\/\",\"name\":\"[:fr]Un recul majeur apr\u00e8s le vote au Parlement europ\u00e9en[:] - OGBL\",\"isPartOf\":{\"@id\":\"https:\/\/www.ogbl.lu\/de\/#website\"},\"primaryImageOfPage\":{\"@id\":\"https:\/\/www.ogbl.lu\/communique\/directive-sur-le-devoir-de-vigilance-un-recul-majeur-apres-le-vote-au-parlement-europeen\/#primaryimage\"},\"image\":{\"@id\":\"https:\/\/www.ogbl.lu\/communique\/directive-sur-le-devoir-de-vigilance-un-recul-majeur-apres-le-vote-au-parlement-europeen\/#primaryimage\"},\"thumbnailUrl\":\"https:\/\/www.ogbl.lu\/wp-content\/uploads\/2025\/10\/vigi_eduard-delputte-IqUWW56sBkk-unsplash-scaled-e1760691349873.jpg\",\"datePublished\":\"2025-10-17T08:56:02+00:00\",\"dateModified\":\"2025-10-17T08:57:40+00:00\",\"breadcrumb\":{\"@id\":\"https:\/\/www.ogbl.lu\/communique\/directive-sur-le-devoir-de-vigilance-un-recul-majeur-apres-le-vote-au-parlement-europeen\/#breadcrumb\"},\"inLanguage\":\"en-US\",\"potentialAction\":[{\"@type\":\"ReadAction\",\"target\":[\"https:\/\/www.ogbl.lu\/communique\/directive-sur-le-devoir-de-vigilance-un-recul-majeur-apres-le-vote-au-parlement-europeen\/\"]}]},{\"@type\":\"ImageObject\",\"inLanguage\":\"en-US\",\"@id\":\"https:\/\/www.ogbl.lu\/communique\/directive-sur-le-devoir-de-vigilance-un-recul-majeur-apres-le-vote-au-parlement-europeen\/#primaryimage\",\"url\":\"https:\/\/www.ogbl.lu\/wp-content\/uploads\/2025\/10\/vigi_eduard-delputte-IqUWW56sBkk-unsplash-scaled-e1760691349873.jpg\",\"contentUrl\":\"https:\/\/www.ogbl.lu\/wp-content\/uploads\/2025\/10\/vigi_eduard-delputte-IqUWW56sBkk-unsplash-scaled-e1760691349873.jpg\",\"width\":1809,\"height\":1055},{\"@type\":\"BreadcrumbList\",\"@id\":\"https:\/\/www.ogbl.lu\/communique\/directive-sur-le-devoir-de-vigilance-un-recul-majeur-apres-le-vote-au-parlement-europeen\/#breadcrumb\",\"itemListElement\":[{\"@type\":\"ListItem\",\"position\":1,\"name\":\"Home\",\"item\":\"https:\/\/www.ogbl.lu\/\"},{\"@type\":\"ListItem\",\"position\":2,\"name\":\"Un recul majeur apr\u00e8s le vote au Parlement europ\u00e9en\"}]},{\"@type\":\"WebSite\",\"@id\":\"https:\/\/www.ogbl.lu\/de\/#website\",\"url\":\"https:\/\/www.ogbl.lu\/de\/\",\"name\":\"OGBL\",\"description\":\"THE TRADE UNION\",\"publisher\":{\"@id\":\"https:\/\/www.ogbl.lu\/de\/#organization\"},\"potentialAction\":[{\"@type\":\"SearchAction\",\"target\":{\"@type\":\"EntryPoint\",\"urlTemplate\":\"https:\/\/www.ogbl.lu\/de\/?s={search_term_string}\"},\"query-input\":\"required name=search_term_string\"}],\"inLanguage\":\"en-US\"},{\"@type\":\"Organization\",\"@id\":\"https:\/\/www.ogbl.lu\/de\/#organization\",\"name\":\"OGBL\",\"url\":\"https:\/\/www.ogbl.lu\/de\/\",\"logo\":{\"@type\":\"ImageObject\",\"inLanguage\":\"en-US\",\"@id\":\"https:\/\/www.ogbl.lu\/de\/#\/schema\/logo\/image\/\",\"url\":\"https:\/\/www.ogbl.lu\/wp-content\/uploads\/2024\/07\/LOGO_Red_FR-svg.png\",\"contentUrl\":\"https:\/\/www.ogbl.lu\/wp-content\/uploads\/2024\/07\/LOGO_Red_FR-svg.png\",\"width\":369,\"height\":171,\"caption\":\"OGBL\"},\"image\":{\"@id\":\"https:\/\/www.ogbl.lu\/de\/#\/schema\/logo\/image\/\"}}]}<\/script>\r\n<!-- \/ Yoast SEO plugin. -->","yoast_head_json":{"title":"[:fr]Un recul majeur apr\u00e8s le vote au Parlement europ\u00e9en[:] - OGBL","robots":{"index":"index","follow":"follow","max-snippet":"max-snippet:-1","max-image-preview":"max-image-preview:large","max-video-preview":"max-video-preview:-1"},"canonical":"https:\/\/www.ogbl.lu\/communique\/directive-sur-le-devoir-de-vigilance-un-recul-majeur-apres-le-vote-au-parlement-europeen\/","og_locale":"en_US","og_type":"article","og_title":"[:fr]Un recul majeur apr\u00e8s le vote au Parlement europ\u00e9en[:] - OGBL","og_description":"L\u2019OGBL et le LCGB expriment leur profonde\u00a0pr\u00e9occupation suite au \u00a0r\u00e9sultat du vote r\u00e9cent au sein de la commission des affaires \u2026","og_url":"https:\/\/www.ogbl.lu\/communique\/directive-sur-le-devoir-de-vigilance-un-recul-majeur-apres-le-vote-au-parlement-europeen\/","og_site_name":"OGBL","article_modified_time":"2025-10-17T08:57:40+00:00","og_image":[{"width":1809,"height":1055,"url":"https:\/\/www.ogbl.lu\/wp-content\/uploads\/2025\/10\/vigi_eduard-delputte-IqUWW56sBkk-unsplash-scaled-e1760691349873.jpg","type":"image\/jpeg"}],"twitter_card":"summary_large_image","twitter_misc":{"Est. reading time":"3 minutes"},"schema":{"@context":"https:\/\/schema.org","@graph":[{"@type":"WebPage","@id":"https:\/\/www.ogbl.lu\/communique\/directive-sur-le-devoir-de-vigilance-un-recul-majeur-apres-le-vote-au-parlement-europeen\/","url":"https:\/\/www.ogbl.lu\/communique\/directive-sur-le-devoir-de-vigilance-un-recul-majeur-apres-le-vote-au-parlement-europeen\/","name":"[:fr]Un recul majeur apr\u00e8s le vote au Parlement europ\u00e9en[:] - OGBL","isPartOf":{"@id":"https:\/\/www.ogbl.lu\/de\/#website"},"primaryImageOfPage":{"@id":"https:\/\/www.ogbl.lu\/communique\/directive-sur-le-devoir-de-vigilance-un-recul-majeur-apres-le-vote-au-parlement-europeen\/#primaryimage"},"image":{"@id":"https:\/\/www.ogbl.lu\/communique\/directive-sur-le-devoir-de-vigilance-un-recul-majeur-apres-le-vote-au-parlement-europeen\/#primaryimage"},"thumbnailUrl":"https:\/\/www.ogbl.lu\/wp-content\/uploads\/2025\/10\/vigi_eduard-delputte-IqUWW56sBkk-unsplash-scaled-e1760691349873.jpg","datePublished":"2025-10-17T08:56:02+00:00","dateModified":"2025-10-17T08:57:40+00:00","breadcrumb":{"@id":"https:\/\/www.ogbl.lu\/communique\/directive-sur-le-devoir-de-vigilance-un-recul-majeur-apres-le-vote-au-parlement-europeen\/#breadcrumb"},"inLanguage":"en-US","potentialAction":[{"@type":"ReadAction","target":["https:\/\/www.ogbl.lu\/communique\/directive-sur-le-devoir-de-vigilance-un-recul-majeur-apres-le-vote-au-parlement-europeen\/"]}]},{"@type":"ImageObject","inLanguage":"en-US","@id":"https:\/\/www.ogbl.lu\/communique\/directive-sur-le-devoir-de-vigilance-un-recul-majeur-apres-le-vote-au-parlement-europeen\/#primaryimage","url":"https:\/\/www.ogbl.lu\/wp-content\/uploads\/2025\/10\/vigi_eduard-delputte-IqUWW56sBkk-unsplash-scaled-e1760691349873.jpg","contentUrl":"https:\/\/www.ogbl.lu\/wp-content\/uploads\/2025\/10\/vigi_eduard-delputte-IqUWW56sBkk-unsplash-scaled-e1760691349873.jpg","width":1809,"height":1055},{"@type":"BreadcrumbList","@id":"https:\/\/www.ogbl.lu\/communique\/directive-sur-le-devoir-de-vigilance-un-recul-majeur-apres-le-vote-au-parlement-europeen\/#breadcrumb","itemListElement":[{"@type":"ListItem","position":1,"name":"Home","item":"https:\/\/www.ogbl.lu\/"},{"@type":"ListItem","position":2,"name":"Un recul majeur apr\u00e8s le vote au Parlement europ\u00e9en"}]},{"@type":"WebSite","@id":"https:\/\/www.ogbl.lu\/de\/#website","url":"https:\/\/www.ogbl.lu\/de\/","name":"OGBL","description":"THE TRADE UNION","publisher":{"@id":"https:\/\/www.ogbl.lu\/de\/#organization"},"potentialAction":[{"@type":"SearchAction","target":{"@type":"EntryPoint","urlTemplate":"https:\/\/www.ogbl.lu\/de\/?s={search_term_string}"},"query-input":"required name=search_term_string"}],"inLanguage":"en-US"},{"@type":"Organization","@id":"https:\/\/www.ogbl.lu\/de\/#organization","name":"OGBL","url":"https:\/\/www.ogbl.lu\/de\/","logo":{"@type":"ImageObject","inLanguage":"en-US","@id":"https:\/\/www.ogbl.lu\/de\/#\/schema\/logo\/image\/","url":"https:\/\/www.ogbl.lu\/wp-content\/uploads\/2024\/07\/LOGO_Red_FR-svg.png","contentUrl":"https:\/\/www.ogbl.lu\/wp-content\/uploads\/2024\/07\/LOGO_Red_FR-svg.png","width":369,"height":171,"caption":"OGBL"},"image":{"@id":"https:\/\/www.ogbl.lu\/de\/#\/schema\/logo\/image\/"}}]}},"_links":{"self":[{"href":"https:\/\/www.ogbl.lu\/en\/wp-json\/wp\/v2\/communiques\/59491"}],"collection":[{"href":"https:\/\/www.ogbl.lu\/en\/wp-json\/wp\/v2\/communiques"}],"about":[{"href":"https:\/\/www.ogbl.lu\/en\/wp-json\/wp\/v2\/types\/communiques"}],"author":[{"embeddable":true,"href":"https:\/\/www.ogbl.lu\/en\/wp-json\/wp\/v2\/users\/4"}],"version-history":[{"count":3,"href":"https:\/\/www.ogbl.lu\/en\/wp-json\/wp\/v2\/communiques\/59491\/revisions"}],"predecessor-version":[{"id":59496,"href":"https:\/\/www.ogbl.lu\/en\/wp-json\/wp\/v2\/communiques\/59491\/revisions\/59496"}],"wp:featuredmedia":[{"embeddable":true,"href":"https:\/\/www.ogbl.lu\/en\/wp-json\/wp\/v2\/media\/59495"}],"wp:attachment":[{"href":"https:\/\/www.ogbl.lu\/en\/wp-json\/wp\/v2\/media?parent=59491"}],"wp:term":[{"taxonomy":"categorie_communiques","embeddable":true,"href":"https:\/\/www.ogbl.lu\/en\/wp-json\/wp\/v2\/categorie_communiques?post=59491"},{"taxonomy":"syndicat","embeddable":true,"href":"https:\/\/www.ogbl.lu\/en\/wp-json\/wp\/v2\/syndicat?post=59491"}],"curies":[{"name":"wp","href":"https:\/\/api.w.org\/{rel}","templated":true}]}}