{"id":32266,"date":"2024-05-14T15:21:57","date_gmt":"2024-05-14T13:21:57","guid":{"rendered":"https:\/\/www.ogbl.lu\/?post_type=communiques&#038;p=32266"},"modified":"2024-07-05T09:23:02","modified_gmt":"2024-07-05T07:23:02","slug":"plan-social-chez-tarkett-gdl-les-syndicats-sauvent-un-tiers-des-emplois-menaces","status":"publish","type":"communiques","link":"https:\/\/www.ogbl.lu\/en\/communique\/plan-social-chez-tarkett-gdl-les-syndicats-sauvent-un-tiers-des-emplois-menaces\/","title":{"rendered":"Plan social chez Tarkett GDL : les syndicats sauvent un tiers des emplois menac\u00e9s"},"content":{"rendered":"<p class=\"qtranxs-available-languages-message qtranxs-available-languages-message-en\"> <\/p><p>L\u2019OGBL et le LCGB ont sign\u00e9 le 13 mai 2024 un plan social avec la direction de Tarkett GDL \u00e0 l\u2019issue d\u2019\u00e2pres n\u00e9gociations qui ont notamment permis, gr\u00e2ce \u00e0 l\u2018engagement des d\u00e9l\u00e9gu\u00e9s et des syndicats, de r\u00e9duire sensiblement le nombre de licenciements pr\u00e9vus initialement.<\/p>\n<p>Le 23 avril dernier, la direction de l\u2019entreprise avait en effet annonc\u00e9 vouloir licencier 126 des 562 salari\u00e9s travaillant sur son site de Clervaux et ce, malgr\u00e9 le fait qu\u2019un plan de maintien dans l\u2019emploi, tout juste homologu\u00e9 par le minist\u00e8re du Travail, ait \u00e9t\u00e9 conclu r\u00e9cemment avec les syndicats. La direction avait motiv\u00e9 sa d\u00e9cision par l\u2019arr\u00eat de sa ligne d&#8217;enduction 4M d\u2019ici la fin de l\u2019ann\u00e9e, en raison d\u2019une conjoncture difficile.<\/p>\n<p>Dans le cadre des n\u00e9gociation men\u00e9es avec la direction, les syndicats ont finalement pu r\u00e9duire le nombre de salari\u00e9s concern\u00e9s par le plan social qui passe de 126 \u00e0 91. Un chiffre qui est d\u2019ailleurs encore susceptible de diminuer sensiblement dans les semaines et mois \u00e0 venir. En effet, un certain nombre de salari\u00e9s concern\u00e9s devrait pouvoir b\u00e9n\u00e9ficier d&#8217;une pr\u00e9retraite-ajustement, sans oublier d\u2019\u00e9ventuels d\u00e9parts volontaires.<\/p>\n<p>Parmi les mesures n\u00e9goci\u00e9es par les syndicats dans le cadre de ce plan social, on peut noter :<\/p>\n<ul>\n<li>une garantie d\u2019emploi jusqu\u2019au 31 d\u00e9cembre 2026 pour l\u2019ensemble des salari\u00e9s restants<\/li>\n<li>une incitation financi\u00e8re aux d\u00e9parts volontaires<\/li>\n<li>le recours \u00e0 la pr\u00e9retraite-ajustement (sous r\u00e9serve bien \u00e9videmment d\u2019un accord avec le minist\u00e8re du Travail)<\/li>\n<li>des indemnit\u00e9s extral\u00e9gales (compos\u00e9es d\u2019un montant fixe ainsi que de montants variables en fonction de l\u2019anciennet\u00e9, de l\u2019\u00e2ge, de la performance et de la pr\u00e9sence)<\/li>\n<li>la mise en place d\u2019un budget d\u00e9di\u00e9 au reclassement professionnel<\/li>\n<li>des possibilit\u00e9s de formation, voire de reconversion, visant une r\u00e9affectation des salari\u00e9s \u00e0 l\u2019int\u00e9rieur de l\u2019entreprise<\/li>\n<li>une aide \u00e0 la recherche d\u2019un nouvel emploi<\/li>\n<\/ul>\n<p>La direction de Tarkett s\u2019engage \u00e9galement \u00e0 entreprendre les d\u00e9marches n\u00e9cessaires afin que les salari\u00e9s puissent b\u00e9n\u00e9ficier de l\u2019aide au r\u00e9emploi, ainsi que de l\u2019exemption fiscale des indemnit\u00e9s extral\u00e9gales. Les dirigeants de l\u2019entreprise se sont en outre engag\u00e9s \u00e0 aider les salari\u00e9s dans leurs d\u00e9marches administratives.<\/p>\n<p>Enfin, les syndicats et la direction vont demander \u00e0 rencontrer les repr\u00e9sentants du minist\u00e8re du Travail afin de discuter de la mise en place d\u2019un plan de pr\u00e9retraites-ajustement pour les ann\u00e9es 2024 et 2025.<\/p>\n<p>Les syndicats ainsi que les repr\u00e9sentants du personnel restent \u00e9videmment \u00e0 l\u2019enti\u00e8re disposition des salari\u00e9s pour les accompagner tout au long de la dur\u00e9e d\u2019application de ce plan social.<\/p>\n<p><strong>Communiqu\u00e9 par l\u2019OGBL et le LCGB,<\/strong><br \/>\n<strong>le 14 mai 2024<\/strong><\/p>\n<p>&nbsp;<\/p>\n<p>\u00a9 Foto: Editpress\/Fabrizio Pizzolante<\/p>","protected":false},"author":6,"featured_media":31376,"template":"","categorie_communiques":[162],"syndicat":[165],"acf":[],"yoast_head":"<!-- This site is optimized with the Yoast SEO plugin v23.1 - https:\/\/yoast.com\/wordpress\/plugins\/seo\/ -->\r\n<title><\/title>\r\n<meta name=\"robots\" content=\"index, follow, max-snippet:-1, max-image-preview:large, max-video-preview:-1\" \/>\r\n<link rel=\"canonical\" href=\"https:\/\/www.ogbl.lu\/communique\/plan-social-chez-tarkett-gdl-les-syndicats-sauvent-un-tiers-des-emplois-menaces\/\" \/>\r\n<meta property=\"og:locale\" content=\"en_US\" \/>\r\n<meta property=\"og:type\" content=\"article\" \/>\r\n<meta property=\"og:title\" content=\"[:fr]Plan social chez Tarkett GDL : les syndicats sauvent un tiers des emplois menac\u00e9s[:de]Gewerkschaften retten ein Drittel der bedrohten Arbeitspl\u00e4tze[:] - OGBL\" \/>\r\n<meta property=\"og:description\" content=\"L\u2019OGBL et le LCGB ont sign\u00e9 le 13 mai 2024 un plan social avec la direction de Tarkett GDL \u00e0 \u2026\" \/>\r\n<meta property=\"og:url\" content=\"https:\/\/www.ogbl.lu\/communique\/plan-social-chez-tarkett-gdl-les-syndicats-sauvent-un-tiers-des-emplois-menaces\/\" \/>\r\n<meta property=\"og:site_name\" content=\"OGBL\" \/>\r\n<meta property=\"article:modified_time\" content=\"2024-07-05T07:23:02+00:00\" \/>\r\n<meta property=\"og:image\" content=\"https:\/\/www.ogbl.lu\/wp-content\/uploads\/2024\/04\/776379.jpeg\" \/>\r\n\t<meta property=\"og:image:width\" content=\"1000\" \/>\r\n\t<meta property=\"og:image:height\" content=\"667\" \/>\r\n\t<meta property=\"og:image:type\" content=\"image\/jpeg\" \/>\r\n<meta name=\"twitter:card\" content=\"summary_large_image\" \/>\r\n<meta name=\"twitter:label1\" content=\"Est. reading time\" \/>\n\t<meta name=\"twitter:data1\" content=\"4 minutes\" \/>\r\n<script type=\"application\/ld+json\" class=\"yoast-schema-graph\">{\"@context\":\"https:\/\/schema.org\",\"@graph\":[{\"@type\":\"WebPage\",\"@id\":\"https:\/\/www.ogbl.lu\/communique\/plan-social-chez-tarkett-gdl-les-syndicats-sauvent-un-tiers-des-emplois-menaces\/\",\"url\":\"https:\/\/www.ogbl.lu\/communique\/plan-social-chez-tarkett-gdl-les-syndicats-sauvent-un-tiers-des-emplois-menaces\/\",\"name\":\"[:fr]Plan social chez Tarkett GDL : les syndicats sauvent un tiers des emplois menac\u00e9s[:de]Gewerkschaften retten ein Drittel der bedrohten Arbeitspl\u00e4tze[:] - OGBL\",\"isPartOf\":{\"@id\":\"https:\/\/www.ogbl.lu\/de\/#website\"},\"primaryImageOfPage\":{\"@id\":\"https:\/\/www.ogbl.lu\/communique\/plan-social-chez-tarkett-gdl-les-syndicats-sauvent-un-tiers-des-emplois-menaces\/#primaryimage\"},\"image\":{\"@id\":\"https:\/\/www.ogbl.lu\/communique\/plan-social-chez-tarkett-gdl-les-syndicats-sauvent-un-tiers-des-emplois-menaces\/#primaryimage\"},\"thumbnailUrl\":\"https:\/\/www.ogbl.lu\/wp-content\/uploads\/2024\/04\/776379.jpeg\",\"datePublished\":\"2024-05-14T13:21:57+00:00\",\"dateModified\":\"2024-07-05T07:23:02+00:00\",\"breadcrumb\":{\"@id\":\"https:\/\/www.ogbl.lu\/communique\/plan-social-chez-tarkett-gdl-les-syndicats-sauvent-un-tiers-des-emplois-menaces\/#breadcrumb\"},\"inLanguage\":\"en-US\",\"potentialAction\":[{\"@type\":\"ReadAction\",\"target\":[\"https:\/\/www.ogbl.lu\/communique\/plan-social-chez-tarkett-gdl-les-syndicats-sauvent-un-tiers-des-emplois-menaces\/\"]}]},{\"@type\":\"ImageObject\",\"inLanguage\":\"en-US\",\"@id\":\"https:\/\/www.ogbl.lu\/communique\/plan-social-chez-tarkett-gdl-les-syndicats-sauvent-un-tiers-des-emplois-menaces\/#primaryimage\",\"url\":\"https:\/\/www.ogbl.lu\/wp-content\/uploads\/2024\/04\/776379.jpeg\",\"contentUrl\":\"https:\/\/www.ogbl.lu\/wp-content\/uploads\/2024\/04\/776379.jpeg\",\"width\":1000,\"height\":667,\"caption\":\"Tarkett\"},{\"@type\":\"BreadcrumbList\",\"@id\":\"https:\/\/www.ogbl.lu\/communique\/plan-social-chez-tarkett-gdl-les-syndicats-sauvent-un-tiers-des-emplois-menaces\/#breadcrumb\",\"itemListElement\":[{\"@type\":\"ListItem\",\"position\":1,\"name\":\"Home\",\"item\":\"https:\/\/www.ogbl.lu\/\"},{\"@type\":\"ListItem\",\"position\":2,\"name\":\"Plan social chez Tarkett GDL : les syndicats sauvent un tiers des emplois menac\u00e9s\"}]},{\"@type\":\"WebSite\",\"@id\":\"https:\/\/www.ogbl.lu\/de\/#website\",\"url\":\"https:\/\/www.ogbl.lu\/de\/\",\"name\":\"OGBL\",\"description\":\"THE TRADE UNION\",\"publisher\":{\"@id\":\"https:\/\/www.ogbl.lu\/de\/#organization\"},\"potentialAction\":[{\"@type\":\"SearchAction\",\"target\":{\"@type\":\"EntryPoint\",\"urlTemplate\":\"https:\/\/www.ogbl.lu\/de\/?s={search_term_string}\"},\"query-input\":\"required name=search_term_string\"}],\"inLanguage\":\"en-US\"},{\"@type\":\"Organization\",\"@id\":\"https:\/\/www.ogbl.lu\/de\/#organization\",\"name\":\"OGBL\",\"url\":\"https:\/\/www.ogbl.lu\/de\/\",\"logo\":{\"@type\":\"ImageObject\",\"inLanguage\":\"en-US\",\"@id\":\"https:\/\/www.ogbl.lu\/de\/#\/schema\/logo\/image\/\",\"url\":\"https:\/\/www.ogbl.lu\/wp-content\/uploads\/2024\/07\/LOGO_Red_FR-svg.png\",\"contentUrl\":\"https:\/\/www.ogbl.lu\/wp-content\/uploads\/2024\/07\/LOGO_Red_FR-svg.png\",\"width\":369,\"height\":171,\"caption\":\"OGBL\"},\"image\":{\"@id\":\"https:\/\/www.ogbl.lu\/de\/#\/schema\/logo\/image\/\"}}]}<\/script>\r\n<!-- \/ Yoast SEO plugin. -->","yoast_head_json":{"title":"[:fr]Plan social chez Tarkett GDL : les syndicats sauvent un tiers des emplois menac\u00e9s[:de]Gewerkschaften retten ein Drittel der bedrohten Arbeitspl\u00e4tze[:] - OGBL","robots":{"index":"index","follow":"follow","max-snippet":"max-snippet:-1","max-image-preview":"max-image-preview:large","max-video-preview":"max-video-preview:-1"},"canonical":"https:\/\/www.ogbl.lu\/communique\/plan-social-chez-tarkett-gdl-les-syndicats-sauvent-un-tiers-des-emplois-menaces\/","og_locale":"en_US","og_type":"article","og_title":"[:fr]Plan social chez Tarkett GDL : les syndicats sauvent un tiers des emplois menac\u00e9s[:de]Gewerkschaften retten ein Drittel der bedrohten Arbeitspl\u00e4tze[:] - OGBL","og_description":"L\u2019OGBL et le LCGB ont sign\u00e9 le 13 mai 2024 un plan social avec la direction de Tarkett GDL \u00e0 \u2026","og_url":"https:\/\/www.ogbl.lu\/communique\/plan-social-chez-tarkett-gdl-les-syndicats-sauvent-un-tiers-des-emplois-menaces\/","og_site_name":"OGBL","article_modified_time":"2024-07-05T07:23:02+00:00","og_image":[{"width":1000,"height":667,"url":"https:\/\/www.ogbl.lu\/wp-content\/uploads\/2024\/04\/776379.jpeg","type":"image\/jpeg"}],"twitter_card":"summary_large_image","twitter_misc":{"Est. reading time":"4 minutes"},"schema":{"@context":"https:\/\/schema.org","@graph":[{"@type":"WebPage","@id":"https:\/\/www.ogbl.lu\/communique\/plan-social-chez-tarkett-gdl-les-syndicats-sauvent-un-tiers-des-emplois-menaces\/","url":"https:\/\/www.ogbl.lu\/communique\/plan-social-chez-tarkett-gdl-les-syndicats-sauvent-un-tiers-des-emplois-menaces\/","name":"[:fr]Plan social chez Tarkett GDL : les syndicats sauvent un tiers des emplois menac\u00e9s[:de]Gewerkschaften retten ein Drittel der bedrohten Arbeitspl\u00e4tze[:] - OGBL","isPartOf":{"@id":"https:\/\/www.ogbl.lu\/de\/#website"},"primaryImageOfPage":{"@id":"https:\/\/www.ogbl.lu\/communique\/plan-social-chez-tarkett-gdl-les-syndicats-sauvent-un-tiers-des-emplois-menaces\/#primaryimage"},"image":{"@id":"https:\/\/www.ogbl.lu\/communique\/plan-social-chez-tarkett-gdl-les-syndicats-sauvent-un-tiers-des-emplois-menaces\/#primaryimage"},"thumbnailUrl":"https:\/\/www.ogbl.lu\/wp-content\/uploads\/2024\/04\/776379.jpeg","datePublished":"2024-05-14T13:21:57+00:00","dateModified":"2024-07-05T07:23:02+00:00","breadcrumb":{"@id":"https:\/\/www.ogbl.lu\/communique\/plan-social-chez-tarkett-gdl-les-syndicats-sauvent-un-tiers-des-emplois-menaces\/#breadcrumb"},"inLanguage":"en-US","potentialAction":[{"@type":"ReadAction","target":["https:\/\/www.ogbl.lu\/communique\/plan-social-chez-tarkett-gdl-les-syndicats-sauvent-un-tiers-des-emplois-menaces\/"]}]},{"@type":"ImageObject","inLanguage":"en-US","@id":"https:\/\/www.ogbl.lu\/communique\/plan-social-chez-tarkett-gdl-les-syndicats-sauvent-un-tiers-des-emplois-menaces\/#primaryimage","url":"https:\/\/www.ogbl.lu\/wp-content\/uploads\/2024\/04\/776379.jpeg","contentUrl":"https:\/\/www.ogbl.lu\/wp-content\/uploads\/2024\/04\/776379.jpeg","width":1000,"height":667,"caption":"Tarkett"},{"@type":"BreadcrumbList","@id":"https:\/\/www.ogbl.lu\/communique\/plan-social-chez-tarkett-gdl-les-syndicats-sauvent-un-tiers-des-emplois-menaces\/#breadcrumb","itemListElement":[{"@type":"ListItem","position":1,"name":"Home","item":"https:\/\/www.ogbl.lu\/"},{"@type":"ListItem","position":2,"name":"Plan social chez Tarkett GDL : les syndicats sauvent un tiers des emplois menac\u00e9s"}]},{"@type":"WebSite","@id":"https:\/\/www.ogbl.lu\/de\/#website","url":"https:\/\/www.ogbl.lu\/de\/","name":"OGBL","description":"THE TRADE UNION","publisher":{"@id":"https:\/\/www.ogbl.lu\/de\/#organization"},"potentialAction":[{"@type":"SearchAction","target":{"@type":"EntryPoint","urlTemplate":"https:\/\/www.ogbl.lu\/de\/?s={search_term_string}"},"query-input":"required name=search_term_string"}],"inLanguage":"en-US"},{"@type":"Organization","@id":"https:\/\/www.ogbl.lu\/de\/#organization","name":"OGBL","url":"https:\/\/www.ogbl.lu\/de\/","logo":{"@type":"ImageObject","inLanguage":"en-US","@id":"https:\/\/www.ogbl.lu\/de\/#\/schema\/logo\/image\/","url":"https:\/\/www.ogbl.lu\/wp-content\/uploads\/2024\/07\/LOGO_Red_FR-svg.png","contentUrl":"https:\/\/www.ogbl.lu\/wp-content\/uploads\/2024\/07\/LOGO_Red_FR-svg.png","width":369,"height":171,"caption":"OGBL"},"image":{"@id":"https:\/\/www.ogbl.lu\/de\/#\/schema\/logo\/image\/"}}]}},"_links":{"self":[{"href":"https:\/\/www.ogbl.lu\/en\/wp-json\/wp\/v2\/communiques\/32266"}],"collection":[{"href":"https:\/\/www.ogbl.lu\/en\/wp-json\/wp\/v2\/communiques"}],"about":[{"href":"https:\/\/www.ogbl.lu\/en\/wp-json\/wp\/v2\/types\/communiques"}],"author":[{"embeddable":true,"href":"https:\/\/www.ogbl.lu\/en\/wp-json\/wp\/v2\/users\/6"}],"version-history":[{"count":0,"href":"https:\/\/www.ogbl.lu\/en\/wp-json\/wp\/v2\/communiques\/32266\/revisions"}],"wp:featuredmedia":[{"embeddable":true,"href":"https:\/\/www.ogbl.lu\/en\/wp-json\/wp\/v2\/media\/31376"}],"wp:attachment":[{"href":"https:\/\/www.ogbl.lu\/en\/wp-json\/wp\/v2\/media?parent=32266"}],"wp:term":[{"taxonomy":"categorie_communiques","embeddable":true,"href":"https:\/\/www.ogbl.lu\/en\/wp-json\/wp\/v2\/categorie_communiques?post=32266"},{"taxonomy":"syndicat","embeddable":true,"href":"https:\/\/www.ogbl.lu\/en\/wp-json\/wp\/v2\/syndicat?post=32266"}],"curies":[{"name":"wp","href":"https:\/\/api.w.org\/{rel}","templated":true}]}}