{"id":3071,"date":"2022-11-10T14:08:38","date_gmt":"2022-11-10T13:08:38","guid":{"rendered":"https:\/\/www.ogbl.lu\/communiques\/apres-les-scandales-et-les-deboires-financiers-dorpea-le-feu-vert-du-gouvernement-est-totalement-incomprehensible-pour-logbl"},"modified":"2023-06-14T12:57:38","modified_gmt":"2023-06-14T10:57:38","slug":"apres-les-scandales-et-les-deboires-financiers-dorpea-le-feu-vert-du-gouvernement-est-totalement-incomprehensible-pour-logbl","status":"publish","type":"communiques","link":"https:\/\/www.ogbl.lu\/en\/communique\/apres-les-scandales-et-les-deboires-financiers-dorpea-le-feu-vert-du-gouvernement-est-totalement-incomprehensible-pour-logbl\/","title":{"rendered":"Apr\u00e8s les scandales et les d\u00e9boires financiers d\u2019Orpea, le feu vert du gouvernement est totalement incompr\u00e9hensible pour l\u2019OGBL"},"content":{"rendered":"<p class=\"qtranxs-available-languages-message qtranxs-available-languages-message-en\"> <\/p><p>La ministre de la Famille, Corinne Cahen, a valid\u00e9 le 3 novembre dernier la demande introduite par le groupe priv\u00e9 fran\u00e7ais Orpea en vue de l\u2019obtention d\u2019un agr\u00e9ment. Cette d\u00e9cision permettra \u00e0 Orpea \u2014 accus\u00e9 \u00e0 l\u2019\u00e9tranger entre autres de maltraitance de personnes \u00e2g\u00e9es, de d\u00e9tournement d\u2019argent public, de fraudes comptables, de non-respect des droits syndicaux, de sp\u00e9culations immobili\u00e8res et de pratiques plus que douteuses en mati\u00e8re de ressources humaines \u2014 d\u2019ouvrir ainsi ses premi\u00e8res r\u00e9sidences pour personnes \u00e2g\u00e9es au Luxembourg.<\/p>\n<p>Pour rappel, l\u2019OGBL avait d\u00e9j\u00e0 soulign\u00e9 en d\u00e9but d\u2019ann\u00e9e que le scandale autour d\u2019Orpea \u00e9tait loin d\u2019\u00eatre un ph\u00e9nom\u00e8ne fran\u00e7ais isol\u00e9. Partout dans le monde o\u00f9 le groupe est install\u00e9 et exploite des structures pour personnes \u00e2g\u00e9es, les organisations syndicales d\u00e9noncent des probl\u00e8mes similaires en mati\u00e8re de rationnement des moyens, de maltraitance et de non-respect des droits syndicaux des salari\u00e9s.<\/p>\n<p>Si la ministre lib\u00e9rale de la Famille pr\u00e9cise qu\u2019elle n\u2019a aujourd\u2019hui pas le droit de refuser la d\u00e9livrance d\u2019un agr\u00e9ment \u00e0 une structure lorsque celle-ci remplit toutes les conditions pr\u00e9vues par la loi, le syndicat Sant\u00e9, Services sociaux et \u00e9ducatifs de l\u2019OGBL d\u00e9plore toutefois vivement l\u2019absence de crit\u00e8res qualitatifs portant sur la r\u00e9alit\u00e9 effective des activit\u00e9s en cours d\u2019une entreprise dans l\u2019\u00e9valuation d\u2019un dossier d\u2019agr\u00e9ment. Qu\u2019une telle d\u00e9cision puisse \u00eatre prise sans que ne soit pris en compte le sort des victimes de maltraitance \u2014 directement li\u00e9 \u00e0 la recherche incessante d\u2019un taux de rentabilit\u00e9 toujours plus \u00e9lev\u00e9 \u2014 n\u2019est tout simplement pas acceptable et encore moins dans le secteur des soins.<\/p>\n<p>Par ailleurs, le syndicat Sant\u00e9, Services sociaux et \u00e9ducatifs de l\u2019OGBL souligne \u00e9galement que le groupe Orpea a annonc\u00e9 d\u00e9but novembre l\u2019ouverture d\u2019une nouvelle proc\u00e9dure visant \u00e0 ren\u00e9gocier sa dette avec ses cr\u00e9anciers en France. Cette dette s\u2019\u00e9levait au 30 septembre dernier \u00e0 9,5 milliards d\u2019euros. Dans ce contexte, il faut noter que l\u2019entreprise a \u00e9galement d\u00e9j\u00e0 annonc\u00e9 de nouvelles d\u00e9pr\u00e9ciations de la valeur des actions du groupe: des pertes estim\u00e9es \u00e0 entre 2,1 et 2,5 milliards d\u2019euros.<\/p>\n<p>Au-del\u00e0 de l\u2019absence regrettable de v\u00e9ritables crit\u00e8res de qualit\u00e9 dans le cadre du processus de d\u00e9livrance d\u2019agr\u00e9ments, l\u2019OGBL estime ainsi qu\u2019il est totalement incompr\u00e9hensible que le minist\u00e8re ne prenne pas non plus en compte la r\u00e9alit\u00e9 financi\u00e8re du groupe, alors m\u00eame que celui-ci \u00e9voque d\u00e9j\u00e0 des plans de restructuration. La situation financi\u00e8re du groupe risque bien \u00e9videmment d\u2019avoir un impact direct sur les investissements au Luxembourg et donc sur la s\u00e9curit\u00e9 des salari\u00e9s et des pensionnaires dans ces \u00e9tablissements au Luxembourg.<\/p>\n<p>Dans un tel contexte, l\u2019OGBL s\u2019interroge s\u00e9rieusement quant aux \u00abgaranties\u00bb demand\u00e9es par la ministre au groupe Orpea concernant le traitement qui sera r\u00e9ellement r\u00e9serv\u00e9 aux r\u00e9sidents des \u00e9tablissements et aux salari\u00e9s. Ces garanties sont-elles vraiment suffisantes?<\/p>\n<p>Le plus grand syndicat du Luxembourg s\u2019oppose \u00e0 l\u2019ouverture de r\u00e9sidences pour personnes \u00e2g\u00e9es au Luxembourg par le groupe Orpea.<\/p>\n<p><b>Communiqu\u00e9 par le syndicat Sant\u00e9, Services sociaux et \u00e9ducatifs de l\u2019OGBL,<br \/>\nle 10 novembre 2022<\/b><\/p>","protected":false},"author":1,"featured_media":3142,"template":"","categorie_communiques":[51],"syndicat":[75],"acf":[],"yoast_head":"<!-- This site is optimized with the Yoast SEO plugin v23.1 - https:\/\/yoast.com\/wordpress\/plugins\/seo\/ -->\r\n<title><\/title>\r\n<meta name=\"robots\" content=\"index, follow, max-snippet:-1, max-image-preview:large, max-video-preview:-1\" \/>\r\n<link rel=\"canonical\" href=\"https:\/\/www.ogbl.lu\/communique\/apres-les-scandales-et-les-deboires-financiers-dorpea-le-feu-vert-du-gouvernement-est-totalement-incomprehensible-pour-logbl\/\" \/>\r\n<meta property=\"og:locale\" content=\"en_US\" \/>\r\n<meta property=\"og:type\" content=\"article\" \/>\r\n<meta property=\"og:title\" content=\"[:fr]Apr\u00e8s les scandales et les d\u00e9boires financiers d\u2019Orpea, le feu vert du gouvernement est totalement incompr\u00e9hensible pour l\u2019OGBL[:de]Nach den Skandalen und den finanziellen Debakeln von Orpea ist das gr\u00fcne Licht der Regierung f\u00fcr den OGBL v\u00f6llig unverst\u00e4ndlich[:] - OGBL\" \/>\r\n<meta property=\"og:description\" content=\"La ministre de la Famille, Corinne Cahen, a valid\u00e9 le 3 novembre dernier la demande introduite par le groupe priv\u00e9 \u2026\" \/>\r\n<meta property=\"og:url\" content=\"https:\/\/www.ogbl.lu\/communique\/apres-les-scandales-et-les-deboires-financiers-dorpea-le-feu-vert-du-gouvernement-est-totalement-incomprehensible-pour-logbl\/\" \/>\r\n<meta property=\"og:site_name\" content=\"OGBL\" \/>\r\n<meta property=\"article:modified_time\" content=\"2023-06-14T10:57:38+00:00\" \/>\r\n<meta property=\"og:image\" content=\"https:\/\/www.ogbl.lu\/wp-content\/uploads\/2022\/11\/maison_retraite.jpg\" \/>\r\n\t<meta property=\"og:image:width\" content=\"704\" \/>\r\n\t<meta property=\"og:image:height\" content=\"531\" \/>\r\n\t<meta property=\"og:image:type\" content=\"image\/jpeg\" \/>\r\n<meta name=\"twitter:card\" content=\"summary_large_image\" \/>\r\n<meta name=\"twitter:label1\" content=\"Est. reading time\" \/>\n\t<meta name=\"twitter:data1\" content=\"5 minutes\" \/>\r\n<script type=\"application\/ld+json\" class=\"yoast-schema-graph\">{\"@context\":\"https:\/\/schema.org\",\"@graph\":[{\"@type\":\"WebPage\",\"@id\":\"https:\/\/www.ogbl.lu\/communique\/apres-les-scandales-et-les-deboires-financiers-dorpea-le-feu-vert-du-gouvernement-est-totalement-incomprehensible-pour-logbl\/\",\"url\":\"https:\/\/www.ogbl.lu\/communique\/apres-les-scandales-et-les-deboires-financiers-dorpea-le-feu-vert-du-gouvernement-est-totalement-incomprehensible-pour-logbl\/\",\"name\":\"[:fr]Apr\u00e8s les scandales et les d\u00e9boires financiers d\u2019Orpea, le feu vert du gouvernement est totalement incompr\u00e9hensible pour l\u2019OGBL[:de]Nach den Skandalen und den finanziellen Debakeln von Orpea ist das gr\u00fcne Licht der Regierung f\u00fcr den OGBL v\u00f6llig unverst\u00e4ndlich[:] - OGBL\",\"isPartOf\":{\"@id\":\"https:\/\/www.ogbl.lu\/de\/#website\"},\"primaryImageOfPage\":{\"@id\":\"https:\/\/www.ogbl.lu\/communique\/apres-les-scandales-et-les-deboires-financiers-dorpea-le-feu-vert-du-gouvernement-est-totalement-incomprehensible-pour-logbl\/#primaryimage\"},\"image\":{\"@id\":\"https:\/\/www.ogbl.lu\/communique\/apres-les-scandales-et-les-deboires-financiers-dorpea-le-feu-vert-du-gouvernement-est-totalement-incomprehensible-pour-logbl\/#primaryimage\"},\"thumbnailUrl\":\"https:\/\/www.ogbl.lu\/wp-content\/uploads\/2022\/11\/maison_retraite.jpg\",\"datePublished\":\"2022-11-10T13:08:38+00:00\",\"dateModified\":\"2023-06-14T10:57:38+00:00\",\"breadcrumb\":{\"@id\":\"https:\/\/www.ogbl.lu\/communique\/apres-les-scandales-et-les-deboires-financiers-dorpea-le-feu-vert-du-gouvernement-est-totalement-incomprehensible-pour-logbl\/#breadcrumb\"},\"inLanguage\":\"en-US\",\"potentialAction\":[{\"@type\":\"ReadAction\",\"target\":[\"https:\/\/www.ogbl.lu\/communique\/apres-les-scandales-et-les-deboires-financiers-dorpea-le-feu-vert-du-gouvernement-est-totalement-incomprehensible-pour-logbl\/\"]}]},{\"@type\":\"ImageObject\",\"inLanguage\":\"en-US\",\"@id\":\"https:\/\/www.ogbl.lu\/communique\/apres-les-scandales-et-les-deboires-financiers-dorpea-le-feu-vert-du-gouvernement-est-totalement-incomprehensible-pour-logbl\/#primaryimage\",\"url\":\"https:\/\/www.ogbl.lu\/wp-content\/uploads\/2022\/11\/maison_retraite.jpg\",\"contentUrl\":\"https:\/\/www.ogbl.lu\/wp-content\/uploads\/2022\/11\/maison_retraite.jpg\",\"width\":704,\"height\":531},{\"@type\":\"BreadcrumbList\",\"@id\":\"https:\/\/www.ogbl.lu\/communique\/apres-les-scandales-et-les-deboires-financiers-dorpea-le-feu-vert-du-gouvernement-est-totalement-incomprehensible-pour-logbl\/#breadcrumb\",\"itemListElement\":[{\"@type\":\"ListItem\",\"position\":1,\"name\":\"Home\",\"item\":\"https:\/\/www.ogbl.lu\/\"},{\"@type\":\"ListItem\",\"position\":2,\"name\":\"Apr\u00e8s les scandales et les d\u00e9boires financiers d\u2019Orpea, le feu vert du gouvernement est totalement incompr\u00e9hensible pour l\u2019OGBL\"}]},{\"@type\":\"WebSite\",\"@id\":\"https:\/\/www.ogbl.lu\/de\/#website\",\"url\":\"https:\/\/www.ogbl.lu\/de\/\",\"name\":\"OGBL\",\"description\":\"THE TRADE UNION\",\"publisher\":{\"@id\":\"https:\/\/www.ogbl.lu\/de\/#organization\"},\"potentialAction\":[{\"@type\":\"SearchAction\",\"target\":{\"@type\":\"EntryPoint\",\"urlTemplate\":\"https:\/\/www.ogbl.lu\/de\/?s={search_term_string}\"},\"query-input\":\"required name=search_term_string\"}],\"inLanguage\":\"en-US\"},{\"@type\":\"Organization\",\"@id\":\"https:\/\/www.ogbl.lu\/de\/#organization\",\"name\":\"OGBL\",\"url\":\"https:\/\/www.ogbl.lu\/de\/\",\"logo\":{\"@type\":\"ImageObject\",\"inLanguage\":\"en-US\",\"@id\":\"https:\/\/www.ogbl.lu\/de\/#\/schema\/logo\/image\/\",\"url\":\"https:\/\/www.ogbl.lu\/wp-content\/uploads\/2024\/07\/LOGO_Red_FR-svg.png\",\"contentUrl\":\"https:\/\/www.ogbl.lu\/wp-content\/uploads\/2024\/07\/LOGO_Red_FR-svg.png\",\"width\":369,\"height\":171,\"caption\":\"OGBL\"},\"image\":{\"@id\":\"https:\/\/www.ogbl.lu\/de\/#\/schema\/logo\/image\/\"}}]}<\/script>\r\n<!-- \/ Yoast SEO plugin. -->","yoast_head_json":{"title":"[:fr]Apr\u00e8s les scandales et les d\u00e9boires financiers d\u2019Orpea, le feu vert du gouvernement est totalement incompr\u00e9hensible pour l\u2019OGBL[:de]Nach den Skandalen und den finanziellen Debakeln von Orpea ist das gr\u00fcne Licht der Regierung f\u00fcr den OGBL v\u00f6llig unverst\u00e4ndlich[:] - OGBL","robots":{"index":"index","follow":"follow","max-snippet":"max-snippet:-1","max-image-preview":"max-image-preview:large","max-video-preview":"max-video-preview:-1"},"canonical":"https:\/\/www.ogbl.lu\/communique\/apres-les-scandales-et-les-deboires-financiers-dorpea-le-feu-vert-du-gouvernement-est-totalement-incomprehensible-pour-logbl\/","og_locale":"en_US","og_type":"article","og_title":"[:fr]Apr\u00e8s les scandales et les d\u00e9boires financiers d\u2019Orpea, le feu vert du gouvernement est totalement incompr\u00e9hensible pour l\u2019OGBL[:de]Nach den Skandalen und den finanziellen Debakeln von Orpea ist das gr\u00fcne Licht der Regierung f\u00fcr den OGBL v\u00f6llig unverst\u00e4ndlich[:] - OGBL","og_description":"La ministre de la Famille, Corinne Cahen, a valid\u00e9 le 3 novembre dernier la demande introduite par le groupe priv\u00e9 \u2026","og_url":"https:\/\/www.ogbl.lu\/communique\/apres-les-scandales-et-les-deboires-financiers-dorpea-le-feu-vert-du-gouvernement-est-totalement-incomprehensible-pour-logbl\/","og_site_name":"OGBL","article_modified_time":"2023-06-14T10:57:38+00:00","og_image":[{"width":704,"height":531,"url":"https:\/\/www.ogbl.lu\/wp-content\/uploads\/2022\/11\/maison_retraite.jpg","type":"image\/jpeg"}],"twitter_card":"summary_large_image","twitter_misc":{"Est. reading time":"5 minutes"},"schema":{"@context":"https:\/\/schema.org","@graph":[{"@type":"WebPage","@id":"https:\/\/www.ogbl.lu\/communique\/apres-les-scandales-et-les-deboires-financiers-dorpea-le-feu-vert-du-gouvernement-est-totalement-incomprehensible-pour-logbl\/","url":"https:\/\/www.ogbl.lu\/communique\/apres-les-scandales-et-les-deboires-financiers-dorpea-le-feu-vert-du-gouvernement-est-totalement-incomprehensible-pour-logbl\/","name":"[:fr]Apr\u00e8s les scandales et les d\u00e9boires financiers d\u2019Orpea, le feu vert du gouvernement est totalement incompr\u00e9hensible pour l\u2019OGBL[:de]Nach den Skandalen und den finanziellen Debakeln von Orpea ist das gr\u00fcne Licht der Regierung f\u00fcr den OGBL v\u00f6llig unverst\u00e4ndlich[:] - OGBL","isPartOf":{"@id":"https:\/\/www.ogbl.lu\/de\/#website"},"primaryImageOfPage":{"@id":"https:\/\/www.ogbl.lu\/communique\/apres-les-scandales-et-les-deboires-financiers-dorpea-le-feu-vert-du-gouvernement-est-totalement-incomprehensible-pour-logbl\/#primaryimage"},"image":{"@id":"https:\/\/www.ogbl.lu\/communique\/apres-les-scandales-et-les-deboires-financiers-dorpea-le-feu-vert-du-gouvernement-est-totalement-incomprehensible-pour-logbl\/#primaryimage"},"thumbnailUrl":"https:\/\/www.ogbl.lu\/wp-content\/uploads\/2022\/11\/maison_retraite.jpg","datePublished":"2022-11-10T13:08:38+00:00","dateModified":"2023-06-14T10:57:38+00:00","breadcrumb":{"@id":"https:\/\/www.ogbl.lu\/communique\/apres-les-scandales-et-les-deboires-financiers-dorpea-le-feu-vert-du-gouvernement-est-totalement-incomprehensible-pour-logbl\/#breadcrumb"},"inLanguage":"en-US","potentialAction":[{"@type":"ReadAction","target":["https:\/\/www.ogbl.lu\/communique\/apres-les-scandales-et-les-deboires-financiers-dorpea-le-feu-vert-du-gouvernement-est-totalement-incomprehensible-pour-logbl\/"]}]},{"@type":"ImageObject","inLanguage":"en-US","@id":"https:\/\/www.ogbl.lu\/communique\/apres-les-scandales-et-les-deboires-financiers-dorpea-le-feu-vert-du-gouvernement-est-totalement-incomprehensible-pour-logbl\/#primaryimage","url":"https:\/\/www.ogbl.lu\/wp-content\/uploads\/2022\/11\/maison_retraite.jpg","contentUrl":"https:\/\/www.ogbl.lu\/wp-content\/uploads\/2022\/11\/maison_retraite.jpg","width":704,"height":531},{"@type":"BreadcrumbList","@id":"https:\/\/www.ogbl.lu\/communique\/apres-les-scandales-et-les-deboires-financiers-dorpea-le-feu-vert-du-gouvernement-est-totalement-incomprehensible-pour-logbl\/#breadcrumb","itemListElement":[{"@type":"ListItem","position":1,"name":"Home","item":"https:\/\/www.ogbl.lu\/"},{"@type":"ListItem","position":2,"name":"Apr\u00e8s les scandales et les d\u00e9boires financiers d\u2019Orpea, le feu vert du gouvernement est totalement incompr\u00e9hensible pour l\u2019OGBL"}]},{"@type":"WebSite","@id":"https:\/\/www.ogbl.lu\/de\/#website","url":"https:\/\/www.ogbl.lu\/de\/","name":"OGBL","description":"THE TRADE UNION","publisher":{"@id":"https:\/\/www.ogbl.lu\/de\/#organization"},"potentialAction":[{"@type":"SearchAction","target":{"@type":"EntryPoint","urlTemplate":"https:\/\/www.ogbl.lu\/de\/?s={search_term_string}"},"query-input":"required name=search_term_string"}],"inLanguage":"en-US"},{"@type":"Organization","@id":"https:\/\/www.ogbl.lu\/de\/#organization","name":"OGBL","url":"https:\/\/www.ogbl.lu\/de\/","logo":{"@type":"ImageObject","inLanguage":"en-US","@id":"https:\/\/www.ogbl.lu\/de\/#\/schema\/logo\/image\/","url":"https:\/\/www.ogbl.lu\/wp-content\/uploads\/2024\/07\/LOGO_Red_FR-svg.png","contentUrl":"https:\/\/www.ogbl.lu\/wp-content\/uploads\/2024\/07\/LOGO_Red_FR-svg.png","width":369,"height":171,"caption":"OGBL"},"image":{"@id":"https:\/\/www.ogbl.lu\/de\/#\/schema\/logo\/image\/"}}]}},"_links":{"self":[{"href":"https:\/\/www.ogbl.lu\/en\/wp-json\/wp\/v2\/communiques\/3071"}],"collection":[{"href":"https:\/\/www.ogbl.lu\/en\/wp-json\/wp\/v2\/communiques"}],"about":[{"href":"https:\/\/www.ogbl.lu\/en\/wp-json\/wp\/v2\/types\/communiques"}],"author":[{"embeddable":true,"href":"https:\/\/www.ogbl.lu\/en\/wp-json\/wp\/v2\/users\/1"}],"version-history":[{"count":0,"href":"https:\/\/www.ogbl.lu\/en\/wp-json\/wp\/v2\/communiques\/3071\/revisions"}],"wp:featuredmedia":[{"embeddable":true,"href":"https:\/\/www.ogbl.lu\/en\/wp-json\/wp\/v2\/media\/3142"}],"wp:attachment":[{"href":"https:\/\/www.ogbl.lu\/en\/wp-json\/wp\/v2\/media?parent=3071"}],"wp:term":[{"taxonomy":"categorie_communiques","embeddable":true,"href":"https:\/\/www.ogbl.lu\/en\/wp-json\/wp\/v2\/categorie_communiques?post=3071"},{"taxonomy":"syndicat","embeddable":true,"href":"https:\/\/www.ogbl.lu\/en\/wp-json\/wp\/v2\/syndicat?post=3071"}],"curies":[{"name":"wp","href":"https:\/\/api.w.org\/{rel}","templated":true}]}}