{"id":23228,"date":"2024-02-12T10:56:55","date_gmt":"2024-02-12T09:56:55","guid":{"rendered":"https:\/\/www.ogbl.lu\/?post_type=communiques&#038;p=23228"},"modified":"2024-02-25T09:20:26","modified_gmt":"2024-02-25T08:20:26","slug":"le-luxembourg-doit-appuyer-la-directive-europeenne-sur-le-devoir-de-vigilance-des-entreprises-en-matiere-de-durabilite","status":"publish","type":"communiques","link":"https:\/\/www.ogbl.lu\/en\/communique\/le-luxembourg-doit-appuyer-la-directive-europeenne-sur-le-devoir-de-vigilance-des-entreprises-en-matiere-de-durabilite\/","title":{"rendered":"Luxembourg must support the European Directive on Corporate Social Responsibility!"},"content":{"rendered":"<p>The Commission, Council and Parliament have been negotiating the European Directive on Corporate Social Responsibility for two years. Adoption was just a formality &#8211; now it&#8217;s all up for grabs. When it comes to voting on the text on Wednesday, Luxembourg must stand by its commitments on human rights, climate and the environment and support the Directive!<\/p>\n<p>The compromise reached between the European Parliament, the Commission and the Member States on the European Directive on Corporate Social Responsibility would be a milestone for the human rights, the climate and the environment. It follows two years of intense negotiations, including the Luxembourg government. Many companies in Luxembourg and the EU support the agreement.<\/p>\n<p>Adoption of the compromise would normally be a formality &#8211; but the government is suddenly questioning the directive. So on Wednesday, Luxembourg could help bring it down. Victims of human rights violations in supply chains risk being left out in the cold.<\/p>\n<p>Luxembourg risks undermining its credibility. According to a recent ILRES poll, 87% of Luxembourgers want the government to respect its international commitments on human rights, climate and environment. Nine out of ten also believe that the government should be transparent about its positions in EU negotiations.<\/p>\n<p>So far, Luxembourg has been committed to international standards, but under pressure from the ministry of finance, it has called for investment funds to be exempted from the duty of care. The whole project is now in danger of collapsing in its final stages. According to media reports, Luxembourg is demanding that certain holding companies or &#8220;soci\u00e9t\u00e9s de participations financi\u00e8res&#8221; (Soparfis) be exempted from due diligence requirements. In the government&#8217;s coalition agreement, the government has signaled its agreement with the negotiated European directive.<\/p>\n<p>It is important that Luxembourg, as a member of the UN Human Rights Council, supports the directive in this crucial phase. An abstention would also be considered a &#8220;no&#8221; vote. It is important to remember that Luxembourg has not yet adopted a national law under the pretext of the need for European legislation. Opposing European legislation now would be an irresponsible &#8220;business first&#8221; attitude to the detriment of people, climate and the environment in our supply chains.<\/p>\n<p>The &#8220;Initiative pour un devoir de vigilance&#8221;, which has 17 member organizations from civil society, and &#8220;Finance &amp; Human Rights asbl&#8221; call on the government to say a clear YES to the European Directive on corporate sustainability due diligence, as a NO vote or abstention is synonymous with a loss of credibility.<\/p>\n<p><strong>Luxembourg, February 12, 2024<\/strong><\/p>","protected":false},"author":4,"featured_media":7911,"template":"","categorie_communiques":[38],"syndicat":[],"acf":[],"yoast_head":"<!-- This site is optimized with the Yoast SEO plugin v23.1 - https:\/\/yoast.com\/wordpress\/plugins\/seo\/ -->\r\n<title>Luxembourg must support the European Directive on Corporate Social Responsibility! - OGBL<\/title>\r\n<meta name=\"robots\" content=\"index, follow, max-snippet:-1, max-image-preview:large, max-video-preview:-1\" \/>\r\n<link rel=\"canonical\" href=\"https:\/\/www.ogbl.lu\/communique\/le-luxembourg-doit-appuyer-la-directive-europeenne-sur-le-devoir-de-vigilance-des-entreprises-en-matiere-de-durabilite\/\" \/>\r\n<meta property=\"og:locale\" content=\"en_US\" \/>\r\n<meta property=\"og:type\" content=\"article\" \/>\r\n<meta property=\"og:title\" content=\"[:fr]Le Luxembourg doit appuyer la directive europ\u00e9enne sur le devoir de vigilance des entreprises en mati\u00e8re de durabilit\u00e9\u00a0![:de]Luxemburg muss EU-Lieferkettengesetzes unterst\u00fctzen![:en]Luxembourg must support the European Directive on Corporate Social Responsibility![:] - OGBL\" \/>\r\n<meta property=\"og:description\" content=\"The Commission, Council and Parliament have been negotiating the European Directive on Corporate Social Responsibility for two years. Adoption was \u2026\" \/>\r\n<meta property=\"og:url\" content=\"https:\/\/www.ogbl.lu\/communique\/le-luxembourg-doit-appuyer-la-directive-europeenne-sur-le-devoir-de-vigilance-des-entreprises-en-matiere-de-durabilite\/\" \/>\r\n<meta property=\"og:site_name\" content=\"OGBL\" \/>\r\n<meta property=\"article:modified_time\" content=\"2024-02-25T08:20:26+00:00\" \/>\r\n<meta property=\"og:image\" content=\"https:\/\/www.ogbl.lu\/wp-content\/uploads\/2023\/03\/Europe.jpeg\" \/>\r\n\t<meta property=\"og:image:width\" content=\"2000\" \/>\r\n\t<meta property=\"og:image:height\" content=\"1331\" \/>\r\n\t<meta property=\"og:image:type\" content=\"image\/jpeg\" \/>\r\n<meta name=\"twitter:card\" content=\"summary_large_image\" \/>\r\n<meta name=\"twitter:label1\" content=\"Est. reading time\" \/>\n\t<meta name=\"twitter:data1\" content=\"7 minutes\" \/>\r\n<script type=\"application\/ld+json\" class=\"yoast-schema-graph\">{\"@context\":\"https:\/\/schema.org\",\"@graph\":[{\"@type\":\"WebPage\",\"@id\":\"https:\/\/www.ogbl.lu\/communique\/le-luxembourg-doit-appuyer-la-directive-europeenne-sur-le-devoir-de-vigilance-des-entreprises-en-matiere-de-durabilite\/\",\"url\":\"https:\/\/www.ogbl.lu\/communique\/le-luxembourg-doit-appuyer-la-directive-europeenne-sur-le-devoir-de-vigilance-des-entreprises-en-matiere-de-durabilite\/\",\"name\":\"[:fr]Le Luxembourg doit appuyer la directive europ\u00e9enne sur le devoir de vigilance des entreprises en mati\u00e8re de durabilit\u00e9\u00a0![:de]Luxemburg muss EU-Lieferkettengesetzes unterst\u00fctzen![:en]Luxembourg must support the European Directive on Corporate Social Responsibility![:] - OGBL\",\"isPartOf\":{\"@id\":\"https:\/\/www.ogbl.lu\/de\/#website\"},\"primaryImageOfPage\":{\"@id\":\"https:\/\/www.ogbl.lu\/communique\/le-luxembourg-doit-appuyer-la-directive-europeenne-sur-le-devoir-de-vigilance-des-entreprises-en-matiere-de-durabilite\/#primaryimage\"},\"image\":{\"@id\":\"https:\/\/www.ogbl.lu\/communique\/le-luxembourg-doit-appuyer-la-directive-europeenne-sur-le-devoir-de-vigilance-des-entreprises-en-matiere-de-durabilite\/#primaryimage\"},\"thumbnailUrl\":\"https:\/\/www.ogbl.lu\/wp-content\/uploads\/2023\/03\/Europe.jpeg\",\"datePublished\":\"2024-02-12T09:56:55+00:00\",\"dateModified\":\"2024-02-25T08:20:26+00:00\",\"breadcrumb\":{\"@id\":\"https:\/\/www.ogbl.lu\/communique\/le-luxembourg-doit-appuyer-la-directive-europeenne-sur-le-devoir-de-vigilance-des-entreprises-en-matiere-de-durabilite\/#breadcrumb\"},\"inLanguage\":\"en-US\",\"potentialAction\":[{\"@type\":\"ReadAction\",\"target\":[\"https:\/\/www.ogbl.lu\/communique\/le-luxembourg-doit-appuyer-la-directive-europeenne-sur-le-devoir-de-vigilance-des-entreprises-en-matiere-de-durabilite\/\"]}]},{\"@type\":\"ImageObject\",\"inLanguage\":\"en-US\",\"@id\":\"https:\/\/www.ogbl.lu\/communique\/le-luxembourg-doit-appuyer-la-directive-europeenne-sur-le-devoir-de-vigilance-des-entreprises-en-matiere-de-durabilite\/#primaryimage\",\"url\":\"https:\/\/www.ogbl.lu\/wp-content\/uploads\/2023\/03\/Europe.jpeg\",\"contentUrl\":\"https:\/\/www.ogbl.lu\/wp-content\/uploads\/2023\/03\/Europe.jpeg\",\"width\":2000,\"height\":1331,\"caption\":\"EU flags waving in front of European Parliament building. Brussels, Belgium\"},{\"@type\":\"BreadcrumbList\",\"@id\":\"https:\/\/www.ogbl.lu\/communique\/le-luxembourg-doit-appuyer-la-directive-europeenne-sur-le-devoir-de-vigilance-des-entreprises-en-matiere-de-durabilite\/#breadcrumb\",\"itemListElement\":[{\"@type\":\"ListItem\",\"position\":1,\"name\":\"Home\",\"item\":\"https:\/\/www.ogbl.lu\/\"},{\"@type\":\"ListItem\",\"position\":2,\"name\":\"Le Luxembourg doit appuyer la directive europ\u00e9enne sur le devoir de vigilance des entreprises en mati\u00e8re de durabilit\u00e9\u00a0!\"}]},{\"@type\":\"WebSite\",\"@id\":\"https:\/\/www.ogbl.lu\/de\/#website\",\"url\":\"https:\/\/www.ogbl.lu\/de\/\",\"name\":\"OGBL\",\"description\":\"THE TRADE UNION\",\"publisher\":{\"@id\":\"https:\/\/www.ogbl.lu\/de\/#organization\"},\"potentialAction\":[{\"@type\":\"SearchAction\",\"target\":{\"@type\":\"EntryPoint\",\"urlTemplate\":\"https:\/\/www.ogbl.lu\/de\/?s={search_term_string}\"},\"query-input\":\"required name=search_term_string\"}],\"inLanguage\":\"en-US\"},{\"@type\":\"Organization\",\"@id\":\"https:\/\/www.ogbl.lu\/de\/#organization\",\"name\":\"OGBL\",\"url\":\"https:\/\/www.ogbl.lu\/de\/\",\"logo\":{\"@type\":\"ImageObject\",\"inLanguage\":\"en-US\",\"@id\":\"https:\/\/www.ogbl.lu\/de\/#\/schema\/logo\/image\/\",\"url\":\"https:\/\/www.ogbl.lu\/wp-content\/uploads\/2024\/07\/LOGO_Red_FR-svg.png\",\"contentUrl\":\"https:\/\/www.ogbl.lu\/wp-content\/uploads\/2024\/07\/LOGO_Red_FR-svg.png\",\"width\":369,\"height\":171,\"caption\":\"OGBL\"},\"image\":{\"@id\":\"https:\/\/www.ogbl.lu\/de\/#\/schema\/logo\/image\/\"}}]}<\/script>\r\n<!-- \/ Yoast SEO plugin. -->","yoast_head_json":{"title":"[:fr]Le Luxembourg doit appuyer la directive europ\u00e9enne sur le devoir de vigilance des entreprises en mati\u00e8re de durabilit\u00e9\u00a0![:de]Luxemburg muss EU-Lieferkettengesetzes unterst\u00fctzen![:en]Luxembourg must support the European Directive on Corporate Social Responsibility![:] - OGBL","robots":{"index":"index","follow":"follow","max-snippet":"max-snippet:-1","max-image-preview":"max-image-preview:large","max-video-preview":"max-video-preview:-1"},"canonical":"https:\/\/www.ogbl.lu\/communique\/le-luxembourg-doit-appuyer-la-directive-europeenne-sur-le-devoir-de-vigilance-des-entreprises-en-matiere-de-durabilite\/","og_locale":"en_US","og_type":"article","og_title":"[:fr]Le Luxembourg doit appuyer la directive europ\u00e9enne sur le devoir de vigilance des entreprises en mati\u00e8re de durabilit\u00e9\u00a0![:de]Luxemburg muss EU-Lieferkettengesetzes unterst\u00fctzen![:en]Luxembourg must support the European Directive on Corporate Social Responsibility![:] - OGBL","og_description":"The Commission, Council and Parliament have been negotiating the European Directive on Corporate Social Responsibility for two years. Adoption was \u2026","og_url":"https:\/\/www.ogbl.lu\/communique\/le-luxembourg-doit-appuyer-la-directive-europeenne-sur-le-devoir-de-vigilance-des-entreprises-en-matiere-de-durabilite\/","og_site_name":"OGBL","article_modified_time":"2024-02-25T08:20:26+00:00","og_image":[{"width":2000,"height":1331,"url":"https:\/\/www.ogbl.lu\/wp-content\/uploads\/2023\/03\/Europe.jpeg","type":"image\/jpeg"}],"twitter_card":"summary_large_image","twitter_misc":{"Est. reading time":"7 minutes"},"schema":{"@context":"https:\/\/schema.org","@graph":[{"@type":"WebPage","@id":"https:\/\/www.ogbl.lu\/communique\/le-luxembourg-doit-appuyer-la-directive-europeenne-sur-le-devoir-de-vigilance-des-entreprises-en-matiere-de-durabilite\/","url":"https:\/\/www.ogbl.lu\/communique\/le-luxembourg-doit-appuyer-la-directive-europeenne-sur-le-devoir-de-vigilance-des-entreprises-en-matiere-de-durabilite\/","name":"[:fr]Le Luxembourg doit appuyer la directive europ\u00e9enne sur le devoir de vigilance des entreprises en mati\u00e8re de durabilit\u00e9\u00a0![:de]Luxemburg muss EU-Lieferkettengesetzes unterst\u00fctzen![:en]Luxembourg must support the European Directive on Corporate Social Responsibility![:] - OGBL","isPartOf":{"@id":"https:\/\/www.ogbl.lu\/de\/#website"},"primaryImageOfPage":{"@id":"https:\/\/www.ogbl.lu\/communique\/le-luxembourg-doit-appuyer-la-directive-europeenne-sur-le-devoir-de-vigilance-des-entreprises-en-matiere-de-durabilite\/#primaryimage"},"image":{"@id":"https:\/\/www.ogbl.lu\/communique\/le-luxembourg-doit-appuyer-la-directive-europeenne-sur-le-devoir-de-vigilance-des-entreprises-en-matiere-de-durabilite\/#primaryimage"},"thumbnailUrl":"https:\/\/www.ogbl.lu\/wp-content\/uploads\/2023\/03\/Europe.jpeg","datePublished":"2024-02-12T09:56:55+00:00","dateModified":"2024-02-25T08:20:26+00:00","breadcrumb":{"@id":"https:\/\/www.ogbl.lu\/communique\/le-luxembourg-doit-appuyer-la-directive-europeenne-sur-le-devoir-de-vigilance-des-entreprises-en-matiere-de-durabilite\/#breadcrumb"},"inLanguage":"en-US","potentialAction":[{"@type":"ReadAction","target":["https:\/\/www.ogbl.lu\/communique\/le-luxembourg-doit-appuyer-la-directive-europeenne-sur-le-devoir-de-vigilance-des-entreprises-en-matiere-de-durabilite\/"]}]},{"@type":"ImageObject","inLanguage":"en-US","@id":"https:\/\/www.ogbl.lu\/communique\/le-luxembourg-doit-appuyer-la-directive-europeenne-sur-le-devoir-de-vigilance-des-entreprises-en-matiere-de-durabilite\/#primaryimage","url":"https:\/\/www.ogbl.lu\/wp-content\/uploads\/2023\/03\/Europe.jpeg","contentUrl":"https:\/\/www.ogbl.lu\/wp-content\/uploads\/2023\/03\/Europe.jpeg","width":2000,"height":1331,"caption":"EU flags waving in front of European Parliament building. Brussels, Belgium"},{"@type":"BreadcrumbList","@id":"https:\/\/www.ogbl.lu\/communique\/le-luxembourg-doit-appuyer-la-directive-europeenne-sur-le-devoir-de-vigilance-des-entreprises-en-matiere-de-durabilite\/#breadcrumb","itemListElement":[{"@type":"ListItem","position":1,"name":"Home","item":"https:\/\/www.ogbl.lu\/"},{"@type":"ListItem","position":2,"name":"Le Luxembourg doit appuyer la directive europ\u00e9enne sur le devoir de vigilance des entreprises en mati\u00e8re de durabilit\u00e9\u00a0!"}]},{"@type":"WebSite","@id":"https:\/\/www.ogbl.lu\/de\/#website","url":"https:\/\/www.ogbl.lu\/de\/","name":"OGBL","description":"THE TRADE UNION","publisher":{"@id":"https:\/\/www.ogbl.lu\/de\/#organization"},"potentialAction":[{"@type":"SearchAction","target":{"@type":"EntryPoint","urlTemplate":"https:\/\/www.ogbl.lu\/de\/?s={search_term_string}"},"query-input":"required name=search_term_string"}],"inLanguage":"en-US"},{"@type":"Organization","@id":"https:\/\/www.ogbl.lu\/de\/#organization","name":"OGBL","url":"https:\/\/www.ogbl.lu\/de\/","logo":{"@type":"ImageObject","inLanguage":"en-US","@id":"https:\/\/www.ogbl.lu\/de\/#\/schema\/logo\/image\/","url":"https:\/\/www.ogbl.lu\/wp-content\/uploads\/2024\/07\/LOGO_Red_FR-svg.png","contentUrl":"https:\/\/www.ogbl.lu\/wp-content\/uploads\/2024\/07\/LOGO_Red_FR-svg.png","width":369,"height":171,"caption":"OGBL"},"image":{"@id":"https:\/\/www.ogbl.lu\/de\/#\/schema\/logo\/image\/"}}]}},"_links":{"self":[{"href":"https:\/\/www.ogbl.lu\/en\/wp-json\/wp\/v2\/communiques\/23228"}],"collection":[{"href":"https:\/\/www.ogbl.lu\/en\/wp-json\/wp\/v2\/communiques"}],"about":[{"href":"https:\/\/www.ogbl.lu\/en\/wp-json\/wp\/v2\/types\/communiques"}],"author":[{"embeddable":true,"href":"https:\/\/www.ogbl.lu\/en\/wp-json\/wp\/v2\/users\/4"}],"version-history":[{"count":0,"href":"https:\/\/www.ogbl.lu\/en\/wp-json\/wp\/v2\/communiques\/23228\/revisions"}],"wp:featuredmedia":[{"embeddable":true,"href":"https:\/\/www.ogbl.lu\/en\/wp-json\/wp\/v2\/media\/7911"}],"wp:attachment":[{"href":"https:\/\/www.ogbl.lu\/en\/wp-json\/wp\/v2\/media?parent=23228"}],"wp:term":[{"taxonomy":"categorie_communiques","embeddable":true,"href":"https:\/\/www.ogbl.lu\/en\/wp-json\/wp\/v2\/categorie_communiques?post=23228"},{"taxonomy":"syndicat","embeddable":true,"href":"https:\/\/www.ogbl.lu\/en\/wp-json\/wp\/v2\/syndicat?post=23228"}],"curies":[{"name":"wp","href":"https:\/\/api.w.org\/{rel}","templated":true}]}}