{"id":2258,"date":"2017-07-18T14:39:00","date_gmt":"2017-07-18T12:39:00","guid":{"rendered":"https:\/\/www.ogbl.lu\/communiques\/la-societe-ideal-services-proprete-est-en-faillite"},"modified":"2023-05-26T13:39:47","modified_gmt":"2023-05-26T11:39:47","slug":"la-societe-ideal-services-proprete-est-en-faillite","status":"publish","type":"communiques","link":"https:\/\/www.ogbl.lu\/en\/communique\/la-societe-ideal-services-proprete-est-en-faillite\/","title":{"rendered":"La soci\u00e9t\u00e9 Id\u00e9al Services Propret\u00e9 est en faillite"},"content":{"rendered":"<p class=\"qtranxs-available-languages-message qtranxs-available-languages-message-en\"> <\/p><p>Le 13 juillet 2017, la soci\u00e9t\u00e9 de nettoyage Id\u00e9al Services Propret\u00e9, ayant son si\u00e8ge \u00e0 Sanem et employant environ 50 salari\u00e9s a \u00e9t\u00e9 d\u00e9clar\u00e9e en faillite.<\/p>\n<p>L\u2019OGBL, seul syndicat repr\u00e9sent\u00e9 au sein de la d\u00e9l\u00e9gation du personnel, organisera une r\u00e9union d\u2019information pour les salari\u00e9s le 19 juillet 2017 \u00e0 14h dans ses locaux \u00e0 Luxembourg (31, rue du Fort Neipperg).<\/p>\n<p>Lors de cette r\u00e9union, les repr\u00e9sentants de l\u2019OGBL expliqueront les d\u00e9marches \u00e0 suivre aux salari\u00e9s concern\u00e9s.<\/p>\n<p>L\u2019OGBL se chargera de l\u2019\u00e9laboration des d\u00e9clarations de cr\u00e9ances et de toutes les d\u00e9marches n\u00e9cessaires afin de soutenir les salari\u00e9s dans cette situation dramatique.<\/p>\n<p>L\u2019OGBL veillera \u00e9galement \u00e0 ce que tous les droits et acquis des salari\u00e9s soient respect\u00e9s lors de la reprise des clients par un autre prestataire de nettoyage.<\/p>\n<p>Malheureusement, l\u2019OGBL est forc\u00e9 de constater que la sonnette d\u2019alarme (retards de salaire, dialogue social) qui aurait pu pr\u00e9venir cette faillite n\u2019a une nouvelle fois pas fonctionn\u00e9.<\/p>\n<p>L\u2019OGBL revendique des moyens l\u00e9gaux forts permettant d\u2019entreprendre des d\u00e9marches proactives lorsque des entreprises connaissent des difficult\u00e9s afin de pouvoir \u00e9viter des faillites et sauver des emplois. Il est grand temps de se donner un dispositif pr\u00e9ventif permettant de constater les difficult\u00e9s et de pouvoir enfin agir.<\/p>\n<p><b>Communiqu\u00e9 par le <\/b><b>s<\/b><b>yndicat Services priv\u00e9s de Nettoyage, d\u2019Hygi\u00e8ne et d\u2019Environnement de l\u2019OGBL<br \/>\nle 18 juillet 2017 <\/b><\/p>","protected":false},"author":1,"featured_media":3875,"template":"","categorie_communiques":[55],"syndicat":[72],"acf":[],"yoast_head":"<!-- This site is optimized with the Yoast SEO plugin v23.1 - https:\/\/yoast.com\/wordpress\/plugins\/seo\/ -->\r\n<title>La soci\u00e9t\u00e9 Id\u00e9al Services Propret\u00e9 est en faillite - OGBL<\/title>\r\n<meta name=\"robots\" content=\"index, follow, max-snippet:-1, max-image-preview:large, max-video-preview:-1\" \/>\r\n<link rel=\"canonical\" href=\"https:\/\/www.ogbl.lu\/communique\/la-societe-ideal-services-proprete-est-en-faillite\/\" \/>\r\n<meta property=\"og:locale\" content=\"en_US\" \/>\r\n<meta property=\"og:type\" content=\"article\" \/>\r\n<meta property=\"og:title\" content=\"[:fr]La soci\u00e9t\u00e9 Id\u00e9al Services Propret\u00e9 est en faillite[:en]La soci\u00e9t\u00e9 Id\u00e9al Services Propret\u00e9 est en faillite[:] - OGBL\" \/>\r\n<meta property=\"og:description\" content=\"Le 13 juillet 2017, la soci\u00e9t\u00e9 de nettoyage Id\u00e9al Services Propret\u00e9, ayant son si\u00e8ge \u00e0 Sanem et employant environ 50 \u2026\" \/>\r\n<meta property=\"og:url\" content=\"https:\/\/www.ogbl.lu\/communique\/la-societe-ideal-services-proprete-est-en-faillite\/\" \/>\r\n<meta property=\"og:site_name\" content=\"OGBL\" \/>\r\n<meta property=\"article:modified_time\" content=\"2023-05-26T11:39:47+00:00\" \/>\r\n<meta property=\"og:image\" content=\"https:\/\/www.ogbl.lu\/wp-content\/uploads\/2017\/07\/nettoyage_vignette.jpg\" \/>\r\n\t<meta property=\"og:image:width\" content=\"150\" \/>\r\n\t<meta property=\"og:image:height\" content=\"150\" \/>\r\n\t<meta property=\"og:image:type\" content=\"image\/jpeg\" \/>\r\n<meta name=\"twitter:card\" content=\"summary_large_image\" \/>\r\n<meta name=\"twitter:label1\" content=\"Est. reading time\" \/>\n\t<meta name=\"twitter:data1\" content=\"1 minute\" \/>\r\n<script type=\"application\/ld+json\" class=\"yoast-schema-graph\">{\"@context\":\"https:\/\/schema.org\",\"@graph\":[{\"@type\":\"WebPage\",\"@id\":\"https:\/\/www.ogbl.lu\/communique\/la-societe-ideal-services-proprete-est-en-faillite\/\",\"url\":\"https:\/\/www.ogbl.lu\/communique\/la-societe-ideal-services-proprete-est-en-faillite\/\",\"name\":\"[:fr]La soci\u00e9t\u00e9 Id\u00e9al Services Propret\u00e9 est en faillite[:en]La soci\u00e9t\u00e9 Id\u00e9al Services Propret\u00e9 est en faillite[:] - OGBL\",\"isPartOf\":{\"@id\":\"https:\/\/www.ogbl.lu\/de\/#website\"},\"primaryImageOfPage\":{\"@id\":\"https:\/\/www.ogbl.lu\/communique\/la-societe-ideal-services-proprete-est-en-faillite\/#primaryimage\"},\"image\":{\"@id\":\"https:\/\/www.ogbl.lu\/communique\/la-societe-ideal-services-proprete-est-en-faillite\/#primaryimage\"},\"thumbnailUrl\":\"https:\/\/www.ogbl.lu\/wp-content\/uploads\/2017\/07\/nettoyage_vignette.jpg\",\"datePublished\":\"2017-07-18T12:39:00+00:00\",\"dateModified\":\"2023-05-26T11:39:47+00:00\",\"breadcrumb\":{\"@id\":\"https:\/\/www.ogbl.lu\/communique\/la-societe-ideal-services-proprete-est-en-faillite\/#breadcrumb\"},\"inLanguage\":\"en-US\",\"potentialAction\":[{\"@type\":\"ReadAction\",\"target\":[\"https:\/\/www.ogbl.lu\/communique\/la-societe-ideal-services-proprete-est-en-faillite\/\"]}]},{\"@type\":\"ImageObject\",\"inLanguage\":\"en-US\",\"@id\":\"https:\/\/www.ogbl.lu\/communique\/la-societe-ideal-services-proprete-est-en-faillite\/#primaryimage\",\"url\":\"https:\/\/www.ogbl.lu\/wp-content\/uploads\/2017\/07\/nettoyage_vignette.jpg\",\"contentUrl\":\"https:\/\/www.ogbl.lu\/wp-content\/uploads\/2017\/07\/nettoyage_vignette.jpg\",\"width\":150,\"height\":150},{\"@type\":\"BreadcrumbList\",\"@id\":\"https:\/\/www.ogbl.lu\/communique\/la-societe-ideal-services-proprete-est-en-faillite\/#breadcrumb\",\"itemListElement\":[{\"@type\":\"ListItem\",\"position\":1,\"name\":\"Home\",\"item\":\"https:\/\/www.ogbl.lu\/\"},{\"@type\":\"ListItem\",\"position\":2,\"name\":\"La soci\u00e9t\u00e9 Id\u00e9al Services Propret\u00e9 est en faillite\"}]},{\"@type\":\"WebSite\",\"@id\":\"https:\/\/www.ogbl.lu\/de\/#website\",\"url\":\"https:\/\/www.ogbl.lu\/de\/\",\"name\":\"OGBL\",\"description\":\"THE TRADE UNION\",\"publisher\":{\"@id\":\"https:\/\/www.ogbl.lu\/de\/#organization\"},\"potentialAction\":[{\"@type\":\"SearchAction\",\"target\":{\"@type\":\"EntryPoint\",\"urlTemplate\":\"https:\/\/www.ogbl.lu\/de\/?s={search_term_string}\"},\"query-input\":\"required name=search_term_string\"}],\"inLanguage\":\"en-US\"},{\"@type\":\"Organization\",\"@id\":\"https:\/\/www.ogbl.lu\/de\/#organization\",\"name\":\"OGBL\",\"url\":\"https:\/\/www.ogbl.lu\/de\/\",\"logo\":{\"@type\":\"ImageObject\",\"inLanguage\":\"en-US\",\"@id\":\"https:\/\/www.ogbl.lu\/de\/#\/schema\/logo\/image\/\",\"url\":\"https:\/\/www.ogbl.lu\/wp-content\/uploads\/2024\/07\/LOGO_Red_FR-svg.png\",\"contentUrl\":\"https:\/\/www.ogbl.lu\/wp-content\/uploads\/2024\/07\/LOGO_Red_FR-svg.png\",\"width\":369,\"height\":171,\"caption\":\"OGBL\"},\"image\":{\"@id\":\"https:\/\/www.ogbl.lu\/de\/#\/schema\/logo\/image\/\"}}]}<\/script>\r\n<!-- \/ Yoast SEO plugin. -->","yoast_head_json":{"title":"[:fr]La soci\u00e9t\u00e9 Id\u00e9al Services Propret\u00e9 est en faillite[:en]La soci\u00e9t\u00e9 Id\u00e9al Services Propret\u00e9 est en faillite[:] - OGBL","robots":{"index":"index","follow":"follow","max-snippet":"max-snippet:-1","max-image-preview":"max-image-preview:large","max-video-preview":"max-video-preview:-1"},"canonical":"https:\/\/www.ogbl.lu\/communique\/la-societe-ideal-services-proprete-est-en-faillite\/","og_locale":"en_US","og_type":"article","og_title":"[:fr]La soci\u00e9t\u00e9 Id\u00e9al Services Propret\u00e9 est en faillite[:en]La soci\u00e9t\u00e9 Id\u00e9al Services Propret\u00e9 est en faillite[:] - OGBL","og_description":"Le 13 juillet 2017, la soci\u00e9t\u00e9 de nettoyage Id\u00e9al Services Propret\u00e9, ayant son si\u00e8ge \u00e0 Sanem et employant environ 50 \u2026","og_url":"https:\/\/www.ogbl.lu\/communique\/la-societe-ideal-services-proprete-est-en-faillite\/","og_site_name":"OGBL","article_modified_time":"2023-05-26T11:39:47+00:00","og_image":[{"width":150,"height":150,"url":"https:\/\/www.ogbl.lu\/wp-content\/uploads\/2017\/07\/nettoyage_vignette.jpg","type":"image\/jpeg"}],"twitter_card":"summary_large_image","twitter_misc":{"Est. reading time":"1 minute"},"schema":{"@context":"https:\/\/schema.org","@graph":[{"@type":"WebPage","@id":"https:\/\/www.ogbl.lu\/communique\/la-societe-ideal-services-proprete-est-en-faillite\/","url":"https:\/\/www.ogbl.lu\/communique\/la-societe-ideal-services-proprete-est-en-faillite\/","name":"[:fr]La soci\u00e9t\u00e9 Id\u00e9al Services Propret\u00e9 est en faillite[:en]La soci\u00e9t\u00e9 Id\u00e9al Services Propret\u00e9 est en faillite[:] - OGBL","isPartOf":{"@id":"https:\/\/www.ogbl.lu\/de\/#website"},"primaryImageOfPage":{"@id":"https:\/\/www.ogbl.lu\/communique\/la-societe-ideal-services-proprete-est-en-faillite\/#primaryimage"},"image":{"@id":"https:\/\/www.ogbl.lu\/communique\/la-societe-ideal-services-proprete-est-en-faillite\/#primaryimage"},"thumbnailUrl":"https:\/\/www.ogbl.lu\/wp-content\/uploads\/2017\/07\/nettoyage_vignette.jpg","datePublished":"2017-07-18T12:39:00+00:00","dateModified":"2023-05-26T11:39:47+00:00","breadcrumb":{"@id":"https:\/\/www.ogbl.lu\/communique\/la-societe-ideal-services-proprete-est-en-faillite\/#breadcrumb"},"inLanguage":"en-US","potentialAction":[{"@type":"ReadAction","target":["https:\/\/www.ogbl.lu\/communique\/la-societe-ideal-services-proprete-est-en-faillite\/"]}]},{"@type":"ImageObject","inLanguage":"en-US","@id":"https:\/\/www.ogbl.lu\/communique\/la-societe-ideal-services-proprete-est-en-faillite\/#primaryimage","url":"https:\/\/www.ogbl.lu\/wp-content\/uploads\/2017\/07\/nettoyage_vignette.jpg","contentUrl":"https:\/\/www.ogbl.lu\/wp-content\/uploads\/2017\/07\/nettoyage_vignette.jpg","width":150,"height":150},{"@type":"BreadcrumbList","@id":"https:\/\/www.ogbl.lu\/communique\/la-societe-ideal-services-proprete-est-en-faillite\/#breadcrumb","itemListElement":[{"@type":"ListItem","position":1,"name":"Home","item":"https:\/\/www.ogbl.lu\/"},{"@type":"ListItem","position":2,"name":"La soci\u00e9t\u00e9 Id\u00e9al Services Propret\u00e9 est en faillite"}]},{"@type":"WebSite","@id":"https:\/\/www.ogbl.lu\/de\/#website","url":"https:\/\/www.ogbl.lu\/de\/","name":"OGBL","description":"THE TRADE UNION","publisher":{"@id":"https:\/\/www.ogbl.lu\/de\/#organization"},"potentialAction":[{"@type":"SearchAction","target":{"@type":"EntryPoint","urlTemplate":"https:\/\/www.ogbl.lu\/de\/?s={search_term_string}"},"query-input":"required name=search_term_string"}],"inLanguage":"en-US"},{"@type":"Organization","@id":"https:\/\/www.ogbl.lu\/de\/#organization","name":"OGBL","url":"https:\/\/www.ogbl.lu\/de\/","logo":{"@type":"ImageObject","inLanguage":"en-US","@id":"https:\/\/www.ogbl.lu\/de\/#\/schema\/logo\/image\/","url":"https:\/\/www.ogbl.lu\/wp-content\/uploads\/2024\/07\/LOGO_Red_FR-svg.png","contentUrl":"https:\/\/www.ogbl.lu\/wp-content\/uploads\/2024\/07\/LOGO_Red_FR-svg.png","width":369,"height":171,"caption":"OGBL"},"image":{"@id":"https:\/\/www.ogbl.lu\/de\/#\/schema\/logo\/image\/"}}]}},"_links":{"self":[{"href":"https:\/\/www.ogbl.lu\/en\/wp-json\/wp\/v2\/communiques\/2258"}],"collection":[{"href":"https:\/\/www.ogbl.lu\/en\/wp-json\/wp\/v2\/communiques"}],"about":[{"href":"https:\/\/www.ogbl.lu\/en\/wp-json\/wp\/v2\/types\/communiques"}],"author":[{"embeddable":true,"href":"https:\/\/www.ogbl.lu\/en\/wp-json\/wp\/v2\/users\/1"}],"version-history":[{"count":0,"href":"https:\/\/www.ogbl.lu\/en\/wp-json\/wp\/v2\/communiques\/2258\/revisions"}],"wp:featuredmedia":[{"embeddable":true,"href":"https:\/\/www.ogbl.lu\/en\/wp-json\/wp\/v2\/media\/3875"}],"wp:attachment":[{"href":"https:\/\/www.ogbl.lu\/en\/wp-json\/wp\/v2\/media?parent=2258"}],"wp:term":[{"taxonomy":"categorie_communiques","embeddable":true,"href":"https:\/\/www.ogbl.lu\/en\/wp-json\/wp\/v2\/categorie_communiques?post=2258"},{"taxonomy":"syndicat","embeddable":true,"href":"https:\/\/www.ogbl.lu\/en\/wp-json\/wp\/v2\/syndicat?post=2258"}],"curies":[{"name":"wp","href":"https:\/\/api.w.org\/{rel}","templated":true}]}}