{"id":2250,"date":"2017-07-11T13:52:39","date_gmt":"2017-07-11T11:52:39","guid":{"rendered":"https:\/\/www.ogbl.lu\/communiques\/lacl-refuse-la-decision-de-justice"},"modified":"2023-06-14T10:11:19","modified_gmt":"2023-06-14T08:11:19","slug":"lacl-refuse-la-decision-de-justice","status":"publish","type":"communiques","link":"https:\/\/www.ogbl.lu\/en\/communique\/lacl-refuse-la-decision-de-justice\/","title":{"rendered":"L\u2019ACL refuse la d\u00e9cision de justice"},"content":{"rendered":"<p class=\"qtranxs-available-languages-message qtranxs-available-languages-message-en\"> <\/p><p><a href=\"https:\/\/www.ogbl.lu\/wp-content\/uploads\/communiques\/acl_camion_depannage.jpg\" target=\"_blank\" rel=\"noopener\"><img decoding=\"async\" class=\"alignleft wp-image-24576\" style=\"border: 0px none;\" src=\"https:\/\/www.ogbl.lu\/wp-content\/uploads\/communiques\/acl_camion_depannage.jpg\" alt=\"acl_camion_depannage\" width=\"300\" \/><\/a>L\u2019OGBL se montre tr\u00e8s \u00e9tonn\u00e9 et sid\u00e9r\u00e9 par les reproches formul\u00e9s aujourd\u2019hui par le pr\u00e9sident du conseil d\u2019administration de l\u2019ACL, Yves Wagner. Jusqu\u2019\u00e0 ce jour, ce dernier n\u2019a jamais pris la peine de dialoguer avec la d\u00e9l\u00e9gu\u00e9e concern\u00e9e, la d\u00e9l\u00e9gation enti\u00e8re et le syndicat signataire de la convention collective.<\/p>\n<p>De plus, il ne prend pas en compte les tr\u00e8s nombreuses pi\u00e8ces vers\u00e9es au dossier de justice qui contredisent les accusations de certains salari\u00e9s (qui s\u2019av\u00e8rent \u00eatre surtout des chefs de service) contre la d\u00e9l\u00e9gu\u00e9e dans le cadre de sa mise \u00e0 pied. Mais surtout, il r\u00e9cuse les deux jugements de justice (sur le maintien de salaire et sur la validit\u00e9 de la mise \u00e0 pied) et met directement en cause la d\u00e9cision et la comp\u00e9tence des tribunaux comp\u00e9tents, ce qui est tout \u00e0 fait effarant et rocambolesque.<\/p>\n<p>L\u2019OGBL est \u00e9galement \u00e9tonn\u00e9 d\u2019apprendre que les d\u00e9l\u00e9gu\u00e9s du personnel l\u00e9galement \u00e9lus n\u2019ont pas \u00e9t\u00e9 d\u00fbment inform\u00e9s de cette conf\u00e9rence de presse, de m\u00eame que toute une partie du personnel et notamment les personnes qui avaient t\u00e9moign\u00e9 en faveur de la d\u00e9l\u00e9gu\u00e9e mise \u00e0 pied.<\/p>\n<p>L\u2019OGBL se montre encore \u00e9tonn\u00e9 que d\u2019autres salari\u00e9s aient \u00e9t\u00e9 appel\u00e9s par un responsable pour les \u00abmotiver\u00bb \u00e0 participer \u00e0 cette conf\u00e9rence de presse, d\u2019ailleurs officiellement annonc\u00e9e comme manifestation de protestation. Cette fa\u00e7on de proc\u00e9der des responsables est une forme de mise sous pression et reste dans la lign\u00e9e des m\u00e9thodes douteuses appliqu\u00e9es par cette direction.<\/p>\n<p>L\u2019OGBL est encore plus \u00e9tonn\u00e9 du fait que des reproches graves sont formul\u00e9s contre une d\u00e9l\u00e9gu\u00e9e du personnel \u00e9lue sans que les plaignants n\u2019aient \u00e9t\u00e9 capables d\u2019avancer des preuves en justice. Car le jugement du 3 juillet est tr\u00e8s clair et il a \u00e9t\u00e9 rendu par un tribunal ind\u00e9pendant suite \u00e0 un d\u00e9bat contradictoire, lors duquel l\u2019ensemble des parties en litige ont pu librement avancer leurs arguments. Un tribunal qui ne saurait \u00eatre mis sous pression par une direction ou un pr\u00e9sident du conseil d\u2019administration.<\/p>\n<p>L\u2019OGBL est aussi \u00e9tonn\u00e9 que des salari\u00e9s nouvellement embauch\u00e9s qui n\u2019ont pas directement travaill\u00e9 avec la d\u00e9l\u00e9gu\u00e9e mise \u00e0 pied aient \u00e9t\u00e9 sollicit\u00e9s pour se prononcer contre celle-ci.<\/p>\n<p>L\u2019OGBL rappelle d\u2019ailleurs que la d\u00e9l\u00e9gu\u00e9e mise \u00e0 pied a elle-m\u00eame port\u00e9 plainte pour harc\u00e8lement moral contre la direction. L\u2019OGBL a d\u2019ailleurs, au cours des derni\u00e8res ann\u00e9es, \u00e0 plusieurs reprises demand\u00e9 \u00e0 la direction et \u00e0 Jean-Claude Juchem en particulier d\u2019arr\u00eater enfin de la mettre sous pression. Car cette pression et les tentatives de d\u00e9gradation de ses fonctions ont commenc\u00e9 apr\u00e8s la gr\u00e8ve l\u00e9gale de d\u00e9cembre 2014.<\/p>\n<p>L\u2019OGBL rappelle aussi que M. De Felice qui critique avec v\u00e9h\u00e9mence le syndicat et la justice n\u2019est pas un simple salari\u00e9, mais un membre de la direction.<\/p>\n<p>L\u2019OGBL rappelle aussi qu\u2019un proc\u00e8s pour licenciement abusif d\u2019un salari\u00e9 a d\u00e9j\u00e0 \u00e9t\u00e9 perdu par l\u2019ACL et que deux autres proc\u00e8s se d\u00e9rouleront \u00e0 l\u2019automne 2017. Quatre proc\u00e8s contre des salari\u00e9s en un an, c\u2019est inou\u00ef \u00e0 l\u2019Automobile Club !<\/p>\n<p>La conf\u00e9rence de presse organis\u00e9e aujourd\u2019hui est une mise en sc\u00e8ne de la direction et du pr\u00e9sident du CA pour justifier une prolongation de la mise \u00e0 l\u2019\u00e9cart d\u2019une d\u00e9l\u00e9gu\u00e9e du personnel, malgr\u00e9 leur cuisante d\u00e9faite en justice.<\/p>\n<p>L\u2019OGBL continue par cons\u00e9quent \u00e0 revendiquer la r\u00e9int\u00e9gration imm\u00e9diate de la d\u00e9l\u00e9gu\u00e9e du personnel pour que celle-ci puisse remplir le mandat qui lui a \u00e9t\u00e9 conf\u00e9r\u00e9 dans le cadre d&#8217;\u00e9lections d\u00e9mocratiques.<\/p>\n<p><b>Communiqu\u00e9 par le syndicat Services et Energie de l\u2019OGBL<br \/>\nle 11 juillet 2017 <\/b><\/p>","protected":false},"author":1,"featured_media":3880,"template":"","categorie_communiques":[54],"syndicat":[73],"acf":[],"yoast_head":"<!-- This site is optimized with the Yoast SEO plugin v23.1 - https:\/\/yoast.com\/wordpress\/plugins\/seo\/ -->\r\n<title>L\u2019ACL refuse la d\u00e9cision de justice - OGBL<\/title>\r\n<meta name=\"robots\" content=\"index, follow, max-snippet:-1, max-image-preview:large, max-video-preview:-1\" \/>\r\n<link rel=\"canonical\" href=\"https:\/\/www.ogbl.lu\/communique\/lacl-refuse-la-decision-de-justice\/\" \/>\r\n<meta property=\"og:locale\" content=\"en_US\" \/>\r\n<meta property=\"og:type\" content=\"article\" \/>\r\n<meta property=\"og:title\" content=\"[:fr]L\u2019ACL refuse la d\u00e9cision de justice[:en]L\u2019ACL refuse la d\u00e9cision de justice[:] - OGBL\" \/>\r\n<meta property=\"og:description\" content=\"L\u2019OGBL se montre tr\u00e8s \u00e9tonn\u00e9 et sid\u00e9r\u00e9 par les reproches formul\u00e9s aujourd\u2019hui par le pr\u00e9sident du conseil d\u2019administration de l\u2019ACL, \u2026\" \/>\r\n<meta property=\"og:url\" content=\"https:\/\/www.ogbl.lu\/communique\/lacl-refuse-la-decision-de-justice\/\" \/>\r\n<meta property=\"og:site_name\" content=\"OGBL\" \/>\r\n<meta property=\"article:modified_time\" content=\"2023-06-14T08:11:19+00:00\" \/>\r\n<meta property=\"og:image\" content=\"https:\/\/www.ogbl.lu\/wp-content\/uploads\/2017\/07\/acl_camion_depannage.jpg\" \/>\r\n\t<meta property=\"og:image:width\" content=\"840\" \/>\r\n\t<meta property=\"og:image:height\" content=\"450\" \/>\r\n\t<meta property=\"og:image:type\" content=\"image\/jpeg\" \/>\r\n<meta name=\"twitter:card\" content=\"summary_large_image\" \/>\r\n<meta name=\"twitter:label1\" content=\"Est. reading time\" \/>\n\t<meta name=\"twitter:data1\" content=\"3 minutes\" \/>\r\n<script type=\"application\/ld+json\" class=\"yoast-schema-graph\">{\"@context\":\"https:\/\/schema.org\",\"@graph\":[{\"@type\":\"WebPage\",\"@id\":\"https:\/\/www.ogbl.lu\/communique\/lacl-refuse-la-decision-de-justice\/\",\"url\":\"https:\/\/www.ogbl.lu\/communique\/lacl-refuse-la-decision-de-justice\/\",\"name\":\"[:fr]L\u2019ACL refuse la d\u00e9cision de justice[:en]L\u2019ACL refuse la d\u00e9cision de justice[:] - OGBL\",\"isPartOf\":{\"@id\":\"https:\/\/www.ogbl.lu\/de\/#website\"},\"primaryImageOfPage\":{\"@id\":\"https:\/\/www.ogbl.lu\/communique\/lacl-refuse-la-decision-de-justice\/#primaryimage\"},\"image\":{\"@id\":\"https:\/\/www.ogbl.lu\/communique\/lacl-refuse-la-decision-de-justice\/#primaryimage\"},\"thumbnailUrl\":\"https:\/\/www.ogbl.lu\/wp-content\/uploads\/2017\/07\/acl_camion_depannage.jpg\",\"datePublished\":\"2017-07-11T11:52:39+00:00\",\"dateModified\":\"2023-06-14T08:11:19+00:00\",\"breadcrumb\":{\"@id\":\"https:\/\/www.ogbl.lu\/communique\/lacl-refuse-la-decision-de-justice\/#breadcrumb\"},\"inLanguage\":\"en-US\",\"potentialAction\":[{\"@type\":\"ReadAction\",\"target\":[\"https:\/\/www.ogbl.lu\/communique\/lacl-refuse-la-decision-de-justice\/\"]}]},{\"@type\":\"ImageObject\",\"inLanguage\":\"en-US\",\"@id\":\"https:\/\/www.ogbl.lu\/communique\/lacl-refuse-la-decision-de-justice\/#primaryimage\",\"url\":\"https:\/\/www.ogbl.lu\/wp-content\/uploads\/2017\/07\/acl_camion_depannage.jpg\",\"contentUrl\":\"https:\/\/www.ogbl.lu\/wp-content\/uploads\/2017\/07\/acl_camion_depannage.jpg\",\"width\":840,\"height\":450},{\"@type\":\"BreadcrumbList\",\"@id\":\"https:\/\/www.ogbl.lu\/communique\/lacl-refuse-la-decision-de-justice\/#breadcrumb\",\"itemListElement\":[{\"@type\":\"ListItem\",\"position\":1,\"name\":\"Home\",\"item\":\"https:\/\/www.ogbl.lu\/\"},{\"@type\":\"ListItem\",\"position\":2,\"name\":\"L\u2019ACL refuse la d\u00e9cision de justice\"}]},{\"@type\":\"WebSite\",\"@id\":\"https:\/\/www.ogbl.lu\/de\/#website\",\"url\":\"https:\/\/www.ogbl.lu\/de\/\",\"name\":\"OGBL\",\"description\":\"THE TRADE UNION\",\"publisher\":{\"@id\":\"https:\/\/www.ogbl.lu\/de\/#organization\"},\"potentialAction\":[{\"@type\":\"SearchAction\",\"target\":{\"@type\":\"EntryPoint\",\"urlTemplate\":\"https:\/\/www.ogbl.lu\/de\/?s={search_term_string}\"},\"query-input\":\"required name=search_term_string\"}],\"inLanguage\":\"en-US\"},{\"@type\":\"Organization\",\"@id\":\"https:\/\/www.ogbl.lu\/de\/#organization\",\"name\":\"OGBL\",\"url\":\"https:\/\/www.ogbl.lu\/de\/\",\"logo\":{\"@type\":\"ImageObject\",\"inLanguage\":\"en-US\",\"@id\":\"https:\/\/www.ogbl.lu\/de\/#\/schema\/logo\/image\/\",\"url\":\"https:\/\/www.ogbl.lu\/wp-content\/uploads\/2024\/07\/LOGO_Red_FR-svg.png\",\"contentUrl\":\"https:\/\/www.ogbl.lu\/wp-content\/uploads\/2024\/07\/LOGO_Red_FR-svg.png\",\"width\":369,\"height\":171,\"caption\":\"OGBL\"},\"image\":{\"@id\":\"https:\/\/www.ogbl.lu\/de\/#\/schema\/logo\/image\/\"}}]}<\/script>\r\n<!-- \/ Yoast SEO plugin. -->","yoast_head_json":{"title":"[:fr]L\u2019ACL refuse la d\u00e9cision de justice[:en]L\u2019ACL refuse la d\u00e9cision de justice[:] - OGBL","robots":{"index":"index","follow":"follow","max-snippet":"max-snippet:-1","max-image-preview":"max-image-preview:large","max-video-preview":"max-video-preview:-1"},"canonical":"https:\/\/www.ogbl.lu\/communique\/lacl-refuse-la-decision-de-justice\/","og_locale":"en_US","og_type":"article","og_title":"[:fr]L\u2019ACL refuse la d\u00e9cision de justice[:en]L\u2019ACL refuse la d\u00e9cision de justice[:] - OGBL","og_description":"L\u2019OGBL se montre tr\u00e8s \u00e9tonn\u00e9 et sid\u00e9r\u00e9 par les reproches formul\u00e9s aujourd\u2019hui par le pr\u00e9sident du conseil d\u2019administration de l\u2019ACL, \u2026","og_url":"https:\/\/www.ogbl.lu\/communique\/lacl-refuse-la-decision-de-justice\/","og_site_name":"OGBL","article_modified_time":"2023-06-14T08:11:19+00:00","og_image":[{"width":840,"height":450,"url":"https:\/\/www.ogbl.lu\/wp-content\/uploads\/2017\/07\/acl_camion_depannage.jpg","type":"image\/jpeg"}],"twitter_card":"summary_large_image","twitter_misc":{"Est. reading time":"3 minutes"},"schema":{"@context":"https:\/\/schema.org","@graph":[{"@type":"WebPage","@id":"https:\/\/www.ogbl.lu\/communique\/lacl-refuse-la-decision-de-justice\/","url":"https:\/\/www.ogbl.lu\/communique\/lacl-refuse-la-decision-de-justice\/","name":"[:fr]L\u2019ACL refuse la d\u00e9cision de justice[:en]L\u2019ACL refuse la d\u00e9cision de justice[:] - OGBL","isPartOf":{"@id":"https:\/\/www.ogbl.lu\/de\/#website"},"primaryImageOfPage":{"@id":"https:\/\/www.ogbl.lu\/communique\/lacl-refuse-la-decision-de-justice\/#primaryimage"},"image":{"@id":"https:\/\/www.ogbl.lu\/communique\/lacl-refuse-la-decision-de-justice\/#primaryimage"},"thumbnailUrl":"https:\/\/www.ogbl.lu\/wp-content\/uploads\/2017\/07\/acl_camion_depannage.jpg","datePublished":"2017-07-11T11:52:39+00:00","dateModified":"2023-06-14T08:11:19+00:00","breadcrumb":{"@id":"https:\/\/www.ogbl.lu\/communique\/lacl-refuse-la-decision-de-justice\/#breadcrumb"},"inLanguage":"en-US","potentialAction":[{"@type":"ReadAction","target":["https:\/\/www.ogbl.lu\/communique\/lacl-refuse-la-decision-de-justice\/"]}]},{"@type":"ImageObject","inLanguage":"en-US","@id":"https:\/\/www.ogbl.lu\/communique\/lacl-refuse-la-decision-de-justice\/#primaryimage","url":"https:\/\/www.ogbl.lu\/wp-content\/uploads\/2017\/07\/acl_camion_depannage.jpg","contentUrl":"https:\/\/www.ogbl.lu\/wp-content\/uploads\/2017\/07\/acl_camion_depannage.jpg","width":840,"height":450},{"@type":"BreadcrumbList","@id":"https:\/\/www.ogbl.lu\/communique\/lacl-refuse-la-decision-de-justice\/#breadcrumb","itemListElement":[{"@type":"ListItem","position":1,"name":"Home","item":"https:\/\/www.ogbl.lu\/"},{"@type":"ListItem","position":2,"name":"L\u2019ACL refuse la d\u00e9cision de justice"}]},{"@type":"WebSite","@id":"https:\/\/www.ogbl.lu\/de\/#website","url":"https:\/\/www.ogbl.lu\/de\/","name":"OGBL","description":"THE TRADE UNION","publisher":{"@id":"https:\/\/www.ogbl.lu\/de\/#organization"},"potentialAction":[{"@type":"SearchAction","target":{"@type":"EntryPoint","urlTemplate":"https:\/\/www.ogbl.lu\/de\/?s={search_term_string}"},"query-input":"required name=search_term_string"}],"inLanguage":"en-US"},{"@type":"Organization","@id":"https:\/\/www.ogbl.lu\/de\/#organization","name":"OGBL","url":"https:\/\/www.ogbl.lu\/de\/","logo":{"@type":"ImageObject","inLanguage":"en-US","@id":"https:\/\/www.ogbl.lu\/de\/#\/schema\/logo\/image\/","url":"https:\/\/www.ogbl.lu\/wp-content\/uploads\/2024\/07\/LOGO_Red_FR-svg.png","contentUrl":"https:\/\/www.ogbl.lu\/wp-content\/uploads\/2024\/07\/LOGO_Red_FR-svg.png","width":369,"height":171,"caption":"OGBL"},"image":{"@id":"https:\/\/www.ogbl.lu\/de\/#\/schema\/logo\/image\/"}}]}},"_links":{"self":[{"href":"https:\/\/www.ogbl.lu\/en\/wp-json\/wp\/v2\/communiques\/2250"}],"collection":[{"href":"https:\/\/www.ogbl.lu\/en\/wp-json\/wp\/v2\/communiques"}],"about":[{"href":"https:\/\/www.ogbl.lu\/en\/wp-json\/wp\/v2\/types\/communiques"}],"author":[{"embeddable":true,"href":"https:\/\/www.ogbl.lu\/en\/wp-json\/wp\/v2\/users\/1"}],"version-history":[{"count":0,"href":"https:\/\/www.ogbl.lu\/en\/wp-json\/wp\/v2\/communiques\/2250\/revisions"}],"wp:featuredmedia":[{"embeddable":true,"href":"https:\/\/www.ogbl.lu\/en\/wp-json\/wp\/v2\/media\/3880"}],"wp:attachment":[{"href":"https:\/\/www.ogbl.lu\/en\/wp-json\/wp\/v2\/media?parent=2250"}],"wp:term":[{"taxonomy":"categorie_communiques","embeddable":true,"href":"https:\/\/www.ogbl.lu\/en\/wp-json\/wp\/v2\/categorie_communiques?post=2250"},{"taxonomy":"syndicat","embeddable":true,"href":"https:\/\/www.ogbl.lu\/en\/wp-json\/wp\/v2\/syndicat?post=2250"}],"curies":[{"name":"wp","href":"https:\/\/api.w.org\/{rel}","templated":true}]}}