{"id":2248,"date":"2017-07-03T09:38:59","date_gmt":"2017-07-03T07:38:59","guid":{"rendered":"https:\/\/www.ogbl.lu\/communiques\/entrevue-entre-logbl-et-le-lsap-des-engagements-en-faveur-dune-politique-sociale"},"modified":"2023-06-28T14:08:23","modified_gmt":"2023-06-28T12:08:23","slug":"entrevue-entre-logbl-et-le-lsap-des-engagements-en-faveur-dune-politique-sociale","status":"publish","type":"communiques","link":"https:\/\/www.ogbl.lu\/en\/communique\/entrevue-entre-logbl-et-le-lsap-des-engagements-en-faveur-dune-politique-sociale\/","title":{"rendered":"Entrevue entre l\u2019OGBL et le LSAP : des engagements en faveur d\u2019une politique sociale"},"content":{"rendered":"<p class=\"qtranxs-available-languages-message qtranxs-available-languages-message-en\"> <\/p><p><a href=\"https:\/\/www.ogbl.lu\/wp-content\/uploads\/communiques\/Entrevue_OGBL_LSAP_1.jpg\" target=\"_blank\" rel=\"noopener\"><img decoding=\"async\" class=\"alignleft wp-image-24516\" style=\"border: 0px none;\" src=\"https:\/\/www.ogbl.lu\/wp-content\/uploads\/communiques\/Entrevue_OGBL_LSAP_1.jpg\" alt=\"Entrevue_OGBL_LSAP_1\" width=\"300\" \/><\/a>Dans le cadre d\u2019une s\u00e9rie d\u2019entrevues programm\u00e9es avec les diff\u00e9rents partis politiques repr\u00e9sent\u00e9s \u00e0 la Chambre des d\u00e9put\u00e9s, le Bureau ex\u00e9cutif de l\u2019OGBL a r\u00e9cemment rencontr\u00e9 une d\u00e9l\u00e9gation du LSAP compos\u00e9e des ministres Dan Kersch, Nicolas Schmit et Romain Schneider, du pr\u00e9sident de parti, Claude Haagen, du pr\u00e9sident de la fraction parlementaire, Alex Bodry et des d\u00e9put\u00e9s Frank Arndt et Taina Bofferding.<\/p>\n<p>En guise d\u2019introduction, le pr\u00e9sident de l\u2019OGBL est d\u2019abord revenu sur les r\u00e9cents accords trouv\u00e9s au niveau des conventions collectives de travail FHL et SAS. Il a soulign\u00e9 \u00e0 cet \u00e9gard l\u2019importance de l\u2019engagement pris par le gouvernement, dans le cadre de l\u2019accord du 28 novembre 2014 entre l\u2019ex\u00e9cutif et les syndicats repr\u00e9sentatifs au niveau national, consistant \u00e0 garantir l\u2019application des articles 28 des dites conventions. Un engagement qui a \u00e9t\u00e9 pleinement respect\u00e9 et qui a contribu\u00e9, \u00e0 c\u00f4t\u00e9 de la mobilisation du personnel concern\u00e9, \u00e0 la conclusion des deux accords.<\/p>\n<p>L\u2019entrevue a ensuite notamment port\u00e9 sur le projet de r\u00e9forme de l\u2019assurance d\u00e9pendance. L\u2019OGBL a une nouvelle fois soulign\u00e9 qu\u2019il jugera cette r\u00e9forme dans son ensemble par rapport au dispositif actuel et qu\u2019il ne tol\u00e9rera aucune d\u00e9t\u00e9rioration, tant qualitative que quantitative, de celui-ci. Il est notamment revenu sur trois points qui posent toujours probl\u00e8me dans le texte qui est propos\u00e9. Premi\u00e8rement, l\u2019OGBL continue de craindre que la r\u00e9forme n\u2019entraine une d\u00e9gradation des prestations, plus particuli\u00e8rement celles relevant de l\u2019aide pour les t\u00e2ches domestiques. Deuxi\u00e8mement, l\u2019OGBL exige que le statut de l\u2019aidant informel\u00a0(personne qui apporte des aides et soins \u00e0 la personne d\u00e9pendante \u00e0 domicile) soit enfin clairement encadr\u00e9 l\u00e9galement afin d\u2019enrayer le travail au noir qui est aujourd\u2019hui encore trop facilement rendu possible. L\u2019OGBL propose dans ce contexte, d\u2019une part de limiter le recours \u00e0 un aidant informel provenant de l\u2019entourage de la personne d\u00e9pendante \u00e0 un membre de la famille entretenant un lien de parent\u00e9 ne pouvant d\u00e9passer le 2<sup>e<\/sup> degr\u00e9, d\u2019autre part de formaliser le statut de l\u2019aidant informel dit salari\u00e9 par un contrat de travail conform\u00e9ment aux dispositions de la convention collective de travail du secteur SAS. L\u2019aidant informel salari\u00e9 devra par cons\u00e9quent \u00e9galement disposer des comp\u00e9tences requises \u00e0 cet effet. Troisi\u00e8mement, l\u2019OGBL s\u2019oppose \u00e0 ce que la cellule d\u2019\u00e9valuation et d&#8217;orientation, qui d\u00e9termine notamment les aides et soins auxquels la personne d\u00e9pendante a droit, soit plac\u00e9e sous l\u2019autorit\u00e9 du seul minist\u00e8re de la S\u00e9curit\u00e9 sociale. Au regard du r\u00f4le crucial que joue cette derni\u00e8re, l\u2019OGBL insiste pour qu\u2019elle soit plac\u00e9e sous le contr\u00f4le d\u00e9mocratique et collectif de tous ceux qui financent l\u2019assurance d\u00e9pendance. Le LSAP a fait quelques propositions afin de trouver des solutions aux probl\u00e8mes soulev\u00e9s par l\u2019OGBL, sans pour autant se positionner d\u00e9finitivement sur tous les points. L\u2019OGBL suivra de pr\u00e8s l\u2019\u00e9volution de ce dossier.<\/p>\n<p><a href=\"https:\/\/www.ogbl.lu\/wp-content\/uploads\/communiques\/Entrevue_OGBL_LSAP_2.jpg\" target=\"_blank\" rel=\"noopener\"><img decoding=\"async\" class=\"wp-image-24517 alignleft\" style=\"border: 0px none;\" src=\"https:\/\/www.ogbl.lu\/wp-content\/uploads\/communiques\/Entrevue_OGBL_LSAP_2.jpg\" alt=\"Entrevue_OGBL_LSAP_2\" width=\"300\" \/><\/a>En ce qui concerne la s\u00e9curisation des parcours professionnels, l\u2019OGBL a point\u00e9 les carences de la l\u00e9gislation actuelle qui n\u2019est plus adapt\u00e9e sur un certain nombre de points, en revendiquant dans ce contexte un renforcement de la protection contre les licenciements et une r\u00e9forme des lois relatives aux plans de maintien de l\u2019emploi et aux plans sociaux, qui sont trop souvent contourn\u00e9es par les employeurs. Une n\u00e9cessit\u00e9 partag\u00e9e par les repr\u00e9sentants du LSAP, qui se sont dits ouverts \u00e0 un approfondissement de la discussion sur ces sujets.<\/p>\n<p>Le ministre du Travail a par ailleurs fait savoir qu\u2019il compte initier une vaste discussion portant sur le dispositif de la formation professionnelle continue. Une annonce que salue l\u2019OGBL, d\u2019autant plus que celui-ci ne r\u00e9pond absolument plus ni aux exigences actuelles, ni \u00e0 celles qui s\u2019annoncent dans le cadre du processus de digitalisation de la soci\u00e9t\u00e9 et de l\u2019\u00e9conomie.<\/p>\n<p>L\u2019OGBL a ensuite soulign\u00e9 sa ferme opposition au projet de r\u00e9forme de la loi relative \u00e0 la protection des donn\u00e9es qui pr\u00e9voit d\u2019abroger l\u2019autorisation pr\u00e9alable, jusqu\u2019ici obligatoire \u00e0 tout employeur souhaitant introduire une mesure de surveillance des salari\u00e9s dans son entreprise. Une mesure qui, en l\u2019esp\u00e8ce, serait inacceptable. Le ministre du Travail a indiqu\u00e9 dans ce contexte que le gouvernement comptait faire tr\u00e8s prochainement des propositions visant \u00e0 continuer \u00e0 garantir le respect de la sph\u00e8re priv\u00e9e des salari\u00e9s sur le lieu de travail. Une entrevue entre l\u2019OGBL et les ministres comp\u00e9tents devrait avoir lieu prochainement.<\/p>\n<p>En ce qui concerne l\u2019avenir du syst\u00e8me de pensions, l\u2019OGBL a tout d\u2019abord rappel\u00e9 ses critiques quant \u00e0 la r\u00e9forme de 2012 et soulign\u00e9 son attachement \u00e0 ce r\u00e9gime public et solidaire qui a largement fait ses preuves et qui ne saurait \u00eatre remis une nouvelle fois en question dans les ann\u00e9es \u00e0 venir. L\u2019OGBL a \u00e9galement insist\u00e9 sur le fait que le syst\u00e8me de pensions n\u2019est \u00e0 l\u2019heure actuelle absolument pas en danger et que les r\u00e9serves financi\u00e8res dont il dispose permettent d\u2019appr\u00e9hender l\u2019avenir du syst\u00e8me avec s\u00e9r\u00e9nit\u00e9. Par ailleurs, l\u2019OGBL a indiqu\u00e9 qu\u2019en cas de futures difficult\u00e9s de financement, il se prononce en faveur d\u2019une augmentation progressive du taux de cotisation dont le niveau demeure extr\u00eamement bas par rapport \u00e0 d\u2019autres pays (les cotisations n\u2019ont en effet plus \u00e9t\u00e9 relev\u00e9es au Luxembourg depuis les ann\u00e9es 1970). L\u2019OGBL s\u2019oppose en revanche formellement \u00e0 d\u2019\u00e9ventuelles futures d\u00e9t\u00e9riorations des prestations (comme ce f\u00fbt le cas dans le cadre de la r\u00e9forme de 2012: -14% pour les futures g\u00e9n\u00e9rations) ou \u00e0 un allongement de l\u2019\u00e2ge l\u00e9gal de d\u00e9part \u00e0 la retraite. La d\u00e9l\u00e9gation du LSAP a confirm\u00e9 que les derni\u00e8res projections indiquent qu&#8217;il n&#8217;existe aucune n\u00e9cessit\u00e9 de r\u00e9former le r\u00e9gime des pensions \u00e0 court et moyen terme. A plus long terme, en cas de n\u00e9cessit\u00e9, la piste d&#8217;un rel\u00e8vement des cotisations est \u00e0 privil\u00e9gier.<\/p>\n<p>En mati\u00e8re salariale, l\u2019OGBL a tout d\u2019abord salu\u00e9 la contribution du LSAP dans le fait que le m\u00e9canisme d\u2019indexation des salaires et des retraites fonctionne depuis 2014 \u00e0 nouveau normalement. Le LSAP a assur\u00e9 qu\u2019il se poserait \u00e9galement \u00e0 l\u2019avenir comme un d\u00e9fenseur de ce m\u00e9canisme fondamental de compensation, pour les salari\u00e9s et les retrait\u00e9s, face \u00e0 l\u2019augmentation continuelle des prix. L\u2019OGBL a par ailleurs rappel\u00e9 les revendications qu\u2019il porte dans le cadre de sa campagne salariale, et notamment la n\u00e9cessit\u00e9 d\u2019une augmentation structurelle de 10% du salaire social minimum.<\/p>\n<p>Enfin, concernant le probl\u00e8me du logement, qui demeure majeur au Luxembourg, le LSAP annonce vouloir faire bouger les lignes en amor\u00e7ant une vaste discussion \u00e0 ce sujet au plan national. Selon le LSAP, il faut pouvoir examiner toutes les solutions envisageables. Une approche que partage l\u2019OGBL.<\/p>\n<p><b>Communiqu\u00e9 par l\u2019OGBL<br \/>\nle 2 juillet 2017 <\/b><\/p>","protected":false},"author":1,"featured_media":3883,"template":"","categorie_communiques":[41],"syndicat":[],"acf":[],"yoast_head":"<!-- This site is optimized with the Yoast SEO plugin v23.1 - https:\/\/yoast.com\/wordpress\/plugins\/seo\/ -->\r\n<title>Entrevue entre l\u2019OGBL et le LSAP : des engagements en faveur d\u2019une politique sociale - OGBL<\/title>\r\n<meta name=\"robots\" content=\"index, follow, max-snippet:-1, max-image-preview:large, max-video-preview:-1\" \/>\r\n<link rel=\"canonical\" href=\"https:\/\/www.ogbl.lu\/communique\/entrevue-entre-logbl-et-le-lsap-des-engagements-en-faveur-dune-politique-sociale\/\" \/>\r\n<meta property=\"og:locale\" content=\"en_US\" \/>\r\n<meta property=\"og:type\" content=\"article\" \/>\r\n<meta property=\"og:title\" content=\"[:fr]Entrevue entre l\u2019OGBL et le LSAP : des engagements en faveur d\u2019une politique sociale[:de]Treffen zwischen OGBL und LSAP : Engagements zugunsten einer Sozialpolitik[:en]Entrevue entre l\u2019OGBL et le LSAP : des engagements en faveur d\u2019une politique sociale[:] - OGBL\" \/>\r\n<meta property=\"og:description\" content=\"Dans le cadre d\u2019une s\u00e9rie d\u2019entrevues programm\u00e9es avec les diff\u00e9rents partis politiques repr\u00e9sent\u00e9s \u00e0 la Chambre des d\u00e9put\u00e9s, le Bureau \u2026\" \/>\r\n<meta property=\"og:url\" content=\"https:\/\/www.ogbl.lu\/communique\/entrevue-entre-logbl-et-le-lsap-des-engagements-en-faveur-dune-politique-sociale\/\" \/>\r\n<meta property=\"og:site_name\" content=\"OGBL\" \/>\r\n<meta property=\"article:modified_time\" content=\"2023-06-28T12:08:23+00:00\" \/>\r\n<meta property=\"og:image\" content=\"https:\/\/www.ogbl.lu\/wp-content\/uploads\/2017\/07\/Entrevue_OGBL_LSAP_1.jpg\" \/>\r\n\t<meta property=\"og:image:width\" content=\"800\" \/>\r\n\t<meta property=\"og:image:height\" content=\"600\" \/>\r\n\t<meta property=\"og:image:type\" content=\"image\/jpeg\" \/>\r\n<meta name=\"twitter:card\" content=\"summary_large_image\" \/>\r\n<meta name=\"twitter:label1\" content=\"Est. reading time\" \/>\n\t<meta name=\"twitter:data1\" content=\"11 minutes\" \/>\r\n<script type=\"application\/ld+json\" class=\"yoast-schema-graph\">{\"@context\":\"https:\/\/schema.org\",\"@graph\":[{\"@type\":\"WebPage\",\"@id\":\"https:\/\/www.ogbl.lu\/communique\/entrevue-entre-logbl-et-le-lsap-des-engagements-en-faveur-dune-politique-sociale\/\",\"url\":\"https:\/\/www.ogbl.lu\/communique\/entrevue-entre-logbl-et-le-lsap-des-engagements-en-faveur-dune-politique-sociale\/\",\"name\":\"[:fr]Entrevue entre l\u2019OGBL et le LSAP : des engagements en faveur d\u2019une politique sociale[:de]Treffen zwischen OGBL und LSAP : Engagements zugunsten einer Sozialpolitik[:en]Entrevue entre l\u2019OGBL et le LSAP : des engagements en faveur d\u2019une politique sociale[:] - OGBL\",\"isPartOf\":{\"@id\":\"https:\/\/www.ogbl.lu\/de\/#website\"},\"primaryImageOfPage\":{\"@id\":\"https:\/\/www.ogbl.lu\/communique\/entrevue-entre-logbl-et-le-lsap-des-engagements-en-faveur-dune-politique-sociale\/#primaryimage\"},\"image\":{\"@id\":\"https:\/\/www.ogbl.lu\/communique\/entrevue-entre-logbl-et-le-lsap-des-engagements-en-faveur-dune-politique-sociale\/#primaryimage\"},\"thumbnailUrl\":\"https:\/\/www.ogbl.lu\/wp-content\/uploads\/2017\/07\/Entrevue_OGBL_LSAP_1.jpg\",\"datePublished\":\"2017-07-03T07:38:59+00:00\",\"dateModified\":\"2023-06-28T12:08:23+00:00\",\"breadcrumb\":{\"@id\":\"https:\/\/www.ogbl.lu\/communique\/entrevue-entre-logbl-et-le-lsap-des-engagements-en-faveur-dune-politique-sociale\/#breadcrumb\"},\"inLanguage\":\"en-US\",\"potentialAction\":[{\"@type\":\"ReadAction\",\"target\":[\"https:\/\/www.ogbl.lu\/communique\/entrevue-entre-logbl-et-le-lsap-des-engagements-en-faveur-dune-politique-sociale\/\"]}]},{\"@type\":\"ImageObject\",\"inLanguage\":\"en-US\",\"@id\":\"https:\/\/www.ogbl.lu\/communique\/entrevue-entre-logbl-et-le-lsap-des-engagements-en-faveur-dune-politique-sociale\/#primaryimage\",\"url\":\"https:\/\/www.ogbl.lu\/wp-content\/uploads\/2017\/07\/Entrevue_OGBL_LSAP_1.jpg\",\"contentUrl\":\"https:\/\/www.ogbl.lu\/wp-content\/uploads\/2017\/07\/Entrevue_OGBL_LSAP_1.jpg\",\"width\":800,\"height\":600},{\"@type\":\"BreadcrumbList\",\"@id\":\"https:\/\/www.ogbl.lu\/communique\/entrevue-entre-logbl-et-le-lsap-des-engagements-en-faveur-dune-politique-sociale\/#breadcrumb\",\"itemListElement\":[{\"@type\":\"ListItem\",\"position\":1,\"name\":\"Home\",\"item\":\"https:\/\/www.ogbl.lu\/\"},{\"@type\":\"ListItem\",\"position\":2,\"name\":\"Entrevue entre l\u2019OGBL et le LSAP : des engagements en faveur d\u2019une politique sociale\"}]},{\"@type\":\"WebSite\",\"@id\":\"https:\/\/www.ogbl.lu\/de\/#website\",\"url\":\"https:\/\/www.ogbl.lu\/de\/\",\"name\":\"OGBL\",\"description\":\"THE TRADE UNION\",\"publisher\":{\"@id\":\"https:\/\/www.ogbl.lu\/de\/#organization\"},\"potentialAction\":[{\"@type\":\"SearchAction\",\"target\":{\"@type\":\"EntryPoint\",\"urlTemplate\":\"https:\/\/www.ogbl.lu\/de\/?s={search_term_string}\"},\"query-input\":\"required name=search_term_string\"}],\"inLanguage\":\"en-US\"},{\"@type\":\"Organization\",\"@id\":\"https:\/\/www.ogbl.lu\/de\/#organization\",\"name\":\"OGBL\",\"url\":\"https:\/\/www.ogbl.lu\/de\/\",\"logo\":{\"@type\":\"ImageObject\",\"inLanguage\":\"en-US\",\"@id\":\"https:\/\/www.ogbl.lu\/de\/#\/schema\/logo\/image\/\",\"url\":\"https:\/\/www.ogbl.lu\/wp-content\/uploads\/2024\/07\/LOGO_Red_FR-svg.png\",\"contentUrl\":\"https:\/\/www.ogbl.lu\/wp-content\/uploads\/2024\/07\/LOGO_Red_FR-svg.png\",\"width\":369,\"height\":171,\"caption\":\"OGBL\"},\"image\":{\"@id\":\"https:\/\/www.ogbl.lu\/de\/#\/schema\/logo\/image\/\"}}]}<\/script>\r\n<!-- \/ Yoast SEO plugin. -->","yoast_head_json":{"title":"[:fr]Entrevue entre l\u2019OGBL et le LSAP : des engagements en faveur d\u2019une politique sociale[:de]Treffen zwischen OGBL und LSAP : Engagements zugunsten einer Sozialpolitik[:en]Entrevue entre l\u2019OGBL et le LSAP : des engagements en faveur d\u2019une politique sociale[:] - OGBL","robots":{"index":"index","follow":"follow","max-snippet":"max-snippet:-1","max-image-preview":"max-image-preview:large","max-video-preview":"max-video-preview:-1"},"canonical":"https:\/\/www.ogbl.lu\/communique\/entrevue-entre-logbl-et-le-lsap-des-engagements-en-faveur-dune-politique-sociale\/","og_locale":"en_US","og_type":"article","og_title":"[:fr]Entrevue entre l\u2019OGBL et le LSAP : des engagements en faveur d\u2019une politique sociale[:de]Treffen zwischen OGBL und LSAP : Engagements zugunsten einer Sozialpolitik[:en]Entrevue entre l\u2019OGBL et le LSAP : des engagements en faveur d\u2019une politique sociale[:] - OGBL","og_description":"Dans le cadre d\u2019une s\u00e9rie d\u2019entrevues programm\u00e9es avec les diff\u00e9rents partis politiques repr\u00e9sent\u00e9s \u00e0 la Chambre des d\u00e9put\u00e9s, le Bureau \u2026","og_url":"https:\/\/www.ogbl.lu\/communique\/entrevue-entre-logbl-et-le-lsap-des-engagements-en-faveur-dune-politique-sociale\/","og_site_name":"OGBL","article_modified_time":"2023-06-28T12:08:23+00:00","og_image":[{"width":800,"height":600,"url":"https:\/\/www.ogbl.lu\/wp-content\/uploads\/2017\/07\/Entrevue_OGBL_LSAP_1.jpg","type":"image\/jpeg"}],"twitter_card":"summary_large_image","twitter_misc":{"Est. reading time":"11 minutes"},"schema":{"@context":"https:\/\/schema.org","@graph":[{"@type":"WebPage","@id":"https:\/\/www.ogbl.lu\/communique\/entrevue-entre-logbl-et-le-lsap-des-engagements-en-faveur-dune-politique-sociale\/","url":"https:\/\/www.ogbl.lu\/communique\/entrevue-entre-logbl-et-le-lsap-des-engagements-en-faveur-dune-politique-sociale\/","name":"[:fr]Entrevue entre l\u2019OGBL et le LSAP : des engagements en faveur d\u2019une politique sociale[:de]Treffen zwischen OGBL und LSAP : Engagements zugunsten einer Sozialpolitik[:en]Entrevue entre l\u2019OGBL et le LSAP : des engagements en faveur d\u2019une politique sociale[:] - OGBL","isPartOf":{"@id":"https:\/\/www.ogbl.lu\/de\/#website"},"primaryImageOfPage":{"@id":"https:\/\/www.ogbl.lu\/communique\/entrevue-entre-logbl-et-le-lsap-des-engagements-en-faveur-dune-politique-sociale\/#primaryimage"},"image":{"@id":"https:\/\/www.ogbl.lu\/communique\/entrevue-entre-logbl-et-le-lsap-des-engagements-en-faveur-dune-politique-sociale\/#primaryimage"},"thumbnailUrl":"https:\/\/www.ogbl.lu\/wp-content\/uploads\/2017\/07\/Entrevue_OGBL_LSAP_1.jpg","datePublished":"2017-07-03T07:38:59+00:00","dateModified":"2023-06-28T12:08:23+00:00","breadcrumb":{"@id":"https:\/\/www.ogbl.lu\/communique\/entrevue-entre-logbl-et-le-lsap-des-engagements-en-faveur-dune-politique-sociale\/#breadcrumb"},"inLanguage":"en-US","potentialAction":[{"@type":"ReadAction","target":["https:\/\/www.ogbl.lu\/communique\/entrevue-entre-logbl-et-le-lsap-des-engagements-en-faveur-dune-politique-sociale\/"]}]},{"@type":"ImageObject","inLanguage":"en-US","@id":"https:\/\/www.ogbl.lu\/communique\/entrevue-entre-logbl-et-le-lsap-des-engagements-en-faveur-dune-politique-sociale\/#primaryimage","url":"https:\/\/www.ogbl.lu\/wp-content\/uploads\/2017\/07\/Entrevue_OGBL_LSAP_1.jpg","contentUrl":"https:\/\/www.ogbl.lu\/wp-content\/uploads\/2017\/07\/Entrevue_OGBL_LSAP_1.jpg","width":800,"height":600},{"@type":"BreadcrumbList","@id":"https:\/\/www.ogbl.lu\/communique\/entrevue-entre-logbl-et-le-lsap-des-engagements-en-faveur-dune-politique-sociale\/#breadcrumb","itemListElement":[{"@type":"ListItem","position":1,"name":"Home","item":"https:\/\/www.ogbl.lu\/"},{"@type":"ListItem","position":2,"name":"Entrevue entre l\u2019OGBL et le LSAP : des engagements en faveur d\u2019une politique sociale"}]},{"@type":"WebSite","@id":"https:\/\/www.ogbl.lu\/de\/#website","url":"https:\/\/www.ogbl.lu\/de\/","name":"OGBL","description":"THE TRADE UNION","publisher":{"@id":"https:\/\/www.ogbl.lu\/de\/#organization"},"potentialAction":[{"@type":"SearchAction","target":{"@type":"EntryPoint","urlTemplate":"https:\/\/www.ogbl.lu\/de\/?s={search_term_string}"},"query-input":"required name=search_term_string"}],"inLanguage":"en-US"},{"@type":"Organization","@id":"https:\/\/www.ogbl.lu\/de\/#organization","name":"OGBL","url":"https:\/\/www.ogbl.lu\/de\/","logo":{"@type":"ImageObject","inLanguage":"en-US","@id":"https:\/\/www.ogbl.lu\/de\/#\/schema\/logo\/image\/","url":"https:\/\/www.ogbl.lu\/wp-content\/uploads\/2024\/07\/LOGO_Red_FR-svg.png","contentUrl":"https:\/\/www.ogbl.lu\/wp-content\/uploads\/2024\/07\/LOGO_Red_FR-svg.png","width":369,"height":171,"caption":"OGBL"},"image":{"@id":"https:\/\/www.ogbl.lu\/de\/#\/schema\/logo\/image\/"}}]}},"_links":{"self":[{"href":"https:\/\/www.ogbl.lu\/en\/wp-json\/wp\/v2\/communiques\/2248"}],"collection":[{"href":"https:\/\/www.ogbl.lu\/en\/wp-json\/wp\/v2\/communiques"}],"about":[{"href":"https:\/\/www.ogbl.lu\/en\/wp-json\/wp\/v2\/types\/communiques"}],"author":[{"embeddable":true,"href":"https:\/\/www.ogbl.lu\/en\/wp-json\/wp\/v2\/users\/1"}],"version-history":[{"count":0,"href":"https:\/\/www.ogbl.lu\/en\/wp-json\/wp\/v2\/communiques\/2248\/revisions"}],"wp:featuredmedia":[{"embeddable":true,"href":"https:\/\/www.ogbl.lu\/en\/wp-json\/wp\/v2\/media\/3883"}],"wp:attachment":[{"href":"https:\/\/www.ogbl.lu\/en\/wp-json\/wp\/v2\/media?parent=2248"}],"wp:term":[{"taxonomy":"categorie_communiques","embeddable":true,"href":"https:\/\/www.ogbl.lu\/en\/wp-json\/wp\/v2\/categorie_communiques?post=2248"},{"taxonomy":"syndicat","embeddable":true,"href":"https:\/\/www.ogbl.lu\/en\/wp-json\/wp\/v2\/syndicat?post=2248"}],"curies":[{"name":"wp","href":"https:\/\/api.w.org\/{rel}","templated":true}]}}