{"id":2236,"date":"2017-05-24T12:10:20","date_gmt":"2017-05-24T10:10:20","guid":{"rendered":"https:\/\/www.ogbl.lu\/communiques\/au-nom-du-progres-social-de-la-democratie-et-de-la-paix"},"modified":"2023-06-28T14:24:17","modified_gmt":"2023-06-28T12:24:17","slug":"au-nom-du-progres-social-de-la-democratie-et-de-la-paix","status":"publish","type":"communiques","link":"https:\/\/www.ogbl.lu\/en\/communique\/au-nom-du-progres-social-de-la-democratie-et-de-la-paix\/","title":{"rendered":"Au nom du progr\u00e8s social, de la d\u00e9mocratie et de la paix"},"content":{"rendered":"<p class=\"qtranxs-available-languages-message qtranxs-available-languages-message-en\"> <\/p><p>L\u2019OGBL a tenu le 27 avril 2017 \u00e0 Dudelange son traditionnel meeting en amont du 1er mai au cours duquel son pr\u00e9sident, Andr\u00e9 Roeltgen, a pris position sur les principaux th\u00e8mes de l\u2019actualit\u00e9 sociale. Extraits.<\/p>\n<p><em>\u00abIl est permis d\u2019avoir la vision d\u2019un mod\u00e8le pour le Luxembourg \u00e0 l\u2019\u00e8re digitale.<\/em><br \/>\n<em>Une vision qui n\u2019est toutefois pas pensable sans un syndicat fort.<br \/>\nEt cela ne peut \u00eatre qu\u2019un syndicat fort, unitaire et ind\u00e9pendant.<br \/>\nUn syndicat repr\u00e9sentant tous les m\u00e9tiers et toutes les qualifications, couvrant le secteur public et priv\u00e9, qu\u2019on soit homme ou femme, Luxembourgeois ou \u00e9tranger, d\u2019ici ou de l\u2019autre c\u00f4t\u00e9 de la fronti\u00e8re.<br \/>\nUn syndicat qui a eu l\u2019ann\u00e9e derni\u00e8re son grand rendez-vous avec son histoire centenaire. Et qui, en 2017, a rendez-vous avec aujourd\u2019hui et avec l\u2019avenir.<br \/>\nPour la paix et la d\u00e9mocratie, pour une Europe sociale, pour un Luxembourg socialement progressiste. Pour une bonne formation, pour un bon travail et un bon revenu et une bonne s\u00e9curit\u00e9 sociale pour chacun.<br \/>\nNous y sommes pr\u00eats. Vous tous ici dans la salle, nos milliers de repr\u00e9sentants du personnel dans les entreprises et nos dizaines de milliers de membres, qui soutiennent la principale force sociale et syndicale du Luxembourg.<br \/>\nVive notre section centenaire de Dudelange. Vive notre OGBL. Et vive le 1er mai.\u00bb<\/em><\/p>\n<p><strong>Andr\u00e9 Roeltgen, <\/strong>Pr\u00e9sident de l\u2019OGBL<br \/>\nDudelange, le 27 avril 2017<\/p>\n<p>&nbsp;<\/p>\n<hr \/>\n<h3>27 avril 2017 &#8211; OGBL-Meeting zu Diddeleng<\/h3>\n<p><center><iframe loading=\"lazy\" src=\"https:\/\/www.youtube.com\/embed\/AFf2kWcn2-I\" width=\"560\" height=\"315\" frameborder=\"0\" allowfullscreen=\"allowfullscreen\"><\/iframe><\/center><br \/>\nRiedner : Henri Kremer, President vun der Diddelenger OGBL-Sectioun &#8211; Andr\u00e9 Roeltgen, President vum OGBL<\/p>\n<hr \/>\n<p>&gt;&gt; <a title=\"Discours du pr\u00e9sident de l\u2019OGBL \u00e0 l\u2019occasion du meeting du 27 avril 2017\" href=\"https:\/\/www.ogbl.lu\/communique\/discours-du-president-de-logbl-a-loccasion-du-meeting-du-27-avril-2017\" target=\"_blank\" rel=\"noopener\">Discours du pr\u00e9sident de l\u2019OGBL \u00e0 l\u2019occasion du meeting du 27 avril 2017<\/a><\/p>\n<hr \/>\n<p><\/p>","protected":false},"author":1,"featured_media":3894,"template":"","categorie_communiques":[41],"syndicat":[],"acf":[],"yoast_head":"<!-- This site is optimized with the Yoast SEO plugin v23.1 - https:\/\/yoast.com\/wordpress\/plugins\/seo\/ -->\r\n<title>Au nom du progr\u00e8s social, de la d\u00e9mocratie et de la paix - OGBL<\/title>\r\n<meta name=\"robots\" content=\"index, follow, max-snippet:-1, max-image-preview:large, max-video-preview:-1\" \/>\r\n<link rel=\"canonical\" href=\"https:\/\/www.ogbl.lu\/communique\/au-nom-du-progres-social-de-la-democratie-et-de-la-paix\/\" \/>\r\n<meta property=\"og:locale\" content=\"en_US\" \/>\r\n<meta property=\"og:type\" content=\"article\" \/>\r\n<meta property=\"og:title\" content=\"[:fr]Au nom du progr\u00e8s social, de la d\u00e9mocratie et de la paix[:de]Am Numm vum soziale Fortschr\u00ebtt, vun der Demokratie a vum Fridden[:en]Au nom du progr\u00e8s social, de la d\u00e9mocratie et de la paix[:] - OGBL\" \/>\r\n<meta property=\"og:description\" content=\"L\u2019OGBL a tenu le 27 avril 2017 \u00e0 Dudelange son traditionnel meeting en amont du 1er mai au cours duquel \u2026\" \/>\r\n<meta property=\"og:url\" content=\"https:\/\/www.ogbl.lu\/communique\/au-nom-du-progres-social-de-la-democratie-et-de-la-paix\/\" \/>\r\n<meta property=\"og:site_name\" content=\"OGBL\" \/>\r\n<meta property=\"article:modified_time\" content=\"2023-06-28T12:24:17+00:00\" \/>\r\n<meta property=\"og:image\" content=\"https:\/\/www.ogbl.lu\/wp-content\/uploads\/2017\/05\/Fete_travail_meeting_OGBL_Dudelange_0178.jpg\" \/>\r\n\t<meta property=\"og:image:width\" content=\"800\" \/>\r\n\t<meta property=\"og:image:height\" content=\"393\" \/>\r\n\t<meta property=\"og:image:type\" content=\"image\/jpeg\" \/>\r\n<meta name=\"twitter:card\" content=\"summary_large_image\" \/>\r\n<meta name=\"twitter:label1\" content=\"Est. reading time\" \/>\n\t<meta name=\"twitter:data1\" content=\"3 minutes\" \/>\r\n<script type=\"application\/ld+json\" class=\"yoast-schema-graph\">{\"@context\":\"https:\/\/schema.org\",\"@graph\":[{\"@type\":\"WebPage\",\"@id\":\"https:\/\/www.ogbl.lu\/communique\/au-nom-du-progres-social-de-la-democratie-et-de-la-paix\/\",\"url\":\"https:\/\/www.ogbl.lu\/communique\/au-nom-du-progres-social-de-la-democratie-et-de-la-paix\/\",\"name\":\"[:fr]Au nom du progr\u00e8s social, de la d\u00e9mocratie et de la paix[:de]Am Numm vum soziale Fortschr\u00ebtt, vun der Demokratie a vum Fridden[:en]Au nom du progr\u00e8s social, de la d\u00e9mocratie et de la paix[:] - OGBL\",\"isPartOf\":{\"@id\":\"https:\/\/www.ogbl.lu\/de\/#website\"},\"primaryImageOfPage\":{\"@id\":\"https:\/\/www.ogbl.lu\/communique\/au-nom-du-progres-social-de-la-democratie-et-de-la-paix\/#primaryimage\"},\"image\":{\"@id\":\"https:\/\/www.ogbl.lu\/communique\/au-nom-du-progres-social-de-la-democratie-et-de-la-paix\/#primaryimage\"},\"thumbnailUrl\":\"https:\/\/www.ogbl.lu\/wp-content\/uploads\/2017\/05\/Fete_travail_meeting_OGBL_Dudelange_0178.jpg\",\"datePublished\":\"2017-05-24T10:10:20+00:00\",\"dateModified\":\"2023-06-28T12:24:17+00:00\",\"breadcrumb\":{\"@id\":\"https:\/\/www.ogbl.lu\/communique\/au-nom-du-progres-social-de-la-democratie-et-de-la-paix\/#breadcrumb\"},\"inLanguage\":\"en-US\",\"potentialAction\":[{\"@type\":\"ReadAction\",\"target\":[\"https:\/\/www.ogbl.lu\/communique\/au-nom-du-progres-social-de-la-democratie-et-de-la-paix\/\"]}]},{\"@type\":\"ImageObject\",\"inLanguage\":\"en-US\",\"@id\":\"https:\/\/www.ogbl.lu\/communique\/au-nom-du-progres-social-de-la-democratie-et-de-la-paix\/#primaryimage\",\"url\":\"https:\/\/www.ogbl.lu\/wp-content\/uploads\/2017\/05\/Fete_travail_meeting_OGBL_Dudelange_0178.jpg\",\"contentUrl\":\"https:\/\/www.ogbl.lu\/wp-content\/uploads\/2017\/05\/Fete_travail_meeting_OGBL_Dudelange_0178.jpg\",\"width\":800,\"height\":393},{\"@type\":\"BreadcrumbList\",\"@id\":\"https:\/\/www.ogbl.lu\/communique\/au-nom-du-progres-social-de-la-democratie-et-de-la-paix\/#breadcrumb\",\"itemListElement\":[{\"@type\":\"ListItem\",\"position\":1,\"name\":\"Home\",\"item\":\"https:\/\/www.ogbl.lu\/\"},{\"@type\":\"ListItem\",\"position\":2,\"name\":\"Au nom du progr\u00e8s social, de la d\u00e9mocratie et de la paix\"}]},{\"@type\":\"WebSite\",\"@id\":\"https:\/\/www.ogbl.lu\/de\/#website\",\"url\":\"https:\/\/www.ogbl.lu\/de\/\",\"name\":\"OGBL\",\"description\":\"THE TRADE UNION\",\"publisher\":{\"@id\":\"https:\/\/www.ogbl.lu\/de\/#organization\"},\"potentialAction\":[{\"@type\":\"SearchAction\",\"target\":{\"@type\":\"EntryPoint\",\"urlTemplate\":\"https:\/\/www.ogbl.lu\/de\/?s={search_term_string}\"},\"query-input\":\"required name=search_term_string\"}],\"inLanguage\":\"en-US\"},{\"@type\":\"Organization\",\"@id\":\"https:\/\/www.ogbl.lu\/de\/#organization\",\"name\":\"OGBL\",\"url\":\"https:\/\/www.ogbl.lu\/de\/\",\"logo\":{\"@type\":\"ImageObject\",\"inLanguage\":\"en-US\",\"@id\":\"https:\/\/www.ogbl.lu\/de\/#\/schema\/logo\/image\/\",\"url\":\"https:\/\/www.ogbl.lu\/wp-content\/uploads\/2024\/07\/LOGO_Red_FR-svg.png\",\"contentUrl\":\"https:\/\/www.ogbl.lu\/wp-content\/uploads\/2024\/07\/LOGO_Red_FR-svg.png\",\"width\":369,\"height\":171,\"caption\":\"OGBL\"},\"image\":{\"@id\":\"https:\/\/www.ogbl.lu\/de\/#\/schema\/logo\/image\/\"}}]}<\/script>\r\n<!-- \/ Yoast SEO plugin. -->","yoast_head_json":{"title":"[:fr]Au nom du progr\u00e8s social, de la d\u00e9mocratie et de la paix[:de]Am Numm vum soziale Fortschr\u00ebtt, vun der Demokratie a vum Fridden[:en]Au nom du progr\u00e8s social, de la d\u00e9mocratie et de la paix[:] - OGBL","robots":{"index":"index","follow":"follow","max-snippet":"max-snippet:-1","max-image-preview":"max-image-preview:large","max-video-preview":"max-video-preview:-1"},"canonical":"https:\/\/www.ogbl.lu\/communique\/au-nom-du-progres-social-de-la-democratie-et-de-la-paix\/","og_locale":"en_US","og_type":"article","og_title":"[:fr]Au nom du progr\u00e8s social, de la d\u00e9mocratie et de la paix[:de]Am Numm vum soziale Fortschr\u00ebtt, vun der Demokratie a vum Fridden[:en]Au nom du progr\u00e8s social, de la d\u00e9mocratie et de la paix[:] - OGBL","og_description":"L\u2019OGBL a tenu le 27 avril 2017 \u00e0 Dudelange son traditionnel meeting en amont du 1er mai au cours duquel \u2026","og_url":"https:\/\/www.ogbl.lu\/communique\/au-nom-du-progres-social-de-la-democratie-et-de-la-paix\/","og_site_name":"OGBL","article_modified_time":"2023-06-28T12:24:17+00:00","og_image":[{"width":800,"height":393,"url":"https:\/\/www.ogbl.lu\/wp-content\/uploads\/2017\/05\/Fete_travail_meeting_OGBL_Dudelange_0178.jpg","type":"image\/jpeg"}],"twitter_card":"summary_large_image","twitter_misc":{"Est. reading time":"3 minutes"},"schema":{"@context":"https:\/\/schema.org","@graph":[{"@type":"WebPage","@id":"https:\/\/www.ogbl.lu\/communique\/au-nom-du-progres-social-de-la-democratie-et-de-la-paix\/","url":"https:\/\/www.ogbl.lu\/communique\/au-nom-du-progres-social-de-la-democratie-et-de-la-paix\/","name":"[:fr]Au nom du progr\u00e8s social, de la d\u00e9mocratie et de la paix[:de]Am Numm vum soziale Fortschr\u00ebtt, vun der Demokratie a vum Fridden[:en]Au nom du progr\u00e8s social, de la d\u00e9mocratie et de la paix[:] - OGBL","isPartOf":{"@id":"https:\/\/www.ogbl.lu\/de\/#website"},"primaryImageOfPage":{"@id":"https:\/\/www.ogbl.lu\/communique\/au-nom-du-progres-social-de-la-democratie-et-de-la-paix\/#primaryimage"},"image":{"@id":"https:\/\/www.ogbl.lu\/communique\/au-nom-du-progres-social-de-la-democratie-et-de-la-paix\/#primaryimage"},"thumbnailUrl":"https:\/\/www.ogbl.lu\/wp-content\/uploads\/2017\/05\/Fete_travail_meeting_OGBL_Dudelange_0178.jpg","datePublished":"2017-05-24T10:10:20+00:00","dateModified":"2023-06-28T12:24:17+00:00","breadcrumb":{"@id":"https:\/\/www.ogbl.lu\/communique\/au-nom-du-progres-social-de-la-democratie-et-de-la-paix\/#breadcrumb"},"inLanguage":"en-US","potentialAction":[{"@type":"ReadAction","target":["https:\/\/www.ogbl.lu\/communique\/au-nom-du-progres-social-de-la-democratie-et-de-la-paix\/"]}]},{"@type":"ImageObject","inLanguage":"en-US","@id":"https:\/\/www.ogbl.lu\/communique\/au-nom-du-progres-social-de-la-democratie-et-de-la-paix\/#primaryimage","url":"https:\/\/www.ogbl.lu\/wp-content\/uploads\/2017\/05\/Fete_travail_meeting_OGBL_Dudelange_0178.jpg","contentUrl":"https:\/\/www.ogbl.lu\/wp-content\/uploads\/2017\/05\/Fete_travail_meeting_OGBL_Dudelange_0178.jpg","width":800,"height":393},{"@type":"BreadcrumbList","@id":"https:\/\/www.ogbl.lu\/communique\/au-nom-du-progres-social-de-la-democratie-et-de-la-paix\/#breadcrumb","itemListElement":[{"@type":"ListItem","position":1,"name":"Home","item":"https:\/\/www.ogbl.lu\/"},{"@type":"ListItem","position":2,"name":"Au nom du progr\u00e8s social, de la d\u00e9mocratie et de la paix"}]},{"@type":"WebSite","@id":"https:\/\/www.ogbl.lu\/de\/#website","url":"https:\/\/www.ogbl.lu\/de\/","name":"OGBL","description":"THE TRADE UNION","publisher":{"@id":"https:\/\/www.ogbl.lu\/de\/#organization"},"potentialAction":[{"@type":"SearchAction","target":{"@type":"EntryPoint","urlTemplate":"https:\/\/www.ogbl.lu\/de\/?s={search_term_string}"},"query-input":"required name=search_term_string"}],"inLanguage":"en-US"},{"@type":"Organization","@id":"https:\/\/www.ogbl.lu\/de\/#organization","name":"OGBL","url":"https:\/\/www.ogbl.lu\/de\/","logo":{"@type":"ImageObject","inLanguage":"en-US","@id":"https:\/\/www.ogbl.lu\/de\/#\/schema\/logo\/image\/","url":"https:\/\/www.ogbl.lu\/wp-content\/uploads\/2024\/07\/LOGO_Red_FR-svg.png","contentUrl":"https:\/\/www.ogbl.lu\/wp-content\/uploads\/2024\/07\/LOGO_Red_FR-svg.png","width":369,"height":171,"caption":"OGBL"},"image":{"@id":"https:\/\/www.ogbl.lu\/de\/#\/schema\/logo\/image\/"}}]}},"_links":{"self":[{"href":"https:\/\/www.ogbl.lu\/en\/wp-json\/wp\/v2\/communiques\/2236"}],"collection":[{"href":"https:\/\/www.ogbl.lu\/en\/wp-json\/wp\/v2\/communiques"}],"about":[{"href":"https:\/\/www.ogbl.lu\/en\/wp-json\/wp\/v2\/types\/communiques"}],"author":[{"embeddable":true,"href":"https:\/\/www.ogbl.lu\/en\/wp-json\/wp\/v2\/users\/1"}],"version-history":[{"count":0,"href":"https:\/\/www.ogbl.lu\/en\/wp-json\/wp\/v2\/communiques\/2236\/revisions"}],"wp:featuredmedia":[{"embeddable":true,"href":"https:\/\/www.ogbl.lu\/en\/wp-json\/wp\/v2\/media\/3894"}],"wp:attachment":[{"href":"https:\/\/www.ogbl.lu\/en\/wp-json\/wp\/v2\/media?parent=2236"}],"wp:term":[{"taxonomy":"categorie_communiques","embeddable":true,"href":"https:\/\/www.ogbl.lu\/en\/wp-json\/wp\/v2\/categorie_communiques?post=2236"},{"taxonomy":"syndicat","embeddable":true,"href":"https:\/\/www.ogbl.lu\/en\/wp-json\/wp\/v2\/syndicat?post=2236"}],"curies":[{"name":"wp","href":"https:\/\/api.w.org\/{rel}","templated":true}]}}