{"id":2206,"date":"2017-04-13T08:22:12","date_gmt":"2017-04-13T06:22:12","guid":{"rendered":"https:\/\/www.ogbl.lu\/communiques\/les-negociations-pour-le-renouvellement-de-la-convention-collective-debouchent-sur-un-accord-couronne-de-succes"},"modified":"2023-06-01T14:17:22","modified_gmt":"2023-06-01T12:17:22","slug":"les-negociations-pour-le-renouvellement-de-la-convention-collective-debouchent-sur-un-accord-couronne-de-succes","status":"publish","type":"communiques","link":"https:\/\/www.ogbl.lu\/en\/communique\/les-negociations-pour-le-renouvellement-de-la-convention-collective-debouchent-sur-un-accord-couronne-de-succes\/","title":{"rendered":"Les n\u00e9gociations pour le renouvellement de la convention collective d\u00e9bouchent sur un accord couronn\u00e9 de succ\u00e8s"},"content":{"rendered":"<p class=\"qtranxs-available-languages-message qtranxs-available-languages-message-en\"> <\/p><p><a href=\"https:\/\/www.ogbl.lu\/wp-content\/uploads\/communiques\/2017_02_02_signature_BRAM.jpg\" target=\"_blank\" rel=\"noopener\"><img decoding=\"async\" class=\"alignleft wp-image-23972\" style=\"border: 0px none;\" src=\"https:\/\/www.ogbl.lu\/wp-content\/uploads\/communiques\/2017_02_02_signature_BRAM.jpg\" alt=\"2017_02_02_signature_BRAM\" width=\"300\" \/><\/a>Le 7 f\u00e9vrier 2017 a \u00e9t\u00e9 sign\u00e9 le renouvellement de la convention collective pour les salari\u00e9s de Bram entre la direction et l\u2019OGBL, seul syndicat contractant. La convention collective a une dur\u00e9e de 36 mois, en l\u2019occurrence du 1.7.2016 jusqu\u2019au 30.6.2019.<\/p>\n<p>La convention qui a \u00e9t\u00e9 n\u00e9goci\u00e9e dans un climat constructif est valable pour environ 240 collaborateurs.\u00a0 Bram City Concorde pr\u00e9sente sur 11\u2009000 m\u00e8tres carr\u00e9s des marques de tendances et de design.<\/p>\n<p>Ont \u00e9t\u00e9 n\u00e9goci\u00e9es les am\u00e9liorations suivantes:<br \/>\n\u2022\u00a0\u00a0 \u00a0Am\u00e9lioration du salaire de base brut \u00e0 partir du 1er janvier 2017.<br \/>\n\u2022\u00a0\u00a0 \u00a0Augmentation mensuelle de la prime pour les substituts \u00e0 hauteur de 50 \u20ac.<br \/>\n\u2022\u00a0\u00a0 \u00a0Augmentation mensuelle de la prime pour le personnel non vendeurs d\u2019une valeur de 10\u20ac.<br \/>\n\u2022\u00a0\u00a0 \u00a0Introduction d\u2019une nouvelle carri\u00e8re pour le personnel de vente avec des t\u00e2ches sp\u00e9ciales.<br \/>\n\u2022\u00a0\u00a0 \u00a0Augmentation de la somme globale annuelle de la prime\u00a0 pour le personnel de vente \u00e0 hauteur de 15\u2009000\u20ac.<br \/>\n\u2022\u00a0\u00a0 \u00a0Am\u00e9lioration du p\u00e9cule de vacances et de la prime de pr\u00e9sence.<br \/>\n\u2022\u00a0\u00a0 \u00a0Inscription d\u2019un budget de formation \u00e0 hauteur de 180\u2009000\u20ac\u00a0 (dur\u00e9e de cette convention collective) en faveur des collaborateurs de Bram. Ce budget est destin\u00e9 \u00e0 la formation continue et \u00e0 la promotion de la qualit\u00e9 de travail.<br \/>\n\u2022\u00a0\u00a0 \u00a0Bon d\u2019achat unique d\u2019une valeur de 100\u20ac (40 h\/s) pour des v\u00eatements de travail.<br \/>\n\u2022\u00a0\u00a0 \u00a0A partir du 1er janvier 2017 la convention collective garantit aux apprenti-e-s dor\u00e9navant<br \/>\n&#8211;\u00a0\u00a0 \u00a0le droit au treizi\u00e8me (13e) mois;<br \/>\n&#8211;\u00a0\u00a0 \u00a0le droit \u00e0 50% des primes sur la vente \u00e0 partir de la 2e ann\u00e9e de l\u2019apprentissage;<br \/>\n&#8211;\u00a0\u00a0 \u00a0le droit au cong\u00e9 annuel tel que stipul\u00e9 par la convention collective.<\/p>","protected":false},"author":1,"featured_media":0,"template":"","categorie_communiques":[48],"syndicat":[78],"acf":[],"yoast_head":"<!-- This site is optimized with the Yoast SEO plugin v23.1 - https:\/\/yoast.com\/wordpress\/plugins\/seo\/ -->\r\n<title>Les n\u00e9gociations pour le renouvellement de la convention collective d\u00e9bouchent sur un accord couronn\u00e9 de succ\u00e8s - OGBL<\/title>\r\n<meta name=\"robots\" content=\"index, follow, max-snippet:-1, max-image-preview:large, max-video-preview:-1\" \/>\r\n<link rel=\"canonical\" href=\"https:\/\/www.ogbl.lu\/communique\/les-negociations-pour-le-renouvellement-de-la-convention-collective-debouchent-sur-un-accord-couronne-de-succes\/\" \/>\r\n<meta property=\"og:locale\" content=\"en_US\" \/>\r\n<meta property=\"og:type\" content=\"article\" \/>\r\n<meta property=\"og:title\" content=\"Les n\u00e9gociations pour le renouvellement de la convention collective d\u00e9bouchent sur un accord couronn\u00e9 de succ\u00e8s - OGBL\" \/>\r\n<meta property=\"og:description\" content=\"Le 7 f\u00e9vrier 2017 a \u00e9t\u00e9 sign\u00e9 le renouvellement de la convention collective pour les salari\u00e9s de Bram entre la \u2026\" \/>\r\n<meta property=\"og:url\" content=\"https:\/\/www.ogbl.lu\/communique\/les-negociations-pour-le-renouvellement-de-la-convention-collective-debouchent-sur-un-accord-couronne-de-succes\/\" \/>\r\n<meta property=\"og:site_name\" content=\"OGBL\" \/>\r\n<meta property=\"article:modified_time\" content=\"2023-06-01T12:17:22+00:00\" \/>\r\n<meta property=\"og:image\" content=\"https:\/\/www.ogbl.lu\/wp-content\/uploads\/communiques\/2017_02_02_signature_BRAM.jpg\" \/>\r\n<meta name=\"twitter:card\" content=\"summary_large_image\" \/>\r\n<meta name=\"twitter:label1\" content=\"Est. reading time\" \/>\n\t<meta name=\"twitter:data1\" content=\"2 minutes\" \/>\r\n<script type=\"application\/ld+json\" class=\"yoast-schema-graph\">{\"@context\":\"https:\/\/schema.org\",\"@graph\":[{\"@type\":\"WebPage\",\"@id\":\"https:\/\/www.ogbl.lu\/communique\/les-negociations-pour-le-renouvellement-de-la-convention-collective-debouchent-sur-un-accord-couronne-de-succes\/\",\"url\":\"https:\/\/www.ogbl.lu\/communique\/les-negociations-pour-le-renouvellement-de-la-convention-collective-debouchent-sur-un-accord-couronne-de-succes\/\",\"name\":\"Les n\u00e9gociations pour le renouvellement de la convention collective d\u00e9bouchent sur un accord couronn\u00e9 de succ\u00e8s - OGBL\",\"isPartOf\":{\"@id\":\"https:\/\/www.ogbl.lu\/de\/#website\"},\"primaryImageOfPage\":{\"@id\":\"https:\/\/www.ogbl.lu\/communique\/les-negociations-pour-le-renouvellement-de-la-convention-collective-debouchent-sur-un-accord-couronne-de-succes\/#primaryimage\"},\"image\":{\"@id\":\"https:\/\/www.ogbl.lu\/communique\/les-negociations-pour-le-renouvellement-de-la-convention-collective-debouchent-sur-un-accord-couronne-de-succes\/#primaryimage\"},\"thumbnailUrl\":\"https:\/\/www.ogbl.lu\/wp-content\/uploads\/communiques\/2017_02_02_signature_BRAM.jpg\",\"datePublished\":\"2017-04-13T06:22:12+00:00\",\"dateModified\":\"2023-06-01T12:17:22+00:00\",\"breadcrumb\":{\"@id\":\"https:\/\/www.ogbl.lu\/communique\/les-negociations-pour-le-renouvellement-de-la-convention-collective-debouchent-sur-un-accord-couronne-de-succes\/#breadcrumb\"},\"inLanguage\":\"en-US\",\"potentialAction\":[{\"@type\":\"ReadAction\",\"target\":[\"https:\/\/www.ogbl.lu\/communique\/les-negociations-pour-le-renouvellement-de-la-convention-collective-debouchent-sur-un-accord-couronne-de-succes\/\"]}]},{\"@type\":\"ImageObject\",\"inLanguage\":\"en-US\",\"@id\":\"https:\/\/www.ogbl.lu\/communique\/les-negociations-pour-le-renouvellement-de-la-convention-collective-debouchent-sur-un-accord-couronne-de-succes\/#primaryimage\",\"url\":\"https:\/\/www.ogbl.lu\/wp-content\/uploads\/communiques\/2017_02_02_signature_BRAM.jpg\",\"contentUrl\":\"https:\/\/www.ogbl.lu\/wp-content\/uploads\/communiques\/2017_02_02_signature_BRAM.jpg\"},{\"@type\":\"BreadcrumbList\",\"@id\":\"https:\/\/www.ogbl.lu\/communique\/les-negociations-pour-le-renouvellement-de-la-convention-collective-debouchent-sur-un-accord-couronne-de-succes\/#breadcrumb\",\"itemListElement\":[{\"@type\":\"ListItem\",\"position\":1,\"name\":\"Home\",\"item\":\"https:\/\/www.ogbl.lu\/\"},{\"@type\":\"ListItem\",\"position\":2,\"name\":\"Les n\u00e9gociations pour le renouvellement de la convention collective d\u00e9bouchent sur un accord couronn\u00e9 de succ\u00e8s\"}]},{\"@type\":\"WebSite\",\"@id\":\"https:\/\/www.ogbl.lu\/de\/#website\",\"url\":\"https:\/\/www.ogbl.lu\/de\/\",\"name\":\"OGBL\",\"description\":\"THE TRADE UNION\",\"publisher\":{\"@id\":\"https:\/\/www.ogbl.lu\/de\/#organization\"},\"potentialAction\":[{\"@type\":\"SearchAction\",\"target\":{\"@type\":\"EntryPoint\",\"urlTemplate\":\"https:\/\/www.ogbl.lu\/de\/?s={search_term_string}\"},\"query-input\":\"required name=search_term_string\"}],\"inLanguage\":\"en-US\"},{\"@type\":\"Organization\",\"@id\":\"https:\/\/www.ogbl.lu\/de\/#organization\",\"name\":\"OGBL\",\"url\":\"https:\/\/www.ogbl.lu\/de\/\",\"logo\":{\"@type\":\"ImageObject\",\"inLanguage\":\"en-US\",\"@id\":\"https:\/\/www.ogbl.lu\/de\/#\/schema\/logo\/image\/\",\"url\":\"https:\/\/www.ogbl.lu\/wp-content\/uploads\/2024\/07\/LOGO_Red_FR-svg.png\",\"contentUrl\":\"https:\/\/www.ogbl.lu\/wp-content\/uploads\/2024\/07\/LOGO_Red_FR-svg.png\",\"width\":369,\"height\":171,\"caption\":\"OGBL\"},\"image\":{\"@id\":\"https:\/\/www.ogbl.lu\/de\/#\/schema\/logo\/image\/\"}}]}<\/script>\r\n<!-- \/ Yoast SEO plugin. -->","yoast_head_json":{"title":"Les n\u00e9gociations pour le renouvellement de la convention collective d\u00e9bouchent sur un accord couronn\u00e9 de succ\u00e8s - OGBL","robots":{"index":"index","follow":"follow","max-snippet":"max-snippet:-1","max-image-preview":"max-image-preview:large","max-video-preview":"max-video-preview:-1"},"canonical":"https:\/\/www.ogbl.lu\/communique\/les-negociations-pour-le-renouvellement-de-la-convention-collective-debouchent-sur-un-accord-couronne-de-succes\/","og_locale":"en_US","og_type":"article","og_title":"Les n\u00e9gociations pour le renouvellement de la convention collective d\u00e9bouchent sur un accord couronn\u00e9 de succ\u00e8s - OGBL","og_description":"Le 7 f\u00e9vrier 2017 a \u00e9t\u00e9 sign\u00e9 le renouvellement de la convention collective pour les salari\u00e9s de Bram entre la \u2026","og_url":"https:\/\/www.ogbl.lu\/communique\/les-negociations-pour-le-renouvellement-de-la-convention-collective-debouchent-sur-un-accord-couronne-de-succes\/","og_site_name":"OGBL","article_modified_time":"2023-06-01T12:17:22+00:00","og_image":[{"url":"https:\/\/www.ogbl.lu\/wp-content\/uploads\/communiques\/2017_02_02_signature_BRAM.jpg"}],"twitter_card":"summary_large_image","twitter_misc":{"Est. reading time":"2 minutes"},"schema":{"@context":"https:\/\/schema.org","@graph":[{"@type":"WebPage","@id":"https:\/\/www.ogbl.lu\/communique\/les-negociations-pour-le-renouvellement-de-la-convention-collective-debouchent-sur-un-accord-couronne-de-succes\/","url":"https:\/\/www.ogbl.lu\/communique\/les-negociations-pour-le-renouvellement-de-la-convention-collective-debouchent-sur-un-accord-couronne-de-succes\/","name":"Les n\u00e9gociations pour le renouvellement de la convention collective d\u00e9bouchent sur un accord couronn\u00e9 de succ\u00e8s - OGBL","isPartOf":{"@id":"https:\/\/www.ogbl.lu\/de\/#website"},"primaryImageOfPage":{"@id":"https:\/\/www.ogbl.lu\/communique\/les-negociations-pour-le-renouvellement-de-la-convention-collective-debouchent-sur-un-accord-couronne-de-succes\/#primaryimage"},"image":{"@id":"https:\/\/www.ogbl.lu\/communique\/les-negociations-pour-le-renouvellement-de-la-convention-collective-debouchent-sur-un-accord-couronne-de-succes\/#primaryimage"},"thumbnailUrl":"https:\/\/www.ogbl.lu\/wp-content\/uploads\/communiques\/2017_02_02_signature_BRAM.jpg","datePublished":"2017-04-13T06:22:12+00:00","dateModified":"2023-06-01T12:17:22+00:00","breadcrumb":{"@id":"https:\/\/www.ogbl.lu\/communique\/les-negociations-pour-le-renouvellement-de-la-convention-collective-debouchent-sur-un-accord-couronne-de-succes\/#breadcrumb"},"inLanguage":"en-US","potentialAction":[{"@type":"ReadAction","target":["https:\/\/www.ogbl.lu\/communique\/les-negociations-pour-le-renouvellement-de-la-convention-collective-debouchent-sur-un-accord-couronne-de-succes\/"]}]},{"@type":"ImageObject","inLanguage":"en-US","@id":"https:\/\/www.ogbl.lu\/communique\/les-negociations-pour-le-renouvellement-de-la-convention-collective-debouchent-sur-un-accord-couronne-de-succes\/#primaryimage","url":"https:\/\/www.ogbl.lu\/wp-content\/uploads\/communiques\/2017_02_02_signature_BRAM.jpg","contentUrl":"https:\/\/www.ogbl.lu\/wp-content\/uploads\/communiques\/2017_02_02_signature_BRAM.jpg"},{"@type":"BreadcrumbList","@id":"https:\/\/www.ogbl.lu\/communique\/les-negociations-pour-le-renouvellement-de-la-convention-collective-debouchent-sur-un-accord-couronne-de-succes\/#breadcrumb","itemListElement":[{"@type":"ListItem","position":1,"name":"Home","item":"https:\/\/www.ogbl.lu\/"},{"@type":"ListItem","position":2,"name":"Les n\u00e9gociations pour le renouvellement de la convention collective d\u00e9bouchent sur un accord couronn\u00e9 de succ\u00e8s"}]},{"@type":"WebSite","@id":"https:\/\/www.ogbl.lu\/de\/#website","url":"https:\/\/www.ogbl.lu\/de\/","name":"OGBL","description":"THE TRADE UNION","publisher":{"@id":"https:\/\/www.ogbl.lu\/de\/#organization"},"potentialAction":[{"@type":"SearchAction","target":{"@type":"EntryPoint","urlTemplate":"https:\/\/www.ogbl.lu\/de\/?s={search_term_string}"},"query-input":"required name=search_term_string"}],"inLanguage":"en-US"},{"@type":"Organization","@id":"https:\/\/www.ogbl.lu\/de\/#organization","name":"OGBL","url":"https:\/\/www.ogbl.lu\/de\/","logo":{"@type":"ImageObject","inLanguage":"en-US","@id":"https:\/\/www.ogbl.lu\/de\/#\/schema\/logo\/image\/","url":"https:\/\/www.ogbl.lu\/wp-content\/uploads\/2024\/07\/LOGO_Red_FR-svg.png","contentUrl":"https:\/\/www.ogbl.lu\/wp-content\/uploads\/2024\/07\/LOGO_Red_FR-svg.png","width":369,"height":171,"caption":"OGBL"},"image":{"@id":"https:\/\/www.ogbl.lu\/de\/#\/schema\/logo\/image\/"}}]}},"_links":{"self":[{"href":"https:\/\/www.ogbl.lu\/en\/wp-json\/wp\/v2\/communiques\/2206"}],"collection":[{"href":"https:\/\/www.ogbl.lu\/en\/wp-json\/wp\/v2\/communiques"}],"about":[{"href":"https:\/\/www.ogbl.lu\/en\/wp-json\/wp\/v2\/types\/communiques"}],"author":[{"embeddable":true,"href":"https:\/\/www.ogbl.lu\/en\/wp-json\/wp\/v2\/users\/1"}],"version-history":[{"count":0,"href":"https:\/\/www.ogbl.lu\/en\/wp-json\/wp\/v2\/communiques\/2206\/revisions"}],"wp:attachment":[{"href":"https:\/\/www.ogbl.lu\/en\/wp-json\/wp\/v2\/media?parent=2206"}],"wp:term":[{"taxonomy":"categorie_communiques","embeddable":true,"href":"https:\/\/www.ogbl.lu\/en\/wp-json\/wp\/v2\/categorie_communiques?post=2206"},{"taxonomy":"syndicat","embeddable":true,"href":"https:\/\/www.ogbl.lu\/en\/wp-json\/wp\/v2\/syndicat?post=2206"}],"curies":[{"name":"wp","href":"https:\/\/api.w.org\/{rel}","templated":true}]}}