{"id":2179,"date":"2017-03-07T12:24:29","date_gmt":"2017-03-07T11:24:29","guid":{"rendered":"https:\/\/www.ogbl.lu\/communiques\/solidarite-et-union-dans-la-lutte-contre-toutes-les-formes-dexclusion"},"modified":"2023-05-25T11:20:08","modified_gmt":"2023-05-25T09:20:08","slug":"solidarite-et-union-dans-la-lutte-contre-toutes-les-formes-dexclusion","status":"publish","type":"communiques","link":"https:\/\/www.ogbl.lu\/en\/communique\/solidarite-et-union-dans-la-lutte-contre-toutes-les-formes-dexclusion\/","title":{"rendered":"Solidarit\u00e9 et union dans la lutte contre toutes les formes d\u2019exclusion"},"content":{"rendered":"<p class=\"qtranxs-available-languages-message qtranxs-available-languages-message-en\"> <\/p><p><a href=\"https:\/\/www.ogbl.lu\/wp-content\/uploads\/communiques\/JIF_2017_BANNER_pt.jpg\"><img loading=\"lazy\" decoding=\"async\" class=\"alignleft size-full wp-image-23715\" src=\"https:\/\/www.ogbl.lu\/wp-content\/uploads\/communiques\/JIF_2017_BANNER_pt.jpg\" alt=\"JIF_2017_BANNER_pt\" width=\"300\" height=\"114\" \/><\/a>Le 8 mars reste une journ\u00e9e qui met \u00e0 l\u2019affiche les droits des femmes \u2013 de toutes les femmes \u2013 de vivre une vie sans violence et exclusion.<\/p>\n<p>Pour la sixi\u00e8me fois, la plate-forme d\u2019action Journ\u00e9e internationale des femmes (JIF) lance sa campagne de sensibilisation et de travail politique, qui, en 2017, revendique la pr\u00e9vention et la lutte contre les violences envers les femmes et les jeunes filles r\u00e9fugi\u00e9es et migrantes. En soumettant aux responsables politiques et aux gestionnaires de centres d\u2019accueil pour personnes r\u00e9fugi\u00e9es des \u00ab check-lists \u00bb, le groupe qui repr\u00e9sente 21 associations et des femmes engag\u00e9es vise \u00e0 aider \u00e0 garantir les droits des femmes r\u00e9fugi\u00e9es \u00e0 une vie sans violence lors de leur accueil, du traitement de leur demande de protection, de leur suivi et de leur int\u00e9gration.<\/p>\n<p>Tout en rappelant au gouvernement la ratification et l\u2019application imm\u00e9diate de la Convention d\u2019Istanbul, la plate-forme souligne le besoin de prendre en compte la vuln\u00e9rabilit\u00e9 sp\u00e9cifique des femmes r\u00e9fugi\u00e9es, notamment par des formations du personnel administratif, encadrant, surveillant etc. \u00e0 la comp\u00e9tence en violences genr\u00e9es, des proc\u00e9dures sensibles aux v\u00e9cus traumatisants, des adaptations s\u00e9curitaires et autres des infrastructures d\u2019accueil et des soins m\u00e9dicopsychologiques et encadrement th\u00e9rapeutique.<\/p>\n<p>Cette ann\u00e9e, \u00e0 la place d\u2019un rassemblement public, la plate-forme a opt\u00e9 pour un \u00e9v\u00e9nement clos qui souhaite r\u00e9unir ses membres ainsi que les femmes vivant dans des structures d\u2019accueil.<\/p>\n<p><strong>12 mars : Une f\u00eate culturelle et f\u00e9ministe pour toutes et tous<\/strong><br \/>\nA nouveau, neim\u00ebnster offre ses lieux et son support \u00e0 la plate-forme JIF pour organiser la 3e f\u00eate culturelle et f\u00e9ministe au Grund. Le dimanche 12 mars de 11 \u00e0 21h, un programme culturel d\u00e9clinant droits des femmes, autod\u00e9termination, solidarit\u00e9 internationale, \u00e9mancipation, cr\u00e9ativit\u00e9, DIY (do it yourself) et dialogue-\u00e9change attend le grand public. Le visuel de cet \u00e9v\u00e9nement a \u00e9t\u00e9 cr\u00e9\u00e9 par l\u2019artiste Stina Fisch.<\/p>\n<p>Concert de jazz maltais en ap\u00e9ro, pr\u00e9sentation de films \u00ab Hairy Days \u00bb par l\u2019association Open screen, atelier d\u2019auto-d\u00e9fense (pour femmes) et un premier wiki-edit-a-thon au 2 Luxembourg, photomaton sur le f\u00e9minisme et tirage d\u2019affiche f\u00e9ministe cr\u00e9\u00e9e la veille dans un atelier de s\u00e9rigraphie avec le Collectif La rage \u2013 le programme se pr\u00e9sente vari\u00e9 et engag\u00e9 ! Il est compl\u00e9t\u00e9 par une table-ronde sur les droits sexuels et reproductifs et l\u2019exposition \u00ab Sweet dreams ? \u00bb de l\u2019artiste D\u00e9sir\u00e9e Wickler. A l\u2019Info-Village, 26 associations et organisations engag\u00e9es pour l\u2019\u00e9galit\u00e9 femmes-hommes ou pour la promotion f\u00e9minine se pr\u00e9sentent au public. La coupe de cr\u00e9mant obligatoire ne fera pas d\u00e9faut et les organisatrices esp\u00e8rent encourager rencontres et \u00e9changes fructueux.<\/p>\n<p>Le programme culturel sera cl\u00f4tur\u00e9 \u00e0 partir de 18h avec la projection du film irano-franco-allemand \u00ab No Land\u2019s Song \u00bb, suivi d\u2019un concert de musique traditionnelle iranienne. Ce documentaire, prim\u00e9 \u00e0 de nombreux festivals fait partie du programme du Luxembourg City Film Festival, coorganisateur de la projection ; le concert est cofinanc\u00e9 par le Fonds Asile, Migration et Int\u00e9gration et l\u2019OLAI (Office luxembourgeois de l\u2019accueil et de l\u2019int\u00e9gration).<\/p>\n<p>La plate-forme JIF 2017 soutient \u00e9galement les rencontres-\u00e9changes \u00ab Les voix du f\u00e9minisme \u00bb qui auront lieu le 8, le 10 et le 11 mars et qui mettront en avant la pens\u00e9e f\u00e9ministe en Egypte, en Tunisie et en Iran.<br \/>\nLe programme int\u00e9gral peut \u00eatre consult\u00e9 sur le site web <a href=\"https:\/\/www.ogbl.lu\/wp-content\/uploads\/communiques\/www.fraendag.lu\" target=\"_blank\" rel=\"noopener\">www.fraendag.lu<\/a> et sera publi\u00e9 dans les agendas courants. Pour participer aux ateliers (places limit\u00e9es), ainsi que pour profiter de la garde d\u2019enfants pendant les manifestations, une inscription au pr\u00e9alable est souhait\u00e9e. L\u2019entr\u00e9e est gratuite, sauf pour \u00ab No Land\u2019s Song \u00bb (billetterie <a href=\"https:\/\/www.ogbl.lu\/wp-content\/uploads\/communiques\/www.neimenster.lu\" target=\"_blank\" rel=\"noopener\">www.neimenster.lu<\/a>, +352 262 052 444).<\/p>\n<p><span style=\"font-size: 10pt;\">Les membres de la plate-forme JIF2017 :<\/span><\/p>\n<p><span style=\"font-size: 10pt;\">CID | Fraen an Gender, Chr\u00ebschtlech-sozial Fraen (CSF), CLAE, Conseil National desFemmes du Luxembourg (CNFL), Genderrot D\u00e9i Gr\u00e9ng, D\u00e9i L\u00e9nk, Europa DonnaLuxembourg, Femmes communistes, Femmes en d\u00e9tresse, Femmes socialistes,FNCTTFEL-Landesverband, Foyer Sichem\/Fondation Maison de la porte ouverte,Initiativ Liewensufank, Jonk Gr\u00e9ng, Kweni asbl, Mouvement D\u00e9mocratique desFemmes\/Hipatia, OGBL, Planning familial Luxembourg, Rosa L\u00ebtzebuerg \u2013 Cigale,Union des femmes luxembourgeoises, Wide \u2013 Women in digital empowerment<\/span><\/p>\n<hr \/>\n<p>&gt;&gt; <a href=\"https:\/\/www.ogbl.lu\/wp-content\/uploads\/communiques\/JIF_2017_Programme.pdf\" target=\"_blank\" rel=\"noopener\">Programme de la journ\u00e9e du 8-10-11 et 12 mars 2017 (pdf)<\/a><\/p>\n<p>&gt;&gt; <a href=\"https:\/\/www.ogbl.lu\/wp-content\/uploads\/communiques\/JIF_2017_Revendications_envers_le_gouvernement.pdf\" target=\"_blank\" rel=\"noopener\">Revendications envers le gouvernement <\/a>(pdf)<\/p>\n<hr \/>\n<p><\/p>","protected":false},"author":1,"featured_media":3937,"template":"","categorie_communiques":[130],"syndicat":[114],"acf":[],"yoast_head":"<!-- This site is optimized with the Yoast SEO plugin v23.1 - https:\/\/yoast.com\/wordpress\/plugins\/seo\/ -->\r\n<title><\/title>\r\n<meta name=\"robots\" content=\"index, follow, max-snippet:-1, max-image-preview:large, max-video-preview:-1\" \/>\r\n<link rel=\"canonical\" href=\"https:\/\/www.ogbl.lu\/communique\/solidarite-et-union-dans-la-lutte-contre-toutes-les-formes-dexclusion\/\" \/>\r\n<meta property=\"og:locale\" content=\"en_US\" \/>\r\n<meta property=\"og:type\" content=\"article\" \/>\r\n<meta property=\"og:title\" content=\"[:fr]Solidarit\u00e9 et union dans la lutte contre toutes les formes d\u2019exclusion[:] - OGBL\" \/>\r\n<meta property=\"og:description\" content=\"Le 8 mars reste une journ\u00e9e qui met \u00e0 l\u2019affiche les droits des femmes \u2013 de toutes les femmes \u2013 \u2026\" \/>\r\n<meta property=\"og:url\" content=\"https:\/\/www.ogbl.lu\/communique\/solidarite-et-union-dans-la-lutte-contre-toutes-les-formes-dexclusion\/\" \/>\r\n<meta property=\"og:site_name\" content=\"OGBL\" \/>\r\n<meta property=\"article:modified_time\" content=\"2023-05-25T09:20:08+00:00\" \/>\r\n<meta property=\"og:image\" content=\"https:\/\/www.ogbl.lu\/wp-content\/uploads\/2017\/03\/JIF_2017_BANNER_pt.jpg\" \/>\r\n\t<meta property=\"og:image:width\" content=\"300\" \/>\r\n\t<meta property=\"og:image:height\" content=\"114\" \/>\r\n\t<meta property=\"og:image:type\" content=\"image\/jpeg\" \/>\r\n<meta name=\"twitter:card\" content=\"summary_large_image\" \/>\r\n<meta name=\"twitter:label1\" content=\"Est. reading time\" \/>\n\t<meta name=\"twitter:data1\" content=\"4 minutes\" \/>\r\n<script type=\"application\/ld+json\" class=\"yoast-schema-graph\">{\"@context\":\"https:\/\/schema.org\",\"@graph\":[{\"@type\":\"WebPage\",\"@id\":\"https:\/\/www.ogbl.lu\/communique\/solidarite-et-union-dans-la-lutte-contre-toutes-les-formes-dexclusion\/\",\"url\":\"https:\/\/www.ogbl.lu\/communique\/solidarite-et-union-dans-la-lutte-contre-toutes-les-formes-dexclusion\/\",\"name\":\"[:fr]Solidarit\u00e9 et union dans la lutte contre toutes les formes d\u2019exclusion[:] - OGBL\",\"isPartOf\":{\"@id\":\"https:\/\/www.ogbl.lu\/de\/#website\"},\"primaryImageOfPage\":{\"@id\":\"https:\/\/www.ogbl.lu\/communique\/solidarite-et-union-dans-la-lutte-contre-toutes-les-formes-dexclusion\/#primaryimage\"},\"image\":{\"@id\":\"https:\/\/www.ogbl.lu\/communique\/solidarite-et-union-dans-la-lutte-contre-toutes-les-formes-dexclusion\/#primaryimage\"},\"thumbnailUrl\":\"https:\/\/www.ogbl.lu\/wp-content\/uploads\/2017\/03\/JIF_2017_BANNER_pt.jpg\",\"datePublished\":\"2017-03-07T11:24:29+00:00\",\"dateModified\":\"2023-05-25T09:20:08+00:00\",\"breadcrumb\":{\"@id\":\"https:\/\/www.ogbl.lu\/communique\/solidarite-et-union-dans-la-lutte-contre-toutes-les-formes-dexclusion\/#breadcrumb\"},\"inLanguage\":\"en-US\",\"potentialAction\":[{\"@type\":\"ReadAction\",\"target\":[\"https:\/\/www.ogbl.lu\/communique\/solidarite-et-union-dans-la-lutte-contre-toutes-les-formes-dexclusion\/\"]}]},{\"@type\":\"ImageObject\",\"inLanguage\":\"en-US\",\"@id\":\"https:\/\/www.ogbl.lu\/communique\/solidarite-et-union-dans-la-lutte-contre-toutes-les-formes-dexclusion\/#primaryimage\",\"url\":\"https:\/\/www.ogbl.lu\/wp-content\/uploads\/2017\/03\/JIF_2017_BANNER_pt.jpg\",\"contentUrl\":\"https:\/\/www.ogbl.lu\/wp-content\/uploads\/2017\/03\/JIF_2017_BANNER_pt.jpg\",\"width\":300,\"height\":114},{\"@type\":\"BreadcrumbList\",\"@id\":\"https:\/\/www.ogbl.lu\/communique\/solidarite-et-union-dans-la-lutte-contre-toutes-les-formes-dexclusion\/#breadcrumb\",\"itemListElement\":[{\"@type\":\"ListItem\",\"position\":1,\"name\":\"Home\",\"item\":\"https:\/\/www.ogbl.lu\/\"},{\"@type\":\"ListItem\",\"position\":2,\"name\":\"Solidarit\u00e9 et union dans la lutte contre toutes les formes d\u2019exclusion\"}]},{\"@type\":\"WebSite\",\"@id\":\"https:\/\/www.ogbl.lu\/de\/#website\",\"url\":\"https:\/\/www.ogbl.lu\/de\/\",\"name\":\"OGBL\",\"description\":\"THE TRADE UNION\",\"publisher\":{\"@id\":\"https:\/\/www.ogbl.lu\/de\/#organization\"},\"potentialAction\":[{\"@type\":\"SearchAction\",\"target\":{\"@type\":\"EntryPoint\",\"urlTemplate\":\"https:\/\/www.ogbl.lu\/de\/?s={search_term_string}\"},\"query-input\":\"required name=search_term_string\"}],\"inLanguage\":\"en-US\"},{\"@type\":\"Organization\",\"@id\":\"https:\/\/www.ogbl.lu\/de\/#organization\",\"name\":\"OGBL\",\"url\":\"https:\/\/www.ogbl.lu\/de\/\",\"logo\":{\"@type\":\"ImageObject\",\"inLanguage\":\"en-US\",\"@id\":\"https:\/\/www.ogbl.lu\/de\/#\/schema\/logo\/image\/\",\"url\":\"https:\/\/www.ogbl.lu\/wp-content\/uploads\/2024\/07\/LOGO_Red_FR-svg.png\",\"contentUrl\":\"https:\/\/www.ogbl.lu\/wp-content\/uploads\/2024\/07\/LOGO_Red_FR-svg.png\",\"width\":369,\"height\":171,\"caption\":\"OGBL\"},\"image\":{\"@id\":\"https:\/\/www.ogbl.lu\/de\/#\/schema\/logo\/image\/\"}}]}<\/script>\r\n<!-- \/ Yoast SEO plugin. -->","yoast_head_json":{"title":"[:fr]Solidarit\u00e9 et union dans la lutte contre toutes les formes d\u2019exclusion[:] - OGBL","robots":{"index":"index","follow":"follow","max-snippet":"max-snippet:-1","max-image-preview":"max-image-preview:large","max-video-preview":"max-video-preview:-1"},"canonical":"https:\/\/www.ogbl.lu\/communique\/solidarite-et-union-dans-la-lutte-contre-toutes-les-formes-dexclusion\/","og_locale":"en_US","og_type":"article","og_title":"[:fr]Solidarit\u00e9 et union dans la lutte contre toutes les formes d\u2019exclusion[:] - OGBL","og_description":"Le 8 mars reste une journ\u00e9e qui met \u00e0 l\u2019affiche les droits des femmes \u2013 de toutes les femmes \u2013 \u2026","og_url":"https:\/\/www.ogbl.lu\/communique\/solidarite-et-union-dans-la-lutte-contre-toutes-les-formes-dexclusion\/","og_site_name":"OGBL","article_modified_time":"2023-05-25T09:20:08+00:00","og_image":[{"width":300,"height":114,"url":"https:\/\/www.ogbl.lu\/wp-content\/uploads\/2017\/03\/JIF_2017_BANNER_pt.jpg","type":"image\/jpeg"}],"twitter_card":"summary_large_image","twitter_misc":{"Est. reading time":"4 minutes"},"schema":{"@context":"https:\/\/schema.org","@graph":[{"@type":"WebPage","@id":"https:\/\/www.ogbl.lu\/communique\/solidarite-et-union-dans-la-lutte-contre-toutes-les-formes-dexclusion\/","url":"https:\/\/www.ogbl.lu\/communique\/solidarite-et-union-dans-la-lutte-contre-toutes-les-formes-dexclusion\/","name":"[:fr]Solidarit\u00e9 et union dans la lutte contre toutes les formes d\u2019exclusion[:] - OGBL","isPartOf":{"@id":"https:\/\/www.ogbl.lu\/de\/#website"},"primaryImageOfPage":{"@id":"https:\/\/www.ogbl.lu\/communique\/solidarite-et-union-dans-la-lutte-contre-toutes-les-formes-dexclusion\/#primaryimage"},"image":{"@id":"https:\/\/www.ogbl.lu\/communique\/solidarite-et-union-dans-la-lutte-contre-toutes-les-formes-dexclusion\/#primaryimage"},"thumbnailUrl":"https:\/\/www.ogbl.lu\/wp-content\/uploads\/2017\/03\/JIF_2017_BANNER_pt.jpg","datePublished":"2017-03-07T11:24:29+00:00","dateModified":"2023-05-25T09:20:08+00:00","breadcrumb":{"@id":"https:\/\/www.ogbl.lu\/communique\/solidarite-et-union-dans-la-lutte-contre-toutes-les-formes-dexclusion\/#breadcrumb"},"inLanguage":"en-US","potentialAction":[{"@type":"ReadAction","target":["https:\/\/www.ogbl.lu\/communique\/solidarite-et-union-dans-la-lutte-contre-toutes-les-formes-dexclusion\/"]}]},{"@type":"ImageObject","inLanguage":"en-US","@id":"https:\/\/www.ogbl.lu\/communique\/solidarite-et-union-dans-la-lutte-contre-toutes-les-formes-dexclusion\/#primaryimage","url":"https:\/\/www.ogbl.lu\/wp-content\/uploads\/2017\/03\/JIF_2017_BANNER_pt.jpg","contentUrl":"https:\/\/www.ogbl.lu\/wp-content\/uploads\/2017\/03\/JIF_2017_BANNER_pt.jpg","width":300,"height":114},{"@type":"BreadcrumbList","@id":"https:\/\/www.ogbl.lu\/communique\/solidarite-et-union-dans-la-lutte-contre-toutes-les-formes-dexclusion\/#breadcrumb","itemListElement":[{"@type":"ListItem","position":1,"name":"Home","item":"https:\/\/www.ogbl.lu\/"},{"@type":"ListItem","position":2,"name":"Solidarit\u00e9 et union dans la lutte contre toutes les formes d\u2019exclusion"}]},{"@type":"WebSite","@id":"https:\/\/www.ogbl.lu\/de\/#website","url":"https:\/\/www.ogbl.lu\/de\/","name":"OGBL","description":"THE TRADE UNION","publisher":{"@id":"https:\/\/www.ogbl.lu\/de\/#organization"},"potentialAction":[{"@type":"SearchAction","target":{"@type":"EntryPoint","urlTemplate":"https:\/\/www.ogbl.lu\/de\/?s={search_term_string}"},"query-input":"required name=search_term_string"}],"inLanguage":"en-US"},{"@type":"Organization","@id":"https:\/\/www.ogbl.lu\/de\/#organization","name":"OGBL","url":"https:\/\/www.ogbl.lu\/de\/","logo":{"@type":"ImageObject","inLanguage":"en-US","@id":"https:\/\/www.ogbl.lu\/de\/#\/schema\/logo\/image\/","url":"https:\/\/www.ogbl.lu\/wp-content\/uploads\/2024\/07\/LOGO_Red_FR-svg.png","contentUrl":"https:\/\/www.ogbl.lu\/wp-content\/uploads\/2024\/07\/LOGO_Red_FR-svg.png","width":369,"height":171,"caption":"OGBL"},"image":{"@id":"https:\/\/www.ogbl.lu\/de\/#\/schema\/logo\/image\/"}}]}},"_links":{"self":[{"href":"https:\/\/www.ogbl.lu\/en\/wp-json\/wp\/v2\/communiques\/2179"}],"collection":[{"href":"https:\/\/www.ogbl.lu\/en\/wp-json\/wp\/v2\/communiques"}],"about":[{"href":"https:\/\/www.ogbl.lu\/en\/wp-json\/wp\/v2\/types\/communiques"}],"author":[{"embeddable":true,"href":"https:\/\/www.ogbl.lu\/en\/wp-json\/wp\/v2\/users\/1"}],"version-history":[{"count":0,"href":"https:\/\/www.ogbl.lu\/en\/wp-json\/wp\/v2\/communiques\/2179\/revisions"}],"wp:featuredmedia":[{"embeddable":true,"href":"https:\/\/www.ogbl.lu\/en\/wp-json\/wp\/v2\/media\/3937"}],"wp:attachment":[{"href":"https:\/\/www.ogbl.lu\/en\/wp-json\/wp\/v2\/media?parent=2179"}],"wp:term":[{"taxonomy":"categorie_communiques","embeddable":true,"href":"https:\/\/www.ogbl.lu\/en\/wp-json\/wp\/v2\/categorie_communiques?post=2179"},{"taxonomy":"syndicat","embeddable":true,"href":"https:\/\/www.ogbl.lu\/en\/wp-json\/wp\/v2\/syndicat?post=2179"}],"curies":[{"name":"wp","href":"https:\/\/api.w.org\/{rel}","templated":true}]}}