{"id":2143,"date":"2017-01-04T08:41:43","date_gmt":"2017-01-04T07:41:43","guid":{"rendered":"https:\/\/www.ogbl.lu\/communiques\/dimportants-pas-en-avant"},"modified":"2023-06-28T14:42:55","modified_gmt":"2023-06-28T12:42:55","slug":"dimportants-pas-en-avant","status":"publish","type":"communiques","link":"https:\/\/www.ogbl.lu\/en\/communique\/dimportants-pas-en-avant\/","title":{"rendered":"D\u2019importants pas en avant"},"content":{"rendered":"<p class=\"qtranxs-available-languages-message qtranxs-available-languages-message-en\"> <\/p><p><figure id=\"attachment_16814\" aria-describedby=\"caption-attachment-16814\" style=\"width: 150px\" class=\"wp-caption alignleft\"><img loading=\"lazy\" decoding=\"async\" class=\"size-full wp-image-16814 \" src=\"https:\/\/www.ogbl.lu\/wp-content\/uploads\/communiques\/Andre_Roeltgen_2014.jpg\" alt=\"Andr\u00e9 Roeltgen, Pr\u00e4sident des OGBL\" width=\"150\" height=\"150\" \/><figcaption id=\"caption-attachment-16814\" class=\"wp-caption-text\">Andr\u00e9 Roeltgen, Pr\u00e9sident de l\u2018OGBL<\/figcaption><\/figure><\/p>\n<p>L\u2019ann\u00e9e c\u00e9l\u00e9brant l\u2019anniversaire historique des syndicats libres au Luxembourg touche \u00e0 sa fin. Les festivit\u00e9s nationales et locales qui ont eu lieu \u00e0 l\u2019occasion du centenaire de l\u2019\u0153uvre syndicale de l\u2019OGBL et des organisations qui l\u2019ont pr\u00e9c\u00e9d\u00e9, pour le progr\u00e8s social au Luxembourg, \u00e9taient un rendez-vous tr\u00e8s important avec notre propre histoire.<\/p>\n<p>Nombreux sont ceux qui, en participant aux festivit\u00e9s ou en regardant le film-documentaire \u00abStreik\u00bb d\u2019Andy Bausch ou en jetant un \u0153il \u00e0 notre livre \u00ab100 Joer fr\u00e4i Gewerkschaften 1916-2016\u00bb, ont pris v\u00e9ritablement conscience, en se plongeant davantage dans leur propre histoire, dans l\u2019histoire du salariat, de la signification extraordinaire que le pass\u00e9 a pour le pr\u00e9sent et pour l\u2019avenir de notre syndicat ainsi que pour son combat en faveur du progr\u00e8s social et de la d\u00e9mocratie.<\/p>\n<p>Les succ\u00e8s ainsi que les revers qu\u2019a connus notre syndicat au cours de son histoire et de ses combats pour l\u2019am\u00e9lioration de la situation sociale de ceux qui travaillent, ont toujours constitu\u00e9s le moteur du d\u00e9veloppement de notre syndicat. Et ce sont toutes ces exp\u00e9riences qui sont \u00e0 la base et qui accompagnent le processus actuel de modernisation de l\u2019OGBL. La r\u00e9forme des statuts, d\u00e9cid\u00e9e le 2 juillet par le congr\u00e8s extraordinaire, est en train d\u2019\u00eatre mise en pratique. Le 13 d\u00e9cembre, le Comit\u00e9 national a dessin\u00e9 une nouvelle \u00abcartographie\u00bb de l\u2019organisation locale de l\u2019OGBL. Dans les 24 prochains mois, les 59 sections locales existant actuellement vont fusionner en 23 nouvelles sections locales \u2013 parmi lesquelles, 5 dans les r\u00e9gions frontali\u00e8res et 18 sur le territoire luxembourgeois. Et \u00e0 partir du mois d\u2019avril 2017, un nouveau service national assistera les sections dans l\u2019organisation de leurs activit\u00e9s syndicales. Dans les ann\u00e9es \u00e0 venir, une large dynamique va se produire au niveau des activit\u00e9s politiques, culturelles et de loisirs des sections de l\u2019OGBL. Des activit\u00e9s qui satisferont les int\u00e9r\u00eats et les besoins de toutes les couches et de toutes les g\u00e9n\u00e9rations que comptent nos membres.<\/p>\n<p>Et juste avant la fin de l\u2019ann\u00e9e, quel est le bilan de notre travail syndical des 12 derniers mois? La campagne \u00abUn paquet social pour le Luxembourg \u2013 Pour un meilleur travail et un meilleur revenu\u00bb initi\u00e9e d\u00e8s la fin 2015 par l\u2019OGBL a pris de l\u2019\u00e9lan au cours de l\u2019ann\u00e9e et a apport\u00e9 des r\u00e9sultats positifs.<\/p>\n<p>La nouvelle loi PAN figure, encore en d\u00e9cembre, \u00e0 l\u2019ordre du jour du parlement <sup>1<\/sup>. L\u2019OGBL n\u2019a pas seulement r\u00e9ussi \u00e0 contrecarrer les plans de flexibilisation du temps de travail du patronat hostiles aux int\u00e9r\u00eats du salariat. L\u2019opposition et les propositions de l\u2019OGBL ont \u00e9galement men\u00e9 \u00e0 un projet de loi, qui pr\u00e9voit de meilleures r\u00e8gles quant au cadre, \u00e0 la protection, aux heures suppl\u00e9mentaires et au principe de cod\u00e9cision tout comme il pr\u00e9voit de meilleures dispositions compensatoires sous forme de r\u00e9duction du temps de travail.<br \/>\nSur insistance de l\u2019OGBL, a \u00e9t\u00e9 introduit une indexation des aides financi\u00e8res pour \u00e9tudiants, qui sera d\u2019application \u00e0 partir de 2018. Par ailleurs, un projet de loi pr\u00e9voyant l\u2019adaptation automatique des prestations sociales de l\u2019\u00c9tat (allocations familiales, ch\u00e8ques services etc. \u2026) \u00e0 l\u2019\u00e9volution g\u00e9n\u00e9rale des salaires figure \u00e0 l\u2019ordre du jour. La revalorisation du cong\u00e9 parental pr\u00e9vue dans notre accord du 28 novembre 2014 avec le gouvernement a \u00e9t\u00e9 transpos\u00e9e. Sans oublier non plus, le projet de loi positif portant sur la continuation de paiement de salaire en cas de maladie ou bien encore les nouvelles prestations des assurances-maladies.<\/p>\n<p>La revendication visant un all\u00e8gement de la charge fiscale pesant sur les petits et moyens revenus constituait un point central de notre programme d\u2019actions syndical visant \u00e0 corriger les mesures de crise. La r\u00e9forme fiscale, r\u00e9cemment adopt\u00e9e, donne dans une large mesure, satisfaction \u00e0 nos revendications. Mais nous ne renoncerons pas \u00e0 une revendication, \u00e0 savoir l\u2019introduction d\u2019un m\u00e9canisme automatique d\u2019adaptation du bar\u00e8me fiscal \u00e0 l\u2019inflation. Et pour 2017, s\u2019y ajoute une modification anti discriminante de la loi en relation avec l\u2019imposition des non-r\u00e9sidents mari\u00e9s.<\/p>\n<p>Le gouvernement a op\u00e9r\u00e9 un changement d\u2019orientation budg\u00e9taire tr\u00e8s important. Le Luxembourg a pris ses distances avec la politique d\u2019\u00e9conomies contreproductive et la politique d\u2019aust\u00e9rit\u00e9 d\u00e9sastreuse de ces derni\u00e8res ann\u00e9es. Une politique d\u2019investissements publics \u00e9lev\u00e9s, coupl\u00e9e \u00e0 un renforcement de notre \u00c9tat social sont les ma\u00eetre-mots dans la lutte contre les d\u00e9veloppements de crise \u00e9conomique, social et politique en Europe.<br \/>\nCela doit se poursuivre en 2017. \u00c9galement en ce qui concerne l\u2019assurance d\u00e9pendance. Ainsi qu\u2019en ce qui concerne le salaire social minimum. La d\u00e9cision visant \u00e0 l\u2019adapter de 1,4% \u00e0 partir du 1er janvier 2017 \u00e0 l\u2019\u00e9volution g\u00e9n\u00e9rale des salaires est bonne, mais reste largement insuffisante. Il y a n\u00e9cessit\u00e9 urgente d\u2019agir pour une am\u00e9lioration structurelle du salaire social minimum. Pour davantage de justice en mati\u00e8re de r\u00e9mun\u00e9ration. Le salaire doit permettre \u00e0 chacun au Luxembourg de mener une vie bonne.<br \/>\nAu nom de l\u2019OGBL, je souhaite \u00e0 tous nos membres de belles f\u00eates et une heureuse ann\u00e9e 2017 pleine de succ\u00e8s.<\/p>\n<hr \/>\n<p><em><sup>1<\/sup> Le parlement ne l&#8217;avait pas encore adopt\u00e9e au moment o\u00f9 cet article a \u00e9t\u00e9 \u00e9crit.<\/em><\/p>","protected":false},"author":1,"featured_media":3968,"template":"","categorie_communiques":[41],"syndicat":[],"acf":[],"yoast_head":"<!-- This site is optimized with the Yoast SEO plugin v23.1 - https:\/\/yoast.com\/wordpress\/plugins\/seo\/ -->\r\n<title>D\u2019importants pas en avant - OGBL<\/title>\r\n<meta name=\"robots\" content=\"index, follow, max-snippet:-1, max-image-preview:large, max-video-preview:-1\" \/>\r\n<link rel=\"canonical\" href=\"https:\/\/www.ogbl.lu\/communique\/dimportants-pas-en-avant\/\" \/>\r\n<meta property=\"og:locale\" content=\"en_US\" \/>\r\n<meta property=\"og:type\" content=\"article\" \/>\r\n<meta property=\"og:title\" content=\"[:fr]D\u2019importants pas en avant[:de]Wichtige Schritte nach vorn [:en]D\u2019importants pas en avant[:] - OGBL\" \/>\r\n<meta property=\"og:description\" content=\"L\u2019ann\u00e9e c\u00e9l\u00e9brant l\u2019anniversaire historique des syndicats libres au Luxembourg touche \u00e0 sa fin. Les festivit\u00e9s nationales et locales qui ont \u2026\" \/>\r\n<meta property=\"og:url\" content=\"https:\/\/www.ogbl.lu\/communique\/dimportants-pas-en-avant\/\" \/>\r\n<meta property=\"og:site_name\" content=\"OGBL\" \/>\r\n<meta property=\"article:modified_time\" content=\"2023-06-28T12:42:55+00:00\" \/>\r\n<meta property=\"og:image\" content=\"https:\/\/www.ogbl.lu\/wp-content\/uploads\/2017\/01\/Andre_Roeltgen_2014.jpg\" \/>\r\n\t<meta property=\"og:image:width\" content=\"150\" \/>\r\n\t<meta property=\"og:image:height\" content=\"150\" \/>\r\n\t<meta property=\"og:image:type\" content=\"image\/jpeg\" \/>\r\n<meta name=\"twitter:card\" content=\"summary_large_image\" \/>\r\n<meta name=\"twitter:label1\" content=\"Est. reading time\" \/>\n\t<meta name=\"twitter:data1\" content=\"8 minutes\" \/>\r\n<script type=\"application\/ld+json\" class=\"yoast-schema-graph\">{\"@context\":\"https:\/\/schema.org\",\"@graph\":[{\"@type\":\"WebPage\",\"@id\":\"https:\/\/www.ogbl.lu\/communique\/dimportants-pas-en-avant\/\",\"url\":\"https:\/\/www.ogbl.lu\/communique\/dimportants-pas-en-avant\/\",\"name\":\"[:fr]D\u2019importants pas en avant[:de]Wichtige Schritte nach vorn [:en]D\u2019importants pas en avant[:] - OGBL\",\"isPartOf\":{\"@id\":\"https:\/\/www.ogbl.lu\/de\/#website\"},\"primaryImageOfPage\":{\"@id\":\"https:\/\/www.ogbl.lu\/communique\/dimportants-pas-en-avant\/#primaryimage\"},\"image\":{\"@id\":\"https:\/\/www.ogbl.lu\/communique\/dimportants-pas-en-avant\/#primaryimage\"},\"thumbnailUrl\":\"https:\/\/www.ogbl.lu\/wp-content\/uploads\/2017\/01\/Andre_Roeltgen_2014.jpg\",\"datePublished\":\"2017-01-04T07:41:43+00:00\",\"dateModified\":\"2023-06-28T12:42:55+00:00\",\"breadcrumb\":{\"@id\":\"https:\/\/www.ogbl.lu\/communique\/dimportants-pas-en-avant\/#breadcrumb\"},\"inLanguage\":\"en-US\",\"potentialAction\":[{\"@type\":\"ReadAction\",\"target\":[\"https:\/\/www.ogbl.lu\/communique\/dimportants-pas-en-avant\/\"]}]},{\"@type\":\"ImageObject\",\"inLanguage\":\"en-US\",\"@id\":\"https:\/\/www.ogbl.lu\/communique\/dimportants-pas-en-avant\/#primaryimage\",\"url\":\"https:\/\/www.ogbl.lu\/wp-content\/uploads\/2017\/01\/Andre_Roeltgen_2014.jpg\",\"contentUrl\":\"https:\/\/www.ogbl.lu\/wp-content\/uploads\/2017\/01\/Andre_Roeltgen_2014.jpg\",\"width\":150,\"height\":150},{\"@type\":\"BreadcrumbList\",\"@id\":\"https:\/\/www.ogbl.lu\/communique\/dimportants-pas-en-avant\/#breadcrumb\",\"itemListElement\":[{\"@type\":\"ListItem\",\"position\":1,\"name\":\"Home\",\"item\":\"https:\/\/www.ogbl.lu\/\"},{\"@type\":\"ListItem\",\"position\":2,\"name\":\"D\u2019importants pas en avant\"}]},{\"@type\":\"WebSite\",\"@id\":\"https:\/\/www.ogbl.lu\/de\/#website\",\"url\":\"https:\/\/www.ogbl.lu\/de\/\",\"name\":\"OGBL\",\"description\":\"THE TRADE UNION\",\"publisher\":{\"@id\":\"https:\/\/www.ogbl.lu\/de\/#organization\"},\"potentialAction\":[{\"@type\":\"SearchAction\",\"target\":{\"@type\":\"EntryPoint\",\"urlTemplate\":\"https:\/\/www.ogbl.lu\/de\/?s={search_term_string}\"},\"query-input\":\"required name=search_term_string\"}],\"inLanguage\":\"en-US\"},{\"@type\":\"Organization\",\"@id\":\"https:\/\/www.ogbl.lu\/de\/#organization\",\"name\":\"OGBL\",\"url\":\"https:\/\/www.ogbl.lu\/de\/\",\"logo\":{\"@type\":\"ImageObject\",\"inLanguage\":\"en-US\",\"@id\":\"https:\/\/www.ogbl.lu\/de\/#\/schema\/logo\/image\/\",\"url\":\"https:\/\/www.ogbl.lu\/wp-content\/uploads\/2024\/07\/LOGO_Red_FR-svg.png\",\"contentUrl\":\"https:\/\/www.ogbl.lu\/wp-content\/uploads\/2024\/07\/LOGO_Red_FR-svg.png\",\"width\":369,\"height\":171,\"caption\":\"OGBL\"},\"image\":{\"@id\":\"https:\/\/www.ogbl.lu\/de\/#\/schema\/logo\/image\/\"}}]}<\/script>\r\n<!-- \/ Yoast SEO plugin. -->","yoast_head_json":{"title":"[:fr]D\u2019importants pas en avant[:de]Wichtige Schritte nach vorn [:en]D\u2019importants pas en avant[:] - OGBL","robots":{"index":"index","follow":"follow","max-snippet":"max-snippet:-1","max-image-preview":"max-image-preview:large","max-video-preview":"max-video-preview:-1"},"canonical":"https:\/\/www.ogbl.lu\/communique\/dimportants-pas-en-avant\/","og_locale":"en_US","og_type":"article","og_title":"[:fr]D\u2019importants pas en avant[:de]Wichtige Schritte nach vorn [:en]D\u2019importants pas en avant[:] - OGBL","og_description":"L\u2019ann\u00e9e c\u00e9l\u00e9brant l\u2019anniversaire historique des syndicats libres au Luxembourg touche \u00e0 sa fin. Les festivit\u00e9s nationales et locales qui ont \u2026","og_url":"https:\/\/www.ogbl.lu\/communique\/dimportants-pas-en-avant\/","og_site_name":"OGBL","article_modified_time":"2023-06-28T12:42:55+00:00","og_image":[{"width":150,"height":150,"url":"https:\/\/www.ogbl.lu\/wp-content\/uploads\/2017\/01\/Andre_Roeltgen_2014.jpg","type":"image\/jpeg"}],"twitter_card":"summary_large_image","twitter_misc":{"Est. reading time":"8 minutes"},"schema":{"@context":"https:\/\/schema.org","@graph":[{"@type":"WebPage","@id":"https:\/\/www.ogbl.lu\/communique\/dimportants-pas-en-avant\/","url":"https:\/\/www.ogbl.lu\/communique\/dimportants-pas-en-avant\/","name":"[:fr]D\u2019importants pas en avant[:de]Wichtige Schritte nach vorn [:en]D\u2019importants pas en avant[:] - OGBL","isPartOf":{"@id":"https:\/\/www.ogbl.lu\/de\/#website"},"primaryImageOfPage":{"@id":"https:\/\/www.ogbl.lu\/communique\/dimportants-pas-en-avant\/#primaryimage"},"image":{"@id":"https:\/\/www.ogbl.lu\/communique\/dimportants-pas-en-avant\/#primaryimage"},"thumbnailUrl":"https:\/\/www.ogbl.lu\/wp-content\/uploads\/2017\/01\/Andre_Roeltgen_2014.jpg","datePublished":"2017-01-04T07:41:43+00:00","dateModified":"2023-06-28T12:42:55+00:00","breadcrumb":{"@id":"https:\/\/www.ogbl.lu\/communique\/dimportants-pas-en-avant\/#breadcrumb"},"inLanguage":"en-US","potentialAction":[{"@type":"ReadAction","target":["https:\/\/www.ogbl.lu\/communique\/dimportants-pas-en-avant\/"]}]},{"@type":"ImageObject","inLanguage":"en-US","@id":"https:\/\/www.ogbl.lu\/communique\/dimportants-pas-en-avant\/#primaryimage","url":"https:\/\/www.ogbl.lu\/wp-content\/uploads\/2017\/01\/Andre_Roeltgen_2014.jpg","contentUrl":"https:\/\/www.ogbl.lu\/wp-content\/uploads\/2017\/01\/Andre_Roeltgen_2014.jpg","width":150,"height":150},{"@type":"BreadcrumbList","@id":"https:\/\/www.ogbl.lu\/communique\/dimportants-pas-en-avant\/#breadcrumb","itemListElement":[{"@type":"ListItem","position":1,"name":"Home","item":"https:\/\/www.ogbl.lu\/"},{"@type":"ListItem","position":2,"name":"D\u2019importants pas en avant"}]},{"@type":"WebSite","@id":"https:\/\/www.ogbl.lu\/de\/#website","url":"https:\/\/www.ogbl.lu\/de\/","name":"OGBL","description":"THE TRADE UNION","publisher":{"@id":"https:\/\/www.ogbl.lu\/de\/#organization"},"potentialAction":[{"@type":"SearchAction","target":{"@type":"EntryPoint","urlTemplate":"https:\/\/www.ogbl.lu\/de\/?s={search_term_string}"},"query-input":"required name=search_term_string"}],"inLanguage":"en-US"},{"@type":"Organization","@id":"https:\/\/www.ogbl.lu\/de\/#organization","name":"OGBL","url":"https:\/\/www.ogbl.lu\/de\/","logo":{"@type":"ImageObject","inLanguage":"en-US","@id":"https:\/\/www.ogbl.lu\/de\/#\/schema\/logo\/image\/","url":"https:\/\/www.ogbl.lu\/wp-content\/uploads\/2024\/07\/LOGO_Red_FR-svg.png","contentUrl":"https:\/\/www.ogbl.lu\/wp-content\/uploads\/2024\/07\/LOGO_Red_FR-svg.png","width":369,"height":171,"caption":"OGBL"},"image":{"@id":"https:\/\/www.ogbl.lu\/de\/#\/schema\/logo\/image\/"}}]}},"_links":{"self":[{"href":"https:\/\/www.ogbl.lu\/en\/wp-json\/wp\/v2\/communiques\/2143"}],"collection":[{"href":"https:\/\/www.ogbl.lu\/en\/wp-json\/wp\/v2\/communiques"}],"about":[{"href":"https:\/\/www.ogbl.lu\/en\/wp-json\/wp\/v2\/types\/communiques"}],"author":[{"embeddable":true,"href":"https:\/\/www.ogbl.lu\/en\/wp-json\/wp\/v2\/users\/1"}],"version-history":[{"count":0,"href":"https:\/\/www.ogbl.lu\/en\/wp-json\/wp\/v2\/communiques\/2143\/revisions"}],"wp:featuredmedia":[{"embeddable":true,"href":"https:\/\/www.ogbl.lu\/en\/wp-json\/wp\/v2\/media\/3968"}],"wp:attachment":[{"href":"https:\/\/www.ogbl.lu\/en\/wp-json\/wp\/v2\/media?parent=2143"}],"wp:term":[{"taxonomy":"categorie_communiques","embeddable":true,"href":"https:\/\/www.ogbl.lu\/en\/wp-json\/wp\/v2\/categorie_communiques?post=2143"},{"taxonomy":"syndicat","embeddable":true,"href":"https:\/\/www.ogbl.lu\/en\/wp-json\/wp\/v2\/syndicat?post=2143"}],"curies":[{"name":"wp","href":"https:\/\/api.w.org\/{rel}","templated":true}]}}