{"id":2140,"date":"2016-12-24T11:16:59","date_gmt":"2016-12-24T10:16:59","guid":{"rendered":"https:\/\/www.ogbl.lu\/communiques\/lopposition-et-la-pression-de-logbl-ont-commence-a-porter-leurs-fruits"},"modified":"2023-06-28T14:43:14","modified_gmt":"2023-06-28T12:43:14","slug":"lopposition-et-la-pression-de-logbl-ont-commence-a-porter-leurs-fruits","status":"publish","type":"communiques","link":"https:\/\/www.ogbl.lu\/en\/communique\/lopposition-et-la-pression-de-logbl-ont-commence-a-porter-leurs-fruits\/","title":{"rendered":"L\u2019opposition et la pression de l\u2019OGBL ont commenc\u00e9 \u00e0 porter leurs fruits"},"content":{"rendered":"<p class=\"qtranxs-available-languages-message qtranxs-available-languages-message-en\"> <\/p><p><a href=\"https:\/\/www.ogbl.lu\/wp-content\/uploads\/communiques\/com_nat_13_12_16.jpg\" target=\"_blank\" rel=\"noopener\"><img decoding=\"async\" class=\"alignleft\" style=\"border: 0px;\" src=\"https:\/\/www.ogbl.lu\/wp-content\/uploads\/communiques\/com_nat_13_12_16-1024x683.jpg\" alt=\"20161213 ar , Dudelange, maison Syndicale avenue Grande Duchesse Charlotte, OGBL, comit\u00e9 national avec Andr\u00e9 Roeltgen ,Photo: Alain Rischard \/ Editpress\" width=\"300\" height=\" \" \/><\/a>Le Comit\u00e9 national de l\u2019OGBL \u00e9tait r\u00e9uni le 12 d\u00e9cembre 2016 \u00e0 la Maison syndicale de Dudelange. A l\u2019ordre du jour de cette derni\u00e8re r\u00e9union de l\u2019ann\u00e9e figuraient entre autre une analyse de la situation \u00e9conomique et sociale, un bilan de l\u2019ann\u00e9e \u00e9coul\u00e9e, une analyse de plusieurs dossiers politiques en cours et une analyse de la situation dans les entreprises<\/p>\n<p>Le Comit\u00e9 national de l\u2019OGBL a notamment tir\u00e9 un bilan de son action men\u00e9e au cours de l\u2019ann\u00e9e 2016. Si l\u2019OGBL s\u2019impatiente quant \u00e0 certains dossiers qui tardent \u00e0 \u00e9voluer politiquement, il tire, au regard des nombreux succ\u00e8s obtenus par ailleurs cette ann\u00e9e, un bilan tr\u00e8s positif de son action. Des r\u00e9sultats qui sont \u00e0 mettre au compte de la campagne \u00abUn paquet social pour le Luxembourg \u2013 Pour un meilleur travail et un meilleur revenu\u00bb.<\/p>\n<p>Parmi les succ\u00e8s, on peut citer le compromis positif trouv\u00e9 dans le cadre de la r\u00e9forme de la loi sur le temps de travail (loi PAN) o\u00f9 l\u2019OGBL a finalement r\u00e9ussi \u00e0 repousser les attaques du patronat, la r\u00e9forme du cong\u00e9 parental dans le cadre de laquelle l\u2019OGBL a obtenu une revalorisation substantielle de l\u2019indemnit\u00e9, le projet de loi d\u00e9pos\u00e9 par le gouvernement relatif \u00e0 la continuation de salaire en cas de maladie qui r\u00e9pond d\u00e9sormais aux revendications de l\u2019OGBL, l\u2019accord avec le gouvernement visant l\u2019introduction d\u2019un m\u00e9canisme automatique d\u2019adaptation des allocations familiales \u00e0 l\u2019\u00e9volution du salaire m\u00e9dian, l\u2019adaptation du salaire social minimum et du RMG au 1er janvier 2017 ou encore la r\u00e9forme fiscale qui sous la pression de l\u2019OGBL va venir all\u00e9ger la charge fiscale pesant sur les petits et moyens salaires (l\u2019OGBL maintient toutefois ses critiques quant \u00e0 l\u2019abaissement de l\u2019imposition des entreprises, l\u2019absence de m\u00e9canisme d\u2019adaptation du bar\u00e8me fiscal \u00e0 l\u2019inflation et la discrimination entre r\u00e9sidents et non-r\u00e9sidents mari\u00e9s que va \u00e9tablir la r\u00e9forme si elle n\u2019est pas amend\u00e9e au cours de l\u2019ann\u00e9e \u00e0 venir).<\/p>\n<p>Les nouvelles prestations qu\u2019offrira la CNS \u00e0 partir de 2017 (notamment la prise en charge du deuxi\u00e8me d\u00e9tartrage chez le dentiste et de l\u2019achat de lunettes m\u00eame sans ordonnance, l\u2019abaissement du d\u00e9lai de renouvellement pour le remboursement de lentilles et l\u2019augmentation du forfait kilom\u00e9trique dans le cadre de transports en ambulances) sont \u00e9galement \u00e0 mettre au cr\u00e9dit de l\u2019OGBL qui revendique des am\u00e9liorations depuis des ann\u00e9es au niveau de la CNS.<\/p>\n<p>L\u2019OGBL constate \u00e9galement que son opposition \u00e0 la politique budg\u00e9taire du gouvernement a port\u00e9 ses fruits. L\u2019OGBL n\u2019a cess\u00e9 de d\u00e9noncer au cours des derni\u00e8res ann\u00e9es les politiques d\u2019aust\u00e9rit\u00e9 et d\u2019\u00e9conomies et ne peut donc que se f\u00e9liciter du changement de cap op\u00e9r\u00e9 par le gouvernement qui a d\u00e9cid\u00e9 de miser d\u00e9sormais sur un niveau \u00e9lev\u00e9 d\u2019investissement public tout en mettant fin au d\u00e9mant\u00e8lement social et en initiant des premi\u00e8res mesures allant dans le sens du progr\u00e8s social.<\/p>\n<p>Le Comit\u00e9 national s\u2019est en outre pench\u00e9 sur quelques dossiers politiques actuellement en discussion. Concernant le projet de plan hospitalier, l\u2019OGBL ne peut s\u2019accommoder de la r\u00e9duction de lits pr\u00e9vue, tout comme du risque d\u2019\u00abinsourcing\u00bb des laboratoires et du sort r\u00e9serv\u00e9 au traitement ambulatoire. Quant \u00e0 la r\u00e9forme de l\u2019assurance d\u00e9pendance, les discussions se poursuivent avec le ministre de la S\u00e9curit\u00e9 sociale. L\u2019OGBL a tenu \u00e0 rappeler dans ce contexte qu\u2019il ne tol\u00e9rera aucune d\u00e9t\u00e9rioration de celle-ci.<\/p>\n<p>Le Comit\u00e9 national a enfin fix\u00e9 ses priorit\u00e9s pour 2017, parmi lesquelles figurent entre autres l\u2019augmentation structurelle du salaire social minimum et une politique tarifaire offensive.<\/p>\n<p><b>La R\u00e9volution digitale ne se fera pas sans l\u2019OGBL<\/b><\/p>\n<p>Le Comit\u00e9 national de l\u2019OGBL s\u2019est pench\u00e9 sur la digitalisation de la soci\u00e9t\u00e9 et de l\u2019\u00e9conomie qui est actuellement en cours. Il est un fait que le d\u00e9veloppement technologique impuls\u00e9 par cette \u00abr\u00e9volution digitale\u00bb a et aura encore dans les ann\u00e9es \u00e0 venir encore davantage, un impact important \u00e0 la fois sur la soci\u00e9t\u00e9 prise dans son ensemble et sur les modes actuels de productions capitalistes.<\/p>\n<p>Contrairement au th\u00e9oricien Jeremy Rifkin (qui a \u00e9labor\u00e9 \u00e0 ce sujet une \u00e9tude prospective pour le compte du gouvernement luxembourgeois), l\u2019OGBL est loin d\u2019\u00eatre convaincu que la r\u00e9volution technologique actuellement en cours ne vienne remettre en cause le mod\u00e8le de production capitaliste, au profit d\u2019une \u00e9conomie dite participative (\u00absharing economy\u00bb). Les premi\u00e8res \u00e9volutions tendent d\u2019ailleurs plut\u00f4t \u00e0 donner tort aux proph\u00e9ties du futurologue am\u00e9ricain. En t\u00e9moigne, les monopoles croissants d\u2019entreprises multinationales comme Google ou Amazon., qui surfent pr\u00e9cis\u00e9ment sur cette r\u00e9volution technologique.<\/p>\n<p>L\u2019OGBL reconna\u00eet que le d\u00e9veloppement de la technologie digitale renferme de nombreuses potentialit\u00e9s qui pourraient, le cas \u00e9ch\u00e9ant, \u00e9galement s\u2019av\u00e9rer positives, mais l\u2019OGBL est tout aussi conscient que les dangers sont nombreux quant \u00e0 ce que les in\u00e9galit\u00e9s ne se creusent encore davantage.<\/p>\n<p>Au regard de l\u2019enjeu et de la responsabilit\u00e9 qui lui incombent, l\u2019OGBL compte endosser un r\u00f4le pr\u00e9dominant pour faire en sorte que les am\u00e9liorations soci\u00e9tales, sociales et \u00e9conomiques potentielles que promet cette \u00e9volution technologique adviennent r\u00e9ellement.<\/p>\n<p>L\u2019OGBL a d\u00e9j\u00e0 annonc\u00e9 au gouvernement qu\u2019il ne compte pas limiter son r\u00f4le dans les discussions \u00e0 venir aux seules questions li\u00e9es directement au travail et \u00e0 l\u2019emploi, mais revendique son implication \u00e0 tous les niveaux de la discussion. Dans ce contexte, l\u2019OGBL n\u2019acceptera pas que certaines discussions soient men\u00e9es dans le cadre d\u2019instances o\u00f9 il n\u2019est pas repr\u00e9sent\u00e9 (par exemple : les Haut Comit\u00e9s). L\u2019OGBL rappelle enfin qu\u2019il existe des institutions pr\u00e9destin\u00e9es pour les discussions qui s\u2019annoncent, \u00e0 savoir les instances tripartites que sont le Comit\u00e9 permanent du travail et de l\u2019emploi, le Conseil \u00e9conomique et social ou encore la Caisse nationale de sant\u00e9.<\/p>\n<p><b>L\u2019OGBL exige une r\u00e9forme du mod\u00e8le de n\u00e9gociation dans la fonction publique<\/b><\/p>\n<p>Le Comit\u00e9 national de l\u2019OGBL a tenu \u00e0 saluer le r\u00e9sultat des n\u00e9gociations portant sur le r\u00e9cent accord salarial dans la fonction publique, jugeant ce dernier \u00e9quilibr\u00e9 et adapt\u00e9. Toutefois, l\u2019OGBL estime que le mod\u00e8le de n\u00e9gociation<b> <\/b>dans la fonction publique ne r\u00e9pond plus aux exigences de la r\u00e9alit\u00e9 et n\u00e9cessite par cons\u00e9quent d\u2019\u00eatre r\u00e9form\u00e9.<\/p>\n<p>L\u2019OGBL fait en effet remarquer que les accords salariaux dans la fonction publique, n\u00e9goci\u00e9s actuellement par la seule CGFP, ont une incidence directe qui d\u00e9passe largement la seule fonction publique. Ainsi l\u2019ensemble des services publics sont impact\u00e9s par ce type d\u2019accord. Or, l\u2019OGBL est au moins aussi repr\u00e9sentatif que la CGFP si l\u2019on consid\u00e8re l\u2019ensemble de ces services publics (fonction publique; secteur communal; secteurs conventionn\u00e9s de la sant\u00e9, des soins et du social) et revendique par cons\u00e9quent sa pr\u00e9sence \u00e0 l\u2019avenir \u00e0 la table des n\u00e9gociations.<\/p>\n<p>L\u2019OGBL fait remarquer dans ce contexte que le conflit qui a cours actuellement dans le secteur de la sant\u00e9, des soins et du social porte encore sur la transposition du dernier accord salarial dans la fonction publique. Et d\u00e9j\u00e0, un nouvel accord \u00e0 transposer se pr\u00e9sente\u2026 L\u2019OGBL revendique une r\u00e9forme d\u2019urgence!<\/p>\n<p><b>Sections: une nouvelle cartographie a \u00e9t\u00e9 adopt\u00e9e<\/b><\/p>\n<p>Un pas de plus a \u00e9t\u00e9 franchi dans le cadre de la transposition de la r\u00e9forme statutaire de l\u2019OGBL d\u00e9cid\u00e9e en juillet dernier. Le Comit\u00e9 national a en effet adopt\u00e9 la nouvelle cartographie des sections locales de l\u2019OGBL, qui va progressivement se mettre en place au cours des deux prochaines ann\u00e9es et faire passer celles-ci de 59 unit\u00e9s actuellement, \u00e0 23 (18 sur le territoire national et 5 r\u00e9parties entre l\u2019Allemagne, la France et la Belgique), dans le cadre d\u2019un vaste processus de fusions (la nouvelle cartographie des sections de l\u2019OGBL sera pr\u00e9sent\u00e9e prochainement). Le Comit\u00e9 national a \u00e9galement abord\u00e9 le futur service national qui sera mis en place l\u2019ann\u00e9e prochaine pour accompagner et soutenir les sections dans le cadre de leurs multiples activit\u00e9s (information, formation et discussion politique; besoins locaux; culture, arts et loisirs). L\u2019OGBL s\u2019attend, gr\u00e2ce \u00e0 ces mesures, \u00e0 ce que les sections locales connaissent une nouvelle dynamique.<\/p>","protected":false},"author":1,"featured_media":3971,"template":"","categorie_communiques":[41],"syndicat":[],"acf":[],"yoast_head":"<!-- This site is optimized with the Yoast SEO plugin v23.1 - https:\/\/yoast.com\/wordpress\/plugins\/seo\/ -->\r\n<title>L\u2019opposition et la pression de l\u2019OGBL ont commenc\u00e9 \u00e0 porter leurs fruits - OGBL<\/title>\r\n<meta name=\"robots\" content=\"index, follow, max-snippet:-1, max-image-preview:large, max-video-preview:-1\" \/>\r\n<link rel=\"canonical\" href=\"https:\/\/www.ogbl.lu\/communique\/lopposition-et-la-pression-de-logbl-ont-commence-a-porter-leurs-fruits\/\" \/>\r\n<meta property=\"og:locale\" content=\"en_US\" \/>\r\n<meta property=\"og:type\" content=\"article\" \/>\r\n<meta property=\"og:title\" content=\"[:fr]L\u2019opposition et la pression de l\u2019OGBL ont commenc\u00e9 \u00e0 porter leurs fruits[:de]Der Widerstand und der Druck des OGBL haben angefangen Fr\u00fcchte zu tragen[:en]L\u2019opposition et la pression de l\u2019OGBL ont commenc\u00e9 \u00e0 porter leurs fruits[:] - OGBL\" \/>\r\n<meta property=\"og:description\" content=\"Le Comit\u00e9 national de l\u2019OGBL \u00e9tait r\u00e9uni le 12 d\u00e9cembre 2016 \u00e0 la Maison syndicale de Dudelange. A l\u2019ordre du \u2026\" \/>\r\n<meta property=\"og:url\" content=\"https:\/\/www.ogbl.lu\/communique\/lopposition-et-la-pression-de-logbl-ont-commence-a-porter-leurs-fruits\/\" \/>\r\n<meta property=\"og:site_name\" content=\"OGBL\" \/>\r\n<meta property=\"article:modified_time\" content=\"2023-06-28T12:43:14+00:00\" \/>\r\n<meta property=\"og:image\" content=\"https:\/\/www.ogbl.lu\/wp-content\/uploads\/2016\/12\/com_nat_13_12_16-1024x683-1.jpg\" \/>\r\n\t<meta property=\"og:image:width\" content=\"1024\" \/>\r\n\t<meta property=\"og:image:height\" content=\"683\" \/>\r\n\t<meta property=\"og:image:type\" content=\"image\/jpeg\" \/>\r\n<meta name=\"twitter:card\" content=\"summary_large_image\" \/>\r\n<meta name=\"twitter:label1\" content=\"Est. reading time\" \/>\n\t<meta name=\"twitter:data1\" content=\"13 minutes\" \/>\r\n<script type=\"application\/ld+json\" class=\"yoast-schema-graph\">{\"@context\":\"https:\/\/schema.org\",\"@graph\":[{\"@type\":\"WebPage\",\"@id\":\"https:\/\/www.ogbl.lu\/communique\/lopposition-et-la-pression-de-logbl-ont-commence-a-porter-leurs-fruits\/\",\"url\":\"https:\/\/www.ogbl.lu\/communique\/lopposition-et-la-pression-de-logbl-ont-commence-a-porter-leurs-fruits\/\",\"name\":\"[:fr]L\u2019opposition et la pression de l\u2019OGBL ont commenc\u00e9 \u00e0 porter leurs fruits[:de]Der Widerstand und der Druck des OGBL haben angefangen Fr\u00fcchte zu tragen[:en]L\u2019opposition et la pression de l\u2019OGBL ont commenc\u00e9 \u00e0 porter leurs fruits[:] - OGBL\",\"isPartOf\":{\"@id\":\"https:\/\/www.ogbl.lu\/de\/#website\"},\"primaryImageOfPage\":{\"@id\":\"https:\/\/www.ogbl.lu\/communique\/lopposition-et-la-pression-de-logbl-ont-commence-a-porter-leurs-fruits\/#primaryimage\"},\"image\":{\"@id\":\"https:\/\/www.ogbl.lu\/communique\/lopposition-et-la-pression-de-logbl-ont-commence-a-porter-leurs-fruits\/#primaryimage\"},\"thumbnailUrl\":\"https:\/\/www.ogbl.lu\/wp-content\/uploads\/2016\/12\/com_nat_13_12_16-1024x683-1.jpg\",\"datePublished\":\"2016-12-24T10:16:59+00:00\",\"dateModified\":\"2023-06-28T12:43:14+00:00\",\"breadcrumb\":{\"@id\":\"https:\/\/www.ogbl.lu\/communique\/lopposition-et-la-pression-de-logbl-ont-commence-a-porter-leurs-fruits\/#breadcrumb\"},\"inLanguage\":\"en-US\",\"potentialAction\":[{\"@type\":\"ReadAction\",\"target\":[\"https:\/\/www.ogbl.lu\/communique\/lopposition-et-la-pression-de-logbl-ont-commence-a-porter-leurs-fruits\/\"]}]},{\"@type\":\"ImageObject\",\"inLanguage\":\"en-US\",\"@id\":\"https:\/\/www.ogbl.lu\/communique\/lopposition-et-la-pression-de-logbl-ont-commence-a-porter-leurs-fruits\/#primaryimage\",\"url\":\"https:\/\/www.ogbl.lu\/wp-content\/uploads\/2016\/12\/com_nat_13_12_16-1024x683-1.jpg\",\"contentUrl\":\"https:\/\/www.ogbl.lu\/wp-content\/uploads\/2016\/12\/com_nat_13_12_16-1024x683-1.jpg\",\"width\":1024,\"height\":683},{\"@type\":\"BreadcrumbList\",\"@id\":\"https:\/\/www.ogbl.lu\/communique\/lopposition-et-la-pression-de-logbl-ont-commence-a-porter-leurs-fruits\/#breadcrumb\",\"itemListElement\":[{\"@type\":\"ListItem\",\"position\":1,\"name\":\"Home\",\"item\":\"https:\/\/www.ogbl.lu\/\"},{\"@type\":\"ListItem\",\"position\":2,\"name\":\"L\u2019opposition et la pression de l\u2019OGBL ont commenc\u00e9 \u00e0 porter leurs fruits\"}]},{\"@type\":\"WebSite\",\"@id\":\"https:\/\/www.ogbl.lu\/de\/#website\",\"url\":\"https:\/\/www.ogbl.lu\/de\/\",\"name\":\"OGBL\",\"description\":\"THE TRADE UNION\",\"publisher\":{\"@id\":\"https:\/\/www.ogbl.lu\/de\/#organization\"},\"potentialAction\":[{\"@type\":\"SearchAction\",\"target\":{\"@type\":\"EntryPoint\",\"urlTemplate\":\"https:\/\/www.ogbl.lu\/de\/?s={search_term_string}\"},\"query-input\":\"required name=search_term_string\"}],\"inLanguage\":\"en-US\"},{\"@type\":\"Organization\",\"@id\":\"https:\/\/www.ogbl.lu\/de\/#organization\",\"name\":\"OGBL\",\"url\":\"https:\/\/www.ogbl.lu\/de\/\",\"logo\":{\"@type\":\"ImageObject\",\"inLanguage\":\"en-US\",\"@id\":\"https:\/\/www.ogbl.lu\/de\/#\/schema\/logo\/image\/\",\"url\":\"https:\/\/www.ogbl.lu\/wp-content\/uploads\/2024\/07\/LOGO_Red_FR-svg.png\",\"contentUrl\":\"https:\/\/www.ogbl.lu\/wp-content\/uploads\/2024\/07\/LOGO_Red_FR-svg.png\",\"width\":369,\"height\":171,\"caption\":\"OGBL\"},\"image\":{\"@id\":\"https:\/\/www.ogbl.lu\/de\/#\/schema\/logo\/image\/\"}}]}<\/script>\r\n<!-- \/ Yoast SEO plugin. -->","yoast_head_json":{"title":"[:fr]L\u2019opposition et la pression de l\u2019OGBL ont commenc\u00e9 \u00e0 porter leurs fruits[:de]Der Widerstand und der Druck des OGBL haben angefangen Fr\u00fcchte zu tragen[:en]L\u2019opposition et la pression de l\u2019OGBL ont commenc\u00e9 \u00e0 porter leurs fruits[:] - OGBL","robots":{"index":"index","follow":"follow","max-snippet":"max-snippet:-1","max-image-preview":"max-image-preview:large","max-video-preview":"max-video-preview:-1"},"canonical":"https:\/\/www.ogbl.lu\/communique\/lopposition-et-la-pression-de-logbl-ont-commence-a-porter-leurs-fruits\/","og_locale":"en_US","og_type":"article","og_title":"[:fr]L\u2019opposition et la pression de l\u2019OGBL ont commenc\u00e9 \u00e0 porter leurs fruits[:de]Der Widerstand und der Druck des OGBL haben angefangen Fr\u00fcchte zu tragen[:en]L\u2019opposition et la pression de l\u2019OGBL ont commenc\u00e9 \u00e0 porter leurs fruits[:] - OGBL","og_description":"Le Comit\u00e9 national de l\u2019OGBL \u00e9tait r\u00e9uni le 12 d\u00e9cembre 2016 \u00e0 la Maison syndicale de Dudelange. A l\u2019ordre du \u2026","og_url":"https:\/\/www.ogbl.lu\/communique\/lopposition-et-la-pression-de-logbl-ont-commence-a-porter-leurs-fruits\/","og_site_name":"OGBL","article_modified_time":"2023-06-28T12:43:14+00:00","og_image":[{"width":1024,"height":683,"url":"https:\/\/www.ogbl.lu\/wp-content\/uploads\/2016\/12\/com_nat_13_12_16-1024x683-1.jpg","type":"image\/jpeg"}],"twitter_card":"summary_large_image","twitter_misc":{"Est. reading time":"13 minutes"},"schema":{"@context":"https:\/\/schema.org","@graph":[{"@type":"WebPage","@id":"https:\/\/www.ogbl.lu\/communique\/lopposition-et-la-pression-de-logbl-ont-commence-a-porter-leurs-fruits\/","url":"https:\/\/www.ogbl.lu\/communique\/lopposition-et-la-pression-de-logbl-ont-commence-a-porter-leurs-fruits\/","name":"[:fr]L\u2019opposition et la pression de l\u2019OGBL ont commenc\u00e9 \u00e0 porter leurs fruits[:de]Der Widerstand und der Druck des OGBL haben angefangen Fr\u00fcchte zu tragen[:en]L\u2019opposition et la pression de l\u2019OGBL ont commenc\u00e9 \u00e0 porter leurs fruits[:] - OGBL","isPartOf":{"@id":"https:\/\/www.ogbl.lu\/de\/#website"},"primaryImageOfPage":{"@id":"https:\/\/www.ogbl.lu\/communique\/lopposition-et-la-pression-de-logbl-ont-commence-a-porter-leurs-fruits\/#primaryimage"},"image":{"@id":"https:\/\/www.ogbl.lu\/communique\/lopposition-et-la-pression-de-logbl-ont-commence-a-porter-leurs-fruits\/#primaryimage"},"thumbnailUrl":"https:\/\/www.ogbl.lu\/wp-content\/uploads\/2016\/12\/com_nat_13_12_16-1024x683-1.jpg","datePublished":"2016-12-24T10:16:59+00:00","dateModified":"2023-06-28T12:43:14+00:00","breadcrumb":{"@id":"https:\/\/www.ogbl.lu\/communique\/lopposition-et-la-pression-de-logbl-ont-commence-a-porter-leurs-fruits\/#breadcrumb"},"inLanguage":"en-US","potentialAction":[{"@type":"ReadAction","target":["https:\/\/www.ogbl.lu\/communique\/lopposition-et-la-pression-de-logbl-ont-commence-a-porter-leurs-fruits\/"]}]},{"@type":"ImageObject","inLanguage":"en-US","@id":"https:\/\/www.ogbl.lu\/communique\/lopposition-et-la-pression-de-logbl-ont-commence-a-porter-leurs-fruits\/#primaryimage","url":"https:\/\/www.ogbl.lu\/wp-content\/uploads\/2016\/12\/com_nat_13_12_16-1024x683-1.jpg","contentUrl":"https:\/\/www.ogbl.lu\/wp-content\/uploads\/2016\/12\/com_nat_13_12_16-1024x683-1.jpg","width":1024,"height":683},{"@type":"BreadcrumbList","@id":"https:\/\/www.ogbl.lu\/communique\/lopposition-et-la-pression-de-logbl-ont-commence-a-porter-leurs-fruits\/#breadcrumb","itemListElement":[{"@type":"ListItem","position":1,"name":"Home","item":"https:\/\/www.ogbl.lu\/"},{"@type":"ListItem","position":2,"name":"L\u2019opposition et la pression de l\u2019OGBL ont commenc\u00e9 \u00e0 porter leurs fruits"}]},{"@type":"WebSite","@id":"https:\/\/www.ogbl.lu\/de\/#website","url":"https:\/\/www.ogbl.lu\/de\/","name":"OGBL","description":"THE TRADE UNION","publisher":{"@id":"https:\/\/www.ogbl.lu\/de\/#organization"},"potentialAction":[{"@type":"SearchAction","target":{"@type":"EntryPoint","urlTemplate":"https:\/\/www.ogbl.lu\/de\/?s={search_term_string}"},"query-input":"required name=search_term_string"}],"inLanguage":"en-US"},{"@type":"Organization","@id":"https:\/\/www.ogbl.lu\/de\/#organization","name":"OGBL","url":"https:\/\/www.ogbl.lu\/de\/","logo":{"@type":"ImageObject","inLanguage":"en-US","@id":"https:\/\/www.ogbl.lu\/de\/#\/schema\/logo\/image\/","url":"https:\/\/www.ogbl.lu\/wp-content\/uploads\/2024\/07\/LOGO_Red_FR-svg.png","contentUrl":"https:\/\/www.ogbl.lu\/wp-content\/uploads\/2024\/07\/LOGO_Red_FR-svg.png","width":369,"height":171,"caption":"OGBL"},"image":{"@id":"https:\/\/www.ogbl.lu\/de\/#\/schema\/logo\/image\/"}}]}},"_links":{"self":[{"href":"https:\/\/www.ogbl.lu\/en\/wp-json\/wp\/v2\/communiques\/2140"}],"collection":[{"href":"https:\/\/www.ogbl.lu\/en\/wp-json\/wp\/v2\/communiques"}],"about":[{"href":"https:\/\/www.ogbl.lu\/en\/wp-json\/wp\/v2\/types\/communiques"}],"author":[{"embeddable":true,"href":"https:\/\/www.ogbl.lu\/en\/wp-json\/wp\/v2\/users\/1"}],"version-history":[{"count":0,"href":"https:\/\/www.ogbl.lu\/en\/wp-json\/wp\/v2\/communiques\/2140\/revisions"}],"wp:featuredmedia":[{"embeddable":true,"href":"https:\/\/www.ogbl.lu\/en\/wp-json\/wp\/v2\/media\/3971"}],"wp:attachment":[{"href":"https:\/\/www.ogbl.lu\/en\/wp-json\/wp\/v2\/media?parent=2140"}],"wp:term":[{"taxonomy":"categorie_communiques","embeddable":true,"href":"https:\/\/www.ogbl.lu\/en\/wp-json\/wp\/v2\/categorie_communiques?post=2140"},{"taxonomy":"syndicat","embeddable":true,"href":"https:\/\/www.ogbl.lu\/en\/wp-json\/wp\/v2\/syndicat?post=2140"}],"curies":[{"name":"wp","href":"https:\/\/api.w.org\/{rel}","templated":true}]}}