{"id":2127,"date":"2016-11-24T15:45:07","date_gmt":"2016-11-24T14:45:07","guid":{"rendered":"https:\/\/www.ogbl.lu\/communiques\/nentamons-pas-la-revolution-3-0-avec-une-deterioration-en-matiere-de-protection-des-donnees-et-de-surveillance-sur-le-lieu-de-travail"},"modified":"2023-06-29T10:25:21","modified_gmt":"2023-06-29T08:25:21","slug":"nentamons-pas-la-revolution-3-0-avec-une-deterioration-en-matiere-de-protection-des-donnees-et-de-surveillance-sur-le-lieu-de-travail","status":"publish","type":"communiques","link":"https:\/\/www.ogbl.lu\/en\/communique\/nentamons-pas-la-revolution-3-0-avec-une-deterioration-en-matiere-de-protection-des-donnees-et-de-surveillance-sur-le-lieu-de-travail\/","title":{"rendered":"N\u2019entamons pas la r\u00e9volution 3.0 avec une d\u00e9t\u00e9rioration en mati\u00e8re de protection des donn\u00e9es et de surveillance sur le lieu de travail!"},"content":{"rendered":"<p class=\"qtranxs-available-languages-message qtranxs-available-languages-message-en\"> <\/p><p>Le gouvernement a d\u00e9pos\u00e9 un projet de loi inacceptable qui, s\u2019il devait \u00eatre vot\u00e9 par la Chambre des d\u00e9put\u00e9s, d\u00e9t\u00e9riorera drastiquement la protection de la sph\u00e8re priv\u00e9e et des droits individuels des salari\u00e9s.<\/p>\n<p>Pour rappel, le droit du travail luxembourgeois autorise une surveillance sur le lieu de travail, uniquement dans des cas clairement d\u00e9finis. L\u2019article L.261-1 du droit du travail r\u00e8gle la r\u00e9colte et le traitement de donn\u00e9es sur le lieu de travail. La loi les limite aux fins suivantes: les besoins de sant\u00e9 et de s\u00e9curit\u00e9 des salari\u00e9s, la protection des biens de l\u2019entreprise, la surveillance des processus de production portant uniquement sur les machines, la surveillance dans une dur\u00e9e limit\u00e9e des performances du salari\u00e9 sous condition que celle-ci soit indispensable pour l\u2019\u00e9tablissement exacte du salaire, ainsi que le relev\u00e9 de donn\u00e9es dans le cadre d\u2019une organisation du travail selon l\u2019horaire mobile. Par ailleurs, la collecte et le traitement de donn\u00e9es sont soumis dans les entreprises de plus de 150 salari\u00e9s \u00e0 la cogestion.<\/p>\n<p>La loi actuelle (toujours en vigueur) sur la protection des donn\u00e9es oblige tout employeur qui souhaite introduire une surveillance de donn\u00e9es, \u00e0 demander une autorisation \u00e0 cet effet aupr\u00e8s de la Commission nationale pour la protection des donn\u00e9es (CNPD). L\u2019employeur ne peut mettre en pratique la surveillance vis\u00e9e qu\u2019apr\u00e8s en \u00a0avoir re\u00e7u l\u2019autorisation.<\/p>\n<p>Aussi bien les dispositions du droit du travail que ceux relevant de la loi g\u00e9n\u00e9rale relative \u00e0 la protection des donn\u00e9es sont d\u2019une importance primordiale pour la protection de la sph\u00e8re priv\u00e9e et des droits individuels des salari\u00e9s. Le gouvernement veut abolir cet important principe au profit du principe subalterne de la\u00a0 simplification administrative.<\/p>\n<p>Le principe de pr\u00e9caution, en l\u2019occurrence, l\u2019autorisation pr\u00e9alable de la Commission nationale pour la protection des donn\u00e9es, devrait \u00eatre abolie et remplac\u00e9e par une proc\u00e9dure consistant en une simple notification. Cette d\u00e9t\u00e9rioration gravissime de la protection l\u00e9gale en mati\u00e8re de donn\u00e9es et de surveillance va ouvrir grandes les portes aux abus et miner l\u2019application dans la pratique des mesures de protection relevant du droit du travail. L\u2019\u00e9quilibre entre les int\u00e9r\u00eats l\u00e9gitimes d\u2019une entreprise et le droit des salari\u00e9s \u00e0 la protection de leur sph\u00e8re priv\u00e9e sur leur lieu de travail va \u00eatre fortement alt\u00e9r\u00e9e aux d\u00e9pens des salari\u00e9s.<\/p>\n<p>L\u2019autorisation pr\u00e9alable par la Commission nationale pour la protection des donn\u00e9es (CNPD) permet tout particuli\u00e8rement d\u2019estimer les conditions concr\u00e8tes de surveillance, par exemple d\u2019une vid\u00e9osurveillance: la surveillance est-elle permanente (ce qui est interdit) ou seulement ponctuelle? Dans quelle mesure la sph\u00e8re priv\u00e9e du salari\u00e9 est-elle affect\u00e9e? Pendant combien de temps les donn\u00e9es r\u00e9colt\u00e9es sont-elles stock\u00e9es?<\/p>\n<p>L\u2019abandon du principe de pr\u00e9caution signifierait concr\u00e8tement que ces questions ne seraient pas r\u00e9gl\u00e9es au pr\u00e9alable et que l\u2019employeur, surtout dans les entreprises dans lesquelles une d\u00e9cision commune du comit\u00e9 mixte n\u2019est pas n\u00e9cessaire, pourrait passer outre les diff\u00e9rentes restrictions existantes, tout particuli\u00e8rement en mati\u00e8re de surveillance \u00e0 plein temps des salari\u00e9s, en mati\u00e8re d\u2019enregistrements sonores et de non-effacement des donn\u00e9es r\u00e9colt\u00e9es. La seule possibilit\u00e9 qui resterait au salari\u00e9, m\u00eame dans le cas d\u2019une atteinte directe \u00e0 ses droits et libert\u00e9s fondamentales, consisterait \u00e0 citer en justice son employeur pour non-respect de ces restrictions. Quel salari\u00e9 serait dispos\u00e9 \u00e0 le faire?<\/p>\n<p>La situation est claire. S\u2019il est adopt\u00e9, le projet de loi du gouvernement va avoir des cons\u00e9quences tr\u00e8s graves \u00a0sur la protection de la sph\u00e8re priv\u00e9e des salari\u00e9s. Le projet de loi est en totale contradiction avec l\u2019intention initiale de la loi relative \u00e0 la protection des donn\u00e9es, \u00e0 savoir, justement, de garantir la protection des droits et libert\u00e9s des individus et de tracer des limites claires \u00e0 une surveillance non-justifi\u00e9e.<\/p>\n<p>Alors que la surveillance s\u2019accroit dans tous les domaines de la vie et que par l\u00e0, la sph\u00e8re priv\u00e9e se restreint de plus en plus, ce serait assur\u00e9ment une erreur de mettre l\u2019accent sur la \u00absimplification administrative\u00bb dans le domaine de la protection des donn\u00e9es. Au contraire, il est n\u00e9cessaire de renforcer les moyens de contr\u00f4le et de sanction de la Commission nationale pour la protection des donn\u00e9es.<\/p>\n<p>Dans le cadre de \u00abl\u2019\u00e9tude Rifkin\u00bb, le gouvernement a pr\u00e9sent\u00e9 la digitalisation de l\u2019\u00e9conomie et de la soci\u00e9t\u00e9 comme une \u00abr\u00e9volution\u00bb pour le bien et dans l\u2018int\u00e9r\u00eat des femmes et des hommes. Une d\u00e9gradation de la protection des donn\u00e9es va cependant dans le sens inverse.<\/p>\n<p>Pour cette raison, l\u2019OGBL demande avec insistance au gouvernement de retirer son projet de loi relatif \u00e0 la protection des donn\u00e9es. L\u2019autorisation pr\u00e9alable dans tous les domaines, notamment celle en relation avec la surveillance sur le lieu de travail, doit \u00eatre conserv\u00e9e.<\/p>\n<p><b>Communiqu\u00e9 par l\u2018OGBL<br \/>\nle 24 novembre 2016<\/b><\/p>","protected":false},"author":1,"featured_media":0,"template":"","categorie_communiques":[41],"syndicat":[],"acf":[],"yoast_head":"<!-- This site is optimized with the Yoast SEO plugin v23.1 - https:\/\/yoast.com\/wordpress\/plugins\/seo\/ -->\r\n<title>N\u2019entamons pas la r\u00e9volution 3.0 avec une d\u00e9t\u00e9rioration en mati\u00e8re de protection des donn\u00e9es et de surveillance sur le lieu de travail! - OGBL<\/title>\r\n<meta name=\"robots\" content=\"index, follow, max-snippet:-1, max-image-preview:large, max-video-preview:-1\" \/>\r\n<link rel=\"canonical\" href=\"https:\/\/www.ogbl.lu\/communique\/nentamons-pas-la-revolution-3-0-avec-une-deterioration-en-matiere-de-protection-des-donnees-et-de-surveillance-sur-le-lieu-de-travail\/\" \/>\r\n<meta property=\"og:locale\" content=\"en_US\" \/>\r\n<meta property=\"og:type\" content=\"article\" \/>\r\n<meta property=\"og:title\" content=\"[:fr]N\u2019entamons pas la r\u00e9volution 3.0 avec une d\u00e9t\u00e9rioration en mati\u00e8re de protection des donn\u00e9es et de surveillance sur le lieu de travail![:de]Beginnen wir die Revolution 3.0 nicht mit einer Verschlechterung des Daten- und \u00dcberwachungsschutzes am Arbeitsplatz![:en]N\u2019entamons pas la r\u00e9volution 3.0 avec une d\u00e9t\u00e9rioration en mati\u00e8re de protection des donn\u00e9es et de surveillance sur le lieu de travail![:] - OGBL\" \/>\r\n<meta property=\"og:description\" content=\"Le gouvernement a d\u00e9pos\u00e9 un projet de loi inacceptable qui, s\u2019il devait \u00eatre vot\u00e9 par la Chambre des d\u00e9put\u00e9s, d\u00e9t\u00e9riorera \u2026\" \/>\r\n<meta property=\"og:url\" content=\"https:\/\/www.ogbl.lu\/communique\/nentamons-pas-la-revolution-3-0-avec-une-deterioration-en-matiere-de-protection-des-donnees-et-de-surveillance-sur-le-lieu-de-travail\/\" \/>\r\n<meta property=\"og:site_name\" content=\"OGBL\" \/>\r\n<meta property=\"article:modified_time\" content=\"2023-06-29T08:25:21+00:00\" \/>\r\n<meta name=\"twitter:card\" content=\"summary_large_image\" \/>\r\n<meta name=\"twitter:label1\" content=\"Est. reading time\" \/>\n\t<meta name=\"twitter:data1\" content=\"8 minutes\" \/>\r\n<script type=\"application\/ld+json\" class=\"yoast-schema-graph\">{\"@context\":\"https:\/\/schema.org\",\"@graph\":[{\"@type\":\"WebPage\",\"@id\":\"https:\/\/www.ogbl.lu\/communique\/nentamons-pas-la-revolution-3-0-avec-une-deterioration-en-matiere-de-protection-des-donnees-et-de-surveillance-sur-le-lieu-de-travail\/\",\"url\":\"https:\/\/www.ogbl.lu\/communique\/nentamons-pas-la-revolution-3-0-avec-une-deterioration-en-matiere-de-protection-des-donnees-et-de-surveillance-sur-le-lieu-de-travail\/\",\"name\":\"[:fr]N\u2019entamons pas la r\u00e9volution 3.0 avec une d\u00e9t\u00e9rioration en mati\u00e8re de protection des donn\u00e9es et de surveillance sur le lieu de travail![:de]Beginnen wir die Revolution 3.0 nicht mit einer Verschlechterung des Daten- und \u00dcberwachungsschutzes am Arbeitsplatz![:en]N\u2019entamons pas la r\u00e9volution 3.0 avec une d\u00e9t\u00e9rioration en mati\u00e8re de protection des donn\u00e9es et de surveillance sur le lieu de travail![:] - OGBL\",\"isPartOf\":{\"@id\":\"https:\/\/www.ogbl.lu\/de\/#website\"},\"datePublished\":\"2016-11-24T14:45:07+00:00\",\"dateModified\":\"2023-06-29T08:25:21+00:00\",\"breadcrumb\":{\"@id\":\"https:\/\/www.ogbl.lu\/communique\/nentamons-pas-la-revolution-3-0-avec-une-deterioration-en-matiere-de-protection-des-donnees-et-de-surveillance-sur-le-lieu-de-travail\/#breadcrumb\"},\"inLanguage\":\"en-US\",\"potentialAction\":[{\"@type\":\"ReadAction\",\"target\":[\"https:\/\/www.ogbl.lu\/communique\/nentamons-pas-la-revolution-3-0-avec-une-deterioration-en-matiere-de-protection-des-donnees-et-de-surveillance-sur-le-lieu-de-travail\/\"]}]},{\"@type\":\"BreadcrumbList\",\"@id\":\"https:\/\/www.ogbl.lu\/communique\/nentamons-pas-la-revolution-3-0-avec-une-deterioration-en-matiere-de-protection-des-donnees-et-de-surveillance-sur-le-lieu-de-travail\/#breadcrumb\",\"itemListElement\":[{\"@type\":\"ListItem\",\"position\":1,\"name\":\"Home\",\"item\":\"https:\/\/www.ogbl.lu\/\"},{\"@type\":\"ListItem\",\"position\":2,\"name\":\"N\u2019entamons pas la r\u00e9volution 3.0 avec une d\u00e9t\u00e9rioration en mati\u00e8re de protection des donn\u00e9es et de surveillance sur le lieu de travail!\"}]},{\"@type\":\"WebSite\",\"@id\":\"https:\/\/www.ogbl.lu\/de\/#website\",\"url\":\"https:\/\/www.ogbl.lu\/de\/\",\"name\":\"OGBL\",\"description\":\"THE TRADE UNION\",\"publisher\":{\"@id\":\"https:\/\/www.ogbl.lu\/de\/#organization\"},\"potentialAction\":[{\"@type\":\"SearchAction\",\"target\":{\"@type\":\"EntryPoint\",\"urlTemplate\":\"https:\/\/www.ogbl.lu\/de\/?s={search_term_string}\"},\"query-input\":\"required name=search_term_string\"}],\"inLanguage\":\"en-US\"},{\"@type\":\"Organization\",\"@id\":\"https:\/\/www.ogbl.lu\/de\/#organization\",\"name\":\"OGBL\",\"url\":\"https:\/\/www.ogbl.lu\/de\/\",\"logo\":{\"@type\":\"ImageObject\",\"inLanguage\":\"en-US\",\"@id\":\"https:\/\/www.ogbl.lu\/de\/#\/schema\/logo\/image\/\",\"url\":\"https:\/\/www.ogbl.lu\/wp-content\/uploads\/2024\/07\/LOGO_Red_FR-svg.png\",\"contentUrl\":\"https:\/\/www.ogbl.lu\/wp-content\/uploads\/2024\/07\/LOGO_Red_FR-svg.png\",\"width\":369,\"height\":171,\"caption\":\"OGBL\"},\"image\":{\"@id\":\"https:\/\/www.ogbl.lu\/de\/#\/schema\/logo\/image\/\"}}]}<\/script>\r\n<!-- \/ Yoast SEO plugin. -->","yoast_head_json":{"title":"[:fr]N\u2019entamons pas la r\u00e9volution 3.0 avec une d\u00e9t\u00e9rioration en mati\u00e8re de protection des donn\u00e9es et de surveillance sur le lieu de travail![:de]Beginnen wir die Revolution 3.0 nicht mit einer Verschlechterung des Daten- und \u00dcberwachungsschutzes am Arbeitsplatz![:en]N\u2019entamons pas la r\u00e9volution 3.0 avec une d\u00e9t\u00e9rioration en mati\u00e8re de protection des donn\u00e9es et de surveillance sur le lieu de travail![:] - OGBL","robots":{"index":"index","follow":"follow","max-snippet":"max-snippet:-1","max-image-preview":"max-image-preview:large","max-video-preview":"max-video-preview:-1"},"canonical":"https:\/\/www.ogbl.lu\/communique\/nentamons-pas-la-revolution-3-0-avec-une-deterioration-en-matiere-de-protection-des-donnees-et-de-surveillance-sur-le-lieu-de-travail\/","og_locale":"en_US","og_type":"article","og_title":"[:fr]N\u2019entamons pas la r\u00e9volution 3.0 avec une d\u00e9t\u00e9rioration en mati\u00e8re de protection des donn\u00e9es et de surveillance sur le lieu de travail![:de]Beginnen wir die Revolution 3.0 nicht mit einer Verschlechterung des Daten- und \u00dcberwachungsschutzes am Arbeitsplatz![:en]N\u2019entamons pas la r\u00e9volution 3.0 avec une d\u00e9t\u00e9rioration en mati\u00e8re de protection des donn\u00e9es et de surveillance sur le lieu de travail![:] - OGBL","og_description":"Le gouvernement a d\u00e9pos\u00e9 un projet de loi inacceptable qui, s\u2019il devait \u00eatre vot\u00e9 par la Chambre des d\u00e9put\u00e9s, d\u00e9t\u00e9riorera \u2026","og_url":"https:\/\/www.ogbl.lu\/communique\/nentamons-pas-la-revolution-3-0-avec-une-deterioration-en-matiere-de-protection-des-donnees-et-de-surveillance-sur-le-lieu-de-travail\/","og_site_name":"OGBL","article_modified_time":"2023-06-29T08:25:21+00:00","twitter_card":"summary_large_image","twitter_misc":{"Est. reading time":"8 minutes"},"schema":{"@context":"https:\/\/schema.org","@graph":[{"@type":"WebPage","@id":"https:\/\/www.ogbl.lu\/communique\/nentamons-pas-la-revolution-3-0-avec-une-deterioration-en-matiere-de-protection-des-donnees-et-de-surveillance-sur-le-lieu-de-travail\/","url":"https:\/\/www.ogbl.lu\/communique\/nentamons-pas-la-revolution-3-0-avec-une-deterioration-en-matiere-de-protection-des-donnees-et-de-surveillance-sur-le-lieu-de-travail\/","name":"[:fr]N\u2019entamons pas la r\u00e9volution 3.0 avec une d\u00e9t\u00e9rioration en mati\u00e8re de protection des donn\u00e9es et de surveillance sur le lieu de travail![:de]Beginnen wir die Revolution 3.0 nicht mit einer Verschlechterung des Daten- und \u00dcberwachungsschutzes am Arbeitsplatz![:en]N\u2019entamons pas la r\u00e9volution 3.0 avec une d\u00e9t\u00e9rioration en mati\u00e8re de protection des donn\u00e9es et de surveillance sur le lieu de travail![:] - OGBL","isPartOf":{"@id":"https:\/\/www.ogbl.lu\/de\/#website"},"datePublished":"2016-11-24T14:45:07+00:00","dateModified":"2023-06-29T08:25:21+00:00","breadcrumb":{"@id":"https:\/\/www.ogbl.lu\/communique\/nentamons-pas-la-revolution-3-0-avec-une-deterioration-en-matiere-de-protection-des-donnees-et-de-surveillance-sur-le-lieu-de-travail\/#breadcrumb"},"inLanguage":"en-US","potentialAction":[{"@type":"ReadAction","target":["https:\/\/www.ogbl.lu\/communique\/nentamons-pas-la-revolution-3-0-avec-une-deterioration-en-matiere-de-protection-des-donnees-et-de-surveillance-sur-le-lieu-de-travail\/"]}]},{"@type":"BreadcrumbList","@id":"https:\/\/www.ogbl.lu\/communique\/nentamons-pas-la-revolution-3-0-avec-une-deterioration-en-matiere-de-protection-des-donnees-et-de-surveillance-sur-le-lieu-de-travail\/#breadcrumb","itemListElement":[{"@type":"ListItem","position":1,"name":"Home","item":"https:\/\/www.ogbl.lu\/"},{"@type":"ListItem","position":2,"name":"N\u2019entamons pas la r\u00e9volution 3.0 avec une d\u00e9t\u00e9rioration en mati\u00e8re de protection des donn\u00e9es et de surveillance sur le lieu de travail!"}]},{"@type":"WebSite","@id":"https:\/\/www.ogbl.lu\/de\/#website","url":"https:\/\/www.ogbl.lu\/de\/","name":"OGBL","description":"THE TRADE UNION","publisher":{"@id":"https:\/\/www.ogbl.lu\/de\/#organization"},"potentialAction":[{"@type":"SearchAction","target":{"@type":"EntryPoint","urlTemplate":"https:\/\/www.ogbl.lu\/de\/?s={search_term_string}"},"query-input":"required name=search_term_string"}],"inLanguage":"en-US"},{"@type":"Organization","@id":"https:\/\/www.ogbl.lu\/de\/#organization","name":"OGBL","url":"https:\/\/www.ogbl.lu\/de\/","logo":{"@type":"ImageObject","inLanguage":"en-US","@id":"https:\/\/www.ogbl.lu\/de\/#\/schema\/logo\/image\/","url":"https:\/\/www.ogbl.lu\/wp-content\/uploads\/2024\/07\/LOGO_Red_FR-svg.png","contentUrl":"https:\/\/www.ogbl.lu\/wp-content\/uploads\/2024\/07\/LOGO_Red_FR-svg.png","width":369,"height":171,"caption":"OGBL"},"image":{"@id":"https:\/\/www.ogbl.lu\/de\/#\/schema\/logo\/image\/"}}]}},"_links":{"self":[{"href":"https:\/\/www.ogbl.lu\/en\/wp-json\/wp\/v2\/communiques\/2127"}],"collection":[{"href":"https:\/\/www.ogbl.lu\/en\/wp-json\/wp\/v2\/communiques"}],"about":[{"href":"https:\/\/www.ogbl.lu\/en\/wp-json\/wp\/v2\/types\/communiques"}],"author":[{"embeddable":true,"href":"https:\/\/www.ogbl.lu\/en\/wp-json\/wp\/v2\/users\/1"}],"version-history":[{"count":0,"href":"https:\/\/www.ogbl.lu\/en\/wp-json\/wp\/v2\/communiques\/2127\/revisions"}],"wp:attachment":[{"href":"https:\/\/www.ogbl.lu\/en\/wp-json\/wp\/v2\/media?parent=2127"}],"wp:term":[{"taxonomy":"categorie_communiques","embeddable":true,"href":"https:\/\/www.ogbl.lu\/en\/wp-json\/wp\/v2\/categorie_communiques?post=2127"},{"taxonomy":"syndicat","embeddable":true,"href":"https:\/\/www.ogbl.lu\/en\/wp-json\/wp\/v2\/syndicat?post=2127"}],"curies":[{"name":"wp","href":"https:\/\/api.w.org\/{rel}","templated":true}]}}