{"id":2123,"date":"2016-11-07T15:12:49","date_gmt":"2016-11-07T14:12:49","guid":{"rendered":"https:\/\/www.ogbl.lu\/communiques\/logbl-insiste-sur-la-necessite-dintroduire-un-mecanisme-dadaptation-du-bareme-dimposition-a-levolution-des-prix"},"modified":"2023-06-29T10:25:41","modified_gmt":"2023-06-29T08:25:41","slug":"logbl-insiste-sur-la-necessite-dintroduire-un-mecanisme-dadaptation-du-bareme-dimposition-a-levolution-des-prix","status":"publish","type":"communiques","link":"https:\/\/www.ogbl.lu\/en\/communique\/logbl-insiste-sur-la-necessite-dintroduire-un-mecanisme-dadaptation-du-bareme-dimposition-a-levolution-des-prix\/","title":{"rendered":"L\u2019OGBL insiste sur la n\u00e9cessit\u00e9 d\u2019introduire un m\u00e9canisme d\u2019adaptation du bar\u00e8me d\u2019imposition \u00e0 l\u2019\u00e9volution des prix"},"content":{"rendered":"<p class=\"qtranxs-available-languages-message qtranxs-available-languages-message-en\"> <\/p><p><a href=\"https:\/\/www.ogbl.lu\/wp-content\/uploads\/communiques\/illustration_reforme_fiscale.gif\"><img loading=\"lazy\" decoding=\"async\" class=\"alignleft size-full wp-image-19849\" src=\"https:\/\/www.ogbl.lu\/wp-content\/uploads\/communiques\/illustration_reforme_fiscale.gif\" alt=\"illustration_reforme_fiscale\" width=\"350\" height=\"267\" \/><\/a>Comme il l\u2019a d\u00e9j\u00e0 exprim\u00e9, l\u2019OGBL porte une appr\u00e9ciation globalement positive sur le projet de r\u00e9forme fiscale pr\u00e9sent\u00e9 par le gouvernement. Bien que la r\u00e9forme propos\u00e9e reste d\u00e9cevante en mati\u00e8re d\u2019imposition des revenus du capital et ainsi ne vienne pas inverser la tendance qui permettrait de r\u00e9tablir davantage d\u2019\u00e9quit\u00e9 fiscale entre entreprises et personnes physiques, cette r\u00e9forme comporte n\u00e9anmoins de r\u00e9els all\u00e8gements de la charge fiscale pesant sur les salari\u00e9s et les pensionn\u00e9s et contribue, de ce fait, \u00e0 renforcer leur pouvoir d\u2019achat. Inutile de rappeler que celui-ci a \u00e9t\u00e9 fortement mis \u00e0 mal par les mesures d\u2019aust\u00e9rit\u00e9 successives au cours de ces derni\u00e8res ann\u00e9es.<\/p>\n<p>Cet effet positif sur le pouvoir d\u2019achat des salari\u00e9s et des pensionn\u00e9s risque cependant de s\u2019essouffler assez rapidement, si le gouvernement ne pr\u00e9voit pas l\u2019introduction d\u2019un m\u00e9canisme d\u2019adaptation du bar\u00e8me d\u2019imposition \u00e0 l\u2019inflation. Sans un tel m\u00e9canisme, une augmentation insidieuse de l\u2019imposition s\u2019op\u00e9rera automatiquement, r\u00e9duisant progressivement \u00e0 n\u00e9ant la diminution de la charge fiscale vis\u00e9e pr\u00e9cis\u00e9ment par le projet de r\u00e9forme du gouvernement.<\/p>\n<p>Rappelons dans ce contexte qu\u2019aucune adaptation du bar\u00e8me d\u2019imposition n\u2019a eu lieu depuis 2009. Cette non-adaptation, qui peut \u00eatre consid\u00e9r\u00e9e comme une \u00abprogression froide\u00bb (\u00abkalte Progression\u00bb), s\u2019est traduite par une augmentation consid\u00e9rable de la charge fiscale. Selon les calculs de la Banque centrale du Luxembourg (BCL), qui table sur une inflation cumul\u00e9e de 9% entre 2009 et 2016, les recettes fiscales suppl\u00e9mentaires engendr\u00e9es par cette d\u00e9sindexation du bar\u00e8me fiscale s\u2019\u00e9l\u00e8verait \u00e0 environ 300 millions d\u2019euros. Suivant la Chambre des salari\u00e9s, qui estime que la croissance r\u00e9elle de l\u2019inflation sur cette m\u00eame p\u00e9riode s\u2019\u00e9l\u00e8ve \u00e0 13%, la charge fiscale suppl\u00e9mentaire engendr\u00e9e par cette d\u00e9sindexation est \u00e9videmment encore plus \u00e9lev\u00e9e.<\/p>\n<p>L\u2019OGBL demande que le gouvernement soumette deux amendements au projet de r\u00e9forme fiscale. D\u2019abord, le bar\u00e8me d\u2019imposition doit d\u00e9j\u00e0 prendre en compte la prochaine tranche indiciaire et \u00eatre adapt\u00e9 en cons\u00e9quence. Ensuite, un m\u00e9canisme visant une adaptation r\u00e9guli\u00e8re du bar\u00e8me d\u2019imposition \u00e0 l\u2019inflation doit \u00eatre r\u00e9introduit.<\/p>\n<p><b>Communiqu\u00e9 par l\u2018OGBL<br \/>\nle 7 novembre 2016<\/b><\/p>","protected":false},"author":1,"featured_media":3984,"template":"","categorie_communiques":[41],"syndicat":[],"acf":[],"yoast_head":"<!-- This site is optimized with the Yoast SEO plugin v23.1 - https:\/\/yoast.com\/wordpress\/plugins\/seo\/ -->\r\n<title>L\u2019OGBL insiste sur la n\u00e9cessit\u00e9 d\u2019introduire un m\u00e9canisme d\u2019adaptation du bar\u00e8me d\u2019imposition \u00e0 l\u2019\u00e9volution des prix - OGBL<\/title>\r\n<meta name=\"robots\" content=\"index, follow, max-snippet:-1, max-image-preview:large, max-video-preview:-1\" \/>\r\n<link rel=\"canonical\" href=\"https:\/\/www.ogbl.lu\/communique\/logbl-insiste-sur-la-necessite-dintroduire-un-mecanisme-dadaptation-du-bareme-dimposition-a-levolution-des-prix\/\" \/>\r\n<meta property=\"og:locale\" content=\"en_US\" \/>\r\n<meta property=\"og:type\" content=\"article\" \/>\r\n<meta property=\"og:title\" content=\"[:fr]L\u2019OGBL insiste sur la n\u00e9cessit\u00e9 d\u2019introduire un m\u00e9canisme d\u2019adaptation du bar\u00e8me d\u2019imposition \u00e0 l\u2019\u00e9volution des prix[:de]Der OGBL besteht auf die notwendige Einf\u00fchrung eines Anpassungsmechanismus der Steuertabelle an die Preisentwicklung[:en]L\u2019OGBL insiste sur la n\u00e9cessit\u00e9 d\u2019introduire un m\u00e9canisme d\u2019adaptation du bar\u00e8me d\u2019imposition \u00e0 l\u2019\u00e9volution des prix[:] - OGBL\" \/>\r\n<meta property=\"og:description\" content=\"Comme il l\u2019a d\u00e9j\u00e0 exprim\u00e9, l\u2019OGBL porte une appr\u00e9ciation globalement positive sur le projet de r\u00e9forme fiscale pr\u00e9sent\u00e9 par le \u2026\" \/>\r\n<meta property=\"og:url\" content=\"https:\/\/www.ogbl.lu\/communique\/logbl-insiste-sur-la-necessite-dintroduire-un-mecanisme-dadaptation-du-bareme-dimposition-a-levolution-des-prix\/\" \/>\r\n<meta property=\"og:site_name\" content=\"OGBL\" \/>\r\n<meta property=\"article:modified_time\" content=\"2023-06-29T08:25:41+00:00\" \/>\r\n<meta property=\"og:image\" content=\"https:\/\/www.ogbl.lu\/wp-content\/uploads\/2016\/11\/illustration_reforme_fiscale.gif\" \/>\r\n\t<meta property=\"og:image:width\" content=\"350\" \/>\r\n\t<meta property=\"og:image:height\" content=\"267\" \/>\r\n\t<meta property=\"og:image:type\" content=\"image\/gif\" \/>\r\n<meta name=\"twitter:card\" content=\"summary_large_image\" \/>\r\n<meta name=\"twitter:label1\" content=\"Est. reading time\" \/>\n\t<meta name=\"twitter:data1\" content=\"4 minutes\" \/>\r\n<script type=\"application\/ld+json\" class=\"yoast-schema-graph\">{\"@context\":\"https:\/\/schema.org\",\"@graph\":[{\"@type\":\"WebPage\",\"@id\":\"https:\/\/www.ogbl.lu\/communique\/logbl-insiste-sur-la-necessite-dintroduire-un-mecanisme-dadaptation-du-bareme-dimposition-a-levolution-des-prix\/\",\"url\":\"https:\/\/www.ogbl.lu\/communique\/logbl-insiste-sur-la-necessite-dintroduire-un-mecanisme-dadaptation-du-bareme-dimposition-a-levolution-des-prix\/\",\"name\":\"[:fr]L\u2019OGBL insiste sur la n\u00e9cessit\u00e9 d\u2019introduire un m\u00e9canisme d\u2019adaptation du bar\u00e8me d\u2019imposition \u00e0 l\u2019\u00e9volution des prix[:de]Der OGBL besteht auf die notwendige Einf\u00fchrung eines Anpassungsmechanismus der Steuertabelle an die Preisentwicklung[:en]L\u2019OGBL insiste sur la n\u00e9cessit\u00e9 d\u2019introduire un m\u00e9canisme d\u2019adaptation du bar\u00e8me d\u2019imposition \u00e0 l\u2019\u00e9volution des prix[:] - OGBL\",\"isPartOf\":{\"@id\":\"https:\/\/www.ogbl.lu\/de\/#website\"},\"primaryImageOfPage\":{\"@id\":\"https:\/\/www.ogbl.lu\/communique\/logbl-insiste-sur-la-necessite-dintroduire-un-mecanisme-dadaptation-du-bareme-dimposition-a-levolution-des-prix\/#primaryimage\"},\"image\":{\"@id\":\"https:\/\/www.ogbl.lu\/communique\/logbl-insiste-sur-la-necessite-dintroduire-un-mecanisme-dadaptation-du-bareme-dimposition-a-levolution-des-prix\/#primaryimage\"},\"thumbnailUrl\":\"https:\/\/www.ogbl.lu\/wp-content\/uploads\/2016\/11\/illustration_reforme_fiscale.gif\",\"datePublished\":\"2016-11-07T14:12:49+00:00\",\"dateModified\":\"2023-06-29T08:25:41+00:00\",\"breadcrumb\":{\"@id\":\"https:\/\/www.ogbl.lu\/communique\/logbl-insiste-sur-la-necessite-dintroduire-un-mecanisme-dadaptation-du-bareme-dimposition-a-levolution-des-prix\/#breadcrumb\"},\"inLanguage\":\"en-US\",\"potentialAction\":[{\"@type\":\"ReadAction\",\"target\":[\"https:\/\/www.ogbl.lu\/communique\/logbl-insiste-sur-la-necessite-dintroduire-un-mecanisme-dadaptation-du-bareme-dimposition-a-levolution-des-prix\/\"]}]},{\"@type\":\"ImageObject\",\"inLanguage\":\"en-US\",\"@id\":\"https:\/\/www.ogbl.lu\/communique\/logbl-insiste-sur-la-necessite-dintroduire-un-mecanisme-dadaptation-du-bareme-dimposition-a-levolution-des-prix\/#primaryimage\",\"url\":\"https:\/\/www.ogbl.lu\/wp-content\/uploads\/2016\/11\/illustration_reforme_fiscale.gif\",\"contentUrl\":\"https:\/\/www.ogbl.lu\/wp-content\/uploads\/2016\/11\/illustration_reforme_fiscale.gif\",\"width\":350,\"height\":267},{\"@type\":\"BreadcrumbList\",\"@id\":\"https:\/\/www.ogbl.lu\/communique\/logbl-insiste-sur-la-necessite-dintroduire-un-mecanisme-dadaptation-du-bareme-dimposition-a-levolution-des-prix\/#breadcrumb\",\"itemListElement\":[{\"@type\":\"ListItem\",\"position\":1,\"name\":\"Home\",\"item\":\"https:\/\/www.ogbl.lu\/\"},{\"@type\":\"ListItem\",\"position\":2,\"name\":\"L\u2019OGBL insiste sur la n\u00e9cessit\u00e9 d\u2019introduire un m\u00e9canisme d\u2019adaptation du bar\u00e8me d\u2019imposition \u00e0 l\u2019\u00e9volution des prix\"}]},{\"@type\":\"WebSite\",\"@id\":\"https:\/\/www.ogbl.lu\/de\/#website\",\"url\":\"https:\/\/www.ogbl.lu\/de\/\",\"name\":\"OGBL\",\"description\":\"THE TRADE UNION\",\"publisher\":{\"@id\":\"https:\/\/www.ogbl.lu\/de\/#organization\"},\"potentialAction\":[{\"@type\":\"SearchAction\",\"target\":{\"@type\":\"EntryPoint\",\"urlTemplate\":\"https:\/\/www.ogbl.lu\/de\/?s={search_term_string}\"},\"query-input\":\"required name=search_term_string\"}],\"inLanguage\":\"en-US\"},{\"@type\":\"Organization\",\"@id\":\"https:\/\/www.ogbl.lu\/de\/#organization\",\"name\":\"OGBL\",\"url\":\"https:\/\/www.ogbl.lu\/de\/\",\"logo\":{\"@type\":\"ImageObject\",\"inLanguage\":\"en-US\",\"@id\":\"https:\/\/www.ogbl.lu\/de\/#\/schema\/logo\/image\/\",\"url\":\"https:\/\/www.ogbl.lu\/wp-content\/uploads\/2024\/07\/LOGO_Red_FR-svg.png\",\"contentUrl\":\"https:\/\/www.ogbl.lu\/wp-content\/uploads\/2024\/07\/LOGO_Red_FR-svg.png\",\"width\":369,\"height\":171,\"caption\":\"OGBL\"},\"image\":{\"@id\":\"https:\/\/www.ogbl.lu\/de\/#\/schema\/logo\/image\/\"}}]}<\/script>\r\n<!-- \/ Yoast SEO plugin. -->","yoast_head_json":{"title":"[:fr]L\u2019OGBL insiste sur la n\u00e9cessit\u00e9 d\u2019introduire un m\u00e9canisme d\u2019adaptation du bar\u00e8me d\u2019imposition \u00e0 l\u2019\u00e9volution des prix[:de]Der OGBL besteht auf die notwendige Einf\u00fchrung eines Anpassungsmechanismus der Steuertabelle an die Preisentwicklung[:en]L\u2019OGBL insiste sur la n\u00e9cessit\u00e9 d\u2019introduire un m\u00e9canisme d\u2019adaptation du bar\u00e8me d\u2019imposition \u00e0 l\u2019\u00e9volution des prix[:] - OGBL","robots":{"index":"index","follow":"follow","max-snippet":"max-snippet:-1","max-image-preview":"max-image-preview:large","max-video-preview":"max-video-preview:-1"},"canonical":"https:\/\/www.ogbl.lu\/communique\/logbl-insiste-sur-la-necessite-dintroduire-un-mecanisme-dadaptation-du-bareme-dimposition-a-levolution-des-prix\/","og_locale":"en_US","og_type":"article","og_title":"[:fr]L\u2019OGBL insiste sur la n\u00e9cessit\u00e9 d\u2019introduire un m\u00e9canisme d\u2019adaptation du bar\u00e8me d\u2019imposition \u00e0 l\u2019\u00e9volution des prix[:de]Der OGBL besteht auf die notwendige Einf\u00fchrung eines Anpassungsmechanismus der Steuertabelle an die Preisentwicklung[:en]L\u2019OGBL insiste sur la n\u00e9cessit\u00e9 d\u2019introduire un m\u00e9canisme d\u2019adaptation du bar\u00e8me d\u2019imposition \u00e0 l\u2019\u00e9volution des prix[:] - OGBL","og_description":"Comme il l\u2019a d\u00e9j\u00e0 exprim\u00e9, l\u2019OGBL porte une appr\u00e9ciation globalement positive sur le projet de r\u00e9forme fiscale pr\u00e9sent\u00e9 par le \u2026","og_url":"https:\/\/www.ogbl.lu\/communique\/logbl-insiste-sur-la-necessite-dintroduire-un-mecanisme-dadaptation-du-bareme-dimposition-a-levolution-des-prix\/","og_site_name":"OGBL","article_modified_time":"2023-06-29T08:25:41+00:00","og_image":[{"width":350,"height":267,"url":"https:\/\/www.ogbl.lu\/wp-content\/uploads\/2016\/11\/illustration_reforme_fiscale.gif","type":"image\/gif"}],"twitter_card":"summary_large_image","twitter_misc":{"Est. reading time":"4 minutes"},"schema":{"@context":"https:\/\/schema.org","@graph":[{"@type":"WebPage","@id":"https:\/\/www.ogbl.lu\/communique\/logbl-insiste-sur-la-necessite-dintroduire-un-mecanisme-dadaptation-du-bareme-dimposition-a-levolution-des-prix\/","url":"https:\/\/www.ogbl.lu\/communique\/logbl-insiste-sur-la-necessite-dintroduire-un-mecanisme-dadaptation-du-bareme-dimposition-a-levolution-des-prix\/","name":"[:fr]L\u2019OGBL insiste sur la n\u00e9cessit\u00e9 d\u2019introduire un m\u00e9canisme d\u2019adaptation du bar\u00e8me d\u2019imposition \u00e0 l\u2019\u00e9volution des prix[:de]Der OGBL besteht auf die notwendige Einf\u00fchrung eines Anpassungsmechanismus der Steuertabelle an die Preisentwicklung[:en]L\u2019OGBL insiste sur la n\u00e9cessit\u00e9 d\u2019introduire un m\u00e9canisme d\u2019adaptation du bar\u00e8me d\u2019imposition \u00e0 l\u2019\u00e9volution des prix[:] - OGBL","isPartOf":{"@id":"https:\/\/www.ogbl.lu\/de\/#website"},"primaryImageOfPage":{"@id":"https:\/\/www.ogbl.lu\/communique\/logbl-insiste-sur-la-necessite-dintroduire-un-mecanisme-dadaptation-du-bareme-dimposition-a-levolution-des-prix\/#primaryimage"},"image":{"@id":"https:\/\/www.ogbl.lu\/communique\/logbl-insiste-sur-la-necessite-dintroduire-un-mecanisme-dadaptation-du-bareme-dimposition-a-levolution-des-prix\/#primaryimage"},"thumbnailUrl":"https:\/\/www.ogbl.lu\/wp-content\/uploads\/2016\/11\/illustration_reforme_fiscale.gif","datePublished":"2016-11-07T14:12:49+00:00","dateModified":"2023-06-29T08:25:41+00:00","breadcrumb":{"@id":"https:\/\/www.ogbl.lu\/communique\/logbl-insiste-sur-la-necessite-dintroduire-un-mecanisme-dadaptation-du-bareme-dimposition-a-levolution-des-prix\/#breadcrumb"},"inLanguage":"en-US","potentialAction":[{"@type":"ReadAction","target":["https:\/\/www.ogbl.lu\/communique\/logbl-insiste-sur-la-necessite-dintroduire-un-mecanisme-dadaptation-du-bareme-dimposition-a-levolution-des-prix\/"]}]},{"@type":"ImageObject","inLanguage":"en-US","@id":"https:\/\/www.ogbl.lu\/communique\/logbl-insiste-sur-la-necessite-dintroduire-un-mecanisme-dadaptation-du-bareme-dimposition-a-levolution-des-prix\/#primaryimage","url":"https:\/\/www.ogbl.lu\/wp-content\/uploads\/2016\/11\/illustration_reforme_fiscale.gif","contentUrl":"https:\/\/www.ogbl.lu\/wp-content\/uploads\/2016\/11\/illustration_reforme_fiscale.gif","width":350,"height":267},{"@type":"BreadcrumbList","@id":"https:\/\/www.ogbl.lu\/communique\/logbl-insiste-sur-la-necessite-dintroduire-un-mecanisme-dadaptation-du-bareme-dimposition-a-levolution-des-prix\/#breadcrumb","itemListElement":[{"@type":"ListItem","position":1,"name":"Home","item":"https:\/\/www.ogbl.lu\/"},{"@type":"ListItem","position":2,"name":"L\u2019OGBL insiste sur la n\u00e9cessit\u00e9 d\u2019introduire un m\u00e9canisme d\u2019adaptation du bar\u00e8me d\u2019imposition \u00e0 l\u2019\u00e9volution des prix"}]},{"@type":"WebSite","@id":"https:\/\/www.ogbl.lu\/de\/#website","url":"https:\/\/www.ogbl.lu\/de\/","name":"OGBL","description":"THE TRADE UNION","publisher":{"@id":"https:\/\/www.ogbl.lu\/de\/#organization"},"potentialAction":[{"@type":"SearchAction","target":{"@type":"EntryPoint","urlTemplate":"https:\/\/www.ogbl.lu\/de\/?s={search_term_string}"},"query-input":"required name=search_term_string"}],"inLanguage":"en-US"},{"@type":"Organization","@id":"https:\/\/www.ogbl.lu\/de\/#organization","name":"OGBL","url":"https:\/\/www.ogbl.lu\/de\/","logo":{"@type":"ImageObject","inLanguage":"en-US","@id":"https:\/\/www.ogbl.lu\/de\/#\/schema\/logo\/image\/","url":"https:\/\/www.ogbl.lu\/wp-content\/uploads\/2024\/07\/LOGO_Red_FR-svg.png","contentUrl":"https:\/\/www.ogbl.lu\/wp-content\/uploads\/2024\/07\/LOGO_Red_FR-svg.png","width":369,"height":171,"caption":"OGBL"},"image":{"@id":"https:\/\/www.ogbl.lu\/de\/#\/schema\/logo\/image\/"}}]}},"_links":{"self":[{"href":"https:\/\/www.ogbl.lu\/en\/wp-json\/wp\/v2\/communiques\/2123"}],"collection":[{"href":"https:\/\/www.ogbl.lu\/en\/wp-json\/wp\/v2\/communiques"}],"about":[{"href":"https:\/\/www.ogbl.lu\/en\/wp-json\/wp\/v2\/types\/communiques"}],"author":[{"embeddable":true,"href":"https:\/\/www.ogbl.lu\/en\/wp-json\/wp\/v2\/users\/1"}],"version-history":[{"count":0,"href":"https:\/\/www.ogbl.lu\/en\/wp-json\/wp\/v2\/communiques\/2123\/revisions"}],"wp:featuredmedia":[{"embeddable":true,"href":"https:\/\/www.ogbl.lu\/en\/wp-json\/wp\/v2\/media\/3984"}],"wp:attachment":[{"href":"https:\/\/www.ogbl.lu\/en\/wp-json\/wp\/v2\/media?parent=2123"}],"wp:term":[{"taxonomy":"categorie_communiques","embeddable":true,"href":"https:\/\/www.ogbl.lu\/en\/wp-json\/wp\/v2\/categorie_communiques?post=2123"},{"taxonomy":"syndicat","embeddable":true,"href":"https:\/\/www.ogbl.lu\/en\/wp-json\/wp\/v2\/syndicat?post=2123"}],"curies":[{"name":"wp","href":"https:\/\/api.w.org\/{rel}","templated":true}]}}