{"id":2119,"date":"2016-10-27T15:52:38","date_gmt":"2016-10-27T13:52:38","guid":{"rendered":"https:\/\/www.ogbl.lu\/communiques\/deux-contributions-majeures-a-lhistoire-du-mouvement-syndical-libre-au-luxembourg-le-film-streik-et-louvrage-100-joer-frai-gewerkschaften"},"modified":"2023-06-29T11:18:59","modified_gmt":"2023-06-29T09:18:59","slug":"deux-contributions-majeures-a-lhistoire-du-mouvement-syndical-libre-au-luxembourg-le-film-streik-et-louvrage-100-joer-frai-gewerkschaften","status":"publish","type":"communiques","link":"https:\/\/www.ogbl.lu\/en\/communique\/deux-contributions-majeures-a-lhistoire-du-mouvement-syndical-libre-au-luxembourg-le-film-streik-et-louvrage-100-joer-frai-gewerkschaften\/","title":{"rendered":"Deux contributions majeures \u00e0 l\u2019histoire du mouvement syndical libre au Luxembourg &#8211; Le film \u00abStreik!\u00bb et l\u2019ouvrage \u00ab100 Joer fr\u00e4i Gewerkschaften\u00bb"},"content":{"rendered":"<p class=\"qtranxs-available-languages-message qtranxs-available-languages-message-en\"> <\/p><p><\/p>\n<p style=\"text-align: left;\">Dans le cadre du 100<sup>e<\/sup> anniversaire des syndicats libres au Luxembourg (1916-2016), c\u00e9l\u00e9br\u00e9 tout au long de l\u2019ann\u00e9e 2016, l\u2019OGBL a souhait\u00e9 contribu\u00e9 \u00e0 cette formidable histoire \u00e9crite par le mouvement syndical luxembourgeois ces 100 derni\u00e8res ann\u00e9es, en demandant d\u2019une part au cin\u00e9aste Andy Bausch de r\u00e9aliser un documentaire retra\u00e7ant cette \u00e9pop\u00e9e, d\u2019autre part, en chargeant une \u00e9quipe d\u2019historiens de se pencher sur cette histoire en vue de la publication d\u2019un ouvrage in\u00e9dit sur le sujet.<\/p>\n<p>A l\u2019occasion de la sortie du DVD et de l\u2019ouvrage, l\u2019OGBL a organis\u00e9 le 26 octobre 2016, une conf\u00e9rence de presse, en pr\u00e9sence des auteurs, afin de pr\u00e9senter \u00e0 la presse ces deux contributions majeures \u00e0 l\u2019histoire du mouvement syndical luxembourgeois.<\/p>\n<p style=\"text-align: center;\"><a href=\"https:\/\/www.ogbl.lu\/wp-content\/uploads\/communiques\/conference_presse_26_10_2016_2.jpg\" target=\"_blank\" rel=\"noopener\"><img loading=\"lazy\" decoding=\"async\" class=\"aligncenter\" style=\"border: 0px none;\" src=\"https:\/\/www.ogbl.lu\/wp-content\/uploads\/communiques\/conference_presse_26_10_2016_2.jpg\" alt=\"conference_presse_26_10_2016_2\" width=\"600\" height=\"338\" \/><\/a><\/p>\n<h3 style=\"text-align: left;\">Introduction g\u00e9n\u00e9rale d\u2019Andr\u00e9 Roeltgen, pr\u00e9sident de l\u2019OGBL<strong><br \/>\n<\/strong><br \/>\n<iframe loading=\"lazy\" src=\"https:\/\/www.youtube.com\/embed\/OrfVQTv-ZN4\" width=\"560\" height=\"315\" frameborder=\"0\" allowfullscreen=\"allowfullscreen\"><\/iframe><\/h3>\n<h3>Le r\u00e9alisateur Andy Bausch et le producteur Paul Thiltges \u00e0 propos du film documentaire \u00abStreik!\u00bb<\/h3>\n<h3><iframe loading=\"lazy\" src=\"https:\/\/www.youtube.com\/embed\/myAfqg3QfG0\" width=\"560\" height=\"315\" frameborder=\"0\" allowfullscreen=\"allowfullscreen\" data-mce-fragment=\"1\"><\/iframe><\/h3>\n<h3>Les historiens Denis Scuto et Fr\u00e9d\u00e9ric Krier<br \/>\n\u00e0 propos de l\u2019ouvrage \u00ab100 Joer fr\u00e4i Gewerkschaften\u00bb<\/h3>\n<h3><iframe loading=\"lazy\" src=\"https:\/\/www.youtube.com\/embed\/LM0R4uM7eDM\" width=\"560\" height=\"315\" frameborder=\"0\" allowfullscreen=\"allowfullscreen\" data-mce-fragment=\"1\"><\/iframe><\/h3>\n<hr \/>\n<h3><a href=\"https:\/\/www.ogbl.lu\/wp-content\/uploads\/communiques\/cover_film.jpg\" target=\"_blank\" rel=\"noopener\"><img loading=\"lazy\" decoding=\"async\" class=\"alignleft wp-image-22835\" src=\"https:\/\/www.ogbl.lu\/wp-content\/uploads\/communiques\/cover_film.jpg\" alt=\"STREIK_DVD_inlay_v2_159.indd\" width=\"280\" height=\"396\" \/><\/a>Le film \u00abStreik!\u00bb, r\u00e9alis\u00e9 par Andy Bausch et produit par Paul Thiltges, est sorti en salle en mai 2016.<\/h3>\n<p><strong>Il est d\u00e9sormais disponible en DVD depuis la fin octobre 2016.<\/strong><\/p>\n<p>Dans le cadre du centenaire des syndicats libres au Luxembourg (1916-2016), l\u2019OGBL avait demand\u00e9 au cin\u00e9aste Andy Bausch de r\u00e9aliser un documentaire retra\u00e7ant la formidable histoire \u00e9crite au Luxembourg par le mouvement syndical libre au cours de ces 100 derni\u00e8res ann\u00e9es.<br \/>\nLe film \u00abStreik!\u00bb (qui signifie litt\u00e9ralement: Gr\u00e8ve!) produit par Paul Thiltges Distributions et sorti en salle en mai 2016, est d\u00e9sormais disponible en DVD.<\/p>\n<p>Le documentaire \u00abStreik!\u00bb montre, \u00e0 travers des images anim\u00e9es, photos, chants ouvriers, documents historiques et interviews, d\u2019une mani\u00e8re humainement touchante, vivante et passionnante, les conflits sociaux et le d\u00e9veloppement du mouvement syndical libre au Luxembourg, de ses origines \u00e0 aujourd\u2019hui. Les acquis sociaux, aujourd\u2019hui si \u00e9vidents \u00e0 nos yeux, ne nous ont pas \u00e9t\u00e9 offerts par ceux qui nous gouvernent. Ils sont le r\u00e9sultat d\u2019une v\u00e9ritable lutte. Relatant les conflits sociaux et le d\u00e9veloppement du mouvement syndical libre au Luxembourg depuis ses origines jusqu\u2019\u00e0 \u00e0 nos jours, le documentaire \u00abStreik!\u00bb illustre un si\u00e8cle d\u2019histoire sociale luxembourgeoise vue d\u2019en bas.<\/p>\n<p>Le documentaire \u00abStreik!\u00bb montre, \u00e0 travers des images anim\u00e9es, photos, chants ouvriers, documents historiques et interviews, d\u2019une mani\u00e8re humainement touchante, vivante et passionnante, les conflits sociaux et le d\u00e9veloppement du mouvement syndical libre au Luxembourg, de ses origines \u00e0 aujourd\u2019hui. Les acquis sociaux, aujourd\u2019hui si \u00e9vidents \u00e0 nos yeux, ne nous ont pas \u00e9t\u00e9 offerts par ceux qui nous gouvernent. Ils sont le r\u00e9sultat d\u2019une v\u00e9ritable lutte. Relatant les conflits sociaux et le d\u00e9veloppement du mouvement syndical libre au Luxembourg depuis ses origines jusqu\u2019\u00e0 \u00e0 nos jours, le documentaire \u00abStreik!\u00bb illustre un si\u00e8cle d\u2019histoire sociale luxembourgeoise vue d\u2019en bas.<\/p>\n<p>Le DVD est en vente au prix de 19,90 euros.<\/p>\n<figure id=\"attachment_22850\" aria-describedby=\"caption-attachment-22850\" style=\"width: 279px\" class=\"wp-caption alignleft\"><a href=\"http:\/\/www.ogbl.lu\/wp-content\/uploads\/2016\/10\/Bausch.jpg\" target=\"_blank\" rel=\"noopener\"><img loading=\"lazy\" decoding=\"async\" class=\"wp-image-22850 \" src=\"http:\/\/www.ogbl.lu\/wp-content\/uploads\/2016\/10\/Bausch.jpg\" alt=\"Bausch\" width=\"279\" height=\"372\" \/><\/a><figcaption id=\"caption-attachment-22850\" class=\"wp-caption-text\">Andy Bausch<\/figcaption><\/figure>\n<figure id=\"attachment_22851\" aria-describedby=\"caption-attachment-22851\" style=\"width: 280px\" class=\"wp-caption alignleft\"><a href=\"http:\/\/www.ogbl.lu\/wp-content\/uploads\/2016\/10\/Thiltges.jpg\" target=\"_blank\" rel=\"noopener\"><img decoding=\"async\" class=\"wp-image-22851 \" src=\"http:\/\/www.ogbl.lu\/wp-content\/uploads\/2016\/10\/Thiltges.jpg\" alt=\"Thiltges\" width=\"280\" \/><\/a><figcaption id=\"caption-attachment-22851\" class=\"wp-caption-text\">Paul Thiltges<\/figcaption><\/figure>\n<p>&nbsp;<\/p>\n<p>&nbsp;<\/p>\n<p>&nbsp;<\/p>\n<p>&nbsp;<\/p>\n<p>&nbsp;<\/p>\n<p>&nbsp;<\/p>\n<p>&nbsp;<\/p>\n<p>&nbsp;<\/p>\n<p>&nbsp;<\/p>\n<p>&nbsp;<\/p>\n<p>&nbsp;<\/p>\n<hr \/>\n<h3>Bande annonce<\/h3>\n<p>(pour activer le sous-titrage en Fran\u00e7ais, appuyer dans la barre d&#8217;outil sur la touche \u00abCC\u00bb et activer le mode \u00abFran\u00e7ais\u00bb)<\/p>\n<p><iframe loading=\"lazy\" src=\"https:\/\/player.vimeo.com\/video\/163524302\" width=\"640\" height=\"360\" frameborder=\"0\" allowfullscreen=\"allowfullscreen\" data-mce-fragment=\"1\"><\/iframe><\/p>\n<hr \/>\n<h3>Vollekslidd: la chanson r\u00e9alis\u00e9e par Serge Tonnar qui sert de bande-son au film Streik!<\/h3>\n<p><iframe loading=\"lazy\" src=\"https:\/\/www.youtube.com\/embed\/tS2ukv0T2G4\" width=\"560\" height=\"315\" frameborder=\"0\" allowfullscreen=\"allowfullscreen\" data-mce-fragment=\"1\"><\/iframe><\/p>\n<hr \/>\n<h3><a href=\"https:\/\/www.ogbl.lu\/wp-content\/uploads\/communiques\/couverture_livre_100_ans.jpg\" target=\"_blank\" rel=\"noopener\"><img loading=\"lazy\" decoding=\"async\" class=\"wp-image-22836 alignleft\" src=\"https:\/\/www.ogbl.lu\/wp-content\/uploads\/communiques\/couverture_livre_100_ans.jpg\" alt=\"couverture_livre_100_ans\" width=\"280\" height=\"342\" \/><\/a>\u00ab100 Joer fr\u00e4i Gewerkschaften\u00bb<\/h3>\n<p>Dans le cadre du centenaire des syndicats libres au Luxembourg (1916-2016), l\u2019OGBL, en collaboration avec les \u00e9ditions Le Phare, pr\u00e9sente l\u2019ouvrage \u00ab100 Joer fr\u00e4i Gewerkschaften\u00bb (ouvrage bilingue contenant des articles en fran\u00e7ais et en allemand).<\/p>\n<p>L\u2019ouvrage, coordonn\u00e9 par les historiens Fr\u00e9d\u00e9ric Krier, Jacques Maas, Arnaud Sauer et Denis Scuto, vient donner un aper\u00e7u global et approfondi de l\u2019histoire du mouvement syndical libre au Luxembourg, les engagements de ses militants et militantes ainsi que son apport au d\u00e9veloppement de la d\u00e9mocratie et au progr\u00e8s social dans le pays. Un ouvrage in\u00e9dit et de r\u00e9f\u00e9rence en mati\u00e8re d\u2019histoire sociale au Luxembourg.<\/p>\n<p>Le livre contient \u00e9galement le DVD du film documentaire \u00abStreik!\u00bb, r\u00e9alis\u00e9 par Andy Bausch et produit par Paul Thiltges Distributions en collaboration avec l\u2019OGBL.<\/p>\n<p><strong>Sommaire de l\u2019ouvrage\u00a0:<\/strong><\/p>\n<ul>\n<li>Introduction \u2013 Denis Scuto<\/li>\n<li>De l\u2019\u00e8re des pionniers du syndicalisme ouvrier \u00e0 la constitution d\u2019un grand syndicat libre et unifi\u00e9 (fin du XIXe si\u00e8cle \u2013 1920) \u2013 Jacques Maas<\/li>\n<li>De la grande gr\u00e8ve de mars 1921 \u00e0 l\u2019int\u00e9gration dans la nation \/ Les syndicats libres dans l\u2019entre-deux-guerres \u2013 Denis Scuto<\/li>\n<li>\u00abDer t\u00e4gliche Weg (von und zur Schicht)\u00bb \/ Aspekte zur proletarischen Kunst Albert Kaisers in der Zwischenkriegszeit) &#8211; Ira Plein<\/li>\n<li>Die Deutsche Arbeitsfront und die Liquidierung der Luxemburger Gewerkschaften (1940-1941)<\/li>\n<li>Un Plan de S\u00e9curit\u00e9 sociale pour le Luxembourg de l\u2019apr\u00e8s-guerre \/ A propos du rapport d\u2019Antoine Krier \u00abUn nouveau Luxembourg dans un monde nouveau\u00bb (1943) \u2013 Nicole Kerschen<\/li>\n<li>Les syndicats libres dans l\u2019imm\u00e9diat apr\u00e8s-guerre (1944-1951) \u2013 Ben Fayot<\/li>\n<li>Les luttes syndicales des ann\u00e9es 1950 \u2013 Denis Scuto<\/li>\n<li>\u00abMit einem Fremdagent spricht man nicht\u00bb \/ Le Letzebuerger Arbechterverband face au communisme durant la Guerre froide \u2013 R\u00e9gis Moes<\/li>\n<li>Les ann\u00e9es soixante, \u00e9tape cruciale de la recomposition syndicale \u2013 Ben Fayot<\/li>\n<li>9. Oktober 1973: der LAV beweist seine St\u00e4rke \u2013 Fr\u00e9d\u00e9ric Krier<\/li>\n<li>Entre solidarit\u00e9 internationale et protection de l\u2019emploi national: les syndicats et les immigr\u00e9s \u2013 Denis Scuto et Adrien Thomas<\/li>\n<li>Der 1. Mai \/ 126 Jahre Gewerkschaftsgeschichte \u2013 Henri Hoffmann<\/li>\n<li>Die Gr\u00fcndung des OGBL 1979 \u2013 Fr\u00e9d\u00e9ric Krier<\/li>\n<li>Zur Entwicklung der Strukturen des OGBL \u2013 Fr\u00e9d\u00e9ric Krier<\/li>\n<li>\u00abZesummen d\u2019Zukunft s\u00e9cheren\u00bb \/ Le r\u00f4le et l\u2019action de l\u2019OGBL de 1979 \u00e0 2016 \u2013 Fr\u00e9d\u00e9ric Krier et Denis Scuto<\/li>\n<li>Penser l\u2019autre\u00a0: La prise en compte des immigr\u00e9s par le LAV puis l\u2019OGBL au Luxembourg \u2013 Arnaud Sauer<\/li>\n<li>Les syndicats libres face au ph\u00e9nom\u00e8ne frontalier: Des premi\u00e8res sections frontali\u00e8res aux nouveaux enjeux\u00a0 &#8211; Arnaud Sauer<\/li>\n<li>La place de l\u2019\u00e9galit\u00e9 entre femmes et hommes dans l\u2019espace de la n\u00e9gociation collective de l\u2019OGBL \u2013 Carole Blond-Hanten<\/li>\n<li>Internationaler Bund Freier Gewerkschaften (IBFG): F\u00fcr Brot, Freiheit und Frieden \u2013 Henri Hoffmann<\/li>\n<li>Trois questions \u00e0 Andr\u00e9 Roeltgen, pr\u00e9sident de l\u2019OGBL<\/li>\n<\/ul>\n<p><strong>Annexes<\/strong><\/p>\n<ul>\n<li>Biographies<\/li>\n<li>L\u00e9gislation sociale, syndicalisme et mouvements sociaux au Grand-Duch\u00e9 au XXe et XXIe si\u00e8cles &#8211;\u00a0 Aper\u00e7u chronologique<\/li>\n<li>Photos Congr\u00e8s extraordinaire 2016<\/li>\n<li>Mitglieder des gesch\u00e4ftsf\u00fchrenden Vorstands des OGBL (1979-2016)<\/li>\n<li>Pr\u00e9sentation des auteurs<\/li>\n<li>Remerciements<\/li>\n<li>Index des personnes<\/li>\n<\/ul>\n<p>L\u2019ouvrage est en vente au Luxembourg dans toutes les bonnes librairies depuis la fin octobre 2016 au prix de 47 euros.<\/p>","protected":false},"author":1,"featured_media":3986,"template":"","categorie_communiques":[41],"syndicat":[],"acf":[],"yoast_head":"<!-- This site is optimized with the Yoast SEO plugin v23.1 - https:\/\/yoast.com\/wordpress\/plugins\/seo\/ -->\r\n<title>Deux contributions majeures \u00e0 l\u2019histoire du mouvement syndical libre au Luxembourg - Le film \u00abStreik!\u00bb et l\u2019ouvrage \u00ab100 Joer fr\u00e4i Gewerkschaften\u00bb - OGBL<\/title>\r\n<meta name=\"robots\" content=\"index, follow, max-snippet:-1, max-image-preview:large, max-video-preview:-1\" \/>\r\n<link rel=\"canonical\" href=\"https:\/\/www.ogbl.lu\/communique\/deux-contributions-majeures-a-lhistoire-du-mouvement-syndical-libre-au-luxembourg-le-film-streik-et-louvrage-100-joer-frai-gewerkschaften\/\" \/>\r\n<meta property=\"og:locale\" content=\"en_US\" \/>\r\n<meta property=\"og:type\" content=\"article\" \/>\r\n<meta property=\"og:title\" content=\"[:fr]Deux contributions majeures \u00e0 l\u2019histoire du mouvement syndical libre au Luxembourg - Le film \u00abStreik!\u00bb et l\u2019ouvrage \u00ab100 Joer fr\u00e4i Gewerkschaften\u00bb[:de]Zwei Hauptbeitr\u00e4ge zur Geschichte der freien Gewerkschaftsbewegung in Luxemburg: der Film \u201eStreik!\u201c und das Buch \u201eHonnert Joer fr\u00e4i Gewerkschaften\u201c[:en]Deux contributions majeures \u00e0 l\u2019histoire du mouvement syndical libre au Luxembourg - Le film \u00abStreik!\u00bb et l\u2019ouvrage \u00ab100 Joer fr\u00e4i Gewerkschaften\u00bb[:] - OGBL\" \/>\r\n<meta property=\"og:description\" content=\"Dans le cadre du 100e anniversaire des syndicats libres au Luxembourg (1916-2016), c\u00e9l\u00e9br\u00e9 tout au long de l\u2019ann\u00e9e 2016, l\u2019OGBL \u2026\" \/>\r\n<meta property=\"og:url\" content=\"https:\/\/www.ogbl.lu\/communique\/deux-contributions-majeures-a-lhistoire-du-mouvement-syndical-libre-au-luxembourg-le-film-streik-et-louvrage-100-joer-frai-gewerkschaften\/\" \/>\r\n<meta property=\"og:site_name\" content=\"OGBL\" \/>\r\n<meta property=\"article:modified_time\" content=\"2023-06-29T09:18:59+00:00\" \/>\r\n<meta property=\"og:image\" content=\"https:\/\/www.ogbl.lu\/wp-content\/uploads\/2016\/10\/DVD-livre.jpg\" \/>\r\n\t<meta property=\"og:image:width\" content=\"800\" \/>\r\n\t<meta property=\"og:image:height\" content=\"600\" \/>\r\n\t<meta property=\"og:image:type\" content=\"image\/jpeg\" \/>\r\n<meta name=\"twitter:card\" content=\"summary_large_image\" \/>\r\n<meta name=\"twitter:label1\" content=\"Est. reading time\" \/>\n\t<meta name=\"twitter:data1\" content=\"10 minutes\" \/>\r\n<script type=\"application\/ld+json\" class=\"yoast-schema-graph\">{\"@context\":\"https:\/\/schema.org\",\"@graph\":[{\"@type\":\"WebPage\",\"@id\":\"https:\/\/www.ogbl.lu\/communique\/deux-contributions-majeures-a-lhistoire-du-mouvement-syndical-libre-au-luxembourg-le-film-streik-et-louvrage-100-joer-frai-gewerkschaften\/\",\"url\":\"https:\/\/www.ogbl.lu\/communique\/deux-contributions-majeures-a-lhistoire-du-mouvement-syndical-libre-au-luxembourg-le-film-streik-et-louvrage-100-joer-frai-gewerkschaften\/\",\"name\":\"[:fr]Deux contributions majeures \u00e0 l\u2019histoire du mouvement syndical libre au Luxembourg - Le film \u00abStreik!\u00bb et l\u2019ouvrage \u00ab100 Joer fr\u00e4i Gewerkschaften\u00bb[:de]Zwei Hauptbeitr\u00e4ge zur Geschichte der freien Gewerkschaftsbewegung in Luxemburg: der Film \u201eStreik!\u201c und das Buch \u201eHonnert Joer fr\u00e4i Gewerkschaften\u201c[:en]Deux contributions majeures \u00e0 l\u2019histoire du mouvement syndical libre au Luxembourg - Le film \u00abStreik!\u00bb et l\u2019ouvrage \u00ab100 Joer fr\u00e4i Gewerkschaften\u00bb[:] - OGBL\",\"isPartOf\":{\"@id\":\"https:\/\/www.ogbl.lu\/de\/#website\"},\"primaryImageOfPage\":{\"@id\":\"https:\/\/www.ogbl.lu\/communique\/deux-contributions-majeures-a-lhistoire-du-mouvement-syndical-libre-au-luxembourg-le-film-streik-et-louvrage-100-joer-frai-gewerkschaften\/#primaryimage\"},\"image\":{\"@id\":\"https:\/\/www.ogbl.lu\/communique\/deux-contributions-majeures-a-lhistoire-du-mouvement-syndical-libre-au-luxembourg-le-film-streik-et-louvrage-100-joer-frai-gewerkschaften\/#primaryimage\"},\"thumbnailUrl\":\"https:\/\/www.ogbl.lu\/wp-content\/uploads\/2016\/10\/DVD-livre.jpg\",\"datePublished\":\"2016-10-27T13:52:38+00:00\",\"dateModified\":\"2023-06-29T09:18:59+00:00\",\"breadcrumb\":{\"@id\":\"https:\/\/www.ogbl.lu\/communique\/deux-contributions-majeures-a-lhistoire-du-mouvement-syndical-libre-au-luxembourg-le-film-streik-et-louvrage-100-joer-frai-gewerkschaften\/#breadcrumb\"},\"inLanguage\":\"en-US\",\"potentialAction\":[{\"@type\":\"ReadAction\",\"target\":[\"https:\/\/www.ogbl.lu\/communique\/deux-contributions-majeures-a-lhistoire-du-mouvement-syndical-libre-au-luxembourg-le-film-streik-et-louvrage-100-joer-frai-gewerkschaften\/\"]}]},{\"@type\":\"ImageObject\",\"inLanguage\":\"en-US\",\"@id\":\"https:\/\/www.ogbl.lu\/communique\/deux-contributions-majeures-a-lhistoire-du-mouvement-syndical-libre-au-luxembourg-le-film-streik-et-louvrage-100-joer-frai-gewerkschaften\/#primaryimage\",\"url\":\"https:\/\/www.ogbl.lu\/wp-content\/uploads\/2016\/10\/DVD-livre.jpg\",\"contentUrl\":\"https:\/\/www.ogbl.lu\/wp-content\/uploads\/2016\/10\/DVD-livre.jpg\",\"width\":800,\"height\":600},{\"@type\":\"BreadcrumbList\",\"@id\":\"https:\/\/www.ogbl.lu\/communique\/deux-contributions-majeures-a-lhistoire-du-mouvement-syndical-libre-au-luxembourg-le-film-streik-et-louvrage-100-joer-frai-gewerkschaften\/#breadcrumb\",\"itemListElement\":[{\"@type\":\"ListItem\",\"position\":1,\"name\":\"Home\",\"item\":\"https:\/\/www.ogbl.lu\/\"},{\"@type\":\"ListItem\",\"position\":2,\"name\":\"Deux contributions majeures \u00e0 l\u2019histoire du mouvement syndical libre au Luxembourg &#8211; Le film \u00abStreik!\u00bb et l\u2019ouvrage \u00ab100 Joer fr\u00e4i Gewerkschaften\u00bb\"}]},{\"@type\":\"WebSite\",\"@id\":\"https:\/\/www.ogbl.lu\/de\/#website\",\"url\":\"https:\/\/www.ogbl.lu\/de\/\",\"name\":\"OGBL\",\"description\":\"THE TRADE UNION\",\"publisher\":{\"@id\":\"https:\/\/www.ogbl.lu\/de\/#organization\"},\"potentialAction\":[{\"@type\":\"SearchAction\",\"target\":{\"@type\":\"EntryPoint\",\"urlTemplate\":\"https:\/\/www.ogbl.lu\/de\/?s={search_term_string}\"},\"query-input\":\"required name=search_term_string\"}],\"inLanguage\":\"en-US\"},{\"@type\":\"Organization\",\"@id\":\"https:\/\/www.ogbl.lu\/de\/#organization\",\"name\":\"OGBL\",\"url\":\"https:\/\/www.ogbl.lu\/de\/\",\"logo\":{\"@type\":\"ImageObject\",\"inLanguage\":\"en-US\",\"@id\":\"https:\/\/www.ogbl.lu\/de\/#\/schema\/logo\/image\/\",\"url\":\"https:\/\/www.ogbl.lu\/wp-content\/uploads\/2024\/07\/LOGO_Red_FR-svg.png\",\"contentUrl\":\"https:\/\/www.ogbl.lu\/wp-content\/uploads\/2024\/07\/LOGO_Red_FR-svg.png\",\"width\":369,\"height\":171,\"caption\":\"OGBL\"},\"image\":{\"@id\":\"https:\/\/www.ogbl.lu\/de\/#\/schema\/logo\/image\/\"}}]}<\/script>\r\n<!-- \/ Yoast SEO plugin. -->","yoast_head_json":{"title":"[:fr]Deux contributions majeures \u00e0 l\u2019histoire du mouvement syndical libre au Luxembourg - Le film \u00abStreik!\u00bb et l\u2019ouvrage \u00ab100 Joer fr\u00e4i Gewerkschaften\u00bb[:de]Zwei Hauptbeitr\u00e4ge zur Geschichte der freien Gewerkschaftsbewegung in Luxemburg: der Film \u201eStreik!\u201c und das Buch \u201eHonnert Joer fr\u00e4i Gewerkschaften\u201c[:en]Deux contributions majeures \u00e0 l\u2019histoire du mouvement syndical libre au Luxembourg - Le film \u00abStreik!\u00bb et l\u2019ouvrage \u00ab100 Joer fr\u00e4i Gewerkschaften\u00bb[:] - OGBL","robots":{"index":"index","follow":"follow","max-snippet":"max-snippet:-1","max-image-preview":"max-image-preview:large","max-video-preview":"max-video-preview:-1"},"canonical":"https:\/\/www.ogbl.lu\/communique\/deux-contributions-majeures-a-lhistoire-du-mouvement-syndical-libre-au-luxembourg-le-film-streik-et-louvrage-100-joer-frai-gewerkschaften\/","og_locale":"en_US","og_type":"article","og_title":"[:fr]Deux contributions majeures \u00e0 l\u2019histoire du mouvement syndical libre au Luxembourg - Le film \u00abStreik!\u00bb et l\u2019ouvrage \u00ab100 Joer fr\u00e4i Gewerkschaften\u00bb[:de]Zwei Hauptbeitr\u00e4ge zur Geschichte der freien Gewerkschaftsbewegung in Luxemburg: der Film \u201eStreik!\u201c und das Buch \u201eHonnert Joer fr\u00e4i Gewerkschaften\u201c[:en]Deux contributions majeures \u00e0 l\u2019histoire du mouvement syndical libre au Luxembourg - Le film \u00abStreik!\u00bb et l\u2019ouvrage \u00ab100 Joer fr\u00e4i Gewerkschaften\u00bb[:] - OGBL","og_description":"Dans le cadre du 100e anniversaire des syndicats libres au Luxembourg (1916-2016), c\u00e9l\u00e9br\u00e9 tout au long de l\u2019ann\u00e9e 2016, l\u2019OGBL \u2026","og_url":"https:\/\/www.ogbl.lu\/communique\/deux-contributions-majeures-a-lhistoire-du-mouvement-syndical-libre-au-luxembourg-le-film-streik-et-louvrage-100-joer-frai-gewerkschaften\/","og_site_name":"OGBL","article_modified_time":"2023-06-29T09:18:59+00:00","og_image":[{"width":800,"height":600,"url":"https:\/\/www.ogbl.lu\/wp-content\/uploads\/2016\/10\/DVD-livre.jpg","type":"image\/jpeg"}],"twitter_card":"summary_large_image","twitter_misc":{"Est. reading time":"10 minutes"},"schema":{"@context":"https:\/\/schema.org","@graph":[{"@type":"WebPage","@id":"https:\/\/www.ogbl.lu\/communique\/deux-contributions-majeures-a-lhistoire-du-mouvement-syndical-libre-au-luxembourg-le-film-streik-et-louvrage-100-joer-frai-gewerkschaften\/","url":"https:\/\/www.ogbl.lu\/communique\/deux-contributions-majeures-a-lhistoire-du-mouvement-syndical-libre-au-luxembourg-le-film-streik-et-louvrage-100-joer-frai-gewerkschaften\/","name":"[:fr]Deux contributions majeures \u00e0 l\u2019histoire du mouvement syndical libre au Luxembourg - Le film \u00abStreik!\u00bb et l\u2019ouvrage \u00ab100 Joer fr\u00e4i Gewerkschaften\u00bb[:de]Zwei Hauptbeitr\u00e4ge zur Geschichte der freien Gewerkschaftsbewegung in Luxemburg: der Film \u201eStreik!\u201c und das Buch \u201eHonnert Joer fr\u00e4i Gewerkschaften\u201c[:en]Deux contributions majeures \u00e0 l\u2019histoire du mouvement syndical libre au Luxembourg - Le film \u00abStreik!\u00bb et l\u2019ouvrage \u00ab100 Joer fr\u00e4i Gewerkschaften\u00bb[:] - OGBL","isPartOf":{"@id":"https:\/\/www.ogbl.lu\/de\/#website"},"primaryImageOfPage":{"@id":"https:\/\/www.ogbl.lu\/communique\/deux-contributions-majeures-a-lhistoire-du-mouvement-syndical-libre-au-luxembourg-le-film-streik-et-louvrage-100-joer-frai-gewerkschaften\/#primaryimage"},"image":{"@id":"https:\/\/www.ogbl.lu\/communique\/deux-contributions-majeures-a-lhistoire-du-mouvement-syndical-libre-au-luxembourg-le-film-streik-et-louvrage-100-joer-frai-gewerkschaften\/#primaryimage"},"thumbnailUrl":"https:\/\/www.ogbl.lu\/wp-content\/uploads\/2016\/10\/DVD-livre.jpg","datePublished":"2016-10-27T13:52:38+00:00","dateModified":"2023-06-29T09:18:59+00:00","breadcrumb":{"@id":"https:\/\/www.ogbl.lu\/communique\/deux-contributions-majeures-a-lhistoire-du-mouvement-syndical-libre-au-luxembourg-le-film-streik-et-louvrage-100-joer-frai-gewerkschaften\/#breadcrumb"},"inLanguage":"en-US","potentialAction":[{"@type":"ReadAction","target":["https:\/\/www.ogbl.lu\/communique\/deux-contributions-majeures-a-lhistoire-du-mouvement-syndical-libre-au-luxembourg-le-film-streik-et-louvrage-100-joer-frai-gewerkschaften\/"]}]},{"@type":"ImageObject","inLanguage":"en-US","@id":"https:\/\/www.ogbl.lu\/communique\/deux-contributions-majeures-a-lhistoire-du-mouvement-syndical-libre-au-luxembourg-le-film-streik-et-louvrage-100-joer-frai-gewerkschaften\/#primaryimage","url":"https:\/\/www.ogbl.lu\/wp-content\/uploads\/2016\/10\/DVD-livre.jpg","contentUrl":"https:\/\/www.ogbl.lu\/wp-content\/uploads\/2016\/10\/DVD-livre.jpg","width":800,"height":600},{"@type":"BreadcrumbList","@id":"https:\/\/www.ogbl.lu\/communique\/deux-contributions-majeures-a-lhistoire-du-mouvement-syndical-libre-au-luxembourg-le-film-streik-et-louvrage-100-joer-frai-gewerkschaften\/#breadcrumb","itemListElement":[{"@type":"ListItem","position":1,"name":"Home","item":"https:\/\/www.ogbl.lu\/"},{"@type":"ListItem","position":2,"name":"Deux contributions majeures \u00e0 l\u2019histoire du mouvement syndical libre au Luxembourg &#8211; Le film \u00abStreik!\u00bb et l\u2019ouvrage \u00ab100 Joer fr\u00e4i Gewerkschaften\u00bb"}]},{"@type":"WebSite","@id":"https:\/\/www.ogbl.lu\/de\/#website","url":"https:\/\/www.ogbl.lu\/de\/","name":"OGBL","description":"THE TRADE UNION","publisher":{"@id":"https:\/\/www.ogbl.lu\/de\/#organization"},"potentialAction":[{"@type":"SearchAction","target":{"@type":"EntryPoint","urlTemplate":"https:\/\/www.ogbl.lu\/de\/?s={search_term_string}"},"query-input":"required name=search_term_string"}],"inLanguage":"en-US"},{"@type":"Organization","@id":"https:\/\/www.ogbl.lu\/de\/#organization","name":"OGBL","url":"https:\/\/www.ogbl.lu\/de\/","logo":{"@type":"ImageObject","inLanguage":"en-US","@id":"https:\/\/www.ogbl.lu\/de\/#\/schema\/logo\/image\/","url":"https:\/\/www.ogbl.lu\/wp-content\/uploads\/2024\/07\/LOGO_Red_FR-svg.png","contentUrl":"https:\/\/www.ogbl.lu\/wp-content\/uploads\/2024\/07\/LOGO_Red_FR-svg.png","width":369,"height":171,"caption":"OGBL"},"image":{"@id":"https:\/\/www.ogbl.lu\/de\/#\/schema\/logo\/image\/"}}]}},"_links":{"self":[{"href":"https:\/\/www.ogbl.lu\/en\/wp-json\/wp\/v2\/communiques\/2119"}],"collection":[{"href":"https:\/\/www.ogbl.lu\/en\/wp-json\/wp\/v2\/communiques"}],"about":[{"href":"https:\/\/www.ogbl.lu\/en\/wp-json\/wp\/v2\/types\/communiques"}],"author":[{"embeddable":true,"href":"https:\/\/www.ogbl.lu\/en\/wp-json\/wp\/v2\/users\/1"}],"version-history":[{"count":0,"href":"https:\/\/www.ogbl.lu\/en\/wp-json\/wp\/v2\/communiques\/2119\/revisions"}],"wp:featuredmedia":[{"embeddable":true,"href":"https:\/\/www.ogbl.lu\/en\/wp-json\/wp\/v2\/media\/3986"}],"wp:attachment":[{"href":"https:\/\/www.ogbl.lu\/en\/wp-json\/wp\/v2\/media?parent=2119"}],"wp:term":[{"taxonomy":"categorie_communiques","embeddable":true,"href":"https:\/\/www.ogbl.lu\/en\/wp-json\/wp\/v2\/categorie_communiques?post=2119"},{"taxonomy":"syndicat","embeddable":true,"href":"https:\/\/www.ogbl.lu\/en\/wp-json\/wp\/v2\/syndicat?post=2119"}],"curies":[{"name":"wp","href":"https:\/\/api.w.org\/{rel}","templated":true}]}}