{"id":2012,"date":"2016-04-07T13:24:41","date_gmt":"2016-04-07T11:24:41","guid":{"rendered":"https:\/\/www.ogbl.lu\/communiques\/les-jeunes-de-logbl-solidaires-avec-les-manifestant-e-s-en-france-qui-luttent-contre-le-demontage-du-code-du-travail"},"modified":"2023-05-24T14:18:58","modified_gmt":"2023-05-24T12:18:58","slug":"les-jeunes-de-logbl-solidaires-avec-les-manifestant-e-s-en-france-qui-luttent-contre-le-demontage-du-code-du-travail","status":"publish","type":"communiques","link":"https:\/\/www.ogbl.lu\/en\/communique\/les-jeunes-de-logbl-solidaires-avec-les-manifestant-e-s-en-france-qui-luttent-contre-le-demontage-du-code-du-travail\/","title":{"rendered":"Les jeunes de l\u2019OGBL solidaires avec les manifestant-e-s en France qui luttent contre le d\u00e9montage du code du travail"},"content":{"rendered":"<p class=\"qtranxs-available-languages-message qtranxs-available-languages-message-en\"> <\/p><p><a href=\"https:\/\/www.ogbl.lu\/wp-content\/uploads\/communiques\/logo_jeunes_fr.gif\"><img loading=\"lazy\" decoding=\"async\" class=\"alignleft size-full wp-image-10900\" src=\"https:\/\/www.ogbl.lu\/wp-content\/uploads\/communiques\/logo_jeunes_fr.gif\" alt=\"logo_jeunes_fr\" width=\"250\" height=\"104\" \/><\/a>Les organisations syndicales fran\u00e7aises avaient appel\u00e9 l\u2019ensemble des salari\u00e9s, de ceux qui sont priv\u00e9s d\u2019emploi, des \u00e9tudiants, des lyc\u00e9ens et des retrait\u00e9s \u00e0 se mobiliser pour la gr\u00e8ve et \u00e0 participer massivement aux manifestations du 31 mars en vue du retrait du projet de loi \u00abEl Khomri\u00bb.<\/p>\n<p>Face \u00e0 cette nouvelle attaque orchestr\u00e9e par le patronat et le gouvernement fran\u00e7ais portant sur les garanties collectives, des centaines de milliers de manifestants (dont beaucoup de jeunes militants) ont dit NON.<br \/>\nIls disent NON \u00e0 ces reformes qui reprennent \u00e0 la lettre les revendications patronales visant \u00e0 toujours davantage de flexibilit\u00e9 et de pr\u00e9carit\u00e9.<\/p>\n<p>Ce projet de loi est dangereux. Il transformera en profondeur le code du travail fran\u00e7ais. Il fragilisera surtout la protection contre les licenciements en demandant une grande flexibilit\u00e9 aux salari\u00e9-e-s sans aucune contrepartie. En outre, la repr\u00e9sentation syndicale \u00e0 l\u2019int\u00e9rieur des entreprises sera affaiblie.<\/p>\n<p>Ces menaces existent \u00e9galement au Luxembourg. Rappelons tout simplement la position de l\u2019UEL dans le cadre du dossier sur le temps de travail. L\u2019UEL souhaite imposer une r\u00e9forme introduisant une flexibilisation accrue des horaires de travail au d\u00e9triment des salari\u00e9-e-s.<\/p>\n<p>La lutte que m\u00e8nent les manifestant-e-s en France nous concerne aussi ici au Luxembourg. Et les jeunes de l\u2019OGBL disent NON au projet de loi \u00abEl Khomri\u00bb en exprimant toute leur solidarit\u00e9 avec les manifestant-e-s fran\u00e7ais.<\/p>\n<p><strong>Communiqu\u00e9 par le d\u00e9partement des Jeunes de l\u2019OGBL<\/strong><br \/>\n<strong> le 7 avril 2016<\/strong><\/p>","protected":false},"author":1,"featured_media":4071,"template":"","categorie_communiques":[132],"syndicat":[120],"acf":[],"yoast_head":"<!-- This site is optimized with the Yoast SEO plugin v23.1 - https:\/\/yoast.com\/wordpress\/plugins\/seo\/ -->\r\n<title>Les jeunes de l\u2019OGBL solidaires avec les manifestant-e-s en France qui luttent contre le d\u00e9montage du code du travail - OGBL<\/title>\r\n<meta name=\"robots\" content=\"index, follow, max-snippet:-1, max-image-preview:large, max-video-preview:-1\" \/>\r\n<link rel=\"canonical\" href=\"https:\/\/www.ogbl.lu\/communique\/les-jeunes-de-logbl-solidaires-avec-les-manifestant-e-s-en-france-qui-luttent-contre-le-demontage-du-code-du-travail\/\" \/>\r\n<meta property=\"og:locale\" content=\"en_US\" \/>\r\n<meta property=\"og:type\" content=\"article\" \/>\r\n<meta property=\"og:title\" content=\"[:fr]Les jeunes de l\u2019OGBL solidaires avec les manifestant-e-s en France qui luttent contre le d\u00e9montage du code du travail[:de]OGBL-Jugend solidarisch mit Demonstrant(inn)en in Frankreich, die gegen die Demontage des Arbeitsgesetzbuches k\u00e4mpfen[:en]Les jeunes de l\u2019OGBL solidaires avec les manifestant-e-s en France qui luttent contre le d\u00e9montage du code du travail[:] - OGBL\" \/>\r\n<meta property=\"og:description\" content=\"Les organisations syndicales fran\u00e7aises avaient appel\u00e9 l\u2019ensemble des salari\u00e9s, de ceux qui sont priv\u00e9s d\u2019emploi, des \u00e9tudiants, des lyc\u00e9ens et \u2026\" \/>\r\n<meta property=\"og:url\" content=\"https:\/\/www.ogbl.lu\/communique\/les-jeunes-de-logbl-solidaires-avec-les-manifestant-e-s-en-france-qui-luttent-contre-le-demontage-du-code-du-travail\/\" \/>\r\n<meta property=\"og:site_name\" content=\"OGBL\" \/>\r\n<meta property=\"article:modified_time\" content=\"2023-05-24T12:18:58+00:00\" \/>\r\n<meta property=\"og:image\" content=\"https:\/\/www.ogbl.lu\/wp-content\/uploads\/2016\/04\/logo_jeunes_fr.gif\" \/>\r\n\t<meta property=\"og:image:width\" content=\"250\" \/>\r\n\t<meta property=\"og:image:height\" content=\"104\" \/>\r\n\t<meta property=\"og:image:type\" content=\"image\/gif\" \/>\r\n<meta name=\"twitter:card\" content=\"summary_large_image\" \/>\r\n<meta name=\"twitter:label1\" content=\"Est. reading time\" \/>\n\t<meta name=\"twitter:data1\" content=\"3 minutes\" \/>\r\n<script type=\"application\/ld+json\" class=\"yoast-schema-graph\">{\"@context\":\"https:\/\/schema.org\",\"@graph\":[{\"@type\":\"WebPage\",\"@id\":\"https:\/\/www.ogbl.lu\/communique\/les-jeunes-de-logbl-solidaires-avec-les-manifestant-e-s-en-france-qui-luttent-contre-le-demontage-du-code-du-travail\/\",\"url\":\"https:\/\/www.ogbl.lu\/communique\/les-jeunes-de-logbl-solidaires-avec-les-manifestant-e-s-en-france-qui-luttent-contre-le-demontage-du-code-du-travail\/\",\"name\":\"[:fr]Les jeunes de l\u2019OGBL solidaires avec les manifestant-e-s en France qui luttent contre le d\u00e9montage du code du travail[:de]OGBL-Jugend solidarisch mit Demonstrant(inn)en in Frankreich, die gegen die Demontage des Arbeitsgesetzbuches k\u00e4mpfen[:en]Les jeunes de l\u2019OGBL solidaires avec les manifestant-e-s en France qui luttent contre le d\u00e9montage du code du travail[:] - OGBL\",\"isPartOf\":{\"@id\":\"https:\/\/www.ogbl.lu\/de\/#website\"},\"primaryImageOfPage\":{\"@id\":\"https:\/\/www.ogbl.lu\/communique\/les-jeunes-de-logbl-solidaires-avec-les-manifestant-e-s-en-france-qui-luttent-contre-le-demontage-du-code-du-travail\/#primaryimage\"},\"image\":{\"@id\":\"https:\/\/www.ogbl.lu\/communique\/les-jeunes-de-logbl-solidaires-avec-les-manifestant-e-s-en-france-qui-luttent-contre-le-demontage-du-code-du-travail\/#primaryimage\"},\"thumbnailUrl\":\"https:\/\/www.ogbl.lu\/wp-content\/uploads\/2016\/04\/logo_jeunes_fr.gif\",\"datePublished\":\"2016-04-07T11:24:41+00:00\",\"dateModified\":\"2023-05-24T12:18:58+00:00\",\"breadcrumb\":{\"@id\":\"https:\/\/www.ogbl.lu\/communique\/les-jeunes-de-logbl-solidaires-avec-les-manifestant-e-s-en-france-qui-luttent-contre-le-demontage-du-code-du-travail\/#breadcrumb\"},\"inLanguage\":\"en-US\",\"potentialAction\":[{\"@type\":\"ReadAction\",\"target\":[\"https:\/\/www.ogbl.lu\/communique\/les-jeunes-de-logbl-solidaires-avec-les-manifestant-e-s-en-france-qui-luttent-contre-le-demontage-du-code-du-travail\/\"]}]},{\"@type\":\"ImageObject\",\"inLanguage\":\"en-US\",\"@id\":\"https:\/\/www.ogbl.lu\/communique\/les-jeunes-de-logbl-solidaires-avec-les-manifestant-e-s-en-france-qui-luttent-contre-le-demontage-du-code-du-travail\/#primaryimage\",\"url\":\"https:\/\/www.ogbl.lu\/wp-content\/uploads\/2016\/04\/logo_jeunes_fr.gif\",\"contentUrl\":\"https:\/\/www.ogbl.lu\/wp-content\/uploads\/2016\/04\/logo_jeunes_fr.gif\",\"width\":250,\"height\":104},{\"@type\":\"BreadcrumbList\",\"@id\":\"https:\/\/www.ogbl.lu\/communique\/les-jeunes-de-logbl-solidaires-avec-les-manifestant-e-s-en-france-qui-luttent-contre-le-demontage-du-code-du-travail\/#breadcrumb\",\"itemListElement\":[{\"@type\":\"ListItem\",\"position\":1,\"name\":\"Home\",\"item\":\"https:\/\/www.ogbl.lu\/\"},{\"@type\":\"ListItem\",\"position\":2,\"name\":\"Les jeunes de l\u2019OGBL solidaires avec les manifestant-e-s en France qui luttent contre le d\u00e9montage du code du travail\"}]},{\"@type\":\"WebSite\",\"@id\":\"https:\/\/www.ogbl.lu\/de\/#website\",\"url\":\"https:\/\/www.ogbl.lu\/de\/\",\"name\":\"OGBL\",\"description\":\"THE TRADE UNION\",\"publisher\":{\"@id\":\"https:\/\/www.ogbl.lu\/de\/#organization\"},\"potentialAction\":[{\"@type\":\"SearchAction\",\"target\":{\"@type\":\"EntryPoint\",\"urlTemplate\":\"https:\/\/www.ogbl.lu\/de\/?s={search_term_string}\"},\"query-input\":\"required name=search_term_string\"}],\"inLanguage\":\"en-US\"},{\"@type\":\"Organization\",\"@id\":\"https:\/\/www.ogbl.lu\/de\/#organization\",\"name\":\"OGBL\",\"url\":\"https:\/\/www.ogbl.lu\/de\/\",\"logo\":{\"@type\":\"ImageObject\",\"inLanguage\":\"en-US\",\"@id\":\"https:\/\/www.ogbl.lu\/de\/#\/schema\/logo\/image\/\",\"url\":\"https:\/\/www.ogbl.lu\/wp-content\/uploads\/2024\/07\/LOGO_Red_FR-svg.png\",\"contentUrl\":\"https:\/\/www.ogbl.lu\/wp-content\/uploads\/2024\/07\/LOGO_Red_FR-svg.png\",\"width\":369,\"height\":171,\"caption\":\"OGBL\"},\"image\":{\"@id\":\"https:\/\/www.ogbl.lu\/de\/#\/schema\/logo\/image\/\"}}]}<\/script>\r\n<!-- \/ Yoast SEO plugin. -->","yoast_head_json":{"title":"[:fr]Les jeunes de l\u2019OGBL solidaires avec les manifestant-e-s en France qui luttent contre le d\u00e9montage du code du travail[:de]OGBL-Jugend solidarisch mit Demonstrant(inn)en in Frankreich, die gegen die Demontage des Arbeitsgesetzbuches k\u00e4mpfen[:en]Les jeunes de l\u2019OGBL solidaires avec les manifestant-e-s en France qui luttent contre le d\u00e9montage du code du travail[:] - OGBL","robots":{"index":"index","follow":"follow","max-snippet":"max-snippet:-1","max-image-preview":"max-image-preview:large","max-video-preview":"max-video-preview:-1"},"canonical":"https:\/\/www.ogbl.lu\/communique\/les-jeunes-de-logbl-solidaires-avec-les-manifestant-e-s-en-france-qui-luttent-contre-le-demontage-du-code-du-travail\/","og_locale":"en_US","og_type":"article","og_title":"[:fr]Les jeunes de l\u2019OGBL solidaires avec les manifestant-e-s en France qui luttent contre le d\u00e9montage du code du travail[:de]OGBL-Jugend solidarisch mit Demonstrant(inn)en in Frankreich, die gegen die Demontage des Arbeitsgesetzbuches k\u00e4mpfen[:en]Les jeunes de l\u2019OGBL solidaires avec les manifestant-e-s en France qui luttent contre le d\u00e9montage du code du travail[:] - OGBL","og_description":"Les organisations syndicales fran\u00e7aises avaient appel\u00e9 l\u2019ensemble des salari\u00e9s, de ceux qui sont priv\u00e9s d\u2019emploi, des \u00e9tudiants, des lyc\u00e9ens et \u2026","og_url":"https:\/\/www.ogbl.lu\/communique\/les-jeunes-de-logbl-solidaires-avec-les-manifestant-e-s-en-france-qui-luttent-contre-le-demontage-du-code-du-travail\/","og_site_name":"OGBL","article_modified_time":"2023-05-24T12:18:58+00:00","og_image":[{"width":250,"height":104,"url":"https:\/\/www.ogbl.lu\/wp-content\/uploads\/2016\/04\/logo_jeunes_fr.gif","type":"image\/gif"}],"twitter_card":"summary_large_image","twitter_misc":{"Est. reading time":"3 minutes"},"schema":{"@context":"https:\/\/schema.org","@graph":[{"@type":"WebPage","@id":"https:\/\/www.ogbl.lu\/communique\/les-jeunes-de-logbl-solidaires-avec-les-manifestant-e-s-en-france-qui-luttent-contre-le-demontage-du-code-du-travail\/","url":"https:\/\/www.ogbl.lu\/communique\/les-jeunes-de-logbl-solidaires-avec-les-manifestant-e-s-en-france-qui-luttent-contre-le-demontage-du-code-du-travail\/","name":"[:fr]Les jeunes de l\u2019OGBL solidaires avec les manifestant-e-s en France qui luttent contre le d\u00e9montage du code du travail[:de]OGBL-Jugend solidarisch mit Demonstrant(inn)en in Frankreich, die gegen die Demontage des Arbeitsgesetzbuches k\u00e4mpfen[:en]Les jeunes de l\u2019OGBL solidaires avec les manifestant-e-s en France qui luttent contre le d\u00e9montage du code du travail[:] - OGBL","isPartOf":{"@id":"https:\/\/www.ogbl.lu\/de\/#website"},"primaryImageOfPage":{"@id":"https:\/\/www.ogbl.lu\/communique\/les-jeunes-de-logbl-solidaires-avec-les-manifestant-e-s-en-france-qui-luttent-contre-le-demontage-du-code-du-travail\/#primaryimage"},"image":{"@id":"https:\/\/www.ogbl.lu\/communique\/les-jeunes-de-logbl-solidaires-avec-les-manifestant-e-s-en-france-qui-luttent-contre-le-demontage-du-code-du-travail\/#primaryimage"},"thumbnailUrl":"https:\/\/www.ogbl.lu\/wp-content\/uploads\/2016\/04\/logo_jeunes_fr.gif","datePublished":"2016-04-07T11:24:41+00:00","dateModified":"2023-05-24T12:18:58+00:00","breadcrumb":{"@id":"https:\/\/www.ogbl.lu\/communique\/les-jeunes-de-logbl-solidaires-avec-les-manifestant-e-s-en-france-qui-luttent-contre-le-demontage-du-code-du-travail\/#breadcrumb"},"inLanguage":"en-US","potentialAction":[{"@type":"ReadAction","target":["https:\/\/www.ogbl.lu\/communique\/les-jeunes-de-logbl-solidaires-avec-les-manifestant-e-s-en-france-qui-luttent-contre-le-demontage-du-code-du-travail\/"]}]},{"@type":"ImageObject","inLanguage":"en-US","@id":"https:\/\/www.ogbl.lu\/communique\/les-jeunes-de-logbl-solidaires-avec-les-manifestant-e-s-en-france-qui-luttent-contre-le-demontage-du-code-du-travail\/#primaryimage","url":"https:\/\/www.ogbl.lu\/wp-content\/uploads\/2016\/04\/logo_jeunes_fr.gif","contentUrl":"https:\/\/www.ogbl.lu\/wp-content\/uploads\/2016\/04\/logo_jeunes_fr.gif","width":250,"height":104},{"@type":"BreadcrumbList","@id":"https:\/\/www.ogbl.lu\/communique\/les-jeunes-de-logbl-solidaires-avec-les-manifestant-e-s-en-france-qui-luttent-contre-le-demontage-du-code-du-travail\/#breadcrumb","itemListElement":[{"@type":"ListItem","position":1,"name":"Home","item":"https:\/\/www.ogbl.lu\/"},{"@type":"ListItem","position":2,"name":"Les jeunes de l\u2019OGBL solidaires avec les manifestant-e-s en France qui luttent contre le d\u00e9montage du code du travail"}]},{"@type":"WebSite","@id":"https:\/\/www.ogbl.lu\/de\/#website","url":"https:\/\/www.ogbl.lu\/de\/","name":"OGBL","description":"THE TRADE UNION","publisher":{"@id":"https:\/\/www.ogbl.lu\/de\/#organization"},"potentialAction":[{"@type":"SearchAction","target":{"@type":"EntryPoint","urlTemplate":"https:\/\/www.ogbl.lu\/de\/?s={search_term_string}"},"query-input":"required name=search_term_string"}],"inLanguage":"en-US"},{"@type":"Organization","@id":"https:\/\/www.ogbl.lu\/de\/#organization","name":"OGBL","url":"https:\/\/www.ogbl.lu\/de\/","logo":{"@type":"ImageObject","inLanguage":"en-US","@id":"https:\/\/www.ogbl.lu\/de\/#\/schema\/logo\/image\/","url":"https:\/\/www.ogbl.lu\/wp-content\/uploads\/2024\/07\/LOGO_Red_FR-svg.png","contentUrl":"https:\/\/www.ogbl.lu\/wp-content\/uploads\/2024\/07\/LOGO_Red_FR-svg.png","width":369,"height":171,"caption":"OGBL"},"image":{"@id":"https:\/\/www.ogbl.lu\/de\/#\/schema\/logo\/image\/"}}]}},"_links":{"self":[{"href":"https:\/\/www.ogbl.lu\/en\/wp-json\/wp\/v2\/communiques\/2012"}],"collection":[{"href":"https:\/\/www.ogbl.lu\/en\/wp-json\/wp\/v2\/communiques"}],"about":[{"href":"https:\/\/www.ogbl.lu\/en\/wp-json\/wp\/v2\/types\/communiques"}],"author":[{"embeddable":true,"href":"https:\/\/www.ogbl.lu\/en\/wp-json\/wp\/v2\/users\/1"}],"version-history":[{"count":0,"href":"https:\/\/www.ogbl.lu\/en\/wp-json\/wp\/v2\/communiques\/2012\/revisions"}],"wp:featuredmedia":[{"embeddable":true,"href":"https:\/\/www.ogbl.lu\/en\/wp-json\/wp\/v2\/media\/4071"}],"wp:attachment":[{"href":"https:\/\/www.ogbl.lu\/en\/wp-json\/wp\/v2\/media?parent=2012"}],"wp:term":[{"taxonomy":"categorie_communiques","embeddable":true,"href":"https:\/\/www.ogbl.lu\/en\/wp-json\/wp\/v2\/categorie_communiques?post=2012"},{"taxonomy":"syndicat","embeddable":true,"href":"https:\/\/www.ogbl.lu\/en\/wp-json\/wp\/v2\/syndicat?post=2012"}],"curies":[{"name":"wp","href":"https:\/\/api.w.org\/{rel}","templated":true}]}}