{"id":1962,"date":"2015-12-11T11:52:12","date_gmt":"2015-12-11T10:52:12","guid":{"rendered":"https:\/\/www.ogbl.lu\/communiques\/tout-en-restant-sur-ses-gardes-le-sew-constate-une-reelle-volonte-de-la-part-du-menej-de-proceder-a-des-ameliorations"},"modified":"2023-06-19T09:54:05","modified_gmt":"2023-06-19T07:54:05","slug":"tout-en-restant-sur-ses-gardes-le-sew-constate-une-reelle-volonte-de-la-part-du-menej-de-proceder-a-des-ameliorations","status":"publish","type":"communiques","link":"https:\/\/www.ogbl.lu\/en\/communique\/tout-en-restant-sur-ses-gardes-le-sew-constate-une-reelle-volonte-de-la-part-du-menej-de-proceder-a-des-ameliorations\/","title":{"rendered":"Tout en restant sur ses gardes, le SEW constate une r\u00e9elle volont\u00e9 de la part du MENEJ de proc\u00e9der \u00e0 des am\u00e9liorations"},"content":{"rendered":"<p class=\"qtranxs-available-languages-message qtranxs-available-languages-message-en\"> <\/p><p><a href=\"https:\/\/www.ogbl.lu\/wp-content\/uploads\/communiques\/images_jeunes1.jpg\" target=\"_blank\" rel=\"noopener\"><img loading=\"lazy\" decoding=\"async\" class=\"size-full wp-image-4954 alignleft\" style=\"border: 0px none;\" src=\"https:\/\/www.ogbl.lu\/wp-content\/uploads\/communiques\/images_jeunes1.jpg\" alt=\"images_jeunes1\" width=\"150\" height=\"225\" \/><\/a>Le 8 d\u00e9cembre 2015, le SEW, ensemble avec une d\u00e9l\u00e9gation du Lyc\u00e9e des Arts et M\u00e9tiers, a rencontr\u00e9 Jean Billa, pr\u00e9sident du comit\u00e9 \u00e0 la formation professionnelle, accompagn\u00e9 de St\u00e9phanie Bracquez, Pierre Reding et Gilles Belling.<\/p>\n<p>Lors de cette rencontre, Jean Billa, responsable de la mise en \u0153uvre de la nouvelle r\u00e9forme de la formation professionnelle, s\u2019est montr\u00e9 ouvert \u00e0 des discussions constructives.<\/p>\n<ul>\n<li><span style=\"text-decoration: underline;\">R\u00e9forme en deux phases<\/span>. Dans une premi\u00e8re phase, r\u00e9pondant \u00e0 l\u2019urgence de la situation, deux RGD sur la promotion et l\u2019\u00e9valuation seront d\u00e9pos\u00e9s dans les mois \u00e0 venir afin d\u2019\u00eatre applicables pour la rentr\u00e9e 2016\/17. Dans ce cadre, une promotion annuelle sera de nouveau introduite. Dans une deuxi\u00e8me phase, au timing non encore d\u00e9fini, des discussions sur des changements en profondeur dans le fonctionnement de la formation professionnelle seront engag\u00e9es, avec tous les partenaires, sans aucun tabou ni pr\u00e9requis.<\/li>\n<li><span style=\"text-decoration: underline;\">R\u00e9introduction d\u2019un bulletin chiffr\u00e9.<\/span> Seules les modalit\u00e9s ne sont pas encore clairement d\u00e9finies. Le SEW\/OGBL exprime sa pr\u00e9f\u00e9rence pour le retour \u00e0 une notation chiffr\u00e9e, accompagn\u00e9e d\u2019un compl\u00e9ment sous forme de comp\u00e9tences. Le SEW\/OGBL plaide, par ailleurs, pour le retour \u00e0 un syst\u00e8me d\u2019\u00e9valuation uniforme et clair, identique du Fondamental au Secondaire, tous r\u00e9gimes confondus.<\/li>\n<li><span style=\"text-decoration: underline;\">Suppression de formations.<\/span> Aucune suppression parmi les formations actuellement offertes dans le cadre de l\u2019\u00e9cole publique n\u2019est pr\u00e9vue.<\/li>\n<li><span style=\"text-decoration: underline;\">Passerelles.<\/span> Des passerelles fluides, aussi bien \u00e0 l\u2019int\u00e9rieur de la formation professionnelle qu\u2019entre le r\u00e9gime professionnel et le r\u00e9gime technique seront \u00e0 nouveau mises en place.<\/li>\n<li><span style=\"text-decoration: underline;\">Traitement diff\u00e9renci\u00e9 des formations.<\/span> Toutes les formations n\u2019\u00e9tant pas identiques quant \u00e0 leur complexit\u00e9, leur technicit\u00e9 et leur approche p\u00e9dagogique, un traitement diff\u00e9renci\u00e9 des formations selon leurs sp\u00e9cificit\u00e9s serait envisageable (organisation des modules, organisation des examens, etc.).<\/li>\n<li><span style=\"text-decoration: underline;\">Modules pr\u00e9paratoires.<\/span> Le syst\u00e8me des modules pr\u00e9paratoires et l\u2019acc\u00e8s des \u00e9l\u00e8ves techniciens aux \u00e9tudes sup\u00e9rieures seront analys\u00e9s et adapt\u00e9s. Le SEW\/OGBL a indiqu\u00e9 qu\u2019il continuera \u00e0 exiger une r\u00e9int\u00e9gration de la formation du technicien dans le secondaire technique.<\/li>\n<\/ul>\n<p>Par ailleurs, le SEW\/OGBL a insist\u00e9 sur d\u2019autres probl\u00e8mes, non r\u00e9solus ou imparfaitement r\u00e9solus:<\/p>\n<ul>\n<li>Abolition du projet int\u00e9gr\u00e9 interm\u00e9diaire dans beaucoup de formations.<\/li>\n<li>Politique de communication et de coop\u00e9ration d\u00e9sastreuse au sein de la formation professionnelle.<\/li>\n<li>Faiblesse de l\u2019enseignement g\u00e9n\u00e9ral. Le SEW\/OGBL plaide pour une revalorisation de l\u2019apprentissage des langues et la r\u00e9introduction g\u00e9n\u00e9ralis\u00e9e de modules de math\u00e9matiques.<\/li>\n<li>Formation des tuteurs en entreprise insuffisante, surtout dans la perspective d\u2019un \u00e9largissement de l\u2019offre des formations sous contrat d\u2019apprentissage.<\/li>\n<\/ul>\n<p>Le SEW\/OGBL prend acte du nouvel esprit d\u2019ouverture de l\u2019\u00e9quipe autour de Monsieur Billa. Il reste pourtant prudent et continuera \u00e0 analyser en d\u00e9tail toutes les mesures propos\u00e9es par le MENEJ. La formation professionnelle doit changer fondamentalement et elle doit changer rapidement. Le cas \u00e9ch\u00e9ant, le SEW\/OGBL usera de tous les moyens syndicaux \u00e0 sa disposition pour appuyer ses revendications \u2013 pour le bien des \u00e9l\u00e8ves concern\u00e9s.<\/p>\n<p><b>Communiqu\u00e9 par le SEW\/OGBL<br \/>\nle 11 d\u00e9cembre 2015<\/b><\/p>","protected":false},"author":1,"featured_media":4117,"template":"","categorie_communiques":[49],"syndicat":[77],"acf":[],"yoast_head":"<!-- This site is optimized with the Yoast SEO plugin v23.1 - https:\/\/yoast.com\/wordpress\/plugins\/seo\/ -->\r\n<title>Tout en restant sur ses gardes, le SEW constate une r\u00e9elle volont\u00e9 de la part du MENEJ de proc\u00e9der \u00e0 des am\u00e9liorations - OGBL<\/title>\r\n<meta name=\"robots\" content=\"index, follow, max-snippet:-1, max-image-preview:large, max-video-preview:-1\" \/>\r\n<link rel=\"canonical\" href=\"https:\/\/www.ogbl.lu\/communique\/tout-en-restant-sur-ses-gardes-le-sew-constate-une-reelle-volonte-de-la-part-du-menej-de-proceder-a-des-ameliorations\/\" \/>\r\n<meta property=\"og:locale\" content=\"en_US\" \/>\r\n<meta property=\"og:type\" content=\"article\" \/>\r\n<meta property=\"og:title\" content=\"[:fr]Tout en restant sur ses gardes, le SEW constate une r\u00e9elle volont\u00e9 de la part du MENEJ de proc\u00e9der \u00e0 des am\u00e9liorations[:en]Tout en restant sur ses gardes, le SEW constate une r\u00e9elle volont\u00e9 de la part du MENEJ de proc\u00e9der \u00e0 des am\u00e9liorations[:] - OGBL\" \/>\r\n<meta property=\"og:description\" content=\"Le 8 d\u00e9cembre 2015, le SEW, ensemble avec une d\u00e9l\u00e9gation du Lyc\u00e9e des Arts et M\u00e9tiers, a rencontr\u00e9 Jean Billa, \u2026\" \/>\r\n<meta property=\"og:url\" content=\"https:\/\/www.ogbl.lu\/communique\/tout-en-restant-sur-ses-gardes-le-sew-constate-une-reelle-volonte-de-la-part-du-menej-de-proceder-a-des-ameliorations\/\" \/>\r\n<meta property=\"og:site_name\" content=\"OGBL\" \/>\r\n<meta property=\"article:modified_time\" content=\"2023-06-19T07:54:05+00:00\" \/>\r\n<meta property=\"og:image\" content=\"https:\/\/www.ogbl.lu\/wp-content\/uploads\/2015\/12\/images_jeunes1.jpg\" \/>\r\n\t<meta property=\"og:image:width\" content=\"150\" \/>\r\n\t<meta property=\"og:image:height\" content=\"225\" \/>\r\n\t<meta property=\"og:image:type\" content=\"image\/jpeg\" \/>\r\n<meta name=\"twitter:card\" content=\"summary_large_image\" \/>\r\n<meta name=\"twitter:label1\" content=\"Est. reading time\" \/>\n\t<meta name=\"twitter:data1\" content=\"3 minutes\" \/>\r\n<script type=\"application\/ld+json\" class=\"yoast-schema-graph\">{\"@context\":\"https:\/\/schema.org\",\"@graph\":[{\"@type\":\"WebPage\",\"@id\":\"https:\/\/www.ogbl.lu\/communique\/tout-en-restant-sur-ses-gardes-le-sew-constate-une-reelle-volonte-de-la-part-du-menej-de-proceder-a-des-ameliorations\/\",\"url\":\"https:\/\/www.ogbl.lu\/communique\/tout-en-restant-sur-ses-gardes-le-sew-constate-une-reelle-volonte-de-la-part-du-menej-de-proceder-a-des-ameliorations\/\",\"name\":\"[:fr]Tout en restant sur ses gardes, le SEW constate une r\u00e9elle volont\u00e9 de la part du MENEJ de proc\u00e9der \u00e0 des am\u00e9liorations[:en]Tout en restant sur ses gardes, le SEW constate une r\u00e9elle volont\u00e9 de la part du MENEJ de proc\u00e9der \u00e0 des am\u00e9liorations[:] - OGBL\",\"isPartOf\":{\"@id\":\"https:\/\/www.ogbl.lu\/de\/#website\"},\"primaryImageOfPage\":{\"@id\":\"https:\/\/www.ogbl.lu\/communique\/tout-en-restant-sur-ses-gardes-le-sew-constate-une-reelle-volonte-de-la-part-du-menej-de-proceder-a-des-ameliorations\/#primaryimage\"},\"image\":{\"@id\":\"https:\/\/www.ogbl.lu\/communique\/tout-en-restant-sur-ses-gardes-le-sew-constate-une-reelle-volonte-de-la-part-du-menej-de-proceder-a-des-ameliorations\/#primaryimage\"},\"thumbnailUrl\":\"https:\/\/www.ogbl.lu\/wp-content\/uploads\/2015\/12\/images_jeunes1.jpg\",\"datePublished\":\"2015-12-11T10:52:12+00:00\",\"dateModified\":\"2023-06-19T07:54:05+00:00\",\"breadcrumb\":{\"@id\":\"https:\/\/www.ogbl.lu\/communique\/tout-en-restant-sur-ses-gardes-le-sew-constate-une-reelle-volonte-de-la-part-du-menej-de-proceder-a-des-ameliorations\/#breadcrumb\"},\"inLanguage\":\"en-US\",\"potentialAction\":[{\"@type\":\"ReadAction\",\"target\":[\"https:\/\/www.ogbl.lu\/communique\/tout-en-restant-sur-ses-gardes-le-sew-constate-une-reelle-volonte-de-la-part-du-menej-de-proceder-a-des-ameliorations\/\"]}]},{\"@type\":\"ImageObject\",\"inLanguage\":\"en-US\",\"@id\":\"https:\/\/www.ogbl.lu\/communique\/tout-en-restant-sur-ses-gardes-le-sew-constate-une-reelle-volonte-de-la-part-du-menej-de-proceder-a-des-ameliorations\/#primaryimage\",\"url\":\"https:\/\/www.ogbl.lu\/wp-content\/uploads\/2015\/12\/images_jeunes1.jpg\",\"contentUrl\":\"https:\/\/www.ogbl.lu\/wp-content\/uploads\/2015\/12\/images_jeunes1.jpg\",\"width\":150,\"height\":225},{\"@type\":\"BreadcrumbList\",\"@id\":\"https:\/\/www.ogbl.lu\/communique\/tout-en-restant-sur-ses-gardes-le-sew-constate-une-reelle-volonte-de-la-part-du-menej-de-proceder-a-des-ameliorations\/#breadcrumb\",\"itemListElement\":[{\"@type\":\"ListItem\",\"position\":1,\"name\":\"Home\",\"item\":\"https:\/\/www.ogbl.lu\/\"},{\"@type\":\"ListItem\",\"position\":2,\"name\":\"Tout en restant sur ses gardes, le SEW constate une r\u00e9elle volont\u00e9 de la part du MENEJ de proc\u00e9der \u00e0 des am\u00e9liorations\"}]},{\"@type\":\"WebSite\",\"@id\":\"https:\/\/www.ogbl.lu\/de\/#website\",\"url\":\"https:\/\/www.ogbl.lu\/de\/\",\"name\":\"OGBL\",\"description\":\"THE TRADE UNION\",\"publisher\":{\"@id\":\"https:\/\/www.ogbl.lu\/de\/#organization\"},\"potentialAction\":[{\"@type\":\"SearchAction\",\"target\":{\"@type\":\"EntryPoint\",\"urlTemplate\":\"https:\/\/www.ogbl.lu\/de\/?s={search_term_string}\"},\"query-input\":\"required name=search_term_string\"}],\"inLanguage\":\"en-US\"},{\"@type\":\"Organization\",\"@id\":\"https:\/\/www.ogbl.lu\/de\/#organization\",\"name\":\"OGBL\",\"url\":\"https:\/\/www.ogbl.lu\/de\/\",\"logo\":{\"@type\":\"ImageObject\",\"inLanguage\":\"en-US\",\"@id\":\"https:\/\/www.ogbl.lu\/de\/#\/schema\/logo\/image\/\",\"url\":\"https:\/\/www.ogbl.lu\/wp-content\/uploads\/2024\/07\/LOGO_Red_FR-svg.png\",\"contentUrl\":\"https:\/\/www.ogbl.lu\/wp-content\/uploads\/2024\/07\/LOGO_Red_FR-svg.png\",\"width\":369,\"height\":171,\"caption\":\"OGBL\"},\"image\":{\"@id\":\"https:\/\/www.ogbl.lu\/de\/#\/schema\/logo\/image\/\"}}]}<\/script>\r\n<!-- \/ Yoast SEO plugin. -->","yoast_head_json":{"title":"[:fr]Tout en restant sur ses gardes, le SEW constate une r\u00e9elle volont\u00e9 de la part du MENEJ de proc\u00e9der \u00e0 des am\u00e9liorations[:en]Tout en restant sur ses gardes, le SEW constate une r\u00e9elle volont\u00e9 de la part du MENEJ de proc\u00e9der \u00e0 des am\u00e9liorations[:] - OGBL","robots":{"index":"index","follow":"follow","max-snippet":"max-snippet:-1","max-image-preview":"max-image-preview:large","max-video-preview":"max-video-preview:-1"},"canonical":"https:\/\/www.ogbl.lu\/communique\/tout-en-restant-sur-ses-gardes-le-sew-constate-une-reelle-volonte-de-la-part-du-menej-de-proceder-a-des-ameliorations\/","og_locale":"en_US","og_type":"article","og_title":"[:fr]Tout en restant sur ses gardes, le SEW constate une r\u00e9elle volont\u00e9 de la part du MENEJ de proc\u00e9der \u00e0 des am\u00e9liorations[:en]Tout en restant sur ses gardes, le SEW constate une r\u00e9elle volont\u00e9 de la part du MENEJ de proc\u00e9der \u00e0 des am\u00e9liorations[:] - OGBL","og_description":"Le 8 d\u00e9cembre 2015, le SEW, ensemble avec une d\u00e9l\u00e9gation du Lyc\u00e9e des Arts et M\u00e9tiers, a rencontr\u00e9 Jean Billa, \u2026","og_url":"https:\/\/www.ogbl.lu\/communique\/tout-en-restant-sur-ses-gardes-le-sew-constate-une-reelle-volonte-de-la-part-du-menej-de-proceder-a-des-ameliorations\/","og_site_name":"OGBL","article_modified_time":"2023-06-19T07:54:05+00:00","og_image":[{"width":150,"height":225,"url":"https:\/\/www.ogbl.lu\/wp-content\/uploads\/2015\/12\/images_jeunes1.jpg","type":"image\/jpeg"}],"twitter_card":"summary_large_image","twitter_misc":{"Est. reading time":"3 minutes"},"schema":{"@context":"https:\/\/schema.org","@graph":[{"@type":"WebPage","@id":"https:\/\/www.ogbl.lu\/communique\/tout-en-restant-sur-ses-gardes-le-sew-constate-une-reelle-volonte-de-la-part-du-menej-de-proceder-a-des-ameliorations\/","url":"https:\/\/www.ogbl.lu\/communique\/tout-en-restant-sur-ses-gardes-le-sew-constate-une-reelle-volonte-de-la-part-du-menej-de-proceder-a-des-ameliorations\/","name":"[:fr]Tout en restant sur ses gardes, le SEW constate une r\u00e9elle volont\u00e9 de la part du MENEJ de proc\u00e9der \u00e0 des am\u00e9liorations[:en]Tout en restant sur ses gardes, le SEW constate une r\u00e9elle volont\u00e9 de la part du MENEJ de proc\u00e9der \u00e0 des am\u00e9liorations[:] - OGBL","isPartOf":{"@id":"https:\/\/www.ogbl.lu\/de\/#website"},"primaryImageOfPage":{"@id":"https:\/\/www.ogbl.lu\/communique\/tout-en-restant-sur-ses-gardes-le-sew-constate-une-reelle-volonte-de-la-part-du-menej-de-proceder-a-des-ameliorations\/#primaryimage"},"image":{"@id":"https:\/\/www.ogbl.lu\/communique\/tout-en-restant-sur-ses-gardes-le-sew-constate-une-reelle-volonte-de-la-part-du-menej-de-proceder-a-des-ameliorations\/#primaryimage"},"thumbnailUrl":"https:\/\/www.ogbl.lu\/wp-content\/uploads\/2015\/12\/images_jeunes1.jpg","datePublished":"2015-12-11T10:52:12+00:00","dateModified":"2023-06-19T07:54:05+00:00","breadcrumb":{"@id":"https:\/\/www.ogbl.lu\/communique\/tout-en-restant-sur-ses-gardes-le-sew-constate-une-reelle-volonte-de-la-part-du-menej-de-proceder-a-des-ameliorations\/#breadcrumb"},"inLanguage":"en-US","potentialAction":[{"@type":"ReadAction","target":["https:\/\/www.ogbl.lu\/communique\/tout-en-restant-sur-ses-gardes-le-sew-constate-une-reelle-volonte-de-la-part-du-menej-de-proceder-a-des-ameliorations\/"]}]},{"@type":"ImageObject","inLanguage":"en-US","@id":"https:\/\/www.ogbl.lu\/communique\/tout-en-restant-sur-ses-gardes-le-sew-constate-une-reelle-volonte-de-la-part-du-menej-de-proceder-a-des-ameliorations\/#primaryimage","url":"https:\/\/www.ogbl.lu\/wp-content\/uploads\/2015\/12\/images_jeunes1.jpg","contentUrl":"https:\/\/www.ogbl.lu\/wp-content\/uploads\/2015\/12\/images_jeunes1.jpg","width":150,"height":225},{"@type":"BreadcrumbList","@id":"https:\/\/www.ogbl.lu\/communique\/tout-en-restant-sur-ses-gardes-le-sew-constate-une-reelle-volonte-de-la-part-du-menej-de-proceder-a-des-ameliorations\/#breadcrumb","itemListElement":[{"@type":"ListItem","position":1,"name":"Home","item":"https:\/\/www.ogbl.lu\/"},{"@type":"ListItem","position":2,"name":"Tout en restant sur ses gardes, le SEW constate une r\u00e9elle volont\u00e9 de la part du MENEJ de proc\u00e9der \u00e0 des am\u00e9liorations"}]},{"@type":"WebSite","@id":"https:\/\/www.ogbl.lu\/de\/#website","url":"https:\/\/www.ogbl.lu\/de\/","name":"OGBL","description":"THE TRADE UNION","publisher":{"@id":"https:\/\/www.ogbl.lu\/de\/#organization"},"potentialAction":[{"@type":"SearchAction","target":{"@type":"EntryPoint","urlTemplate":"https:\/\/www.ogbl.lu\/de\/?s={search_term_string}"},"query-input":"required name=search_term_string"}],"inLanguage":"en-US"},{"@type":"Organization","@id":"https:\/\/www.ogbl.lu\/de\/#organization","name":"OGBL","url":"https:\/\/www.ogbl.lu\/de\/","logo":{"@type":"ImageObject","inLanguage":"en-US","@id":"https:\/\/www.ogbl.lu\/de\/#\/schema\/logo\/image\/","url":"https:\/\/www.ogbl.lu\/wp-content\/uploads\/2024\/07\/LOGO_Red_FR-svg.png","contentUrl":"https:\/\/www.ogbl.lu\/wp-content\/uploads\/2024\/07\/LOGO_Red_FR-svg.png","width":369,"height":171,"caption":"OGBL"},"image":{"@id":"https:\/\/www.ogbl.lu\/de\/#\/schema\/logo\/image\/"}}]}},"_links":{"self":[{"href":"https:\/\/www.ogbl.lu\/en\/wp-json\/wp\/v2\/communiques\/1962"}],"collection":[{"href":"https:\/\/www.ogbl.lu\/en\/wp-json\/wp\/v2\/communiques"}],"about":[{"href":"https:\/\/www.ogbl.lu\/en\/wp-json\/wp\/v2\/types\/communiques"}],"author":[{"embeddable":true,"href":"https:\/\/www.ogbl.lu\/en\/wp-json\/wp\/v2\/users\/1"}],"version-history":[{"count":0,"href":"https:\/\/www.ogbl.lu\/en\/wp-json\/wp\/v2\/communiques\/1962\/revisions"}],"wp:featuredmedia":[{"embeddable":true,"href":"https:\/\/www.ogbl.lu\/en\/wp-json\/wp\/v2\/media\/4117"}],"wp:attachment":[{"href":"https:\/\/www.ogbl.lu\/en\/wp-json\/wp\/v2\/media?parent=1962"}],"wp:term":[{"taxonomy":"categorie_communiques","embeddable":true,"href":"https:\/\/www.ogbl.lu\/en\/wp-json\/wp\/v2\/categorie_communiques?post=1962"},{"taxonomy":"syndicat","embeddable":true,"href":"https:\/\/www.ogbl.lu\/en\/wp-json\/wp\/v2\/syndicat?post=1962"}],"curies":[{"name":"wp","href":"https:\/\/api.w.org\/{rel}","templated":true}]}}