{"id":1955,"date":"2015-11-30T11:46:08","date_gmt":"2015-11-30T10:46:08","guid":{"rendered":"https:\/\/www.ogbl.lu\/communiques\/premiere-mobilisation-a-dommeldange"},"modified":"2023-06-30T11:42:39","modified_gmt":"2023-06-30T09:42:39","slug":"premiere-mobilisation-a-dommeldange","status":"publish","type":"communiques","link":"https:\/\/www.ogbl.lu\/en\/communique\/premiere-mobilisation-a-dommeldange\/","title":{"rendered":"Premi\u00e8re mobilisation \u00e0 Dommeldange"},"content":{"rendered":"<p class=\"qtranxs-available-languages-message qtranxs-available-languages-message-en\"> <\/p><p><center><iframe loading=\"lazy\" src=\"https:\/\/www.youtube.com\/embed\/Q4pupMYgXr0\" width=\"560\" height=\"315\" frameborder=\"0\" allowfullscreen=\"allowfullscreen\"><\/iframe><\/center>&nbsp;<\/p>\n<p>La campagne \u00abUn paquet social pour le Luxembourg \u2013 Pour un meilleur travail et un meilleur revenu\u00bb a connu le 26 novembre dernier son premier temps fort. Deux semaines apr\u00e8s le lancement officiel de la campagne, plus de 1\u2009000 d\u00e9l\u00e9gu\u00e9s du personnel et de membres des comit\u00e9s des sections locales de l\u2019OGBL se sont mobilis\u00e9s \u00e0 Dommeldange dans le cadre d\u2019une premi\u00e8re grande manifestation en salle, envoyant \u00e0 cette occasion un message clair au gouvernement: il est grand temps de mettre un terme aux politiques antisociales qui ont rythm\u00e9 ces derni\u00e8res ann\u00e9es. Il est donc temps de changer d\u2019orientation politique. L\u2019OGBL exige que le Luxembourg retrouve la voie du progr\u00e8s social et de la justice sociale et il poursuivra sa campagne pour un paquet social, jusqu\u2019\u00e0 ce qu\u2019il obtienne satisfaction.<\/p>\n<p>Ce premier moment fort de la campagne s\u2019inscrit pleinement dans la continuit\u00e9 de la manifestation de masse qui avait rassembl\u00e9 des dizaines de milliers de personnes un 16 mai 2009 dans les rues de Luxembourg-ville pour s\u2019opposer aux politiques d\u2019aust\u00e9rit\u00e9 qui commen\u00e7aient, \u00e0 l\u2019\u00e9poque d\u00e9j\u00e0, \u00e0 se dessiner. Des politiques d\u2019aust\u00e9rit\u00e9 qui, comme l\u2019a rappel\u00e9 le pr\u00e9sident de l\u2019OGBL, Andr\u00e9 Roeltgen, lors de son discours, n\u2019ont toutefois pas tard\u00e9 \u00e0 \u00eatre mises en \u0153uvre par le gouvernement CSV-LSAP issu des urnes au mois de juin de cette m\u00eame ann\u00e9e. Et si l\u2019OGBL, par son opposition, a r\u00e9ussi \u00e0 \u00e9viter que toute une s\u00e9rie de mesures d\u2019aust\u00e9rit\u00e9 suppl\u00e9mentaires soient transpos\u00e9es au cours de la derni\u00e8re l\u00e9gislature, il n\u2019a toutefois pas \u00e9t\u00e9 possible de mettre d\u00e9finitivement un terme au d\u00e9mant\u00e8lement social initi\u00e9 \u00e0 cette \u00e9poque.<\/p>\n<h4><span style=\"color: #000000;\"><em>\u00abS\u2019il y a quelque chose que ce nouveau gouvernement DP\/LSAP\/Gr\u00e9ng n\u2019a pas re\u00e7u de la population, c\u2019est bien un mandat pour poursuivre la politique d\u2019aust\u00e9rit\u00e9 et le d\u00e9mant\u00e8lement social\u00bb<\/em><\/span><\/h4>\n<p>Une politique erron\u00e9e que semble vouloir poursuivre le nouveau gouvernement DP\/LSAP\/Gr\u00e9ng au vue du paquet de mesures antisociales pr\u00e9sent\u00e9 l\u2019ann\u00e9e derni\u00e8re. Comme l\u2019a rappel\u00e9 le pr\u00e9sident de l\u2019OGBL, s\u2019il y a pourtant bien une chose que cette coalition n\u2019a pas re\u00e7u de la population, c\u2019est un mandat pour poursuivre une politique d\u2019aust\u00e9rit\u00e9 et de d\u00e9mant\u00e8lement social.<\/p>\n<p>L\u2019ann\u00e9e derni\u00e8re, sous la pression des syndicats, le gouvernement a d\u00fb revenir sur toute une s\u00e9rie de mesures qu\u2019il projetait. Force est toutefois de constater, un an plus tard, que la population a n\u00e9anmoins d\u00fb subir de nouvelles charges et que son pouvoir d\u2019achat a recul\u00e9. A cela s\u2019ajoute que l\u2019accord pass\u00e9 avec les syndicats n\u2019a jusqu\u2019\u00e0 pr\u00e9sent pas encore \u00e9t\u00e9 totalement transpos\u00e9.<\/p>\n<p>La politique d\u2019aust\u00e9rit\u00e9 et d\u2019\u00e9conomies a fait suffisamment de ravages sociaux \u00e0 travers toute l\u2019Europe, comme l\u2019a rappel\u00e9 le pr\u00e9sident de l\u2019OGBL, qui a \u00e9galement attir\u00e9 l\u2019attention sur le fait que cette politique s\u2019av\u00e8re par ailleurs totalement contreproductive d\u2019un point de vue \u00e9conomique et qu\u2019elle alimente toutes les forces nationaliste et d\u2019extr\u00eame droite qui pullulent actuellement. Au Luxembourg, les in\u00e9galit\u00e9s, le ch\u00f4mage, la pauvret\u00e9 et la pr\u00e9carisation des conditions de travail ont aussi augment\u00e9 de mani\u00e8re alarmante.<a href=\"https:\/\/www.ogbl.lu\/wp-content\/uploads\/communiques\/manif_26_11_15_foule_1.jpg\" target=\"_blank\" rel=\"noopener\"><img decoding=\"async\" class=\"wp-image-20256 alignleft\" style=\"border: 0px none;\" src=\"https:\/\/www.ogbl.lu\/wp-content\/uploads\/communiques\/manif_26_11_15_foule_1.jpg\" alt=\"manif_26_11_15_foule_1\" width=\"250\" \/><\/a><br \/>\nCette politique doit cesser, il n\u2019y a d\u2019ailleurs absolument plus aucune raison de la poursuivre. Nos finances publiques sont encore plus saines que l\u2019ann\u00e9e derni\u00e8re et la croissance est \u00e0 nouveau au rendez-vous. Apr\u00e8s les charges de crise, l\u2019OGBL exige des d\u00e9charges de crise. Le pr\u00e9sident de l\u2019OGBL a ainsi appel\u00e9 le gouvernement \u00e0 entreprendre les corrections n\u00e9cessaires dans le cadre de sa trajectoire budg\u00e9taire pour \u00e9viter que les gens continuent \u00e0 payer pour une crise pour laquelle ils ne sont pas responsables et qui est par ailleurs termin\u00e9. Ce qu\u2019il faut d\u00e9sormais au Luxembourg, c\u2019est un paquet de mesures sociales. Pour un meilleur travail et un meilleur revenu!<\/p>\n<p>Un paquet social dont le pr\u00e9sident de l\u2019OGBL, \u00e0 Dommeldange face \u00e0 l\u2019assembl\u00e9e, a bien \u00e9videmment d\u00e9clin\u00e9 les diff\u00e9rentes lignes de forces qu\u2019il contient, \u00e0 commencer par la question fiscale qui entretient un lien \u00e9vident avec l\u2019accroissement des in\u00e9galit\u00e9s et le recul du pouvoir d\u2019achat dans le pays.<\/p>\n<h4><em><span style=\"color: #000000;\">\u00abQuand, dans l\u2019un des pays les plus riches au monde, plus de 25% des m\u00e9nages affirment avoir des probl\u00e8mes d\u2019argent et du mal \u00e0 joindre les deux bouts, alors ce pays a un tr\u00e8s grand probl\u00e8me\u00bb<\/span><\/em><\/h4>\n<p>L\u2019\u00e9quit\u00e9 fiscale est en chute libre au Luxembourg depuis la fin des ann\u00e9es 1990. Une \u00e9norme redistribution de la charge fiscale s\u2019y est produite au d\u00e9triment des petits et moyens revenus et en faveur des entreprises et des couches sociales disposant de hauts et tr\u00e8s hauts revenus. Dans le cadre de la grande r\u00e9forme fiscale annonc\u00e9e par le gouvernement, il ne peut ainsi y avoir qu\u2019une seule priorit\u00e9, a ainsi rappel\u00e9 le pr\u00e9sident de l\u2019OGBL, \u00e0 savoir: un all\u00e8gement d\u2019imp\u00f4ts sensible pour les petits et moyens revenus et une mise \u00e0 contribution plus importante des hauts revenus et des revenus du capital. Quant aux entreprises, un abaissement suppl\u00e9mentaire de leur imposition serait actuellement tout \u00e0 fait absurde.<\/p>\n<p>Deuxi\u00e8me ligne de force: les prestations sociales. Si dans l\u2019un des pays les plus riches au monde, 25% des m\u00e9nages d\u00e9clarent avoir un probl\u00e8me \u00e0 joindre les deux bouts, c\u2019est que ce pays a un \u00e9norme probl\u00e8me. Et la r\u00e9ponse \u00e0 cette injustice ne peut certainement pas \u00eatre un d\u00e9mant\u00e8lement suppl\u00e9mentaire des prestations sociales comme l\u2019envisage pourtant actuellement le gouvernement en ce qui concerne tout particuli\u00e8rement\u00a0 les allocations familiales, a ainsi soulign\u00e9 le pr\u00e9sident de l\u2019OGBL. Le futur montant des prestations familiales envisag\u00e9 par le gouvernement doit ainsi absolument \u00eatre revaloris\u00e9. Et comme il s\u2019y \u00e9tait engag\u00e9, le gouvernement doit pr\u00e9voir un m\u00e9canisme d\u2019adaptation p\u00e9riodique des montants \u00e0 l\u2019\u00e9volution du salaire m\u00e9dian afin que les prestations cessent de perdre m\u00e9caniquement de leur valeur au fil du temps.<\/p>\n<p><a href=\"https:\/\/www.ogbl.lu\/wp-content\/uploads\/communiques\/manif_26_11_15_foule_3.jpg\" target=\"_blank\" rel=\"noopener\"><img decoding=\"async\" class=\"wp-image-20258 alignleft\" style=\"border: 0px none;\" src=\"https:\/\/www.ogbl.lu\/wp-content\/uploads\/communiques\/manif_26_11_15_foule_3.jpg\" alt=\"manif_26_11_15_foule_3\" width=\"250\" \/><\/a>Autre revendication de l\u2019OGBL: une augmentation structurelle du salaire social minimum de l\u2019ordre de 10%. Les gens qui travaillent pour le salaire social minimum ont aussi le droit d\u2019\u00eatre pay\u00e9 dignement. Le pr\u00e9sident de l\u2019OGBL a, dans ce contexte, tenu \u00e0 rappeler que le Luxembourg d\u00e9tient en Europe un triste record en mati\u00e8re de pauvret\u00e9 au travail (\u00abworking poor\u00bb), lorsque tout en occupant un emploi, les individus se retrouvent tr\u00e8s proches du seuil de pauvret\u00e9.<\/p>\n<p>Autre ligne de force du paquet social: la d\u00e9fense du mod\u00e8le sur lequel repose l\u2019assurance d\u00e9pendance. Un mod\u00e8le qui a fait ses preuves, mais\u00a0 qui est actuellement en train d\u2019\u00eatre remis en question par le gouvernement. La cons\u00e9quence directe du mod\u00e8le alternatif que promeut le gouvernement serait une d\u00e9gradation de la qualit\u00e9 et des prestations qu\u2019offre actuellement l\u2019assurance d\u00e9pendance. Un projet tout \u00e0 fait inacceptable pour l\u2019OGBL, comme l\u2019a clairement affirm\u00e9 une nouvelle fois son pr\u00e9sident.<\/p>\n<p>L\u2019OGBL revendique \u00e9galement une p\u00e9rennisation des emplois et une bonne protection contre les licenciements et le ch\u00f4mage. Pour ce faire, l\u2019OGBL exige que la protection contre les licenciements soit renforc\u00e9e, que la proc\u00e9dure de n\u00e9gociations des plans sociaux soit am\u00e9lior\u00e9e, que la loi sur les plans de maintien dans l\u2019emploi soit r\u00e9form\u00e9e, que la loi donne davantage de droits aux salari\u00e9s dont l\u2019entreprise fait faillite et que ces derniers soient \u00e9galement indemnis\u00e9s plus correctement.<\/p>\n<p>Derni\u00e8re ligne de force du paquet social: une organisation du temps de travail qui permette enfin de concilier correctement vie priv\u00e9e et vie professionnelle. Comme l\u2019a soulign\u00e9 le pr\u00e9sident de l\u2019OGBL, la question qui est pos\u00e9e ici est la suivante: quand, \u00e0 quelle fr\u00e9quence, combien de temps et de quelle mani\u00e8re un salari\u00e9 est-il \u00e0 disposition de son employeur? Et qui doit en d\u00e9cider? L\u2019OGBL plaide dans ce contexte pour une r\u00e9organisation du temps de travail qui prot\u00e8ge davantage les salari\u00e9s face aux nouvelles formes d\u2019exploitation et de manipulation et exige que les heures suppl\u00e9mentaires soient \u00e0 nouveau reconnues et r\u00e9mun\u00e9r\u00e9es en tant que telles. Sans oublier la revendication visant l\u2019introduction de la sixi\u00e8me semaine de cong\u00e9 l\u00e9gal.<\/p>\n<h4><em>\u00a0<span style=\"color: #000000;\">\u00abLes injustices sociales qui ont augment\u00e9 pendant la crise doivent \u00e0 nouveau \u00eatre r\u00e9sorb\u00e9es par le progr\u00e8s social. Si pas maintenant, alors quand? Et comme nous connaissons la r\u00e9ponse, cela doit avoir lieu maintenant\u00bb\u00a0 <\/span><\/em><\/h4>\n<p>Il est d\u00e9sormais grand temps de r\u00e9sorber les in\u00e9galit\u00e9s qui ont continu\u00e9 \u00e0 se creuser pendant la crise. Il est d\u00e9sormais grand temps de renforcer l\u2019Etat social qui a beaucoup souffert pendant cette p\u00e9riode. Si pas maintenant, alors quand? Et comme l\u2019OGBL conna\u00eet la r\u00e9ponse, il sait que cela doit se produire \u00e8s \u00e0 pr\u00e9sent.\u00a0 Le progr\u00e8s social doit enfin devenir l\u2019objectif politique prioritaire de ce gouvernement.<\/p>\n<p>&gt;&gt; <a title=\"\u00abUn paquet social pour le Luxembourg\u00bb \u2013 Grande manifestation du 26 novembre\" href=\"https:\/\/www.ogbl.lu\/communique\/un-paquet-social-pour-le-luxembourg-grande-manifestation-du-26-novembre\" target=\"_blank\" rel=\"noopener\">Discours prononc\u00e9 par Andr\u00e9 Roeltgen lors de la manifestation<\/a><br \/>\n&gt;&gt; <a href=\"\/wp-content\/uploads\/2023\/06\/brochure_sozialpak_fr.pdf\" target=\"_blank\" rel=\"noopener\">Tout le dossier de la campagne (PDF)<\/a><\/p>","protected":false},"author":1,"featured_media":4124,"template":"","categorie_communiques":[41],"syndicat":[],"acf":[],"yoast_head":"<!-- This site is optimized with the Yoast SEO plugin v23.1 - https:\/\/yoast.com\/wordpress\/plugins\/seo\/ -->\r\n<title><\/title>\r\n<meta name=\"robots\" content=\"index, follow, max-snippet:-1, max-image-preview:large, max-video-preview:-1\" \/>\r\n<link rel=\"canonical\" href=\"https:\/\/www.ogbl.lu\/communique\/premiere-mobilisation-a-dommeldange\/\" \/>\r\n<meta property=\"og:locale\" content=\"en_US\" \/>\r\n<meta property=\"og:type\" content=\"article\" \/>\r\n<meta property=\"og:title\" content=\"[:fr]Premi\u00e8re mobilisation \u00e0 Dommeldange[:de]Erste Mobilisierung in Dommeldingen[:] - OGBL\" \/>\r\n<meta property=\"og:description\" content=\"&nbsp; La campagne \u00abUn paquet social pour le Luxembourg \u2013 Pour un meilleur travail et un meilleur revenu\u00bb a connu \u2026\" \/>\r\n<meta property=\"og:url\" content=\"https:\/\/www.ogbl.lu\/communique\/premiere-mobilisation-a-dommeldange\/\" \/>\r\n<meta property=\"og:site_name\" content=\"OGBL\" \/>\r\n<meta property=\"article:modified_time\" content=\"2023-06-30T09:42:39+00:00\" \/>\r\n<meta property=\"og:image\" content=\"https:\/\/www.ogbl.lu\/wp-content\/uploads\/2015\/11\/manif_26_11_15_foule_1.jpg\" \/>\r\n\t<meta property=\"og:image:width\" content=\"600\" \/>\r\n\t<meta property=\"og:image:height\" content=\"399\" \/>\r\n\t<meta property=\"og:image:type\" content=\"image\/jpeg\" \/>\r\n<meta name=\"twitter:card\" content=\"summary_large_image\" \/>\r\n<meta name=\"twitter:label1\" content=\"Est. reading time\" \/>\n\t<meta name=\"twitter:data1\" content=\"15 minutes\" \/>\r\n<script type=\"application\/ld+json\" class=\"yoast-schema-graph\">{\"@context\":\"https:\/\/schema.org\",\"@graph\":[{\"@type\":\"WebPage\",\"@id\":\"https:\/\/www.ogbl.lu\/communique\/premiere-mobilisation-a-dommeldange\/\",\"url\":\"https:\/\/www.ogbl.lu\/communique\/premiere-mobilisation-a-dommeldange\/\",\"name\":\"[:fr]Premi\u00e8re mobilisation \u00e0 Dommeldange[:de]Erste Mobilisierung in Dommeldingen[:] - OGBL\",\"isPartOf\":{\"@id\":\"https:\/\/www.ogbl.lu\/de\/#website\"},\"primaryImageOfPage\":{\"@id\":\"https:\/\/www.ogbl.lu\/communique\/premiere-mobilisation-a-dommeldange\/#primaryimage\"},\"image\":{\"@id\":\"https:\/\/www.ogbl.lu\/communique\/premiere-mobilisation-a-dommeldange\/#primaryimage\"},\"thumbnailUrl\":\"https:\/\/www.ogbl.lu\/wp-content\/uploads\/2015\/11\/manif_26_11_15_foule_1.jpg\",\"datePublished\":\"2015-11-30T10:46:08+00:00\",\"dateModified\":\"2023-06-30T09:42:39+00:00\",\"breadcrumb\":{\"@id\":\"https:\/\/www.ogbl.lu\/communique\/premiere-mobilisation-a-dommeldange\/#breadcrumb\"},\"inLanguage\":\"en-US\",\"potentialAction\":[{\"@type\":\"ReadAction\",\"target\":[\"https:\/\/www.ogbl.lu\/communique\/premiere-mobilisation-a-dommeldange\/\"]}]},{\"@type\":\"ImageObject\",\"inLanguage\":\"en-US\",\"@id\":\"https:\/\/www.ogbl.lu\/communique\/premiere-mobilisation-a-dommeldange\/#primaryimage\",\"url\":\"https:\/\/www.ogbl.lu\/wp-content\/uploads\/2015\/11\/manif_26_11_15_foule_1.jpg\",\"contentUrl\":\"https:\/\/www.ogbl.lu\/wp-content\/uploads\/2015\/11\/manif_26_11_15_foule_1.jpg\",\"width\":600,\"height\":399},{\"@type\":\"BreadcrumbList\",\"@id\":\"https:\/\/www.ogbl.lu\/communique\/premiere-mobilisation-a-dommeldange\/#breadcrumb\",\"itemListElement\":[{\"@type\":\"ListItem\",\"position\":1,\"name\":\"Home\",\"item\":\"https:\/\/www.ogbl.lu\/\"},{\"@type\":\"ListItem\",\"position\":2,\"name\":\"Premi\u00e8re mobilisation \u00e0 Dommeldange\"}]},{\"@type\":\"WebSite\",\"@id\":\"https:\/\/www.ogbl.lu\/de\/#website\",\"url\":\"https:\/\/www.ogbl.lu\/de\/\",\"name\":\"OGBL\",\"description\":\"THE TRADE UNION\",\"publisher\":{\"@id\":\"https:\/\/www.ogbl.lu\/de\/#organization\"},\"potentialAction\":[{\"@type\":\"SearchAction\",\"target\":{\"@type\":\"EntryPoint\",\"urlTemplate\":\"https:\/\/www.ogbl.lu\/de\/?s={search_term_string}\"},\"query-input\":\"required name=search_term_string\"}],\"inLanguage\":\"en-US\"},{\"@type\":\"Organization\",\"@id\":\"https:\/\/www.ogbl.lu\/de\/#organization\",\"name\":\"OGBL\",\"url\":\"https:\/\/www.ogbl.lu\/de\/\",\"logo\":{\"@type\":\"ImageObject\",\"inLanguage\":\"en-US\",\"@id\":\"https:\/\/www.ogbl.lu\/de\/#\/schema\/logo\/image\/\",\"url\":\"https:\/\/www.ogbl.lu\/wp-content\/uploads\/2024\/07\/LOGO_Red_FR-svg.png\",\"contentUrl\":\"https:\/\/www.ogbl.lu\/wp-content\/uploads\/2024\/07\/LOGO_Red_FR-svg.png\",\"width\":369,\"height\":171,\"caption\":\"OGBL\"},\"image\":{\"@id\":\"https:\/\/www.ogbl.lu\/de\/#\/schema\/logo\/image\/\"}}]}<\/script>\r\n<!-- \/ Yoast SEO plugin. -->","yoast_head_json":{"title":"[:fr]Premi\u00e8re mobilisation \u00e0 Dommeldange[:de]Erste Mobilisierung in Dommeldingen[:] - OGBL","robots":{"index":"index","follow":"follow","max-snippet":"max-snippet:-1","max-image-preview":"max-image-preview:large","max-video-preview":"max-video-preview:-1"},"canonical":"https:\/\/www.ogbl.lu\/communique\/premiere-mobilisation-a-dommeldange\/","og_locale":"en_US","og_type":"article","og_title":"[:fr]Premi\u00e8re mobilisation \u00e0 Dommeldange[:de]Erste Mobilisierung in Dommeldingen[:] - OGBL","og_description":"&nbsp; La campagne \u00abUn paquet social pour le Luxembourg \u2013 Pour un meilleur travail et un meilleur revenu\u00bb a connu \u2026","og_url":"https:\/\/www.ogbl.lu\/communique\/premiere-mobilisation-a-dommeldange\/","og_site_name":"OGBL","article_modified_time":"2023-06-30T09:42:39+00:00","og_image":[{"width":600,"height":399,"url":"https:\/\/www.ogbl.lu\/wp-content\/uploads\/2015\/11\/manif_26_11_15_foule_1.jpg","type":"image\/jpeg"}],"twitter_card":"summary_large_image","twitter_misc":{"Est. reading time":"15 minutes"},"schema":{"@context":"https:\/\/schema.org","@graph":[{"@type":"WebPage","@id":"https:\/\/www.ogbl.lu\/communique\/premiere-mobilisation-a-dommeldange\/","url":"https:\/\/www.ogbl.lu\/communique\/premiere-mobilisation-a-dommeldange\/","name":"[:fr]Premi\u00e8re mobilisation \u00e0 Dommeldange[:de]Erste Mobilisierung in Dommeldingen[:] - OGBL","isPartOf":{"@id":"https:\/\/www.ogbl.lu\/de\/#website"},"primaryImageOfPage":{"@id":"https:\/\/www.ogbl.lu\/communique\/premiere-mobilisation-a-dommeldange\/#primaryimage"},"image":{"@id":"https:\/\/www.ogbl.lu\/communique\/premiere-mobilisation-a-dommeldange\/#primaryimage"},"thumbnailUrl":"https:\/\/www.ogbl.lu\/wp-content\/uploads\/2015\/11\/manif_26_11_15_foule_1.jpg","datePublished":"2015-11-30T10:46:08+00:00","dateModified":"2023-06-30T09:42:39+00:00","breadcrumb":{"@id":"https:\/\/www.ogbl.lu\/communique\/premiere-mobilisation-a-dommeldange\/#breadcrumb"},"inLanguage":"en-US","potentialAction":[{"@type":"ReadAction","target":["https:\/\/www.ogbl.lu\/communique\/premiere-mobilisation-a-dommeldange\/"]}]},{"@type":"ImageObject","inLanguage":"en-US","@id":"https:\/\/www.ogbl.lu\/communique\/premiere-mobilisation-a-dommeldange\/#primaryimage","url":"https:\/\/www.ogbl.lu\/wp-content\/uploads\/2015\/11\/manif_26_11_15_foule_1.jpg","contentUrl":"https:\/\/www.ogbl.lu\/wp-content\/uploads\/2015\/11\/manif_26_11_15_foule_1.jpg","width":600,"height":399},{"@type":"BreadcrumbList","@id":"https:\/\/www.ogbl.lu\/communique\/premiere-mobilisation-a-dommeldange\/#breadcrumb","itemListElement":[{"@type":"ListItem","position":1,"name":"Home","item":"https:\/\/www.ogbl.lu\/"},{"@type":"ListItem","position":2,"name":"Premi\u00e8re mobilisation \u00e0 Dommeldange"}]},{"@type":"WebSite","@id":"https:\/\/www.ogbl.lu\/de\/#website","url":"https:\/\/www.ogbl.lu\/de\/","name":"OGBL","description":"THE TRADE UNION","publisher":{"@id":"https:\/\/www.ogbl.lu\/de\/#organization"},"potentialAction":[{"@type":"SearchAction","target":{"@type":"EntryPoint","urlTemplate":"https:\/\/www.ogbl.lu\/de\/?s={search_term_string}"},"query-input":"required name=search_term_string"}],"inLanguage":"en-US"},{"@type":"Organization","@id":"https:\/\/www.ogbl.lu\/de\/#organization","name":"OGBL","url":"https:\/\/www.ogbl.lu\/de\/","logo":{"@type":"ImageObject","inLanguage":"en-US","@id":"https:\/\/www.ogbl.lu\/de\/#\/schema\/logo\/image\/","url":"https:\/\/www.ogbl.lu\/wp-content\/uploads\/2024\/07\/LOGO_Red_FR-svg.png","contentUrl":"https:\/\/www.ogbl.lu\/wp-content\/uploads\/2024\/07\/LOGO_Red_FR-svg.png","width":369,"height":171,"caption":"OGBL"},"image":{"@id":"https:\/\/www.ogbl.lu\/de\/#\/schema\/logo\/image\/"}}]}},"_links":{"self":[{"href":"https:\/\/www.ogbl.lu\/en\/wp-json\/wp\/v2\/communiques\/1955"}],"collection":[{"href":"https:\/\/www.ogbl.lu\/en\/wp-json\/wp\/v2\/communiques"}],"about":[{"href":"https:\/\/www.ogbl.lu\/en\/wp-json\/wp\/v2\/types\/communiques"}],"author":[{"embeddable":true,"href":"https:\/\/www.ogbl.lu\/en\/wp-json\/wp\/v2\/users\/1"}],"version-history":[{"count":0,"href":"https:\/\/www.ogbl.lu\/en\/wp-json\/wp\/v2\/communiques\/1955\/revisions"}],"wp:featuredmedia":[{"embeddable":true,"href":"https:\/\/www.ogbl.lu\/en\/wp-json\/wp\/v2\/media\/4124"}],"wp:attachment":[{"href":"https:\/\/www.ogbl.lu\/en\/wp-json\/wp\/v2\/media?parent=1955"}],"wp:term":[{"taxonomy":"categorie_communiques","embeddable":true,"href":"https:\/\/www.ogbl.lu\/en\/wp-json\/wp\/v2\/categorie_communiques?post=1955"},{"taxonomy":"syndicat","embeddable":true,"href":"https:\/\/www.ogbl.lu\/en\/wp-json\/wp\/v2\/syndicat?post=1955"}],"curies":[{"name":"wp","href":"https:\/\/api.w.org\/{rel}","templated":true}]}}