{"id":1944,"date":"2015-11-13T11:15:19","date_gmt":"2015-11-13T10:15:19","guid":{"rendered":"https:\/\/www.ogbl.lu\/communiques\/cinq-questions-a-catherine-molitor-la-nouvelle-vice-presidente-de-logbl-jeunes"},"modified":"2023-05-24T14:20:41","modified_gmt":"2023-05-24T12:20:41","slug":"cinq-questions-a-catherine-molitor-la-nouvelle-vice-presidente-de-logbl-jeunes","status":"publish","type":"communiques","link":"https:\/\/www.ogbl.lu\/en\/communique\/cinq-questions-a-catherine-molitor-la-nouvelle-vice-presidente-de-logbl-jeunes\/","title":{"rendered":"Cinq questions \u00e0 Catherine Molitor, la nouvelle vice-pr\u00e9sidente de l\u2019OGBL-Jeunes"},"content":{"rendered":"<p class=\"qtranxs-available-languages-message qtranxs-available-languages-message-en\"> <\/p><p><a href=\"https:\/\/www.ogbl.lu\/wp-content\/uploads\/communiques\/catherine_molitor.jpg\"><img loading=\"lazy\" decoding=\"async\" class=\"alignleft size-full wp-image-20081\" src=\"https:\/\/www.ogbl.lu\/wp-content\/uploads\/communiques\/catherine_molitor.jpg\" alt=\"catherine_molitor\" width=\"150\" height=\"150\" \/><\/a>\u00abLe stagiaire ne doit pas remplacer un emploi r\u00e9gulier et par l\u00e0 devenir un salari\u00e9 bon march\u00e9.\u00bb<\/p>\n<p><span style=\"color: #000000;\"><em>Aktuell: Catherine Molitor, tu es quelqu\u2019un de tr\u00e8s\u00a0 active. Que signifie pour toi s&#8217;engager?<\/em><\/span><\/p>\n<p><span style=\"color: #ff0000;\">Catherine Molitor:<\/span> <span style=\"color: #000066;\">\u00c0 la maison, on nous a toujours dit qu\u2019une collectivit\u00e9 ne peut fonctionner que sur base de responsabilit\u00e9 sociale et de cohabitation. Un engagement signifie pour moi par exemple de prendre une position et de ne pas l\u2019abandonner \u00e0 la premi\u00e8re difficult\u00e9. D\u00e8s mon adolescence j\u2019ai pris de mon plein gr\u00e9 des responsabilit\u00e9s, aussi bien au niveau du sport que chez les guides. Depuis 2013 je fais partie de la d\u00e9l\u00e9gation du personnel du CHEM, et peu de temps apr\u00e8s, je suis devenue membre de l\u2019OGBL-Jeunes. En plus je fais partie du comit\u00e9 de l\u2019\u00abAssociation nationale des victimes de la route\u00bb.<\/span><\/p>\n<p><span style=\"color: #000000;\"><em>Aktuell: Pourquoi vaut-il la peine de devenir membre de l\u2019OGBL?<\/em><\/span><\/p>\n<p><span style=\"color: #ff0000;\">Catherine Molitor:<\/span> <span style=\"color: #000066;\">Pour les jeunes qui entament leur vie professionnelle, que ce soit par une formation ou apr\u00e8s leurs \u00e9tudes, il est important de comprendre que les g\u00e9n\u00e9rations pass\u00e9es ont lutt\u00e9 pour des droits et des conditions de travail que nous avons aujourd&#8217;hui. C\u2019est \u00e0 nous maintenant de d\u00e9fendre ces acquis, et, le cas \u00e9ch\u00e9ant, de les am\u00e9liorer.<\/span><\/p>\n<p><span style=\"color: #000000;\"><em>Aktuell: Quels sont tes sujets pr\u00e9f\u00e9r\u00e9s?<\/em><\/span><\/p>\n<p><span style=\"color: #ff0000;\">Catherine Molitor:<\/span> <span style=\"color: #000066;\">La politique de sant\u00e9 et la politique familiale sont mes sujets pr\u00e9f\u00e9r\u00e9s, comme je suis de par ma profession engag\u00e9e dans le secteur de la sant\u00e9. La politique d\u2019\u00e9ducation et de formation m\u2019int\u00e9resse beaucoup \u00e9galement. Je pense par exemple que des stages extra-scolaires doivent proposer des programmes d\u2019apprentissage de qualit\u00e9 et des conditions de travail convenables, et ne doivent pas faire fonction de remplacement bon march\u00e9 d\u2019emplois r\u00e9guliers.<\/span><\/p>\n<p><span style=\"color: #000000;\"><em>Aktuell: Quels sont pr\u00e9cis\u00e9ment les probl\u00e8mes auxquels sont confront\u00e9s les jeunes gens lors d\u2019un stage?<\/em><\/span><\/p>\n<p><span style=\"color: #ff0000;\">Catherine Molitor:<\/span> <span style=\"color: #000066;\"> Les stages qui doivent \u00eatre effectu\u00e9s pendant la scolarit\u00e9 sont r\u00e9glement\u00e9s, ceux qui ont lieu en dehors ne le sont cependant pas. Ces derniers ne sont pas r\u00e9glement\u00e9s dans tous les d\u00e9tails par la loi. Il y a des stages qui s\u2019\u00e9tendent sur plusieurs mois et laissent au bon soin de l\u2019employeur de r\u00e9mun\u00e9rer le stagiaire ou non. Aucune cotisation sociale n\u2019est vers\u00e9e, ce qui fait que le stagiaire n\u2019est pas assur\u00e9 d\u2019un point de vue social. Si on tombe malade pendant son stage, on n\u2019a pas de chance. Mais avant tout, l\u2019employeur peut mettre \u00e0 la porte le stagiaire \u00e0 n\u2019importe quel moment, sans qu\u2019aucune explication ne soit n\u00e9cessaire!<\/span><\/p>\n<p><span style=\"color: #000000;\"><em>Aktuell: Vous avez \u00e9labor\u00e9 une prise de position dans votre comit\u00e9 des Jeunes. Quelles sont les revendications de l\u2019OGBL-Jeunes?<\/em><\/span><\/p>\n<p><span style=\"color: #ff0000;\">Catherine Molitor:<\/span> <span style=\"color: #000066;\">Nous avons formul\u00e9 neuf revendications, qui, selon notre point de vue, sont indispensables afin de renforcer les droits du stagiaire. Un stage doit avoir un but p\u00e9dagogique. Le stagiaire ne peut pas remplacer un emploi r\u00e9gulier et se convertir ainsi en salari\u00e9 bon march\u00e9. Nous exigeons qu\u2019il y ait un contrat entre l\u2019employeur et le stagiaire. Une personne de r\u00e9f\u00e9rence qualifi\u00e9e doit soutenir et accompagner le stagiaire durant son activit\u00e9. \u00c0 la fin du stage, les comp\u00e9tences acquises et les qualifications doivent \u00eatre certifi\u00e9es. Il est important que le stagiaire obtienne une indemnisation financi\u00e8re et qu\u2019il ait une assurance sociale. Les stages ne doivent pas durer plus de trois mois. Apr\u00e8s avoir termin\u00e9 leur formation, les jeunes gens ont besoin d\u2019un emploi fixe et non d\u2019un stage non r\u00e9mun\u00e9r\u00e9. Et il faut mieux expliquer aux jeunes salari\u00e9s d\u00e9butants leurs droits et il faut mieux les informer.<\/span><\/p>\n<p>&nbsp;<\/p>","protected":false},"author":1,"featured_media":4132,"template":"","categorie_communiques":[132],"syndicat":[120],"acf":[],"yoast_head":"<!-- This site is optimized with the Yoast SEO plugin v23.1 - https:\/\/yoast.com\/wordpress\/plugins\/seo\/ -->\r\n<title>Cinq questions \u00e0 Catherine Molitor, la nouvelle vice-pr\u00e9sidente de l\u2019OGBL-Jeunes - OGBL<\/title>\r\n<meta name=\"robots\" content=\"index, follow, max-snippet:-1, max-image-preview:large, max-video-preview:-1\" \/>\r\n<link rel=\"canonical\" href=\"https:\/\/www.ogbl.lu\/communique\/cinq-questions-a-catherine-molitor-la-nouvelle-vice-presidente-de-logbl-jeunes\/\" \/>\r\n<meta property=\"og:locale\" content=\"en_US\" \/>\r\n<meta property=\"og:type\" content=\"article\" \/>\r\n<meta property=\"og:title\" content=\"[:fr]Cinq questions \u00e0 Catherine Molitor, la nouvelle vice-pr\u00e9sidente de l\u2019OGBL-Jeunes[:de]F\u00fcnf Fragen an Catherine Molitor, die neue Vizepr\u00e4sidentin der OGBL-Jugend[:en]Cinq questions \u00e0 Catherine Molitor, la nouvelle vice-pr\u00e9sidente de l\u2019OGBL-Jeunes[:] - OGBL\" \/>\r\n<meta property=\"og:description\" content=\"\u00abLe stagiaire ne doit pas remplacer un emploi r\u00e9gulier et par l\u00e0 devenir un salari\u00e9 bon march\u00e9.\u00bb Aktuell: Catherine Molitor, \u2026\" \/>\r\n<meta property=\"og:url\" content=\"https:\/\/www.ogbl.lu\/communique\/cinq-questions-a-catherine-molitor-la-nouvelle-vice-presidente-de-logbl-jeunes\/\" \/>\r\n<meta property=\"og:site_name\" content=\"OGBL\" \/>\r\n<meta property=\"article:modified_time\" content=\"2023-05-24T12:20:41+00:00\" \/>\r\n<meta property=\"og:image\" content=\"https:\/\/www.ogbl.lu\/wp-content\/uploads\/2015\/11\/catherine_molitor.jpg\" \/>\r\n\t<meta property=\"og:image:width\" content=\"150\" \/>\r\n\t<meta property=\"og:image:height\" content=\"150\" \/>\r\n\t<meta property=\"og:image:type\" content=\"image\/jpeg\" \/>\r\n<meta name=\"twitter:card\" content=\"summary_large_image\" \/>\r\n<meta name=\"twitter:label1\" content=\"Est. reading time\" \/>\n\t<meta name=\"twitter:data1\" content=\"6 minutes\" \/>\r\n<script type=\"application\/ld+json\" class=\"yoast-schema-graph\">{\"@context\":\"https:\/\/schema.org\",\"@graph\":[{\"@type\":\"WebPage\",\"@id\":\"https:\/\/www.ogbl.lu\/communique\/cinq-questions-a-catherine-molitor-la-nouvelle-vice-presidente-de-logbl-jeunes\/\",\"url\":\"https:\/\/www.ogbl.lu\/communique\/cinq-questions-a-catherine-molitor-la-nouvelle-vice-presidente-de-logbl-jeunes\/\",\"name\":\"[:fr]Cinq questions \u00e0 Catherine Molitor, la nouvelle vice-pr\u00e9sidente de l\u2019OGBL-Jeunes[:de]F\u00fcnf Fragen an Catherine Molitor, die neue Vizepr\u00e4sidentin der OGBL-Jugend[:en]Cinq questions \u00e0 Catherine Molitor, la nouvelle vice-pr\u00e9sidente de l\u2019OGBL-Jeunes[:] - OGBL\",\"isPartOf\":{\"@id\":\"https:\/\/www.ogbl.lu\/de\/#website\"},\"primaryImageOfPage\":{\"@id\":\"https:\/\/www.ogbl.lu\/communique\/cinq-questions-a-catherine-molitor-la-nouvelle-vice-presidente-de-logbl-jeunes\/#primaryimage\"},\"image\":{\"@id\":\"https:\/\/www.ogbl.lu\/communique\/cinq-questions-a-catherine-molitor-la-nouvelle-vice-presidente-de-logbl-jeunes\/#primaryimage\"},\"thumbnailUrl\":\"https:\/\/www.ogbl.lu\/wp-content\/uploads\/2015\/11\/catherine_molitor.jpg\",\"datePublished\":\"2015-11-13T10:15:19+00:00\",\"dateModified\":\"2023-05-24T12:20:41+00:00\",\"breadcrumb\":{\"@id\":\"https:\/\/www.ogbl.lu\/communique\/cinq-questions-a-catherine-molitor-la-nouvelle-vice-presidente-de-logbl-jeunes\/#breadcrumb\"},\"inLanguage\":\"en-US\",\"potentialAction\":[{\"@type\":\"ReadAction\",\"target\":[\"https:\/\/www.ogbl.lu\/communique\/cinq-questions-a-catherine-molitor-la-nouvelle-vice-presidente-de-logbl-jeunes\/\"]}]},{\"@type\":\"ImageObject\",\"inLanguage\":\"en-US\",\"@id\":\"https:\/\/www.ogbl.lu\/communique\/cinq-questions-a-catherine-molitor-la-nouvelle-vice-presidente-de-logbl-jeunes\/#primaryimage\",\"url\":\"https:\/\/www.ogbl.lu\/wp-content\/uploads\/2015\/11\/catherine_molitor.jpg\",\"contentUrl\":\"https:\/\/www.ogbl.lu\/wp-content\/uploads\/2015\/11\/catherine_molitor.jpg\",\"width\":150,\"height\":150},{\"@type\":\"BreadcrumbList\",\"@id\":\"https:\/\/www.ogbl.lu\/communique\/cinq-questions-a-catherine-molitor-la-nouvelle-vice-presidente-de-logbl-jeunes\/#breadcrumb\",\"itemListElement\":[{\"@type\":\"ListItem\",\"position\":1,\"name\":\"Home\",\"item\":\"https:\/\/www.ogbl.lu\/\"},{\"@type\":\"ListItem\",\"position\":2,\"name\":\"Cinq questions \u00e0 Catherine Molitor, la nouvelle vice-pr\u00e9sidente de l\u2019OGBL-Jeunes\"}]},{\"@type\":\"WebSite\",\"@id\":\"https:\/\/www.ogbl.lu\/de\/#website\",\"url\":\"https:\/\/www.ogbl.lu\/de\/\",\"name\":\"OGBL\",\"description\":\"THE TRADE UNION\",\"publisher\":{\"@id\":\"https:\/\/www.ogbl.lu\/de\/#organization\"},\"potentialAction\":[{\"@type\":\"SearchAction\",\"target\":{\"@type\":\"EntryPoint\",\"urlTemplate\":\"https:\/\/www.ogbl.lu\/de\/?s={search_term_string}\"},\"query-input\":\"required name=search_term_string\"}],\"inLanguage\":\"en-US\"},{\"@type\":\"Organization\",\"@id\":\"https:\/\/www.ogbl.lu\/de\/#organization\",\"name\":\"OGBL\",\"url\":\"https:\/\/www.ogbl.lu\/de\/\",\"logo\":{\"@type\":\"ImageObject\",\"inLanguage\":\"en-US\",\"@id\":\"https:\/\/www.ogbl.lu\/de\/#\/schema\/logo\/image\/\",\"url\":\"https:\/\/www.ogbl.lu\/wp-content\/uploads\/2024\/07\/LOGO_Red_FR-svg.png\",\"contentUrl\":\"https:\/\/www.ogbl.lu\/wp-content\/uploads\/2024\/07\/LOGO_Red_FR-svg.png\",\"width\":369,\"height\":171,\"caption\":\"OGBL\"},\"image\":{\"@id\":\"https:\/\/www.ogbl.lu\/de\/#\/schema\/logo\/image\/\"}}]}<\/script>\r\n<!-- \/ Yoast SEO plugin. -->","yoast_head_json":{"title":"[:fr]Cinq questions \u00e0 Catherine Molitor, la nouvelle vice-pr\u00e9sidente de l\u2019OGBL-Jeunes[:de]F\u00fcnf Fragen an Catherine Molitor, die neue Vizepr\u00e4sidentin der OGBL-Jugend[:en]Cinq questions \u00e0 Catherine Molitor, la nouvelle vice-pr\u00e9sidente de l\u2019OGBL-Jeunes[:] - OGBL","robots":{"index":"index","follow":"follow","max-snippet":"max-snippet:-1","max-image-preview":"max-image-preview:large","max-video-preview":"max-video-preview:-1"},"canonical":"https:\/\/www.ogbl.lu\/communique\/cinq-questions-a-catherine-molitor-la-nouvelle-vice-presidente-de-logbl-jeunes\/","og_locale":"en_US","og_type":"article","og_title":"[:fr]Cinq questions \u00e0 Catherine Molitor, la nouvelle vice-pr\u00e9sidente de l\u2019OGBL-Jeunes[:de]F\u00fcnf Fragen an Catherine Molitor, die neue Vizepr\u00e4sidentin der OGBL-Jugend[:en]Cinq questions \u00e0 Catherine Molitor, la nouvelle vice-pr\u00e9sidente de l\u2019OGBL-Jeunes[:] - OGBL","og_description":"\u00abLe stagiaire ne doit pas remplacer un emploi r\u00e9gulier et par l\u00e0 devenir un salari\u00e9 bon march\u00e9.\u00bb Aktuell: Catherine Molitor, \u2026","og_url":"https:\/\/www.ogbl.lu\/communique\/cinq-questions-a-catherine-molitor-la-nouvelle-vice-presidente-de-logbl-jeunes\/","og_site_name":"OGBL","article_modified_time":"2023-05-24T12:20:41+00:00","og_image":[{"width":150,"height":150,"url":"https:\/\/www.ogbl.lu\/wp-content\/uploads\/2015\/11\/catherine_molitor.jpg","type":"image\/jpeg"}],"twitter_card":"summary_large_image","twitter_misc":{"Est. reading time":"6 minutes"},"schema":{"@context":"https:\/\/schema.org","@graph":[{"@type":"WebPage","@id":"https:\/\/www.ogbl.lu\/communique\/cinq-questions-a-catherine-molitor-la-nouvelle-vice-presidente-de-logbl-jeunes\/","url":"https:\/\/www.ogbl.lu\/communique\/cinq-questions-a-catherine-molitor-la-nouvelle-vice-presidente-de-logbl-jeunes\/","name":"[:fr]Cinq questions \u00e0 Catherine Molitor, la nouvelle vice-pr\u00e9sidente de l\u2019OGBL-Jeunes[:de]F\u00fcnf Fragen an Catherine Molitor, die neue Vizepr\u00e4sidentin der OGBL-Jugend[:en]Cinq questions \u00e0 Catherine Molitor, la nouvelle vice-pr\u00e9sidente de l\u2019OGBL-Jeunes[:] - OGBL","isPartOf":{"@id":"https:\/\/www.ogbl.lu\/de\/#website"},"primaryImageOfPage":{"@id":"https:\/\/www.ogbl.lu\/communique\/cinq-questions-a-catherine-molitor-la-nouvelle-vice-presidente-de-logbl-jeunes\/#primaryimage"},"image":{"@id":"https:\/\/www.ogbl.lu\/communique\/cinq-questions-a-catherine-molitor-la-nouvelle-vice-presidente-de-logbl-jeunes\/#primaryimage"},"thumbnailUrl":"https:\/\/www.ogbl.lu\/wp-content\/uploads\/2015\/11\/catherine_molitor.jpg","datePublished":"2015-11-13T10:15:19+00:00","dateModified":"2023-05-24T12:20:41+00:00","breadcrumb":{"@id":"https:\/\/www.ogbl.lu\/communique\/cinq-questions-a-catherine-molitor-la-nouvelle-vice-presidente-de-logbl-jeunes\/#breadcrumb"},"inLanguage":"en-US","potentialAction":[{"@type":"ReadAction","target":["https:\/\/www.ogbl.lu\/communique\/cinq-questions-a-catherine-molitor-la-nouvelle-vice-presidente-de-logbl-jeunes\/"]}]},{"@type":"ImageObject","inLanguage":"en-US","@id":"https:\/\/www.ogbl.lu\/communique\/cinq-questions-a-catherine-molitor-la-nouvelle-vice-presidente-de-logbl-jeunes\/#primaryimage","url":"https:\/\/www.ogbl.lu\/wp-content\/uploads\/2015\/11\/catherine_molitor.jpg","contentUrl":"https:\/\/www.ogbl.lu\/wp-content\/uploads\/2015\/11\/catherine_molitor.jpg","width":150,"height":150},{"@type":"BreadcrumbList","@id":"https:\/\/www.ogbl.lu\/communique\/cinq-questions-a-catherine-molitor-la-nouvelle-vice-presidente-de-logbl-jeunes\/#breadcrumb","itemListElement":[{"@type":"ListItem","position":1,"name":"Home","item":"https:\/\/www.ogbl.lu\/"},{"@type":"ListItem","position":2,"name":"Cinq questions \u00e0 Catherine Molitor, la nouvelle vice-pr\u00e9sidente de l\u2019OGBL-Jeunes"}]},{"@type":"WebSite","@id":"https:\/\/www.ogbl.lu\/de\/#website","url":"https:\/\/www.ogbl.lu\/de\/","name":"OGBL","description":"THE TRADE UNION","publisher":{"@id":"https:\/\/www.ogbl.lu\/de\/#organization"},"potentialAction":[{"@type":"SearchAction","target":{"@type":"EntryPoint","urlTemplate":"https:\/\/www.ogbl.lu\/de\/?s={search_term_string}"},"query-input":"required name=search_term_string"}],"inLanguage":"en-US"},{"@type":"Organization","@id":"https:\/\/www.ogbl.lu\/de\/#organization","name":"OGBL","url":"https:\/\/www.ogbl.lu\/de\/","logo":{"@type":"ImageObject","inLanguage":"en-US","@id":"https:\/\/www.ogbl.lu\/de\/#\/schema\/logo\/image\/","url":"https:\/\/www.ogbl.lu\/wp-content\/uploads\/2024\/07\/LOGO_Red_FR-svg.png","contentUrl":"https:\/\/www.ogbl.lu\/wp-content\/uploads\/2024\/07\/LOGO_Red_FR-svg.png","width":369,"height":171,"caption":"OGBL"},"image":{"@id":"https:\/\/www.ogbl.lu\/de\/#\/schema\/logo\/image\/"}}]}},"_links":{"self":[{"href":"https:\/\/www.ogbl.lu\/en\/wp-json\/wp\/v2\/communiques\/1944"}],"collection":[{"href":"https:\/\/www.ogbl.lu\/en\/wp-json\/wp\/v2\/communiques"}],"about":[{"href":"https:\/\/www.ogbl.lu\/en\/wp-json\/wp\/v2\/types\/communiques"}],"author":[{"embeddable":true,"href":"https:\/\/www.ogbl.lu\/en\/wp-json\/wp\/v2\/users\/1"}],"version-history":[{"count":0,"href":"https:\/\/www.ogbl.lu\/en\/wp-json\/wp\/v2\/communiques\/1944\/revisions"}],"wp:featuredmedia":[{"embeddable":true,"href":"https:\/\/www.ogbl.lu\/en\/wp-json\/wp\/v2\/media\/4132"}],"wp:attachment":[{"href":"https:\/\/www.ogbl.lu\/en\/wp-json\/wp\/v2\/media?parent=1944"}],"wp:term":[{"taxonomy":"categorie_communiques","embeddable":true,"href":"https:\/\/www.ogbl.lu\/en\/wp-json\/wp\/v2\/categorie_communiques?post=1944"},{"taxonomy":"syndicat","embeddable":true,"href":"https:\/\/www.ogbl.lu\/en\/wp-json\/wp\/v2\/syndicat?post=1944"}],"curies":[{"name":"wp","href":"https:\/\/api.w.org\/{rel}","templated":true}]}}