{"id":1901,"date":"2015-07-20T10:58:04","date_gmt":"2015-07-20T08:58:04","guid":{"rendered":"https:\/\/www.ogbl.lu\/communiques\/preretraite-la-reforme-doit-prendre-en-compte-la-penibilite-du-travail"},"modified":"2023-06-30T11:55:34","modified_gmt":"2023-06-30T09:55:34","slug":"preretraite-la-reforme-doit-prendre-en-compte-la-penibilite-du-travail","status":"publish","type":"communiques","link":"https:\/\/www.ogbl.lu\/en\/communique\/preretraite-la-reforme-doit-prendre-en-compte-la-penibilite-du-travail\/","title":{"rendered":"Pr\u00e9retraite: la r\u00e9forme doit prendre en compte la p\u00e9nibilit\u00e9 du travail"},"content":{"rendered":"<p class=\"qtranxs-available-languages-message qtranxs-available-languages-message-en\"> <\/p><p><img loading=\"lazy\" decoding=\"async\" class=\"size-full wp-image-16728 alignleft\" src=\"https:\/\/www.ogbl.lu\/wp-content\/uploads\/communiques\/travailleurs.jpg\" alt=\"travailleurs\" width=\"150\" height=\"150\" \/>C\u2019est avec une certaine consternation que l\u2019OGBL a pris connaissance du fait que le Conseil de gouvernement a approuv\u00e9 lors de sa r\u00e9union du 9 juillet 2015, un projet de loi venant supprimer la pr\u00e9retraite-solidarit\u00e9 \u00e0 57 ans, alors m\u00eame que les discussions portant sur l\u2019ensemble des questions li\u00e9es \u00e0 la pr\u00e9retraite, qui ont actuellement toujours cours au sein du Comit\u00e9 permanent du travail et de l\u2019emploi (CPTE), ne sont pas achev\u00e9es.<\/p>\n<p>L\u2019OGBL tient tout d\u2019abord \u00e0 rappeler que la d\u00e9cision du gouvernement d\u2019abroger la pr\u00e9retraite-solidarit\u00e9 s\u2019inscrit pleinement dans le cadre d\u2019une politique europ\u00e9enne tr\u00e8s contestable visant \u00e0 retarder l\u2019\u00e2ge de d\u00e9part \u00e0 la retraite. Une mesure qui, sans compensation \u00e9quitable, ne peut trouver l\u2019assentiment de l\u2019OGBL.<\/p>\n<p>L\u2019OGBL souligne que le gouvernement s\u2019est par ailleurs engag\u00e9 envers les syndicats repr\u00e9sentatifs au niveau national (accord du 28 novembre 2014) \u00e0 n\u2019abolir la pr\u00e9retraite-solidarit\u00e9 qu\u2019apr\u00e8s s\u2019\u00eatre entendu avec les partenaires sociaux sur l\u2019ensemble des points relatifs \u00e0 la pr\u00e9retraite. Or, la question de la pr\u00e9retraite-post\u00e9e, tout particuli\u00e8rement, est encore loin d\u2019avoir \u00e9t\u00e9 tranch\u00e9e au sein du CPTE, surtout en ce qui concerne la n\u00e9cessaire red\u00e9finition du poste de nuit ainsi qu\u2019en ce qui concerne la p\u00e9nibilit\u00e9 du travail exerc\u00e9.<\/p>\n<p>En effet, les discussions portant sur la pr\u00e9retraite int\u00e9grant davantage la dimension de la p\u00e9nibilit\u00e9 du travail exerc\u00e9, qui est centrale pour l\u2019OGBL, n\u2019ont toujours pas abouties.<\/p>\n<p>Dans ce contexte, l\u2019OGBL rappelle \u00e9galement que le gouvernement n\u2019a toujours pas propos\u00e9 de mod\u00e8le de retraite partielle combin\u00e9e \u00e0 un travail \u00e0 temps partiel.<\/p>\n<p>De plus, l\u2019OGBL tient \u00e0 signaler que les d\u00e9gradations provoqu\u00e9es par la r\u00e9forme de la pension en 2013 \u00e0 l\u2019\u00e9gard des salari\u00e9s qui ont travaill\u00e9 dans des conditions p\u00e9nibles, n\u2019ont toujours pas \u00e9t\u00e9 compens\u00e9es.<\/p>\n<p>L\u2019OGBL insiste enfin sur le fait que tous les sujets invoqu\u00e9s ci-dessus forment une unit\u00e9. Par cons\u00e9quent, ils sont \u00e0 consid\u00e9rer et ont \u00e0 \u00eatre transpos\u00e9s en aval de l\u2019abrogation de la pr\u00e9retraite-solidarit\u00e9.<\/p>\n<p><b>Communiqu\u00e9 par l\u2019OGBL<br \/>\nle 20 juillet 2015<\/b><\/p>","protected":false},"author":1,"featured_media":4172,"template":"","categorie_communiques":[41],"syndicat":[],"acf":[],"yoast_head":"<!-- This site is optimized with the Yoast SEO plugin v23.1 - https:\/\/yoast.com\/wordpress\/plugins\/seo\/ -->\r\n<title><\/title>\r\n<meta name=\"robots\" content=\"index, follow, max-snippet:-1, max-image-preview:large, max-video-preview:-1\" \/>\r\n<link rel=\"canonical\" href=\"https:\/\/www.ogbl.lu\/communique\/preretraite-la-reforme-doit-prendre-en-compte-la-penibilite-du-travail\/\" \/>\r\n<meta property=\"og:locale\" content=\"en_US\" \/>\r\n<meta property=\"og:type\" content=\"article\" \/>\r\n<meta property=\"og:title\" content=\"[:fr]Pr\u00e9retraite: la r\u00e9forme doit prendre en compte la p\u00e9nibilit\u00e9 du travail[:de]Vorruhestand (\u201epr\u00e9retraite\u201c): Die Reform muss die Beschwerlichkeit der Arbeit ber\u00fccksichtigen[:] - OGBL\" \/>\r\n<meta property=\"og:description\" content=\"C\u2019est avec une certaine consternation que l\u2019OGBL a pris connaissance du fait que le Conseil de gouvernement a approuv\u00e9 lors \u2026\" \/>\r\n<meta property=\"og:url\" content=\"https:\/\/www.ogbl.lu\/communique\/preretraite-la-reforme-doit-prendre-en-compte-la-penibilite-du-travail\/\" \/>\r\n<meta property=\"og:site_name\" content=\"OGBL\" \/>\r\n<meta property=\"article:modified_time\" content=\"2023-06-30T09:55:34+00:00\" \/>\r\n<meta property=\"og:image\" content=\"https:\/\/www.ogbl.lu\/wp-content\/uploads\/2015\/07\/travailleurs.jpg\" \/>\r\n\t<meta property=\"og:image:width\" content=\"150\" \/>\r\n\t<meta property=\"og:image:height\" content=\"150\" \/>\r\n\t<meta property=\"og:image:type\" content=\"image\/jpeg\" \/>\r\n<meta name=\"twitter:card\" content=\"summary_large_image\" \/>\r\n<meta name=\"twitter:label1\" content=\"Est. reading time\" \/>\n\t<meta name=\"twitter:data1\" content=\"3 minutes\" \/>\r\n<script type=\"application\/ld+json\" class=\"yoast-schema-graph\">{\"@context\":\"https:\/\/schema.org\",\"@graph\":[{\"@type\":\"WebPage\",\"@id\":\"https:\/\/www.ogbl.lu\/communique\/preretraite-la-reforme-doit-prendre-en-compte-la-penibilite-du-travail\/\",\"url\":\"https:\/\/www.ogbl.lu\/communique\/preretraite-la-reforme-doit-prendre-en-compte-la-penibilite-du-travail\/\",\"name\":\"[:fr]Pr\u00e9retraite: la r\u00e9forme doit prendre en compte la p\u00e9nibilit\u00e9 du travail[:de]Vorruhestand (\u201epr\u00e9retraite\u201c): Die Reform muss die Beschwerlichkeit der Arbeit ber\u00fccksichtigen[:] - OGBL\",\"isPartOf\":{\"@id\":\"https:\/\/www.ogbl.lu\/de\/#website\"},\"primaryImageOfPage\":{\"@id\":\"https:\/\/www.ogbl.lu\/communique\/preretraite-la-reforme-doit-prendre-en-compte-la-penibilite-du-travail\/#primaryimage\"},\"image\":{\"@id\":\"https:\/\/www.ogbl.lu\/communique\/preretraite-la-reforme-doit-prendre-en-compte-la-penibilite-du-travail\/#primaryimage\"},\"thumbnailUrl\":\"https:\/\/www.ogbl.lu\/wp-content\/uploads\/2015\/07\/travailleurs.jpg\",\"datePublished\":\"2015-07-20T08:58:04+00:00\",\"dateModified\":\"2023-06-30T09:55:34+00:00\",\"breadcrumb\":{\"@id\":\"https:\/\/www.ogbl.lu\/communique\/preretraite-la-reforme-doit-prendre-en-compte-la-penibilite-du-travail\/#breadcrumb\"},\"inLanguage\":\"en-US\",\"potentialAction\":[{\"@type\":\"ReadAction\",\"target\":[\"https:\/\/www.ogbl.lu\/communique\/preretraite-la-reforme-doit-prendre-en-compte-la-penibilite-du-travail\/\"]}]},{\"@type\":\"ImageObject\",\"inLanguage\":\"en-US\",\"@id\":\"https:\/\/www.ogbl.lu\/communique\/preretraite-la-reforme-doit-prendre-en-compte-la-penibilite-du-travail\/#primaryimage\",\"url\":\"https:\/\/www.ogbl.lu\/wp-content\/uploads\/2015\/07\/travailleurs.jpg\",\"contentUrl\":\"https:\/\/www.ogbl.lu\/wp-content\/uploads\/2015\/07\/travailleurs.jpg\",\"width\":150,\"height\":150},{\"@type\":\"BreadcrumbList\",\"@id\":\"https:\/\/www.ogbl.lu\/communique\/preretraite-la-reforme-doit-prendre-en-compte-la-penibilite-du-travail\/#breadcrumb\",\"itemListElement\":[{\"@type\":\"ListItem\",\"position\":1,\"name\":\"Home\",\"item\":\"https:\/\/www.ogbl.lu\/\"},{\"@type\":\"ListItem\",\"position\":2,\"name\":\"Pr\u00e9retraite: la r\u00e9forme doit prendre en compte la p\u00e9nibilit\u00e9 du travail\"}]},{\"@type\":\"WebSite\",\"@id\":\"https:\/\/www.ogbl.lu\/de\/#website\",\"url\":\"https:\/\/www.ogbl.lu\/de\/\",\"name\":\"OGBL\",\"description\":\"THE TRADE UNION\",\"publisher\":{\"@id\":\"https:\/\/www.ogbl.lu\/de\/#organization\"},\"potentialAction\":[{\"@type\":\"SearchAction\",\"target\":{\"@type\":\"EntryPoint\",\"urlTemplate\":\"https:\/\/www.ogbl.lu\/de\/?s={search_term_string}\"},\"query-input\":\"required name=search_term_string\"}],\"inLanguage\":\"en-US\"},{\"@type\":\"Organization\",\"@id\":\"https:\/\/www.ogbl.lu\/de\/#organization\",\"name\":\"OGBL\",\"url\":\"https:\/\/www.ogbl.lu\/de\/\",\"logo\":{\"@type\":\"ImageObject\",\"inLanguage\":\"en-US\",\"@id\":\"https:\/\/www.ogbl.lu\/de\/#\/schema\/logo\/image\/\",\"url\":\"https:\/\/www.ogbl.lu\/wp-content\/uploads\/2024\/07\/LOGO_Red_FR-svg.png\",\"contentUrl\":\"https:\/\/www.ogbl.lu\/wp-content\/uploads\/2024\/07\/LOGO_Red_FR-svg.png\",\"width\":369,\"height\":171,\"caption\":\"OGBL\"},\"image\":{\"@id\":\"https:\/\/www.ogbl.lu\/de\/#\/schema\/logo\/image\/\"}}]}<\/script>\r\n<!-- \/ Yoast SEO plugin. -->","yoast_head_json":{"title":"[:fr]Pr\u00e9retraite: la r\u00e9forme doit prendre en compte la p\u00e9nibilit\u00e9 du travail[:de]Vorruhestand (\u201epr\u00e9retraite\u201c): Die Reform muss die Beschwerlichkeit der Arbeit ber\u00fccksichtigen[:] - OGBL","robots":{"index":"index","follow":"follow","max-snippet":"max-snippet:-1","max-image-preview":"max-image-preview:large","max-video-preview":"max-video-preview:-1"},"canonical":"https:\/\/www.ogbl.lu\/communique\/preretraite-la-reforme-doit-prendre-en-compte-la-penibilite-du-travail\/","og_locale":"en_US","og_type":"article","og_title":"[:fr]Pr\u00e9retraite: la r\u00e9forme doit prendre en compte la p\u00e9nibilit\u00e9 du travail[:de]Vorruhestand (\u201epr\u00e9retraite\u201c): Die Reform muss die Beschwerlichkeit der Arbeit ber\u00fccksichtigen[:] - OGBL","og_description":"C\u2019est avec une certaine consternation que l\u2019OGBL a pris connaissance du fait que le Conseil de gouvernement a approuv\u00e9 lors \u2026","og_url":"https:\/\/www.ogbl.lu\/communique\/preretraite-la-reforme-doit-prendre-en-compte-la-penibilite-du-travail\/","og_site_name":"OGBL","article_modified_time":"2023-06-30T09:55:34+00:00","og_image":[{"width":150,"height":150,"url":"https:\/\/www.ogbl.lu\/wp-content\/uploads\/2015\/07\/travailleurs.jpg","type":"image\/jpeg"}],"twitter_card":"summary_large_image","twitter_misc":{"Est. reading time":"3 minutes"},"schema":{"@context":"https:\/\/schema.org","@graph":[{"@type":"WebPage","@id":"https:\/\/www.ogbl.lu\/communique\/preretraite-la-reforme-doit-prendre-en-compte-la-penibilite-du-travail\/","url":"https:\/\/www.ogbl.lu\/communique\/preretraite-la-reforme-doit-prendre-en-compte-la-penibilite-du-travail\/","name":"[:fr]Pr\u00e9retraite: la r\u00e9forme doit prendre en compte la p\u00e9nibilit\u00e9 du travail[:de]Vorruhestand (\u201epr\u00e9retraite\u201c): Die Reform muss die Beschwerlichkeit der Arbeit ber\u00fccksichtigen[:] - OGBL","isPartOf":{"@id":"https:\/\/www.ogbl.lu\/de\/#website"},"primaryImageOfPage":{"@id":"https:\/\/www.ogbl.lu\/communique\/preretraite-la-reforme-doit-prendre-en-compte-la-penibilite-du-travail\/#primaryimage"},"image":{"@id":"https:\/\/www.ogbl.lu\/communique\/preretraite-la-reforme-doit-prendre-en-compte-la-penibilite-du-travail\/#primaryimage"},"thumbnailUrl":"https:\/\/www.ogbl.lu\/wp-content\/uploads\/2015\/07\/travailleurs.jpg","datePublished":"2015-07-20T08:58:04+00:00","dateModified":"2023-06-30T09:55:34+00:00","breadcrumb":{"@id":"https:\/\/www.ogbl.lu\/communique\/preretraite-la-reforme-doit-prendre-en-compte-la-penibilite-du-travail\/#breadcrumb"},"inLanguage":"en-US","potentialAction":[{"@type":"ReadAction","target":["https:\/\/www.ogbl.lu\/communique\/preretraite-la-reforme-doit-prendre-en-compte-la-penibilite-du-travail\/"]}]},{"@type":"ImageObject","inLanguage":"en-US","@id":"https:\/\/www.ogbl.lu\/communique\/preretraite-la-reforme-doit-prendre-en-compte-la-penibilite-du-travail\/#primaryimage","url":"https:\/\/www.ogbl.lu\/wp-content\/uploads\/2015\/07\/travailleurs.jpg","contentUrl":"https:\/\/www.ogbl.lu\/wp-content\/uploads\/2015\/07\/travailleurs.jpg","width":150,"height":150},{"@type":"BreadcrumbList","@id":"https:\/\/www.ogbl.lu\/communique\/preretraite-la-reforme-doit-prendre-en-compte-la-penibilite-du-travail\/#breadcrumb","itemListElement":[{"@type":"ListItem","position":1,"name":"Home","item":"https:\/\/www.ogbl.lu\/"},{"@type":"ListItem","position":2,"name":"Pr\u00e9retraite: la r\u00e9forme doit prendre en compte la p\u00e9nibilit\u00e9 du travail"}]},{"@type":"WebSite","@id":"https:\/\/www.ogbl.lu\/de\/#website","url":"https:\/\/www.ogbl.lu\/de\/","name":"OGBL","description":"THE TRADE UNION","publisher":{"@id":"https:\/\/www.ogbl.lu\/de\/#organization"},"potentialAction":[{"@type":"SearchAction","target":{"@type":"EntryPoint","urlTemplate":"https:\/\/www.ogbl.lu\/de\/?s={search_term_string}"},"query-input":"required name=search_term_string"}],"inLanguage":"en-US"},{"@type":"Organization","@id":"https:\/\/www.ogbl.lu\/de\/#organization","name":"OGBL","url":"https:\/\/www.ogbl.lu\/de\/","logo":{"@type":"ImageObject","inLanguage":"en-US","@id":"https:\/\/www.ogbl.lu\/de\/#\/schema\/logo\/image\/","url":"https:\/\/www.ogbl.lu\/wp-content\/uploads\/2024\/07\/LOGO_Red_FR-svg.png","contentUrl":"https:\/\/www.ogbl.lu\/wp-content\/uploads\/2024\/07\/LOGO_Red_FR-svg.png","width":369,"height":171,"caption":"OGBL"},"image":{"@id":"https:\/\/www.ogbl.lu\/de\/#\/schema\/logo\/image\/"}}]}},"_links":{"self":[{"href":"https:\/\/www.ogbl.lu\/en\/wp-json\/wp\/v2\/communiques\/1901"}],"collection":[{"href":"https:\/\/www.ogbl.lu\/en\/wp-json\/wp\/v2\/communiques"}],"about":[{"href":"https:\/\/www.ogbl.lu\/en\/wp-json\/wp\/v2\/types\/communiques"}],"author":[{"embeddable":true,"href":"https:\/\/www.ogbl.lu\/en\/wp-json\/wp\/v2\/users\/1"}],"version-history":[{"count":0,"href":"https:\/\/www.ogbl.lu\/en\/wp-json\/wp\/v2\/communiques\/1901\/revisions"}],"wp:featuredmedia":[{"embeddable":true,"href":"https:\/\/www.ogbl.lu\/en\/wp-json\/wp\/v2\/media\/4172"}],"wp:attachment":[{"href":"https:\/\/www.ogbl.lu\/en\/wp-json\/wp\/v2\/media?parent=1901"}],"wp:term":[{"taxonomy":"categorie_communiques","embeddable":true,"href":"https:\/\/www.ogbl.lu\/en\/wp-json\/wp\/v2\/categorie_communiques?post=1901"},{"taxonomy":"syndicat","embeddable":true,"href":"https:\/\/www.ogbl.lu\/en\/wp-json\/wp\/v2\/syndicat?post=1901"}],"curies":[{"name":"wp","href":"https:\/\/api.w.org\/{rel}","templated":true}]}}