{"id":1889,"date":"2015-07-15T11:24:46","date_gmt":"2015-07-15T09:24:46","guid":{"rendered":"https:\/\/www.ogbl.lu\/communiques\/utiliser-la-presidence-luxembourgeoise-pour-soutenir-et-developper-la-dimension-sociale-de-lunion-europeenne"},"modified":"2023-05-23T19:44:12","modified_gmt":"2023-05-23T17:44:12","slug":"utiliser-la-presidence-luxembourgeoise-pour-soutenir-et-developper-la-dimension-sociale-de-lunion-europeenne","status":"publish","type":"communiques","link":"https:\/\/www.ogbl.lu\/en\/communique\/utiliser-la-presidence-luxembourgeoise-pour-soutenir-et-developper-la-dimension-sociale-de-lunion-europeenne\/","title":{"rendered":"Utiliser la pr\u00e9sidence luxembourgeoise pour soutenir et d\u00e9velopper la dimension sociale de l\u2019Union europ\u00e9enne"},"content":{"rendered":"<p class=\"qtranxs-available-languages-message qtranxs-available-languages-message-en\"> <\/p><p><\/p>\n<p style=\"text-align: left;\"><a href=\"https:\/\/www.ogbl.lu\/wp-content\/uploads\/communiques\/comite_national_juillet_2015.jpg\"><img loading=\"lazy\" decoding=\"async\" class=\" wp-image-19193 alignleft\" alt=\"comite_national_juillet_2015\" src=\"https:\/\/www.ogbl.lu\/wp-content\/uploads\/communiques\/comite_national_juillet_2015.jpg\" width=\"331\" height=\"219\" \/><\/a>Au moment o\u00f9 le Luxembourg prend pour les six mois \u00e0 venir la pr\u00e9sidence de l\u2019Union europ\u00e9enne il y a lieu de rappeler que malgr\u00e9 la l\u00e9g\u00e8re, mais fragile reprise \u00e9conomique, qui se fait d\u2019ailleurs sentir de fa\u00e7on in\u00e9gale dans les diff\u00e9rents pays, l\u2019\u00e9conomie europ\u00e9enne tourne toujours en-de\u00e7\u00e0 de ses capacit\u00e9s productives et est en d\u00e9faut d\u2019investissements publics et priv\u00e9s. Emp\u00eatr\u00e9e dans une gestion d\u00e9sastreuse de la mal-nomm\u00e9e crise de la dette publique (en fait une cons\u00e9quence de la politique d\u2019aust\u00e9rit\u00e9 mise en place en 2010-2011 coupl\u00e9e au maintien de la politique de privatisation, lib\u00e9ralisation et d\u00e9r\u00e9gulation, les tristement c\u00e9l\u00e8bres r\u00e9formes structurelles), l\u2019Union europ\u00e9enne ne r\u00e9pond pas \u00e0 la crise environnementale qui menace l\u2019avenir des g\u00e9n\u00e9rations futures. L\u2019Union europ\u00e9enne reste enfonc\u00e9e dans une profonde crise sociale avec un taux de ch\u00f4mage inacceptable, avec une d\u00e9gradation des conditions de travail, avec un pouvoir d\u2019achat stagnant, voire en r\u00e9gression pour beaucoup de salari\u00e9s et retrait\u00e9s et avec un accroissement g\u00e9n\u00e9ralis\u00e9 et toujours plus grand des in\u00e9galit\u00e9s et du risque de pauvret\u00e9.<\/p>\n<p>L\u2019absence d\u2019une r\u00e9ponse politique cr\u00e9dible \u00e0 ces crises multiples a fait na\u00eetre une attitude de rejet du projet europ\u00e9en surtout parmi les couches populaires de nos soci\u00e9t\u00e9s et une crise politique, une crise qui touche aux fondements de la d\u00e9mocratie dans nos pays se profile \u00e0 l\u2019horizon.<\/p>\n<p>Face \u00e0 cette situation, l\u2019OGBL, ensemble avec le mouvement syndical europ\u00e9en, estime qu\u2019il faut changer de cap.<\/p>\n<p>Il s\u2019agit d\u2019abandonner la politique d\u2019aust\u00e9rit\u00e9 et de mettre en avant une politique \u00e9conomique et budg\u00e9taire qui relance l\u2019investissement priv\u00e9 et public, surtout dans l\u2019\u00e9conomie verte, dans la recherche et le d\u00e9veloppement et dans nos infrastructures.<br \/>\nPour sortir du marasme \u00e9conomique, pour r\u00e9duire les in\u00e9galit\u00e9s croissantes, il est n\u00e9cessaire d\u2019augmenter les salaires, de r\u00e9duire les in\u00e9galit\u00e9s fiscales, de soutenir les droits collectifs et les organisations syndicales et de renforcer la n\u00e9gociation collective.<br \/>\nLe soutien \u00e0 la cr\u00e9ation d\u2019emplois de qualit\u00e9, le rejet de la pr\u00e9carit\u00e9 et la lutte contre le dumping social devraient \u00eatre les orientations de la politique de l\u2019emploi en Europe. Il faut renouer avec une politique sociale en Europe qui vise \u00e0 am\u00e9liorer les conditions de travail pour permettre aux travailleurs de rester en bonne sant\u00e9 et d\u2019\u00e9viter l\u2019invalidit\u00e9, une politique qui favorise une meilleure transition entre la vie active et la retraite, une transition plus flexible. Relancer une politique qui am\u00e9liore la conciliation entre vie familiale et vie professionnelle, qui d\u00e9veloppe l\u2019acc\u00e8s individuel et collectif \u00e0 la formation continue, qui cr\u00e9e un v\u00e9ritable droit \u00e0 la formation continue, permettrait d\u2019augmenter le taux d\u2019emploi. Combin\u00e9e avec la cr\u00e9ation d\u2019emplois et la lutte contre le ch\u00f4mage par une politique de maintien dans l\u2019emploi et de protection contre le licenciement, une telle approche permettrait de renforcer nos syst\u00e8mes de protection sociale qui sont essentiels pour le d\u00e9veloppement de nos soci\u00e9t\u00e9s.<\/p>\n<p>Une telle orientation de la politique europ\u00e9enne qui tend \u00e0 renouer avec le progr\u00e8s social, \u00e0 mettre en \u0153uvre une harmonisation vers le haut tout en mettant en place une politique qui soutient l\u2019investissement dans nos infrastructures, une politique industrielle qui soutient et prot\u00e8ge l\u2019activit\u00e9 industrielle tourn\u00e9e vers les technologies de pointe et l\u2019innovation responsable du point de vue social et environnemental est essentielle pour que les citoyens retrouvent confiance dans le projet europ\u00e9en.<\/p>\n<p>Dans cette optique, l\u2019OGBL invite le Gouvernement luxembourgeois de soutenir lors de sa pr\u00e9sidence europ\u00e9enne toutes les initiatives qui vont dans le sens de la politique d\u00e9crite ci-devant. Le soutien du dialogue social structur\u00e9 europ\u00e9en, le soutien de la n\u00e9gociation interprofessionnelle et sectorielle europ\u00e9enne, le respect des accord n\u00e9goci\u00e9s, le maintien de la repr\u00e9sentation syndicale nationale et europ\u00e9enne dans tous les comit\u00e9s, programmes et agences europ\u00e9ennes qui concernent les domaines de comp\u00e9tence des syndicats est d\u2019une importance capitale.<\/p>\n<p>L\u2019OGBL rappelle \u00e9galement les critiques du mouvement syndical europ\u00e9en envers le programme \u00abREFIT\u00bb et le document \u00abMieux l\u00e9gif\u00e9rer\u00bb de la Commission qui sous le couvert fallacieux de la lutte contre la bureaucratie risquent d\u2019\u00eatre utilis\u00e9s pour d\u00e9tricoter les r\u00e9glementations en mati\u00e8re de protection environnementale, de sant\u00e9 et de s\u00e9curit\u00e9 au travail et de mener \u00e0 une politique \u00e0 deux niveaux au d\u00e9triment des travailleurs dans les petites et moyennes entreprises.<\/p>\n<p>L\u2019OGBL rappelle finalement ces critiques par rapport aux n\u00e9gociations des accords de libre \u00e9change et de protection de l\u2019investissement priv\u00e9 en cours (CETA, TTIP, TISA).<br \/>\nSans surestimer le poids de la pr\u00e9sidence luxembourgeoise et les moyens dont elle dispose, le Comit\u00e9 national de l\u2019OGBL estime n\u00e9anmoins qu\u2019une approche qui se fonde sur les orientations d\u00e9crites sommairement ci-dessus pourrait contribuer \u00e0 aider \u00e0 sortir l\u2019Union europ\u00e9enne du marasme actuel.<\/p>","protected":false},"author":1,"featured_media":4182,"template":"","categorie_communiques":[38,41],"syndicat":[],"acf":[],"yoast_head":"<!-- This site is optimized with the Yoast SEO plugin v23.1 - https:\/\/yoast.com\/wordpress\/plugins\/seo\/ -->\r\n<title><\/title>\r\n<meta name=\"robots\" content=\"index, follow, max-snippet:-1, max-image-preview:large, max-video-preview:-1\" \/>\r\n<link rel=\"canonical\" href=\"https:\/\/www.ogbl.lu\/communique\/utiliser-la-presidence-luxembourgeoise-pour-soutenir-et-developper-la-dimension-sociale-de-lunion-europeenne\/\" \/>\r\n<meta property=\"og:locale\" content=\"en_US\" \/>\r\n<meta property=\"og:type\" content=\"article\" \/>\r\n<meta property=\"og:title\" content=\"[:fr]Utiliser la pr\u00e9sidence luxembourgeoise pour soutenir et d\u00e9velopper la dimension sociale de l\u2019Union europ\u00e9enne[:de]Die Luxemburger Ratspr\u00e4sidentschaft muss dazu genutzt werden, die soziale Dimension der Europ\u00e4ischen Union zu unterst\u00fctzen und auszubauen[:] - OGBL\" \/>\r\n<meta property=\"og:description\" content=\"Au moment o\u00f9 le Luxembourg prend pour les six mois \u00e0 venir la pr\u00e9sidence de l\u2019Union europ\u00e9enne il y a \u2026\" \/>\r\n<meta property=\"og:url\" content=\"https:\/\/www.ogbl.lu\/communique\/utiliser-la-presidence-luxembourgeoise-pour-soutenir-et-developper-la-dimension-sociale-de-lunion-europeenne\/\" \/>\r\n<meta property=\"og:site_name\" content=\"OGBL\" \/>\r\n<meta property=\"article:modified_time\" content=\"2023-05-23T17:44:12+00:00\" \/>\r\n<meta property=\"og:image\" content=\"https:\/\/www.ogbl.lu\/wp-content\/uploads\/2015\/07\/comite_national_juillet_2015.jpg\" \/>\r\n\t<meta property=\"og:image:width\" content=\"652\" \/>\r\n\t<meta property=\"og:image:height\" content=\"433\" \/>\r\n\t<meta property=\"og:image:type\" content=\"image\/jpeg\" \/>\r\n<meta name=\"twitter:card\" content=\"summary_large_image\" \/>\r\n<meta name=\"twitter:label1\" content=\"Est. reading time\" \/>\n\t<meta name=\"twitter:data1\" content=\"8 minutes\" \/>\r\n<script type=\"application\/ld+json\" class=\"yoast-schema-graph\">{\"@context\":\"https:\/\/schema.org\",\"@graph\":[{\"@type\":\"WebPage\",\"@id\":\"https:\/\/www.ogbl.lu\/communique\/utiliser-la-presidence-luxembourgeoise-pour-soutenir-et-developper-la-dimension-sociale-de-lunion-europeenne\/\",\"url\":\"https:\/\/www.ogbl.lu\/communique\/utiliser-la-presidence-luxembourgeoise-pour-soutenir-et-developper-la-dimension-sociale-de-lunion-europeenne\/\",\"name\":\"[:fr]Utiliser la pr\u00e9sidence luxembourgeoise pour soutenir et d\u00e9velopper la dimension sociale de l\u2019Union europ\u00e9enne[:de]Die Luxemburger Ratspr\u00e4sidentschaft muss dazu genutzt werden, die soziale Dimension der Europ\u00e4ischen Union zu unterst\u00fctzen und auszubauen[:] - OGBL\",\"isPartOf\":{\"@id\":\"https:\/\/www.ogbl.lu\/de\/#website\"},\"primaryImageOfPage\":{\"@id\":\"https:\/\/www.ogbl.lu\/communique\/utiliser-la-presidence-luxembourgeoise-pour-soutenir-et-developper-la-dimension-sociale-de-lunion-europeenne\/#primaryimage\"},\"image\":{\"@id\":\"https:\/\/www.ogbl.lu\/communique\/utiliser-la-presidence-luxembourgeoise-pour-soutenir-et-developper-la-dimension-sociale-de-lunion-europeenne\/#primaryimage\"},\"thumbnailUrl\":\"https:\/\/www.ogbl.lu\/wp-content\/uploads\/2015\/07\/comite_national_juillet_2015.jpg\",\"datePublished\":\"2015-07-15T09:24:46+00:00\",\"dateModified\":\"2023-05-23T17:44:12+00:00\",\"breadcrumb\":{\"@id\":\"https:\/\/www.ogbl.lu\/communique\/utiliser-la-presidence-luxembourgeoise-pour-soutenir-et-developper-la-dimension-sociale-de-lunion-europeenne\/#breadcrumb\"},\"inLanguage\":\"en-US\",\"potentialAction\":[{\"@type\":\"ReadAction\",\"target\":[\"https:\/\/www.ogbl.lu\/communique\/utiliser-la-presidence-luxembourgeoise-pour-soutenir-et-developper-la-dimension-sociale-de-lunion-europeenne\/\"]}]},{\"@type\":\"ImageObject\",\"inLanguage\":\"en-US\",\"@id\":\"https:\/\/www.ogbl.lu\/communique\/utiliser-la-presidence-luxembourgeoise-pour-soutenir-et-developper-la-dimension-sociale-de-lunion-europeenne\/#primaryimage\",\"url\":\"https:\/\/www.ogbl.lu\/wp-content\/uploads\/2015\/07\/comite_national_juillet_2015.jpg\",\"contentUrl\":\"https:\/\/www.ogbl.lu\/wp-content\/uploads\/2015\/07\/comite_national_juillet_2015.jpg\",\"width\":652,\"height\":433},{\"@type\":\"BreadcrumbList\",\"@id\":\"https:\/\/www.ogbl.lu\/communique\/utiliser-la-presidence-luxembourgeoise-pour-soutenir-et-developper-la-dimension-sociale-de-lunion-europeenne\/#breadcrumb\",\"itemListElement\":[{\"@type\":\"ListItem\",\"position\":1,\"name\":\"Home\",\"item\":\"https:\/\/www.ogbl.lu\/\"},{\"@type\":\"ListItem\",\"position\":2,\"name\":\"Utiliser la pr\u00e9sidence luxembourgeoise pour soutenir et d\u00e9velopper la dimension sociale de l\u2019Union europ\u00e9enne\"}]},{\"@type\":\"WebSite\",\"@id\":\"https:\/\/www.ogbl.lu\/de\/#website\",\"url\":\"https:\/\/www.ogbl.lu\/de\/\",\"name\":\"OGBL\",\"description\":\"THE TRADE UNION\",\"publisher\":{\"@id\":\"https:\/\/www.ogbl.lu\/de\/#organization\"},\"potentialAction\":[{\"@type\":\"SearchAction\",\"target\":{\"@type\":\"EntryPoint\",\"urlTemplate\":\"https:\/\/www.ogbl.lu\/de\/?s={search_term_string}\"},\"query-input\":\"required name=search_term_string\"}],\"inLanguage\":\"en-US\"},{\"@type\":\"Organization\",\"@id\":\"https:\/\/www.ogbl.lu\/de\/#organization\",\"name\":\"OGBL\",\"url\":\"https:\/\/www.ogbl.lu\/de\/\",\"logo\":{\"@type\":\"ImageObject\",\"inLanguage\":\"en-US\",\"@id\":\"https:\/\/www.ogbl.lu\/de\/#\/schema\/logo\/image\/\",\"url\":\"https:\/\/www.ogbl.lu\/wp-content\/uploads\/2024\/07\/LOGO_Red_FR-svg.png\",\"contentUrl\":\"https:\/\/www.ogbl.lu\/wp-content\/uploads\/2024\/07\/LOGO_Red_FR-svg.png\",\"width\":369,\"height\":171,\"caption\":\"OGBL\"},\"image\":{\"@id\":\"https:\/\/www.ogbl.lu\/de\/#\/schema\/logo\/image\/\"}}]}<\/script>\r\n<!-- \/ Yoast SEO plugin. -->","yoast_head_json":{"title":"[:fr]Utiliser la pr\u00e9sidence luxembourgeoise pour soutenir et d\u00e9velopper la dimension sociale de l\u2019Union europ\u00e9enne[:de]Die Luxemburger Ratspr\u00e4sidentschaft muss dazu genutzt werden, die soziale Dimension der Europ\u00e4ischen Union zu unterst\u00fctzen und auszubauen[:] - OGBL","robots":{"index":"index","follow":"follow","max-snippet":"max-snippet:-1","max-image-preview":"max-image-preview:large","max-video-preview":"max-video-preview:-1"},"canonical":"https:\/\/www.ogbl.lu\/communique\/utiliser-la-presidence-luxembourgeoise-pour-soutenir-et-developper-la-dimension-sociale-de-lunion-europeenne\/","og_locale":"en_US","og_type":"article","og_title":"[:fr]Utiliser la pr\u00e9sidence luxembourgeoise pour soutenir et d\u00e9velopper la dimension sociale de l\u2019Union europ\u00e9enne[:de]Die Luxemburger Ratspr\u00e4sidentschaft muss dazu genutzt werden, die soziale Dimension der Europ\u00e4ischen Union zu unterst\u00fctzen und auszubauen[:] - OGBL","og_description":"Au moment o\u00f9 le Luxembourg prend pour les six mois \u00e0 venir la pr\u00e9sidence de l\u2019Union europ\u00e9enne il y a \u2026","og_url":"https:\/\/www.ogbl.lu\/communique\/utiliser-la-presidence-luxembourgeoise-pour-soutenir-et-developper-la-dimension-sociale-de-lunion-europeenne\/","og_site_name":"OGBL","article_modified_time":"2023-05-23T17:44:12+00:00","og_image":[{"width":652,"height":433,"url":"https:\/\/www.ogbl.lu\/wp-content\/uploads\/2015\/07\/comite_national_juillet_2015.jpg","type":"image\/jpeg"}],"twitter_card":"summary_large_image","twitter_misc":{"Est. reading time":"8 minutes"},"schema":{"@context":"https:\/\/schema.org","@graph":[{"@type":"WebPage","@id":"https:\/\/www.ogbl.lu\/communique\/utiliser-la-presidence-luxembourgeoise-pour-soutenir-et-developper-la-dimension-sociale-de-lunion-europeenne\/","url":"https:\/\/www.ogbl.lu\/communique\/utiliser-la-presidence-luxembourgeoise-pour-soutenir-et-developper-la-dimension-sociale-de-lunion-europeenne\/","name":"[:fr]Utiliser la pr\u00e9sidence luxembourgeoise pour soutenir et d\u00e9velopper la dimension sociale de l\u2019Union europ\u00e9enne[:de]Die Luxemburger Ratspr\u00e4sidentschaft muss dazu genutzt werden, die soziale Dimension der Europ\u00e4ischen Union zu unterst\u00fctzen und auszubauen[:] - OGBL","isPartOf":{"@id":"https:\/\/www.ogbl.lu\/de\/#website"},"primaryImageOfPage":{"@id":"https:\/\/www.ogbl.lu\/communique\/utiliser-la-presidence-luxembourgeoise-pour-soutenir-et-developper-la-dimension-sociale-de-lunion-europeenne\/#primaryimage"},"image":{"@id":"https:\/\/www.ogbl.lu\/communique\/utiliser-la-presidence-luxembourgeoise-pour-soutenir-et-developper-la-dimension-sociale-de-lunion-europeenne\/#primaryimage"},"thumbnailUrl":"https:\/\/www.ogbl.lu\/wp-content\/uploads\/2015\/07\/comite_national_juillet_2015.jpg","datePublished":"2015-07-15T09:24:46+00:00","dateModified":"2023-05-23T17:44:12+00:00","breadcrumb":{"@id":"https:\/\/www.ogbl.lu\/communique\/utiliser-la-presidence-luxembourgeoise-pour-soutenir-et-developper-la-dimension-sociale-de-lunion-europeenne\/#breadcrumb"},"inLanguage":"en-US","potentialAction":[{"@type":"ReadAction","target":["https:\/\/www.ogbl.lu\/communique\/utiliser-la-presidence-luxembourgeoise-pour-soutenir-et-developper-la-dimension-sociale-de-lunion-europeenne\/"]}]},{"@type":"ImageObject","inLanguage":"en-US","@id":"https:\/\/www.ogbl.lu\/communique\/utiliser-la-presidence-luxembourgeoise-pour-soutenir-et-developper-la-dimension-sociale-de-lunion-europeenne\/#primaryimage","url":"https:\/\/www.ogbl.lu\/wp-content\/uploads\/2015\/07\/comite_national_juillet_2015.jpg","contentUrl":"https:\/\/www.ogbl.lu\/wp-content\/uploads\/2015\/07\/comite_national_juillet_2015.jpg","width":652,"height":433},{"@type":"BreadcrumbList","@id":"https:\/\/www.ogbl.lu\/communique\/utiliser-la-presidence-luxembourgeoise-pour-soutenir-et-developper-la-dimension-sociale-de-lunion-europeenne\/#breadcrumb","itemListElement":[{"@type":"ListItem","position":1,"name":"Home","item":"https:\/\/www.ogbl.lu\/"},{"@type":"ListItem","position":2,"name":"Utiliser la pr\u00e9sidence luxembourgeoise pour soutenir et d\u00e9velopper la dimension sociale de l\u2019Union europ\u00e9enne"}]},{"@type":"WebSite","@id":"https:\/\/www.ogbl.lu\/de\/#website","url":"https:\/\/www.ogbl.lu\/de\/","name":"OGBL","description":"THE TRADE UNION","publisher":{"@id":"https:\/\/www.ogbl.lu\/de\/#organization"},"potentialAction":[{"@type":"SearchAction","target":{"@type":"EntryPoint","urlTemplate":"https:\/\/www.ogbl.lu\/de\/?s={search_term_string}"},"query-input":"required name=search_term_string"}],"inLanguage":"en-US"},{"@type":"Organization","@id":"https:\/\/www.ogbl.lu\/de\/#organization","name":"OGBL","url":"https:\/\/www.ogbl.lu\/de\/","logo":{"@type":"ImageObject","inLanguage":"en-US","@id":"https:\/\/www.ogbl.lu\/de\/#\/schema\/logo\/image\/","url":"https:\/\/www.ogbl.lu\/wp-content\/uploads\/2024\/07\/LOGO_Red_FR-svg.png","contentUrl":"https:\/\/www.ogbl.lu\/wp-content\/uploads\/2024\/07\/LOGO_Red_FR-svg.png","width":369,"height":171,"caption":"OGBL"},"image":{"@id":"https:\/\/www.ogbl.lu\/de\/#\/schema\/logo\/image\/"}}]}},"_links":{"self":[{"href":"https:\/\/www.ogbl.lu\/en\/wp-json\/wp\/v2\/communiques\/1889"}],"collection":[{"href":"https:\/\/www.ogbl.lu\/en\/wp-json\/wp\/v2\/communiques"}],"about":[{"href":"https:\/\/www.ogbl.lu\/en\/wp-json\/wp\/v2\/types\/communiques"}],"author":[{"embeddable":true,"href":"https:\/\/www.ogbl.lu\/en\/wp-json\/wp\/v2\/users\/1"}],"version-history":[{"count":0,"href":"https:\/\/www.ogbl.lu\/en\/wp-json\/wp\/v2\/communiques\/1889\/revisions"}],"wp:featuredmedia":[{"embeddable":true,"href":"https:\/\/www.ogbl.lu\/en\/wp-json\/wp\/v2\/media\/4182"}],"wp:attachment":[{"href":"https:\/\/www.ogbl.lu\/en\/wp-json\/wp\/v2\/media?parent=1889"}],"wp:term":[{"taxonomy":"categorie_communiques","embeddable":true,"href":"https:\/\/www.ogbl.lu\/en\/wp-json\/wp\/v2\/categorie_communiques?post=1889"},{"taxonomy":"syndicat","embeddable":true,"href":"https:\/\/www.ogbl.lu\/en\/wp-json\/wp\/v2\/syndicat?post=1889"}],"curies":[{"name":"wp","href":"https:\/\/api.w.org\/{rel}","templated":true}]}}