{"id":1858,"date":"2015-04-17T09:49:19","date_gmt":"2015-04-17T07:49:19","guid":{"rendered":"https:\/\/www.ogbl.lu\/communiques\/wee-mat-jo-stemmt-staerkt-letzebuerg-insgesamt"},"modified":"2023-06-30T12:38:23","modified_gmt":"2023-06-30T10:38:23","slug":"wee-mat-jo-stemmt-staerkt-letzebuerg-insgesamt","status":"publish","type":"communiques","link":"https:\/\/www.ogbl.lu\/en\/communique\/wee-mat-jo-stemmt-staerkt-letzebuerg-insgesamt\/","title":{"rendered":"\u201eWee mat Jo st\u00ebmmt st\u00e4erkt L\u00ebtzebuerg insgesamt\u201c"},"content":{"rendered":"<p class=\"qtranxs-available-languages-message qtranxs-available-languages-message-en\"> <\/p><p><strong><img loading=\"lazy\" decoding=\"async\" class=\"size-full wp-image-18511 alignleft\" src=\"https:\/\/www.ogbl.lu\/wp-content\/uploads\/communiques\/interview_andre_roeltgen.jpg\" alt=\"interview_andre_roeltgen\" width=\"299\" height=\"270\" \/>Den OGBL rifft seng Memberen dozou op, de 7. Juni beim Referendum an der zentraler Fro iwwert d\u2019Ausl\u00e4nnerwalrecht mat \u201ejo\u201c ze st\u00ebmmen. Firwat eigentlech?<\/strong><\/p>\n<p><em>Andr\u00e9 Roeltgen<\/em>: Eist Land ass een Immigratiounsland, an dat net er\u00e9ischt z\u00ebnter g\u00ebschter. Haut si m\u00e9i w\u00e9i 45% vun eiser Bev\u00eblkerung vu friemer Nationalit\u00e9it. D\u00e9i vun hinnen, d\u00e9i iwwert 10 Joer hei zu L\u00ebtzebuerg liewen, wunnen a schaffen an all d\u00e9i selwecht Obligatiounen hunn, w\u00e9i ee L\u00ebtzebuerger, mussen un der national politescher W\u00ebllensbildung deelhuele k\u00ebnnen. D\u2019Walrecht muss zwangsleefeg fir dee g\u00ebllen, deen zu engem Land geh\u00e9iert \u2013 a si geh\u00e9ieren zu L\u00ebtzebuerg, si si Bierger vu L\u00ebtzebuerg. D\u2019Walrecht als fundamentaalt demokratescht Recht steet hinnen zou. Den OGBL huet sech schonns op sengem leeschte Kongress am Dezember an d\u00ebser Fro position\u00e9iert. An d\u2019Fro w\u00e9i se elo gestallt g\u00ebtt \u2013 fr\u00e4iw\u00eblleg Participatioun, Mindestopenthaltsdauer vun 10 Joer an eng K\u00e9ier un Europa- oder Kommunalwalen deelgeholl ze hunn \u2013 entspr\u00e9cht dene Krit\u00e4ren, d\u00e9i mir eis ginn hunn, fir d\u00ebs Erweiderung vum Walrecht z\u2019\u00ebnnerst\u00ebtzen. Dofir rifft den OGBL ganz kloer seng Memberen dozou op, an d\u00ebser Fro mat JO ze st\u00ebmmen.<\/p>\n<p><strong>Wat bedeit dat am Fong, bei d\u00ebser Fro mat Jo ze st\u00ebmmen?<\/strong><\/p>\n<p><em>Andr\u00e9 Roeltgen<\/em>: Ween de 7. Juni mat Jo st\u00ebmmt, st\u00ebmmt g\u00e9int ee schw\u00e9ieren demokrateschen Defizit vun eiser Gesellschaft, ween de 7. Juni mat Jo st\u00ebmmt st\u00e4erkt d\u00e9i demokratesch Legitimit\u00e9it vun de Parlamentswahlen hei zu L\u00ebtzebuerg, st\u00e4erkt L\u00ebtzebuerg als ee Land vum demokratesche Fortschr\u00ebtt a st\u00e4erkt L\u00ebtzebuerg als Gesellschaft insgesamt.<\/p>\n<p><strong>Fir den OGBL selwer huet di Fro och eng ganz speziell Bedeitung?<\/strong><\/p>\n<p><em>Andr\u00e9 Roeltgen<\/em>: Jo, vill vun eise Membere si betraff, den OGBL insgesamt, d\u2019Gesiicht vun eiser Gewerkschaft, dat historescht, dat vun haut an dat vu muer ass gepr\u00e4gt vun eisen immigr\u00e9ierten Aarbechtskolleginnen an Aar-bechtskollegen. Iwwert d\u2019Sozialwahlen, an der Beruffskummer, an de Sozialvers\u00e9cherungen an an de Betriber, huelen si um demokratesche Prozess vun der Matbest\u00ebmmung scho l\u00e4ngst m\u00e9i w\u00e9i just deel. Duerch si ass d\u2019Gewerkschaft gest\u00e4erkt ginn, duerch si ass d\u2019Matbest\u00ebmmung gest\u00e4erkt ginn an dat muss elo och fir d\u00e9i national politesch Entscheedunge g\u00ebllen. De Jo si mir eise Membere sch\u00eblleg.<\/p>","protected":false},"author":1,"featured_media":4211,"template":"","categorie_communiques":[41],"syndicat":[],"acf":[],"yoast_head":"<!-- This site is optimized with the Yoast SEO plugin v23.1 - https:\/\/yoast.com\/wordpress\/plugins\/seo\/ -->\r\n<title><\/title>\r\n<meta name=\"robots\" content=\"index, follow, max-snippet:-1, max-image-preview:large, max-video-preview:-1\" \/>\r\n<link rel=\"canonical\" href=\"https:\/\/www.ogbl.lu\/communique\/wee-mat-jo-stemmt-staerkt-letzebuerg-insgesamt\/\" \/>\r\n<meta property=\"og:locale\" content=\"en_US\" \/>\r\n<meta property=\"og:type\" content=\"article\" \/>\r\n<meta property=\"og:title\" content=\"[:de]\u201eWee mat Jo st\u00ebmmt st\u00e4erkt L\u00ebtzebuerg insgesamt\u201c[:] - OGBL\" \/>\r\n<meta property=\"og:description\" content=\"Den OGBL rifft seng Memberen dozou op, de 7. Juni beim Referendum an der zentraler Fro iwwert d\u2019Ausl\u00e4nnerwalrecht mat \u201ejo\u201c \u2026\" \/>\r\n<meta property=\"og:url\" content=\"https:\/\/www.ogbl.lu\/communique\/wee-mat-jo-stemmt-staerkt-letzebuerg-insgesamt\/\" \/>\r\n<meta property=\"og:site_name\" content=\"OGBL\" \/>\r\n<meta property=\"article:modified_time\" content=\"2023-06-30T10:38:23+00:00\" \/>\r\n<meta property=\"og:image\" content=\"https:\/\/www.ogbl.lu\/wp-content\/uploads\/2015\/04\/interview_andre_roeltgen.jpg\" \/>\r\n\t<meta property=\"og:image:width\" content=\"299\" \/>\r\n\t<meta property=\"og:image:height\" content=\"270\" \/>\r\n\t<meta property=\"og:image:type\" content=\"image\/jpeg\" \/>\r\n<meta name=\"twitter:card\" content=\"summary_large_image\" \/>\r\n<meta name=\"twitter:label1\" content=\"Est. reading time\" \/>\n\t<meta name=\"twitter:data1\" content=\"2 minutes\" \/>\r\n<script type=\"application\/ld+json\" class=\"yoast-schema-graph\">{\"@context\":\"https:\/\/schema.org\",\"@graph\":[{\"@type\":\"WebPage\",\"@id\":\"https:\/\/www.ogbl.lu\/communique\/wee-mat-jo-stemmt-staerkt-letzebuerg-insgesamt\/\",\"url\":\"https:\/\/www.ogbl.lu\/communique\/wee-mat-jo-stemmt-staerkt-letzebuerg-insgesamt\/\",\"name\":\"[:de]\u201eWee mat Jo st\u00ebmmt st\u00e4erkt L\u00ebtzebuerg insgesamt\u201c[:] - OGBL\",\"isPartOf\":{\"@id\":\"https:\/\/www.ogbl.lu\/de\/#website\"},\"primaryImageOfPage\":{\"@id\":\"https:\/\/www.ogbl.lu\/communique\/wee-mat-jo-stemmt-staerkt-letzebuerg-insgesamt\/#primaryimage\"},\"image\":{\"@id\":\"https:\/\/www.ogbl.lu\/communique\/wee-mat-jo-stemmt-staerkt-letzebuerg-insgesamt\/#primaryimage\"},\"thumbnailUrl\":\"https:\/\/www.ogbl.lu\/wp-content\/uploads\/2015\/04\/interview_andre_roeltgen.jpg\",\"datePublished\":\"2015-04-17T07:49:19+00:00\",\"dateModified\":\"2023-06-30T10:38:23+00:00\",\"breadcrumb\":{\"@id\":\"https:\/\/www.ogbl.lu\/communique\/wee-mat-jo-stemmt-staerkt-letzebuerg-insgesamt\/#breadcrumb\"},\"inLanguage\":\"en-US\",\"potentialAction\":[{\"@type\":\"ReadAction\",\"target\":[\"https:\/\/www.ogbl.lu\/communique\/wee-mat-jo-stemmt-staerkt-letzebuerg-insgesamt\/\"]}]},{\"@type\":\"ImageObject\",\"inLanguage\":\"en-US\",\"@id\":\"https:\/\/www.ogbl.lu\/communique\/wee-mat-jo-stemmt-staerkt-letzebuerg-insgesamt\/#primaryimage\",\"url\":\"https:\/\/www.ogbl.lu\/wp-content\/uploads\/2015\/04\/interview_andre_roeltgen.jpg\",\"contentUrl\":\"https:\/\/www.ogbl.lu\/wp-content\/uploads\/2015\/04\/interview_andre_roeltgen.jpg\",\"width\":299,\"height\":270},{\"@type\":\"BreadcrumbList\",\"@id\":\"https:\/\/www.ogbl.lu\/communique\/wee-mat-jo-stemmt-staerkt-letzebuerg-insgesamt\/#breadcrumb\",\"itemListElement\":[{\"@type\":\"ListItem\",\"position\":1,\"name\":\"Home\",\"item\":\"https:\/\/www.ogbl.lu\/\"},{\"@type\":\"ListItem\",\"position\":2,\"name\":\"\u201eWee mat Jo st\u00ebmmt st\u00e4erkt L\u00ebtzebuerg insgesamt\u201c\"}]},{\"@type\":\"WebSite\",\"@id\":\"https:\/\/www.ogbl.lu\/de\/#website\",\"url\":\"https:\/\/www.ogbl.lu\/de\/\",\"name\":\"OGBL\",\"description\":\"THE TRADE UNION\",\"publisher\":{\"@id\":\"https:\/\/www.ogbl.lu\/de\/#organization\"},\"potentialAction\":[{\"@type\":\"SearchAction\",\"target\":{\"@type\":\"EntryPoint\",\"urlTemplate\":\"https:\/\/www.ogbl.lu\/de\/?s={search_term_string}\"},\"query-input\":\"required name=search_term_string\"}],\"inLanguage\":\"en-US\"},{\"@type\":\"Organization\",\"@id\":\"https:\/\/www.ogbl.lu\/de\/#organization\",\"name\":\"OGBL\",\"url\":\"https:\/\/www.ogbl.lu\/de\/\",\"logo\":{\"@type\":\"ImageObject\",\"inLanguage\":\"en-US\",\"@id\":\"https:\/\/www.ogbl.lu\/de\/#\/schema\/logo\/image\/\",\"url\":\"https:\/\/www.ogbl.lu\/wp-content\/uploads\/2024\/07\/LOGO_Red_FR-svg.png\",\"contentUrl\":\"https:\/\/www.ogbl.lu\/wp-content\/uploads\/2024\/07\/LOGO_Red_FR-svg.png\",\"width\":369,\"height\":171,\"caption\":\"OGBL\"},\"image\":{\"@id\":\"https:\/\/www.ogbl.lu\/de\/#\/schema\/logo\/image\/\"}}]}<\/script>\r\n<!-- \/ Yoast SEO plugin. -->","yoast_head_json":{"title":"[:de]\u201eWee mat Jo st\u00ebmmt st\u00e4erkt L\u00ebtzebuerg insgesamt\u201c[:] - OGBL","robots":{"index":"index","follow":"follow","max-snippet":"max-snippet:-1","max-image-preview":"max-image-preview:large","max-video-preview":"max-video-preview:-1"},"canonical":"https:\/\/www.ogbl.lu\/communique\/wee-mat-jo-stemmt-staerkt-letzebuerg-insgesamt\/","og_locale":"en_US","og_type":"article","og_title":"[:de]\u201eWee mat Jo st\u00ebmmt st\u00e4erkt L\u00ebtzebuerg insgesamt\u201c[:] - OGBL","og_description":"Den OGBL rifft seng Memberen dozou op, de 7. Juni beim Referendum an der zentraler Fro iwwert d\u2019Ausl\u00e4nnerwalrecht mat \u201ejo\u201c \u2026","og_url":"https:\/\/www.ogbl.lu\/communique\/wee-mat-jo-stemmt-staerkt-letzebuerg-insgesamt\/","og_site_name":"OGBL","article_modified_time":"2023-06-30T10:38:23+00:00","og_image":[{"width":299,"height":270,"url":"https:\/\/www.ogbl.lu\/wp-content\/uploads\/2015\/04\/interview_andre_roeltgen.jpg","type":"image\/jpeg"}],"twitter_card":"summary_large_image","twitter_misc":{"Est. reading time":"2 minutes"},"schema":{"@context":"https:\/\/schema.org","@graph":[{"@type":"WebPage","@id":"https:\/\/www.ogbl.lu\/communique\/wee-mat-jo-stemmt-staerkt-letzebuerg-insgesamt\/","url":"https:\/\/www.ogbl.lu\/communique\/wee-mat-jo-stemmt-staerkt-letzebuerg-insgesamt\/","name":"[:de]\u201eWee mat Jo st\u00ebmmt st\u00e4erkt L\u00ebtzebuerg insgesamt\u201c[:] - OGBL","isPartOf":{"@id":"https:\/\/www.ogbl.lu\/de\/#website"},"primaryImageOfPage":{"@id":"https:\/\/www.ogbl.lu\/communique\/wee-mat-jo-stemmt-staerkt-letzebuerg-insgesamt\/#primaryimage"},"image":{"@id":"https:\/\/www.ogbl.lu\/communique\/wee-mat-jo-stemmt-staerkt-letzebuerg-insgesamt\/#primaryimage"},"thumbnailUrl":"https:\/\/www.ogbl.lu\/wp-content\/uploads\/2015\/04\/interview_andre_roeltgen.jpg","datePublished":"2015-04-17T07:49:19+00:00","dateModified":"2023-06-30T10:38:23+00:00","breadcrumb":{"@id":"https:\/\/www.ogbl.lu\/communique\/wee-mat-jo-stemmt-staerkt-letzebuerg-insgesamt\/#breadcrumb"},"inLanguage":"en-US","potentialAction":[{"@type":"ReadAction","target":["https:\/\/www.ogbl.lu\/communique\/wee-mat-jo-stemmt-staerkt-letzebuerg-insgesamt\/"]}]},{"@type":"ImageObject","inLanguage":"en-US","@id":"https:\/\/www.ogbl.lu\/communique\/wee-mat-jo-stemmt-staerkt-letzebuerg-insgesamt\/#primaryimage","url":"https:\/\/www.ogbl.lu\/wp-content\/uploads\/2015\/04\/interview_andre_roeltgen.jpg","contentUrl":"https:\/\/www.ogbl.lu\/wp-content\/uploads\/2015\/04\/interview_andre_roeltgen.jpg","width":299,"height":270},{"@type":"BreadcrumbList","@id":"https:\/\/www.ogbl.lu\/communique\/wee-mat-jo-stemmt-staerkt-letzebuerg-insgesamt\/#breadcrumb","itemListElement":[{"@type":"ListItem","position":1,"name":"Home","item":"https:\/\/www.ogbl.lu\/"},{"@type":"ListItem","position":2,"name":"\u201eWee mat Jo st\u00ebmmt st\u00e4erkt L\u00ebtzebuerg insgesamt\u201c"}]},{"@type":"WebSite","@id":"https:\/\/www.ogbl.lu\/de\/#website","url":"https:\/\/www.ogbl.lu\/de\/","name":"OGBL","description":"THE TRADE UNION","publisher":{"@id":"https:\/\/www.ogbl.lu\/de\/#organization"},"potentialAction":[{"@type":"SearchAction","target":{"@type":"EntryPoint","urlTemplate":"https:\/\/www.ogbl.lu\/de\/?s={search_term_string}"},"query-input":"required name=search_term_string"}],"inLanguage":"en-US"},{"@type":"Organization","@id":"https:\/\/www.ogbl.lu\/de\/#organization","name":"OGBL","url":"https:\/\/www.ogbl.lu\/de\/","logo":{"@type":"ImageObject","inLanguage":"en-US","@id":"https:\/\/www.ogbl.lu\/de\/#\/schema\/logo\/image\/","url":"https:\/\/www.ogbl.lu\/wp-content\/uploads\/2024\/07\/LOGO_Red_FR-svg.png","contentUrl":"https:\/\/www.ogbl.lu\/wp-content\/uploads\/2024\/07\/LOGO_Red_FR-svg.png","width":369,"height":171,"caption":"OGBL"},"image":{"@id":"https:\/\/www.ogbl.lu\/de\/#\/schema\/logo\/image\/"}}]}},"_links":{"self":[{"href":"https:\/\/www.ogbl.lu\/en\/wp-json\/wp\/v2\/communiques\/1858"}],"collection":[{"href":"https:\/\/www.ogbl.lu\/en\/wp-json\/wp\/v2\/communiques"}],"about":[{"href":"https:\/\/www.ogbl.lu\/en\/wp-json\/wp\/v2\/types\/communiques"}],"author":[{"embeddable":true,"href":"https:\/\/www.ogbl.lu\/en\/wp-json\/wp\/v2\/users\/1"}],"version-history":[{"count":0,"href":"https:\/\/www.ogbl.lu\/en\/wp-json\/wp\/v2\/communiques\/1858\/revisions"}],"wp:featuredmedia":[{"embeddable":true,"href":"https:\/\/www.ogbl.lu\/en\/wp-json\/wp\/v2\/media\/4211"}],"wp:attachment":[{"href":"https:\/\/www.ogbl.lu\/en\/wp-json\/wp\/v2\/media?parent=1858"}],"wp:term":[{"taxonomy":"categorie_communiques","embeddable":true,"href":"https:\/\/www.ogbl.lu\/en\/wp-json\/wp\/v2\/categorie_communiques?post=1858"},{"taxonomy":"syndicat","embeddable":true,"href":"https:\/\/www.ogbl.lu\/en\/wp-json\/wp\/v2\/syndicat?post=1858"}],"curies":[{"name":"wp","href":"https:\/\/api.w.org\/{rel}","templated":true}]}}