{"id":1596,"date":"2013-10-28T11:27:50","date_gmt":"2013-10-28T10:27:50","guid":{"rendered":"https:\/\/www.ogbl.lu\/communiques\/sommet-europeen-des-mots-creux-sur-leurope-sociale-mais-un-fort-soutien-a-la-dereglementation"},"modified":"2023-05-23T19:44:16","modified_gmt":"2023-05-23T17:44:16","slug":"sommet-europeen-des-mots-creux-sur-leurope-sociale-mais-un-fort-soutien-a-la-dereglementation","status":"publish","type":"communiques","link":"https:\/\/www.ogbl.lu\/en\/communique\/sommet-europeen-des-mots-creux-sur-leurope-sociale-mais-un-fort-soutien-a-la-dereglementation\/","title":{"rendered":"Sommet europ\u00e9en: des mots creux sur l&#8217;Europe sociale, mais un fort soutien \u00e0 la d\u00e9r\u00e9glementation"},"content":{"rendered":"<p class=\"qtranxs-available-languages-message qtranxs-available-languages-message-en\"> <\/p><p><strong><em>Une \u00ab meilleure compr\u00e9hension \u00bb des injustices et des d\u00e9s\u00e9quilibres sociaux, voil\u00e0 ce que le Conseil europ\u00e9en consid\u00e8re \u00eatre la dimension sociale de l\u2019Union \u00e9conomique et mon\u00e9taire (UEM). A des kilom\u00e8tres de l\u2019Europe sociale telle que la voit la Conf\u00e9d\u00e9ration europ\u00e9enne des syndicats (CES). Les conclusions du Conseil n\u2019offrent aucune perspective de r\u00e9orientation des politiques \u00e9conomiques vers plus d\u2019\u00e9galit\u00e9, moins de pauvret\u00e9, vers des investissements \u00e0 long terme pour une croissance durable et des emplois de qualit\u00e9.<\/em><\/strong><\/p>\n<p>En mettant rapidement en \u0153uvre le programme REFIT, le Conseil approuve l\u2019intention du Pr\u00e9sident Barroso d\u2019abandonner l\u2019accord des partenaires sociaux sur la protection de la sant\u00e9 et de la s\u00e9curit\u00e9 au travail dans le secteur de la coiffure. Plut\u00f4t que d\u2019attaquer les droits des travailleurs, la Commission devrait concentrer ses efforts pour s\u2019assurer que la l\u00e9gislation europ\u00e9enne soit correctement appliqu\u00e9e partout en Europe et pour identifier les lacunes r\u00e9glementaires.<\/p>\n<p>Bernadette S\u00e9gol, Secr\u00e9taire g\u00e9n\u00e9rale de la CES, a d\u00e9clar\u00e9 : <em>\u00ab Ils essaient vainement de nous convaincre que le noir est blanc. La dimension sociale se r\u00e9duit \u00e0 un tableau de bord et \u00e0 des statistiques. Aucune action pour une croissance durable et des emplois d\u00e9cents, aucune initiative pour plus de justice sociale mais, au lieu de cela, nous pouvons nous attendre \u00e0 ce que l\u2019UE progresse sur le front de la d\u00e9r\u00e9glementation. Aujourd\u2019hui, les travailleurs sont en col\u00e8re et terriblement d\u00e9\u00e7us. \u00bb<\/em><\/p>","protected":false},"author":1,"featured_media":0,"template":"","categorie_communiques":[38,128,126,127],"syndicat":[113,112,100],"acf":[],"yoast_head":"<!-- This site is optimized with the Yoast SEO plugin v23.1 - https:\/\/yoast.com\/wordpress\/plugins\/seo\/ -->\r\n<title><\/title>\r\n<meta name=\"robots\" content=\"index, follow, max-snippet:-1, max-image-preview:large, max-video-preview:-1\" \/>\r\n<link rel=\"canonical\" href=\"https:\/\/www.ogbl.lu\/communique\/sommet-europeen-des-mots-creux-sur-leurope-sociale-mais-un-fort-soutien-a-la-dereglementation\/\" \/>\r\n<meta property=\"og:locale\" content=\"en_US\" \/>\r\n<meta property=\"og:type\" content=\"article\" \/>\r\n<meta property=\"og:title\" content=\"[:fr]Sommet europ\u00e9en: des mots creux sur l&#039;Europe sociale, mais un fort soutien \u00e0 la d\u00e9r\u00e9glementation[:de]Europ\u00e4ischer Gipfel: Hohle Worte zum sozialen Europa, starker Zuspruch aber f\u00fcr eine Deregulierung[:] - OGBL\" \/>\r\n<meta property=\"og:description\" content=\"Une \u00ab meilleure compr\u00e9hension \u00bb des injustices et des d\u00e9s\u00e9quilibres sociaux, voil\u00e0 ce que le Conseil europ\u00e9en consid\u00e8re \u00eatre la \u2026\" \/>\r\n<meta property=\"og:url\" content=\"https:\/\/www.ogbl.lu\/communique\/sommet-europeen-des-mots-creux-sur-leurope-sociale-mais-un-fort-soutien-a-la-dereglementation\/\" \/>\r\n<meta property=\"og:site_name\" content=\"OGBL\" \/>\r\n<meta property=\"article:modified_time\" content=\"2023-05-23T17:44:16+00:00\" \/>\r\n<meta name=\"twitter:card\" content=\"summary_large_image\" \/>\r\n<meta name=\"twitter:label1\" content=\"Est. reading time\" \/>\n\t<meta name=\"twitter:data1\" content=\"2 minutes\" \/>\r\n<script type=\"application\/ld+json\" class=\"yoast-schema-graph\">{\"@context\":\"https:\/\/schema.org\",\"@graph\":[{\"@type\":\"WebPage\",\"@id\":\"https:\/\/www.ogbl.lu\/communique\/sommet-europeen-des-mots-creux-sur-leurope-sociale-mais-un-fort-soutien-a-la-dereglementation\/\",\"url\":\"https:\/\/www.ogbl.lu\/communique\/sommet-europeen-des-mots-creux-sur-leurope-sociale-mais-un-fort-soutien-a-la-dereglementation\/\",\"name\":\"[:fr]Sommet europ\u00e9en: des mots creux sur l'Europe sociale, mais un fort soutien \u00e0 la d\u00e9r\u00e9glementation[:de]Europ\u00e4ischer Gipfel: Hohle Worte zum sozialen Europa, starker Zuspruch aber f\u00fcr eine Deregulierung[:] - OGBL\",\"isPartOf\":{\"@id\":\"https:\/\/www.ogbl.lu\/de\/#website\"},\"datePublished\":\"2013-10-28T10:27:50+00:00\",\"dateModified\":\"2023-05-23T17:44:16+00:00\",\"breadcrumb\":{\"@id\":\"https:\/\/www.ogbl.lu\/communique\/sommet-europeen-des-mots-creux-sur-leurope-sociale-mais-un-fort-soutien-a-la-dereglementation\/#breadcrumb\"},\"inLanguage\":\"en-US\",\"potentialAction\":[{\"@type\":\"ReadAction\",\"target\":[\"https:\/\/www.ogbl.lu\/communique\/sommet-europeen-des-mots-creux-sur-leurope-sociale-mais-un-fort-soutien-a-la-dereglementation\/\"]}]},{\"@type\":\"BreadcrumbList\",\"@id\":\"https:\/\/www.ogbl.lu\/communique\/sommet-europeen-des-mots-creux-sur-leurope-sociale-mais-un-fort-soutien-a-la-dereglementation\/#breadcrumb\",\"itemListElement\":[{\"@type\":\"ListItem\",\"position\":1,\"name\":\"Home\",\"item\":\"https:\/\/www.ogbl.lu\/\"},{\"@type\":\"ListItem\",\"position\":2,\"name\":\"Sommet europ\u00e9en: des mots creux sur l&#8217;Europe sociale, mais un fort soutien \u00e0 la d\u00e9r\u00e9glementation\"}]},{\"@type\":\"WebSite\",\"@id\":\"https:\/\/www.ogbl.lu\/de\/#website\",\"url\":\"https:\/\/www.ogbl.lu\/de\/\",\"name\":\"OGBL\",\"description\":\"THE TRADE UNION\",\"publisher\":{\"@id\":\"https:\/\/www.ogbl.lu\/de\/#organization\"},\"potentialAction\":[{\"@type\":\"SearchAction\",\"target\":{\"@type\":\"EntryPoint\",\"urlTemplate\":\"https:\/\/www.ogbl.lu\/de\/?s={search_term_string}\"},\"query-input\":\"required name=search_term_string\"}],\"inLanguage\":\"en-US\"},{\"@type\":\"Organization\",\"@id\":\"https:\/\/www.ogbl.lu\/de\/#organization\",\"name\":\"OGBL\",\"url\":\"https:\/\/www.ogbl.lu\/de\/\",\"logo\":{\"@type\":\"ImageObject\",\"inLanguage\":\"en-US\",\"@id\":\"https:\/\/www.ogbl.lu\/de\/#\/schema\/logo\/image\/\",\"url\":\"https:\/\/www.ogbl.lu\/wp-content\/uploads\/2024\/07\/LOGO_Red_FR-svg.png\",\"contentUrl\":\"https:\/\/www.ogbl.lu\/wp-content\/uploads\/2024\/07\/LOGO_Red_FR-svg.png\",\"width\":369,\"height\":171,\"caption\":\"OGBL\"},\"image\":{\"@id\":\"https:\/\/www.ogbl.lu\/de\/#\/schema\/logo\/image\/\"}}]}<\/script>\r\n<!-- \/ Yoast SEO plugin. -->","yoast_head_json":{"title":"[:fr]Sommet europ\u00e9en: des mots creux sur l'Europe sociale, mais un fort soutien \u00e0 la d\u00e9r\u00e9glementation[:de]Europ\u00e4ischer Gipfel: Hohle Worte zum sozialen Europa, starker Zuspruch aber f\u00fcr eine Deregulierung[:] - OGBL","robots":{"index":"index","follow":"follow","max-snippet":"max-snippet:-1","max-image-preview":"max-image-preview:large","max-video-preview":"max-video-preview:-1"},"canonical":"https:\/\/www.ogbl.lu\/communique\/sommet-europeen-des-mots-creux-sur-leurope-sociale-mais-un-fort-soutien-a-la-dereglementation\/","og_locale":"en_US","og_type":"article","og_title":"[:fr]Sommet europ\u00e9en: des mots creux sur l'Europe sociale, mais un fort soutien \u00e0 la d\u00e9r\u00e9glementation[:de]Europ\u00e4ischer Gipfel: Hohle Worte zum sozialen Europa, starker Zuspruch aber f\u00fcr eine Deregulierung[:] - OGBL","og_description":"Une \u00ab meilleure compr\u00e9hension \u00bb des injustices et des d\u00e9s\u00e9quilibres sociaux, voil\u00e0 ce que le Conseil europ\u00e9en consid\u00e8re \u00eatre la \u2026","og_url":"https:\/\/www.ogbl.lu\/communique\/sommet-europeen-des-mots-creux-sur-leurope-sociale-mais-un-fort-soutien-a-la-dereglementation\/","og_site_name":"OGBL","article_modified_time":"2023-05-23T17:44:16+00:00","twitter_card":"summary_large_image","twitter_misc":{"Est. reading time":"2 minutes"},"schema":{"@context":"https:\/\/schema.org","@graph":[{"@type":"WebPage","@id":"https:\/\/www.ogbl.lu\/communique\/sommet-europeen-des-mots-creux-sur-leurope-sociale-mais-un-fort-soutien-a-la-dereglementation\/","url":"https:\/\/www.ogbl.lu\/communique\/sommet-europeen-des-mots-creux-sur-leurope-sociale-mais-un-fort-soutien-a-la-dereglementation\/","name":"[:fr]Sommet europ\u00e9en: des mots creux sur l'Europe sociale, mais un fort soutien \u00e0 la d\u00e9r\u00e9glementation[:de]Europ\u00e4ischer Gipfel: Hohle Worte zum sozialen Europa, starker Zuspruch aber f\u00fcr eine Deregulierung[:] - OGBL","isPartOf":{"@id":"https:\/\/www.ogbl.lu\/de\/#website"},"datePublished":"2013-10-28T10:27:50+00:00","dateModified":"2023-05-23T17:44:16+00:00","breadcrumb":{"@id":"https:\/\/www.ogbl.lu\/communique\/sommet-europeen-des-mots-creux-sur-leurope-sociale-mais-un-fort-soutien-a-la-dereglementation\/#breadcrumb"},"inLanguage":"en-US","potentialAction":[{"@type":"ReadAction","target":["https:\/\/www.ogbl.lu\/communique\/sommet-europeen-des-mots-creux-sur-leurope-sociale-mais-un-fort-soutien-a-la-dereglementation\/"]}]},{"@type":"BreadcrumbList","@id":"https:\/\/www.ogbl.lu\/communique\/sommet-europeen-des-mots-creux-sur-leurope-sociale-mais-un-fort-soutien-a-la-dereglementation\/#breadcrumb","itemListElement":[{"@type":"ListItem","position":1,"name":"Home","item":"https:\/\/www.ogbl.lu\/"},{"@type":"ListItem","position":2,"name":"Sommet europ\u00e9en: des mots creux sur l&#8217;Europe sociale, mais un fort soutien \u00e0 la d\u00e9r\u00e9glementation"}]},{"@type":"WebSite","@id":"https:\/\/www.ogbl.lu\/de\/#website","url":"https:\/\/www.ogbl.lu\/de\/","name":"OGBL","description":"THE TRADE UNION","publisher":{"@id":"https:\/\/www.ogbl.lu\/de\/#organization"},"potentialAction":[{"@type":"SearchAction","target":{"@type":"EntryPoint","urlTemplate":"https:\/\/www.ogbl.lu\/de\/?s={search_term_string}"},"query-input":"required name=search_term_string"}],"inLanguage":"en-US"},{"@type":"Organization","@id":"https:\/\/www.ogbl.lu\/de\/#organization","name":"OGBL","url":"https:\/\/www.ogbl.lu\/de\/","logo":{"@type":"ImageObject","inLanguage":"en-US","@id":"https:\/\/www.ogbl.lu\/de\/#\/schema\/logo\/image\/","url":"https:\/\/www.ogbl.lu\/wp-content\/uploads\/2024\/07\/LOGO_Red_FR-svg.png","contentUrl":"https:\/\/www.ogbl.lu\/wp-content\/uploads\/2024\/07\/LOGO_Red_FR-svg.png","width":369,"height":171,"caption":"OGBL"},"image":{"@id":"https:\/\/www.ogbl.lu\/de\/#\/schema\/logo\/image\/"}}]}},"_links":{"self":[{"href":"https:\/\/www.ogbl.lu\/en\/wp-json\/wp\/v2\/communiques\/1596"}],"collection":[{"href":"https:\/\/www.ogbl.lu\/en\/wp-json\/wp\/v2\/communiques"}],"about":[{"href":"https:\/\/www.ogbl.lu\/en\/wp-json\/wp\/v2\/types\/communiques"}],"author":[{"embeddable":true,"href":"https:\/\/www.ogbl.lu\/en\/wp-json\/wp\/v2\/users\/1"}],"version-history":[{"count":0,"href":"https:\/\/www.ogbl.lu\/en\/wp-json\/wp\/v2\/communiques\/1596\/revisions"}],"wp:attachment":[{"href":"https:\/\/www.ogbl.lu\/en\/wp-json\/wp\/v2\/media?parent=1596"}],"wp:term":[{"taxonomy":"categorie_communiques","embeddable":true,"href":"https:\/\/www.ogbl.lu\/en\/wp-json\/wp\/v2\/categorie_communiques?post=1596"},{"taxonomy":"syndicat","embeddable":true,"href":"https:\/\/www.ogbl.lu\/en\/wp-json\/wp\/v2\/syndicat?post=1596"}],"curies":[{"name":"wp","href":"https:\/\/api.w.org\/{rel}","templated":true}]}}