{"id":1577,"date":"2013-10-02T08:03:29","date_gmt":"2013-10-02T06:03:29","guid":{"rendered":"https:\/\/www.ogbl.lu\/communiques\/de-nouveau-une-politique-des-deux-poids-deux-mesures-dans-le-cadre-de-la-formation-dagent-administratif-et-commercial"},"modified":"2023-06-30T14:10:18","modified_gmt":"2023-06-30T12:10:18","slug":"de-nouveau-une-politique-des-deux-poids-deux-mesures-dans-le-cadre-de-la-formation-dagent-administratif-et-commercial","status":"publish","type":"communiques","link":"https:\/\/www.ogbl.lu\/en\/communique\/de-nouveau-une-politique-des-deux-poids-deux-mesures-dans-le-cadre-de-la-formation-dagent-administratif-et-commercial\/","title":{"rendered":"De nouveau une politique des deux poids deux mesures dans le cadre de la formation d\u2019agent administratif et commercial?"},"content":{"rendered":"<p class=\"qtranxs-available-languages-message qtranxs-available-languages-message-en\"> <\/p><p><img loading=\"lazy\" decoding=\"async\" class=\"alignleft size-full wp-image-14411\" src=\"https:\/\/www.ogbl.lu\/wp-content\/uploads\/communiques\/logo_ogbl_jeunes.jpg\" alt=\"logo_ogbl_jeunes\" width=\"150\" height=\"97\" \/> L\u2019apprentissage est une bonne mani\u00e8re de r\u00e9ussir sa vie professionnelle. De nouveau, la situation des \u00e9l\u00e8ves en formation pratique d\u2019agent administratif et commercial est marqu\u00e9e par des probl\u00e8mes. Rappelons que l\u2019ann\u00e9e derni\u00e8re quelques jeunes avaient des soucis de trouver une place d\u2019apprenti d\u00fb au changement de l\u2019ancien au nouveau syst\u00e8me (CATP-DAP). Cependant, douze \u00e9l\u00e8ves ont pu suivre leur formation dans le cadre d\u2019une \u00abconvention de formation\u00bb par le biais de laquelle les communes et administrations publiques ont \u00e9t\u00e9 charg\u00e9es d\u2019assurer la formation pratique des apprentis.<\/p>\n<p>Finalement, une large majorit\u00e9 a r\u00e9ussi mais tous les \u00e9l\u00e8ves ont d\u00fb prendre connaissance que les deux derniers mois de leur formation ne seront pas indemnis\u00e9s suite \u00e0 la suppression du poste budg\u00e9taire y relatif.<\/p>\n<p>L\u2019OGBL souligne que les indemnit\u00e9s d\u2019apprentissage per\u00e7ues par ces \u00e9l\u00e8ves ont d\u00e9j\u00e0 \u00e9t\u00e9 abaiss\u00e9es \u00e0 60% du montant tel que fix\u00e9 par le r\u00e8glement grand-ducal portant fixation des indemnit\u00e9s pour toutes les professions. Non seulement ont-ils d\u00e9j\u00e0 subi des pertes financi\u00e8res, \u00e0 l\u2019heure actuelle ils ne savent pas quand exactement ils vont toucher leurs derniers salaires.<\/p>\n<p>L\u2019OGBL demande dans un courrier officiel si la ministre de l\u2019Eductaion nationale et de la Formation professionnelle est au courant de ces faits et si elle peut intervenir pour r\u00e9soudre ces probl\u00e8mes.<\/p>\n<p>L\u2019OGBL d\u00e9fend vigoureusement le droit de chaque jeune \u00e0 un apprentissage de qualit\u00e9 correctement indemnis\u00e9.<br \/>\n<strong>Communiqu\u00e9 par l\u2019OGBL<br \/>\nle 1er octobre 2013<\/strong><\/p>","protected":false},"author":1,"featured_media":4335,"template":"","categorie_communiques":[132,41],"syndicat":[120],"acf":[],"yoast_head":"<!-- This site is optimized with the Yoast SEO plugin v23.1 - https:\/\/yoast.com\/wordpress\/plugins\/seo\/ -->\r\n<title><\/title>\r\n<meta name=\"robots\" content=\"index, follow, max-snippet:-1, max-image-preview:large, max-video-preview:-1\" \/>\r\n<link rel=\"canonical\" href=\"https:\/\/www.ogbl.lu\/communique\/de-nouveau-une-politique-des-deux-poids-deux-mesures-dans-le-cadre-de-la-formation-dagent-administratif-et-commercial\/\" \/>\r\n<meta property=\"og:locale\" content=\"en_US\" \/>\r\n<meta property=\"og:type\" content=\"article\" \/>\r\n<meta property=\"og:title\" content=\"[:fr]De nouveau une politique des deux poids deux mesures dans le cadre de la formation d\u2019agent administratif et commercial?[:] - OGBL\" \/>\r\n<meta property=\"og:description\" content=\"L\u2019apprentissage est une bonne mani\u00e8re de r\u00e9ussir sa vie professionnelle. De nouveau, la situation des \u00e9l\u00e8ves en formation pratique d\u2019agent \u2026\" \/>\r\n<meta property=\"og:url\" content=\"https:\/\/www.ogbl.lu\/communique\/de-nouveau-une-politique-des-deux-poids-deux-mesures-dans-le-cadre-de-la-formation-dagent-administratif-et-commercial\/\" \/>\r\n<meta property=\"og:site_name\" content=\"OGBL\" \/>\r\n<meta property=\"article:modified_time\" content=\"2023-06-30T12:10:18+00:00\" \/>\r\n<meta property=\"og:image\" content=\"https:\/\/www.ogbl.lu\/wp-content\/uploads\/2013\/10\/logo_ogbl_jeunes.jpg\" \/>\r\n\t<meta property=\"og:image:width\" content=\"150\" \/>\r\n\t<meta property=\"og:image:height\" content=\"97\" \/>\r\n\t<meta property=\"og:image:type\" content=\"image\/jpeg\" \/>\r\n<meta name=\"twitter:card\" content=\"summary_large_image\" \/>\r\n<meta name=\"twitter:label1\" content=\"Est. reading time\" \/>\n\t<meta name=\"twitter:data1\" content=\"1 minute\" \/>\r\n<script type=\"application\/ld+json\" class=\"yoast-schema-graph\">{\"@context\":\"https:\/\/schema.org\",\"@graph\":[{\"@type\":\"WebPage\",\"@id\":\"https:\/\/www.ogbl.lu\/communique\/de-nouveau-une-politique-des-deux-poids-deux-mesures-dans-le-cadre-de-la-formation-dagent-administratif-et-commercial\/\",\"url\":\"https:\/\/www.ogbl.lu\/communique\/de-nouveau-une-politique-des-deux-poids-deux-mesures-dans-le-cadre-de-la-formation-dagent-administratif-et-commercial\/\",\"name\":\"[:fr]De nouveau une politique des deux poids deux mesures dans le cadre de la formation d\u2019agent administratif et commercial?[:] - OGBL\",\"isPartOf\":{\"@id\":\"https:\/\/www.ogbl.lu\/de\/#website\"},\"primaryImageOfPage\":{\"@id\":\"https:\/\/www.ogbl.lu\/communique\/de-nouveau-une-politique-des-deux-poids-deux-mesures-dans-le-cadre-de-la-formation-dagent-administratif-et-commercial\/#primaryimage\"},\"image\":{\"@id\":\"https:\/\/www.ogbl.lu\/communique\/de-nouveau-une-politique-des-deux-poids-deux-mesures-dans-le-cadre-de-la-formation-dagent-administratif-et-commercial\/#primaryimage\"},\"thumbnailUrl\":\"https:\/\/www.ogbl.lu\/wp-content\/uploads\/2013\/10\/logo_ogbl_jeunes.jpg\",\"datePublished\":\"2013-10-02T06:03:29+00:00\",\"dateModified\":\"2023-06-30T12:10:18+00:00\",\"breadcrumb\":{\"@id\":\"https:\/\/www.ogbl.lu\/communique\/de-nouveau-une-politique-des-deux-poids-deux-mesures-dans-le-cadre-de-la-formation-dagent-administratif-et-commercial\/#breadcrumb\"},\"inLanguage\":\"en-US\",\"potentialAction\":[{\"@type\":\"ReadAction\",\"target\":[\"https:\/\/www.ogbl.lu\/communique\/de-nouveau-une-politique-des-deux-poids-deux-mesures-dans-le-cadre-de-la-formation-dagent-administratif-et-commercial\/\"]}]},{\"@type\":\"ImageObject\",\"inLanguage\":\"en-US\",\"@id\":\"https:\/\/www.ogbl.lu\/communique\/de-nouveau-une-politique-des-deux-poids-deux-mesures-dans-le-cadre-de-la-formation-dagent-administratif-et-commercial\/#primaryimage\",\"url\":\"https:\/\/www.ogbl.lu\/wp-content\/uploads\/2013\/10\/logo_ogbl_jeunes.jpg\",\"contentUrl\":\"https:\/\/www.ogbl.lu\/wp-content\/uploads\/2013\/10\/logo_ogbl_jeunes.jpg\",\"width\":150,\"height\":97},{\"@type\":\"BreadcrumbList\",\"@id\":\"https:\/\/www.ogbl.lu\/communique\/de-nouveau-une-politique-des-deux-poids-deux-mesures-dans-le-cadre-de-la-formation-dagent-administratif-et-commercial\/#breadcrumb\",\"itemListElement\":[{\"@type\":\"ListItem\",\"position\":1,\"name\":\"Home\",\"item\":\"https:\/\/www.ogbl.lu\/\"},{\"@type\":\"ListItem\",\"position\":2,\"name\":\"De nouveau une politique des deux poids deux mesures dans le cadre de la formation d\u2019agent administratif et commercial?\"}]},{\"@type\":\"WebSite\",\"@id\":\"https:\/\/www.ogbl.lu\/de\/#website\",\"url\":\"https:\/\/www.ogbl.lu\/de\/\",\"name\":\"OGBL\",\"description\":\"THE TRADE UNION\",\"publisher\":{\"@id\":\"https:\/\/www.ogbl.lu\/de\/#organization\"},\"potentialAction\":[{\"@type\":\"SearchAction\",\"target\":{\"@type\":\"EntryPoint\",\"urlTemplate\":\"https:\/\/www.ogbl.lu\/de\/?s={search_term_string}\"},\"query-input\":\"required name=search_term_string\"}],\"inLanguage\":\"en-US\"},{\"@type\":\"Organization\",\"@id\":\"https:\/\/www.ogbl.lu\/de\/#organization\",\"name\":\"OGBL\",\"url\":\"https:\/\/www.ogbl.lu\/de\/\",\"logo\":{\"@type\":\"ImageObject\",\"inLanguage\":\"en-US\",\"@id\":\"https:\/\/www.ogbl.lu\/de\/#\/schema\/logo\/image\/\",\"url\":\"https:\/\/www.ogbl.lu\/wp-content\/uploads\/2024\/07\/LOGO_Red_FR-svg.png\",\"contentUrl\":\"https:\/\/www.ogbl.lu\/wp-content\/uploads\/2024\/07\/LOGO_Red_FR-svg.png\",\"width\":369,\"height\":171,\"caption\":\"OGBL\"},\"image\":{\"@id\":\"https:\/\/www.ogbl.lu\/de\/#\/schema\/logo\/image\/\"}}]}<\/script>\r\n<!-- \/ Yoast SEO plugin. -->","yoast_head_json":{"title":"[:fr]De nouveau une politique des deux poids deux mesures dans le cadre de la formation d\u2019agent administratif et commercial?[:] - OGBL","robots":{"index":"index","follow":"follow","max-snippet":"max-snippet:-1","max-image-preview":"max-image-preview:large","max-video-preview":"max-video-preview:-1"},"canonical":"https:\/\/www.ogbl.lu\/communique\/de-nouveau-une-politique-des-deux-poids-deux-mesures-dans-le-cadre-de-la-formation-dagent-administratif-et-commercial\/","og_locale":"en_US","og_type":"article","og_title":"[:fr]De nouveau une politique des deux poids deux mesures dans le cadre de la formation d\u2019agent administratif et commercial?[:] - OGBL","og_description":"L\u2019apprentissage est une bonne mani\u00e8re de r\u00e9ussir sa vie professionnelle. De nouveau, la situation des \u00e9l\u00e8ves en formation pratique d\u2019agent \u2026","og_url":"https:\/\/www.ogbl.lu\/communique\/de-nouveau-une-politique-des-deux-poids-deux-mesures-dans-le-cadre-de-la-formation-dagent-administratif-et-commercial\/","og_site_name":"OGBL","article_modified_time":"2023-06-30T12:10:18+00:00","og_image":[{"width":150,"height":97,"url":"https:\/\/www.ogbl.lu\/wp-content\/uploads\/2013\/10\/logo_ogbl_jeunes.jpg","type":"image\/jpeg"}],"twitter_card":"summary_large_image","twitter_misc":{"Est. reading time":"1 minute"},"schema":{"@context":"https:\/\/schema.org","@graph":[{"@type":"WebPage","@id":"https:\/\/www.ogbl.lu\/communique\/de-nouveau-une-politique-des-deux-poids-deux-mesures-dans-le-cadre-de-la-formation-dagent-administratif-et-commercial\/","url":"https:\/\/www.ogbl.lu\/communique\/de-nouveau-une-politique-des-deux-poids-deux-mesures-dans-le-cadre-de-la-formation-dagent-administratif-et-commercial\/","name":"[:fr]De nouveau une politique des deux poids deux mesures dans le cadre de la formation d\u2019agent administratif et commercial?[:] - OGBL","isPartOf":{"@id":"https:\/\/www.ogbl.lu\/de\/#website"},"primaryImageOfPage":{"@id":"https:\/\/www.ogbl.lu\/communique\/de-nouveau-une-politique-des-deux-poids-deux-mesures-dans-le-cadre-de-la-formation-dagent-administratif-et-commercial\/#primaryimage"},"image":{"@id":"https:\/\/www.ogbl.lu\/communique\/de-nouveau-une-politique-des-deux-poids-deux-mesures-dans-le-cadre-de-la-formation-dagent-administratif-et-commercial\/#primaryimage"},"thumbnailUrl":"https:\/\/www.ogbl.lu\/wp-content\/uploads\/2013\/10\/logo_ogbl_jeunes.jpg","datePublished":"2013-10-02T06:03:29+00:00","dateModified":"2023-06-30T12:10:18+00:00","breadcrumb":{"@id":"https:\/\/www.ogbl.lu\/communique\/de-nouveau-une-politique-des-deux-poids-deux-mesures-dans-le-cadre-de-la-formation-dagent-administratif-et-commercial\/#breadcrumb"},"inLanguage":"en-US","potentialAction":[{"@type":"ReadAction","target":["https:\/\/www.ogbl.lu\/communique\/de-nouveau-une-politique-des-deux-poids-deux-mesures-dans-le-cadre-de-la-formation-dagent-administratif-et-commercial\/"]}]},{"@type":"ImageObject","inLanguage":"en-US","@id":"https:\/\/www.ogbl.lu\/communique\/de-nouveau-une-politique-des-deux-poids-deux-mesures-dans-le-cadre-de-la-formation-dagent-administratif-et-commercial\/#primaryimage","url":"https:\/\/www.ogbl.lu\/wp-content\/uploads\/2013\/10\/logo_ogbl_jeunes.jpg","contentUrl":"https:\/\/www.ogbl.lu\/wp-content\/uploads\/2013\/10\/logo_ogbl_jeunes.jpg","width":150,"height":97},{"@type":"BreadcrumbList","@id":"https:\/\/www.ogbl.lu\/communique\/de-nouveau-une-politique-des-deux-poids-deux-mesures-dans-le-cadre-de-la-formation-dagent-administratif-et-commercial\/#breadcrumb","itemListElement":[{"@type":"ListItem","position":1,"name":"Home","item":"https:\/\/www.ogbl.lu\/"},{"@type":"ListItem","position":2,"name":"De nouveau une politique des deux poids deux mesures dans le cadre de la formation d\u2019agent administratif et commercial?"}]},{"@type":"WebSite","@id":"https:\/\/www.ogbl.lu\/de\/#website","url":"https:\/\/www.ogbl.lu\/de\/","name":"OGBL","description":"THE TRADE UNION","publisher":{"@id":"https:\/\/www.ogbl.lu\/de\/#organization"},"potentialAction":[{"@type":"SearchAction","target":{"@type":"EntryPoint","urlTemplate":"https:\/\/www.ogbl.lu\/de\/?s={search_term_string}"},"query-input":"required name=search_term_string"}],"inLanguage":"en-US"},{"@type":"Organization","@id":"https:\/\/www.ogbl.lu\/de\/#organization","name":"OGBL","url":"https:\/\/www.ogbl.lu\/de\/","logo":{"@type":"ImageObject","inLanguage":"en-US","@id":"https:\/\/www.ogbl.lu\/de\/#\/schema\/logo\/image\/","url":"https:\/\/www.ogbl.lu\/wp-content\/uploads\/2024\/07\/LOGO_Red_FR-svg.png","contentUrl":"https:\/\/www.ogbl.lu\/wp-content\/uploads\/2024\/07\/LOGO_Red_FR-svg.png","width":369,"height":171,"caption":"OGBL"},"image":{"@id":"https:\/\/www.ogbl.lu\/de\/#\/schema\/logo\/image\/"}}]}},"_links":{"self":[{"href":"https:\/\/www.ogbl.lu\/en\/wp-json\/wp\/v2\/communiques\/1577"}],"collection":[{"href":"https:\/\/www.ogbl.lu\/en\/wp-json\/wp\/v2\/communiques"}],"about":[{"href":"https:\/\/www.ogbl.lu\/en\/wp-json\/wp\/v2\/types\/communiques"}],"author":[{"embeddable":true,"href":"https:\/\/www.ogbl.lu\/en\/wp-json\/wp\/v2\/users\/1"}],"version-history":[{"count":0,"href":"https:\/\/www.ogbl.lu\/en\/wp-json\/wp\/v2\/communiques\/1577\/revisions"}],"wp:featuredmedia":[{"embeddable":true,"href":"https:\/\/www.ogbl.lu\/en\/wp-json\/wp\/v2\/media\/4335"}],"wp:attachment":[{"href":"https:\/\/www.ogbl.lu\/en\/wp-json\/wp\/v2\/media?parent=1577"}],"wp:term":[{"taxonomy":"categorie_communiques","embeddable":true,"href":"https:\/\/www.ogbl.lu\/en\/wp-json\/wp\/v2\/categorie_communiques?post=1577"},{"taxonomy":"syndicat","embeddable":true,"href":"https:\/\/www.ogbl.lu\/en\/wp-json\/wp\/v2\/syndicat?post=1577"}],"curies":[{"name":"wp","href":"https:\/\/api.w.org\/{rel}","templated":true}]}}