{"id":1570,"date":"2013-09-26T09:08:43","date_gmt":"2013-09-26T07:08:43","guid":{"rendered":"https:\/\/www.ogbl.lu\/communiques\/signature-du-plan-social-et-dun-plan-de-maintien-dans-lemploi"},"modified":"2023-05-23T19:44:16","modified_gmt":"2023-05-23T17:44:16","slug":"signature-du-plan-social-et-dun-plan-de-maintien-dans-lemploi","status":"publish","type":"communiques","link":"https:\/\/www.ogbl.lu\/en\/communique\/signature-du-plan-social-et-dun-plan-de-maintien-dans-lemploi\/","title":{"rendered":"Signature du plan social et d\u2019un plan de maintien dans l\u2019emploi"},"content":{"rendered":"<p class=\"qtranxs-available-languages-message qtranxs-available-languages-message-en\"> <\/p><p>En date du 21 septembre 2013, l\u2019OGBL, seul syndicat repr\u00e9sent\u00e9 au sein de la d\u00e9l\u00e9gation du personnel, et la direction de l\u2019entreprise Ferrac S\u00e0rl \u00e0 Bettembourg ont sign\u00e9 un plan social et un plan de maintien dans l\u2019emploi. Ferrac pr\u00e9voyait initialement de proc\u00e9der au licenciement de 110 salari\u00e9s. Gr\u00e2ce aux n\u00e9gociations, ce nombre a pu \u00eatre r\u00e9duit par l\u2019\u00e9laboration d\u2019un plan de maintien dans l\u2019emploi.<\/p>\n<p>La soci\u00e9t\u00e9 Ferrac est dans une situation financi\u00e8re difficile provoqu\u00e9e par une concurrence d\u00e9loyale dans le secteur du ferraillage. Les entreprises concurrentes et leurs sous-traitants ne respectent pas les l\u00e9gislations en vigueur au niveau des salaires, du temps de travail ou encore de la s\u00e9curit\u00e9 des salari\u00e9s. Cette situation est due \u00e0 l\u2019absence de contr\u00f4les de la part de l\u2019Inspection du travail et des mines (ITM), leur manque d\u2019inspecteurs et surtout l\u2019inexistence de moyens r\u00e9pressifs dissuasifs.<\/p>\n<p><strong>Plan social pour 30 salari\u00e9s<\/strong><\/p>\n<p>Le plan social pr\u00e9voit la suppression de 30 emplois sur un effectif total de 180 salari\u00e9s. Les salari\u00e9s concern\u00e9s seront redirig\u00e9s prioritairement vers l\u2019ADEM afin de leur proposer des formations dans le cadre du programme Fit4G\u00e9nie Civil. Ceci leur permettra de se r\u00e9orienter vers d\u2019autres m\u00e9tiers de la construction et de retrouver au plus vite un nouvel emploi dans le secteur.<\/p>\n<p><strong>Pr\u00eat temporaire de main d\u2019\u0153uvre permettant de sauver jusqu\u2019\u00e0 50 emplois<\/strong><\/p>\n<p>Dans le cadre du plan de maintien dans l\u2019emploi, il a \u00e9t\u00e9 d\u00e9cid\u00e9 de proc\u00e9der au pr\u00eat temporaire de 50 salari\u00e9s aupr\u00e8s des soci\u00e9t\u00e9s des trois associ\u00e9s de Ferrac. Ces salari\u00e9s auront la possibilit\u00e9 de participer pr\u00e9alablement \u00e0 une formation financ\u00e9e par l\u2019entreprise au sein de l\u2019Institut de Formation Sectoriel du B\u00e2timent (IFSB). Apr\u00e8s cette p\u00e9riode de pr\u00eat, les salari\u00e9s seront int\u00e9gr\u00e9s de fa\u00e7on d\u00e9finitive au sein de ces soci\u00e9t\u00e9s. Dans le cas o\u00f9 l\u2019activit\u00e9 de ferraillage devait reprendre, ils auront \u00e9galement la possibilit\u00e9 de retourner chez Ferrac SA.<\/p>\n<p><strong>Des mesures fortes requises par l\u2019OGBL<\/strong><\/p>\n<p>Cette situation a de nouveau d\u00e9montr\u00e9 l\u2019incapacit\u00e9 du gouvernement luxembourgeois \u00e0 combattre efficacement ces abus. Depuis longtemps, l\u2019OGBL revendique la mise en place de mesures visant \u00e0 prot\u00e9ger les salari\u00e9s des entreprises respectant les conventions collectives et les l\u00e9gislations en vigueur. A ces fins l\u2019OGBL continue \u00e0 demander:<\/p>\n<ul>\n<li>l\u2019instauration du badge sociale accompagn\u00e9 de l\u2019introduction d\u2019amendes administratives dissuasives et la possibilit\u00e9 d\u2019une interdiction pur et simple de travailler pour les entreprises ne respectant pas les r\u00e8gles. Sans ces mesures, le badge sera inefficace dans le combat de ces fili\u00e8res d\u2019esclavage moderne;<\/li>\n<li>l\u2019augmentation du nombre d\u2019inspecteurs et une pr\u00e9sence accrue sur le terrain de ces derniers;<\/li>\n<li>l\u2019am\u00e9lioration de la coordination internationale entre les diff\u00e9rentes administrations de contr\u00f4le afin de permettre une plus grande r\u00e9activit\u00e9.<\/li>\n<\/ul>\n<p>Sans ces mesures, des situations similaires \u00e0 celle de Ferrac SA se reproduiront. Ces fili\u00e8res d\u2019esclavage moderne se d\u00e9velopperont davantage sur le territoire luxembourgeois et en Europe. Cette situation m\u00e8nera \u00e0 une d\u00e9gradation du march\u00e9 de l\u2019emploi et \u00e0 une situation intenable pour les soci\u00e9t\u00e9s respectant les conventions collectives et les l\u00e9gislations en vigueur. Il faut combattre ce fl\u00e9au avant qu\u2019il ne s\u2019installe d\u00e9finitivement au Luxembourg.<\/p>\n<p><strong>Communiqu\u00e9 par le Syndicat B\u00e2timent de l\u2019OGBL<br \/>\nle 25 septembre 2013<\/strong><\/p>","protected":false},"author":1,"featured_media":0,"template":"","categorie_communiques":[46,128,126,127],"syndicat":[81,113,112,100],"acf":[],"yoast_head":"<!-- This site is optimized with the Yoast SEO plugin v23.1 - https:\/\/yoast.com\/wordpress\/plugins\/seo\/ -->\r\n<title><\/title>\r\n<meta name=\"robots\" content=\"index, follow, max-snippet:-1, max-image-preview:large, max-video-preview:-1\" \/>\r\n<link rel=\"canonical\" href=\"https:\/\/www.ogbl.lu\/communique\/signature-du-plan-social-et-dun-plan-de-maintien-dans-lemploi\/\" \/>\r\n<meta property=\"og:locale\" content=\"en_US\" \/>\r\n<meta property=\"og:type\" content=\"article\" \/>\r\n<meta property=\"og:title\" content=\"[:fr]Signature du plan social et d\u2019un plan de maintien dans l\u2019emploi[:de]Unterzeichnung eines Sozialplans und eines Plans zum Besch\u00e4ftigungserhalt[:] - OGBL\" \/>\r\n<meta property=\"og:description\" content=\"En date du 21 septembre 2013, l\u2019OGBL, seul syndicat repr\u00e9sent\u00e9 au sein de la d\u00e9l\u00e9gation du personnel, et la direction \u2026\" \/>\r\n<meta property=\"og:url\" content=\"https:\/\/www.ogbl.lu\/communique\/signature-du-plan-social-et-dun-plan-de-maintien-dans-lemploi\/\" \/>\r\n<meta property=\"og:site_name\" content=\"OGBL\" \/>\r\n<meta property=\"article:modified_time\" content=\"2023-05-23T17:44:16+00:00\" \/>\r\n<meta name=\"twitter:card\" content=\"summary_large_image\" \/>\r\n<meta name=\"twitter:label1\" content=\"Est. reading time\" \/>\n\t<meta name=\"twitter:data1\" content=\"5 minutes\" \/>\r\n<script type=\"application\/ld+json\" class=\"yoast-schema-graph\">{\"@context\":\"https:\/\/schema.org\",\"@graph\":[{\"@type\":\"WebPage\",\"@id\":\"https:\/\/www.ogbl.lu\/communique\/signature-du-plan-social-et-dun-plan-de-maintien-dans-lemploi\/\",\"url\":\"https:\/\/www.ogbl.lu\/communique\/signature-du-plan-social-et-dun-plan-de-maintien-dans-lemploi\/\",\"name\":\"[:fr]Signature du plan social et d\u2019un plan de maintien dans l\u2019emploi[:de]Unterzeichnung eines Sozialplans und eines Plans zum Besch\u00e4ftigungserhalt[:] - OGBL\",\"isPartOf\":{\"@id\":\"https:\/\/www.ogbl.lu\/de\/#website\"},\"datePublished\":\"2013-09-26T07:08:43+00:00\",\"dateModified\":\"2023-05-23T17:44:16+00:00\",\"breadcrumb\":{\"@id\":\"https:\/\/www.ogbl.lu\/communique\/signature-du-plan-social-et-dun-plan-de-maintien-dans-lemploi\/#breadcrumb\"},\"inLanguage\":\"en-US\",\"potentialAction\":[{\"@type\":\"ReadAction\",\"target\":[\"https:\/\/www.ogbl.lu\/communique\/signature-du-plan-social-et-dun-plan-de-maintien-dans-lemploi\/\"]}]},{\"@type\":\"BreadcrumbList\",\"@id\":\"https:\/\/www.ogbl.lu\/communique\/signature-du-plan-social-et-dun-plan-de-maintien-dans-lemploi\/#breadcrumb\",\"itemListElement\":[{\"@type\":\"ListItem\",\"position\":1,\"name\":\"Home\",\"item\":\"https:\/\/www.ogbl.lu\/\"},{\"@type\":\"ListItem\",\"position\":2,\"name\":\"Signature du plan social et d\u2019un plan de maintien dans l\u2019emploi\"}]},{\"@type\":\"WebSite\",\"@id\":\"https:\/\/www.ogbl.lu\/de\/#website\",\"url\":\"https:\/\/www.ogbl.lu\/de\/\",\"name\":\"OGBL\",\"description\":\"THE TRADE UNION\",\"publisher\":{\"@id\":\"https:\/\/www.ogbl.lu\/de\/#organization\"},\"potentialAction\":[{\"@type\":\"SearchAction\",\"target\":{\"@type\":\"EntryPoint\",\"urlTemplate\":\"https:\/\/www.ogbl.lu\/de\/?s={search_term_string}\"},\"query-input\":\"required name=search_term_string\"}],\"inLanguage\":\"en-US\"},{\"@type\":\"Organization\",\"@id\":\"https:\/\/www.ogbl.lu\/de\/#organization\",\"name\":\"OGBL\",\"url\":\"https:\/\/www.ogbl.lu\/de\/\",\"logo\":{\"@type\":\"ImageObject\",\"inLanguage\":\"en-US\",\"@id\":\"https:\/\/www.ogbl.lu\/de\/#\/schema\/logo\/image\/\",\"url\":\"https:\/\/www.ogbl.lu\/wp-content\/uploads\/2024\/07\/LOGO_Red_FR-svg.png\",\"contentUrl\":\"https:\/\/www.ogbl.lu\/wp-content\/uploads\/2024\/07\/LOGO_Red_FR-svg.png\",\"width\":369,\"height\":171,\"caption\":\"OGBL\"},\"image\":{\"@id\":\"https:\/\/www.ogbl.lu\/de\/#\/schema\/logo\/image\/\"}}]}<\/script>\r\n<!-- \/ Yoast SEO plugin. -->","yoast_head_json":{"title":"[:fr]Signature du plan social et d\u2019un plan de maintien dans l\u2019emploi[:de]Unterzeichnung eines Sozialplans und eines Plans zum Besch\u00e4ftigungserhalt[:] - OGBL","robots":{"index":"index","follow":"follow","max-snippet":"max-snippet:-1","max-image-preview":"max-image-preview:large","max-video-preview":"max-video-preview:-1"},"canonical":"https:\/\/www.ogbl.lu\/communique\/signature-du-plan-social-et-dun-plan-de-maintien-dans-lemploi\/","og_locale":"en_US","og_type":"article","og_title":"[:fr]Signature du plan social et d\u2019un plan de maintien dans l\u2019emploi[:de]Unterzeichnung eines Sozialplans und eines Plans zum Besch\u00e4ftigungserhalt[:] - OGBL","og_description":"En date du 21 septembre 2013, l\u2019OGBL, seul syndicat repr\u00e9sent\u00e9 au sein de la d\u00e9l\u00e9gation du personnel, et la direction \u2026","og_url":"https:\/\/www.ogbl.lu\/communique\/signature-du-plan-social-et-dun-plan-de-maintien-dans-lemploi\/","og_site_name":"OGBL","article_modified_time":"2023-05-23T17:44:16+00:00","twitter_card":"summary_large_image","twitter_misc":{"Est. reading time":"5 minutes"},"schema":{"@context":"https:\/\/schema.org","@graph":[{"@type":"WebPage","@id":"https:\/\/www.ogbl.lu\/communique\/signature-du-plan-social-et-dun-plan-de-maintien-dans-lemploi\/","url":"https:\/\/www.ogbl.lu\/communique\/signature-du-plan-social-et-dun-plan-de-maintien-dans-lemploi\/","name":"[:fr]Signature du plan social et d\u2019un plan de maintien dans l\u2019emploi[:de]Unterzeichnung eines Sozialplans und eines Plans zum Besch\u00e4ftigungserhalt[:] - OGBL","isPartOf":{"@id":"https:\/\/www.ogbl.lu\/de\/#website"},"datePublished":"2013-09-26T07:08:43+00:00","dateModified":"2023-05-23T17:44:16+00:00","breadcrumb":{"@id":"https:\/\/www.ogbl.lu\/communique\/signature-du-plan-social-et-dun-plan-de-maintien-dans-lemploi\/#breadcrumb"},"inLanguage":"en-US","potentialAction":[{"@type":"ReadAction","target":["https:\/\/www.ogbl.lu\/communique\/signature-du-plan-social-et-dun-plan-de-maintien-dans-lemploi\/"]}]},{"@type":"BreadcrumbList","@id":"https:\/\/www.ogbl.lu\/communique\/signature-du-plan-social-et-dun-plan-de-maintien-dans-lemploi\/#breadcrumb","itemListElement":[{"@type":"ListItem","position":1,"name":"Home","item":"https:\/\/www.ogbl.lu\/"},{"@type":"ListItem","position":2,"name":"Signature du plan social et d\u2019un plan de maintien dans l\u2019emploi"}]},{"@type":"WebSite","@id":"https:\/\/www.ogbl.lu\/de\/#website","url":"https:\/\/www.ogbl.lu\/de\/","name":"OGBL","description":"THE TRADE UNION","publisher":{"@id":"https:\/\/www.ogbl.lu\/de\/#organization"},"potentialAction":[{"@type":"SearchAction","target":{"@type":"EntryPoint","urlTemplate":"https:\/\/www.ogbl.lu\/de\/?s={search_term_string}"},"query-input":"required name=search_term_string"}],"inLanguage":"en-US"},{"@type":"Organization","@id":"https:\/\/www.ogbl.lu\/de\/#organization","name":"OGBL","url":"https:\/\/www.ogbl.lu\/de\/","logo":{"@type":"ImageObject","inLanguage":"en-US","@id":"https:\/\/www.ogbl.lu\/de\/#\/schema\/logo\/image\/","url":"https:\/\/www.ogbl.lu\/wp-content\/uploads\/2024\/07\/LOGO_Red_FR-svg.png","contentUrl":"https:\/\/www.ogbl.lu\/wp-content\/uploads\/2024\/07\/LOGO_Red_FR-svg.png","width":369,"height":171,"caption":"OGBL"},"image":{"@id":"https:\/\/www.ogbl.lu\/de\/#\/schema\/logo\/image\/"}}]}},"_links":{"self":[{"href":"https:\/\/www.ogbl.lu\/en\/wp-json\/wp\/v2\/communiques\/1570"}],"collection":[{"href":"https:\/\/www.ogbl.lu\/en\/wp-json\/wp\/v2\/communiques"}],"about":[{"href":"https:\/\/www.ogbl.lu\/en\/wp-json\/wp\/v2\/types\/communiques"}],"author":[{"embeddable":true,"href":"https:\/\/www.ogbl.lu\/en\/wp-json\/wp\/v2\/users\/1"}],"version-history":[{"count":0,"href":"https:\/\/www.ogbl.lu\/en\/wp-json\/wp\/v2\/communiques\/1570\/revisions"}],"wp:attachment":[{"href":"https:\/\/www.ogbl.lu\/en\/wp-json\/wp\/v2\/media?parent=1570"}],"wp:term":[{"taxonomy":"categorie_communiques","embeddable":true,"href":"https:\/\/www.ogbl.lu\/en\/wp-json\/wp\/v2\/categorie_communiques?post=1570"},{"taxonomy":"syndicat","embeddable":true,"href":"https:\/\/www.ogbl.lu\/en\/wp-json\/wp\/v2\/syndicat?post=1570"}],"curies":[{"name":"wp","href":"https:\/\/api.w.org\/{rel}","templated":true}]}}