{"id":1562,"date":"2013-09-10T16:29:27","date_gmt":"2013-09-10T14:29:27","guid":{"rendered":"https:\/\/www.ogbl.lu\/communiques\/deuxieme-entrevue-entre-logbl-et-la-ministre-martine-hansen"},"modified":"2023-05-23T19:44:17","modified_gmt":"2023-05-23T17:44:17","slug":"deuxieme-entrevue-entre-logbl-et-la-ministre-martine-hansen","status":"publish","type":"communiques","link":"https:\/\/www.ogbl.lu\/en\/communique\/deuxieme-entrevue-entre-logbl-et-la-ministre-martine-hansen\/","title":{"rendered":"Aides financi\u00e8res pour \u00e9tudes sup\u00e9rieures"},"content":{"rendered":"<p class=\"qtranxs-available-languages-message qtranxs-available-languages-message-en\"> <\/p><p><a href=\"https:\/\/www.ogbl.lu\/wp-content\/uploads\/communiques\/IMG_1817_2.jpg\"><img loading=\"lazy\" decoding=\"async\" class=\"alignleft size-thumbnail wp-image-14221\" alt=\"IMG_1817_2\" src=\"https:\/\/www.ogbl.lu\/wp-content\/uploads\/communiques\/IMG_1817_2-150x150.jpg\" width=\"150\" height=\"150\" \/><\/a>Une d\u00e9l\u00e9gation de l\u2019OGBL conduite par Andr\u00e9 Roeltgen, secr\u00e9taire g\u00e9n\u00e9ral, a rencontr\u00e9 la ministre de l\u2019Enseignement sup\u00e9rieur et de la Recherche, Martine Hansen, et ses conseillers ce mardi 10 septembre pour un \u00e9change de vues sur un nouveau mod\u00e8le d\u2019aides financi\u00e8res pour \u00e9tudes sup\u00e9rieures en \u00e9laboration au minist\u00e8re et pr\u00e9vu d\u2019\u00eatre appliqu\u00e9 \u00e0 partir de l\u2019ann\u00e9e acad\u00e9mique 2014\/2015.<\/p>\n<p>D\u2019embl\u00e9e, la ministre a pr\u00e9cis\u00e9 l\u2019approche pr\u00e9vue. Il s\u2019agirait d\u2019abord de pr\u00e9voir une bourse de base qui serait identique pour tous les \u00e9tudiants et, ensuite, de compl\u00e9ments variables selon diff\u00e9rents crit\u00e8res \u2013 dont des crit\u00e8res sociaux et de mobilit\u00e9 \u2013 comme la charge locative de l\u2019\u00e9tudiant, les frais d\u2019inscription ou encore un compl\u00e9ment li\u00e9 \u00e0 la performance. La ministre a insist\u00e9 qu\u2019\u00e0 ce stade ni le montant de la bourse de base, ni les \u00e9l\u00e9ments qui constitueront ce montant, n\u2019aient \u00e9t\u00e9 d\u00e9termin\u00e9s et qu\u2019\u00e9galement les crit\u00e8res et montants de la partie variable restent \u00e0 d\u00e9finir. Elle souhaite que le montant de base ne puisse \u00eatre cumul\u00e9 avec des allocations familiales qui sont, le cas \u00e9ch\u00e9ant, vers\u00e9s aux parents des \u00e9tudiants dans les pays limitrophes.<\/p>\n<p>Andr\u00e9 Roeltgen a fait valoir que l\u2019OGBL ne peut \u00eatre d\u2019accord avec le principe d\u2019une bourse de base que si le montant total de celle-ci ne soit pas inf\u00e9rieur \u00e0 la situation d\u2019avant 2010. Ce montant devra donc imp\u00e9rativement comprendre les \u00e9l\u00e9ments suivants: l\u2019allocation familiale \u2013 tenant d\u00fbment compte du nombre d\u2019enfants du m\u00e9nage \u2013, le boni enfant ainsi que l\u2019allocation de rentr\u00e9e scolaire. Comme pour les allocations familiales, l\u2019OGBL demande que le montant au moment de la mise en application du nouveau mod\u00e8le prenne en compte l\u2019\u00e9volution des prix et des co\u00fbts des derni\u00e8res ann\u00e9es et qu\u2019il soit adapt\u00e9 \u00e0 l\u2019indice du co\u00fbt de la vie par le futur.<\/p>\n<p><strong>L\u2019OGBL insiste sur les consid\u00e9rations sociales<\/strong><\/p>\n<p>Andr\u00e9 Roeltgen a, au nom de l\u2019OGBL, insist\u00e9 sur les consid\u00e9rations sociales qui doivent \u00eatre la priorit\u00e9 absolue d\u2019une telle approche. Il a rappel\u00e9 que le gouvernement a indiqu\u00e9 devant la Cour de justice europ\u00e9enne l\u2019objectif d\u2019augmenter le nombre de dipl\u00f4m\u00e9s sur le march\u00e9 du travail luxembourgeois pour justifier sa d\u00e9marche, objectif qui est pleinement partag\u00e9 par l\u2019OGBL. C\u2019est pour atteindre cet objectif que l\u2019OGBL insiste qu\u2019il y a lieu de promouvoir en particulier les enfants issus des classes populaires et moyennes.<\/p>\n<p>Pour l\u2019OGBL, la partie variable des aides financi\u00e8res, c\u2019est-\u00e0-dire toutes les sommes vers\u00e9es ou accord\u00e9es au-del\u00e0 de la bourse de base, doit par cons\u00e9quent prendre en compte le revenu du m\u00e9nage et les montants doivent diminuer d\u00e9gressivement en allant des petits revenus vers les revenus \u00e9lev\u00e9s selon des crit\u00e8res \u00e0 d\u00e9finir.<\/p>\n<p><strong>L\u2019OGBL lance un appel au gouvernement de r\u00e9parer une injustice \u00e0 l\u2019\u00e9gard des enfants de frontaliers<\/strong><\/p>\n<p>En ce qui concerne la condition applicable aux enfants des travailleurs frontaliers qu\u2019un des parents ait \u00e9t\u00e9 employ\u00e9 ou ait exerc\u00e9 son activit\u00e9 au Luxembourg pendant une dur\u00e9e ininterrompue d\u2019au moins cinq ans au moment de la demande et que cet emploi doive \u00eatre au moins \u00e9gal \u00e0 la moiti\u00e9 de la dur\u00e9e normale de travail, Andr\u00e9 Roeltgen a rappel\u00e9 que ce crit\u00e8re conduira \u00e0 de nouvelles injustices et il a insist\u00e9 \u00e0 ce que ce crit\u00e8re soit revu et notamment assorti d\u2019une p\u00e9riode de r\u00e9f\u00e9rence. La ministre a confirm\u00e9 qu\u2019un futur projet de loi devra r\u00e9gler les cas de rigueur qui pourront se pr\u00e9senter et qu\u2019une p\u00e9riode de r\u00e9f\u00e9rence pourrait effectivement constituer une piste possible.<\/p>\n<p>Enfin, concernant les recours contre la loi de juillet 2010 motiv\u00e9s par le fait que les enfants des travailleurs frontaliers aient \u00e9t\u00e9 exclus injustement des aides financi\u00e8res pour \u00e9tudes sup\u00e9rieures, Andr\u00e9 Roeltgen a rappel\u00e9 que l\u2019OGBL avait \u00e9t\u00e9 le premier \u00e0 d\u00e9noncer cette loi contraire au droit communautaire. Il a lanc\u00e9 un appel pressant au gouvernement de non seulement r\u00e9gulariser dans les meilleurs d\u00e9lais les dossiers pendants devant le Tribunal administratif, mais \u00e9galement de traiter les dossiers des \u00e9tudiants qui ont re\u00e7u un refus mais qui n\u2019ont pas fait de recours respectivement ceux qui n\u2019ont m\u00eame pas obtenu le formulaire de la part du CEDIES pourvu que toutes ces personnes puissent produire une pi\u00e8ce prouvant la demande.<\/p>\n<p>Pour l\u2019OGBL, le gouvernement en place doit prendre sa responsabilit\u00e9 dans ce domaine et r\u00e9parer une grave injustice commise pendant trois ann\u00e9es acad\u00e9miques \u00e0 l\u2019\u00e9gard d\u2019\u00e9tudiants dont le ou les parents travaillent au Grand-Duch\u00e9, y paient des imp\u00f4ts et des cotisations sociales et contribuent par leur travail \u00e0 la cr\u00e9ation de richesses dans notre pays. Ceci \u00e9galement pour \u00e9viter de nouvelles actions en justice. Si le gouvernement persiste dans son refus de r\u00e9gler ces situations, l\u2019OGBL a annonc\u00e9 \u00e0 la ministre qu\u2019il se verra alors forc\u00e9 d\u2019intenter, de mani\u00e8re collective et concert\u00e9e avec les autres syndicats concern\u00e9s, une action en responsabilit\u00e9 civile contre le gouvernement luxembourgeois.<\/p>","protected":false},"author":1,"featured_media":4347,"template":"","categorie_communiques":[128,126,127],"syndicat":[113,112,100],"acf":[],"yoast_head":"<!-- This site is optimized with the Yoast SEO plugin v23.1 - https:\/\/yoast.com\/wordpress\/plugins\/seo\/ -->\r\n<title><\/title>\r\n<meta name=\"robots\" content=\"index, follow, max-snippet:-1, max-image-preview:large, max-video-preview:-1\" \/>\r\n<link rel=\"canonical\" href=\"https:\/\/www.ogbl.lu\/communique\/deuxieme-entrevue-entre-logbl-et-la-ministre-martine-hansen\/\" \/>\r\n<meta property=\"og:locale\" content=\"en_US\" \/>\r\n<meta property=\"og:type\" content=\"article\" \/>\r\n<meta property=\"og:title\" content=\"[:fr]Aides financi\u00e8res pour \u00e9tudes sup\u00e9rieures[:de]Finanzielle Beihilfen f\u00fcr Hochschulstudien[:] - OGBL\" \/>\r\n<meta property=\"og:description\" content=\"Une d\u00e9l\u00e9gation de l\u2019OGBL conduite par Andr\u00e9 Roeltgen, secr\u00e9taire g\u00e9n\u00e9ral, a rencontr\u00e9 la ministre de l\u2019Enseignement sup\u00e9rieur et de la \u2026\" \/>\r\n<meta property=\"og:url\" content=\"https:\/\/www.ogbl.lu\/communique\/deuxieme-entrevue-entre-logbl-et-la-ministre-martine-hansen\/\" \/>\r\n<meta property=\"og:site_name\" content=\"OGBL\" \/>\r\n<meta property=\"article:modified_time\" content=\"2023-05-23T17:44:17+00:00\" \/>\r\n<meta property=\"og:image\" content=\"https:\/\/www.ogbl.lu\/wp-content\/uploads\/2013\/09\/IMG_1817_2-150x150-1.jpg\" \/>\r\n\t<meta property=\"og:image:width\" content=\"150\" \/>\r\n\t<meta property=\"og:image:height\" content=\"150\" \/>\r\n\t<meta property=\"og:image:type\" content=\"image\/jpeg\" \/>\r\n<meta name=\"twitter:card\" content=\"summary_large_image\" \/>\r\n<meta name=\"twitter:label1\" content=\"Est. reading time\" \/>\n\t<meta name=\"twitter:data1\" content=\"8 minutes\" \/>\r\n<script type=\"application\/ld+json\" class=\"yoast-schema-graph\">{\"@context\":\"https:\/\/schema.org\",\"@graph\":[{\"@type\":\"WebPage\",\"@id\":\"https:\/\/www.ogbl.lu\/communique\/deuxieme-entrevue-entre-logbl-et-la-ministre-martine-hansen\/\",\"url\":\"https:\/\/www.ogbl.lu\/communique\/deuxieme-entrevue-entre-logbl-et-la-ministre-martine-hansen\/\",\"name\":\"[:fr]Aides financi\u00e8res pour \u00e9tudes sup\u00e9rieures[:de]Finanzielle Beihilfen f\u00fcr Hochschulstudien[:] - OGBL\",\"isPartOf\":{\"@id\":\"https:\/\/www.ogbl.lu\/de\/#website\"},\"primaryImageOfPage\":{\"@id\":\"https:\/\/www.ogbl.lu\/communique\/deuxieme-entrevue-entre-logbl-et-la-ministre-martine-hansen\/#primaryimage\"},\"image\":{\"@id\":\"https:\/\/www.ogbl.lu\/communique\/deuxieme-entrevue-entre-logbl-et-la-ministre-martine-hansen\/#primaryimage\"},\"thumbnailUrl\":\"https:\/\/www.ogbl.lu\/wp-content\/uploads\/2013\/09\/IMG_1817_2-150x150-1.jpg\",\"datePublished\":\"2013-09-10T14:29:27+00:00\",\"dateModified\":\"2023-05-23T17:44:17+00:00\",\"breadcrumb\":{\"@id\":\"https:\/\/www.ogbl.lu\/communique\/deuxieme-entrevue-entre-logbl-et-la-ministre-martine-hansen\/#breadcrumb\"},\"inLanguage\":\"en-US\",\"potentialAction\":[{\"@type\":\"ReadAction\",\"target\":[\"https:\/\/www.ogbl.lu\/communique\/deuxieme-entrevue-entre-logbl-et-la-ministre-martine-hansen\/\"]}]},{\"@type\":\"ImageObject\",\"inLanguage\":\"en-US\",\"@id\":\"https:\/\/www.ogbl.lu\/communique\/deuxieme-entrevue-entre-logbl-et-la-ministre-martine-hansen\/#primaryimage\",\"url\":\"https:\/\/www.ogbl.lu\/wp-content\/uploads\/2013\/09\/IMG_1817_2-150x150-1.jpg\",\"contentUrl\":\"https:\/\/www.ogbl.lu\/wp-content\/uploads\/2013\/09\/IMG_1817_2-150x150-1.jpg\",\"width\":150,\"height\":150},{\"@type\":\"BreadcrumbList\",\"@id\":\"https:\/\/www.ogbl.lu\/communique\/deuxieme-entrevue-entre-logbl-et-la-ministre-martine-hansen\/#breadcrumb\",\"itemListElement\":[{\"@type\":\"ListItem\",\"position\":1,\"name\":\"Home\",\"item\":\"https:\/\/www.ogbl.lu\/\"},{\"@type\":\"ListItem\",\"position\":2,\"name\":\"Aides financi\u00e8res pour \u00e9tudes sup\u00e9rieures\"}]},{\"@type\":\"WebSite\",\"@id\":\"https:\/\/www.ogbl.lu\/de\/#website\",\"url\":\"https:\/\/www.ogbl.lu\/de\/\",\"name\":\"OGBL\",\"description\":\"THE TRADE UNION\",\"publisher\":{\"@id\":\"https:\/\/www.ogbl.lu\/de\/#organization\"},\"potentialAction\":[{\"@type\":\"SearchAction\",\"target\":{\"@type\":\"EntryPoint\",\"urlTemplate\":\"https:\/\/www.ogbl.lu\/de\/?s={search_term_string}\"},\"query-input\":\"required name=search_term_string\"}],\"inLanguage\":\"en-US\"},{\"@type\":\"Organization\",\"@id\":\"https:\/\/www.ogbl.lu\/de\/#organization\",\"name\":\"OGBL\",\"url\":\"https:\/\/www.ogbl.lu\/de\/\",\"logo\":{\"@type\":\"ImageObject\",\"inLanguage\":\"en-US\",\"@id\":\"https:\/\/www.ogbl.lu\/de\/#\/schema\/logo\/image\/\",\"url\":\"https:\/\/www.ogbl.lu\/wp-content\/uploads\/2024\/07\/LOGO_Red_FR-svg.png\",\"contentUrl\":\"https:\/\/www.ogbl.lu\/wp-content\/uploads\/2024\/07\/LOGO_Red_FR-svg.png\",\"width\":369,\"height\":171,\"caption\":\"OGBL\"},\"image\":{\"@id\":\"https:\/\/www.ogbl.lu\/de\/#\/schema\/logo\/image\/\"}}]}<\/script>\r\n<!-- \/ Yoast SEO plugin. -->","yoast_head_json":{"title":"[:fr]Aides financi\u00e8res pour \u00e9tudes sup\u00e9rieures[:de]Finanzielle Beihilfen f\u00fcr Hochschulstudien[:] - OGBL","robots":{"index":"index","follow":"follow","max-snippet":"max-snippet:-1","max-image-preview":"max-image-preview:large","max-video-preview":"max-video-preview:-1"},"canonical":"https:\/\/www.ogbl.lu\/communique\/deuxieme-entrevue-entre-logbl-et-la-ministre-martine-hansen\/","og_locale":"en_US","og_type":"article","og_title":"[:fr]Aides financi\u00e8res pour \u00e9tudes sup\u00e9rieures[:de]Finanzielle Beihilfen f\u00fcr Hochschulstudien[:] - OGBL","og_description":"Une d\u00e9l\u00e9gation de l\u2019OGBL conduite par Andr\u00e9 Roeltgen, secr\u00e9taire g\u00e9n\u00e9ral, a rencontr\u00e9 la ministre de l\u2019Enseignement sup\u00e9rieur et de la \u2026","og_url":"https:\/\/www.ogbl.lu\/communique\/deuxieme-entrevue-entre-logbl-et-la-ministre-martine-hansen\/","og_site_name":"OGBL","article_modified_time":"2023-05-23T17:44:17+00:00","og_image":[{"width":150,"height":150,"url":"https:\/\/www.ogbl.lu\/wp-content\/uploads\/2013\/09\/IMG_1817_2-150x150-1.jpg","type":"image\/jpeg"}],"twitter_card":"summary_large_image","twitter_misc":{"Est. reading time":"8 minutes"},"schema":{"@context":"https:\/\/schema.org","@graph":[{"@type":"WebPage","@id":"https:\/\/www.ogbl.lu\/communique\/deuxieme-entrevue-entre-logbl-et-la-ministre-martine-hansen\/","url":"https:\/\/www.ogbl.lu\/communique\/deuxieme-entrevue-entre-logbl-et-la-ministre-martine-hansen\/","name":"[:fr]Aides financi\u00e8res pour \u00e9tudes sup\u00e9rieures[:de]Finanzielle Beihilfen f\u00fcr Hochschulstudien[:] - OGBL","isPartOf":{"@id":"https:\/\/www.ogbl.lu\/de\/#website"},"primaryImageOfPage":{"@id":"https:\/\/www.ogbl.lu\/communique\/deuxieme-entrevue-entre-logbl-et-la-ministre-martine-hansen\/#primaryimage"},"image":{"@id":"https:\/\/www.ogbl.lu\/communique\/deuxieme-entrevue-entre-logbl-et-la-ministre-martine-hansen\/#primaryimage"},"thumbnailUrl":"https:\/\/www.ogbl.lu\/wp-content\/uploads\/2013\/09\/IMG_1817_2-150x150-1.jpg","datePublished":"2013-09-10T14:29:27+00:00","dateModified":"2023-05-23T17:44:17+00:00","breadcrumb":{"@id":"https:\/\/www.ogbl.lu\/communique\/deuxieme-entrevue-entre-logbl-et-la-ministre-martine-hansen\/#breadcrumb"},"inLanguage":"en-US","potentialAction":[{"@type":"ReadAction","target":["https:\/\/www.ogbl.lu\/communique\/deuxieme-entrevue-entre-logbl-et-la-ministre-martine-hansen\/"]}]},{"@type":"ImageObject","inLanguage":"en-US","@id":"https:\/\/www.ogbl.lu\/communique\/deuxieme-entrevue-entre-logbl-et-la-ministre-martine-hansen\/#primaryimage","url":"https:\/\/www.ogbl.lu\/wp-content\/uploads\/2013\/09\/IMG_1817_2-150x150-1.jpg","contentUrl":"https:\/\/www.ogbl.lu\/wp-content\/uploads\/2013\/09\/IMG_1817_2-150x150-1.jpg","width":150,"height":150},{"@type":"BreadcrumbList","@id":"https:\/\/www.ogbl.lu\/communique\/deuxieme-entrevue-entre-logbl-et-la-ministre-martine-hansen\/#breadcrumb","itemListElement":[{"@type":"ListItem","position":1,"name":"Home","item":"https:\/\/www.ogbl.lu\/"},{"@type":"ListItem","position":2,"name":"Aides financi\u00e8res pour \u00e9tudes sup\u00e9rieures"}]},{"@type":"WebSite","@id":"https:\/\/www.ogbl.lu\/de\/#website","url":"https:\/\/www.ogbl.lu\/de\/","name":"OGBL","description":"THE TRADE UNION","publisher":{"@id":"https:\/\/www.ogbl.lu\/de\/#organization"},"potentialAction":[{"@type":"SearchAction","target":{"@type":"EntryPoint","urlTemplate":"https:\/\/www.ogbl.lu\/de\/?s={search_term_string}"},"query-input":"required name=search_term_string"}],"inLanguage":"en-US"},{"@type":"Organization","@id":"https:\/\/www.ogbl.lu\/de\/#organization","name":"OGBL","url":"https:\/\/www.ogbl.lu\/de\/","logo":{"@type":"ImageObject","inLanguage":"en-US","@id":"https:\/\/www.ogbl.lu\/de\/#\/schema\/logo\/image\/","url":"https:\/\/www.ogbl.lu\/wp-content\/uploads\/2024\/07\/LOGO_Red_FR-svg.png","contentUrl":"https:\/\/www.ogbl.lu\/wp-content\/uploads\/2024\/07\/LOGO_Red_FR-svg.png","width":369,"height":171,"caption":"OGBL"},"image":{"@id":"https:\/\/www.ogbl.lu\/de\/#\/schema\/logo\/image\/"}}]}},"_links":{"self":[{"href":"https:\/\/www.ogbl.lu\/en\/wp-json\/wp\/v2\/communiques\/1562"}],"collection":[{"href":"https:\/\/www.ogbl.lu\/en\/wp-json\/wp\/v2\/communiques"}],"about":[{"href":"https:\/\/www.ogbl.lu\/en\/wp-json\/wp\/v2\/types\/communiques"}],"author":[{"embeddable":true,"href":"https:\/\/www.ogbl.lu\/en\/wp-json\/wp\/v2\/users\/1"}],"version-history":[{"count":0,"href":"https:\/\/www.ogbl.lu\/en\/wp-json\/wp\/v2\/communiques\/1562\/revisions"}],"wp:featuredmedia":[{"embeddable":true,"href":"https:\/\/www.ogbl.lu\/en\/wp-json\/wp\/v2\/media\/4347"}],"wp:attachment":[{"href":"https:\/\/www.ogbl.lu\/en\/wp-json\/wp\/v2\/media?parent=1562"}],"wp:term":[{"taxonomy":"categorie_communiques","embeddable":true,"href":"https:\/\/www.ogbl.lu\/en\/wp-json\/wp\/v2\/categorie_communiques?post=1562"},{"taxonomy":"syndicat","embeddable":true,"href":"https:\/\/www.ogbl.lu\/en\/wp-json\/wp\/v2\/syndicat?post=1562"}],"curies":[{"name":"wp","href":"https:\/\/api.w.org\/{rel}","templated":true}]}}