{"id":1480,"date":"2013-06-12T12:09:00","date_gmt":"2013-06-12T10:09:00","guid":{"rendered":"https:\/\/www.ogbl.lu\/communiques\/echec-des-negociations-collectives-chez-heintz-van-landewyck"},"modified":"2023-06-02T13:40:32","modified_gmt":"2023-06-02T11:40:32","slug":"echec-des-negociations-collectives-chez-heintz-van-landewyck","status":"publish","type":"communiques","link":"https:\/\/www.ogbl.lu\/en\/communique\/echec-des-negociations-collectives-chez-heintz-van-landewyck\/","title":{"rendered":"\u00c9chec des n\u00e9gociations collectives chez Heintz van Landewyck"},"content":{"rendered":"<p class=\"qtranxs-available-languages-message qtranxs-available-languages-message-en\"> <\/p><p><figure id=\"attachment_13373\" aria-describedby=\"caption-attachment-13373\" style=\"width: 150px\" class=\"wp-caption alignleft\"><img loading=\"lazy\" decoding=\"async\" class=\"size-full wp-image-13373\" title=\"romain_daubenfeld_vignette\" src=\"https:\/\/www.ogbl.lu\/wp-content\/uploads\/communiques\/romain_daubenfeld_vignette.jpg\" alt=\"\" width=\"150\" height=\"150\" \/><figcaption id=\"caption-attachment-13373\" class=\"wp-caption-text\">Romain Daubenfeld, secr\u00e9taire central<\/figcaption><\/figure><\/p>\n<p>Le vendredi 7 juin 2013, les n\u00e9gociations pour une nouvelle convention collective de travail ont \u00e9chou\u00e9.<\/p>\n<p>Les employeurs ont quitt\u00e9 la table de n\u00e9gociations, apr\u00e8s avoir pos\u00e9 des conditions inadmissibles pour la signature d\u2019une nouvelle convention.<\/p>\n<p>Bien que sur certains points nous ayons pu trouver des arrangements, la direction HvL a, dans ladite r\u00e9union, fait l\u2019amalgame entre l\u2019indexation des salaires et les augmentations salariales.<\/p>\n<p>Ainsi, la direction a propos\u00e9 pour l\u2019ann\u00e9e 2013 une prime unique (derni\u00e8re offre: 100 \u20ac), et pour l\u2019ann\u00e9e 2014 une augmentation salariale de 1,5% sous condition que le syst\u00e8me d\u2019indexation des salaires soit aboli.<\/p>\n<p>Les repr\u00e9sentants de l\u2019OGBL ont fait valoir que l\u2019indexation automatique des salaires n\u2019est pas un instrument de la politique salariale, mais tout simplement un m\u00e9canisme de compensation pour la sauvegarde du pouvoir d\u2019achat. L\u2019indexation des salaires garantit \u00e9galement la paix sociale.<\/p>\n<p>Les repr\u00e9sentants des salari\u00e9s trouvent cette attitude d\u2019un employeur vis-\u00e0-vis de ses salari\u00e9(e)s tout \u00e0 fait scandaleuse.<\/p>\n<p>Bien que la soci\u00e9t\u00e9 fasse des investissements de 5\u00a0000\u00a0000 \u20ac en 2013, et qu\u2019elle nous informe d\u2019un recul de d\u00e9veloppement du chiffre d\u2019affaires du site de Luxembourg, il ne faut pas oublier qu\u2019il s\u2019agit d\u2019une entreprise rentable avec un b\u00e9n\u00e9fice consid\u00e9rable.<\/p>\n<p>Les syndicats ont d\u00e9cid\u00e9 de remettre le dossier \u00e0 l\u2019Office national de conciliation, surtout apr\u00e8s que 95% du personnel leur ait donn\u00e9 un mandat clair \u00e0 aller dans ce sens.<\/p>\n<p><strong>Communiqu\u00e9 par le Syndicat Alimentation et H\u00f4tellerie de l\u2019OGBL<\/strong><br \/>\n<strong> le 12 juin 2013<\/strong><\/p>","protected":false},"author":1,"featured_media":4408,"template":"","categorie_communiques":[162],"syndicat":[165],"acf":[],"yoast_head":"<!-- This site is optimized with the Yoast SEO plugin v23.1 - https:\/\/yoast.com\/wordpress\/plugins\/seo\/ -->\r\n<title>\u00c9chec des n\u00e9gociations collectives chez Heintz van Landewyck - OGBL<\/title>\r\n<meta name=\"robots\" content=\"index, follow, max-snippet:-1, max-image-preview:large, max-video-preview:-1\" \/>\r\n<link rel=\"canonical\" href=\"https:\/\/www.ogbl.lu\/communique\/echec-des-negociations-collectives-chez-heintz-van-landewyck\/\" \/>\r\n<meta property=\"og:locale\" content=\"en_US\" \/>\r\n<meta property=\"og:type\" content=\"article\" \/>\r\n<meta property=\"og:title\" content=\"[:fr]\u00c9chec des n\u00e9gociations collectives chez Heintz van Landewyck[:de]Scheitern der Tarifverhandlungen bei Heintz van Landewyck[:en]\u00c9chec des n\u00e9gociations collectives chez Heintz van Landewyck[:] - OGBL\" \/>\r\n<meta property=\"og:description\" content=\"Le vendredi 7 juin 2013, les n\u00e9gociations pour une nouvelle convention collective de travail ont \u00e9chou\u00e9. Les employeurs ont quitt\u00e9 \u2026\" \/>\r\n<meta property=\"og:url\" content=\"https:\/\/www.ogbl.lu\/communique\/echec-des-negociations-collectives-chez-heintz-van-landewyck\/\" \/>\r\n<meta property=\"og:site_name\" content=\"OGBL\" \/>\r\n<meta property=\"article:modified_time\" content=\"2023-06-02T11:40:32+00:00\" \/>\r\n<meta property=\"og:image\" content=\"https:\/\/www.ogbl.lu\/wp-content\/uploads\/2013\/06\/romain_daubenfeld_vignette.jpg\" \/>\r\n\t<meta property=\"og:image:width\" content=\"150\" \/>\r\n\t<meta property=\"og:image:height\" content=\"150\" \/>\r\n\t<meta property=\"og:image:type\" content=\"image\/jpeg\" \/>\r\n<meta name=\"twitter:card\" content=\"summary_large_image\" \/>\r\n<meta name=\"twitter:label1\" content=\"Est. reading time\" \/>\n\t<meta name=\"twitter:data1\" content=\"2 minutes\" \/>\r\n<script type=\"application\/ld+json\" class=\"yoast-schema-graph\">{\"@context\":\"https:\/\/schema.org\",\"@graph\":[{\"@type\":\"WebPage\",\"@id\":\"https:\/\/www.ogbl.lu\/communique\/echec-des-negociations-collectives-chez-heintz-van-landewyck\/\",\"url\":\"https:\/\/www.ogbl.lu\/communique\/echec-des-negociations-collectives-chez-heintz-van-landewyck\/\",\"name\":\"[:fr]\u00c9chec des n\u00e9gociations collectives chez Heintz van Landewyck[:de]Scheitern der Tarifverhandlungen bei Heintz van Landewyck[:en]\u00c9chec des n\u00e9gociations collectives chez Heintz van Landewyck[:] - OGBL\",\"isPartOf\":{\"@id\":\"https:\/\/www.ogbl.lu\/de\/#website\"},\"primaryImageOfPage\":{\"@id\":\"https:\/\/www.ogbl.lu\/communique\/echec-des-negociations-collectives-chez-heintz-van-landewyck\/#primaryimage\"},\"image\":{\"@id\":\"https:\/\/www.ogbl.lu\/communique\/echec-des-negociations-collectives-chez-heintz-van-landewyck\/#primaryimage\"},\"thumbnailUrl\":\"https:\/\/www.ogbl.lu\/wp-content\/uploads\/2013\/06\/romain_daubenfeld_vignette.jpg\",\"datePublished\":\"2013-06-12T10:09:00+00:00\",\"dateModified\":\"2023-06-02T11:40:32+00:00\",\"breadcrumb\":{\"@id\":\"https:\/\/www.ogbl.lu\/communique\/echec-des-negociations-collectives-chez-heintz-van-landewyck\/#breadcrumb\"},\"inLanguage\":\"en-US\",\"potentialAction\":[{\"@type\":\"ReadAction\",\"target\":[\"https:\/\/www.ogbl.lu\/communique\/echec-des-negociations-collectives-chez-heintz-van-landewyck\/\"]}]},{\"@type\":\"ImageObject\",\"inLanguage\":\"en-US\",\"@id\":\"https:\/\/www.ogbl.lu\/communique\/echec-des-negociations-collectives-chez-heintz-van-landewyck\/#primaryimage\",\"url\":\"https:\/\/www.ogbl.lu\/wp-content\/uploads\/2013\/06\/romain_daubenfeld_vignette.jpg\",\"contentUrl\":\"https:\/\/www.ogbl.lu\/wp-content\/uploads\/2013\/06\/romain_daubenfeld_vignette.jpg\",\"width\":150,\"height\":150},{\"@type\":\"BreadcrumbList\",\"@id\":\"https:\/\/www.ogbl.lu\/communique\/echec-des-negociations-collectives-chez-heintz-van-landewyck\/#breadcrumb\",\"itemListElement\":[{\"@type\":\"ListItem\",\"position\":1,\"name\":\"Home\",\"item\":\"https:\/\/www.ogbl.lu\/\"},{\"@type\":\"ListItem\",\"position\":2,\"name\":\"\u00c9chec des n\u00e9gociations collectives chez Heintz van Landewyck\"}]},{\"@type\":\"WebSite\",\"@id\":\"https:\/\/www.ogbl.lu\/de\/#website\",\"url\":\"https:\/\/www.ogbl.lu\/de\/\",\"name\":\"OGBL\",\"description\":\"THE TRADE UNION\",\"publisher\":{\"@id\":\"https:\/\/www.ogbl.lu\/de\/#organization\"},\"potentialAction\":[{\"@type\":\"SearchAction\",\"target\":{\"@type\":\"EntryPoint\",\"urlTemplate\":\"https:\/\/www.ogbl.lu\/de\/?s={search_term_string}\"},\"query-input\":\"required name=search_term_string\"}],\"inLanguage\":\"en-US\"},{\"@type\":\"Organization\",\"@id\":\"https:\/\/www.ogbl.lu\/de\/#organization\",\"name\":\"OGBL\",\"url\":\"https:\/\/www.ogbl.lu\/de\/\",\"logo\":{\"@type\":\"ImageObject\",\"inLanguage\":\"en-US\",\"@id\":\"https:\/\/www.ogbl.lu\/de\/#\/schema\/logo\/image\/\",\"url\":\"https:\/\/www.ogbl.lu\/wp-content\/uploads\/2024\/07\/LOGO_Red_FR-svg.png\",\"contentUrl\":\"https:\/\/www.ogbl.lu\/wp-content\/uploads\/2024\/07\/LOGO_Red_FR-svg.png\",\"width\":369,\"height\":171,\"caption\":\"OGBL\"},\"image\":{\"@id\":\"https:\/\/www.ogbl.lu\/de\/#\/schema\/logo\/image\/\"}}]}<\/script>\r\n<!-- \/ Yoast SEO plugin. -->","yoast_head_json":{"title":"[:fr]\u00c9chec des n\u00e9gociations collectives chez Heintz van Landewyck[:de]Scheitern der Tarifverhandlungen bei Heintz van Landewyck[:en]\u00c9chec des n\u00e9gociations collectives chez Heintz van Landewyck[:] - OGBL","robots":{"index":"index","follow":"follow","max-snippet":"max-snippet:-1","max-image-preview":"max-image-preview:large","max-video-preview":"max-video-preview:-1"},"canonical":"https:\/\/www.ogbl.lu\/communique\/echec-des-negociations-collectives-chez-heintz-van-landewyck\/","og_locale":"en_US","og_type":"article","og_title":"[:fr]\u00c9chec des n\u00e9gociations collectives chez Heintz van Landewyck[:de]Scheitern der Tarifverhandlungen bei Heintz van Landewyck[:en]\u00c9chec des n\u00e9gociations collectives chez Heintz van Landewyck[:] - OGBL","og_description":"Le vendredi 7 juin 2013, les n\u00e9gociations pour une nouvelle convention collective de travail ont \u00e9chou\u00e9. Les employeurs ont quitt\u00e9 \u2026","og_url":"https:\/\/www.ogbl.lu\/communique\/echec-des-negociations-collectives-chez-heintz-van-landewyck\/","og_site_name":"OGBL","article_modified_time":"2023-06-02T11:40:32+00:00","og_image":[{"width":150,"height":150,"url":"https:\/\/www.ogbl.lu\/wp-content\/uploads\/2013\/06\/romain_daubenfeld_vignette.jpg","type":"image\/jpeg"}],"twitter_card":"summary_large_image","twitter_misc":{"Est. reading time":"2 minutes"},"schema":{"@context":"https:\/\/schema.org","@graph":[{"@type":"WebPage","@id":"https:\/\/www.ogbl.lu\/communique\/echec-des-negociations-collectives-chez-heintz-van-landewyck\/","url":"https:\/\/www.ogbl.lu\/communique\/echec-des-negociations-collectives-chez-heintz-van-landewyck\/","name":"[:fr]\u00c9chec des n\u00e9gociations collectives chez Heintz van Landewyck[:de]Scheitern der Tarifverhandlungen bei Heintz van Landewyck[:en]\u00c9chec des n\u00e9gociations collectives chez Heintz van Landewyck[:] - OGBL","isPartOf":{"@id":"https:\/\/www.ogbl.lu\/de\/#website"},"primaryImageOfPage":{"@id":"https:\/\/www.ogbl.lu\/communique\/echec-des-negociations-collectives-chez-heintz-van-landewyck\/#primaryimage"},"image":{"@id":"https:\/\/www.ogbl.lu\/communique\/echec-des-negociations-collectives-chez-heintz-van-landewyck\/#primaryimage"},"thumbnailUrl":"https:\/\/www.ogbl.lu\/wp-content\/uploads\/2013\/06\/romain_daubenfeld_vignette.jpg","datePublished":"2013-06-12T10:09:00+00:00","dateModified":"2023-06-02T11:40:32+00:00","breadcrumb":{"@id":"https:\/\/www.ogbl.lu\/communique\/echec-des-negociations-collectives-chez-heintz-van-landewyck\/#breadcrumb"},"inLanguage":"en-US","potentialAction":[{"@type":"ReadAction","target":["https:\/\/www.ogbl.lu\/communique\/echec-des-negociations-collectives-chez-heintz-van-landewyck\/"]}]},{"@type":"ImageObject","inLanguage":"en-US","@id":"https:\/\/www.ogbl.lu\/communique\/echec-des-negociations-collectives-chez-heintz-van-landewyck\/#primaryimage","url":"https:\/\/www.ogbl.lu\/wp-content\/uploads\/2013\/06\/romain_daubenfeld_vignette.jpg","contentUrl":"https:\/\/www.ogbl.lu\/wp-content\/uploads\/2013\/06\/romain_daubenfeld_vignette.jpg","width":150,"height":150},{"@type":"BreadcrumbList","@id":"https:\/\/www.ogbl.lu\/communique\/echec-des-negociations-collectives-chez-heintz-van-landewyck\/#breadcrumb","itemListElement":[{"@type":"ListItem","position":1,"name":"Home","item":"https:\/\/www.ogbl.lu\/"},{"@type":"ListItem","position":2,"name":"\u00c9chec des n\u00e9gociations collectives chez Heintz van Landewyck"}]},{"@type":"WebSite","@id":"https:\/\/www.ogbl.lu\/de\/#website","url":"https:\/\/www.ogbl.lu\/de\/","name":"OGBL","description":"THE TRADE UNION","publisher":{"@id":"https:\/\/www.ogbl.lu\/de\/#organization"},"potentialAction":[{"@type":"SearchAction","target":{"@type":"EntryPoint","urlTemplate":"https:\/\/www.ogbl.lu\/de\/?s={search_term_string}"},"query-input":"required name=search_term_string"}],"inLanguage":"en-US"},{"@type":"Organization","@id":"https:\/\/www.ogbl.lu\/de\/#organization","name":"OGBL","url":"https:\/\/www.ogbl.lu\/de\/","logo":{"@type":"ImageObject","inLanguage":"en-US","@id":"https:\/\/www.ogbl.lu\/de\/#\/schema\/logo\/image\/","url":"https:\/\/www.ogbl.lu\/wp-content\/uploads\/2024\/07\/LOGO_Red_FR-svg.png","contentUrl":"https:\/\/www.ogbl.lu\/wp-content\/uploads\/2024\/07\/LOGO_Red_FR-svg.png","width":369,"height":171,"caption":"OGBL"},"image":{"@id":"https:\/\/www.ogbl.lu\/de\/#\/schema\/logo\/image\/"}}]}},"_links":{"self":[{"href":"https:\/\/www.ogbl.lu\/en\/wp-json\/wp\/v2\/communiques\/1480"}],"collection":[{"href":"https:\/\/www.ogbl.lu\/en\/wp-json\/wp\/v2\/communiques"}],"about":[{"href":"https:\/\/www.ogbl.lu\/en\/wp-json\/wp\/v2\/types\/communiques"}],"author":[{"embeddable":true,"href":"https:\/\/www.ogbl.lu\/en\/wp-json\/wp\/v2\/users\/1"}],"version-history":[{"count":0,"href":"https:\/\/www.ogbl.lu\/en\/wp-json\/wp\/v2\/communiques\/1480\/revisions"}],"wp:featuredmedia":[{"embeddable":true,"href":"https:\/\/www.ogbl.lu\/en\/wp-json\/wp\/v2\/media\/4408"}],"wp:attachment":[{"href":"https:\/\/www.ogbl.lu\/en\/wp-json\/wp\/v2\/media?parent=1480"}],"wp:term":[{"taxonomy":"categorie_communiques","embeddable":true,"href":"https:\/\/www.ogbl.lu\/en\/wp-json\/wp\/v2\/categorie_communiques?post=1480"},{"taxonomy":"syndicat","embeddable":true,"href":"https:\/\/www.ogbl.lu\/en\/wp-json\/wp\/v2\/syndicat?post=1480"}],"curies":[{"name":"wp","href":"https:\/\/api.w.org\/{rel}","templated":true}]}}