{"id":1462,"date":"2013-05-28T10:32:45","date_gmt":"2013-05-28T08:32:45","guid":{"rendered":"https:\/\/www.ogbl.lu\/communiques\/directive-dexecution-sur-le-detachement-des-travailleurs-entrevue-avec-le-ministre-du-travail-et-de-lemploi-nicolas-schmit"},"modified":"2023-05-31T10:09:25","modified_gmt":"2023-05-31T08:09:25","slug":"directive-dexecution-sur-le-detachement-des-travailleurs-entrevue-avec-le-ministre-du-travail-et-de-lemploi-nicolas-schmit","status":"publish","type":"communiques","link":"https:\/\/www.ogbl.lu\/en\/communique\/directive-dexecution-sur-le-detachement-des-travailleurs-entrevue-avec-le-ministre-du-travail-et-de-lemploi-nicolas-schmit\/","title":{"rendered":"Directive d\u2019ex\u00e9cution sur le d\u00e9tachement des travailleurs: entrevue avec le ministre du Travail et de l\u2019Emploi, Nicolas Schmit"},"content":{"rendered":"<p class=\"qtranxs-available-languages-message qtranxs-available-languages-message-en\"> <\/p><p><img loading=\"lazy\" decoding=\"async\" class=\"alignleft size-full wp-image-9669\" title=\"logo_secec\" src=\"https:\/\/www.ogbl.lu\/wp-content\/uploads\/communiques\/logo_secec.gif\" alt=\"\" width=\"440\" height=\"150\" \/>Le Secr\u00e9tariat europ\u00e9en commun de l\u2019OGBL et du LCGB a \u00e9t\u00e9 re\u00e7u vendredi, 24 mai 2013 par Nicolas Schmit, ministre du Travail et de l\u2019Emploi, dans le cadre d\u2019une mise au point sur la directive relative \u00e0 l\u2019ex\u00e9cution sur le d\u00e9tachement des travailleurs.<\/p>\n<p>Le Conseil et le Parlement europ\u00e9en examinent actuellement la proposition de la Commission pour une directive d\u2019ex\u00e9cution sur le d\u00e9tachement des travailleurs, dont l\u2019objectif est de r\u00e9soudre diverses formes l\u00e9gales, administratives et pratiques bien connues de violation, de contournement des r\u00e9glementations et de pratiques frauduleuses perp\u00e9tr\u00e9es lorsque des travailleurs sont d\u00e9tach\u00e9s temporairement dans un autre pays. En cas de succ\u00e8s, cette initiative pourrait s&#8217;av\u00e9rer un instrument essentiel dans la lutte contre l&#8217;exploitation des travailleurs d\u00e9tach\u00e9s dans l&#8217;Union europ\u00e9enne.<br \/>\nOr les syndicats constatent avec inqui\u00e9tude que plusieurs responsables politiques mettent \u00e0 profit le d\u00e9bat politique sur le d\u00e9tachement pour poursuivre leur objectif de d\u00e9mant\u00e8lement des droits des travailleurs.<\/p>\n<p>OGBL et LCGB ont ainsi rappel\u00e9 que la proposition de directive ne doit pas devenir un instrument servant \u00e0 r\u00e9introduire le principe du pays d\u2019origine sur le march\u00e9 du travail europ\u00e9en, comme le pr\u00e9voyait la Directive Bolkenstein. Un travailleur d\u00e9tach\u00e9 temporairement ne doit jamais perdre sa protection reposant sur les conditions de travail du pays d\u2019accueil.<\/p>\n<p>Il a \u00e9galement \u00e9t\u00e9 question des mesures de pr\u00e9vention et de contr\u00f4le : la directive propos\u00e9e doit fournir une liste ouverte d\u2019instruments de contr\u00f4le, afin de pouvoir pr\u00e9venir, contr\u00f4ler et lutter contre toutes les formes de fraude sociale. De m\u00eame, la l\u00e9gitimit\u00e9 des services d\u2019inspection du travail nationaux concernant le contr\u00f4le et la gestion de leur march\u00e9 national du travail ne doit pas \u00eatre remise en cause; ce domaine doit rester une comp\u00e9tence nationale.<\/p>\n<p>Dans ce contexte, le ministre a annonc\u00e9 que le badge social d\u2019identification en vue de faciliter les contr\u00f4les sur les chantiers sera mis en place au plus tard le 1er septembre 2013.<br \/>\nLes syndicats ont mis en avant la n\u00e9cessit\u00e9 d\u2019inclure dans la directive un dispositif de responsabilit\u00e9 solidaire en cascade et sans conditions, en vertu duquel le ma\u00eetre d\u2019ouvrage peut \u00eatre tenu responsable de l\u2019ensemble des sous-traitants et des entreprises internalis\u00e9es. Propos\u00e9 par la Commission (article 12), ce syst\u00e8me est n\u00e9anmoins remis en question par le Conseil et le Parlement europ\u00e9en.<\/p>\n<p>Les syndicats suivront avec attention le r\u00e9sultat des discussions au Conseil et au Parlement europ\u00e9en, et ont convenu de maintenir un \u00e9change r\u00e9gulier sur ce dossier avec le ministre du Travail et de l\u2019Emploi.<\/p>","protected":false},"author":1,"featured_media":4424,"template":"","categorie_communiques":[38],"syndicat":[],"acf":[],"yoast_head":"<!-- This site is optimized with the Yoast SEO plugin v23.1 - https:\/\/yoast.com\/wordpress\/plugins\/seo\/ -->\r\n<title>Directive d\u2019ex\u00e9cution sur le d\u00e9tachement des travailleurs: entrevue avec le ministre du Travail et de l\u2019Emploi, Nicolas Schmit - OGBL<\/title>\r\n<meta name=\"robots\" content=\"index, follow, max-snippet:-1, max-image-preview:large, max-video-preview:-1\" \/>\r\n<link rel=\"canonical\" href=\"https:\/\/www.ogbl.lu\/communique\/directive-dexecution-sur-le-detachement-des-travailleurs-entrevue-avec-le-ministre-du-travail-et-de-lemploi-nicolas-schmit\/\" \/>\r\n<meta property=\"og:locale\" content=\"en_US\" \/>\r\n<meta property=\"og:type\" content=\"article\" \/>\r\n<meta property=\"og:title\" content=\"[:fr]Directive d\u2019ex\u00e9cution sur le d\u00e9tachement des travailleurs: entrevue avec le ministre du Travail et de l\u2019Emploi, Nicolas Schmit[:en]Directive d\u2019ex\u00e9cution sur le d\u00e9tachement des travailleurs: entrevue avec le ministre du Travail et de l\u2019Emploi, Nicolas Schmit[:] - OGBL\" \/>\r\n<meta property=\"og:description\" content=\"Le Secr\u00e9tariat europ\u00e9en commun de l\u2019OGBL et du LCGB a \u00e9t\u00e9 re\u00e7u vendredi, 24 mai 2013 par Nicolas Schmit, ministre \u2026\" \/>\r\n<meta property=\"og:url\" content=\"https:\/\/www.ogbl.lu\/communique\/directive-dexecution-sur-le-detachement-des-travailleurs-entrevue-avec-le-ministre-du-travail-et-de-lemploi-nicolas-schmit\/\" \/>\r\n<meta property=\"og:site_name\" content=\"OGBL\" \/>\r\n<meta property=\"article:modified_time\" content=\"2023-05-31T08:09:25+00:00\" \/>\r\n<meta property=\"og:image\" content=\"https:\/\/www.ogbl.lu\/wp-content\/uploads\/2013\/05\/logo_secec.gif\" \/>\r\n\t<meta property=\"og:image:width\" content=\"440\" \/>\r\n\t<meta property=\"og:image:height\" content=\"150\" \/>\r\n\t<meta property=\"og:image:type\" content=\"image\/gif\" \/>\r\n<meta name=\"twitter:card\" content=\"summary_large_image\" \/>\r\n<meta name=\"twitter:label1\" content=\"Est. reading time\" \/>\n\t<meta name=\"twitter:data1\" content=\"2 minutes\" \/>\r\n<script type=\"application\/ld+json\" class=\"yoast-schema-graph\">{\"@context\":\"https:\/\/schema.org\",\"@graph\":[{\"@type\":\"WebPage\",\"@id\":\"https:\/\/www.ogbl.lu\/communique\/directive-dexecution-sur-le-detachement-des-travailleurs-entrevue-avec-le-ministre-du-travail-et-de-lemploi-nicolas-schmit\/\",\"url\":\"https:\/\/www.ogbl.lu\/communique\/directive-dexecution-sur-le-detachement-des-travailleurs-entrevue-avec-le-ministre-du-travail-et-de-lemploi-nicolas-schmit\/\",\"name\":\"[:fr]Directive d\u2019ex\u00e9cution sur le d\u00e9tachement des travailleurs: entrevue avec le ministre du Travail et de l\u2019Emploi, Nicolas Schmit[:en]Directive d\u2019ex\u00e9cution sur le d\u00e9tachement des travailleurs: entrevue avec le ministre du Travail et de l\u2019Emploi, Nicolas Schmit[:] - OGBL\",\"isPartOf\":{\"@id\":\"https:\/\/www.ogbl.lu\/de\/#website\"},\"primaryImageOfPage\":{\"@id\":\"https:\/\/www.ogbl.lu\/communique\/directive-dexecution-sur-le-detachement-des-travailleurs-entrevue-avec-le-ministre-du-travail-et-de-lemploi-nicolas-schmit\/#primaryimage\"},\"image\":{\"@id\":\"https:\/\/www.ogbl.lu\/communique\/directive-dexecution-sur-le-detachement-des-travailleurs-entrevue-avec-le-ministre-du-travail-et-de-lemploi-nicolas-schmit\/#primaryimage\"},\"thumbnailUrl\":\"https:\/\/www.ogbl.lu\/wp-content\/uploads\/2013\/05\/logo_secec.gif\",\"datePublished\":\"2013-05-28T08:32:45+00:00\",\"dateModified\":\"2023-05-31T08:09:25+00:00\",\"breadcrumb\":{\"@id\":\"https:\/\/www.ogbl.lu\/communique\/directive-dexecution-sur-le-detachement-des-travailleurs-entrevue-avec-le-ministre-du-travail-et-de-lemploi-nicolas-schmit\/#breadcrumb\"},\"inLanguage\":\"en-US\",\"potentialAction\":[{\"@type\":\"ReadAction\",\"target\":[\"https:\/\/www.ogbl.lu\/communique\/directive-dexecution-sur-le-detachement-des-travailleurs-entrevue-avec-le-ministre-du-travail-et-de-lemploi-nicolas-schmit\/\"]}]},{\"@type\":\"ImageObject\",\"inLanguage\":\"en-US\",\"@id\":\"https:\/\/www.ogbl.lu\/communique\/directive-dexecution-sur-le-detachement-des-travailleurs-entrevue-avec-le-ministre-du-travail-et-de-lemploi-nicolas-schmit\/#primaryimage\",\"url\":\"https:\/\/www.ogbl.lu\/wp-content\/uploads\/2013\/05\/logo_secec.gif\",\"contentUrl\":\"https:\/\/www.ogbl.lu\/wp-content\/uploads\/2013\/05\/logo_secec.gif\",\"width\":440,\"height\":150},{\"@type\":\"BreadcrumbList\",\"@id\":\"https:\/\/www.ogbl.lu\/communique\/directive-dexecution-sur-le-detachement-des-travailleurs-entrevue-avec-le-ministre-du-travail-et-de-lemploi-nicolas-schmit\/#breadcrumb\",\"itemListElement\":[{\"@type\":\"ListItem\",\"position\":1,\"name\":\"Home\",\"item\":\"https:\/\/www.ogbl.lu\/\"},{\"@type\":\"ListItem\",\"position\":2,\"name\":\"Directive d\u2019ex\u00e9cution sur le d\u00e9tachement des travailleurs: entrevue avec le ministre du Travail et de l\u2019Emploi, Nicolas Schmit\"}]},{\"@type\":\"WebSite\",\"@id\":\"https:\/\/www.ogbl.lu\/de\/#website\",\"url\":\"https:\/\/www.ogbl.lu\/de\/\",\"name\":\"OGBL\",\"description\":\"THE TRADE UNION\",\"publisher\":{\"@id\":\"https:\/\/www.ogbl.lu\/de\/#organization\"},\"potentialAction\":[{\"@type\":\"SearchAction\",\"target\":{\"@type\":\"EntryPoint\",\"urlTemplate\":\"https:\/\/www.ogbl.lu\/de\/?s={search_term_string}\"},\"query-input\":\"required name=search_term_string\"}],\"inLanguage\":\"en-US\"},{\"@type\":\"Organization\",\"@id\":\"https:\/\/www.ogbl.lu\/de\/#organization\",\"name\":\"OGBL\",\"url\":\"https:\/\/www.ogbl.lu\/de\/\",\"logo\":{\"@type\":\"ImageObject\",\"inLanguage\":\"en-US\",\"@id\":\"https:\/\/www.ogbl.lu\/de\/#\/schema\/logo\/image\/\",\"url\":\"https:\/\/www.ogbl.lu\/wp-content\/uploads\/2024\/07\/LOGO_Red_FR-svg.png\",\"contentUrl\":\"https:\/\/www.ogbl.lu\/wp-content\/uploads\/2024\/07\/LOGO_Red_FR-svg.png\",\"width\":369,\"height\":171,\"caption\":\"OGBL\"},\"image\":{\"@id\":\"https:\/\/www.ogbl.lu\/de\/#\/schema\/logo\/image\/\"}}]}<\/script>\r\n<!-- \/ Yoast SEO plugin. -->","yoast_head_json":{"title":"[:fr]Directive d\u2019ex\u00e9cution sur le d\u00e9tachement des travailleurs: entrevue avec le ministre du Travail et de l\u2019Emploi, Nicolas Schmit[:en]Directive d\u2019ex\u00e9cution sur le d\u00e9tachement des travailleurs: entrevue avec le ministre du Travail et de l\u2019Emploi, Nicolas Schmit[:] - OGBL","robots":{"index":"index","follow":"follow","max-snippet":"max-snippet:-1","max-image-preview":"max-image-preview:large","max-video-preview":"max-video-preview:-1"},"canonical":"https:\/\/www.ogbl.lu\/communique\/directive-dexecution-sur-le-detachement-des-travailleurs-entrevue-avec-le-ministre-du-travail-et-de-lemploi-nicolas-schmit\/","og_locale":"en_US","og_type":"article","og_title":"[:fr]Directive d\u2019ex\u00e9cution sur le d\u00e9tachement des travailleurs: entrevue avec le ministre du Travail et de l\u2019Emploi, Nicolas Schmit[:en]Directive d\u2019ex\u00e9cution sur le d\u00e9tachement des travailleurs: entrevue avec le ministre du Travail et de l\u2019Emploi, Nicolas Schmit[:] - OGBL","og_description":"Le Secr\u00e9tariat europ\u00e9en commun de l\u2019OGBL et du LCGB a \u00e9t\u00e9 re\u00e7u vendredi, 24 mai 2013 par Nicolas Schmit, ministre \u2026","og_url":"https:\/\/www.ogbl.lu\/communique\/directive-dexecution-sur-le-detachement-des-travailleurs-entrevue-avec-le-ministre-du-travail-et-de-lemploi-nicolas-schmit\/","og_site_name":"OGBL","article_modified_time":"2023-05-31T08:09:25+00:00","og_image":[{"width":440,"height":150,"url":"https:\/\/www.ogbl.lu\/wp-content\/uploads\/2013\/05\/logo_secec.gif","type":"image\/gif"}],"twitter_card":"summary_large_image","twitter_misc":{"Est. reading time":"2 minutes"},"schema":{"@context":"https:\/\/schema.org","@graph":[{"@type":"WebPage","@id":"https:\/\/www.ogbl.lu\/communique\/directive-dexecution-sur-le-detachement-des-travailleurs-entrevue-avec-le-ministre-du-travail-et-de-lemploi-nicolas-schmit\/","url":"https:\/\/www.ogbl.lu\/communique\/directive-dexecution-sur-le-detachement-des-travailleurs-entrevue-avec-le-ministre-du-travail-et-de-lemploi-nicolas-schmit\/","name":"[:fr]Directive d\u2019ex\u00e9cution sur le d\u00e9tachement des travailleurs: entrevue avec le ministre du Travail et de l\u2019Emploi, Nicolas Schmit[:en]Directive d\u2019ex\u00e9cution sur le d\u00e9tachement des travailleurs: entrevue avec le ministre du Travail et de l\u2019Emploi, Nicolas Schmit[:] - OGBL","isPartOf":{"@id":"https:\/\/www.ogbl.lu\/de\/#website"},"primaryImageOfPage":{"@id":"https:\/\/www.ogbl.lu\/communique\/directive-dexecution-sur-le-detachement-des-travailleurs-entrevue-avec-le-ministre-du-travail-et-de-lemploi-nicolas-schmit\/#primaryimage"},"image":{"@id":"https:\/\/www.ogbl.lu\/communique\/directive-dexecution-sur-le-detachement-des-travailleurs-entrevue-avec-le-ministre-du-travail-et-de-lemploi-nicolas-schmit\/#primaryimage"},"thumbnailUrl":"https:\/\/www.ogbl.lu\/wp-content\/uploads\/2013\/05\/logo_secec.gif","datePublished":"2013-05-28T08:32:45+00:00","dateModified":"2023-05-31T08:09:25+00:00","breadcrumb":{"@id":"https:\/\/www.ogbl.lu\/communique\/directive-dexecution-sur-le-detachement-des-travailleurs-entrevue-avec-le-ministre-du-travail-et-de-lemploi-nicolas-schmit\/#breadcrumb"},"inLanguage":"en-US","potentialAction":[{"@type":"ReadAction","target":["https:\/\/www.ogbl.lu\/communique\/directive-dexecution-sur-le-detachement-des-travailleurs-entrevue-avec-le-ministre-du-travail-et-de-lemploi-nicolas-schmit\/"]}]},{"@type":"ImageObject","inLanguage":"en-US","@id":"https:\/\/www.ogbl.lu\/communique\/directive-dexecution-sur-le-detachement-des-travailleurs-entrevue-avec-le-ministre-du-travail-et-de-lemploi-nicolas-schmit\/#primaryimage","url":"https:\/\/www.ogbl.lu\/wp-content\/uploads\/2013\/05\/logo_secec.gif","contentUrl":"https:\/\/www.ogbl.lu\/wp-content\/uploads\/2013\/05\/logo_secec.gif","width":440,"height":150},{"@type":"BreadcrumbList","@id":"https:\/\/www.ogbl.lu\/communique\/directive-dexecution-sur-le-detachement-des-travailleurs-entrevue-avec-le-ministre-du-travail-et-de-lemploi-nicolas-schmit\/#breadcrumb","itemListElement":[{"@type":"ListItem","position":1,"name":"Home","item":"https:\/\/www.ogbl.lu\/"},{"@type":"ListItem","position":2,"name":"Directive d\u2019ex\u00e9cution sur le d\u00e9tachement des travailleurs: entrevue avec le ministre du Travail et de l\u2019Emploi, Nicolas Schmit"}]},{"@type":"WebSite","@id":"https:\/\/www.ogbl.lu\/de\/#website","url":"https:\/\/www.ogbl.lu\/de\/","name":"OGBL","description":"THE TRADE UNION","publisher":{"@id":"https:\/\/www.ogbl.lu\/de\/#organization"},"potentialAction":[{"@type":"SearchAction","target":{"@type":"EntryPoint","urlTemplate":"https:\/\/www.ogbl.lu\/de\/?s={search_term_string}"},"query-input":"required name=search_term_string"}],"inLanguage":"en-US"},{"@type":"Organization","@id":"https:\/\/www.ogbl.lu\/de\/#organization","name":"OGBL","url":"https:\/\/www.ogbl.lu\/de\/","logo":{"@type":"ImageObject","inLanguage":"en-US","@id":"https:\/\/www.ogbl.lu\/de\/#\/schema\/logo\/image\/","url":"https:\/\/www.ogbl.lu\/wp-content\/uploads\/2024\/07\/LOGO_Red_FR-svg.png","contentUrl":"https:\/\/www.ogbl.lu\/wp-content\/uploads\/2024\/07\/LOGO_Red_FR-svg.png","width":369,"height":171,"caption":"OGBL"},"image":{"@id":"https:\/\/www.ogbl.lu\/de\/#\/schema\/logo\/image\/"}}]}},"_links":{"self":[{"href":"https:\/\/www.ogbl.lu\/en\/wp-json\/wp\/v2\/communiques\/1462"}],"collection":[{"href":"https:\/\/www.ogbl.lu\/en\/wp-json\/wp\/v2\/communiques"}],"about":[{"href":"https:\/\/www.ogbl.lu\/en\/wp-json\/wp\/v2\/types\/communiques"}],"author":[{"embeddable":true,"href":"https:\/\/www.ogbl.lu\/en\/wp-json\/wp\/v2\/users\/1"}],"version-history":[{"count":0,"href":"https:\/\/www.ogbl.lu\/en\/wp-json\/wp\/v2\/communiques\/1462\/revisions"}],"wp:featuredmedia":[{"embeddable":true,"href":"https:\/\/www.ogbl.lu\/en\/wp-json\/wp\/v2\/media\/4424"}],"wp:attachment":[{"href":"https:\/\/www.ogbl.lu\/en\/wp-json\/wp\/v2\/media?parent=1462"}],"wp:term":[{"taxonomy":"categorie_communiques","embeddable":true,"href":"https:\/\/www.ogbl.lu\/en\/wp-json\/wp\/v2\/categorie_communiques?post=1462"},{"taxonomy":"syndicat","embeddable":true,"href":"https:\/\/www.ogbl.lu\/en\/wp-json\/wp\/v2\/syndicat?post=1462"}],"curies":[{"name":"wp","href":"https:\/\/api.w.org\/{rel}","templated":true}]}}