{"id":1228,"date":"2012-07-13T11:48:58","date_gmt":"2012-07-13T09:48:58","guid":{"rendered":"https:\/\/www.ogbl.lu\/communiques\/la-mobilite-est-un-important-facteur-social-ecologique-et-economique"},"modified":"2023-05-30T10:24:45","modified_gmt":"2023-05-30T08:24:45","slug":"la-mobilite-est-un-important-facteur-social-ecologique-et-economique","status":"publish","type":"communiques","link":"https:\/\/www.ogbl.lu\/en\/communique\/la-mobilite-est-un-important-facteur-social-ecologique-et-economique\/","title":{"rendered":"La mobilit\u00e9 est un important facteur social, \u00e9cologique et \u00e9conomique"},"content":{"rendered":"<p class=\"qtranxs-available-languages-message qtranxs-available-languages-message-en\"> <\/p><p><a href=\"https:\/\/www.ogbl.lu\/wp-content\/uploads\/communiques\/mobilite_transfrontaliere_FR.pdf\" target=\"_blank\" rel=\"noopener\"><img loading=\"lazy\" decoding=\"async\" class=\"alignleft size-full wp-image-9185\" style=\"border: 1px solid black;\" title=\"mobilite_transfrontaliere_FR_vignette\" src=\"https:\/\/www.ogbl.lu\/wp-content\/uploads\/communiques\/mobilite_transfrontaliere_FR_vignette.jpg\" alt=\"\" width=\"167\" height=\"225\" \/><\/a>Le syndicat luxembourgeois OGBL et le Mouvement Ecologique ont d\u00e9cid\u00e9 de s&#8217;associer pour \u00e9laborer un cahier de mesures concr\u00e8tes qui permettraient d\u2019am\u00e9liorer l&#8217;offre de transport dans la Grande R\u00e9gion. Ce document intitul\u00e9 \u00abAm\u00e9liorer la mobilit\u00e9 transfrontali\u00e8re\u00bb a \u00e9t\u00e9 envoy\u00e9 \u00e0 Jean-Pierre Masseret, pr\u00e9sident en exercice du Sommet de la Grande-R\u00e9gion ainsi qu\u2019\u00e0 d\u2019autres responsables politiques en Belgique, en France, au Luxembourg et en Allemagne. <a href=\"https:\/\/www.ogbl.lu\/wp-content\/uploads\/communiques\/mobilite_transfrontaliere_FR.pdf\" target=\"_blank\" rel=\"noopener\">Le document pdf est disponible ici<\/a>.<\/p>\n<p>Les travaux pour l\u2019\u00e9laboration de ce document ont commenc\u00e9 en 2011.<\/p>\n<p>Depuis, la nouvelle strat\u00e9gie mobilit\u00e9 (MoDu &#8211; Mobilit\u00e9 Durable) du minist\u00e8re du D\u00e9veloppement durable et des Infrastructures du c\u00f4t\u00e9 luxembourgeois a vu le jour. Il s\u2019agit l\u00e0 d\u2019une initiative majeure et louable, mais l\u2019OGBL et le Mouvement Ecologique estiment qu\u2019il est imp\u00e9ratif de prendre d\u2019autres mesures et initiatives concr\u00e8tes et innovantes permettant d\u2019am\u00e9liorer la situation \u00e0 court et \u00e0 moyen terme.<\/p>\n<p>L\u2019OGBL et le Mouvement \u00e9cologique insistent tout particuli\u00e8rement sur la n\u00e9cessit\u00e9 d&#8217;aborder cette probl\u00e9matique davantage \u00e0 l\u2019\u00e9chelle de la Grande R\u00e9gion. Plus de 150 000 travailleurs frontaliers traversent tous les jours la fronti\u00e8re pour se rendre sur leur lieu de travail. C\u2019est dans l\u2019int\u00e9r\u00eat de toute la r\u00e9gion que les frontaliers puissent jouir d&#8217;une offre attractive en mati\u00e8re de transports en commun. Pour l&#8217;OGBL et le Mouvement Ecologique, il s&#8217;agit l\u00e0 aussi, tout simplement, d&#8217;un droit dont doit disposer tout travailleur.<\/p>\n<p><strong>Une bonne offre des transports en commun est une question d\u2019\u00e9quit\u00e9 sociale, c\u2019est aussi un facteur cl\u00e9 pour la qualit\u00e9 de vie, un \u00abmust\u00bb du point de vue protection du climat et de la sant\u00e9 et un facteur cl\u00e9 pour l\u2019\u00e9conomie.<\/strong><\/p>\n<p>Les travaux pour l\u2019\u00e9laboration de ce document ont consist\u00e9 en une analyse concr\u00e8te des probl\u00e8mes sur le terrain et en l\u2019esquisse de pistes de r\u00e9flexion et d\u2019action \u00e0 court et moyen terme.<\/p>\n<p>Des projets d\u2019infrastructure sont bien \u00e9videmment n\u00e9cessaires\u2026 mais des mesures organisationnelles simples peuvent \u00eatre r\u00e9alis\u00e9es \u00e0 court terme avec des moyens financiers limit\u00e9s.<\/p>\n<p>Il faut surtout de l\u2019initiative, et la main-d\u2019\u0153uvre n\u00e9cessaire pour les r\u00e9aliser.<\/p>\n<p>Quelques mesures concr\u00e8tes peuvent \u00eatre r\u00e9alis\u00e9es avec un peu de bonne volont\u00e9 politique\u00a0:<\/p>\n<ul>\n<li>concevoir une planification, un am\u00e9nagement du territoire et une politique de mobilit\u00e9 dans le cadre d\u2019une concertation transfrontali\u00e8re<\/li>\n<li>clarifier le r\u00f4le des acteurs-cl\u00e9s dans les diff\u00e9rents pays et harmoniser leur d\u00e9marche \u00e0 un niveau institutionnel<\/li>\n<li>impliquer les usagers et s\u2019assurer que les mesures envisag\u00e9es tiennent compte de leurs besoins r\u00e9els. Les faits le d\u00e9montrent: pour autant que l\u2019offre des transports en commun soit adapt\u00e9e aux besoins r\u00e9els, elle trouve un grand int\u00e9r\u00eat aupr\u00e8s des frontaliers.<\/li>\n<li>uniformiser la tarification au niveau de la grande r\u00e9gion et am\u00e9liorer l\u2019information sur les offres existantes<\/li>\n<li>initier des projets innovateurs \u2013 compl\u00e9ments indispensables \u00e0 une offre de base attractive \u2013comme par exemple la conception d\u2019offre de mobilit\u00e9 pour des entreprises ou des zones d\u2019activit\u00e9s, l\u2019\u00e9laboration d\u2019un M-Pass transfrontalier, le soutien des instances publiques pour la promotion du co-voiturage, une int\u00e9gration des transports publics dans l\u2019offre culturelle et sportive\u2026<\/li>\n<li>mettre en place de nouveaux projets d\u2019infrastructure au niveau des transports publics<\/li>\n<\/ul>\n<p>Tout cela pourrait permettre de faire un grand pas en avant dans l\u2019int\u00e9r\u00eat d\u2019une mobilit\u00e9 plus attractive, plus sociale et durable.<\/p>\n<p>Ne perdons pas de temps \u2013 cr\u00e9ons d\u00e8s maintenant les fondations pour une mobilit\u00e9 innovatrice dans la Grande R\u00e9gion avec la participation de tous les acteurs, y compris les milliers de navetteurs quotidiens!<\/p>\n<p><strong>Communiqu\u00e9 par l\u2019OGBL et le Mouvement Ecologique<br \/>\nle 13 juillet 2012<\/strong><\/p>","protected":false},"author":1,"featured_media":4597,"template":"","categorie_communiques":[128,126,127],"syndicat":[113,112,100],"acf":[],"yoast_head":"<!-- This site is optimized with the Yoast SEO plugin v23.1 - https:\/\/yoast.com\/wordpress\/plugins\/seo\/ -->\r\n<title><\/title>\r\n<meta name=\"robots\" content=\"index, follow, max-snippet:-1, max-image-preview:large, max-video-preview:-1\" \/>\r\n<link rel=\"canonical\" href=\"https:\/\/www.ogbl.lu\/communique\/la-mobilite-est-un-important-facteur-social-ecologique-et-economique\/\" \/>\r\n<meta property=\"og:locale\" content=\"en_US\" \/>\r\n<meta property=\"og:type\" content=\"article\" \/>\r\n<meta property=\"og:title\" content=\"[:fr]La mobilit\u00e9 est un important facteur social, \u00e9cologique et \u00e9conomique[:de]Die Mobilit\u00e4t ist ein wichtiger sozialer, \u00f6kologischer und wirtschaftlicher Faktor[:] - OGBL\" \/>\r\n<meta property=\"og:description\" content=\"Le syndicat luxembourgeois OGBL et le Mouvement Ecologique ont d\u00e9cid\u00e9 de s&#8217;associer pour \u00e9laborer un cahier de mesures concr\u00e8tes qui \u2026\" \/>\r\n<meta property=\"og:url\" content=\"https:\/\/www.ogbl.lu\/communique\/la-mobilite-est-un-important-facteur-social-ecologique-et-economique\/\" \/>\r\n<meta property=\"og:site_name\" content=\"OGBL\" \/>\r\n<meta property=\"article:modified_time\" content=\"2023-05-30T08:24:45+00:00\" \/>\r\n<meta property=\"og:image\" content=\"https:\/\/www.ogbl.lu\/wp-content\/uploads\/2012\/07\/mobilite_transfrontaliere_FR_vignette.jpg\" \/>\r\n\t<meta property=\"og:image:width\" content=\"167\" \/>\r\n\t<meta property=\"og:image:height\" content=\"225\" \/>\r\n\t<meta property=\"og:image:type\" content=\"image\/jpeg\" \/>\r\n<meta name=\"twitter:card\" content=\"summary_large_image\" \/>\r\n<meta name=\"twitter:label1\" content=\"Est. reading time\" \/>\n\t<meta name=\"twitter:data1\" content=\"6 minutes\" \/>\r\n<script type=\"application\/ld+json\" class=\"yoast-schema-graph\">{\"@context\":\"https:\/\/schema.org\",\"@graph\":[{\"@type\":\"WebPage\",\"@id\":\"https:\/\/www.ogbl.lu\/communique\/la-mobilite-est-un-important-facteur-social-ecologique-et-economique\/\",\"url\":\"https:\/\/www.ogbl.lu\/communique\/la-mobilite-est-un-important-facteur-social-ecologique-et-economique\/\",\"name\":\"[:fr]La mobilit\u00e9 est un important facteur social, \u00e9cologique et \u00e9conomique[:de]Die Mobilit\u00e4t ist ein wichtiger sozialer, \u00f6kologischer und wirtschaftlicher Faktor[:] - OGBL\",\"isPartOf\":{\"@id\":\"https:\/\/www.ogbl.lu\/de\/#website\"},\"primaryImageOfPage\":{\"@id\":\"https:\/\/www.ogbl.lu\/communique\/la-mobilite-est-un-important-facteur-social-ecologique-et-economique\/#primaryimage\"},\"image\":{\"@id\":\"https:\/\/www.ogbl.lu\/communique\/la-mobilite-est-un-important-facteur-social-ecologique-et-economique\/#primaryimage\"},\"thumbnailUrl\":\"https:\/\/www.ogbl.lu\/wp-content\/uploads\/2012\/07\/mobilite_transfrontaliere_FR_vignette.jpg\",\"datePublished\":\"2012-07-13T09:48:58+00:00\",\"dateModified\":\"2023-05-30T08:24:45+00:00\",\"breadcrumb\":{\"@id\":\"https:\/\/www.ogbl.lu\/communique\/la-mobilite-est-un-important-facteur-social-ecologique-et-economique\/#breadcrumb\"},\"inLanguage\":\"en-US\",\"potentialAction\":[{\"@type\":\"ReadAction\",\"target\":[\"https:\/\/www.ogbl.lu\/communique\/la-mobilite-est-un-important-facteur-social-ecologique-et-economique\/\"]}]},{\"@type\":\"ImageObject\",\"inLanguage\":\"en-US\",\"@id\":\"https:\/\/www.ogbl.lu\/communique\/la-mobilite-est-un-important-facteur-social-ecologique-et-economique\/#primaryimage\",\"url\":\"https:\/\/www.ogbl.lu\/wp-content\/uploads\/2012\/07\/mobilite_transfrontaliere_FR_vignette.jpg\",\"contentUrl\":\"https:\/\/www.ogbl.lu\/wp-content\/uploads\/2012\/07\/mobilite_transfrontaliere_FR_vignette.jpg\",\"width\":167,\"height\":225},{\"@type\":\"BreadcrumbList\",\"@id\":\"https:\/\/www.ogbl.lu\/communique\/la-mobilite-est-un-important-facteur-social-ecologique-et-economique\/#breadcrumb\",\"itemListElement\":[{\"@type\":\"ListItem\",\"position\":1,\"name\":\"Home\",\"item\":\"https:\/\/www.ogbl.lu\/\"},{\"@type\":\"ListItem\",\"position\":2,\"name\":\"La mobilit\u00e9 est un important facteur social, \u00e9cologique et \u00e9conomique\"}]},{\"@type\":\"WebSite\",\"@id\":\"https:\/\/www.ogbl.lu\/de\/#website\",\"url\":\"https:\/\/www.ogbl.lu\/de\/\",\"name\":\"OGBL\",\"description\":\"THE TRADE UNION\",\"publisher\":{\"@id\":\"https:\/\/www.ogbl.lu\/de\/#organization\"},\"potentialAction\":[{\"@type\":\"SearchAction\",\"target\":{\"@type\":\"EntryPoint\",\"urlTemplate\":\"https:\/\/www.ogbl.lu\/de\/?s={search_term_string}\"},\"query-input\":\"required name=search_term_string\"}],\"inLanguage\":\"en-US\"},{\"@type\":\"Organization\",\"@id\":\"https:\/\/www.ogbl.lu\/de\/#organization\",\"name\":\"OGBL\",\"url\":\"https:\/\/www.ogbl.lu\/de\/\",\"logo\":{\"@type\":\"ImageObject\",\"inLanguage\":\"en-US\",\"@id\":\"https:\/\/www.ogbl.lu\/de\/#\/schema\/logo\/image\/\",\"url\":\"https:\/\/www.ogbl.lu\/wp-content\/uploads\/2024\/07\/LOGO_Red_FR-svg.png\",\"contentUrl\":\"https:\/\/www.ogbl.lu\/wp-content\/uploads\/2024\/07\/LOGO_Red_FR-svg.png\",\"width\":369,\"height\":171,\"caption\":\"OGBL\"},\"image\":{\"@id\":\"https:\/\/www.ogbl.lu\/de\/#\/schema\/logo\/image\/\"}}]}<\/script>\r\n<!-- \/ Yoast SEO plugin. -->","yoast_head_json":{"title":"[:fr]La mobilit\u00e9 est un important facteur social, \u00e9cologique et \u00e9conomique[:de]Die Mobilit\u00e4t ist ein wichtiger sozialer, \u00f6kologischer und wirtschaftlicher Faktor[:] - OGBL","robots":{"index":"index","follow":"follow","max-snippet":"max-snippet:-1","max-image-preview":"max-image-preview:large","max-video-preview":"max-video-preview:-1"},"canonical":"https:\/\/www.ogbl.lu\/communique\/la-mobilite-est-un-important-facteur-social-ecologique-et-economique\/","og_locale":"en_US","og_type":"article","og_title":"[:fr]La mobilit\u00e9 est un important facteur social, \u00e9cologique et \u00e9conomique[:de]Die Mobilit\u00e4t ist ein wichtiger sozialer, \u00f6kologischer und wirtschaftlicher Faktor[:] - OGBL","og_description":"Le syndicat luxembourgeois OGBL et le Mouvement Ecologique ont d\u00e9cid\u00e9 de s&#8217;associer pour \u00e9laborer un cahier de mesures concr\u00e8tes qui \u2026","og_url":"https:\/\/www.ogbl.lu\/communique\/la-mobilite-est-un-important-facteur-social-ecologique-et-economique\/","og_site_name":"OGBL","article_modified_time":"2023-05-30T08:24:45+00:00","og_image":[{"width":167,"height":225,"url":"https:\/\/www.ogbl.lu\/wp-content\/uploads\/2012\/07\/mobilite_transfrontaliere_FR_vignette.jpg","type":"image\/jpeg"}],"twitter_card":"summary_large_image","twitter_misc":{"Est. reading time":"6 minutes"},"schema":{"@context":"https:\/\/schema.org","@graph":[{"@type":"WebPage","@id":"https:\/\/www.ogbl.lu\/communique\/la-mobilite-est-un-important-facteur-social-ecologique-et-economique\/","url":"https:\/\/www.ogbl.lu\/communique\/la-mobilite-est-un-important-facteur-social-ecologique-et-economique\/","name":"[:fr]La mobilit\u00e9 est un important facteur social, \u00e9cologique et \u00e9conomique[:de]Die Mobilit\u00e4t ist ein wichtiger sozialer, \u00f6kologischer und wirtschaftlicher Faktor[:] - OGBL","isPartOf":{"@id":"https:\/\/www.ogbl.lu\/de\/#website"},"primaryImageOfPage":{"@id":"https:\/\/www.ogbl.lu\/communique\/la-mobilite-est-un-important-facteur-social-ecologique-et-economique\/#primaryimage"},"image":{"@id":"https:\/\/www.ogbl.lu\/communique\/la-mobilite-est-un-important-facteur-social-ecologique-et-economique\/#primaryimage"},"thumbnailUrl":"https:\/\/www.ogbl.lu\/wp-content\/uploads\/2012\/07\/mobilite_transfrontaliere_FR_vignette.jpg","datePublished":"2012-07-13T09:48:58+00:00","dateModified":"2023-05-30T08:24:45+00:00","breadcrumb":{"@id":"https:\/\/www.ogbl.lu\/communique\/la-mobilite-est-un-important-facteur-social-ecologique-et-economique\/#breadcrumb"},"inLanguage":"en-US","potentialAction":[{"@type":"ReadAction","target":["https:\/\/www.ogbl.lu\/communique\/la-mobilite-est-un-important-facteur-social-ecologique-et-economique\/"]}]},{"@type":"ImageObject","inLanguage":"en-US","@id":"https:\/\/www.ogbl.lu\/communique\/la-mobilite-est-un-important-facteur-social-ecologique-et-economique\/#primaryimage","url":"https:\/\/www.ogbl.lu\/wp-content\/uploads\/2012\/07\/mobilite_transfrontaliere_FR_vignette.jpg","contentUrl":"https:\/\/www.ogbl.lu\/wp-content\/uploads\/2012\/07\/mobilite_transfrontaliere_FR_vignette.jpg","width":167,"height":225},{"@type":"BreadcrumbList","@id":"https:\/\/www.ogbl.lu\/communique\/la-mobilite-est-un-important-facteur-social-ecologique-et-economique\/#breadcrumb","itemListElement":[{"@type":"ListItem","position":1,"name":"Home","item":"https:\/\/www.ogbl.lu\/"},{"@type":"ListItem","position":2,"name":"La mobilit\u00e9 est un important facteur social, \u00e9cologique et \u00e9conomique"}]},{"@type":"WebSite","@id":"https:\/\/www.ogbl.lu\/de\/#website","url":"https:\/\/www.ogbl.lu\/de\/","name":"OGBL","description":"THE TRADE UNION","publisher":{"@id":"https:\/\/www.ogbl.lu\/de\/#organization"},"potentialAction":[{"@type":"SearchAction","target":{"@type":"EntryPoint","urlTemplate":"https:\/\/www.ogbl.lu\/de\/?s={search_term_string}"},"query-input":"required name=search_term_string"}],"inLanguage":"en-US"},{"@type":"Organization","@id":"https:\/\/www.ogbl.lu\/de\/#organization","name":"OGBL","url":"https:\/\/www.ogbl.lu\/de\/","logo":{"@type":"ImageObject","inLanguage":"en-US","@id":"https:\/\/www.ogbl.lu\/de\/#\/schema\/logo\/image\/","url":"https:\/\/www.ogbl.lu\/wp-content\/uploads\/2024\/07\/LOGO_Red_FR-svg.png","contentUrl":"https:\/\/www.ogbl.lu\/wp-content\/uploads\/2024\/07\/LOGO_Red_FR-svg.png","width":369,"height":171,"caption":"OGBL"},"image":{"@id":"https:\/\/www.ogbl.lu\/de\/#\/schema\/logo\/image\/"}}]}},"_links":{"self":[{"href":"https:\/\/www.ogbl.lu\/en\/wp-json\/wp\/v2\/communiques\/1228"}],"collection":[{"href":"https:\/\/www.ogbl.lu\/en\/wp-json\/wp\/v2\/communiques"}],"about":[{"href":"https:\/\/www.ogbl.lu\/en\/wp-json\/wp\/v2\/types\/communiques"}],"author":[{"embeddable":true,"href":"https:\/\/www.ogbl.lu\/en\/wp-json\/wp\/v2\/users\/1"}],"version-history":[{"count":0,"href":"https:\/\/www.ogbl.lu\/en\/wp-json\/wp\/v2\/communiques\/1228\/revisions"}],"wp:featuredmedia":[{"embeddable":true,"href":"https:\/\/www.ogbl.lu\/en\/wp-json\/wp\/v2\/media\/4597"}],"wp:attachment":[{"href":"https:\/\/www.ogbl.lu\/en\/wp-json\/wp\/v2\/media?parent=1228"}],"wp:term":[{"taxonomy":"categorie_communiques","embeddable":true,"href":"https:\/\/www.ogbl.lu\/en\/wp-json\/wp\/v2\/categorie_communiques?post=1228"},{"taxonomy":"syndicat","embeddable":true,"href":"https:\/\/www.ogbl.lu\/en\/wp-json\/wp\/v2\/syndicat?post=1228"}],"curies":[{"name":"wp","href":"https:\/\/api.w.org\/{rel}","templated":true}]}}