{"id":1114,"date":"2012-02-29T11:54:38","date_gmt":"2012-02-29T10:54:38","guid":{"rendered":"https:\/\/www.ogbl.lu\/communiques\/manipulation-de-lindex-politique-economique-fausses-reformes-et-manque-de-reformes"},"modified":"2023-07-03T10:40:06","modified_gmt":"2023-07-03T08:40:06","slug":"manipulation-de-lindex-politique-economique-fausses-reformes-et-manque-de-reformes","status":"publish","type":"communiques","link":"https:\/\/www.ogbl.lu\/en\/communique\/manipulation-de-lindex-politique-economique-fausses-reformes-et-manque-de-reformes\/","title":{"rendered":"Manipulation de l\u2019index, politique  \u00e9conomique, fausses r\u00e9formes et manque de r\u00e9formes"},"content":{"rendered":"<p class=\"qtranxs-available-languages-message qtranxs-available-languages-message-en\"> <\/p><p><figure id=\"attachment_1469\" aria-describedby=\"caption-attachment-1469\" style=\"width: 139px\" class=\"wp-caption alignleft\"><a href=\"https:\/\/www.ogbl.lu\/wp-content\/uploads\/communiques\/jean_claude_reding.jpg\"><img loading=\"lazy\" decoding=\"async\" class=\"size-full wp-image-1469 \" title=\"Jean-Claude Reding, pr\u00e9sident de l\u2019OGBL\" src=\"https:\/\/www.ogbl.lu\/wp-content\/uploads\/communiques\/jean_claude_reding.jpg\" alt=\"Jean-Claude Reding, pr\u00e9sident de l\u2019OGBL\" width=\"139\" height=\"162\" \/><\/a><figcaption id=\"caption-attachment-1469\" class=\"wp-caption-text\">Jean-Claude Reding, pr\u00e9sident de l\u2019OGBL<\/figcaption><\/figure><\/p>\n<p>La prochaine tranche indiciaire viendra probablement \u00e0 \u00e9ch\u00e9ance en mars. Mais suite au vote de la loi sur la manipulation de l\u2019indexation le 26 janvier pass\u00e9, elle sera vers\u00e9e seulement en octobre.<\/p>\n<p>En raison de cette manipulation de l\u2019index, les salaires et les retraites ne seront pas adapt\u00e9s \u00e0 l\u2019\u00e9volution moyenne des prix et perdront jusqu\u2019en octobre 2,5% de valeur. La loi du 26 janvier ne pr\u00e9voit rien en ce qui concerne le contr\u00f4le ou le blocage des prix quoi qu\u2019une telle disposition soit inscrite \u00e0 l\u2019article 512-12 du Code du travail comme une des mesures pr\u00e9vues (il y est question \u00e9galement d\u2019une meilleure protection contre le licenciement) pour accompagner la manipulation de l\u2019index.<\/p>\n<p>La manipulation de l\u2019index n\u2019a pas d\u2018influence sur l\u2019\u00e9volution des prix et n\u2019a surtout aucune incidence sur l\u2019\u00e9volution du march\u00e9 du logement.<\/p>\n<h3><strong>La manipulation de l\u2019index ne doit pas remplacer une discussion s\u00e9rieuse sur la politique \u00e9conomique du Luxembourg <\/strong><\/h3>\n<p>L\u2019argument avanc\u00e9 pour justifier la manipulation de l\u2018index ne fut pas celui d\u2018une inflation excessive caus\u00e9e par l\u2019\u00e9volution des salaires, mais celui selon lequel les salaires doivent \u00eatre frein\u00e9s au Luxembourg pour des raisons de comp\u00e9titivit\u00e9. Les marges b\u00e9n\u00e9ficiaires et le niveau des profits seraient trop bas, pr\u00e9tend-on, sans pour autant produire des preuves bas\u00e9es sur des faits concrets. La comp\u00e9titivit\u00e9 doit \u00eatre am\u00e9lior\u00e9e afin de sauvegarder des emplois. Pourtant la loi ne pr\u00e9voit aucun engagement de cette nature pour les entreprises.\u00a0 Malgr\u00e9 la manipulation de l\u2019index, des emplois sont supprim\u00e9s chez Chemolux McBride \u00e0 Foetz, \u00e0 la Swedbank, l\u2019avenir des usines d\u2019ArcelorMittal \u00e0 Schifflange et \u00e0 Rodange est incertain.<\/p>\n<p>Et que se passera-t-il demain \u00e0 la BIL, \u00e0 la KBL, qu\u2019adviendra-t-il de la place financi\u00e8re si l\u2019\u00e9mir du Qatar prend de plus en plus d\u2019influence?<\/p>\n<p>Quel se passera-t-il chez Cargolux et Luxair, si l\u2019Etat luxembourgeois ne garde pas intacte son influence dans ces entreprises strat\u00e9giques, c.-\u00e0-d. son niveau de participation dans le capital des deux compagnies?\u00a0 Quels sont les int\u00e9r\u00eats strat\u00e9giques de Qatar Airways chez Cargolux? Quelles seront les r\u00e9percussions pour l\u2019a\u00e9roport de Luxembourg d\u2018un nouveau renforcement de la pr\u00e9sence de Qatar Airways dans Cargolux?<\/p>\n<p>N\u2019avons-nous pas tir\u00e9 des le\u00e7ons de la transformation d\u2019ARBED en Arcelor et finalement de la reprise d\u2018Arcelor par Mittal?<\/p>\n<p>Au lieu de d\u00e9clencher une discussion superflue sur la pond\u00e9ration du vin, de la bi\u00e8re, de l\u2019alcool et du tabac dans le panier de la m\u00e9nag\u00e8re, un d\u00e9bat s\u00e9rieux sur l\u2019orientation de notre politique \u00e9conomique serait de mise.<\/p>\n<h3><strong>Au sujet du manque de r\u00e9formes et de fausses r\u00e9formes<\/strong><\/h3>\n<p>Par la manipulation de l\u2019index, on n\u2019emp\u00eache pas les faillites, \u00e9tonnement nombreuses au Luxembourg. Afin d\u2019y parvenir, il faudrait des r\u00e9visions radicales du droit commercial. Depuis plusieurs l\u00e9gislatures, on parle d\u2019entamer une telle r\u00e9forme. Mais rien ne se passe.<br \/>\nC\u2019est le cas \u00e9galement pour la r\u00e9forme sur la l\u00e9gislation de la cogestion et des repr\u00e9sentations du personnel. On se lamente du manque de qualit\u00e9 du dialogue social, mais aucun projet de loi y relatif n\u2019a \u00e9t\u00e9 d\u00e9pos\u00e9, et ce malgr\u00e9 les promesses du ministre du Travail et du ministre d\u2019Etat.<\/p>\n<p>Les r\u00e9formes mises en route par le gouvernement sont souvent unilat\u00e9ralement marqu\u00e9es par la logique d\u2018une politique de rigueur budg\u00e9taire et n\u2019apportent pas de r\u00e9ponses aux questions d\u2019avenir importantes. C\u2018est aussi notre principale critique au sujet de la r\u00e9forme envisag\u00e9e du syst\u00e8me de l\u2019assurance pension. On projette de d\u00e9grader les prestations, alors que des alternatives financi\u00e8res \u00e0 cette d\u00e9t\u00e9rioration existent.\u00a0 Malheureusement, on ne les discute jamais s\u00e9rieusement. Une r\u00e9forme du syst\u00e8me d\u2019assurance pension qui ne prend pas parall\u00e8lement en compte la situation sur le march\u00e9 de l\u2019emploi, qui ne consid\u00e8re pas les conditions de travail, qui ignore les changements dans les carri\u00e8res professionnelles des jeunes salari\u00e9s et des femmes et qui ne propose pas d\u2019am\u00e9liorations dans ce sens, doit \u00eatre qualifi\u00e9e de r\u00e9forme du d\u00e9mant\u00e8lement social.<\/p>\n<h3><strong>Les r\u00e9formes doivent se faire avec l\u2018ensemble des salari\u00e9s<\/strong><\/h3>\n<p>Une politique de r\u00e9forme dans le domaine de l\u2018encadrement des enfants qui ne tient pas compte des propositions des personnes travaillant dans ce secteur, en l\u2019occurrence les \u00e9ducateurs, va dans la mauvaise direction. Il ne suffit pas d\u2019investir dans les infrastructures, mais il faut \u00e9galement investir dans les \u00eatres humains qui y travaillent et il est de prime importance de leur pr\u00eater oreille.<\/p>\n<p>La m\u00eame chose vaut pour le domaine de la g\u00e9riatrie et le secteur de la sant\u00e9. Dans ces domaines bien des am\u00e9liorations qui s\u2019av\u00e8rent n\u00e9cessaires, sont per\u00e7ues et revendiqu\u00e9es par les gens qui y travaillent. On doit cependant aussi leur donner la possibilit\u00e9 d\u2019am\u00e9liorer les prestations dans le cadre de leurs activit\u00e9s respectives. Leur travail m\u00e9rite d\u2019\u00eatre reconnu.<\/p>\n<p>Les r\u00e9formes doivent se faire avec les gens, elles doivent \u00eatre port\u00e9es par la majorit\u00e9 et ne doivent pas \u00eatre le fruit de th\u00e9oriciens, d\u2019experts loin des r\u00e9alit\u00e9s ou d\u2018arrivistes surpay\u00e9s.<br \/>\nC\u2019est le cas notamment en ce qui concerne la r\u00e9forme de notre syst\u00e8me d\u2019\u00e9ducation. Si les propositions de r\u00e9forme sont rejet\u00e9es par les trois quarts de tous les instituteurs et professeurs, alors un politicien devrait au moins se demander s\u2019il ne fait pas fausse route.<\/p>","protected":false},"author":1,"featured_media":4684,"template":"","categorie_communiques":[41],"syndicat":[],"acf":[],"yoast_head":"<!-- This site is optimized with the Yoast SEO plugin v23.1 - https:\/\/yoast.com\/wordpress\/plugins\/seo\/ -->\r\n<title>Manipulation de l\u2019index, politique \u00e9conomique, fausses r\u00e9formes et manque de r\u00e9formes - OGBL<\/title>\r\n<meta name=\"robots\" content=\"index, follow, max-snippet:-1, max-image-preview:large, max-video-preview:-1\" \/>\r\n<link rel=\"canonical\" href=\"https:\/\/www.ogbl.lu\/communique\/manipulation-de-lindex-politique-economique-fausses-reformes-et-manque-de-reformes\/\" \/>\r\n<meta property=\"og:locale\" content=\"en_US\" \/>\r\n<meta property=\"og:type\" content=\"article\" \/>\r\n<meta property=\"og:title\" content=\"[:fr]Manipulation de l\u2019index, politique \u00e9conomique, fausses r\u00e9formes et manque de r\u00e9formes[:de]Von Indexmanipulation, Wirtschaftspolitik, falschen und fehlenden Reformen[:en]Manipulation de l\u2019index, politique \u00e9conomique, fausses r\u00e9formes et manque de r\u00e9formes[:] - OGBL\" \/>\r\n<meta property=\"og:description\" content=\"La prochaine tranche indiciaire viendra probablement \u00e0 \u00e9ch\u00e9ance en mars. Mais suite au vote de la loi sur la manipulation \u2026\" \/>\r\n<meta property=\"og:url\" content=\"https:\/\/www.ogbl.lu\/communique\/manipulation-de-lindex-politique-economique-fausses-reformes-et-manque-de-reformes\/\" \/>\r\n<meta property=\"og:site_name\" content=\"OGBL\" \/>\r\n<meta property=\"article:modified_time\" content=\"2023-07-03T08:40:06+00:00\" \/>\r\n<meta property=\"og:image\" content=\"https:\/\/www.ogbl.lu\/wp-content\/uploads\/2012\/02\/jean_claude_reding.jpg\" \/>\r\n\t<meta property=\"og:image:width\" content=\"139\" \/>\r\n\t<meta property=\"og:image:height\" content=\"162\" \/>\r\n\t<meta property=\"og:image:type\" content=\"image\/jpeg\" \/>\r\n<meta name=\"twitter:card\" content=\"summary_large_image\" \/>\r\n<meta name=\"twitter:label1\" content=\"Est. reading time\" \/>\n\t<meta name=\"twitter:data1\" content=\"9 minutes\" \/>\r\n<script type=\"application\/ld+json\" class=\"yoast-schema-graph\">{\"@context\":\"https:\/\/schema.org\",\"@graph\":[{\"@type\":\"WebPage\",\"@id\":\"https:\/\/www.ogbl.lu\/communique\/manipulation-de-lindex-politique-economique-fausses-reformes-et-manque-de-reformes\/\",\"url\":\"https:\/\/www.ogbl.lu\/communique\/manipulation-de-lindex-politique-economique-fausses-reformes-et-manque-de-reformes\/\",\"name\":\"[:fr]Manipulation de l\u2019index, politique \u00e9conomique, fausses r\u00e9formes et manque de r\u00e9formes[:de]Von Indexmanipulation, Wirtschaftspolitik, falschen und fehlenden Reformen[:en]Manipulation de l\u2019index, politique \u00e9conomique, fausses r\u00e9formes et manque de r\u00e9formes[:] - OGBL\",\"isPartOf\":{\"@id\":\"https:\/\/www.ogbl.lu\/de\/#website\"},\"primaryImageOfPage\":{\"@id\":\"https:\/\/www.ogbl.lu\/communique\/manipulation-de-lindex-politique-economique-fausses-reformes-et-manque-de-reformes\/#primaryimage\"},\"image\":{\"@id\":\"https:\/\/www.ogbl.lu\/communique\/manipulation-de-lindex-politique-economique-fausses-reformes-et-manque-de-reformes\/#primaryimage\"},\"thumbnailUrl\":\"https:\/\/www.ogbl.lu\/wp-content\/uploads\/2012\/02\/jean_claude_reding.jpg\",\"datePublished\":\"2012-02-29T10:54:38+00:00\",\"dateModified\":\"2023-07-03T08:40:06+00:00\",\"breadcrumb\":{\"@id\":\"https:\/\/www.ogbl.lu\/communique\/manipulation-de-lindex-politique-economique-fausses-reformes-et-manque-de-reformes\/#breadcrumb\"},\"inLanguage\":\"en-US\",\"potentialAction\":[{\"@type\":\"ReadAction\",\"target\":[\"https:\/\/www.ogbl.lu\/communique\/manipulation-de-lindex-politique-economique-fausses-reformes-et-manque-de-reformes\/\"]}]},{\"@type\":\"ImageObject\",\"inLanguage\":\"en-US\",\"@id\":\"https:\/\/www.ogbl.lu\/communique\/manipulation-de-lindex-politique-economique-fausses-reformes-et-manque-de-reformes\/#primaryimage\",\"url\":\"https:\/\/www.ogbl.lu\/wp-content\/uploads\/2012\/02\/jean_claude_reding.jpg\",\"contentUrl\":\"https:\/\/www.ogbl.lu\/wp-content\/uploads\/2012\/02\/jean_claude_reding.jpg\",\"width\":139,\"height\":162},{\"@type\":\"BreadcrumbList\",\"@id\":\"https:\/\/www.ogbl.lu\/communique\/manipulation-de-lindex-politique-economique-fausses-reformes-et-manque-de-reformes\/#breadcrumb\",\"itemListElement\":[{\"@type\":\"ListItem\",\"position\":1,\"name\":\"Home\",\"item\":\"https:\/\/www.ogbl.lu\/\"},{\"@type\":\"ListItem\",\"position\":2,\"name\":\"Manipulation de l\u2019index, politique \u00e9conomique, fausses r\u00e9formes et manque de r\u00e9formes\"}]},{\"@type\":\"WebSite\",\"@id\":\"https:\/\/www.ogbl.lu\/de\/#website\",\"url\":\"https:\/\/www.ogbl.lu\/de\/\",\"name\":\"OGBL\",\"description\":\"THE TRADE UNION\",\"publisher\":{\"@id\":\"https:\/\/www.ogbl.lu\/de\/#organization\"},\"potentialAction\":[{\"@type\":\"SearchAction\",\"target\":{\"@type\":\"EntryPoint\",\"urlTemplate\":\"https:\/\/www.ogbl.lu\/de\/?s={search_term_string}\"},\"query-input\":\"required name=search_term_string\"}],\"inLanguage\":\"en-US\"},{\"@type\":\"Organization\",\"@id\":\"https:\/\/www.ogbl.lu\/de\/#organization\",\"name\":\"OGBL\",\"url\":\"https:\/\/www.ogbl.lu\/de\/\",\"logo\":{\"@type\":\"ImageObject\",\"inLanguage\":\"en-US\",\"@id\":\"https:\/\/www.ogbl.lu\/de\/#\/schema\/logo\/image\/\",\"url\":\"https:\/\/www.ogbl.lu\/wp-content\/uploads\/2024\/07\/LOGO_Red_FR-svg.png\",\"contentUrl\":\"https:\/\/www.ogbl.lu\/wp-content\/uploads\/2024\/07\/LOGO_Red_FR-svg.png\",\"width\":369,\"height\":171,\"caption\":\"OGBL\"},\"image\":{\"@id\":\"https:\/\/www.ogbl.lu\/de\/#\/schema\/logo\/image\/\"}}]}<\/script>\r\n<!-- \/ Yoast SEO plugin. -->","yoast_head_json":{"title":"[:fr]Manipulation de l\u2019index, politique \u00e9conomique, fausses r\u00e9formes et manque de r\u00e9formes[:de]Von Indexmanipulation, Wirtschaftspolitik, falschen und fehlenden Reformen[:en]Manipulation de l\u2019index, politique \u00e9conomique, fausses r\u00e9formes et manque de r\u00e9formes[:] - OGBL","robots":{"index":"index","follow":"follow","max-snippet":"max-snippet:-1","max-image-preview":"max-image-preview:large","max-video-preview":"max-video-preview:-1"},"canonical":"https:\/\/www.ogbl.lu\/communique\/manipulation-de-lindex-politique-economique-fausses-reformes-et-manque-de-reformes\/","og_locale":"en_US","og_type":"article","og_title":"[:fr]Manipulation de l\u2019index, politique \u00e9conomique, fausses r\u00e9formes et manque de r\u00e9formes[:de]Von Indexmanipulation, Wirtschaftspolitik, falschen und fehlenden Reformen[:en]Manipulation de l\u2019index, politique \u00e9conomique, fausses r\u00e9formes et manque de r\u00e9formes[:] - OGBL","og_description":"La prochaine tranche indiciaire viendra probablement \u00e0 \u00e9ch\u00e9ance en mars. Mais suite au vote de la loi sur la manipulation \u2026","og_url":"https:\/\/www.ogbl.lu\/communique\/manipulation-de-lindex-politique-economique-fausses-reformes-et-manque-de-reformes\/","og_site_name":"OGBL","article_modified_time":"2023-07-03T08:40:06+00:00","og_image":[{"width":139,"height":162,"url":"https:\/\/www.ogbl.lu\/wp-content\/uploads\/2012\/02\/jean_claude_reding.jpg","type":"image\/jpeg"}],"twitter_card":"summary_large_image","twitter_misc":{"Est. reading time":"9 minutes"},"schema":{"@context":"https:\/\/schema.org","@graph":[{"@type":"WebPage","@id":"https:\/\/www.ogbl.lu\/communique\/manipulation-de-lindex-politique-economique-fausses-reformes-et-manque-de-reformes\/","url":"https:\/\/www.ogbl.lu\/communique\/manipulation-de-lindex-politique-economique-fausses-reformes-et-manque-de-reformes\/","name":"[:fr]Manipulation de l\u2019index, politique \u00e9conomique, fausses r\u00e9formes et manque de r\u00e9formes[:de]Von Indexmanipulation, Wirtschaftspolitik, falschen und fehlenden Reformen[:en]Manipulation de l\u2019index, politique \u00e9conomique, fausses r\u00e9formes et manque de r\u00e9formes[:] - OGBL","isPartOf":{"@id":"https:\/\/www.ogbl.lu\/de\/#website"},"primaryImageOfPage":{"@id":"https:\/\/www.ogbl.lu\/communique\/manipulation-de-lindex-politique-economique-fausses-reformes-et-manque-de-reformes\/#primaryimage"},"image":{"@id":"https:\/\/www.ogbl.lu\/communique\/manipulation-de-lindex-politique-economique-fausses-reformes-et-manque-de-reformes\/#primaryimage"},"thumbnailUrl":"https:\/\/www.ogbl.lu\/wp-content\/uploads\/2012\/02\/jean_claude_reding.jpg","datePublished":"2012-02-29T10:54:38+00:00","dateModified":"2023-07-03T08:40:06+00:00","breadcrumb":{"@id":"https:\/\/www.ogbl.lu\/communique\/manipulation-de-lindex-politique-economique-fausses-reformes-et-manque-de-reformes\/#breadcrumb"},"inLanguage":"en-US","potentialAction":[{"@type":"ReadAction","target":["https:\/\/www.ogbl.lu\/communique\/manipulation-de-lindex-politique-economique-fausses-reformes-et-manque-de-reformes\/"]}]},{"@type":"ImageObject","inLanguage":"en-US","@id":"https:\/\/www.ogbl.lu\/communique\/manipulation-de-lindex-politique-economique-fausses-reformes-et-manque-de-reformes\/#primaryimage","url":"https:\/\/www.ogbl.lu\/wp-content\/uploads\/2012\/02\/jean_claude_reding.jpg","contentUrl":"https:\/\/www.ogbl.lu\/wp-content\/uploads\/2012\/02\/jean_claude_reding.jpg","width":139,"height":162},{"@type":"BreadcrumbList","@id":"https:\/\/www.ogbl.lu\/communique\/manipulation-de-lindex-politique-economique-fausses-reformes-et-manque-de-reformes\/#breadcrumb","itemListElement":[{"@type":"ListItem","position":1,"name":"Home","item":"https:\/\/www.ogbl.lu\/"},{"@type":"ListItem","position":2,"name":"Manipulation de l\u2019index, politique \u00e9conomique, fausses r\u00e9formes et manque de r\u00e9formes"}]},{"@type":"WebSite","@id":"https:\/\/www.ogbl.lu\/de\/#website","url":"https:\/\/www.ogbl.lu\/de\/","name":"OGBL","description":"THE TRADE UNION","publisher":{"@id":"https:\/\/www.ogbl.lu\/de\/#organization"},"potentialAction":[{"@type":"SearchAction","target":{"@type":"EntryPoint","urlTemplate":"https:\/\/www.ogbl.lu\/de\/?s={search_term_string}"},"query-input":"required name=search_term_string"}],"inLanguage":"en-US"},{"@type":"Organization","@id":"https:\/\/www.ogbl.lu\/de\/#organization","name":"OGBL","url":"https:\/\/www.ogbl.lu\/de\/","logo":{"@type":"ImageObject","inLanguage":"en-US","@id":"https:\/\/www.ogbl.lu\/de\/#\/schema\/logo\/image\/","url":"https:\/\/www.ogbl.lu\/wp-content\/uploads\/2024\/07\/LOGO_Red_FR-svg.png","contentUrl":"https:\/\/www.ogbl.lu\/wp-content\/uploads\/2024\/07\/LOGO_Red_FR-svg.png","width":369,"height":171,"caption":"OGBL"},"image":{"@id":"https:\/\/www.ogbl.lu\/de\/#\/schema\/logo\/image\/"}}]}},"_links":{"self":[{"href":"https:\/\/www.ogbl.lu\/en\/wp-json\/wp\/v2\/communiques\/1114"}],"collection":[{"href":"https:\/\/www.ogbl.lu\/en\/wp-json\/wp\/v2\/communiques"}],"about":[{"href":"https:\/\/www.ogbl.lu\/en\/wp-json\/wp\/v2\/types\/communiques"}],"author":[{"embeddable":true,"href":"https:\/\/www.ogbl.lu\/en\/wp-json\/wp\/v2\/users\/1"}],"version-history":[{"count":0,"href":"https:\/\/www.ogbl.lu\/en\/wp-json\/wp\/v2\/communiques\/1114\/revisions"}],"wp:featuredmedia":[{"embeddable":true,"href":"https:\/\/www.ogbl.lu\/en\/wp-json\/wp\/v2\/media\/4684"}],"wp:attachment":[{"href":"https:\/\/www.ogbl.lu\/en\/wp-json\/wp\/v2\/media?parent=1114"}],"wp:term":[{"taxonomy":"categorie_communiques","embeddable":true,"href":"https:\/\/www.ogbl.lu\/en\/wp-json\/wp\/v2\/categorie_communiques?post=1114"},{"taxonomy":"syndicat","embeddable":true,"href":"https:\/\/www.ogbl.lu\/en\/wp-json\/wp\/v2\/syndicat?post=1114"}],"curies":[{"name":"wp","href":"https:\/\/api.w.org\/{rel}","templated":true}]}}