{"id":1112,"date":"2012-02-27T16:06:32","date_gmt":"2012-02-27T15:06:32","guid":{"rendered":"https:\/\/www.ogbl.lu\/communiques\/logbl-demande-au-gouvernement-de-modifier-la-loi-et-de-mettre-fin-aux-discriminations"},"modified":"2023-05-30T10:27:33","modified_gmt":"2023-05-30T08:27:33","slug":"logbl-demande-au-gouvernement-de-modifier-la-loi-et-de-mettre-fin-aux-discriminations","status":"publish","type":"communiques","link":"https:\/\/www.ogbl.lu\/en\/communique\/logbl-demande-au-gouvernement-de-modifier-la-loi-et-de-mettre-fin-aux-discriminations\/","title":{"rendered":"L\u2019OGBL demande au gouvernement de modifier la loi et de mettre fin aux discriminations"},"content":{"rendered":"<p class=\"qtranxs-available-languages-message qtranxs-available-languages-message-en\"> <\/p><p><a href=\"https:\/\/www.ogbl.lu\/wp-content\/uploads\/communiques\/etudiants1.jpg\"><img loading=\"lazy\" decoding=\"async\" class=\"alignleft size-full wp-image-6678\" title=\"etudiants\" src=\"https:\/\/www.ogbl.lu\/wp-content\/uploads\/communiques\/etudiants1.jpg\" alt=\"\" width=\"225\" height=\"150\" \/><\/a>La Commission europ\u00e9enne a envoy\u00e9 aujourd\u2019hui un avis motiv\u00e9 pr\u00e9vu \u00e0 l\u2019article 258 du Trait\u00e9 sur le fonctionnement de l\u2019Union europ\u00e9enne exhortant le Luxembourg \u00e0 mettre fin aux discriminations \u00e0 l\u2019encontre des travailleurs migrants et des membres de leur famille dans l\u2019attribution de bourses d\u2019\u00e9tudes et d\u2019allocations dites de \u2018boni pour enfant\u2019.<\/p>\n<p>Ceci est une nouvelle \u00e9tape dans la proc\u00e9dure que la Commission a entam\u00e9e contre notre pays suite \u00e0 la plainte d\u00e9pos\u00e9e d\u00e9but ao\u00fbt 2010 par l\u2019OGBL aupr\u00e8s de la Commission europ\u00e9enne contre le Grand-Duch\u00e9 de Luxembourg pour avoir viol\u00e9 plusieurs dispositions du droit communautaire en excluant les \u00e9tudiants non-r\u00e9sidents, enfants de fontaliers travaillant au Luxembourg, du b\u00e9n\u00e9fice des aides financi\u00e8res de l\u2019Etat pour \u00e9tudes sup\u00e9rieures, des allocations familiales et du boni enfant.<\/p>\n<p>Au lieu de continuer \u00e0 s\u2019obstiner et de risquer une condamnation devant la Cour de justice des communaut\u00e9s europ\u00e9ennes, le gouvernement devrait enfin admettre que la loi du 26 juillet 2010 est une erreur juridique et politique qu\u2019il convient de rectifier dans les plus brefs d\u00e9lais.<\/p>\n<p>L\u2019OGBL appelle donc avec insistance le gouvernement \u00e0 modifier la loi et \u00e0 se conformer au droit europ\u00e9en en la mati\u00e8re.<\/p>\n<p><strong>Communiqu\u00e9 par l\u2019OGBL<br \/>\nle 27 f\u00e9vrier 2012<\/strong><\/p>","protected":false},"author":1,"featured_media":4688,"template":"","categorie_communiques":[128,126,127],"syndicat":[113,112,100],"acf":[],"yoast_head":"<!-- This site is optimized with the Yoast SEO plugin v23.1 - https:\/\/yoast.com\/wordpress\/plugins\/seo\/ -->\r\n<title>L\u2019OGBL demande au gouvernement de modifier la loi et de mettre fin aux discriminations - OGBL<\/title>\r\n<meta name=\"robots\" content=\"index, follow, max-snippet:-1, max-image-preview:large, max-video-preview:-1\" \/>\r\n<link rel=\"canonical\" href=\"https:\/\/www.ogbl.lu\/communique\/logbl-demande-au-gouvernement-de-modifier-la-loi-et-de-mettre-fin-aux-discriminations\/\" \/>\r\n<meta property=\"og:locale\" content=\"en_US\" \/>\r\n<meta property=\"og:type\" content=\"article\" \/>\r\n<meta property=\"og:title\" content=\"[:fr]L\u2019OGBL demande au gouvernement de modifier la loi et de mettre fin aux discriminations[:de]Der OGBL fordert die Regierung auf das Gesetz zu \u00e4ndern und den Diskriminierungen ein Ende zu setzen[:en]L\u2019OGBL demande au gouvernement de modifier la loi et de mettre fin aux discriminations[:] - OGBL\" \/>\r\n<meta property=\"og:description\" content=\"La Commission europ\u00e9enne a envoy\u00e9 aujourd\u2019hui un avis motiv\u00e9 pr\u00e9vu \u00e0 l\u2019article 258 du Trait\u00e9 sur le fonctionnement de l\u2019Union \u2026\" \/>\r\n<meta property=\"og:url\" content=\"https:\/\/www.ogbl.lu\/communique\/logbl-demande-au-gouvernement-de-modifier-la-loi-et-de-mettre-fin-aux-discriminations\/\" \/>\r\n<meta property=\"og:site_name\" content=\"OGBL\" \/>\r\n<meta property=\"article:modified_time\" content=\"2023-05-30T08:27:33+00:00\" \/>\r\n<meta property=\"og:image\" content=\"https:\/\/www.ogbl.lu\/wp-content\/uploads\/2012\/02\/etudiants1.jpg\" \/>\r\n\t<meta property=\"og:image:width\" content=\"225\" \/>\r\n\t<meta property=\"og:image:height\" content=\"150\" \/>\r\n\t<meta property=\"og:image:type\" content=\"image\/jpeg\" \/>\r\n<meta name=\"twitter:card\" content=\"summary_large_image\" \/>\r\n<meta name=\"twitter:label1\" content=\"Est. reading time\" \/>\n\t<meta name=\"twitter:data1\" content=\"2 minutes\" \/>\r\n<script type=\"application\/ld+json\" class=\"yoast-schema-graph\">{\"@context\":\"https:\/\/schema.org\",\"@graph\":[{\"@type\":\"WebPage\",\"@id\":\"https:\/\/www.ogbl.lu\/communique\/logbl-demande-au-gouvernement-de-modifier-la-loi-et-de-mettre-fin-aux-discriminations\/\",\"url\":\"https:\/\/www.ogbl.lu\/communique\/logbl-demande-au-gouvernement-de-modifier-la-loi-et-de-mettre-fin-aux-discriminations\/\",\"name\":\"[:fr]L\u2019OGBL demande au gouvernement de modifier la loi et de mettre fin aux discriminations[:de]Der OGBL fordert die Regierung auf das Gesetz zu \u00e4ndern und den Diskriminierungen ein Ende zu setzen[:en]L\u2019OGBL demande au gouvernement de modifier la loi et de mettre fin aux discriminations[:] - OGBL\",\"isPartOf\":{\"@id\":\"https:\/\/www.ogbl.lu\/de\/#website\"},\"primaryImageOfPage\":{\"@id\":\"https:\/\/www.ogbl.lu\/communique\/logbl-demande-au-gouvernement-de-modifier-la-loi-et-de-mettre-fin-aux-discriminations\/#primaryimage\"},\"image\":{\"@id\":\"https:\/\/www.ogbl.lu\/communique\/logbl-demande-au-gouvernement-de-modifier-la-loi-et-de-mettre-fin-aux-discriminations\/#primaryimage\"},\"thumbnailUrl\":\"https:\/\/www.ogbl.lu\/wp-content\/uploads\/2012\/02\/etudiants1.jpg\",\"datePublished\":\"2012-02-27T15:06:32+00:00\",\"dateModified\":\"2023-05-30T08:27:33+00:00\",\"breadcrumb\":{\"@id\":\"https:\/\/www.ogbl.lu\/communique\/logbl-demande-au-gouvernement-de-modifier-la-loi-et-de-mettre-fin-aux-discriminations\/#breadcrumb\"},\"inLanguage\":\"en-US\",\"potentialAction\":[{\"@type\":\"ReadAction\",\"target\":[\"https:\/\/www.ogbl.lu\/communique\/logbl-demande-au-gouvernement-de-modifier-la-loi-et-de-mettre-fin-aux-discriminations\/\"]}]},{\"@type\":\"ImageObject\",\"inLanguage\":\"en-US\",\"@id\":\"https:\/\/www.ogbl.lu\/communique\/logbl-demande-au-gouvernement-de-modifier-la-loi-et-de-mettre-fin-aux-discriminations\/#primaryimage\",\"url\":\"https:\/\/www.ogbl.lu\/wp-content\/uploads\/2012\/02\/etudiants1.jpg\",\"contentUrl\":\"https:\/\/www.ogbl.lu\/wp-content\/uploads\/2012\/02\/etudiants1.jpg\",\"width\":225,\"height\":150},{\"@type\":\"BreadcrumbList\",\"@id\":\"https:\/\/www.ogbl.lu\/communique\/logbl-demande-au-gouvernement-de-modifier-la-loi-et-de-mettre-fin-aux-discriminations\/#breadcrumb\",\"itemListElement\":[{\"@type\":\"ListItem\",\"position\":1,\"name\":\"Home\",\"item\":\"https:\/\/www.ogbl.lu\/\"},{\"@type\":\"ListItem\",\"position\":2,\"name\":\"L\u2019OGBL demande au gouvernement de modifier la loi et de mettre fin aux discriminations\"}]},{\"@type\":\"WebSite\",\"@id\":\"https:\/\/www.ogbl.lu\/de\/#website\",\"url\":\"https:\/\/www.ogbl.lu\/de\/\",\"name\":\"OGBL\",\"description\":\"THE TRADE UNION\",\"publisher\":{\"@id\":\"https:\/\/www.ogbl.lu\/de\/#organization\"},\"potentialAction\":[{\"@type\":\"SearchAction\",\"target\":{\"@type\":\"EntryPoint\",\"urlTemplate\":\"https:\/\/www.ogbl.lu\/de\/?s={search_term_string}\"},\"query-input\":\"required name=search_term_string\"}],\"inLanguage\":\"en-US\"},{\"@type\":\"Organization\",\"@id\":\"https:\/\/www.ogbl.lu\/de\/#organization\",\"name\":\"OGBL\",\"url\":\"https:\/\/www.ogbl.lu\/de\/\",\"logo\":{\"@type\":\"ImageObject\",\"inLanguage\":\"en-US\",\"@id\":\"https:\/\/www.ogbl.lu\/de\/#\/schema\/logo\/image\/\",\"url\":\"https:\/\/www.ogbl.lu\/wp-content\/uploads\/2024\/07\/LOGO_Red_FR-svg.png\",\"contentUrl\":\"https:\/\/www.ogbl.lu\/wp-content\/uploads\/2024\/07\/LOGO_Red_FR-svg.png\",\"width\":369,\"height\":171,\"caption\":\"OGBL\"},\"image\":{\"@id\":\"https:\/\/www.ogbl.lu\/de\/#\/schema\/logo\/image\/\"}}]}<\/script>\r\n<!-- \/ Yoast SEO plugin. -->","yoast_head_json":{"title":"[:fr]L\u2019OGBL demande au gouvernement de modifier la loi et de mettre fin aux discriminations[:de]Der OGBL fordert die Regierung auf das Gesetz zu \u00e4ndern und den Diskriminierungen ein Ende zu setzen[:en]L\u2019OGBL demande au gouvernement de modifier la loi et de mettre fin aux discriminations[:] - OGBL","robots":{"index":"index","follow":"follow","max-snippet":"max-snippet:-1","max-image-preview":"max-image-preview:large","max-video-preview":"max-video-preview:-1"},"canonical":"https:\/\/www.ogbl.lu\/communique\/logbl-demande-au-gouvernement-de-modifier-la-loi-et-de-mettre-fin-aux-discriminations\/","og_locale":"en_US","og_type":"article","og_title":"[:fr]L\u2019OGBL demande au gouvernement de modifier la loi et de mettre fin aux discriminations[:de]Der OGBL fordert die Regierung auf das Gesetz zu \u00e4ndern und den Diskriminierungen ein Ende zu setzen[:en]L\u2019OGBL demande au gouvernement de modifier la loi et de mettre fin aux discriminations[:] - OGBL","og_description":"La Commission europ\u00e9enne a envoy\u00e9 aujourd\u2019hui un avis motiv\u00e9 pr\u00e9vu \u00e0 l\u2019article 258 du Trait\u00e9 sur le fonctionnement de l\u2019Union \u2026","og_url":"https:\/\/www.ogbl.lu\/communique\/logbl-demande-au-gouvernement-de-modifier-la-loi-et-de-mettre-fin-aux-discriminations\/","og_site_name":"OGBL","article_modified_time":"2023-05-30T08:27:33+00:00","og_image":[{"width":225,"height":150,"url":"https:\/\/www.ogbl.lu\/wp-content\/uploads\/2012\/02\/etudiants1.jpg","type":"image\/jpeg"}],"twitter_card":"summary_large_image","twitter_misc":{"Est. reading time":"2 minutes"},"schema":{"@context":"https:\/\/schema.org","@graph":[{"@type":"WebPage","@id":"https:\/\/www.ogbl.lu\/communique\/logbl-demande-au-gouvernement-de-modifier-la-loi-et-de-mettre-fin-aux-discriminations\/","url":"https:\/\/www.ogbl.lu\/communique\/logbl-demande-au-gouvernement-de-modifier-la-loi-et-de-mettre-fin-aux-discriminations\/","name":"[:fr]L\u2019OGBL demande au gouvernement de modifier la loi et de mettre fin aux discriminations[:de]Der OGBL fordert die Regierung auf das Gesetz zu \u00e4ndern und den Diskriminierungen ein Ende zu setzen[:en]L\u2019OGBL demande au gouvernement de modifier la loi et de mettre fin aux discriminations[:] - OGBL","isPartOf":{"@id":"https:\/\/www.ogbl.lu\/de\/#website"},"primaryImageOfPage":{"@id":"https:\/\/www.ogbl.lu\/communique\/logbl-demande-au-gouvernement-de-modifier-la-loi-et-de-mettre-fin-aux-discriminations\/#primaryimage"},"image":{"@id":"https:\/\/www.ogbl.lu\/communique\/logbl-demande-au-gouvernement-de-modifier-la-loi-et-de-mettre-fin-aux-discriminations\/#primaryimage"},"thumbnailUrl":"https:\/\/www.ogbl.lu\/wp-content\/uploads\/2012\/02\/etudiants1.jpg","datePublished":"2012-02-27T15:06:32+00:00","dateModified":"2023-05-30T08:27:33+00:00","breadcrumb":{"@id":"https:\/\/www.ogbl.lu\/communique\/logbl-demande-au-gouvernement-de-modifier-la-loi-et-de-mettre-fin-aux-discriminations\/#breadcrumb"},"inLanguage":"en-US","potentialAction":[{"@type":"ReadAction","target":["https:\/\/www.ogbl.lu\/communique\/logbl-demande-au-gouvernement-de-modifier-la-loi-et-de-mettre-fin-aux-discriminations\/"]}]},{"@type":"ImageObject","inLanguage":"en-US","@id":"https:\/\/www.ogbl.lu\/communique\/logbl-demande-au-gouvernement-de-modifier-la-loi-et-de-mettre-fin-aux-discriminations\/#primaryimage","url":"https:\/\/www.ogbl.lu\/wp-content\/uploads\/2012\/02\/etudiants1.jpg","contentUrl":"https:\/\/www.ogbl.lu\/wp-content\/uploads\/2012\/02\/etudiants1.jpg","width":225,"height":150},{"@type":"BreadcrumbList","@id":"https:\/\/www.ogbl.lu\/communique\/logbl-demande-au-gouvernement-de-modifier-la-loi-et-de-mettre-fin-aux-discriminations\/#breadcrumb","itemListElement":[{"@type":"ListItem","position":1,"name":"Home","item":"https:\/\/www.ogbl.lu\/"},{"@type":"ListItem","position":2,"name":"L\u2019OGBL demande au gouvernement de modifier la loi et de mettre fin aux discriminations"}]},{"@type":"WebSite","@id":"https:\/\/www.ogbl.lu\/de\/#website","url":"https:\/\/www.ogbl.lu\/de\/","name":"OGBL","description":"THE TRADE UNION","publisher":{"@id":"https:\/\/www.ogbl.lu\/de\/#organization"},"potentialAction":[{"@type":"SearchAction","target":{"@type":"EntryPoint","urlTemplate":"https:\/\/www.ogbl.lu\/de\/?s={search_term_string}"},"query-input":"required name=search_term_string"}],"inLanguage":"en-US"},{"@type":"Organization","@id":"https:\/\/www.ogbl.lu\/de\/#organization","name":"OGBL","url":"https:\/\/www.ogbl.lu\/de\/","logo":{"@type":"ImageObject","inLanguage":"en-US","@id":"https:\/\/www.ogbl.lu\/de\/#\/schema\/logo\/image\/","url":"https:\/\/www.ogbl.lu\/wp-content\/uploads\/2024\/07\/LOGO_Red_FR-svg.png","contentUrl":"https:\/\/www.ogbl.lu\/wp-content\/uploads\/2024\/07\/LOGO_Red_FR-svg.png","width":369,"height":171,"caption":"OGBL"},"image":{"@id":"https:\/\/www.ogbl.lu\/de\/#\/schema\/logo\/image\/"}}]}},"_links":{"self":[{"href":"https:\/\/www.ogbl.lu\/en\/wp-json\/wp\/v2\/communiques\/1112"}],"collection":[{"href":"https:\/\/www.ogbl.lu\/en\/wp-json\/wp\/v2\/communiques"}],"about":[{"href":"https:\/\/www.ogbl.lu\/en\/wp-json\/wp\/v2\/types\/communiques"}],"author":[{"embeddable":true,"href":"https:\/\/www.ogbl.lu\/en\/wp-json\/wp\/v2\/users\/1"}],"version-history":[{"count":0,"href":"https:\/\/www.ogbl.lu\/en\/wp-json\/wp\/v2\/communiques\/1112\/revisions"}],"wp:featuredmedia":[{"embeddable":true,"href":"https:\/\/www.ogbl.lu\/en\/wp-json\/wp\/v2\/media\/4688"}],"wp:attachment":[{"href":"https:\/\/www.ogbl.lu\/en\/wp-json\/wp\/v2\/media?parent=1112"}],"wp:term":[{"taxonomy":"categorie_communiques","embeddable":true,"href":"https:\/\/www.ogbl.lu\/en\/wp-json\/wp\/v2\/categorie_communiques?post=1112"},{"taxonomy":"syndicat","embeddable":true,"href":"https:\/\/www.ogbl.lu\/en\/wp-json\/wp\/v2\/syndicat?post=1112"}],"curies":[{"name":"wp","href":"https:\/\/api.w.org\/{rel}","templated":true}]}}