{"id":105341,"date":"2026-09-03T16:10:22","date_gmt":"2026-09-03T14:10:22","guid":{"rendered":"https:\/\/www.ogbl.lu\/?post_type=communiques&#038;p=105341"},"modified":"2026-09-03T16:18:56","modified_gmt":"2026-09-03T14:18:56","slug":"les-syndicats-rencontrent-le-ministere-de-la-justice-au-sujet-de-la-reforme-du-secteur-du-gardiennage","status":"publish","type":"communiques","link":"https:\/\/www.ogbl.lu\/en\/communique\/les-syndicats-rencontrent-le-ministere-de-la-justice-au-sujet-de-la-reforme-du-secteur-du-gardiennage\/","title":{"rendered":"Les syndicats rencontrent le minist\u00e8re de la Justice au sujet de la r\u00e9forme du secteur du gardiennage"},"content":{"rendered":"<p class=\"qtranxs-available-languages-message qtranxs-available-languages-message-en\"> <\/p><p><\/p>\n<p style=\"font-weight: 400;\">Le 2 septembre 2026, l\u2019OGBL et le LCGB se sont entretenus avec un repr\u00e9sentant du minist\u00e8re de la Justice dans le cadre d\u2019une session de questions-r\u00e9ponses consacr\u00e9e \u00e0 la nouvelle loi portant r\u00e9forme du secteur du gardiennage.<\/p>\n<p style=\"font-weight: 400;\">L\u2019ensemble des nouvelles dispositions entrera en vigueur \u00e0 compter du 1er novembre 2026, \u00e0 l\u2019exception du volet relatif \u00e0 la s\u00e9curit\u00e9 \u00e9v\u00e9nementielle, dont les dispositions seront applicables \u00e0 partir du 1er f\u00e9vrier 2027. Cette p\u00e9riode de transition doit permettre aux diff\u00e9rents acteurs du secteur de se pr\u00e9parer \u00e0 ces nouvelles obligations.<\/p>\n<p style=\"font-weight: 400;\">Pour rappel, la s\u00e9curit\u00e9 \u00e9v\u00e9nementielle \u00e9tait jusqu\u2019\u00e0 pr\u00e9sent exclue du champ d\u2019application de la loi du 12 novembre 2002. Cette r\u00e9forme vient ainsi combler un vide juridique important et contribuer \u00e0 garantir des conditions de concurrence plus \u00e9quitables au sein du secteur.<\/p>\n<p style=\"font-weight: 400;\">La nouvelle l\u00e9gislation apporte \u00e9galement plusieurs clarifications et pr\u00e9cisions concernant les missions, les responsabilit\u00e9s et les attributions des agents de s\u00e9curit\u00e9.<\/p>\n<p style=\"font-weight: 400;\">Cette rencontre a permis de clarifier plusieurs points importants li\u00e9s \u00e0 la mise en \u0153uvre de la r\u00e9forme. Il sera essentiel de poursuivre le dialogue avec les autorit\u00e9s comp\u00e9tentes afin de garantir une application claire et coh\u00e9rente des nouvelles dispositions et de pr\u00e9server des conditions de travail \u00e9quitables dans l\u2019ensemble du secteur du gardiennage.<\/p>\n<p style=\"font-weight: 400;\"><strong>Publi\u00e9 le 3 septembre 2026<\/strong><\/p>\n<p><\/p>","protected":false},"author":5,"featured_media":105342,"template":"","categorie_communiques":[54],"syndicat":[73],"acf":[],"yoast_head":"<!-- This site is optimized with the Yoast SEO plugin v23.1 - https:\/\/yoast.com\/wordpress\/plugins\/seo\/ -->\r\n<title><\/title>\r\n<meta name=\"robots\" content=\"index, follow, max-snippet:-1, max-image-preview:large, max-video-preview:-1\" \/>\r\n<link rel=\"canonical\" href=\"https:\/\/www.ogbl.lu\/communique\/les-syndicats-rencontrent-le-ministere-de-la-justice-au-sujet-de-la-reforme-du-secteur-du-gardiennage\/\" \/>\r\n<meta property=\"og:locale\" content=\"en_US\" \/>\r\n<meta property=\"og:type\" content=\"article\" \/>\r\n<meta property=\"og:title\" content=\"[:fr]Les syndicats rencontrent le minist\u00e8re de la Justice au sujet de la r\u00e9forme du secteur du gardiennage[:de]Die Gewerkschaften treffen sich mit dem Justizministerium bez\u00fcglich der Reform des Sicherheitsdienstsektors[:] - OGBL\" \/>\r\n<meta property=\"og:description\" content=\"Le 2 septembre 2026, l\u2019OGBL et le LCGB se sont entretenus avec un repr\u00e9sentant du minist\u00e8re de la Justice dans \u2026\" \/>\r\n<meta property=\"og:url\" content=\"https:\/\/www.ogbl.lu\/communique\/les-syndicats-rencontrent-le-ministere-de-la-justice-au-sujet-de-la-reforme-du-secteur-du-gardiennage\/\" \/>\r\n<meta property=\"og:site_name\" content=\"OGBL\" \/>\r\n<meta property=\"article:modified_time\" content=\"2026-09-03T14:18:56+00:00\" \/>\r\n<meta property=\"og:image\" content=\"https:\/\/www.ogbl.lu\/wp-content\/uploads\/2026\/09\/28193-scaled.jpg\" \/>\r\n\t<meta property=\"og:image:width\" content=\"2560\" \/>\r\n\t<meta property=\"og:image:height\" content=\"1920\" \/>\r\n\t<meta property=\"og:image:type\" content=\"image\/jpeg\" \/>\r\n<meta name=\"twitter:card\" content=\"summary_large_image\" \/>\r\n<meta name=\"twitter:label1\" content=\"Est. reading time\" \/>\n\t<meta name=\"twitter:data1\" content=\"2 minutes\" \/>\r\n<script type=\"application\/ld+json\" class=\"yoast-schema-graph\">{\"@context\":\"https:\/\/schema.org\",\"@graph\":[{\"@type\":\"WebPage\",\"@id\":\"https:\/\/www.ogbl.lu\/communique\/les-syndicats-rencontrent-le-ministere-de-la-justice-au-sujet-de-la-reforme-du-secteur-du-gardiennage\/\",\"url\":\"https:\/\/www.ogbl.lu\/communique\/les-syndicats-rencontrent-le-ministere-de-la-justice-au-sujet-de-la-reforme-du-secteur-du-gardiennage\/\",\"name\":\"[:fr]Les syndicats rencontrent le minist\u00e8re de la Justice au sujet de la r\u00e9forme du secteur du gardiennage[:de]Die Gewerkschaften treffen sich mit dem Justizministerium bez\u00fcglich der Reform des Sicherheitsdienstsektors[:] - OGBL\",\"isPartOf\":{\"@id\":\"https:\/\/www.ogbl.lu\/de\/#website\"},\"primaryImageOfPage\":{\"@id\":\"https:\/\/www.ogbl.lu\/communique\/les-syndicats-rencontrent-le-ministere-de-la-justice-au-sujet-de-la-reforme-du-secteur-du-gardiennage\/#primaryimage\"},\"image\":{\"@id\":\"https:\/\/www.ogbl.lu\/communique\/les-syndicats-rencontrent-le-ministere-de-la-justice-au-sujet-de-la-reforme-du-secteur-du-gardiennage\/#primaryimage\"},\"thumbnailUrl\":\"https:\/\/www.ogbl.lu\/wp-content\/uploads\/2026\/09\/28193-scaled.jpg\",\"datePublished\":\"2026-09-03T14:10:22+00:00\",\"dateModified\":\"2026-09-03T14:18:56+00:00\",\"breadcrumb\":{\"@id\":\"https:\/\/www.ogbl.lu\/communique\/les-syndicats-rencontrent-le-ministere-de-la-justice-au-sujet-de-la-reforme-du-secteur-du-gardiennage\/#breadcrumb\"},\"inLanguage\":\"en-US\",\"potentialAction\":[{\"@type\":\"ReadAction\",\"target\":[\"https:\/\/www.ogbl.lu\/communique\/les-syndicats-rencontrent-le-ministere-de-la-justice-au-sujet-de-la-reforme-du-secteur-du-gardiennage\/\"]}]},{\"@type\":\"ImageObject\",\"inLanguage\":\"en-US\",\"@id\":\"https:\/\/www.ogbl.lu\/communique\/les-syndicats-rencontrent-le-ministere-de-la-justice-au-sujet-de-la-reforme-du-secteur-du-gardiennage\/#primaryimage\",\"url\":\"https:\/\/www.ogbl.lu\/wp-content\/uploads\/2026\/09\/28193-scaled.jpg\",\"contentUrl\":\"https:\/\/www.ogbl.lu\/wp-content\/uploads\/2026\/09\/28193-scaled.jpg\",\"width\":2560,\"height\":1920},{\"@type\":\"BreadcrumbList\",\"@id\":\"https:\/\/www.ogbl.lu\/communique\/les-syndicats-rencontrent-le-ministere-de-la-justice-au-sujet-de-la-reforme-du-secteur-du-gardiennage\/#breadcrumb\",\"itemListElement\":[{\"@type\":\"ListItem\",\"position\":1,\"name\":\"Home\",\"item\":\"https:\/\/www.ogbl.lu\/\"},{\"@type\":\"ListItem\",\"position\":2,\"name\":\"Les syndicats rencontrent le minist\u00e8re de la Justice au sujet de la r\u00e9forme du secteur du gardiennage\"}]},{\"@type\":\"WebSite\",\"@id\":\"https:\/\/www.ogbl.lu\/de\/#website\",\"url\":\"https:\/\/www.ogbl.lu\/de\/\",\"name\":\"OGBL\",\"description\":\"THE TRADE UNION\",\"publisher\":{\"@id\":\"https:\/\/www.ogbl.lu\/de\/#organization\"},\"potentialAction\":[{\"@type\":\"SearchAction\",\"target\":{\"@type\":\"EntryPoint\",\"urlTemplate\":\"https:\/\/www.ogbl.lu\/de\/?s={search_term_string}\"},\"query-input\":\"required name=search_term_string\"}],\"inLanguage\":\"en-US\"},{\"@type\":\"Organization\",\"@id\":\"https:\/\/www.ogbl.lu\/de\/#organization\",\"name\":\"OGBL\",\"url\":\"https:\/\/www.ogbl.lu\/de\/\",\"logo\":{\"@type\":\"ImageObject\",\"inLanguage\":\"en-US\",\"@id\":\"https:\/\/www.ogbl.lu\/de\/#\/schema\/logo\/image\/\",\"url\":\"https:\/\/www.ogbl.lu\/wp-content\/uploads\/2024\/07\/LOGO_Red_FR-svg.png\",\"contentUrl\":\"https:\/\/www.ogbl.lu\/wp-content\/uploads\/2024\/07\/LOGO_Red_FR-svg.png\",\"width\":369,\"height\":171,\"caption\":\"OGBL\"},\"image\":{\"@id\":\"https:\/\/www.ogbl.lu\/de\/#\/schema\/logo\/image\/\"}}]}<\/script>\r\n<!-- \/ Yoast SEO plugin. -->","yoast_head_json":{"title":"[:fr]Les syndicats rencontrent le minist\u00e8re de la Justice au sujet de la r\u00e9forme du secteur du gardiennage[:de]Die Gewerkschaften treffen sich mit dem Justizministerium bez\u00fcglich der Reform des Sicherheitsdienstsektors[:] - OGBL","robots":{"index":"index","follow":"follow","max-snippet":"max-snippet:-1","max-image-preview":"max-image-preview:large","max-video-preview":"max-video-preview:-1"},"canonical":"https:\/\/www.ogbl.lu\/communique\/les-syndicats-rencontrent-le-ministere-de-la-justice-au-sujet-de-la-reforme-du-secteur-du-gardiennage\/","og_locale":"en_US","og_type":"article","og_title":"[:fr]Les syndicats rencontrent le minist\u00e8re de la Justice au sujet de la r\u00e9forme du secteur du gardiennage[:de]Die Gewerkschaften treffen sich mit dem Justizministerium bez\u00fcglich der Reform des Sicherheitsdienstsektors[:] - OGBL","og_description":"Le 2 septembre 2026, l\u2019OGBL et le LCGB se sont entretenus avec un repr\u00e9sentant du minist\u00e8re de la Justice dans \u2026","og_url":"https:\/\/www.ogbl.lu\/communique\/les-syndicats-rencontrent-le-ministere-de-la-justice-au-sujet-de-la-reforme-du-secteur-du-gardiennage\/","og_site_name":"OGBL","article_modified_time":"2026-09-03T14:18:56+00:00","og_image":[{"width":2560,"height":1920,"url":"https:\/\/www.ogbl.lu\/wp-content\/uploads\/2026\/09\/28193-scaled.jpg","type":"image\/jpeg"}],"twitter_card":"summary_large_image","twitter_misc":{"Est. reading time":"2 minutes"},"schema":{"@context":"https:\/\/schema.org","@graph":[{"@type":"WebPage","@id":"https:\/\/www.ogbl.lu\/communique\/les-syndicats-rencontrent-le-ministere-de-la-justice-au-sujet-de-la-reforme-du-secteur-du-gardiennage\/","url":"https:\/\/www.ogbl.lu\/communique\/les-syndicats-rencontrent-le-ministere-de-la-justice-au-sujet-de-la-reforme-du-secteur-du-gardiennage\/","name":"[:fr]Les syndicats rencontrent le minist\u00e8re de la Justice au sujet de la r\u00e9forme du secteur du gardiennage[:de]Die Gewerkschaften treffen sich mit dem Justizministerium bez\u00fcglich der Reform des Sicherheitsdienstsektors[:] - OGBL","isPartOf":{"@id":"https:\/\/www.ogbl.lu\/de\/#website"},"primaryImageOfPage":{"@id":"https:\/\/www.ogbl.lu\/communique\/les-syndicats-rencontrent-le-ministere-de-la-justice-au-sujet-de-la-reforme-du-secteur-du-gardiennage\/#primaryimage"},"image":{"@id":"https:\/\/www.ogbl.lu\/communique\/les-syndicats-rencontrent-le-ministere-de-la-justice-au-sujet-de-la-reforme-du-secteur-du-gardiennage\/#primaryimage"},"thumbnailUrl":"https:\/\/www.ogbl.lu\/wp-content\/uploads\/2026\/09\/28193-scaled.jpg","datePublished":"2026-09-03T14:10:22+00:00","dateModified":"2026-09-03T14:18:56+00:00","breadcrumb":{"@id":"https:\/\/www.ogbl.lu\/communique\/les-syndicats-rencontrent-le-ministere-de-la-justice-au-sujet-de-la-reforme-du-secteur-du-gardiennage\/#breadcrumb"},"inLanguage":"en-US","potentialAction":[{"@type":"ReadAction","target":["https:\/\/www.ogbl.lu\/communique\/les-syndicats-rencontrent-le-ministere-de-la-justice-au-sujet-de-la-reforme-du-secteur-du-gardiennage\/"]}]},{"@type":"ImageObject","inLanguage":"en-US","@id":"https:\/\/www.ogbl.lu\/communique\/les-syndicats-rencontrent-le-ministere-de-la-justice-au-sujet-de-la-reforme-du-secteur-du-gardiennage\/#primaryimage","url":"https:\/\/www.ogbl.lu\/wp-content\/uploads\/2026\/09\/28193-scaled.jpg","contentUrl":"https:\/\/www.ogbl.lu\/wp-content\/uploads\/2026\/09\/28193-scaled.jpg","width":2560,"height":1920},{"@type":"BreadcrumbList","@id":"https:\/\/www.ogbl.lu\/communique\/les-syndicats-rencontrent-le-ministere-de-la-justice-au-sujet-de-la-reforme-du-secteur-du-gardiennage\/#breadcrumb","itemListElement":[{"@type":"ListItem","position":1,"name":"Home","item":"https:\/\/www.ogbl.lu\/"},{"@type":"ListItem","position":2,"name":"Les syndicats rencontrent le minist\u00e8re de la Justice au sujet de la r\u00e9forme du secteur du gardiennage"}]},{"@type":"WebSite","@id":"https:\/\/www.ogbl.lu\/de\/#website","url":"https:\/\/www.ogbl.lu\/de\/","name":"OGBL","description":"THE TRADE UNION","publisher":{"@id":"https:\/\/www.ogbl.lu\/de\/#organization"},"potentialAction":[{"@type":"SearchAction","target":{"@type":"EntryPoint","urlTemplate":"https:\/\/www.ogbl.lu\/de\/?s={search_term_string}"},"query-input":"required name=search_term_string"}],"inLanguage":"en-US"},{"@type":"Organization","@id":"https:\/\/www.ogbl.lu\/de\/#organization","name":"OGBL","url":"https:\/\/www.ogbl.lu\/de\/","logo":{"@type":"ImageObject","inLanguage":"en-US","@id":"https:\/\/www.ogbl.lu\/de\/#\/schema\/logo\/image\/","url":"https:\/\/www.ogbl.lu\/wp-content\/uploads\/2024\/07\/LOGO_Red_FR-svg.png","contentUrl":"https:\/\/www.ogbl.lu\/wp-content\/uploads\/2024\/07\/LOGO_Red_FR-svg.png","width":369,"height":171,"caption":"OGBL"},"image":{"@id":"https:\/\/www.ogbl.lu\/de\/#\/schema\/logo\/image\/"}}]}},"_links":{"self":[{"href":"https:\/\/www.ogbl.lu\/en\/wp-json\/wp\/v2\/communiques\/105341"}],"collection":[{"href":"https:\/\/www.ogbl.lu\/en\/wp-json\/wp\/v2\/communiques"}],"about":[{"href":"https:\/\/www.ogbl.lu\/en\/wp-json\/wp\/v2\/types\/communiques"}],"author":[{"embeddable":true,"href":"https:\/\/www.ogbl.lu\/en\/wp-json\/wp\/v2\/users\/5"}],"version-history":[{"count":2,"href":"https:\/\/www.ogbl.lu\/en\/wp-json\/wp\/v2\/communiques\/105341\/revisions"}],"predecessor-version":[{"id":105345,"href":"https:\/\/www.ogbl.lu\/en\/wp-json\/wp\/v2\/communiques\/105341\/revisions\/105345"}],"wp:featuredmedia":[{"embeddable":true,"href":"https:\/\/www.ogbl.lu\/en\/wp-json\/wp\/v2\/media\/105342"}],"wp:attachment":[{"href":"https:\/\/www.ogbl.lu\/en\/wp-json\/wp\/v2\/media?parent=105341"}],"wp:term":[{"taxonomy":"categorie_communiques","embeddable":true,"href":"https:\/\/www.ogbl.lu\/en\/wp-json\/wp\/v2\/categorie_communiques?post=105341"},{"taxonomy":"syndicat","embeddable":true,"href":"https:\/\/www.ogbl.lu\/en\/wp-json\/wp\/v2\/syndicat?post=105341"}],"curies":[{"name":"wp","href":"https:\/\/api.w.org\/{rel}","templated":true}]}}