{"version":"1.0","provider_name":"OGBL","provider_url":"https:\/\/www.ogbl.lu\/en","author_name":"Rui","author_url":"https:\/\/www.ogbl.lu\/en\/author\/rui\/","title":"[:fr]Action commune pour am\u00e9liorer la s\u00e9curit\u00e9 routi\u00e8re[:de]Gemeinsamer Einsatz f\u00fcr mehr Sicherheit im Stra\u00dfentransport[:en]Action commune pour am\u00e9liorer la s\u00e9curit\u00e9 routi\u00e8re[:] - OGBL","type":"rich","width":600,"height":338,"html":"<blockquote class=\"wp-embedded-content\" data-secret=\"bneKz9Et0L\"><a href=\"https:\/\/www.ogbl.lu\/en\/communique\/action-commune-pour-ameliorer-la-securite-routiere\/\">Action commune pour am\u00e9liorer la s\u00e9curit\u00e9 routi\u00e8re<\/a><\/blockquote><iframe sandbox=\"allow-scripts\" security=\"restricted\" src=\"https:\/\/www.ogbl.lu\/en\/communique\/action-commune-pour-ameliorer-la-securite-routiere\/embed\/#?secret=bneKz9Et0L\" width=\"600\" height=\"338\" title=\"&#8220;Action commune pour am\u00e9liorer la s\u00e9curit\u00e9 routi\u00e8re&#8221; &#8212; OGBL\" data-secret=\"bneKz9Et0L\" frameborder=\"0\" marginwidth=\"0\" marginheight=\"0\" scrolling=\"no\" class=\"wp-embedded-content\"><\/iframe><script type=\"text\/javascript\">\n\/* <![CDATA[ *\/\n\/*! This file is auto-generated *\/\n!function(d,l){\"use strict\";l.querySelector&&d.addEventListener&&\"undefined\"!=typeof URL&&(d.wp=d.wp||{},d.wp.receiveEmbedMessage||(d.wp.receiveEmbedMessage=function(e){var t=e.data;if((t||t.secret||t.message||t.value)&&!\/[^a-zA-Z0-9]\/.test(t.secret)){for(var s,r,n,a=l.querySelectorAll('iframe[data-secret=\"'+t.secret+'\"]'),o=l.querySelectorAll('blockquote[data-secret=\"'+t.secret+'\"]'),c=new RegExp(\"^https?:$\",\"i\"),i=0;i<o.length;i++)o[i].style.display=\"none\";for(i=0;i<a.length;i++)s=a[i],e.source===s.contentWindow&&(s.removeAttribute(\"style\"),\"height\"===t.message?(1e3<(r=parseInt(t.value,10))?r=1e3:~~r<200&&(r=200),s.height=r):\"link\"===t.message&&(r=new URL(s.getAttribute(\"src\")),n=new URL(t.value),c.test(n.protocol))&&n.host===r.host&&l.activeElement===s&&(d.top.location.href=t.value))}},d.addEventListener(\"message\",d.wp.receiveEmbedMessage,!1),l.addEventListener(\"DOMContentLoaded\",function(){for(var e,t,s=l.querySelectorAll(\"iframe.wp-embedded-content\"),r=0;r<s.length;r++)(t=(e=s[r]).getAttribute(\"data-secret\"))||(t=Math.random().toString(36).substring(2,12),e.src+=\"#?secret=\"+t,e.setAttribute(\"data-secret\",t)),e.contentWindow.postMessage({message:\"ready\",secret:t},\"*\")},!1)))}(window,document);\n\/* ]]> *\/\n<\/script>\n","description":"Une d\u00e9l\u00e9gation de l\u2019OGBL-ACAL, compos\u00e9e de Mett Waldbillig, pr\u00e9sident, Sandra Funck, secr\u00e9taire syndicale et Hubert Hollerich, secr\u00e9taire central, a rencontr\u00e9 \u2026"}