{"id":7103,"date":"2023-02-23T14:09:05","date_gmt":"2023-02-23T13:09:05","guid":{"rendered":"https:\/\/www.ogbl.lu\/?post_type=event&#038;p=7103"},"modified":"2023-03-08T14:43:15","modified_gmt":"2023-03-08T13:43:15","slug":"conferences-fiscales-pour-les-frontaliers-francais-en-2023","status":"publish","type":"event","link":"https:\/\/www.ogbl.lu\/de\/agenda\/event\/conferences-fiscales-pour-les-frontaliers-francais-en-2023\/","title":{"rendered":"Conf\u00e9rences fiscales pour les frontaliers fran\u00e7ais en 2023"},"content":{"rendered":"<p class=\"qtranxs-available-languages-message qtranxs-available-languages-message-de\"> <\/p><p><strong>Fiscalit\u00e9 : La d\u00e9claration d\u2019imp\u00f4t au Luxembourg pour les non-r\u00e9sidents<\/strong><\/p>\n<p>Les conf\u00e9rences aborderont principalement les aspects de la fiscalit\u00e9 en vigueur au Luxembourg qui concernent une bonne partie des frontaliers selon leur classe d\u2019imposition et les diff\u00e9rentes options offertes aux contribuables non-r\u00e9sidents ainsi que leurs cons\u00e9quences.<\/p>\n<p>Les conf\u00e9rences porteront ensuite sur l\u2019ensemble des d\u00e9ductibilit\u00e9s possibles (les frais de formation, les frais de d\u00e9placement, les primes d\u2019assurance, l\u2019\u00e9pargne, le logement, les int\u00e9r\u00eats d\u00e9biteurs de pr\u00eats hypoth\u00e9caires, les dons, les charges extraordinaires, les frais de personnel, les frais de cr\u00e8che, \u2026).<\/p>\n<p>Cette partie sera expliqu\u00e9e et illustr\u00e9e \u00e0 l\u2019aide d\u2019extraits tir\u00e9s du formulaire relatif \u00e0 la d\u00e9claration d\u2019imp\u00f4ts.<\/p>\n<p>Les participants auront la possibilit\u00e9 de poser leurs questions au terme de la pr\u00e9sentation.<\/p>\n<p>La convention fiscale Franco-luxembourgeoise y compris le seuil fiscal des 34 jours entre la France et le Luxembourg seront abord\u00e9s en fin de r\u00e9union.<\/p>\n<p><b>Les conf\u00e9rences sont ouvertes au grand public.<\/b><\/p>\n<p><a href=\"https:\/\/demarches.services.eurometropolemetz.eu\/metz-metropole\/s-inscrire-aux-evenements-de-la-maison-du-luxembourg-de-l-eurometropole-de-metz\/\" target=\"_blank\" rel=\"noopener\"><strong>La conf\u00e9rence de Saulny est accessible sur r\u00e9servation uniquement (capacit\u00e9 de la salle limit\u00e9e)<\/strong><\/a><\/p>\n<p>&nbsp;<\/p>","protected":false},"featured_media":7105,"template":"","event_type":[108],"syndicat":[100],"acf":[],"yoast_head":"<!-- This site is optimized with the Yoast SEO plugin v23.1 - https:\/\/yoast.com\/wordpress\/plugins\/seo\/ -->\r\n<title>Conf\u00e9rences fiscales pour les frontaliers fran\u00e7ais en 2023 - OGBL<\/title>\r\n<meta name=\"robots\" content=\"index, follow, max-snippet:-1, max-image-preview:large, max-video-preview:-1\" \/>\r\n<link rel=\"canonical\" href=\"https:\/\/www.ogbl.lu\/agenda\/event\/conferences-fiscales-pour-les-frontaliers-francais-en-2023\/\" \/>\r\n<meta property=\"og:locale\" content=\"de_DE\" \/>\r\n<meta property=\"og:type\" content=\"article\" \/>\r\n<meta property=\"og:title\" content=\"Conf\u00e9rences fiscales pour les frontaliers fran\u00e7ais en 2023 - OGBL\" \/>\r\n<meta property=\"og:description\" content=\"Fiscalit\u00e9 : La d\u00e9claration d\u2019imp\u00f4t au Luxembourg pour les non-r\u00e9sidents Les conf\u00e9rences aborderont principalement les aspects de la fiscalit\u00e9 en \u2026\" \/>\r\n<meta property=\"og:url\" content=\"https:\/\/www.ogbl.lu\/agenda\/event\/conferences-fiscales-pour-les-frontaliers-francais-en-2023\/\" \/>\r\n<meta property=\"og:site_name\" content=\"OGBL\" \/>\r\n<meta property=\"article:modified_time\" content=\"2023-03-08T13:43:15+00:00\" \/>\r\n<meta property=\"og:image\" content=\"https:\/\/www.ogbl.lu\/wp-content\/uploads\/2023\/02\/AdobeStock_85449009-scaled.jpeg\" \/>\r\n\t<meta property=\"og:image:width\" content=\"2560\" \/>\r\n\t<meta property=\"og:image:height\" content=\"1220\" \/>\r\n\t<meta property=\"og:image:type\" content=\"image\/jpeg\" \/>\r\n<meta name=\"twitter:card\" content=\"summary_large_image\" \/>\r\n<meta name=\"twitter:label1\" content=\"Est. reading time\" \/>\n\t<meta name=\"twitter:data1\" content=\"1 Minute\" \/>\r\n<script type=\"application\/ld+json\" class=\"yoast-schema-graph\">{\"@context\":\"https:\/\/schema.org\",\"@graph\":[{\"@type\":\"WebPage\",\"@id\":\"https:\/\/www.ogbl.lu\/agenda\/event\/conferences-fiscales-pour-les-frontaliers-francais-en-2023\/\",\"url\":\"https:\/\/www.ogbl.lu\/agenda\/event\/conferences-fiscales-pour-les-frontaliers-francais-en-2023\/\",\"name\":\"Conf\u00e9rences fiscales pour les frontaliers fran\u00e7ais en 2023 - OGBL\",\"isPartOf\":{\"@id\":\"https:\/\/www.ogbl.lu\/de\/#website\"},\"primaryImageOfPage\":{\"@id\":\"https:\/\/www.ogbl.lu\/agenda\/event\/conferences-fiscales-pour-les-frontaliers-francais-en-2023\/#primaryimage\"},\"image\":{\"@id\":\"https:\/\/www.ogbl.lu\/agenda\/event\/conferences-fiscales-pour-les-frontaliers-francais-en-2023\/#primaryimage\"},\"thumbnailUrl\":\"https:\/\/www.ogbl.lu\/wp-content\/uploads\/2023\/02\/AdobeStock_85449009-scaled.jpeg\",\"datePublished\":\"2023-02-23T13:09:05+00:00\",\"dateModified\":\"2023-03-08T13:43:15+00:00\",\"breadcrumb\":{\"@id\":\"https:\/\/www.ogbl.lu\/agenda\/event\/conferences-fiscales-pour-les-frontaliers-francais-en-2023\/#breadcrumb\"},\"inLanguage\":\"de-DE\",\"potentialAction\":[{\"@type\":\"ReadAction\",\"target\":[\"https:\/\/www.ogbl.lu\/agenda\/event\/conferences-fiscales-pour-les-frontaliers-francais-en-2023\/\"]}]},{\"@type\":\"ImageObject\",\"inLanguage\":\"de-DE\",\"@id\":\"https:\/\/www.ogbl.lu\/agenda\/event\/conferences-fiscales-pour-les-frontaliers-francais-en-2023\/#primaryimage\",\"url\":\"https:\/\/www.ogbl.lu\/wp-content\/uploads\/2023\/02\/AdobeStock_85449009-scaled.jpeg\",\"contentUrl\":\"https:\/\/www.ogbl.lu\/wp-content\/uploads\/2023\/02\/AdobeStock_85449009-scaled.jpeg\",\"width\":2560,\"height\":1220,\"caption\":\"Rows of colorful chairs in Auditorium\"},{\"@type\":\"BreadcrumbList\",\"@id\":\"https:\/\/www.ogbl.lu\/agenda\/event\/conferences-fiscales-pour-les-frontaliers-francais-en-2023\/#breadcrumb\",\"itemListElement\":[{\"@type\":\"ListItem\",\"position\":1,\"name\":\"Home\",\"item\":\"https:\/\/www.ogbl.lu\/\"},{\"@type\":\"ListItem\",\"position\":2,\"name\":\"Conf\u00e9rences fiscales pour les frontaliers fran\u00e7ais en 2023\"}]},{\"@type\":\"WebSite\",\"@id\":\"https:\/\/www.ogbl.lu\/de\/#website\",\"url\":\"https:\/\/www.ogbl.lu\/de\/\",\"name\":\"OGBL\",\"description\":\"DIE GEWERKSCHAFT\",\"publisher\":{\"@id\":\"https:\/\/www.ogbl.lu\/de\/#organization\"},\"potentialAction\":[{\"@type\":\"SearchAction\",\"target\":{\"@type\":\"EntryPoint\",\"urlTemplate\":\"https:\/\/www.ogbl.lu\/de\/?s={search_term_string}\"},\"query-input\":\"required name=search_term_string\"}],\"inLanguage\":\"de-DE\"},{\"@type\":\"Organization\",\"@id\":\"https:\/\/www.ogbl.lu\/de\/#organization\",\"name\":\"OGBL\",\"url\":\"https:\/\/www.ogbl.lu\/de\/\",\"logo\":{\"@type\":\"ImageObject\",\"inLanguage\":\"de-DE\",\"@id\":\"https:\/\/www.ogbl.lu\/de\/#\/schema\/logo\/image\/\",\"url\":\"https:\/\/www.ogbl.lu\/wp-content\/uploads\/2024\/07\/LOGO_Red_FR-svg.png\",\"contentUrl\":\"https:\/\/www.ogbl.lu\/wp-content\/uploads\/2024\/07\/LOGO_Red_FR-svg.png\",\"width\":369,\"height\":171,\"caption\":\"OGBL\"},\"image\":{\"@id\":\"https:\/\/www.ogbl.lu\/de\/#\/schema\/logo\/image\/\"}}]}<\/script>\r\n<!-- \/ Yoast SEO plugin. -->","yoast_head_json":{"title":"Conf\u00e9rences fiscales pour les frontaliers fran\u00e7ais en 2023 - OGBL","robots":{"index":"index","follow":"follow","max-snippet":"max-snippet:-1","max-image-preview":"max-image-preview:large","max-video-preview":"max-video-preview:-1"},"canonical":"https:\/\/www.ogbl.lu\/agenda\/event\/conferences-fiscales-pour-les-frontaliers-francais-en-2023\/","og_locale":"de_DE","og_type":"article","og_title":"Conf\u00e9rences fiscales pour les frontaliers fran\u00e7ais en 2023 - OGBL","og_description":"Fiscalit\u00e9 : La d\u00e9claration d\u2019imp\u00f4t au Luxembourg pour les non-r\u00e9sidents Les conf\u00e9rences aborderont principalement les aspects de la fiscalit\u00e9 en \u2026","og_url":"https:\/\/www.ogbl.lu\/agenda\/event\/conferences-fiscales-pour-les-frontaliers-francais-en-2023\/","og_site_name":"OGBL","article_modified_time":"2023-03-08T13:43:15+00:00","og_image":[{"width":2560,"height":1220,"url":"https:\/\/www.ogbl.lu\/wp-content\/uploads\/2023\/02\/AdobeStock_85449009-scaled.jpeg","type":"image\/jpeg"}],"twitter_card":"summary_large_image","twitter_misc":{"Est. reading time":"1 Minute"},"schema":{"@context":"https:\/\/schema.org","@graph":[{"@type":"WebPage","@id":"https:\/\/www.ogbl.lu\/agenda\/event\/conferences-fiscales-pour-les-frontaliers-francais-en-2023\/","url":"https:\/\/www.ogbl.lu\/agenda\/event\/conferences-fiscales-pour-les-frontaliers-francais-en-2023\/","name":"Conf\u00e9rences fiscales pour les frontaliers fran\u00e7ais en 2023 - OGBL","isPartOf":{"@id":"https:\/\/www.ogbl.lu\/de\/#website"},"primaryImageOfPage":{"@id":"https:\/\/www.ogbl.lu\/agenda\/event\/conferences-fiscales-pour-les-frontaliers-francais-en-2023\/#primaryimage"},"image":{"@id":"https:\/\/www.ogbl.lu\/agenda\/event\/conferences-fiscales-pour-les-frontaliers-francais-en-2023\/#primaryimage"},"thumbnailUrl":"https:\/\/www.ogbl.lu\/wp-content\/uploads\/2023\/02\/AdobeStock_85449009-scaled.jpeg","datePublished":"2023-02-23T13:09:05+00:00","dateModified":"2023-03-08T13:43:15+00:00","breadcrumb":{"@id":"https:\/\/www.ogbl.lu\/agenda\/event\/conferences-fiscales-pour-les-frontaliers-francais-en-2023\/#breadcrumb"},"inLanguage":"de-DE","potentialAction":[{"@type":"ReadAction","target":["https:\/\/www.ogbl.lu\/agenda\/event\/conferences-fiscales-pour-les-frontaliers-francais-en-2023\/"]}]},{"@type":"ImageObject","inLanguage":"de-DE","@id":"https:\/\/www.ogbl.lu\/agenda\/event\/conferences-fiscales-pour-les-frontaliers-francais-en-2023\/#primaryimage","url":"https:\/\/www.ogbl.lu\/wp-content\/uploads\/2023\/02\/AdobeStock_85449009-scaled.jpeg","contentUrl":"https:\/\/www.ogbl.lu\/wp-content\/uploads\/2023\/02\/AdobeStock_85449009-scaled.jpeg","width":2560,"height":1220,"caption":"Rows of colorful chairs in Auditorium"},{"@type":"BreadcrumbList","@id":"https:\/\/www.ogbl.lu\/agenda\/event\/conferences-fiscales-pour-les-frontaliers-francais-en-2023\/#breadcrumb","itemListElement":[{"@type":"ListItem","position":1,"name":"Home","item":"https:\/\/www.ogbl.lu\/"},{"@type":"ListItem","position":2,"name":"Conf\u00e9rences fiscales pour les frontaliers fran\u00e7ais en 2023"}]},{"@type":"WebSite","@id":"https:\/\/www.ogbl.lu\/de\/#website","url":"https:\/\/www.ogbl.lu\/de\/","name":"OGBL","description":"DIE GEWERKSCHAFT","publisher":{"@id":"https:\/\/www.ogbl.lu\/de\/#organization"},"potentialAction":[{"@type":"SearchAction","target":{"@type":"EntryPoint","urlTemplate":"https:\/\/www.ogbl.lu\/de\/?s={search_term_string}"},"query-input":"required name=search_term_string"}],"inLanguage":"de-DE"},{"@type":"Organization","@id":"https:\/\/www.ogbl.lu\/de\/#organization","name":"OGBL","url":"https:\/\/www.ogbl.lu\/de\/","logo":{"@type":"ImageObject","inLanguage":"de-DE","@id":"https:\/\/www.ogbl.lu\/de\/#\/schema\/logo\/image\/","url":"https:\/\/www.ogbl.lu\/wp-content\/uploads\/2024\/07\/LOGO_Red_FR-svg.png","contentUrl":"https:\/\/www.ogbl.lu\/wp-content\/uploads\/2024\/07\/LOGO_Red_FR-svg.png","width":369,"height":171,"caption":"OGBL"},"image":{"@id":"https:\/\/www.ogbl.lu\/de\/#\/schema\/logo\/image\/"}}]}},"_links":{"self":[{"href":"https:\/\/www.ogbl.lu\/de\/wp-json\/wp\/v2\/event\/7103"}],"collection":[{"href":"https:\/\/www.ogbl.lu\/de\/wp-json\/wp\/v2\/event"}],"about":[{"href":"https:\/\/www.ogbl.lu\/de\/wp-json\/wp\/v2\/types\/event"}],"wp:featuredmedia":[{"embeddable":true,"href":"https:\/\/www.ogbl.lu\/de\/wp-json\/wp\/v2\/media\/7105"}],"wp:attachment":[{"href":"https:\/\/www.ogbl.lu\/de\/wp-json\/wp\/v2\/media?parent=7103"}],"wp:term":[{"taxonomy":"event_type","embeddable":true,"href":"https:\/\/www.ogbl.lu\/de\/wp-json\/wp\/v2\/event_type?post=7103"},{"taxonomy":"syndicat","embeddable":true,"href":"https:\/\/www.ogbl.lu\/de\/wp-json\/wp\/v2\/syndicat?post=7103"}],"curies":[{"name":"wp","href":"https:\/\/api.w.org\/{rel}","templated":true}]}}