{"id":40016,"date":"2024-10-29T14:34:39","date_gmt":"2024-10-29T13:34:39","guid":{"rendered":"https:\/\/www.ogbl.lu\/?post_type=event&#038;p=40016"},"modified":"2024-10-30T12:25:35","modified_gmt":"2024-10-30T11:25:35","slug":"stop-aux-desavantages-fiscaux-pour-les-frontaliers","status":"publish","type":"event","link":"https:\/\/www.ogbl.lu\/de\/agenda\/event\/stop-aux-desavantages-fiscaux-pour-les-frontaliers\/","title":{"rendered":"Stoppt die steuerlichen Benachteiligungen f\u00fcr die Grenzg\u00e4nger!"},"content":{"rendered":"","protected":false},"featured_media":40030,"template":"","event_type":[110],"syndicat":[113,112,100],"acf":[],"yoast_head":"<!-- This site is optimized with the Yoast SEO plugin v23.1 - https:\/\/yoast.com\/wordpress\/plugins\/seo\/ -->\r\n<title>Stoppt die steuerlichen Benachteiligungen f\u00fcr die Grenzg\u00e4nger! - OGBL<\/title>\r\n<meta name=\"robots\" content=\"index, follow, max-snippet:-1, max-image-preview:large, max-video-preview:-1\" \/>\r\n<link rel=\"canonical\" href=\"https:\/\/www.ogbl.lu\/agenda\/event\/stop-aux-desavantages-fiscaux-pour-les-frontaliers\/\" \/>\r\n<meta property=\"og:locale\" content=\"de_DE\" \/>\r\n<meta property=\"og:type\" content=\"article\" \/>\r\n<meta property=\"og:title\" content=\"[:fr]Stop aux d\u00e9savantages fiscaux pour les frontaliers ![:de]Stoppt die steuerlichen Benachteiligungen f\u00fcr die Grenzg\u00e4nger![:] - OGBL\" \/>\r\n<meta property=\"og:url\" content=\"https:\/\/www.ogbl.lu\/agenda\/event\/stop-aux-desavantages-fiscaux-pour-les-frontaliers\/\" \/>\r\n<meta property=\"og:site_name\" content=\"OGBL\" \/>\r\n<meta property=\"article:modified_time\" content=\"2024-10-30T11:25:35+00:00\" \/>\r\n<meta property=\"og:image\" content=\"https:\/\/www.ogbl.lu\/wp-content\/uploads\/2024\/10\/OGBL_1_MAI_iNET-72dpi-\u00a9-Marc-Lazzarini-standart-59-1035x690.jpg\" \/>\r\n\t<meta property=\"og:image:width\" content=\"1035\" \/>\r\n\t<meta property=\"og:image:height\" content=\"690\" \/>\r\n\t<meta property=\"og:image:type\" content=\"image\/jpeg\" \/>\r\n<meta name=\"twitter:card\" content=\"summary_large_image\" \/>\r\n<meta name=\"twitter:label1\" content=\"Est. reading time\" \/>\n\t<meta name=\"twitter:data1\" content=\"1 Minute\" \/>\r\n<script type=\"application\/ld+json\" class=\"yoast-schema-graph\">{\"@context\":\"https:\/\/schema.org\",\"@graph\":[{\"@type\":\"WebPage\",\"@id\":\"https:\/\/www.ogbl.lu\/agenda\/event\/stop-aux-desavantages-fiscaux-pour-les-frontaliers\/\",\"url\":\"https:\/\/www.ogbl.lu\/agenda\/event\/stop-aux-desavantages-fiscaux-pour-les-frontaliers\/\",\"name\":\"[:fr]Stop aux d\u00e9savantages fiscaux pour les frontaliers ![:de]Stoppt die steuerlichen Benachteiligungen f\u00fcr die Grenzg\u00e4nger![:] - OGBL\",\"isPartOf\":{\"@id\":\"https:\/\/www.ogbl.lu\/de\/#website\"},\"primaryImageOfPage\":{\"@id\":\"https:\/\/www.ogbl.lu\/agenda\/event\/stop-aux-desavantages-fiscaux-pour-les-frontaliers\/#primaryimage\"},\"image\":{\"@id\":\"https:\/\/www.ogbl.lu\/agenda\/event\/stop-aux-desavantages-fiscaux-pour-les-frontaliers\/#primaryimage\"},\"thumbnailUrl\":\"https:\/\/www.ogbl.lu\/wp-content\/uploads\/2024\/10\/OGBL_1_MAI_iNET-72dpi-\u00a9-Marc-Lazzarini-standart-59.jpg\",\"datePublished\":\"2024-10-29T13:34:39+00:00\",\"dateModified\":\"2024-10-30T11:25:35+00:00\",\"breadcrumb\":{\"@id\":\"https:\/\/www.ogbl.lu\/agenda\/event\/stop-aux-desavantages-fiscaux-pour-les-frontaliers\/#breadcrumb\"},\"inLanguage\":\"de-DE\",\"potentialAction\":[{\"@type\":\"ReadAction\",\"target\":[\"https:\/\/www.ogbl.lu\/agenda\/event\/stop-aux-desavantages-fiscaux-pour-les-frontaliers\/\"]}]},{\"@type\":\"ImageObject\",\"inLanguage\":\"de-DE\",\"@id\":\"https:\/\/www.ogbl.lu\/agenda\/event\/stop-aux-desavantages-fiscaux-pour-les-frontaliers\/#primaryimage\",\"url\":\"https:\/\/www.ogbl.lu\/wp-content\/uploads\/2024\/10\/OGBL_1_MAI_iNET-72dpi-\u00a9-Marc-Lazzarini-standart-59.jpg\",\"contentUrl\":\"https:\/\/www.ogbl.lu\/wp-content\/uploads\/2024\/10\/OGBL_1_MAI_iNET-72dpi-\u00a9-Marc-Lazzarini-standart-59.jpg\",\"width\":2048,\"height\":1365},{\"@type\":\"BreadcrumbList\",\"@id\":\"https:\/\/www.ogbl.lu\/agenda\/event\/stop-aux-desavantages-fiscaux-pour-les-frontaliers\/#breadcrumb\",\"itemListElement\":[{\"@type\":\"ListItem\",\"position\":1,\"name\":\"Home\",\"item\":\"https:\/\/www.ogbl.lu\/\"},{\"@type\":\"ListItem\",\"position\":2,\"name\":\"Stop aux d\u00e9savantages fiscaux pour les frontaliers !\"}]},{\"@type\":\"WebSite\",\"@id\":\"https:\/\/www.ogbl.lu\/de\/#website\",\"url\":\"https:\/\/www.ogbl.lu\/de\/\",\"name\":\"OGBL\",\"description\":\"DIE GEWERKSCHAFT\",\"publisher\":{\"@id\":\"https:\/\/www.ogbl.lu\/de\/#organization\"},\"potentialAction\":[{\"@type\":\"SearchAction\",\"target\":{\"@type\":\"EntryPoint\",\"urlTemplate\":\"https:\/\/www.ogbl.lu\/de\/?s={search_term_string}\"},\"query-input\":\"required name=search_term_string\"}],\"inLanguage\":\"de-DE\"},{\"@type\":\"Organization\",\"@id\":\"https:\/\/www.ogbl.lu\/de\/#organization\",\"name\":\"OGBL\",\"url\":\"https:\/\/www.ogbl.lu\/de\/\",\"logo\":{\"@type\":\"ImageObject\",\"inLanguage\":\"de-DE\",\"@id\":\"https:\/\/www.ogbl.lu\/de\/#\/schema\/logo\/image\/\",\"url\":\"https:\/\/www.ogbl.lu\/wp-content\/uploads\/2024\/07\/LOGO_Red_FR-svg.png\",\"contentUrl\":\"https:\/\/www.ogbl.lu\/wp-content\/uploads\/2024\/07\/LOGO_Red_FR-svg.png\",\"width\":369,\"height\":171,\"caption\":\"OGBL\"},\"image\":{\"@id\":\"https:\/\/www.ogbl.lu\/de\/#\/schema\/logo\/image\/\"}}]}<\/script>\r\n<!-- \/ Yoast SEO plugin. -->","yoast_head_json":{"title":"[:fr]Stop aux d\u00e9savantages fiscaux pour les frontaliers ![:de]Stoppt die steuerlichen Benachteiligungen f\u00fcr die Grenzg\u00e4nger![:] - OGBL","robots":{"index":"index","follow":"follow","max-snippet":"max-snippet:-1","max-image-preview":"max-image-preview:large","max-video-preview":"max-video-preview:-1"},"canonical":"https:\/\/www.ogbl.lu\/agenda\/event\/stop-aux-desavantages-fiscaux-pour-les-frontaliers\/","og_locale":"de_DE","og_type":"article","og_title":"[:fr]Stop aux d\u00e9savantages fiscaux pour les frontaliers ![:de]Stoppt die steuerlichen Benachteiligungen f\u00fcr die Grenzg\u00e4nger![:] - OGBL","og_url":"https:\/\/www.ogbl.lu\/agenda\/event\/stop-aux-desavantages-fiscaux-pour-les-frontaliers\/","og_site_name":"OGBL","article_modified_time":"2024-10-30T11:25:35+00:00","og_image":[{"width":1035,"height":690,"url":"https:\/\/www.ogbl.lu\/wp-content\/uploads\/2024\/10\/OGBL_1_MAI_iNET-72dpi-\u00a9-Marc-Lazzarini-standart-59-1035x690.jpg","type":"image\/jpeg"}],"twitter_card":"summary_large_image","twitter_misc":{"Est. reading time":"1 Minute"},"schema":{"@context":"https:\/\/schema.org","@graph":[{"@type":"WebPage","@id":"https:\/\/www.ogbl.lu\/agenda\/event\/stop-aux-desavantages-fiscaux-pour-les-frontaliers\/","url":"https:\/\/www.ogbl.lu\/agenda\/event\/stop-aux-desavantages-fiscaux-pour-les-frontaliers\/","name":"[:fr]Stop aux d\u00e9savantages fiscaux pour les frontaliers ![:de]Stoppt die steuerlichen Benachteiligungen f\u00fcr die Grenzg\u00e4nger![:] - OGBL","isPartOf":{"@id":"https:\/\/www.ogbl.lu\/de\/#website"},"primaryImageOfPage":{"@id":"https:\/\/www.ogbl.lu\/agenda\/event\/stop-aux-desavantages-fiscaux-pour-les-frontaliers\/#primaryimage"},"image":{"@id":"https:\/\/www.ogbl.lu\/agenda\/event\/stop-aux-desavantages-fiscaux-pour-les-frontaliers\/#primaryimage"},"thumbnailUrl":"https:\/\/www.ogbl.lu\/wp-content\/uploads\/2024\/10\/OGBL_1_MAI_iNET-72dpi-\u00a9-Marc-Lazzarini-standart-59.jpg","datePublished":"2024-10-29T13:34:39+00:00","dateModified":"2024-10-30T11:25:35+00:00","breadcrumb":{"@id":"https:\/\/www.ogbl.lu\/agenda\/event\/stop-aux-desavantages-fiscaux-pour-les-frontaliers\/#breadcrumb"},"inLanguage":"de-DE","potentialAction":[{"@type":"ReadAction","target":["https:\/\/www.ogbl.lu\/agenda\/event\/stop-aux-desavantages-fiscaux-pour-les-frontaliers\/"]}]},{"@type":"ImageObject","inLanguage":"de-DE","@id":"https:\/\/www.ogbl.lu\/agenda\/event\/stop-aux-desavantages-fiscaux-pour-les-frontaliers\/#primaryimage","url":"https:\/\/www.ogbl.lu\/wp-content\/uploads\/2024\/10\/OGBL_1_MAI_iNET-72dpi-\u00a9-Marc-Lazzarini-standart-59.jpg","contentUrl":"https:\/\/www.ogbl.lu\/wp-content\/uploads\/2024\/10\/OGBL_1_MAI_iNET-72dpi-\u00a9-Marc-Lazzarini-standart-59.jpg","width":2048,"height":1365},{"@type":"BreadcrumbList","@id":"https:\/\/www.ogbl.lu\/agenda\/event\/stop-aux-desavantages-fiscaux-pour-les-frontaliers\/#breadcrumb","itemListElement":[{"@type":"ListItem","position":1,"name":"Home","item":"https:\/\/www.ogbl.lu\/"},{"@type":"ListItem","position":2,"name":"Stop aux d\u00e9savantages fiscaux pour les frontaliers !"}]},{"@type":"WebSite","@id":"https:\/\/www.ogbl.lu\/de\/#website","url":"https:\/\/www.ogbl.lu\/de\/","name":"OGBL","description":"DIE GEWERKSCHAFT","publisher":{"@id":"https:\/\/www.ogbl.lu\/de\/#organization"},"potentialAction":[{"@type":"SearchAction","target":{"@type":"EntryPoint","urlTemplate":"https:\/\/www.ogbl.lu\/de\/?s={search_term_string}"},"query-input":"required name=search_term_string"}],"inLanguage":"de-DE"},{"@type":"Organization","@id":"https:\/\/www.ogbl.lu\/de\/#organization","name":"OGBL","url":"https:\/\/www.ogbl.lu\/de\/","logo":{"@type":"ImageObject","inLanguage":"de-DE","@id":"https:\/\/www.ogbl.lu\/de\/#\/schema\/logo\/image\/","url":"https:\/\/www.ogbl.lu\/wp-content\/uploads\/2024\/07\/LOGO_Red_FR-svg.png","contentUrl":"https:\/\/www.ogbl.lu\/wp-content\/uploads\/2024\/07\/LOGO_Red_FR-svg.png","width":369,"height":171,"caption":"OGBL"},"image":{"@id":"https:\/\/www.ogbl.lu\/de\/#\/schema\/logo\/image\/"}}]}},"_links":{"self":[{"href":"https:\/\/www.ogbl.lu\/de\/wp-json\/wp\/v2\/event\/40016"}],"collection":[{"href":"https:\/\/www.ogbl.lu\/de\/wp-json\/wp\/v2\/event"}],"about":[{"href":"https:\/\/www.ogbl.lu\/de\/wp-json\/wp\/v2\/types\/event"}],"wp:featuredmedia":[{"embeddable":true,"href":"https:\/\/www.ogbl.lu\/de\/wp-json\/wp\/v2\/media\/40030"}],"wp:attachment":[{"href":"https:\/\/www.ogbl.lu\/de\/wp-json\/wp\/v2\/media?parent=40016"}],"wp:term":[{"taxonomy":"event_type","embeddable":true,"href":"https:\/\/www.ogbl.lu\/de\/wp-json\/wp\/v2\/event_type?post=40016"},{"taxonomy":"syndicat","embeddable":true,"href":"https:\/\/www.ogbl.lu\/de\/wp-json\/wp\/v2\/syndicat?post=40016"}],"curies":[{"name":"wp","href":"https:\/\/api.w.org\/{rel}","templated":true}]}}