{"id":99796,"date":"2026-05-01T11:45:45","date_gmt":"2026-05-01T09:45:45","guid":{"rendered":"https:\/\/www.ogbl.lu\/?post_type=communiques&#038;p=99796"},"modified":"2026-05-01T14:41:57","modified_gmt":"2026-05-01T12:41:57","slug":"discours-du-1er-mai-de-la-presidente-de-logbl","status":"publish","type":"communiques","link":"https:\/\/www.ogbl.lu\/de\/communique\/discours-du-1er-mai-de-la-presidente-de-logbl\/","title":{"rendered":"1. Mai-Rede der OGBL-Pr\u00e4sidentin"},"content":{"rendered":"<p>L\u00e9if\u00a0Kolleeginnen\u00a0a\u00a0Kolleegen,<\/p>\n<p>L\u00e9if\u00a0Fr\u00ebndinnen\u00a0a\u00a0Fr\u00ebnn,<\/p>\n<p>Ech soen iech Villmools Merci fir \u00e4r grouss Pr\u00e4senz haut de Moien, dat beweist, dass der \u00e4erch der Wichtegkeet vun d\u00ebsem Moment bewosst sidd.<\/p>\n<p>H\u00e4erzlech\u00a0W\u00ebllkomm\u00a0och\u00a0un\u00a0all\u00a0d\u2019Vertriederinnen\u00a0an\u00a0d\u2018Vertrieder\u00a0vun\u00a0de\u00a0politesche Parteien\u00a0an\u00a0der\u00a0Presse.<\/p>\n<p>Den\u00a01.\u00a0Mee\u00a0ass\u00a0\u00ebmmer\u00a0eisen\u00a0Dag,\u00a0en\u00a0ass\u00a0\u00ebmmer\u00a0wichteg,\u00a0an\u00a0d\u00ebst\u00a0Joer\u00a0\u00ebm\u00a0sou\u00a0m\u00e9i.<\/p>\n<p>An\u00a0d\u00ebst\u00a0Joer\u00a0geet\u00a0en\u00a0och\u00a0nach\u00a0anescht\u00a0un.<\/p>\n<p>&nbsp;<\/p>\n<p><em>&gt;&gt;&gt; Video-Message vum <\/em><em>Patrick<\/em><em>\u00a0<\/em><em>Dury &lt;&lt;&lt;<\/em><\/p>\n<p><em>\u00a0<\/em><\/p>\n<p>Villmools\u00a0Merci\u00a0Dir\u00a0Patrick\u00a0a\u00a0mir\u00a0sch\u00e9cken\u00a0natierlech\u00a0och\u00a0eise\u00a0Kolleege\u00a0vum\u00a0LCGB solidaresch a k\u00e4mpferesch\u00a0Gr\u00e9iss\u00a0zr\u00e9ck\u00a0op\u00a0R\u00e9imech\u00a0op\u00a0d\u00ebsem\u00a0wichtegen\u00a0Dag\u00a0fir\u00a0eis 2 Gewerkschaften.<\/p>\n<p>&nbsp;<\/p>\n<p>Mee\u00a0l\u00e9if\u00a0Kolleeginnen\u00a0a\u00a0Kolleegen,<\/p>\n<p>leider\u00a0ass\u00a0et\u00a0eis\u00a0d\u00ebst\u00a0Joer\u00a0net\u00a0wierklech\u00a0no\u00a0\u201efeieren\u201c,\u00a0an\u00a0dat\u00a0huet\u00a0seng\u00a0Gr\u00ebnn!<\/p>\n<p>S\u00e4it\u00a02,5\u00a0Joer\u00a0si\u00a0mir\u00a0mat\u00a0der\u00a0salariatsfeindlechster\u00a0Regierung\u00a0aus\u00a0de\u00a0leschte\u00a0Joerz\u00e9ngte konfront\u00e9iert,\u00a0d\u00e9i\u00a0kaum\u00a0en\u00a0Dag\u00a0ausl\u00e9ist\u00a0fir\u00a0mat\u00a0neie\u00a0Grausamkeeten\u00a0d\u2019Rechter\u00a0vun\u00a0de schaffende Leit\u00a0z\u2019attack\u00e9ieren.<\/p>\n<p>Si\u00a0hu\u00a0versicht\u00a0eis\u00a0Kollektivvertr\u00e4g\u00a0futti\u00a0ze\u00a0schloen\u00a0anstatt\u00a0se\u00a0opzew\u00e4erten.<\/p>\n<p>Si\u00a0hunn\u00a0eis\u00a0Representativit\u00e9it\u00a0als\u00a0Gewerkschaften\u00a0\u00ebmmer\u00a0er\u00ebm\u00a0a\u00a0Fro\u00a0gestallt.<\/p>\n<p>Si\u00a0hunn\u00a0ees\u00e4iteg\u00a0eis\u00a0Pensioune\u00a0verschlechtert,\u00a0eis\u00a0Sonndesaarbecht\u00a0liberalis\u00e9iert.<\/p>\n<p>Si\u00a0br\u00e9ngen\u00a0eist\u00a0Gesondheetswiesen\u00a0a\u00a0Gefor.<\/p>\n<p>An\u00a0si\u00a0tr\u00ebppelen\u00a0d\u00e9i\u00a070.000\u00a0Mindestlounempf\u00e4nger\u00a0an\u00a0hier\u00a0Famille\u00a0mat\u00a0F\u00e9iss.<\/p>\n<p>Si\u00a0w\u00ebllen\u00a0un\u00a0eis\u00a0L\u00e9in,\u00a0si\u00a0w\u00ebllen\u00a0un\u00a0eis\u00a0s\u00e9curit\u00e9\u00a0sociale,\u00a0si\u00a0w\u00ebllen\u00a0un\u00a0eis\u00a0Pensiounen,\u00a0si w\u00ebllen\u00a0un\u00a0eis\u00a0Liewensz\u00e4it.<\/p>\n<p>Si\u00a0hunn\u00a0hire\u00a0Camp\u00a0gewielt.<\/p>\n<p>Kolleeginnen\u00a0a\u00a0Kolleegen,<\/p>\n<p>Si\u00a0sinn\u00a0am\u00a0Camp\u00a0vum\u00a0Grousskapital,\u00a0vum\u00a0Patronat\u00a0a\u00a0vun\u00a0den\u00a0Immobilienhaien.<\/p>\n<p>Mir\u00a0hunn\u00a0och\u00a0eise\u00a0Camp\u00a0gewielt.\u00a0Eise\u00a0Camp\u00a0ass\u00a0dee\u00a0vun\u00a0de\u00a025000\u00a0Leit\u00a0d\u00e9i\u00a0d\u2018lescht\u00a0Joer\u00a0op\u00a0der\u00a0Strooss\u00a0waren.<\/p>\n<p>Eise\u00a0Camp\u00a0ass\u00a0dee\u00a0vun\u00a0deenen\u00a0d\u00e9i\u00a0all\u00a0Moien\u00a0opstinn\u00a0a\u00a0fir\u00a0hiert\u00a0Brout\u00a0schaffe\u00a0ginn.\u00a0Eise\u00a0Camp\u00a0ass\u00a0deen,\u00a0deen\u00a0Dag\u00a0fir\u00a0Dag\u00a0de\u00a0R\u00e4ichtum\u00a0vun\u00a0d\u00ebsem\u00a0Land\u00a0erwirtschaft.Eise Camp,\u00a0dat si L\u00ebtzebuerger a Net-L\u00ebtzebuerger, R\u00e9sidenten, Frontalieren, M\u00e4nner a Fraen, Jonker an Aler.<\/p>\n<p>Kolleeginnen\u00a0a\u00a0Kolleegen,<\/p>\n<p>Wann\u00a0de\u00a0Luc\u00a0Frieden\u00a0a\u00a0seng\u00a0Band\u00a0n\u00e4mlech\u00a0gemengt\u00a0haten,\u00a0si\u00a0k\u00e9inten\u00a0eis\u00a0futti maachen, esou\u00a0hu\u00a0se\u00a0grad\u00a0de\u00a0Contraire\u00a0erreecht.<\/p>\n<p>M\u00e9i\u00a0staark\u00a0w\u00e9i\u00a0jee\u00a0sti\u00a0mir\u00a0haut\u00a0hei.\u00a0Net\u00a0m\u00e9i\u00a0just\u00a0am\u00a0Numm\u00a0vun\u00a0de\u00a078.000\u00a0Memberen\u00a0d\u00e9iden\u00a0OGBL\u00a0huet,\u00a0mee\u00a0am\u00a0Numm\u00a0vun\u00a0125.000\u00a0Memberen.\u00a0D\u2019Unioun\u00a0vun\u00a0OGBL\u00a0an\u00a0LCGB\u00a0ass\u00a0d\u00e9i\u00a0eenzeg\u00a0\u00c4ntwert\u00a0op\u00a0d\u00e9i\u00a0massiv\u00a0Attacken.<\/p>\n<p>Just\u00a0eng\u00a0staark,\u00a0kloer\u00a0a\u00a0gemeinsam\u00a0Front\u00a0kann\u00a0d\u00ebs\u00a0Regierung\u00a0stoppen.<\/p>\n<p>Well\u00a0wann\u00a0de\u00a0Luc\u00a0Frieden\u00a0eppes\u00a0f\u00e4erdeg bruecht huet, dann ass et, datt eise Camp, de Camp vun de schaffende Leit sech net m\u00e9i w\u00e4ert spl\u00e9cke loossen.<\/p>\n<p>Eis\u00a0kritt\u00a0kee\u00a0Minister\u00a0a\u00a0kee\u00a0Patron\u00a0m\u00e9i\u00a0ausernee\u00a0gedriwwen!<\/p>\n<p>All\u00a0zesummen\u00a0hu\u00a0mir\u00a0dat\u00a0den\u00a028.\u00a0Juni\u00a02025\u00a0\u00ebnner\u00a0Beweis\u00a0gestallt,\u00a0bei\u00a0der\u00a0gr\u00e9isster Demonstratioun\u00a0s\u00e4it\u00a01982,\u00a0gemeinsam\u00a0e\u00a0staarkt\u00a0Zeechen\u00a0um\u00a0staater\u00a0Knuedler\u00a0g\u00e9int Schwaarz-Blo gesat.<\/p>\n<p>Et\u00a0war\u00a0e\u00a0Moment\u00a0wou\u00a0eise\u00a0Camp,\u00a0dee\u00a0vun\u00a0de\u00a0schaffende\u00a0Leit,\u00a0de\u00a0Rentner\u00a0an\u00a0hire Familllen,\u00a0sech\u00a0Geh\u00e9ier\u00a0verschaf\u00a0huet\u00a0an\u00a0d\u2019Regierung\u00a0zer\u00e9ck\u00a0gedr\u00e9ckt\u00a0krut.<\/p>\n<p>Kolleeginnen\u00a0a\u00a0Kolleegen,<\/p>\n<p>Mir\u00a0hu\u00a0gesot\u00a0Patten\u00a0ewech\u00a0vun\u00a0eise\u00a0Pensiounen,\u00a0Patten\u00a0ewech\u00a0vun\u00a0eise\u00a0Kollektivvertr\u00e4g\u00a0a\u00a0Patten\u00a0ewech\u00a0vun\u00a0eisem\u00a0Manifestatiounsrecht.\u00a0Dat\u00a0ass\u00a0eis\u00a0gelongen\u00a0a\u00a0mir\u00a0hunn\u00a0d\u00e9i schl\u00ebmmsten Attacke\u00a0konnten\u00a0zr\u00e9ckdr\u00e4ngen.<\/p>\n<p>De\u00a0Kampf\u00a0vun\u00a0der\u00a0Union\u00a0des\u00a0Syndicats\u00a0h\u00e4lt\u00a0hei net op, en huet grad er\u00e9ischt\u00a0ugefaangen.<\/p>\n<p>Kolleeginnen\u00a0a\u00a0Kolleegen,<\/p>\n<p>Si\u00a0wollten\u00a0d\u2018Thema\u00a0Mindestloun\u00a0an\u00a0der\u00a0Ouschtervakanz\u00a0begruewen,\u00a0well\u00a0si\u00a0menge\u00a0jo Gewerkschaftler g\u00e9ife\u00a0keng\u00a0Iwwerstonne\u00a0maachen.<\/p>\n<p>Si\u00a0hu\u00a0gehofft\u00a0d\u2018Thema\u00a0wier\u00a0giess.<\/p>\n<p>Da\u00a0kennen\u00a0se\u00a0eise\u00a0Camp\u00a0awer\u00a0schlecht.\u00a0Hei\u00a0ass\u00a0nach\u00a0iwwerhaapt\u00a0n\u00e4ischt\u00a0giess.<\/p>\n<p>Iwwer\u00a070.000\u00a0Fraen\u00a0a\u00a0M\u00e4nner\u00a0stinn\u00a0all\u00a0Dag\u00a0op,\u00a0stinn\u00a0um\u00a0Fliissband,\u00a0um\u00a0Chantier,\u00a0an\u00a0der\u00a0Keess,\u00a0botzen\u00a0eis\u00a0Schoulen\u00a0an\u00a0eis\u00a0B\u00fcroen,\u00a0versuergen\u00a0eis\u00a0Kanner,\u00a0baken\u00a0eis Br\u00e9idercher,\u00a0suerge\u00a0fir\u00a0eis\u00a0S\u00e9cherheet,\u00a0zerw\u00e9ieren\u00a0eise\u00a0Bifteck,\u00a0an\u00a0halen\u00a0d\u2019Land\u00a0um lafen.<\/p>\n<p>Ween\u00a0hei\u00a0mengt\u00a0mat\u00a0Zuelespiller\u00a0deene\u00a0Leit\u00a0k\u00ebnnen\u00a0ze\u00a0erkl\u00e4ren\u00a0datt\u00a0se\u00a0et\u00a0net\u00a0w\u00e4ert sinn e\u00a0korrekte\u00a0Loun\u00a0fir\u00a0hier\u00a0haart\u00a0Aarbecht\u00a0ze\u00a0kr\u00e9ien,\u00a0deen\u00a0huet\u00a0s\u00e4i\u00a0Camp\u00a0gewielt,\u00a0ob en eemol\u00a0an\u00a0enger\u00a0Gewerkschaft\u00a0war\u00a0oder\u00a0net.<\/p>\n<p>An\u00a0dat\u00a0ass\u00a0net\u00a0eise\u00a0Camp.<\/p>\n<p>S\u00e4it M\u00e9int j\u00e9imert d\u2019Patronat, dass d\u2019Betriber all an de Ruin gedriwwe gi wann de Mindestloun an d\u2019Lut geet. Dat selwecht Patronat wat \u00ebmmer j\u00e9imert wann iergend e soziale Fortschr\u00ebtt\u00a0 soll kommen, dat och scho gej\u00e9imert huet, w\u00e9i iwwerhaapt e Mindestloun agefouert gouf.<\/p>\n<p>Et\u00a0ass\u00a0nach\u00a0ni\u00a0e\u00a0Betrib\u00a0futti\u00a0gaang\u00a0well\u00a0e\u00a0senge\u00a0Leit\u00a0misst\u00a0en\u00a0uerdentleche\u00a0Loun bezuelen.<\/p>\n<p>An\u00a0H\u00e4r\u00a0Frieden,\u00a0H\u00e4r\u00a0Spautz\u00a0an\u00a0H\u00e4r\u00a0Delles:\u00a0d\u00e4r\u00a0setzt\u00a0deem\u00a0ganzen\u00a0nach\u00a0eng\u00a0peinlech Kroun\u00a0drop:\u00a0Dir\u00a0w\u00ebllt\u00a0dem\u00a0Patronat\u00a0d\u00e9i\u00a0normal\u00a0Lounupassung\u00a0nach\u00a0zu\u00a0engem\u00a0gudden Deel subvention\u00e9ieren:\u00a01\/3\u00a0dovu\u00a0soll\u00a0vun\u00a0eise\u00a0Steiergelder\u00a0bezuelt\u00a0ginn!<\/p>\n<p>Statt\u00a0eng\u00a0strukturell\u00a0Verbesserung\u00a0vum\u00a0Mindestloun\u00a0ze\u00a0maachen,\u00a0w\u00ebll\u00a0d\u00ebs\u00a0Regierung dass eise\u00a0Staat\u00a0dem\u00a0Patronat\u00a0Extraprofitter\u00a0bezilllt!<\/p>\n<p>Elo\u00a0soll\u00a0nach\u00a0een\u00a0sech\u00a0froen\u00a0op\u00a0w\u00e9i\u00a0enger\u00a0S\u00e4it\u00a0des\u00a0Regierung\u00a0steet.\u00a0Si\u00a0hunn\u00a0hire\u00a0Camp gewielt.<\/p>\n<p>De\u00a0Loun,\u00a0H\u00e4r\u00a0Reckinger,\u00a0ass\u00a0kee\u00a0K\u00e4schtefacteur,\u00a0et\u00a0ass\u00a0de\u00a0Pr\u00e4is\u00a0vun\u00a0der\u00a0Aarbecht\u00a0d\u00e9i Iech et\u00a0iwwerhaapt\u00a0erlaabt\u00a0Gew\u00ebnner\u00a0ze\u00a0erwirtschaften.<\/p>\n<p>A\u00a0wann\u00a0ee\u00a040\u00a0Stonne\u00a0schafft,\u00a0wann\u00a0ee\u00a040\u00a0Stonnen\u00a0d\u2019Woch\u00a0vu\u00a0sengem\u00a0Liewen\u00a0engem Patron \u00a0g\u00ebtt,\u00a0dann\u00a0ass\u00a0e\u00a0Mindestloun\u00a0vun\u00a0dem\u00a0ee\u00a0ka\u00a0liewe\u00a0jo\u00a0wuel\u00a0den\u00a0absolutte Minimum.<\/p>\n<p>Kolleeginnen\u00a0a\u00a0Kolleegen,<\/p>\n<p>Mir\u00a0hunn\u00a0et\u00a0f\u00e4erdeg\u00a0bruet\u00a0dass\u00a0hei\u00a0am\u00a0Land\u00a0jiderengem\u00a0bewosst\u00a0ginn\u00a0ass,\u00a0dass\u00a0ee\u00a0mamMindestloun\u00a0net\u00a0kann\u00a0iwwerliewen.<\/p>\n<p>Et\u00a0g\u00ebtt\u00a0och\u00a0e\u00a0Konsens,\u00a0an\u00a0et\u00a0ass\u00a0bal\u00a0net\u00a0ze\u00a0gleewen\u00a0datt\u00a0mir\u00a0iwwerhaapt\u00a0mussen doriwwer schw\u00e4tzen,\u00a0dass\u00a0ee\u00a0muss\u00a0vu\u00a0sengem\u00a0Loun\u00a0k\u00ebnne\u00a0liewen.<\/p>\n<p>&nbsp;<\/p>\n<p>Mee\u00a0H\u00e4r\u00a0Spautz,\u00a0f\u00e4llt\u00a0Iech\u00a0eppes\u00a0op?\u00a0Dat\u00a0liicht\u00a0jo\u00a0jidderengem\u00a0an,\u00a0et\u00a0g\u00ebtt\u00a0jo\u00a0just\u00a0eng logesch Konsequenz\u00a0aus\u00a0deenen\u00a0zwou\u00a0Feststellungen.<\/p>\n<p>De\u00a0Mindestloun\u00a0muss\u00a0erop\u00a0goen!!<\/p>\n<p>An\u00a0zwar\u00a0direkt,\u00a0an\u00a0zwar\u00a0em\u00a0300\u00a0Euro\u00a0an\u00a0net\u00a0manner!<\/p>\n<p>1+1=2\u00a0H\u00e4r\u00a0Spautz,\u00a0do\u00a0kann\u00a0d\u2019IGSS\u00a0nach\u00a0souvill\u00a0Prozenter\u00a0rechnen.<\/p>\n<p>D\u00e9i\u00a0schaffend\u00a0Leit\u00a0w\u00eblle\u00a0keng\u00a0Almosen,\u00a0keng\u00a0sozial\u00a0Transferte\u00a0fir\u00a0k\u00ebnnen\u00a0ze iwwerliewen,\u00a0si\u00a0brauchen\u00a0och\u00a0keen\u00a0Aarbechtsminister\u00a0den\u00a0hinnen\u00a0den\u00a0Index\u00a0als\u00a0eng Lounerh\u00e9ijung \u00a0verkeeft.<\/p>\n<p>Eise\u00a0Camp\u00a0weess\u00a0wat\u00a01+1\u00a0g\u00ebtt.\u00a0Halt\u00a0eis\u00a0net\u00a0fir\u00a0domm.\u00a0H\u00e4tt\u00a0der\u00a0Iech\u00a0dat\u00a0och\u00a0getraut wann \u00a0d\u2019Majorit\u00e9it\u00a0vun\u00a0de\u00a0Mindestlounempf\u00e4nger\u00a0walberechtegt\u00a0w\u00e4ren?<\/p>\n<p>&nbsp;<\/p>\n<p>Kolleeginnen\u00a0a\u00a0Kolleegen\u00a0,<\/p>\n<p>An\u00a0dob\u00e4i\u00a0hat\u00a0de\u00a0Luc\u00a0Frieden\u00a0de\u00a0Kampf\u00a0g\u00e9int\u00a0Aarmut,\u00a0a\u00a0virun\u00a0allem\u00a0de\u00a0Kampf\u00a0g\u00e9int Kanneraarmut, \u00a0zu\u00a0senger\u00a0grousser\u00a0Priorit\u00e9it\u00a0erkl\u00e4ert.<\/p>\n<p>Ween\u00a0ees\u00e4iteg\u00a0decid\u00e9iert,\u00a0Z\u00e9ngdausende\u00a0Familljen,\u00a0d\u00e9i\u00a0drop\u00a0ugewise\u00a0w\u00e4ren,\u00a0de Mindestloun \u00a0net\u00a0ze\u00a0h\u00e9ijen,\u00a0dee\u00a0soll\u00a0eis\u00a0och\u00a0net\u00a0virgaukelen,\u00a0Kanneraarmut\u00a0g\u00e9if\u00a0em eppes \u00a0ausmaachen!<\/p>\n<p>Kanneraarmut\u00a0ass\u00a0keng\u00a0Fatalit\u00e9it,\u00a0mee\u00a0d\u2019Resultat\u00a0vu\u00a0politesche\u00a0Choixen.<\/p>\n<p>&nbsp;<\/p>\n<p>L\u00e9if\u00a0Kolleeginnen\u00a0a\u00a0Kolleegen,<\/p>\n<p>Wa\u00a0Regierung\u00a0a\u00a0Patronat\u00a0elo\u00a0unisono\u00a0behaapten,\u00a0dass\u00a0de\u00a0wierkleche\u00a0Problem am\u00a0Land jo\u00a0guer\u00a0net\u00a0de\u00a0Mindestloun\u00a0ass,\u00a0mee\u00a0den\u00a0deiere\u00a0Logement,\u00a0da\u00a0soe\u00a0m\u00e4r\u00a0hinnen\u00a0haut:<\/p>\n<p>MA\u00a0DA\u00a0MAACHT\u00a0DO\u00a0ENDLECH\u00a0EPPES.\u00a0Well\u00a0am\u00a0Moment\u00a0maacht\u00a0der\u00a0weder\u00a0eppes\u00a0um Mindestloun,\u00a0nach\u00a0um\u00a0Logement.<\/p>\n<p>S\u00e4it\u00a0iwwer\u00a020\u00a0Joer,\u00a0ass\u00a0d\u2019Logementskrise\u00a0n\u00e4ischt\u00a0anescht\u00a0w\u00e9i\u00a0Staatsversoen.<\/p>\n<p>A\u00a0reegelm\u00e9issegen\u00a0Ofst\u00e4nn\u00a0ginn\u00a0eis\u00a0sougenannt\u00a0Mesur\u00ebp\u00e4ck\u00a0present\u00e9iert,\u00a0d\u00e9i\u00a0am Endeffekt \u00a0just\u00a0Steierkaddoe\u00a0fir\u00a0Spekulanten\u00a0op\u00a0Bauland\u00a0a\u00a0Wunnenge\u00a0sinn.<\/p>\n<p>Steierkaddoen\u00a0d\u00e9i\u00a0d\u2019Allgemengheet\u00a0deier\u00a0ze\u00a0kaschte\u00a0kommen,\u00a0d\u2019Staatsfinanzen hypothek\u00e9ieren \u00a0an\u00a0de\u00a0Problem\u00a0oft\u00a0just\u00a0nach\u00a0versch\u00e4erfen.<\/p>\n<p>Och\u00a0hei\u00a0huet\u00a0des\u00a0Regierung\u00a0hire\u00a0Camp\u00a0gewielt:\u00a0Dee\u00a0vun\u00a0de\u00a0Spekulanten,\u00a0vun\u00a0den Immobilienhaien, \u00a0vun\u00a0deenen\u00a0d\u00e9i\u00a0den\u00a0Hals\u00a0ni\u00a0voll\u00a0genuch\u00a0kenne\u00a0kr\u00e9ien.<\/p>\n<p>Kolleeginnen\u00a0a\u00a0Kolleegen,<\/p>\n<p>Fir\u00a0de\u00a0Logementsproblem\u00a0ze\u00a0bek\u00e4mpfen,\u00a0muss\u00a0een\u00a0d\u2019Kand\u00a0fir\u00a0d\u2019aller\u00e9ischt\u00a0beim\u00a0Nummnennen:<\/p>\n<p>Deen\u00a0Desaster,\u00a0mat\u00a0dem\u00a0mir\u00a0et\u00a0hei\u00a0ze\u00a0dinn\u00a0hunn,\u00a0ass\u00a0dorop\u00a0zr\u00e9ckzef\u00e9ieren,\u00a0dass Wunnen \u00a0hei\u00a0net\u00a0als\u00a0e\u00a0Grondrecht,\u00a0mee\u00a0als\u00a0en\u00a0Invest,\u00a0e\u00a0M\u00ebttel\u00a0fir\u00a0zu\u00a0Geld\u00a0ze\u00a0komme\u00a0gesi\u00a0g\u00ebtt.<\/p>\n<p>Ween\u00a0dog\u00e9int\u00a0well\u00a0ukommen,\u00a0muss\u00a0dem\u00a0private\u00a0March\u00e9,\u00a0muss\u00a0de\u00a0Spekulanten\u00a0am wouerste \u00a0S\u00ebnn\u00a0vum\u00a0Wuert\u00a0de\u00a0Buedem\u00a0entz\u00e9ien.<\/p>\n<p>Mir\u00a0brauchen\u00a0e\u00a0richtege\u00a0Loyersdeckel,\u00a0mir\u00a0brauche\u00a0massiven\u00a0\u00ebffentleche Wunnengsbau\u00a0fir\u00a0\u00ebffentlech\u00a0Mietwunnengen,\u00a0mir\u00a0brauche\u00a0staark\u00a0Mesure\u00a0g\u00e9int Spekulatioun.\u00a0Z\u00ebnter\u00a0m\u00e9i\u00a0w\u00e9i\u00a010\u00a0Joer\u00a0fuerdere\u00a0mir\u00a0eng\u00a0efficace\u00a0an\u00a0eng\u00a0progressiv Steier g\u00e9int\u00a0Zer\u00e9ckhalen\u00a0vu\u00a0Bauland\u00a0a\u00a0g\u00e9int\u00a0de\u00a0Leerstand\u00a0vu\u00a0Wunnraum, -z\u00ebnter\u00a0m\u00e9i\u00a0w\u00e9i\u00a010\u00a0Joer\u00a0fuerdere\u00a0mir\u00a0eng\u00a0progressiv\u00a0Steier\u00a0g\u00e9int\u00a0dat\u00a0iwwerzunnen\u00a0Hortenvun\u00a0Immobiliebes\u00ebtz.\u00a0N\u00e4ischt\u00a0vun\u00a0all\u00a0deem\u00a0ass\u00a0pass\u00e9iert!\u00a0A\u00a0mir\u00a0brauchen\u00a0och d\u2018\u00ebffentlech \u00a0\u00cbnnerst\u00ebtzung\u00a0fir\u00a0aner\u00a0Forme\u00a0vu\u00a0Wunnen,\u00a0w\u00e9i\u00a0d\u00e9i\u00a0sougenannte Wunnkooperativen.<\/p>\n<p>A\u00a0wann\u00a0de\u00a0Premierminister\u00a0m\u00e9intelaang\u00a0behaapt\u00a0huet\u00a0et\u00a0br\u00e4icht\u00a0keng\u00a0Tripartite\u00a0well mir\u00a0keng\u00a0Kris\u00a0hunn,\u00a0wann\u00a0e\u00a0souguer\u00a0souw\u00e4it\u00a0gaangen\u00a0ass\u00a0ze\u00a0behaapten d\u2018Logementskrise \u00a0w\u00e4r\u00a0riwwer,\u00a0da\u00a0muss\u00a0een\u00a0sech\u00a0wierklech\u00a0froen,\u00a0a\u00a0w\u00e9i\u00a0enger\u00a0Welt\u00a0hee\u00a0lieft!<\/p>\n<p>Mir\u00a0hunn\u00a0och\u00a0hei\u00a0eise\u00a0Camp\u00a0gewielt:\u00a0Et\u00a0ass\u00a0dee\u00a0vun\u00a0deenen\u00a0Zengdausende\u00a0Leit, R\u00e9sidenten, \u00a0Frontalieren,\u00a0d\u00e9i\u00a0keng\u00a0Wunnenge\u00a0fannen,\u00a0d\u00e9i\u00a0kee\u00a0Pr\u00eat\u00a0kr\u00e9ien\u00a0deen\u00a0h\u00e9ich genuch \u00a0ass,\u00a0d\u00e9i\u00a0den\u00a0Immobilienhaien\u00a0e\u00a0Groussdeel\u00a0vun\u00a0hirem\u00a0haart\u00a0erschaffte\u00a0Geld\u00a0e Liewe \u00a0laang\u00a0mussen\u00a0an\u00a0den\u00a0Hals\u00a0stiechen.<\/p>\n<p>Et\u00a0ass\u00a0dee\u00a0vun\u00a0all\u00a0deen\u00a0Jonken,\u00a0d\u00e9i\u00a0sech\u00a0hei\u00a0zu\u00a0L\u00ebtzebuerg\u00a0kee\u00a0Wunnraum\u00a0m\u00e9i\u00a0kenne leeschten \u00a0an\u00a0dofir\u00a0iwwer\u00a0d\u2019Grenze\u00a0verdr\u00e4ngt\u00a0ginn.<\/p>\n<p>Et\u00a0ass\u00a0de\u00a0Camp\u00a0vun\u00a0all\u00a0deenen,\u00a0fir\u00a0d\u00e9i\u00a0de\u00a0\u201eModell\u00a0L\u00ebtzebuerg\u201c\u00a0net\u00a0m\u00e9i\u00a0opgeet!<\/p>\n<p>&nbsp;<\/p>\n<p>Kolleeginnen\u00a0a\u00a0Kolleegen,<\/p>\n<p>Mir\u00a0stiechen\u00a0an\u00a0enger\u00a0Kris,\u00a0an\u00a0dat\u00a0net\u00a0r\u00e9ischt\u00a0s\u00e4it\u00a0g\u00ebschter,\u00a0an\u00a0och\u00a0net\u00a0r\u00e9ischt\u00a0zanter den \u00a0USA\u00a0hirem\u00a0v\u00eblkerrechtswiddregen\u00a0Ugr\u00ebff\u00a0op\u00a0den\u00a0Iran.<\/p>\n<p>D\u00e9i\u00a0international\u00a0Situatioun\u00a0setzt\u00a0eis\u00a0all\u00a0zou;\u00a0all\u00a0Dag\u00a0g\u00ebtt\u00a0V\u00eblkerrecht\u00a0mat\u00a0F\u00e9iss getr\u00ebppelt, \u00a0W\u00e4erter\u00a0w\u00e9i\u00a0Demokratie\u00a0a\u00a0Rechtsstaatlechkeet\u00a0sch\u00e9ngen\u00a0um\u00a0R\u00e9ckmarsch\u00a0ze\u00a0sinn,\u00a0den\u00a0Autoritarismus\u00a0an\u00a0d\u2019Extr\u00eame\u00a0Droite\u00a0gr\u00e4ifen\u00a0em\u00a0sech.<\/p>\n<p>An\u00a0\u00ebmmer\u00a0er\u00ebm\u00a0sinn\u00a0et\u00a0d\u00e9i\u00a0schaffend\u00a0Leit\u00a0deenen\u00a0hir\u00a0Rechter\u00a0an\u00a0Existenzen\u00a0als aller\u00e9ischt \u00a0bedrot\u00a0sinn.<\/p>\n<p>Iwwerall\u00a0an\u00a0der\u00a0Welt\u00a0k\u00e4mpfen\u00a0aktuell\u00a0eis\u00a0Gewerkschaftskolleeginnen\u00a0a\u00a0Kolleege\u00a0g\u00e9int autorit\u00e4r \u00a0voire\u00a0rietsextrem\u00a0Regimer,\u00a0Austerit\u00e9it\u00a0a\u00a0Sozialofbau.<\/p>\n<p>Mir\u00a0w\u00ebssen\u00a0all\u00a0wou\u00a0d\u2019Opr\u00ebschtungsspiral\u00a0w\u00e4ert\u00a0hif\u00e9ieren.\u00a0M\u00e9i\u00a0Krich,\u00a0m\u00e9i\u00a0Austerit\u00e9it\u00a0a m\u00e9i \u00a0Sozialofbau.<\/p>\n<p>An\u00a0duerch\u00a0de\u00a0rezente\u00a0Krich\u00a0am\u00a0Noen\u00a0Osten,\u00a0risk\u00e9iere\u00a0mir\u00a0elo\u00a0och\u00a0nach\u00a0an\u00a0eng Liewensm\u00ebttel- an\u00a0Energiekrise\u00a0eranzerutschen.<\/p>\n<p>Och am internationale Kontext huet eis Regierung hire Camp gewielt: Dee vun de Matleefer\u00a0 an de Jo-Soer,\u00a0 deenen all politesche Courage feelt, fir sech kloer ze position\u00e9ieren!<\/p>\n<p>An\u00a0si\u00a0verstoppen\u00a0sech\u00a0och\u00a0hannert\u00a0der\u00a0EU\u00a0wann\u00a0et\u00a0em\u00a0Entreprisen\u00a0an\u00a0hier Responsabilit\u00e9it am\u00a0Ber\u00e4ich\u00a0M\u00ebnscherechter,\u00a0Klima\u00a0an\u00a0\u00cbmwelt\u00a0geet.<\/p>\n<p>An\u00a0de\u00a0leschte\u00a0M\u00e9int\u00a0sinn\u00a0Nohaltegkeet,\u00a0M\u00ebnscherechter,\u00a0Klima-\u00a0an\u00a0\u00cbmweltschutz dacks \u00a0g\u00e9int\u00a0Kompetitivit\u00e9it\u00a0ausgespillt\u00a0ginn,\u00a0an\u00a0dat\u00a0besonnesch\u00a0vu\u00a0Konzerner\u00a0d\u00e9i Millioune \u00a0vun\u00a0Dividenden\u00a0an\u00a0de\u00a0leschte\u00a0Joren\u00a0ausbezuelt\u00a0hunn.<\/p>\n<p>An\u00a0dat\u00a0och\u00a0hei\u00a0zu\u00a0L\u00ebtzebuerg.<\/p>\n<p>&nbsp;<\/p>\n<p>L\u00e9if\u00a0Kolleeginnen\u00a0a\u00a0Kolleegen,<\/p>\n<p>D\u00e9i\u00a0Insel\u00a0vum\u00a0Gl\u00e9ck,\u00a0d\u00e9i\u00a0L\u00ebtzebuerg\u00a0mol\u00a0eng\u00a0K\u00e9ier\u00a0war,\u00a0ass\u00a0et\u00a0scho\u00a0laang\u00a0net\u00a0m\u00e9i.<\/p>\n<p>D\u2019Verspriechen,\u00a0dass\u00a0et\u00a0all\u00a0Generatioun\u00a0sollt\u00a0besser\u00a0goe\u00a0w\u00e9i\u00a0d\u00e4r\u00a0virdrun,\u00a0g\u00ebllt\u00a0net\u00a0m\u00e9i.<\/p>\n<p>An\u00a0dat\u00a0Versprieche\u00a0vum\u00a0m\u00e9i\u00a0netto\u00a0vum\u00a0brutto,\u00a0dat\u00a0Verspriechen\u00a0dass\u00a0d\u00ebs\u00a0Regierung soll \u00a0wierken,\u00a0dat\u00a0Versprieche\u00a0vun\u00a0Aarmut\u00a0bek\u00e4mpfe\u00a0sinn\u00a0och\u00a0alles\u00a0eidel\u00a0Versprieche bliwwen.<\/p>\n<p>D\u2018Ch\u00f4mage\u00a0Zuele\u00a0sinn\u00a0op\u00a0engem\u00a0historeschen\u00a0H\u00e9ich.<\/p>\n<p>D\u2018Staatsfinanzen\u00a0si\u00a0sou\u00a0schlecht\u00a0w\u00e9i\u00a0scho\u00a0laang\u00a0net\u00a0m\u00e9i.<\/p>\n<p>D\u2018Croissance\u00a0bleift\u00a0aus.<\/p>\n<p>An\u00a0da\u00a0k\u00ebnnt\u00a0d\u2019Versprieche\u00a0vun\u00a0der\u00a0Regierung\u00a02026\u00a0wier\u00a0d\u2019Joer\u00a0vun\u00a0der\u00a0Kompetitivit\u00e9it.<\/p>\n<p>&nbsp;<\/p>\n<p>Kolleeginnen a Kolleegen,<\/p>\n<p>Et\u00a0ass\u00a0an\u00a0esou\u00a0haarden\u00a0Z\u00e4iten,\u00a0wou\u00a0een\u00a0eng\u00a0Regierung\u00a0an\u00a0e\u00a0Staatsminister\u00a0kann\u00a0dru moosse\u00a0w\u00e9i\u00a0se\u00a0e\u00a0Land\u00a0f\u00e9ieren.<\/p>\n<p>Grad\u00a0a\u00a0Krisenz\u00e4iten\u00a0huet\u00a0de\u00a0L\u00ebtzebuerger\u00a0Modell\u00a0sech\u00a0\u00ebmmer\u00a0er\u00ebm\u00a0bew\u00e4ert.\u00a0Et\u00a0ass\u00a0ochgrad\u00a0an\u00a0enger\u00a0Krise\u00a0wou\u00a0de\u00a0Modell\u00a0entstan\u00a0ass.<\/p>\n<p>Eng\u00a0Stolkrise,\u00a0ausgel\u00e9ist\u00a0duerch\u00a0eng\u00a0P\u00ebtrolskrise.\u00a0Eng\u00a0P\u00ebtrolskrise\u00a0d\u00e9i\u00a0ausgel\u00e9ist\u00a0gouf duerch \u00a0Tensiounen\u00a0am\u00a0M\u00ebttleren\u00a0Osten.\u00a0Et\u00a0si\u00a0Krise\u00a0w\u00e9i\u00a0d\u00e9i\u00a0doten\u00a0an\u00a0deenen\u00a0sech decid\u00e9iert\u00a0w\u00e9i\u00a0d\u2019Land\u00a0an\u00a0Zukunft\u00a0ausges\u00e4it.<\/p>\n<p>Keng\u00a0technokratesch\u00a0Verwaltung\u00a0mee\u00a0politesch\u00a0W\u00e4itsicht\u00a0si\u00a0lo\u00a0gefuerdert.<\/p>\n<p>Natierlech\u00a0brauche\u00a0mir\u00a0elo\u00a0s\u00e9ier\u00a0Mesur\u00eb\u00a0fir\u00a0d\u2019St\u00e9it\u00a0an\u00a0natierlech\u00a0musse\u00a0mir\u00a0d\u00e9i Energiekrise\u00a0offiederen.<\/p>\n<p>Mee\u00a0hei\u00a0muss\u00a0et\u00a0vill\u00a0m\u00e9i\u00a0w\u00e4it\u00a0goe\u00a0w\u00e9i\u00a0dat.<\/p>\n<p>&nbsp;<\/p>\n<p>Kolleeginnen\u00a0a\u00a0Kolleegen,<\/p>\n<p>Mir\u00a0hunn\u00a0d\u00ebs\u00a0Tripartite\u00a0als\u00a0\u00e9ischt\u00a0gefuerdert.\u00a0An\u00a0natierlech\u00a0gi\u00a0mir\u00a0dohin.<\/p>\n<p>De\u00a0Premierminister\u00a0wollt\u00a0se\u00a0op\u00a0kee\u00a0Fall.\u00a0Fir\u00a0hie\u00a0resum\u00e9iert\u00a0sech\u00a0Tripartite\u00a0drop\u00a0wann\u00a02\u00a0\u00a0 \u00a0Indextranchen\u00a0an\u00a0engem\u00a0Joer\u00a0erfalen.\u00a0Dat\u00a0ass\u00a0seng\u00a0pers\u00e9inlech\u00a0Krise.<\/p>\n<p>Mee\u00a0eng\u00a0Krise\u00a0hu\u00a0mir.\u00a0Trotz\u00a0steigende\u00a0Beneficer,\u00a0trotz\u00a0Steiercadeaue\u00a0fir\u00a0d\u2019Betriber\u00a0drop an derwidder,\u00a0trotz\u00a0ongehemmter\u00a0Profitgier\u00a0si\u00a0mir\u00a0voll\u00a0an\u00a0enger\u00a0Krise.<\/p>\n<p>Mir\u00a0sinn\u00a0an\u00a0enger\u00a0sozialer\u00a0Krise.\u00a0Mir\u00a0sinn\u00a0an\u00a0enger\u00a0Lounkrise,\u00a0an\u00a0enger\u00a0Kafkraaftkrise,\u00a0anenger\u00a0Logementskrise.\u00a0Mir\u00a0sinn\u00a0an\u00a0enger\u00a0Aarbechtsplazenons\u00e9cherheetskrise.<\/p>\n<p>Mir\u00a0hu\u00a0virum\u00a0kuerzem\u00a0\u00ebnnert\u00a0d\u00ebser\u00a0Regierung\u00a0dee\u00a0gr\u00e9isste\u00a0Sozialplang\u00a0ever\u00a0gesinn\u00a0an dat\u00a0obwuel\u00a0Amazon\u00a0Milliarde\u00a0Profitter\u00a0m\u00e9cht\u00a0a\u00a0keng\u00a0Steiere\u00a0bezillt.<\/p>\n<p>A\u00a0wann\u00a0de\u00a0Ch\u00f4mage\u00a0explod\u00e9iert\u00a0ass\u00a0et\u00a0net\u00a0well\u00a0de\u00a0Mindestloun\u00a0\u00a0an\u00a0d\u2019Luucht\u00a0geet\u00a0oder\u00a0well\u00a0den\u00a0Index\u00a0erf\u00e4lt.<\/p>\n<p>Dann\u00a0ass\u00a0et\u00a0well\u00a0Grousskapital\u00a0den\u00a0Hals\u00a0net\u00a0voll\u00a0genuch\u00a0ka\u00a0kr\u00e9ien\u00a0an\u00a0elo\u00a0mat\u00a0H\u00ebllef\u00a0vu\u00a0KI\u00a0Dausenden\u00a0an\u00a0Dausenden\u00a0Aarbechtsplazen\u00a0w\u00ebll\u00a0ewech\u00a0rationalis\u00e9ieren.<\/p>\n<p>&nbsp;<\/p>\n<p>Si\u00a0loossen\u00a0de\u00a0Statec\u00a0eis\u00a0nach\u00a0monter\u00a0virrechnen\u00a0datt\u00a090%\u00a0vun\u00a0eisen\u00a0Aarbechtsplazen impakt\u00e9iert \u00a0w\u00e4erte\u00a0sinn\u00a0an\u00a0datt\u00a0der\u00a0carr\u00e9ment\u00a014%\u00a0ganz\u00a0ewech\u00a0falen,\u00a0a\u00a0wat\u00a0m\u00e9cht\u00a0des\u00a0Regierung\u00a0dann\u00a0:\u00a0n\u00e4ischt.<\/p>\n<p>E\u00a0KI\u00a0D\u00ebsch\u00a0op\u00a0eis\u00a0Fuerderung\u00a0hin\u00a0aberuff\u00a0fir\u00a0d\u2019Galerie,\u00a0nach\u00a0eng\u00a0Etude\u00a0an\u00a0Optrag\u00a0ginn, d\u2018UEL\u00a0seet\u00a0si\u00a0h\u00e4tt\u00a0mat\u00a0KI\u00a0n\u00e4ischt\u00a0ze\u00a0dinn\u00a0an\u00a0dat\u00a0war\u00a0et\u00a0dann.<\/p>\n<p>Sollt\u00a0et\u00a0da\u00a0wierklech\u00a0zu\u00a0enger\u00a0grousser\u00a0Wirtschaftskrise\u00a0kommen,\u00a0k\u00ebnne\u00a0mir\u00a0dann\u00a0dat n\u00e9idegt \u00a0Vertrauen\u00a0an\u00a0d\u00ebs\u00a0Regierung\u00a0hunn\u00a0d\u2019Sch\u00ebff\u00a0ganz\u00a0duerch\u00a0dat\u00a0stiermescht Gew\u00e4sser \u00a0ze\u00a0br\u00e9ngen?<\/p>\n<p>Jo\u00a0mir\u00a0ginn\u00a0an\u00a0Tripartite.\u00a0Mee\u00a0mir\u00a0gi\u00a0weder\u00a0an\u00a0Tripartite\u00a0fir\u00a0den\u00a0Index\u00a0ze\u00a0manipul\u00e9ieren\u00a0\u2013\u00a0 dat sollen\u00a0se\u00a0sech\u00a0all\u00a0gesot\u00a0si\u00a0loossen,\u00a0nach\u00a0gi\u00a0mir\u00a0dohin\u00a0fir\u00a0Gepl\u00e9ischters.<\/p>\n<p>Dat\u00a0hei\u00a0muss\u00a0eng\u00a0Tripartite\u00a0mat\u00a0W\u00e4itbl\u00e9ck\u00a0ginn.\u00a0D\u00e9i\u00a0hei\u00a0muss\u00a0richtungsweisend\u00a0sinn. Mir \u00a0mussen\u00a0eis\u00a0fir\u00a0Zukunft\u00a0opstellen.<\/p>\n<p>&nbsp;<\/p>\n<p>Kolleeginnen\u00a0a\u00a0Kolleegen,<\/p>\n<p>Et\u00a0ass\u00a0eis\u00a0ni\u00a0eppes\u00a0geschenkt\u00a0ginn\u00a0an\u00a0n\u00e4ischt\u00a0ass\u00a0vum\u00a0Himmel\u00a0gefall.<\/p>\n<p>Duerfir\u00a0g\u00ebschter,\u00a0w\u00e9i\u00a0haut,\u00a0w\u00e9i\u00a0muer,\u00a0et\u00a0ass\u00a0un\u00a0eis\u00a0Zukunft\u00a0ze\u00a0gestalten.\u00a0L\u00ebtzebuerg prett \u00a0ze\u00a0maachen\u00a0fir\u00a0muer.<\/p>\n<p>Wat\u00a0fir\u00a0e\u00a0Land\u00a0w\u00eblle\u00a0mir?\u00a0Wat\u00a0fir\u00a0e\u00a0Land\u00a0w\u00eblle\u00a0mir\u00a0eise\u00a0Kanner\u00a0hannerloossen?<\/p>\n<p>Eent\u00a0an\u00a0dem\u00a0sech\u00a0lount\u00a0ze\u00a0liewen\u00a0an\u00a0ze\u00a0schaffen.\u00a0\u00a0Eent\u00a0mat<\/p>\n<ul>\n<li>Guddena\u00a0s\u00e9cheren\u00a0Aarbechtsplazen<\/li>\n<li>KorrektL\u00e9in\u00a0vun\u00a0deenen\u00a0ee\u00a0ka\u00a0liewen<\/li>\n<li>StaarkBetriber\u00a0d\u00e9i\u00a0gutt\u00a0Aarbechtsbedingungen\u00a0bidden,\u00a0d\u00e9i\u00a0Aarbechtsplazen erhaalen, \u00a0d\u00e9i\u00a0d\u2019Leit\u00a0an\u00a0hier\u00a0Vertriedung,\u00a0d\u2019Gewerkschaften\u00a0eescht\u00a0huelen<\/li>\n<li>MatArbechtsz\u00e4iten\u00a0d\u00e9i\u00a0d\u2019Leit\u00a0net\u00a0krank\u00a0machen<\/li>\n<li>ELand\u00a0wou\u00a0jiddereen\u00a0sech\u00a0en\u00a0Daach\u00a0iwwert\u00a0dem\u00a0Kapp\u00a0ka\u00a0leeschten<\/li>\n<li>Matstaarken\u00a0\u00ebffentlechen\u00a0D\u00e9ngschter<\/li>\n<li>Matenger\u00a0gudder\u00a0\u00ebffentlecher\u00a0Gesondheetsversuergung\u00a0fir\u00a0jiddereen<\/li>\n<li>Matgudde\u00a0Pensiounen<\/li>\n<li>Engemgerechte\u00a0Steiersystem\u00a0wou\u00a0d\u00e9i\u00a0mat\u00a0de\u00a0breede\u00a0Sch\u00ebllere\u00a0musse\u00a0b\u00e4idroen<\/li>\n<li>Endemokratescht\u00a0Land\u00a0wou\u00a0mir\u00a0all\u00a0eist\u00a0Wuert\u00a0matzeschw\u00e4tzen\u00a0hunn,\u00a0ob\u00a0op\u00a0der Aarbechtsplaz, \u00a0do\u00a0wou\u00a0mir\u00a0wunnen,\u00a0oder\u00a0an\u00a0der\u00a0Politik<\/li>\n<li>ELand\u00a0wat\u00a0Virreider\u00a0ass\u00a0an\u00a0der\u00a0sozial\u00a0gerechter\u00a0ekologescher\u00a0Transitioun<\/li>\n<\/ul>\n<p>Kolleegen\u00a0a\u00a0Kolleegen,<\/p>\n<p>L\u00ebtzebuerg\u00a0brauch\u00a0grad\u00a0elo\u00a0d\u00e9i\u00a0do\u00a0Visioun.\u00a0Mir\u00a0brauchen\u00a0elo\u00a0en\u00a0New\u00a0Deal\u00a0fir L\u00ebtzebuerg.<\/p>\n<p>An\u00a0jo\u00a0,dat\u00a0w\u00e4ert\u00a0eppes\u00a0kaschten.\u00a0A\u00a0mir\u00a0brauchen\u00a0Investitiounen\u00a0an\u00a0Zukunft. D\u2018Scholdegrenz \u00a0vun\u00a030%\u00a0war\u00a0fir\u00a0eis\u00a0ni\u00a0eng\u00a0helleg\u00a0Kou.<\/p>\n<p>Mee\u00a0mir\u00a0loossen\u00a0eis\u00a0net\u00a0als\u00a0Alibi\u00a0gebrauche\u00a0fir\u00a0riicht\u00a0virun\u00a0de\u00a0Multinationale\u00a0Cadeauen mat \u00a0der\u00a0G\u00e9isskan\u00a0ze\u00a0maachen\u00a0a\u00a0fir\u00a0Milliarden\u00a0an\u00a0Opr\u00ebschtung\u00a0ze\u00a0stiechen.<\/p>\n<p>All\u00a0Euro\u00a0den\u00a0elo\u00a0invest\u00e9iert\u00a0g\u00ebtt,\u00a0muss\u00a0an\u00a0Zukunft\u00a0vun\u00a0eisem\u00a0Land\u00a0fl\u00e9issen. An\u00a0deen\u00a0New\u00a0Deal\u00a0fir\u00a0L\u00ebtzebuerg.<\/p>\n<p>Mir\u00a0brauchen\u00a0e\u00a0Mesur\u00ebpaack,<\/p>\n<ul>\n<li>deeL\u00ebtzebuerg\u00a0fit\u00a0fir\u00a0muer\u00a0m\u00e9cht,<\/li>\n<li>deneis\u00a0Aarbechtsplazen\u00a0ofs\u00e9chert\u00a0an\u00a0neier\u00a0schaaft,<\/li>\n<li>deefir\u00a0gutt\u00a0a\u00a0korrekt\u00a0bezuelten\u00a0Aarbecht\u00a0suergt,<\/li>\n<li>deend\u2019D\u00e9fien\u00a0d\u00e9i\u00a0virun\u00a0eis\u00a0stinn\u00a0haut\u00a0scho\u00a0prepar\u00e9iert.<\/li>\n<\/ul>\n<p>An\u00a0zwar\u00a0am\u00a0S\u00ebnn\u00a0vun\u00a0dem\u00a0Land\u00a0an\u00a0dem\u00a0et\u00a0sech\u00a0lount\u00a0ze\u00a0liewen\u00a0an\u00a0ze\u00a0schaffen.<\/p>\n<p>&nbsp;<\/p>\n<p>Kolleeginnen\u00a0a\u00a0Kolleegen,<\/p>\n<p>Fir\u00a0gutt\u00a0a\u00a0s\u00e9cher\u00a0Aarbechtsplazen\u00a0brauche\u00a0mir\u00a0e\u00a0modernt\u00a0Aarbechtsrecht.\u00a0Eent,\u00a0wat\u00a0deSalari\u00e9\u00a0sch\u00fctzt,\u00a0och\u00a0an\u00a0ons\u00e9cheren\u00a0Z\u00e4iten.<\/p>\n<p>Duerfir\u00a0brauche\u00a0mir\u00a0elo\u00a0direkt\u00a0en\u00a0Aktiounsplang\u00a0fir\u00a0m\u00e9i\u00a0Kollektivvertr\u00e4g.<\/p>\n<p>Mir brauche m\u00e9i sektoriell Kollektivvertr\u00e4g an\u00a0 duerfir brauche mir eng Obligatioun am Gesetz fir sektoriell ze verhandelen.<\/p>\n<p>All\u00a0march\u00e9\u00a0public\u00a0an\u00a0all\u00a0\u00ebffentlech\u00a0Subventioun\u00a0muss\u00a0un\u00a0d\u2019Existenz\u00a0vun\u00a0engem Kollektivvertrag \u00a0gebonne\u00a0ginn.<\/p>\n<p>Staat\u00a0a\u00a0Gemenge\u00a0mussen\u00a0endlech\u00a0ophalen\u00a0als\u00a0Sponsor\u00a0vum\u00a0Sozialdumping\u00a0ze\u00a0ag\u00e9ieren!<\/p>\n<p>Betriber\u00a0d\u00e9i\u00a0hire\u00a0Leit\u00a0gutt\u00a0Loun-\u00a0an\u00a0Aarbechtsbedingungen\u00a0bidden,\u00a0sollen\u00a0och\u00a0k\u00ebnnen\u00a0ande\u00a0Genoss\u00a0vun\u00a0\u00ebffentlechen\u00a0H\u00ebllefe\u00a0kommen.<\/p>\n<p>Mir\u00a0brauchen\u00a0eng\u00a0Opw\u00e4ertsspiral.\u00a0Et\u00a0muss\u00a0zum\u00a0gudden\u00a0Toun\u00a0geh\u00e9ieren\u00a0e Kollektivvertrag \u00a0ze\u00a0hunn.<\/p>\n<p>Gutt\u00a0a\u00a0s\u00e9cher\u00a0Aarbechtsplazen\u00a0heescht\u00a0och\u00a0net\u00a0\u00ebmmer\u00a0an\u00a0der\u00a0Angscht\u00a0mussen\u00a0ze liewen\u00a0seng\u00a0muer\u00a0ze\u00a0verl\u00e9ieren.\u00a0Och\u00a0hei\u00a0brauche\u00a0mir\u00a0Reformen\u00a0am\u00a0Aarbechtsrecht\u00a0d\u00e9i\u00a0d\u2019Leit\u00a0sch\u00fctzen.\u00a0Ier\u00a0Aarbechtsplazen\u00a0massiv\u00a0ofgebaut\u00a0ginn,\u00a0muss\u00a0mol\u00a0fir\u00a0d\u2019\u00e9ischt\u00a0duerfirgesuergt\u00a0ginn\u00a0se\u00a0ze\u00a0erhalen.<\/p>\n<p>A\u00a0mir\u00a0w\u00ebllen\u00a0d\u00e9i\u00a0Aarbechtsplazen\u00a0erhalen\u00a0am\u00a0Betrib,\u00a0am\u00a0Secteur,\u00a0am\u00a0Land.<\/p>\n<p>Mir\u00a0brauchen\u00a0eng\u00a0Reform\u00a0vum\u00a0Plan\u00a0de\u00a0Maintien\u00a0dans\u00a0l\u2018Emploi\u00a0Gesetz,\u00a0vum\u00a0Plan\u00a0social\u00a0Gesetz,\u00a0vum\u00a0Faillite\u00a0Gesetz.<\/p>\n<p>An\u00a0d\u00ebsen\u00a0Z\u00e4iten,\u00a0grad\u00a0am\u00a0Hibl\u00e9ck\u00a0op\u00a0d\u00e9i\u00a0grouss\u00a0Transformatioune\u00a0musse\u00a0mir\u00a0eis\u00a0d\u00e9i n\u00e9ideg \u00a0Instrumenter\u00a0ginn.\u00a0An\u00a0jo,\u00a0dat\u00a0bedeit\u00a0och\u00a0en\u00a0neie\u00a0Modell\u00a0DAC,\u00a0division\u00a0anti-crise.<\/p>\n<p>Gutt\u00a0a\u00a0s\u00e9cher\u00a0Aarbechtsplazen\u00a0sinn\u00a0\u00a0och\u00a0korrekt\u00a0bezuelt.\u00a0Dat\u00a0bedeit\u00a0natierlech\u00a0gutt\u00a0a staark \u00a0Kollektivvertr\u00e4g.\u00a0Dat\u00a0bedeit\u00a0och\u00a0e\u00a0gudde\u00a0Mindestloun.<\/p>\n<p>An\u00a0engem\u00a0Land\u00a0wou\u00a0et\u00a0sech\u00a0lount\u00a0ze\u00a0liewen\u00a0an\u00a0ze\u00a0schaffen,\u00a0muss\u00a0et\u00a0och\u00a0normal\u00a0sinn datt \u00a0d\u2018Betriber\u00a0e\u00a0korrekte\u00a0Mindestloun\u00a0k\u00ebnne\u00a0bezuelen\u00a0an\u00a0datt\u00a0dat\u00a0e\u00a0Loun\u00a0ass\u00a0deen duer\u00a0geet\u00a0fir\u00a0ze\u00a0liewen.<\/p>\n<p>Gutt\u00a0a\u00a0s\u00e9cher\u00a0Aarbechtsplazen\u00a0kritt\u00a0een\u00a0natierlech\u00a0n\u00ebmme\u00a0mat\u00a0gudden\u00a0a\u00a0s\u00e9chere Betriber.<\/p>\n<p>Well\u00a0Kolleeginnen\u00a0a\u00a0Kolleegen,<\/p>\n<p>Mir\u00a0sinn\u00a0net\u00a0de\u00a0Feind\u00a0vun\u00a0de\u00a0Betriber.\u00a0Well\u00a0ouni\u00a0eis\u00a0ginn\u00a0et\u00a0keng\u00a0Betriber.\u00a0Mee\u00a0mir\u00a0w\u00eblle\u00a0Betriber\u00a0d\u00e9i:<\/p>\n<ul>\n<li>Heizu\u00a0L\u00ebtzebuerg\u00a0invest\u00e9ieren\u00a0an\u00a0net\u00a0Dividenden\u00a0un\u00a0d\u2019Aktionnairen\u00a0iergendwou\u00a0an\u00a0der\u00a0Welt\u00a0aussch\u00ebdden.<\/li>\n<li>D\u00e9ihei\u00a0zu\u00a0L\u00ebtzebuerg hier\u00a0Steiere\u00a0bezuelen<\/li>\n<li>An sech un eisen L\u00ebtzebuerger Modell halen an eis Gesetzer a Geflogenheeten respekt\u00e9ieren<\/li>\n<li>Anan\u00a0deenen\u00a0 d\u00e9i\u00a0schaffend\u00a0Leit\u00a0och\u00a0hiert\u00a0Wuert\u00a0mat\u00a0ze\u00a0schw\u00e4tzen\u00a0hunn<\/li>\n<\/ul>\n<p>Mir\u00a0w\u00ebllen\u00a0\u00cbnnerst\u00ebtzung\u00a0fir\u00a0genee\u00a0d\u00e9i\u00a0doten\u00a0Betriber.<\/p>\n<p>A\u00a0well\u00a0et\u00a0ouni\u00a0eis\u00a0keng\u00a0Betriber\u00a0ginn,\u00a0a\u00a0well\u00a0d\u00e9i\u00a0schaffend\u00a0Leit\u00a0hire\u00a0Betrib\u00a0oft\u00a0besser kenne \u00a0w\u00e9i\u00a0iergendeen\u00a0Aktion\u00e4r,\u00a0w\u00eblle\u00a0mir\u00a0d\u00e9i\u00a0Betriber\u00a0och\u00a0k\u00ebnne\u00a0matgestalten.<\/p>\n<p>Mir\u00a0fuerderen<\/p>\n<ul>\n<li>m\u00e9iRechter\u00a0a\u00a0m\u00e9i\u00a0Stonne\u00a0fir\u00a0Personaldeleg\u00e9ierten,<\/li>\n<li>mirfuerdere\u00a0m\u00e9i\u00a0Matbest\u00ebmmung\u00a0am\u00a0Betrib,<\/li>\n<li>Cod\u00e9cisiounan\u00a0allen\u00a0Entreprisen<\/li>\n<li>aneng\u00a0St\u00e4erkung\u00a0vun\u00a0de\u00a0national\u00a0representative\u00a0Gewerkschaften.<\/li>\n<\/ul>\n<p>Mir\u00a0fuerderen\u00a0och\u00a0eng\u00a0wierklech\u00a0Cod\u00e9cisioun\u00a0op\u00a0sektoriellem\u00a0an\u00a0nationalem\u00a0Plang, \u00ebnnert \u00a0anerem\u00a0um\u00a0Niveau\u00a0vum\u00a0CPTE!<\/p>\n<p>Oft\u00a0genuch\u00a0hu\u00a0mir\u00a0lo\u00a0dat\u00a0Spillche\u00a0vum\u00a0consulter,\u00a0puis\u00a0d\u00e9cider\u00a0matgemaach,\u00a0allze\u00a0oft huet \u00a0d\u2019Patronat\u00a0eis\u00a0erkl\u00e4ert\u00a0et\u00a0g\u00e9if\u00a0keng\u00a0Codecisioun\u00a0ginn.<\/p>\n<p>Weem\u00a0de\u00a0L\u00ebtzebuerger\u00a0Modell\u00a0eppes\u00a0w\u00e4ert\u00a0ass,\u00a0dee\u00a0muss\u00a0en\u00a0och\u00a0eescht\u00a0huelen:\u00a0Bei alle \u00a0wichtegen\u00a0Entscheedungen,\u00a0d\u00e9i\u00a0d\u2019Aarbechtsbedingungen\u00a0vun\u00a0de\u00a0schaffende\u00a0Leit betreffen, \u00a0muss\u00a0et\u00a0eng\u00a0reell\u00a0Verhandlung\u00a0ginn.<\/p>\n<p>Gutt\u00a0a\u00a0s\u00e9cher\u00a0Aarbechtsplazen\u00a0bedeit\u00a0och\u00a0Aarbechtsz\u00e4iten\u00a0d\u00e9i\u00a0net\u00a0krank\u00a0maachen.\u00a0Mir\u00a0w\u00eblle\u00a0manner\u00a0Stonne\u00a0schaffen\u00a0aplaz\u00a0m\u00e9i.<\/p>\n<p>Den\u00a01.Mee\u00a0ass\u00a0entstan\u00a0aus\u00a0dem\u00a0Kampf\u00a0fir\u00a0den\u00a08\u00a0Stonnen\u00a0Dag.\u00a0Eng\u00a0Grondfuerderung vun \u00a0der\u00a0Aarbechterbeweegung\u00a0war\u00a0et\u00a08\u00a0Stonne\u00a0schaffen,\u00a08\u00a0Stonne\u00a0Fr\u00e4iz\u00e4it,\u00a08\u00a0Stonne Rou.<\/p>\n<p>Mee\u00a0do\u00a0si\u00a0mir\u00a0haut\u00a0net.\u00a0Am\u00a0G\u00e9igendeel.<\/p>\n<p>D\u00e9i\u00a0lescht\u00a0Aarbechtsz\u00e4itverkierzung\u00a0hate\u00a0mir\u00a01975.<\/p>\n<p>An\u00a0der\u00a0T\u00ebschenz\u00e4it\u00a0verbr\u00e9nge\u00a0mir\u00a0all\u00a0m\u00e9i\u00a0Z\u00e4it\u00a0um\u00a0Wee\u00a0op\u00a0d\u2019Aarbecht\u00a0am\u00a0Stau,\u00a0op\u00a0der Aarbecht \u00a0ass\u00a0den\u00a0Drock\u00a0\u00ebmmer\u00a0m\u00e9i\u00a0grouss,\u00a0an\u00a0och\u00a0no\u00a0der\u00a0Aarbecht\u00a0si\u00a0mir\u00a0nach permanent\u00a0 disponibel\u00a0a\u00a0mat\u00a0der\u00a0Aarbecht\u00a0verbonnen.<\/p>\n<p>D\u2019Versprieche\u00a0vum\u00a0technologesche\u00a0Fortschr\u00ebtt\u00a0war\u00a0et\u00a0dass\u00a0mir\u00a0all\u00a0w\u00e4erte\u00a0manner musse \u00a0schaffen.\u00a0Wat\u00a0ass\u00a0geschitt?<\/p>\n<p>Profitter\u00a0ginn\u00a0erop\u00a0an\u00a0den\u00a0Drock\u00a0m\u00e9i\u00a0staark\u00a0an\u00a0de\u00a0Luc\u00a0Frieden\u00a0mat\u00a0sengem\u00a0Kolleeg Michel\u00a0 Reckinger\u00a0w\u00ebllen\u00a0dass\u00a0mir\u00a0all\u00a0m\u00e9i\u00a0an\u00a0nach\u00a0m\u00e9i\u00a0laang\u00a0schaffen.<\/p>\n<p>Sie\u00a0dreeme\u00a0vum\u00a024\/7\u00a0disponibelen\u00a0an\u00a0total\u00a0flexibele\u00a0Salari\u00e9\u00a0deen\u00a0nach\u00a0dankbar\u00a0soll\u00a0si fir \u00a0iwwerhaapt\u00a0dierfe\u00a0bei\u00a0hinnen\u00a0ze\u00a0schaffen.\u00a0An\u00a0dat\u00a0nennen\u00a0se\u00a0da\u00a0modern.<\/p>\n<p>&nbsp;<\/p>\n<p>Kolleeginnen\u00a0a\u00a0Kolleegen,<\/p>\n<p>Lescht\u00a0Jo\u00ebr\u00a0hu\u00a0mir\u00a0eis\u00a0gewiert\u00a0dass\u00a0se\u00a0eis\u00a0Liewensaarbechtz\u00e4it\u00a0net\u00a0verl\u00e4ngeren,\u00a0haut\u00a0stimir\u00a0op\u00a0fir\u00a0eng\u00a0Aarbechtsz\u00e4itverkierzung.<\/p>\n<p>Mir\u00a0brauchen\u00a0elo\u00a0direkt:<\/p>\n<ul>\n<li>D\u00e9i6.\u00a0Cong\u00e9swoch\u00a0fir\u00a0jiddereen.<\/li>\n<li>EngVerkierzung\u00a0vun\u00a0der\u00a0Aarbechtsz\u00e4it\u00a0bei\u00a0vollem\u00a0Lounausgl\u00e4ich<\/li>\n<li>M\u00e9iPausen\u00a0aplaz\u00a0manner<\/li>\n<li>M\u00e9iZ\u00e4it\u00a0fir\u00a0eis\u00a0Famillen-\u00a0a\u00a0Privatliewen<\/li>\n<li>MannerZ\u00e4it\u00a0op\u00a0der\u00a0Aarbecht\u00a0an\u00a0am\u00a0Stau<\/li>\n<\/ul>\n<p>Sou\u00a0ges\u00e4it\u00a0eng\u00a0Gesellschaft\u00a0aus\u00a0an\u00a0d\u00e4r\u00a0mir\u00a0liewen\u00a0a\u00a0schaffe\u00a0w\u00ebllen.\u00a0A\u00a0mir\u00a0si\u00a0bereet duerfir\u00a0ze\u00a0k\u00e4mpfen.<\/p>\n<p>&nbsp;<\/p>\n<p>Kolleeginnen\u00a0a\u00a0Kolleegen,<\/p>\n<p>Des\u00a0Regierung\u00a0huet\u00a0gewisen\u00a0datt\u00a0se\u00a0n\u00ebmmen\u00a0op\u00a0eis\u00a0lauschtert\u00a0wa\u00a0mir\u00a0op\u00a0der\u00a0Strooss sinn. \u00a0An\u00a0deenen\u00a0leschten\u00a02,5\u00a0Joer\u00a0hu\u00a0mir\u00a0scho\u00a0vill\u00a0misse\u00a0mobilis\u00e9ieren\u00a0a\u00a0mir\u00a0haten\u00a0eng\u00a0historesch\u00a0national\u00a0Manif.<\/p>\n<p>D\u00e9i\u00a0n\u00e4chst\u00a0Aktioune\u00a0sti\u00a0virun\u00a0der\u00a0Dier.<\/p>\n<p>Mee\u00a0wann\u00a0et\u00a0em\u00a0eis\u00a0Gesondheetsversuergung\u00a0an\u00a0eis\u00a0s\u00e9curit\u00e9\u00a0sociale\u00a0geet,\u00a0em\u00a0eist Allerwichtegst \u00a0do\u00a0kenne\u00a0mir\u00a0keng\u00a0Grenz.\u00a0Do\u00a0si\u00a0mir\u00a0bereet\u00a0bis\u00a0zum\u00a0\u00c4ussersten\u00a0ze\u00a0goen.<\/p>\n<p>Et\u00a0kristallis\u00e9iert\u00a0sech\u00a0\u00ebmmer\u00a0m\u00e9i\u00a0eraus\u00a0datt\u00a0net\u00a0n\u00ebmmen\u00a0d\u2019Immobilienhaien\u00a0a\u00a0Patronat\u00a0Versprieche\u00a0gemaach\u00a0krute\u00a0vun\u00a0der\u00a0Regierung,\u00a0mee\u00a0och\u00a0d\u00e9i\u00a0liberal\u00a0Dokteren.<\/p>\n<p>Och\u00a0hei\u00a0huet\u00a0d\u2019Regierung\u00a0hire\u00a0Camp\u00a0gewielt.<\/p>\n<p>Gemeinsam\u00a0mam\u00a0radikaalste\u00a0Fligel\u00a0vun\u00a0der\u00a0Dokterschaft\u00a0hunn\u00a0se\u00a0vun\u00a0der Privatis\u00e9ierung\u00a0 vun\u00a0eisem\u00a0Gesondheetswiese\u00a0gedreemt.<\/p>\n<p>Si\u00a0hunn\u00a0dovunner\u00a0gedreemt\u00a0sech\u00a0mat\u00a0eiser\u00a0Gesondheetsversuergung\u00a0d\u2018T\u00e4sche\u00a0voll\u00a0ze stichen. \u00a0Eise\u00a0staarken\u00a0\u00ebffentleche\u00a0Sant\u00e9ssystem\u00a0ze\u00a0zerschloen.<\/p>\n<p>Si\u00a0wollten\u00a0a\u00a0w\u00ebllen\u00a0eng\u00a0Zwouklassemedezin\u00a0an\u00a0d\u00e4r,\u00a0d\u00e9i\u00a0d\u00e9i\u00a0sech\u00a0et\u00a0leeschte\u00a0k\u00ebnne\u00a0gutt\u00a0versuergt\u00a0ginn,\u00a0a\u00a0fir\u00a0all\u00a0d\u00e9i\u00a0aner\u00a0n\u00ebmme\u00a0Grimmelen\u00a0iwwreg\u00a0bleiwen.<\/p>\n<p>&nbsp;<\/p>\n<p>Kolleeginnen\u00a0a\u00a0Kolleegen,<\/p>\n<p>Och\u00a0mir\u00a0hunn\u00a0eise\u00a0Camp\u00a0gewielt:\u00a0Et\u00a0ass\u00a0dee\u00a0vun\u00a0der\u00a0breeder\u00a0Mass\u00a0vu\u00a0Leit,\u00a0d\u00e9i gemeinsam \u00a0a\u00a0solidaresch\u00a0an\u00a0d\u2019Keessen\u00a0abezuelen,\u00a0fir\u00a0kenne\u00a0fir\u00a0d\u00e9i\u00a0do\u00a0ze\u00a0sinn,\u00a0deenen\u00a0et\u00a0manner\u00a0gutt\u00a0geet.\u00a0Et\u00a0ass\u00a0dee\u00a0vun\u00a0de\u00a0Patienten,\u00a0d\u00e9i\u00a0op\u00a0eng\u00a0gutt\u00a0\u00ebffentlech Gesondheetsversuergung \u00a0ugewise\u00a0sinn.\u00a0Et\u00a0ass\u00a0dee\u00a0vum\u00a0Personal,\u00a0fir\u00a0dat\u00a0eng Privatis\u00e9ierung\u00a0 Synonym\u00a0vun\u00a0enger\u00a0massiver\u00a0Verschlechterung\u00a0vun\u00a0den Aarbechtskonditiounen \u00a0wier.<\/p>\n<p>Ech\u00a0w\u00ebll,\u00a0ech\u00a0muss\u00a0hei\u00a0kloer\u00a0sinn.<\/p>\n<p>Sollt\u00a0dat\u00a0doten\u00a0effektiv\u00a0Regierungspolitik\u00a0sinn,\u00a0da\u00a0w\u00e4erten\u00a0all\u00a0d\u2019D\u00e4mm\u00a0hei\u00a0am\u00a0Land briechen.<\/p>\n<p>Da\u00a0w\u00e4ert\u00a0d\u2018Unioun\u00a0OGBL\u00a0an\u00a0LCGB\u00a0eng\u00a0Informatiouns-\u00a0a\u00a0Mobilis\u00e9ierungscampagne\u00a0hei\u00a0am\u00a0Land,\u00a0an\u00a0och\u00a0an\u00a0der\u00a0Groussregioun,\u00a0op\u00a0de\u00a0Wee\u00a0br\u00e9ngen,\u00a0w\u00e9i\u00a0mir\u00a0se\u00a0bis\u00a0elo\u00a0sou nach \u00a0net\u00a0kannt\u00a0hunn.<\/p>\n<p>An\u00a0um\u00a0Enn\u00a0vun\u00a0d\u00ebser\u00a0Campagne\u00a0ass\u00a0dann\u00a0de\u00a0Generalstreik\u00a0net\u00a0m\u00e9i\u00a0ze\u00a0verh\u00ebnneren!<\/p>\n<p>Eis\u00a0s\u00e9curit\u00e9\u00a0sociale,\u00a0eis\u00a0Gesondheetsvers\u00e9cherung\u00a0ass\u00a0eis\u00a0dat\u00a0w\u00e4ert!<\/p>\n<p>Mir\u00a0hunn\u00a0ee\u00a0vun\u00a0deene\u00a0beschten\u00a0a\u00a0st\u00e4erksten\u00a0\u00ebffentleche\u00a0Gesondheetssystemer\u00a0op\u00a0derWelt.\u00a0Dee\u00a0verteidege\u00a0mir\u00a0mat\u00a0allem\u00a0wat\u00a0mir\u00a0hunn.\u00a0Do\u00a0geet\u00a0keen\u00a0drun!<\/p>\n<p>Kolleeginnen\u00a0a\u00a0Kolleegen,<\/p>\n<p>Dat\u00a0selwecht\u00a0g\u00ebllt\u00a0och\u00a0fir\u00a0eis\u00a0Renten.\u00a0Mir\u00a0hu\u00a0genuch\u00a0driwwer\u00a0geschwat.\u00a0Alles\u00a0ass\u00a0gesot.\u00a025.000\u00a0Leit\u00a0hunn\u00a0et\u00a0gesot\u00a0:\u00a0Patten\u00a0ewech\u00a0vun\u00a0eise\u00a0Pensiounen!<\/p>\n<p>Dat\u00a0soll\u00a0net\u00a0n\u00ebmmen\u00a0d\u00ebser\u00a0Regierung\u00a0mee\u00a0och\u00a0allen\u00a0Zuk\u00fcnftegen\u00a0eng\u00a0Warnung\u00a0sinn.<\/p>\n<p>&nbsp;<\/p>\n<p>Kolleeginnen\u00a0a\u00a0Kolleegen,<\/p>\n<p>Mir\u00a0w\u00ebllen\u00a0e\u00a0Land\u00a0an\u00a0dem\u00a0et\u00a0sech\u00a0lount\u00a0ze\u00a0liewen\u00a0an\u00a0ze\u00a0schaffen.<\/p>\n<p>Mat\u00a0staarke\u00a0Betriber\u00a0a\u00a0s\u00e9cheren\u00a0Aarbechtsplazen\u00a0mat\u00a0gudde\u00a0Loun-\u00a0an Aarbechtsbedingungen.<\/p>\n<p>Mat\u00a0staarke\u00a0Sozialvers\u00e9cherungen.<\/p>\n<p>A\u00a0gudden\u00a0\u00ebffentlechen\u00a0D\u00e9ngschtleeschtungen.\u00a0Gudde\u00a0Schoulen\u00a0a\u00a0Spid\u00e4ler,\u00a0engem staarke\u00a0Sozialstaat.<\/p>\n<p>E\u00a0Land\u00a0wat\u00a0an\u00a0d\u00e9i\u00a0ekologesch\u00a0Transitioun\u00a0an\u00a0an\u00a0de\u00a0Logement\u00a0grouss\u00a0schreift.<\/p>\n<p>E\u00a0Land\u00a0wat\u00a0an\u00a0d\u2018Zukunft\u00a0invest\u00e9iert.<\/p>\n<p>Duerfir\u00a0brauche\u00a0mir\u00a0staark\u00a0Staatsfinanzen.<\/p>\n<p>A\u00a0mir\u00a0brauchen\u00a0e\u00a0Steiersystem\u00a0den\u00a0d\u2019Geld\u00a0dohinner\u00a0siche\u00a0geet\u00a0wou\u00a0et\u00a0ass.<\/p>\n<p>Do\u00a0geet\u00a0et\u00a0net\u00a0duer\u00a0b\u00ebsse\u00a0vu\u00a0l\u00e9nks\u00a0no\u00a0riets\u00a0a\u00a0vun\u00a0engem\u00a0Bar\u00e8me\u00a0an\u00a0den\u00a0aneren\u00a0ze r\u00e9ckelen, \u00a0do\u00a0mussen\u00a0d\u00e9i\u00a0gronds\u00e4tzlech\u00a0Froe\u00a0gestallt\u00a0ginn.<\/p>\n<p>An\u00a0d\u00e9i\u00a0gronds\u00e4tzlechst\u00a0Fro\u00a0ass\u00a0jo\u00a0wuel\u00a0d\u00e9i,\u00a0w\u00e9i\u00a0et\u00a0ka\u00a0sinn\u00a0datt\u00a0hei\u00a0Revenuen\u00a0vum\u00a0Kapitalsouvill\u00a0mol\u00a0manner\u00a0besteiert\u00a0gi\u00a0w\u00e9i\u00a0d\u00e9i\u00a0vun\u00a0der\u00a0Aarbecht.<\/p>\n<p>W\u00e9i\u00a0kann\u00a0et\u00a0sinn\u00a0datt\u00a0Leit\u00a0d\u00e9i\u00a0all\u00a0Dag\u00a0opsti\u00a0fir\u00a0schaffen\u00a0ze\u00a0goen,\u00a0proportional\u00a0souvill\u00a0m\u00e9i\u00a0Steiere\u00a0bezuele\u00a0w\u00e9i\u00a0deen,\u00a0dee\u00a0s\u00e4i\u00a0Geld\u00a0plac\u00e9iert\u00a0a\u00a0just\u00a0vun\u00a0Dividenden\u00a0a\u00a0Loyeren\u00a0lieft.<\/p>\n<p>W\u00e9i\u00a0kann\u00a0et\u00a0sinn\u00a0datt\u00a0Betribsbesteierung\u00a0s\u00e4it\u00a0den\u00a090er\u00a0sech\u00a0bal\u00a0hallb\u00e9iert\u00a0huet,\u00a0w\u00e4rend\u00a0d\u2018Steierlaascht\u00a0vun\u00a0de\u00a0Menage\u00a0riicht\u00a0viru\u00a0rop\u00a0gaang\u00a0ass<\/p>\n<p>W\u00e9i\u00a0kann\u00a0et\u00a0sinn\u00a0datt\u00a0d\u00e9i\u00a0kleng\u00a0lokal\u00a0Entreprisen\u00a0m\u00e9i\u00a0Steiere\u00a0musse\u00a0bezuele\u00a0w\u00e9i Amazon, \u00a0Google\u00a0a\u00a0co.<\/p>\n<p>W\u00e9i\u00a0kann\u00a0et\u00a0sinn\u00a0datt\u00a0d\u00e9i\u00a0Normalstierflech\u00a0proportional\u00a0\u00a0m\u00e9i\u00a0Steiere\u00a0bezuele\u00a0w\u00e9i\u00a0d\u00e9i\u00a0mat\u00a0de\u00a0ganz\u00a0d\u00e9cke\u00a0Payen.<\/p>\n<p>Et\u00a0soll\u00a0keen\u00a0eis\u00a0zielen\u00a0dass\u00a0mir\u00a0mussen\u00a0de\u00a0Rimm\u00a0m\u00e9i\u00a0enk\u00a0schnallen.\u00a0D\u2019Geld\u00a0ass\u00a0do,\u00a0et\u00a0muss\u00a0een\u00a0et\u00a0just\u00a0siche\u00a0goen.<\/p>\n<p>An\u00a0da\u00a0kann\u00a0een\u00a0et\u00a0och\u00a0Steierreform\u00a0nennen.<\/p>\n<p>&nbsp;<\/p>\n<p>Kolleeginnen\u00a0a\u00a0Kolleegen,<\/p>\n<p>Des\u00a0Regierung\u00a0hat\u00a0vun\u00a0Ufank\u00a0un\u00a0hire\u00a0Camp\u00a0gewielt.<\/p>\n<p>De\u00a0Luc\u00a0Frieden\u00a0hat\u00a0gemengt,\u00a0mir\u00a0g\u00e9ife\u00a0midd\u00a0ginn.\u00a0Heen\u00a0huet\u00a0sech\u00a0gewalteg\u00a0get\u00e4uscht.<\/p>\n<p>Mir\u00a0sou\u00a0wakereg\u00a0w\u00e9i\u00a0nach\u00a0ni.<\/p>\n<p>A\u00a0mir\u00a0si\u00a0prett.<\/p>\n<p>Gewerkschaftlech\u00a0Aktioune\u00a0stinn\u00a0elo\u00a0op\u00a0eiser\u00a0Dagesuerdnung.<\/p>\n<p>Dir\u00a0hutt\u00a0dat\u00a0sou\u00a0gewielt.\u00a0Et\u00a0si\u00a0schonn\u00a0eng\u00a0ganz\u00a0Rei\u00a0Aktioune\u00a0geplangt.\u00a0M\u00e9i\u00a0klenger, Grousser, \u00a0vun\u00a0alle\u00a0Formen\u00a0op\u00a0alle\u00a0Plazen,\u00a0op\u00a0den\u00a0Autobunnen,\u00a0an\u00a0de\u00a0Betriber\u00a0an\u00a0op\u00a0derStrooss.\u00a0All\u00a0Dag,\u00a0all\u00a0Woch,\u00a0all\u00a0Mount\u00a0si\u00a0mir\u00a0am\u00a0Asaz.<\/p>\n<p>Eng\u00a0ganz\u00a0Aktiounscampagne\u00a0ass\u00a0geplangt.\u00a0Den\u00a012.\u00a0Mee\u00a0weise\u00a0mir\u00a0der\u00a0Regierung\u00a0dass\u00a0d\u2019Thema\u00a0Mindestloun\u00a0nach\u00a0laang\u00a0net\u00a0giess\u00a0ass\u00a0bei\u00a0eisem\u00a0Meeting\u00a0fir\u00a0eng\u00a0strukturell Erh\u00e9ijung \u00a0vum\u00a0Mindestloun.\u00a0Schreift\u00a0iech\u00a0den\u00a0Datum\u00a0op!<\/p>\n<p>Mir\u00a0w\u00e4erten\u00a0sou\u00a0laang\u00a0a\u00a0sou\u00a0oft\u00a0op\u00a0der\u00a0Strooss\u00a0si\u00a0w\u00e9i\u00a0n\u00e9ideg.\u00a0Bis\u00a0Oktober\u00a02028.<\/p>\n<p>Dorop\u00a0k\u00ebnnt\u00a0der\u00a0zielen,\u00a0a\u00a0mir\u00a0zielen\u00a0op\u00a0jiddereen\u00a0eenzelne\u00a0vun\u00a0iech.<\/p>\n<p>Als\u00a0Unioun\u00a0OGBL\u00a0LCGB\u00a0si\u00a0mir\u00a0sou\u00a0grouss\u00a0w\u00e9i\u00a0nach\u00a0ni,\u00a0sou\u00a0staark\u00a0w\u00e9i\u00a0nach\u00a0ni,\u00a0sou\u00a0prett\u00a0w\u00e9i\u00a0nach\u00a0ni.<\/p>\n<p>Zesumme\u00a0mat\u00a0iwwer\u00a0125.000\u00a0Leit\u00a0an\u00a0alle\u00a0Schaffenden\u00a0an\u00a0hire\u00a0Famille\u00a0schreiwe\u00a0mir\u00a0elo\u00a0Geschicht.\u00a0Mir\u00a0maachen\u00a0dat\u00a0Land\u00a0er\u00ebm\u00a0zu\u00a0engem\u00a0wou\u00a0et\u00a0sech\u00a0lount\u00a0dran\u00a0ze\u00a0schaffen an ze\u00a0liewen.\u00a0Mir\u00a0k\u00e4mpfe\u00a0fir\u00a0eng\u00a0besser\u00a0Zukunft!<\/p>\n<p>Vive\u00a0d\u2019UNIOUN\u00a0OGBL\u00a0AN\u00a0LCGB!<\/p>\n<p>Vive\u00a0den\u00a01. Mee!<\/p>\n<p>&nbsp;<\/p>\n<p><strong><em>Ver\u00f6ffentlicht vom OGBL am 1. Mai 2026<\/em><\/strong><\/p>","protected":false},"author":5,"featured_media":99797,"template":"","categorie_communiques":[41],"syndicat":[],"acf":[],"yoast_head":"<!-- This site is optimized with the Yoast SEO plugin v23.1 - https:\/\/yoast.com\/wordpress\/plugins\/seo\/ -->\r\n<title>1. Mai-Rede der OGBL-Pr\u00e4sidentin - OGBL<\/title>\r\n<meta name=\"robots\" content=\"index, follow, max-snippet:-1, max-image-preview:large, max-video-preview:-1\" \/>\r\n<link rel=\"canonical\" href=\"https:\/\/www.ogbl.lu\/communique\/discours-du-1er-mai-de-la-presidente-de-logbl\/\" \/>\r\n<meta property=\"og:locale\" content=\"de_DE\" \/>\r\n<meta property=\"og:type\" content=\"article\" \/>\r\n<meta property=\"og:title\" content=\"[:fr]Discours du 1er mai de la pr\u00e9sidente de l&#039;OGBL[:de]1. Mai-Rede der OGBL-Pr\u00e4sidentin[:] - OGBL\" \/>\r\n<meta property=\"og:description\" content=\"L\u00e9if\u00a0Kolleeginnen\u00a0a\u00a0Kolleegen, L\u00e9if\u00a0Fr\u00ebndinnen\u00a0a\u00a0Fr\u00ebnn, Ech soen iech Villmools Merci fir \u00e4r grouss Pr\u00e4senz haut de Moien, dat beweist, dass der \u00e4erch der \u2026\" \/>\r\n<meta property=\"og:url\" content=\"https:\/\/www.ogbl.lu\/communique\/discours-du-1er-mai-de-la-presidente-de-logbl\/\" \/>\r\n<meta property=\"og:site_name\" content=\"OGBL\" \/>\r\n<meta property=\"article:modified_time\" content=\"2026-05-01T12:41:57+00:00\" \/>\r\n<meta property=\"og:image\" content=\"https:\/\/www.ogbl.lu\/wp-content\/uploads\/2026\/04\/Discours-Visuel.jpg\" \/>\r\n\t<meta property=\"og:image:width\" content=\"2500\" \/>\r\n\t<meta property=\"og:image:height\" content=\"1313\" \/>\r\n\t<meta property=\"og:image:type\" content=\"image\/jpeg\" \/>\r\n<meta name=\"twitter:card\" content=\"summary_large_image\" \/>\r\n<meta name=\"twitter:label1\" content=\"Est. reading time\" \/>\n\t<meta name=\"twitter:data1\" content=\"21 Minuten\" \/>\r\n<script type=\"application\/ld+json\" class=\"yoast-schema-graph\">{\"@context\":\"https:\/\/schema.org\",\"@graph\":[{\"@type\":\"WebPage\",\"@id\":\"https:\/\/www.ogbl.lu\/communique\/discours-du-1er-mai-de-la-presidente-de-logbl\/\",\"url\":\"https:\/\/www.ogbl.lu\/communique\/discours-du-1er-mai-de-la-presidente-de-logbl\/\",\"name\":\"[:fr]Discours du 1er mai de la pr\u00e9sidente de l'OGBL[:de]1. Mai-Rede der OGBL-Pr\u00e4sidentin[:] - OGBL\",\"isPartOf\":{\"@id\":\"https:\/\/www.ogbl.lu\/de\/#website\"},\"primaryImageOfPage\":{\"@id\":\"https:\/\/www.ogbl.lu\/communique\/discours-du-1er-mai-de-la-presidente-de-logbl\/#primaryimage\"},\"image\":{\"@id\":\"https:\/\/www.ogbl.lu\/communique\/discours-du-1er-mai-de-la-presidente-de-logbl\/#primaryimage\"},\"thumbnailUrl\":\"https:\/\/www.ogbl.lu\/wp-content\/uploads\/2026\/04\/Discours-Visuel.jpg\",\"datePublished\":\"2026-05-01T09:45:45+00:00\",\"dateModified\":\"2026-05-01T12:41:57+00:00\",\"breadcrumb\":{\"@id\":\"https:\/\/www.ogbl.lu\/communique\/discours-du-1er-mai-de-la-presidente-de-logbl\/#breadcrumb\"},\"inLanguage\":\"de-DE\",\"potentialAction\":[{\"@type\":\"ReadAction\",\"target\":[\"https:\/\/www.ogbl.lu\/communique\/discours-du-1er-mai-de-la-presidente-de-logbl\/\"]}]},{\"@type\":\"ImageObject\",\"inLanguage\":\"de-DE\",\"@id\":\"https:\/\/www.ogbl.lu\/communique\/discours-du-1er-mai-de-la-presidente-de-logbl\/#primaryimage\",\"url\":\"https:\/\/www.ogbl.lu\/wp-content\/uploads\/2026\/04\/Discours-Visuel.jpg\",\"contentUrl\":\"https:\/\/www.ogbl.lu\/wp-content\/uploads\/2026\/04\/Discours-Visuel.jpg\",\"width\":2500,\"height\":1313},{\"@type\":\"BreadcrumbList\",\"@id\":\"https:\/\/www.ogbl.lu\/communique\/discours-du-1er-mai-de-la-presidente-de-logbl\/#breadcrumb\",\"itemListElement\":[{\"@type\":\"ListItem\",\"position\":1,\"name\":\"Home\",\"item\":\"https:\/\/www.ogbl.lu\/\"},{\"@type\":\"ListItem\",\"position\":2,\"name\":\"Discours du 1er mai de la pr\u00e9sidente de l&#8217;OGBL\"}]},{\"@type\":\"WebSite\",\"@id\":\"https:\/\/www.ogbl.lu\/de\/#website\",\"url\":\"https:\/\/www.ogbl.lu\/de\/\",\"name\":\"OGBL\",\"description\":\"DIE GEWERKSCHAFT\",\"publisher\":{\"@id\":\"https:\/\/www.ogbl.lu\/de\/#organization\"},\"potentialAction\":[{\"@type\":\"SearchAction\",\"target\":{\"@type\":\"EntryPoint\",\"urlTemplate\":\"https:\/\/www.ogbl.lu\/de\/?s={search_term_string}\"},\"query-input\":\"required name=search_term_string\"}],\"inLanguage\":\"de-DE\"},{\"@type\":\"Organization\",\"@id\":\"https:\/\/www.ogbl.lu\/de\/#organization\",\"name\":\"OGBL\",\"url\":\"https:\/\/www.ogbl.lu\/de\/\",\"logo\":{\"@type\":\"ImageObject\",\"inLanguage\":\"de-DE\",\"@id\":\"https:\/\/www.ogbl.lu\/de\/#\/schema\/logo\/image\/\",\"url\":\"https:\/\/www.ogbl.lu\/wp-content\/uploads\/2024\/07\/LOGO_Red_FR-svg.png\",\"contentUrl\":\"https:\/\/www.ogbl.lu\/wp-content\/uploads\/2024\/07\/LOGO_Red_FR-svg.png\",\"width\":369,\"height\":171,\"caption\":\"OGBL\"},\"image\":{\"@id\":\"https:\/\/www.ogbl.lu\/de\/#\/schema\/logo\/image\/\"}}]}<\/script>\r\n<!-- \/ Yoast SEO plugin. -->","yoast_head_json":{"title":"[:fr]Discours du 1er mai de la pr\u00e9sidente de l'OGBL[:de]1. Mai-Rede der OGBL-Pr\u00e4sidentin[:] - OGBL","robots":{"index":"index","follow":"follow","max-snippet":"max-snippet:-1","max-image-preview":"max-image-preview:large","max-video-preview":"max-video-preview:-1"},"canonical":"https:\/\/www.ogbl.lu\/communique\/discours-du-1er-mai-de-la-presidente-de-logbl\/","og_locale":"de_DE","og_type":"article","og_title":"[:fr]Discours du 1er mai de la pr\u00e9sidente de l'OGBL[:de]1. Mai-Rede der OGBL-Pr\u00e4sidentin[:] - OGBL","og_description":"L\u00e9if\u00a0Kolleeginnen\u00a0a\u00a0Kolleegen, L\u00e9if\u00a0Fr\u00ebndinnen\u00a0a\u00a0Fr\u00ebnn, Ech soen iech Villmools Merci fir \u00e4r grouss Pr\u00e4senz haut de Moien, dat beweist, dass der \u00e4erch der \u2026","og_url":"https:\/\/www.ogbl.lu\/communique\/discours-du-1er-mai-de-la-presidente-de-logbl\/","og_site_name":"OGBL","article_modified_time":"2026-05-01T12:41:57+00:00","og_image":[{"width":2500,"height":1313,"url":"https:\/\/www.ogbl.lu\/wp-content\/uploads\/2026\/04\/Discours-Visuel.jpg","type":"image\/jpeg"}],"twitter_card":"summary_large_image","twitter_misc":{"Est. reading time":"21 Minuten"},"schema":{"@context":"https:\/\/schema.org","@graph":[{"@type":"WebPage","@id":"https:\/\/www.ogbl.lu\/communique\/discours-du-1er-mai-de-la-presidente-de-logbl\/","url":"https:\/\/www.ogbl.lu\/communique\/discours-du-1er-mai-de-la-presidente-de-logbl\/","name":"[:fr]Discours du 1er mai de la pr\u00e9sidente de l'OGBL[:de]1. Mai-Rede der OGBL-Pr\u00e4sidentin[:] - OGBL","isPartOf":{"@id":"https:\/\/www.ogbl.lu\/de\/#website"},"primaryImageOfPage":{"@id":"https:\/\/www.ogbl.lu\/communique\/discours-du-1er-mai-de-la-presidente-de-logbl\/#primaryimage"},"image":{"@id":"https:\/\/www.ogbl.lu\/communique\/discours-du-1er-mai-de-la-presidente-de-logbl\/#primaryimage"},"thumbnailUrl":"https:\/\/www.ogbl.lu\/wp-content\/uploads\/2026\/04\/Discours-Visuel.jpg","datePublished":"2026-05-01T09:45:45+00:00","dateModified":"2026-05-01T12:41:57+00:00","breadcrumb":{"@id":"https:\/\/www.ogbl.lu\/communique\/discours-du-1er-mai-de-la-presidente-de-logbl\/#breadcrumb"},"inLanguage":"de-DE","potentialAction":[{"@type":"ReadAction","target":["https:\/\/www.ogbl.lu\/communique\/discours-du-1er-mai-de-la-presidente-de-logbl\/"]}]},{"@type":"ImageObject","inLanguage":"de-DE","@id":"https:\/\/www.ogbl.lu\/communique\/discours-du-1er-mai-de-la-presidente-de-logbl\/#primaryimage","url":"https:\/\/www.ogbl.lu\/wp-content\/uploads\/2026\/04\/Discours-Visuel.jpg","contentUrl":"https:\/\/www.ogbl.lu\/wp-content\/uploads\/2026\/04\/Discours-Visuel.jpg","width":2500,"height":1313},{"@type":"BreadcrumbList","@id":"https:\/\/www.ogbl.lu\/communique\/discours-du-1er-mai-de-la-presidente-de-logbl\/#breadcrumb","itemListElement":[{"@type":"ListItem","position":1,"name":"Home","item":"https:\/\/www.ogbl.lu\/"},{"@type":"ListItem","position":2,"name":"Discours du 1er mai de la pr\u00e9sidente de l&#8217;OGBL"}]},{"@type":"WebSite","@id":"https:\/\/www.ogbl.lu\/de\/#website","url":"https:\/\/www.ogbl.lu\/de\/","name":"OGBL","description":"DIE GEWERKSCHAFT","publisher":{"@id":"https:\/\/www.ogbl.lu\/de\/#organization"},"potentialAction":[{"@type":"SearchAction","target":{"@type":"EntryPoint","urlTemplate":"https:\/\/www.ogbl.lu\/de\/?s={search_term_string}"},"query-input":"required name=search_term_string"}],"inLanguage":"de-DE"},{"@type":"Organization","@id":"https:\/\/www.ogbl.lu\/de\/#organization","name":"OGBL","url":"https:\/\/www.ogbl.lu\/de\/","logo":{"@type":"ImageObject","inLanguage":"de-DE","@id":"https:\/\/www.ogbl.lu\/de\/#\/schema\/logo\/image\/","url":"https:\/\/www.ogbl.lu\/wp-content\/uploads\/2024\/07\/LOGO_Red_FR-svg.png","contentUrl":"https:\/\/www.ogbl.lu\/wp-content\/uploads\/2024\/07\/LOGO_Red_FR-svg.png","width":369,"height":171,"caption":"OGBL"},"image":{"@id":"https:\/\/www.ogbl.lu\/de\/#\/schema\/logo\/image\/"}}]}},"_links":{"self":[{"href":"https:\/\/www.ogbl.lu\/de\/wp-json\/wp\/v2\/communiques\/99796"}],"collection":[{"href":"https:\/\/www.ogbl.lu\/de\/wp-json\/wp\/v2\/communiques"}],"about":[{"href":"https:\/\/www.ogbl.lu\/de\/wp-json\/wp\/v2\/types\/communiques"}],"author":[{"embeddable":true,"href":"https:\/\/www.ogbl.lu\/de\/wp-json\/wp\/v2\/users\/5"}],"version-history":[{"count":8,"href":"https:\/\/www.ogbl.lu\/de\/wp-json\/wp\/v2\/communiques\/99796\/revisions"}],"predecessor-version":[{"id":99823,"href":"https:\/\/www.ogbl.lu\/de\/wp-json\/wp\/v2\/communiques\/99796\/revisions\/99823"}],"wp:featuredmedia":[{"embeddable":true,"href":"https:\/\/www.ogbl.lu\/de\/wp-json\/wp\/v2\/media\/99797"}],"wp:attachment":[{"href":"https:\/\/www.ogbl.lu\/de\/wp-json\/wp\/v2\/media?parent=99796"}],"wp:term":[{"taxonomy":"categorie_communiques","embeddable":true,"href":"https:\/\/www.ogbl.lu\/de\/wp-json\/wp\/v2\/categorie_communiques?post=99796"},{"taxonomy":"syndicat","embeddable":true,"href":"https:\/\/www.ogbl.lu\/de\/wp-json\/wp\/v2\/syndicat?post=99796"}],"curies":[{"name":"wp","href":"https:\/\/api.w.org\/{rel}","templated":true}]}}