{"id":923,"date":"2011-05-09T11:10:35","date_gmt":"2011-05-09T09:10:35","guid":{"rendered":"https:\/\/www.ogbl.lu\/communiques\/logbl-sera-recu-le-12-mai-par-les-ministres-krecke-wiseler-et-frieden"},"modified":"2023-05-23T19:44:27","modified_gmt":"2023-05-23T17:44:27","slug":"logbl-sera-recu-le-12-mai-par-les-ministres-krecke-wiseler-et-frieden","status":"publish","type":"communiques","link":"https:\/\/www.ogbl.lu\/de\/communique\/logbl-sera-recu-le-12-mai-par-les-ministres-krecke-wiseler-et-frieden\/","title":{"rendered":"OGBL am 12. Mai bei den Ministern Kreck\u00e9, Wiseler und Frieden"},"content":{"rendered":"<p>Nachdem der OGBL am 29. April 2011 eine Dringlichkeitssitzung bei der Regierung beantragt hatte, um \u00fcber den Verkauf von \u00fcber einem Drittel der Cargolux-Aktien an die Golfairline Qatar Airways zu diskutieren, wurde die Gewerkschaft nun f\u00fcr den 12. Mai zu einer Unterredung ins Nachhaltigkeitsministerium eingeladen.<\/p>\n<p>An der Sitzung werden die Minister Wiseler, Kreck\u00e9 und Frieden teilnehmen.<\/p>\n<p>Als Reaktion auf das OGBL-Schreiben welches auf das Einhalten der Mitbestimmungsgesetze dr\u00e4ngte, wurden eiligst die gemischten Betriebsr\u00e4te von Luxair und Cargolux f\u00fcr den 10. Mai einberufen. Der Verwaltungsrat der Luxair trifft sich f\u00fcr eine Sondersitzung am 11. Mai.<\/p>\n<p><strong>Katalog mit 24 konkreten Fragen<\/strong><\/p>\n<p>Der OGBL geht am kommenden Donnerstag mit einem 24 Punkte umfassenden Fragenkatalog in die Unterredung ins Nachhaltigkeitsministerium und verlangt pr\u00e4zise Antworten auf alle Fragen.<\/p>\n<p>Dieser Fragenkatalog reicht vom Einhalten der Mitbestimmungsgesetzgebung bis hin zu den ausgehandelten Garantien f\u00fcr den Standort Luxemburg und das sogenannte \u201cLuxemburger Modell\u201d. Ferner m\u00f6chte der OGBL Einzelheiten \u00fcber die geplante Transaktion erfahren.<\/p>\n<p><strong>Welcher Vorteil f\u00fcr Luxemburg?<\/strong><\/p>\n<p>Als zentraler Punkt wirft der OGBL die grunds\u00e4tzliche Frage nach den eigentlichen Vorteilen f\u00fcr die Cargolux, f\u00fcr die Luxair und f\u00fcr Luxemburg insgesamt auf. International geriet Qatar Airways wegen angeblicher Dumpingmethoden vermehrt unter Druck. Der OGBL m\u00f6chte wissen, welche Auswirkungen die Zusammenarbeit mit dieser Gesellschaft auf den Luxemburger Luftfahrtsektor und Logistiksektor haben wird.<\/p>\n<p>Erst wenn alle Fragen gekl\u00e4rt sind, ist der OGBL in der Lage, sich in dieser Angelegenheit festzulegen.<\/p>\n<p><strong>Mitgeteilt vom OGBL Syndikat Zivile Luftfahrt<br \/>\nam 9. Mai 2011<\/strong><\/p>","protected":false},"author":1,"featured_media":0,"template":"","categorie_communiques":[44],"syndicat":[68],"acf":[],"yoast_head":"<!-- This site is optimized with the Yoast SEO plugin v23.1 - https:\/\/yoast.com\/wordpress\/plugins\/seo\/ -->\r\n<title>OGBL am 12. Mai bei den Ministern Kreck\u00e9, Wiseler und Frieden - OGBL<\/title>\r\n<meta name=\"robots\" content=\"index, follow, max-snippet:-1, max-image-preview:large, max-video-preview:-1\" \/>\r\n<link rel=\"canonical\" href=\"https:\/\/www.ogbl.lu\/communique\/logbl-sera-recu-le-12-mai-par-les-ministres-krecke-wiseler-et-frieden\/\" \/>\r\n<meta property=\"og:locale\" content=\"de_DE\" \/>\r\n<meta property=\"og:type\" content=\"article\" \/>\r\n<meta property=\"og:title\" content=\"[:fr]L\u2019OGBL sera re\u00e7u le 12 mai par les ministres Kreck\u00e9, Wiseler et Frieden[:de]OGBL am 12. Mai bei den Ministern Kreck\u00e9, Wiseler und Frieden[:] - OGBL\" \/>\r\n<meta property=\"og:description\" content=\"Nachdem der OGBL am 29. April 2011 eine Dringlichkeitssitzung bei der Regierung beantragt hatte, um \u00fcber den Verkauf von \u00fcber \u2026\" \/>\r\n<meta property=\"og:url\" content=\"https:\/\/www.ogbl.lu\/communique\/logbl-sera-recu-le-12-mai-par-les-ministres-krecke-wiseler-et-frieden\/\" \/>\r\n<meta property=\"og:site_name\" content=\"OGBL\" \/>\r\n<meta property=\"article:modified_time\" content=\"2023-05-23T17:44:27+00:00\" \/>\r\n<meta name=\"twitter:card\" content=\"summary_large_image\" \/>\r\n<meta name=\"twitter:label1\" content=\"Est. reading time\" \/>\n\t<meta name=\"twitter:data1\" content=\"3 Minuten\" \/>\r\n<script type=\"application\/ld+json\" class=\"yoast-schema-graph\">{\"@context\":\"https:\/\/schema.org\",\"@graph\":[{\"@type\":\"WebPage\",\"@id\":\"https:\/\/www.ogbl.lu\/communique\/logbl-sera-recu-le-12-mai-par-les-ministres-krecke-wiseler-et-frieden\/\",\"url\":\"https:\/\/www.ogbl.lu\/communique\/logbl-sera-recu-le-12-mai-par-les-ministres-krecke-wiseler-et-frieden\/\",\"name\":\"[:fr]L\u2019OGBL sera re\u00e7u le 12 mai par les ministres Kreck\u00e9, Wiseler et Frieden[:de]OGBL am 12. Mai bei den Ministern Kreck\u00e9, Wiseler und Frieden[:] - OGBL\",\"isPartOf\":{\"@id\":\"https:\/\/www.ogbl.lu\/de\/#website\"},\"datePublished\":\"2011-05-09T09:10:35+00:00\",\"dateModified\":\"2023-05-23T17:44:27+00:00\",\"breadcrumb\":{\"@id\":\"https:\/\/www.ogbl.lu\/communique\/logbl-sera-recu-le-12-mai-par-les-ministres-krecke-wiseler-et-frieden\/#breadcrumb\"},\"inLanguage\":\"de-DE\",\"potentialAction\":[{\"@type\":\"ReadAction\",\"target\":[\"https:\/\/www.ogbl.lu\/communique\/logbl-sera-recu-le-12-mai-par-les-ministres-krecke-wiseler-et-frieden\/\"]}]},{\"@type\":\"BreadcrumbList\",\"@id\":\"https:\/\/www.ogbl.lu\/communique\/logbl-sera-recu-le-12-mai-par-les-ministres-krecke-wiseler-et-frieden\/#breadcrumb\",\"itemListElement\":[{\"@type\":\"ListItem\",\"position\":1,\"name\":\"Home\",\"item\":\"https:\/\/www.ogbl.lu\/\"},{\"@type\":\"ListItem\",\"position\":2,\"name\":\"L\u2019OGBL sera re\u00e7u le 12 mai par les ministres Kreck\u00e9, Wiseler et Frieden\"}]},{\"@type\":\"WebSite\",\"@id\":\"https:\/\/www.ogbl.lu\/de\/#website\",\"url\":\"https:\/\/www.ogbl.lu\/de\/\",\"name\":\"OGBL\",\"description\":\"DIE GEWERKSCHAFT\",\"publisher\":{\"@id\":\"https:\/\/www.ogbl.lu\/de\/#organization\"},\"potentialAction\":[{\"@type\":\"SearchAction\",\"target\":{\"@type\":\"EntryPoint\",\"urlTemplate\":\"https:\/\/www.ogbl.lu\/de\/?s={search_term_string}\"},\"query-input\":\"required name=search_term_string\"}],\"inLanguage\":\"de-DE\"},{\"@type\":\"Organization\",\"@id\":\"https:\/\/www.ogbl.lu\/de\/#organization\",\"name\":\"OGBL\",\"url\":\"https:\/\/www.ogbl.lu\/de\/\",\"logo\":{\"@type\":\"ImageObject\",\"inLanguage\":\"de-DE\",\"@id\":\"https:\/\/www.ogbl.lu\/de\/#\/schema\/logo\/image\/\",\"url\":\"https:\/\/www.ogbl.lu\/wp-content\/uploads\/2024\/07\/LOGO_Red_FR-svg.png\",\"contentUrl\":\"https:\/\/www.ogbl.lu\/wp-content\/uploads\/2024\/07\/LOGO_Red_FR-svg.png\",\"width\":369,\"height\":171,\"caption\":\"OGBL\"},\"image\":{\"@id\":\"https:\/\/www.ogbl.lu\/de\/#\/schema\/logo\/image\/\"}}]}<\/script>\r\n<!-- \/ Yoast SEO plugin. -->","yoast_head_json":{"title":"[:fr]L\u2019OGBL sera re\u00e7u le 12 mai par les ministres Kreck\u00e9, Wiseler et Frieden[:de]OGBL am 12. Mai bei den Ministern Kreck\u00e9, Wiseler und Frieden[:] - OGBL","robots":{"index":"index","follow":"follow","max-snippet":"max-snippet:-1","max-image-preview":"max-image-preview:large","max-video-preview":"max-video-preview:-1"},"canonical":"https:\/\/www.ogbl.lu\/communique\/logbl-sera-recu-le-12-mai-par-les-ministres-krecke-wiseler-et-frieden\/","og_locale":"de_DE","og_type":"article","og_title":"[:fr]L\u2019OGBL sera re\u00e7u le 12 mai par les ministres Kreck\u00e9, Wiseler et Frieden[:de]OGBL am 12. Mai bei den Ministern Kreck\u00e9, Wiseler und Frieden[:] - OGBL","og_description":"Nachdem der OGBL am 29. April 2011 eine Dringlichkeitssitzung bei der Regierung beantragt hatte, um \u00fcber den Verkauf von \u00fcber \u2026","og_url":"https:\/\/www.ogbl.lu\/communique\/logbl-sera-recu-le-12-mai-par-les-ministres-krecke-wiseler-et-frieden\/","og_site_name":"OGBL","article_modified_time":"2023-05-23T17:44:27+00:00","twitter_card":"summary_large_image","twitter_misc":{"Est. reading time":"3 Minuten"},"schema":{"@context":"https:\/\/schema.org","@graph":[{"@type":"WebPage","@id":"https:\/\/www.ogbl.lu\/communique\/logbl-sera-recu-le-12-mai-par-les-ministres-krecke-wiseler-et-frieden\/","url":"https:\/\/www.ogbl.lu\/communique\/logbl-sera-recu-le-12-mai-par-les-ministres-krecke-wiseler-et-frieden\/","name":"[:fr]L\u2019OGBL sera re\u00e7u le 12 mai par les ministres Kreck\u00e9, Wiseler et Frieden[:de]OGBL am 12. Mai bei den Ministern Kreck\u00e9, Wiseler und Frieden[:] - OGBL","isPartOf":{"@id":"https:\/\/www.ogbl.lu\/de\/#website"},"datePublished":"2011-05-09T09:10:35+00:00","dateModified":"2023-05-23T17:44:27+00:00","breadcrumb":{"@id":"https:\/\/www.ogbl.lu\/communique\/logbl-sera-recu-le-12-mai-par-les-ministres-krecke-wiseler-et-frieden\/#breadcrumb"},"inLanguage":"de-DE","potentialAction":[{"@type":"ReadAction","target":["https:\/\/www.ogbl.lu\/communique\/logbl-sera-recu-le-12-mai-par-les-ministres-krecke-wiseler-et-frieden\/"]}]},{"@type":"BreadcrumbList","@id":"https:\/\/www.ogbl.lu\/communique\/logbl-sera-recu-le-12-mai-par-les-ministres-krecke-wiseler-et-frieden\/#breadcrumb","itemListElement":[{"@type":"ListItem","position":1,"name":"Home","item":"https:\/\/www.ogbl.lu\/"},{"@type":"ListItem","position":2,"name":"L\u2019OGBL sera re\u00e7u le 12 mai par les ministres Kreck\u00e9, Wiseler et Frieden"}]},{"@type":"WebSite","@id":"https:\/\/www.ogbl.lu\/de\/#website","url":"https:\/\/www.ogbl.lu\/de\/","name":"OGBL","description":"DIE GEWERKSCHAFT","publisher":{"@id":"https:\/\/www.ogbl.lu\/de\/#organization"},"potentialAction":[{"@type":"SearchAction","target":{"@type":"EntryPoint","urlTemplate":"https:\/\/www.ogbl.lu\/de\/?s={search_term_string}"},"query-input":"required name=search_term_string"}],"inLanguage":"de-DE"},{"@type":"Organization","@id":"https:\/\/www.ogbl.lu\/de\/#organization","name":"OGBL","url":"https:\/\/www.ogbl.lu\/de\/","logo":{"@type":"ImageObject","inLanguage":"de-DE","@id":"https:\/\/www.ogbl.lu\/de\/#\/schema\/logo\/image\/","url":"https:\/\/www.ogbl.lu\/wp-content\/uploads\/2024\/07\/LOGO_Red_FR-svg.png","contentUrl":"https:\/\/www.ogbl.lu\/wp-content\/uploads\/2024\/07\/LOGO_Red_FR-svg.png","width":369,"height":171,"caption":"OGBL"},"image":{"@id":"https:\/\/www.ogbl.lu\/de\/#\/schema\/logo\/image\/"}}]}},"_links":{"self":[{"href":"https:\/\/www.ogbl.lu\/de\/wp-json\/wp\/v2\/communiques\/923"}],"collection":[{"href":"https:\/\/www.ogbl.lu\/de\/wp-json\/wp\/v2\/communiques"}],"about":[{"href":"https:\/\/www.ogbl.lu\/de\/wp-json\/wp\/v2\/types\/communiques"}],"author":[{"embeddable":true,"href":"https:\/\/www.ogbl.lu\/de\/wp-json\/wp\/v2\/users\/1"}],"version-history":[{"count":0,"href":"https:\/\/www.ogbl.lu\/de\/wp-json\/wp\/v2\/communiques\/923\/revisions"}],"wp:attachment":[{"href":"https:\/\/www.ogbl.lu\/de\/wp-json\/wp\/v2\/media?parent=923"}],"wp:term":[{"taxonomy":"categorie_communiques","embeddable":true,"href":"https:\/\/www.ogbl.lu\/de\/wp-json\/wp\/v2\/categorie_communiques?post=923"},{"taxonomy":"syndicat","embeddable":true,"href":"https:\/\/www.ogbl.lu\/de\/wp-json\/wp\/v2\/syndicat?post=923"}],"curies":[{"name":"wp","href":"https:\/\/api.w.org\/{rel}","templated":true}]}}