{"id":870,"date":"2011-01-18T15:55:22","date_gmt":"2011-01-18T14:55:22","guid":{"rendered":"https:\/\/www.ogbl.lu\/communiques\/la-vigilance-reste-de-mise"},"modified":"2023-05-23T19:44:28","modified_gmt":"2023-05-23T17:44:28","slug":"la-vigilance-reste-de-mise","status":"publish","type":"communiques","link":"https:\/\/www.ogbl.lu\/de\/communique\/la-vigilance-reste-de-mise\/","title":{"rendered":"Es gilt aufmerksam zu bleiben"},"content":{"rendered":"<p>Anl\u00e4sslich seiner ersten Sitzung 2011 hat die OGBL-Exekutive eine Analyse der wirtschaftlichen und sozialen Lage des Landes gemacht. Der OGBL stellt fest, dass nachdem die Rentner bereits Anfang Januar Einkommenseinbu\u00dfen hinnehmen mussten, die Mehrheit der Arbeitnehmer nun Ende Januar ebenfalls einen Nettoeinkommensverlust auf ihrem Lohnzettel bemerken wird.  Krisensteuer, Solidarit\u00e4tssteuer, Erh\u00f6hung des Krankenversicherungsbeitrags \u2026. In diesem Zusammenhang erinnert die Exekutive daran, dass es m\u00f6glich gewesen w\u00e4re sozialgerechtere Steuerma\u00dfnahmen einzuf\u00fchren. Die Exekutive ist der Meinung, dass die reelle finanzielle Lage des Staates, insbesondere was die Einnahmen betrifft, \u00fcberpr\u00fcft werden muss, um zu kl\u00e4ren, ob die Krisensteuer tats\u00e4chlich notwendig bleibt oder ob es nicht m\u00f6glich ist, die Steuerlast auf den kleinen und mittleren Einkommen abzuschw\u00e4chen.<\/p>\n<p>Die Kaufkraft der B\u00fcrger wird auch aufgrund der Erh\u00f6hung verschiedener Gemeindetaxen wie etwa der des Trinkwasserpreises abnehmen. Der OGBL ist der Meinung, dass eine soziale Preisstaffelung nicht im Gegensatz zu EU-Richtlinien steht.<\/p>\n<p>Schlie\u00dflich f\u00fchrt die Reform der Krankenversicherung zu einer h\u00f6heren Eigenbeteiligung der Versicherten an verschiedenen Gesundheitsleistungen. Der OGBL stellt diese Ma\u00dfnahmen angesichts der guten Finanzlage der nationalen Gesundheitskasse (CNS) weiterhin in Frage und sieht sie als total \u00fcberfl\u00fcssig an. Durch die Abschaffung der Beitragsdeckelung w\u00fcrde das Gleichgewicht des CNS-Haushalts auf Jahre abgesichert.<\/p>\n<p>Die Pflegeversicherung betreffend, fordert der OGBL mit Nachdruck, dass der Staat das fr\u00fchere dynamische Finanzierungssystem, das nach der Tripartite von 2006 aufgegeben wurde, wiederherstellt und erinnert den Sozialminister an sein Versprechen, alles zu unternehmen damit die Regierung die Einfrierung der staatlichen Beteiligung ab 2011 aufhebt.<\/p>\n<p>In Sachen Familienpolitik insbesondere was die Familienleistungen betrifft, stellt der OGBL fest, dass die Lage immer konfuser und sozial ungerechter wird. Er fordert eine \u00dcberarbeitung und Neudefinierung dieser Politik.<\/p>\n<p><strong>Eine Indexdiskussion ist im Jahr 2011 \u00fcberfl\u00fcssig<\/strong><\/p>\n<p>Generell stellt die Exekutive mit einer gewissen Genugtuung fest, dass in Luxemburg im Gegensatz zu unseren Nachbarl\u00e4ndern der gewerkschaftliche Druck zu einer gewissen Entlastung der Austerit\u00e4tsma\u00dfnahmen zu Gunsten der Arbeitnehmer gef\u00fchrt hat. Au\u00dferdem hat das Bipartite-Abkommen zwischen der Regierung und den drei national repr\u00e4sentativen Gewerkschaften zu einer Entsch\u00e4rfung der virulenten Angriffe gegen das Indexsystem seitens der Patronatsorganisationen, verschiedener regierungsbeteiligter Parteifl\u00fcgel sowie der Parteileiter der Gr\u00fcnen und der Liberalen gef\u00fchrt. F\u00fcr den OGBL ist die Lage f\u00fcr 2011 diesbez\u00fcglich klar und eine neue Tripartite-Runde zu diesem Thema ist \u00fcberfl\u00fcssig und sogar im Widerspruch zum Bipartite-Abkommen vom 29. September 2010.<\/p>\n<p><strong>Der OGBL verteidigt die arbeitsrechtlichen Errungenschaften insbesondere was die Arbeitszeitgestaltung betrifft<\/strong><\/p>\n<p>Es gilt aufmerksam zu bleiben, da bereits neue Angriffe auf die arbeitsrechtlichen Errungenschaften unterwegs sind. So hat die Exekutive eine detaillierte Analyse \u00fcber die Gesetzesvorlage betreffend die Arbeitszeitkonten (compte \u00e9pargne temps) auf die Tagesordnung des n\u00e4chsten Nationalvorstands gesetzt. Die Gesetzesvorlage stellt f\u00fcr den OGBL ein echtes Problem dar, da Arbeitszeitkonten auf Grund dieser Vorlage zu einem Instrument f\u00fcr Flexibilisierung und Verl\u00e4ngerung der Arbeitszeit werden k\u00f6nnen. Der Entwurf tr\u00e4gt dem diesbez\u00fcglichen Gutachten des Wirtschafts- und Sozialrats von 2004 nur ungen\u00fcgend Rechnung. Hierin wurde ausdr\u00fccklich verlangt, die Zeitsparkonten m\u00fcssten auf jeden Fall zwischen den Sozialpartnern ausgehandelt und \u00fcber Kollektivvertr\u00e4ge oder nationale \u00dcbereinkommen geregelt werden. Die aktuelle Vorlage entspricht nicht dem Willen der Sozialpartner ein Zeitsparkontensystem im Rahmen des kollektiven Sozialdialogs zu organisieren wie er eben auch vom Wirtschafts- und Sozialrat bef\u00fcrwortet wurde.<\/p>\n<p>Andere von der Exekutive behandelte Themen waren die Reform des Arbeitsverwaltung (ADEM) sowie die interregionale Protestkundgebung am 24. Januar in V\u00f6lklingen anl\u00e4sslich des Gipfels der Gro\u00dfregion.<br \/>\n<strong><br \/>\nMitgeteilt vom OGBL<br \/>\nam 18. Januar 2011<br \/>\n<\/strong><\/p>","protected":false},"author":1,"featured_media":0,"template":"","categorie_communiques":[41],"syndicat":[],"acf":[],"yoast_head":"<!-- This site is optimized with the Yoast SEO plugin v23.1 - https:\/\/yoast.com\/wordpress\/plugins\/seo\/ -->\r\n<title>Es gilt aufmerksam zu bleiben - OGBL<\/title>\r\n<meta name=\"robots\" content=\"index, follow, max-snippet:-1, max-image-preview:large, max-video-preview:-1\" \/>\r\n<link rel=\"canonical\" href=\"https:\/\/www.ogbl.lu\/communique\/la-vigilance-reste-de-mise\/\" \/>\r\n<meta property=\"og:locale\" content=\"de_DE\" \/>\r\n<meta property=\"og:type\" content=\"article\" \/>\r\n<meta property=\"og:title\" content=\"[:fr]La vigilance reste de mise[:de]Es gilt aufmerksam zu bleiben[:] - OGBL\" \/>\r\n<meta property=\"og:description\" content=\"Anl\u00e4sslich seiner ersten Sitzung 2011 hat die OGBL-Exekutive eine Analyse der wirtschaftlichen und sozialen Lage des Landes gemacht. Der OGBL \u2026\" \/>\r\n<meta property=\"og:url\" content=\"https:\/\/www.ogbl.lu\/communique\/la-vigilance-reste-de-mise\/\" \/>\r\n<meta property=\"og:site_name\" content=\"OGBL\" \/>\r\n<meta property=\"article:modified_time\" content=\"2023-05-23T17:44:28+00:00\" \/>\r\n<meta name=\"twitter:card\" content=\"summary_large_image\" \/>\r\n<meta name=\"twitter:label1\" content=\"Est. reading time\" \/>\n\t<meta name=\"twitter:data1\" content=\"7 Minuten\" \/>\r\n<script type=\"application\/ld+json\" class=\"yoast-schema-graph\">{\"@context\":\"https:\/\/schema.org\",\"@graph\":[{\"@type\":\"WebPage\",\"@id\":\"https:\/\/www.ogbl.lu\/communique\/la-vigilance-reste-de-mise\/\",\"url\":\"https:\/\/www.ogbl.lu\/communique\/la-vigilance-reste-de-mise\/\",\"name\":\"[:fr]La vigilance reste de mise[:de]Es gilt aufmerksam zu bleiben[:] - OGBL\",\"isPartOf\":{\"@id\":\"https:\/\/www.ogbl.lu\/de\/#website\"},\"datePublished\":\"2011-01-18T14:55:22+00:00\",\"dateModified\":\"2023-05-23T17:44:28+00:00\",\"breadcrumb\":{\"@id\":\"https:\/\/www.ogbl.lu\/communique\/la-vigilance-reste-de-mise\/#breadcrumb\"},\"inLanguage\":\"de-DE\",\"potentialAction\":[{\"@type\":\"ReadAction\",\"target\":[\"https:\/\/www.ogbl.lu\/communique\/la-vigilance-reste-de-mise\/\"]}]},{\"@type\":\"BreadcrumbList\",\"@id\":\"https:\/\/www.ogbl.lu\/communique\/la-vigilance-reste-de-mise\/#breadcrumb\",\"itemListElement\":[{\"@type\":\"ListItem\",\"position\":1,\"name\":\"Home\",\"item\":\"https:\/\/www.ogbl.lu\/\"},{\"@type\":\"ListItem\",\"position\":2,\"name\":\"La vigilance reste de mise\"}]},{\"@type\":\"WebSite\",\"@id\":\"https:\/\/www.ogbl.lu\/de\/#website\",\"url\":\"https:\/\/www.ogbl.lu\/de\/\",\"name\":\"OGBL\",\"description\":\"DIE GEWERKSCHAFT\",\"publisher\":{\"@id\":\"https:\/\/www.ogbl.lu\/de\/#organization\"},\"potentialAction\":[{\"@type\":\"SearchAction\",\"target\":{\"@type\":\"EntryPoint\",\"urlTemplate\":\"https:\/\/www.ogbl.lu\/de\/?s={search_term_string}\"},\"query-input\":\"required name=search_term_string\"}],\"inLanguage\":\"de-DE\"},{\"@type\":\"Organization\",\"@id\":\"https:\/\/www.ogbl.lu\/de\/#organization\",\"name\":\"OGBL\",\"url\":\"https:\/\/www.ogbl.lu\/de\/\",\"logo\":{\"@type\":\"ImageObject\",\"inLanguage\":\"de-DE\",\"@id\":\"https:\/\/www.ogbl.lu\/de\/#\/schema\/logo\/image\/\",\"url\":\"https:\/\/www.ogbl.lu\/wp-content\/uploads\/2024\/07\/LOGO_Red_FR-svg.png\",\"contentUrl\":\"https:\/\/www.ogbl.lu\/wp-content\/uploads\/2024\/07\/LOGO_Red_FR-svg.png\",\"width\":369,\"height\":171,\"caption\":\"OGBL\"},\"image\":{\"@id\":\"https:\/\/www.ogbl.lu\/de\/#\/schema\/logo\/image\/\"}}]}<\/script>\r\n<!-- \/ Yoast SEO plugin. -->","yoast_head_json":{"title":"[:fr]La vigilance reste de mise[:de]Es gilt aufmerksam zu bleiben[:] - OGBL","robots":{"index":"index","follow":"follow","max-snippet":"max-snippet:-1","max-image-preview":"max-image-preview:large","max-video-preview":"max-video-preview:-1"},"canonical":"https:\/\/www.ogbl.lu\/communique\/la-vigilance-reste-de-mise\/","og_locale":"de_DE","og_type":"article","og_title":"[:fr]La vigilance reste de mise[:de]Es gilt aufmerksam zu bleiben[:] - OGBL","og_description":"Anl\u00e4sslich seiner ersten Sitzung 2011 hat die OGBL-Exekutive eine Analyse der wirtschaftlichen und sozialen Lage des Landes gemacht. Der OGBL \u2026","og_url":"https:\/\/www.ogbl.lu\/communique\/la-vigilance-reste-de-mise\/","og_site_name":"OGBL","article_modified_time":"2023-05-23T17:44:28+00:00","twitter_card":"summary_large_image","twitter_misc":{"Est. reading time":"7 Minuten"},"schema":{"@context":"https:\/\/schema.org","@graph":[{"@type":"WebPage","@id":"https:\/\/www.ogbl.lu\/communique\/la-vigilance-reste-de-mise\/","url":"https:\/\/www.ogbl.lu\/communique\/la-vigilance-reste-de-mise\/","name":"[:fr]La vigilance reste de mise[:de]Es gilt aufmerksam zu bleiben[:] - OGBL","isPartOf":{"@id":"https:\/\/www.ogbl.lu\/de\/#website"},"datePublished":"2011-01-18T14:55:22+00:00","dateModified":"2023-05-23T17:44:28+00:00","breadcrumb":{"@id":"https:\/\/www.ogbl.lu\/communique\/la-vigilance-reste-de-mise\/#breadcrumb"},"inLanguage":"de-DE","potentialAction":[{"@type":"ReadAction","target":["https:\/\/www.ogbl.lu\/communique\/la-vigilance-reste-de-mise\/"]}]},{"@type":"BreadcrumbList","@id":"https:\/\/www.ogbl.lu\/communique\/la-vigilance-reste-de-mise\/#breadcrumb","itemListElement":[{"@type":"ListItem","position":1,"name":"Home","item":"https:\/\/www.ogbl.lu\/"},{"@type":"ListItem","position":2,"name":"La vigilance reste de mise"}]},{"@type":"WebSite","@id":"https:\/\/www.ogbl.lu\/de\/#website","url":"https:\/\/www.ogbl.lu\/de\/","name":"OGBL","description":"DIE GEWERKSCHAFT","publisher":{"@id":"https:\/\/www.ogbl.lu\/de\/#organization"},"potentialAction":[{"@type":"SearchAction","target":{"@type":"EntryPoint","urlTemplate":"https:\/\/www.ogbl.lu\/de\/?s={search_term_string}"},"query-input":"required name=search_term_string"}],"inLanguage":"de-DE"},{"@type":"Organization","@id":"https:\/\/www.ogbl.lu\/de\/#organization","name":"OGBL","url":"https:\/\/www.ogbl.lu\/de\/","logo":{"@type":"ImageObject","inLanguage":"de-DE","@id":"https:\/\/www.ogbl.lu\/de\/#\/schema\/logo\/image\/","url":"https:\/\/www.ogbl.lu\/wp-content\/uploads\/2024\/07\/LOGO_Red_FR-svg.png","contentUrl":"https:\/\/www.ogbl.lu\/wp-content\/uploads\/2024\/07\/LOGO_Red_FR-svg.png","width":369,"height":171,"caption":"OGBL"},"image":{"@id":"https:\/\/www.ogbl.lu\/de\/#\/schema\/logo\/image\/"}}]}},"_links":{"self":[{"href":"https:\/\/www.ogbl.lu\/de\/wp-json\/wp\/v2\/communiques\/870"}],"collection":[{"href":"https:\/\/www.ogbl.lu\/de\/wp-json\/wp\/v2\/communiques"}],"about":[{"href":"https:\/\/www.ogbl.lu\/de\/wp-json\/wp\/v2\/types\/communiques"}],"author":[{"embeddable":true,"href":"https:\/\/www.ogbl.lu\/de\/wp-json\/wp\/v2\/users\/1"}],"version-history":[{"count":0,"href":"https:\/\/www.ogbl.lu\/de\/wp-json\/wp\/v2\/communiques\/870\/revisions"}],"wp:attachment":[{"href":"https:\/\/www.ogbl.lu\/de\/wp-json\/wp\/v2\/media?parent=870"}],"wp:term":[{"taxonomy":"categorie_communiques","embeddable":true,"href":"https:\/\/www.ogbl.lu\/de\/wp-json\/wp\/v2\/categorie_communiques?post=870"},{"taxonomy":"syndicat","embeddable":true,"href":"https:\/\/www.ogbl.lu\/de\/wp-json\/wp\/v2\/syndicat?post=870"}],"curies":[{"name":"wp","href":"https:\/\/api.w.org\/{rel}","templated":true}]}}