{"id":819,"date":"2010-07-19T11:03:29","date_gmt":"2010-07-19T09:03:29","guid":{"rendered":"https:\/\/www.ogbl.lu\/communiques\/les-frontaliers-grands-perdants-des-mesures-anticrise"},"modified":"2023-05-30T10:37:41","modified_gmt":"2023-05-30T08:37:41","slug":"les-frontaliers-grands-perdants-des-mesures-anticrise","status":"publish","type":"communiques","link":"https:\/\/www.ogbl.lu\/de\/communique\/les-frontaliers-grands-perdants-des-mesures-anticrise\/","title":{"rendered":"Die Grenzg\u00e4nger sind die gro\u00dfen Verlierer der Antikrisenma\u00dfnahmen"},"content":{"rendered":"<p><\/p>\n<h3>Der OGBL wendet sich wieder einmal an den Staatsminister<\/h3>\n<p>In einem auf den 19. Juli datierten Brief an Staatsminister Jean-Claude Juncker, kommt OGBL-Pr\u00e4sident Jean-Claude Reding noch einmal auf die k\u00fcrzlich erfolgte Abstimmung \u00fcber die neue Gesetzgebung betreffend die Familienzulagen und den Kinderbonus f\u00fcr Kinder \u00fcber 18 Jahre und die Reform des Studienbeihilfesystems zur\u00fcck. Jean-Claude Reding bedauert von vorne herein, dass die zahlreichen vom Staatsrat und der Salariatskammer erhobenen Fragen und Kritiken keinen angemessenen Niederschlag in den von der Abgeordnetenkammer angenommen Ab\u00e4nderungen gefunden haben.<\/p>\n<p>Der OGBL hatte insbesondere die Frage nach den Auswirkungen dieser Reform f\u00fcr die Grenzg\u00e4nger gestellt, eine Reform, welche die Gefahr birgt als diskriminierende Ma\u00dfnahme von den Grenzg\u00e4ngern empfunden zu werden und die so die Verbitterung dieser Arbeitnehmer, die den Folgen der Wirtschaftskrise in h\u00f6herem Ma\u00dfe ausgesetzt sind, verst\u00e4rken k\u00f6nnte. Genau dies ist nach der Abstimmung der Fall: Die Grenzg\u00e4nger sind \u00fcber die beschlossenen Ma\u00dfnahmen aufgebracht, sie werfen den politisch Verantwortlichen eine egoistische und diskriminierende Haltung vor.<br \/>\nAngesichts der seit 2006 im Bereich der Familienzulagen getroffenen Entscheidungen, ist diese Reaktion nur allzu verst\u00e4ndlich, dies umso mehr als die Grenzg\u00e4nger jedes Mal von den Kompensationsma\u00dfnahmen ausgeschlossen wurden (\u201ech\u00e8ques services\u201c, Stipendien).<\/p>\n<p><strong>Ungerechte, dem sozialen Frieden abtr\u00e4gliche Politik<\/strong><\/p>\n<p>Diese Politik ist nicht nur ungerecht gegen\u00fcber diesen Arbeitnehmern, die ihren Teil zur Schaffung des Reichtums in Luxemburg beitragen und die f\u00fcr das gute Funktionieren der Luxemburger Wirtschaft unentbehrlich sind, sondern sie ist auch dem sozialen Frieden und der Motivation eines Gro\u00dfteils der Arbeitnehmer in den Luxemburger Betrieben abtr\u00e4glich. Diese Politik vermittelt in der Gro\u00dfregion ein negatives Bild des Gro\u00dfherzogtums, n\u00e4mlich das eines Landes, welches die Grenzg\u00e4nger als Arbeitnehmer zweiter Klasse ausnutzt und dessen politisch Verantwortliche die Grenzg\u00e4nger nicht als gleichwertig mit den Einheimischen behandeln. All dies ist negativ f\u00fcr die Attraktivit\u00e4t des Standorts Luxemburg und die Wettbewerbsf\u00e4higkeit seiner Wirtschaft.<\/p>\n<p><strong>Der OGBL erachtet L\u00f6sungen als m\u00f6glich<\/strong><\/p>\n<p>Der OGBL ist der Auffassung, dass die diesbez\u00fcgliche Gesetzgebung umge\u00e4ndert werden muss, und dass Kompensationsm\u00f6glichkeiten, auch f\u00fcr Grenzg\u00e4nger mit Kindern, die Hochschulstudien machen, geschaffen werden m\u00fcssen. Der OGBL ist sich sicher, dass es L\u00f6sungen zur Vermeidung von Diskriminierungen gibt, dies sowohl im steuerlichen Bereich (Aufhebung des Ausschlusses vom Steuerbonus) wie auch auf sozialer Ebene (durch die Aufhebung des Ausschlusses von der Kompensation der Familienzulagen durch das Stipendiensystem).<\/p>\n<p>Abschlie\u00dfend wiederholt Jean-Claude Reding, dass der OGBL bereit ist mit der Regierung \u00fcber seine diesbez\u00fcglichen Vorschl\u00e4ge zu diskutieren. Er unterstreicht allerdings, dass falls keine annehmbare L\u00f6sung gefunden wird, der OGBL alle ihm zur Verf\u00fcgung stehenden legalen Mittel aussch\u00f6pfen wird, um sowohl auf nationaler als auch auf europ\u00e4ischer und auf der Ebene der Gro\u00dfregion Genugtuung zu erhalten.<\/p>\n<p><strong>Mitgeteilt vom OGBL<\/strong><br \/>\n<strong>am 19. Juli 2010<\/strong><\/p>","protected":false},"author":1,"featured_media":0,"template":"","categorie_communiques":[128,126,127],"syndicat":[113,112,100],"acf":[],"yoast_head":"<!-- This site is optimized with the Yoast SEO plugin v23.1 - https:\/\/yoast.com\/wordpress\/plugins\/seo\/ -->\r\n<title>Die Grenzg\u00e4nger sind die gro\u00dfen Verlierer der Antikrisenma\u00dfnahmen - OGBL<\/title>\r\n<meta name=\"robots\" content=\"index, follow, max-snippet:-1, max-image-preview:large, max-video-preview:-1\" \/>\r\n<link rel=\"canonical\" href=\"https:\/\/www.ogbl.lu\/communique\/les-frontaliers-grands-perdants-des-mesures-anticrise\/\" \/>\r\n<meta property=\"og:locale\" content=\"de_DE\" \/>\r\n<meta property=\"og:type\" content=\"article\" \/>\r\n<meta property=\"og:title\" content=\"[:fr]Les frontaliers grands perdants des mesures anticrise[:de]Die Grenzg\u00e4nger sind die gro\u00dfen Verlierer der Antikrisenma\u00dfnahmen[:en]Les frontaliers grands perdants des mesures anticrise[:] - OGBL\" \/>\r\n<meta property=\"og:description\" content=\"Der OGBL wendet sich wieder einmal an den Staatsminister In einem auf den 19. Juli datierten Brief an Staatsminister Jean-Claude \u2026\" \/>\r\n<meta property=\"og:url\" content=\"https:\/\/www.ogbl.lu\/communique\/les-frontaliers-grands-perdants-des-mesures-anticrise\/\" \/>\r\n<meta property=\"og:site_name\" content=\"OGBL\" \/>\r\n<meta property=\"article:modified_time\" content=\"2023-05-30T08:37:41+00:00\" \/>\r\n<meta name=\"twitter:card\" content=\"summary_large_image\" \/>\r\n<meta name=\"twitter:label1\" content=\"Est. reading time\" \/>\n\t<meta name=\"twitter:data1\" content=\"5 Minuten\" \/>\r\n<script type=\"application\/ld+json\" class=\"yoast-schema-graph\">{\"@context\":\"https:\/\/schema.org\",\"@graph\":[{\"@type\":\"WebPage\",\"@id\":\"https:\/\/www.ogbl.lu\/communique\/les-frontaliers-grands-perdants-des-mesures-anticrise\/\",\"url\":\"https:\/\/www.ogbl.lu\/communique\/les-frontaliers-grands-perdants-des-mesures-anticrise\/\",\"name\":\"[:fr]Les frontaliers grands perdants des mesures anticrise[:de]Die Grenzg\u00e4nger sind die gro\u00dfen Verlierer der Antikrisenma\u00dfnahmen[:en]Les frontaliers grands perdants des mesures anticrise[:] - OGBL\",\"isPartOf\":{\"@id\":\"https:\/\/www.ogbl.lu\/de\/#website\"},\"datePublished\":\"2010-07-19T09:03:29+00:00\",\"dateModified\":\"2023-05-30T08:37:41+00:00\",\"breadcrumb\":{\"@id\":\"https:\/\/www.ogbl.lu\/communique\/les-frontaliers-grands-perdants-des-mesures-anticrise\/#breadcrumb\"},\"inLanguage\":\"de-DE\",\"potentialAction\":[{\"@type\":\"ReadAction\",\"target\":[\"https:\/\/www.ogbl.lu\/communique\/les-frontaliers-grands-perdants-des-mesures-anticrise\/\"]}]},{\"@type\":\"BreadcrumbList\",\"@id\":\"https:\/\/www.ogbl.lu\/communique\/les-frontaliers-grands-perdants-des-mesures-anticrise\/#breadcrumb\",\"itemListElement\":[{\"@type\":\"ListItem\",\"position\":1,\"name\":\"Home\",\"item\":\"https:\/\/www.ogbl.lu\/\"},{\"@type\":\"ListItem\",\"position\":2,\"name\":\"Les frontaliers grands perdants des mesures anticrise\"}]},{\"@type\":\"WebSite\",\"@id\":\"https:\/\/www.ogbl.lu\/de\/#website\",\"url\":\"https:\/\/www.ogbl.lu\/de\/\",\"name\":\"OGBL\",\"description\":\"DIE GEWERKSCHAFT\",\"publisher\":{\"@id\":\"https:\/\/www.ogbl.lu\/de\/#organization\"},\"potentialAction\":[{\"@type\":\"SearchAction\",\"target\":{\"@type\":\"EntryPoint\",\"urlTemplate\":\"https:\/\/www.ogbl.lu\/de\/?s={search_term_string}\"},\"query-input\":\"required name=search_term_string\"}],\"inLanguage\":\"de-DE\"},{\"@type\":\"Organization\",\"@id\":\"https:\/\/www.ogbl.lu\/de\/#organization\",\"name\":\"OGBL\",\"url\":\"https:\/\/www.ogbl.lu\/de\/\",\"logo\":{\"@type\":\"ImageObject\",\"inLanguage\":\"de-DE\",\"@id\":\"https:\/\/www.ogbl.lu\/de\/#\/schema\/logo\/image\/\",\"url\":\"https:\/\/www.ogbl.lu\/wp-content\/uploads\/2024\/07\/LOGO_Red_FR-svg.png\",\"contentUrl\":\"https:\/\/www.ogbl.lu\/wp-content\/uploads\/2024\/07\/LOGO_Red_FR-svg.png\",\"width\":369,\"height\":171,\"caption\":\"OGBL\"},\"image\":{\"@id\":\"https:\/\/www.ogbl.lu\/de\/#\/schema\/logo\/image\/\"}}]}<\/script>\r\n<!-- \/ Yoast SEO plugin. -->","yoast_head_json":{"title":"[:fr]Les frontaliers grands perdants des mesures anticrise[:de]Die Grenzg\u00e4nger sind die gro\u00dfen Verlierer der Antikrisenma\u00dfnahmen[:en]Les frontaliers grands perdants des mesures anticrise[:] - OGBL","robots":{"index":"index","follow":"follow","max-snippet":"max-snippet:-1","max-image-preview":"max-image-preview:large","max-video-preview":"max-video-preview:-1"},"canonical":"https:\/\/www.ogbl.lu\/communique\/les-frontaliers-grands-perdants-des-mesures-anticrise\/","og_locale":"de_DE","og_type":"article","og_title":"[:fr]Les frontaliers grands perdants des mesures anticrise[:de]Die Grenzg\u00e4nger sind die gro\u00dfen Verlierer der Antikrisenma\u00dfnahmen[:en]Les frontaliers grands perdants des mesures anticrise[:] - OGBL","og_description":"Der OGBL wendet sich wieder einmal an den Staatsminister In einem auf den 19. Juli datierten Brief an Staatsminister Jean-Claude \u2026","og_url":"https:\/\/www.ogbl.lu\/communique\/les-frontaliers-grands-perdants-des-mesures-anticrise\/","og_site_name":"OGBL","article_modified_time":"2023-05-30T08:37:41+00:00","twitter_card":"summary_large_image","twitter_misc":{"Est. reading time":"5 Minuten"},"schema":{"@context":"https:\/\/schema.org","@graph":[{"@type":"WebPage","@id":"https:\/\/www.ogbl.lu\/communique\/les-frontaliers-grands-perdants-des-mesures-anticrise\/","url":"https:\/\/www.ogbl.lu\/communique\/les-frontaliers-grands-perdants-des-mesures-anticrise\/","name":"[:fr]Les frontaliers grands perdants des mesures anticrise[:de]Die Grenzg\u00e4nger sind die gro\u00dfen Verlierer der Antikrisenma\u00dfnahmen[:en]Les frontaliers grands perdants des mesures anticrise[:] - OGBL","isPartOf":{"@id":"https:\/\/www.ogbl.lu\/de\/#website"},"datePublished":"2010-07-19T09:03:29+00:00","dateModified":"2023-05-30T08:37:41+00:00","breadcrumb":{"@id":"https:\/\/www.ogbl.lu\/communique\/les-frontaliers-grands-perdants-des-mesures-anticrise\/#breadcrumb"},"inLanguage":"de-DE","potentialAction":[{"@type":"ReadAction","target":["https:\/\/www.ogbl.lu\/communique\/les-frontaliers-grands-perdants-des-mesures-anticrise\/"]}]},{"@type":"BreadcrumbList","@id":"https:\/\/www.ogbl.lu\/communique\/les-frontaliers-grands-perdants-des-mesures-anticrise\/#breadcrumb","itemListElement":[{"@type":"ListItem","position":1,"name":"Home","item":"https:\/\/www.ogbl.lu\/"},{"@type":"ListItem","position":2,"name":"Les frontaliers grands perdants des mesures anticrise"}]},{"@type":"WebSite","@id":"https:\/\/www.ogbl.lu\/de\/#website","url":"https:\/\/www.ogbl.lu\/de\/","name":"OGBL","description":"DIE GEWERKSCHAFT","publisher":{"@id":"https:\/\/www.ogbl.lu\/de\/#organization"},"potentialAction":[{"@type":"SearchAction","target":{"@type":"EntryPoint","urlTemplate":"https:\/\/www.ogbl.lu\/de\/?s={search_term_string}"},"query-input":"required name=search_term_string"}],"inLanguage":"de-DE"},{"@type":"Organization","@id":"https:\/\/www.ogbl.lu\/de\/#organization","name":"OGBL","url":"https:\/\/www.ogbl.lu\/de\/","logo":{"@type":"ImageObject","inLanguage":"de-DE","@id":"https:\/\/www.ogbl.lu\/de\/#\/schema\/logo\/image\/","url":"https:\/\/www.ogbl.lu\/wp-content\/uploads\/2024\/07\/LOGO_Red_FR-svg.png","contentUrl":"https:\/\/www.ogbl.lu\/wp-content\/uploads\/2024\/07\/LOGO_Red_FR-svg.png","width":369,"height":171,"caption":"OGBL"},"image":{"@id":"https:\/\/www.ogbl.lu\/de\/#\/schema\/logo\/image\/"}}]}},"_links":{"self":[{"href":"https:\/\/www.ogbl.lu\/de\/wp-json\/wp\/v2\/communiques\/819"}],"collection":[{"href":"https:\/\/www.ogbl.lu\/de\/wp-json\/wp\/v2\/communiques"}],"about":[{"href":"https:\/\/www.ogbl.lu\/de\/wp-json\/wp\/v2\/types\/communiques"}],"author":[{"embeddable":true,"href":"https:\/\/www.ogbl.lu\/de\/wp-json\/wp\/v2\/users\/1"}],"version-history":[{"count":0,"href":"https:\/\/www.ogbl.lu\/de\/wp-json\/wp\/v2\/communiques\/819\/revisions"}],"wp:attachment":[{"href":"https:\/\/www.ogbl.lu\/de\/wp-json\/wp\/v2\/media?parent=819"}],"wp:term":[{"taxonomy":"categorie_communiques","embeddable":true,"href":"https:\/\/www.ogbl.lu\/de\/wp-json\/wp\/v2\/categorie_communiques?post=819"},{"taxonomy":"syndicat","embeddable":true,"href":"https:\/\/www.ogbl.lu\/de\/wp-json\/wp\/v2\/syndicat?post=819"}],"curies":[{"name":"wp","href":"https:\/\/api.w.org\/{rel}","templated":true}]}}