{"id":607,"date":"2009-03-27T10:38:23","date_gmt":"2009-03-27T09:38:23","guid":{"rendered":"https:\/\/www.ogbl.lu\/communiques\/plan-de-maintien-dans-lemploi"},"modified":"2023-06-02T11:48:25","modified_gmt":"2023-06-02T09:48:25","slug":"plan-de-maintien-dans-lemploi","status":"publish","type":"communiques","link":"https:\/\/www.ogbl.lu\/de\/communique\/plan-de-maintien-dans-lemploi\/","title":{"rendered":"Plan de maintien dans l\u2019emploi"},"content":{"rendered":"<p class=\"qtranxs-available-languages-message qtranxs-available-languages-message-de\"> <\/p><p>La direction de la soci\u00e9t\u00e9 Elth SA a inform\u00e9 ce matin la d\u00e9l\u00e9gation du personnel, le comit\u00e9 mixte ainsi que les deux syndicats OGBL et LCGB de sa volont\u00e9 de n\u00e9gocier un plan de maintien dans l\u2019emploi.<br \/>\nAu mois de mars, 250 salari\u00e9s d\u2019Elth \u00e9taient concern\u00e9s par une mesure de ch\u00f4mage partiel conjoncturel.<br \/>\nAucun salari\u00e9 d\u2019Elth n\u2019est aujourd\u2019hui menac\u00e9 de licenciement.<br \/>\nLa prochaine r\u00e9union entre partenaires sociaux aura lieu le 2 avril prochain.<\/p>\n<p><strong>Communiqu\u00e9 par le Syndicat Transformation sur m\u00e9taux et Garages de<\/strong><br \/>\n<strong>l\u2019OGBL<\/strong><br \/>\n<strong>le 27 mars 2009<\/strong><\/p>","protected":false},"author":1,"featured_media":0,"template":"","categorie_communiques":[162],"syndicat":[165],"acf":[],"yoast_head":"<!-- This site is optimized with the Yoast SEO plugin v23.1 - https:\/\/yoast.com\/wordpress\/plugins\/seo\/ -->\r\n<title><\/title>\r\n<meta name=\"robots\" content=\"index, follow, max-snippet:-1, max-image-preview:large, max-video-preview:-1\" \/>\r\n<link rel=\"canonical\" href=\"https:\/\/www.ogbl.lu\/communique\/plan-de-maintien-dans-lemploi\/\" \/>\r\n<meta property=\"og:locale\" content=\"de_DE\" \/>\r\n<meta property=\"og:type\" content=\"article\" \/>\r\n<meta property=\"og:title\" content=\"[:fr]Plan de maintien dans l\u2019emploi[:en]Plan de maintien dans l\u2019emploi[:] - OGBL\" \/>\r\n<meta property=\"og:description\" content=\"La direction de la soci\u00e9t\u00e9 Elth SA a inform\u00e9 ce matin la d\u00e9l\u00e9gation du personnel, le comit\u00e9 mixte ainsi que \u2026\" \/>\r\n<meta property=\"og:url\" content=\"https:\/\/www.ogbl.lu\/communique\/plan-de-maintien-dans-lemploi\/\" \/>\r\n<meta property=\"og:site_name\" content=\"OGBL\" \/>\r\n<meta property=\"article:modified_time\" content=\"2023-06-02T09:48:25+00:00\" \/>\r\n<meta name=\"twitter:card\" content=\"summary_large_image\" \/>\r\n<meta name=\"twitter:label1\" content=\"Est. reading time\" \/>\n\t<meta name=\"twitter:data1\" content=\"1 Minute\" \/>\r\n<script type=\"application\/ld+json\" class=\"yoast-schema-graph\">{\"@context\":\"https:\/\/schema.org\",\"@graph\":[{\"@type\":\"WebPage\",\"@id\":\"https:\/\/www.ogbl.lu\/communique\/plan-de-maintien-dans-lemploi\/\",\"url\":\"https:\/\/www.ogbl.lu\/communique\/plan-de-maintien-dans-lemploi\/\",\"name\":\"[:fr]Plan de maintien dans l\u2019emploi[:en]Plan de maintien dans l\u2019emploi[:] - OGBL\",\"isPartOf\":{\"@id\":\"https:\/\/www.ogbl.lu\/de\/#website\"},\"datePublished\":\"2009-03-27T09:38:23+00:00\",\"dateModified\":\"2023-06-02T09:48:25+00:00\",\"breadcrumb\":{\"@id\":\"https:\/\/www.ogbl.lu\/communique\/plan-de-maintien-dans-lemploi\/#breadcrumb\"},\"inLanguage\":\"de-DE\",\"potentialAction\":[{\"@type\":\"ReadAction\",\"target\":[\"https:\/\/www.ogbl.lu\/communique\/plan-de-maintien-dans-lemploi\/\"]}]},{\"@type\":\"BreadcrumbList\",\"@id\":\"https:\/\/www.ogbl.lu\/communique\/plan-de-maintien-dans-lemploi\/#breadcrumb\",\"itemListElement\":[{\"@type\":\"ListItem\",\"position\":1,\"name\":\"Home\",\"item\":\"https:\/\/www.ogbl.lu\/\"},{\"@type\":\"ListItem\",\"position\":2,\"name\":\"Plan de maintien dans l\u2019emploi\"}]},{\"@type\":\"WebSite\",\"@id\":\"https:\/\/www.ogbl.lu\/de\/#website\",\"url\":\"https:\/\/www.ogbl.lu\/de\/\",\"name\":\"OGBL\",\"description\":\"DIE GEWERKSCHAFT\",\"publisher\":{\"@id\":\"https:\/\/www.ogbl.lu\/de\/#organization\"},\"potentialAction\":[{\"@type\":\"SearchAction\",\"target\":{\"@type\":\"EntryPoint\",\"urlTemplate\":\"https:\/\/www.ogbl.lu\/de\/?s={search_term_string}\"},\"query-input\":\"required name=search_term_string\"}],\"inLanguage\":\"de-DE\"},{\"@type\":\"Organization\",\"@id\":\"https:\/\/www.ogbl.lu\/de\/#organization\",\"name\":\"OGBL\",\"url\":\"https:\/\/www.ogbl.lu\/de\/\",\"logo\":{\"@type\":\"ImageObject\",\"inLanguage\":\"de-DE\",\"@id\":\"https:\/\/www.ogbl.lu\/de\/#\/schema\/logo\/image\/\",\"url\":\"https:\/\/www.ogbl.lu\/wp-content\/uploads\/2024\/07\/LOGO_Red_FR-svg.png\",\"contentUrl\":\"https:\/\/www.ogbl.lu\/wp-content\/uploads\/2024\/07\/LOGO_Red_FR-svg.png\",\"width\":369,\"height\":171,\"caption\":\"OGBL\"},\"image\":{\"@id\":\"https:\/\/www.ogbl.lu\/de\/#\/schema\/logo\/image\/\"}}]}<\/script>\r\n<!-- \/ Yoast SEO plugin. -->","yoast_head_json":{"title":"[:fr]Plan de maintien dans l\u2019emploi[:en]Plan de maintien dans l\u2019emploi[:] - OGBL","robots":{"index":"index","follow":"follow","max-snippet":"max-snippet:-1","max-image-preview":"max-image-preview:large","max-video-preview":"max-video-preview:-1"},"canonical":"https:\/\/www.ogbl.lu\/communique\/plan-de-maintien-dans-lemploi\/","og_locale":"de_DE","og_type":"article","og_title":"[:fr]Plan de maintien dans l\u2019emploi[:en]Plan de maintien dans l\u2019emploi[:] - OGBL","og_description":"La direction de la soci\u00e9t\u00e9 Elth SA a inform\u00e9 ce matin la d\u00e9l\u00e9gation du personnel, le comit\u00e9 mixte ainsi que \u2026","og_url":"https:\/\/www.ogbl.lu\/communique\/plan-de-maintien-dans-lemploi\/","og_site_name":"OGBL","article_modified_time":"2023-06-02T09:48:25+00:00","twitter_card":"summary_large_image","twitter_misc":{"Est. reading time":"1 Minute"},"schema":{"@context":"https:\/\/schema.org","@graph":[{"@type":"WebPage","@id":"https:\/\/www.ogbl.lu\/communique\/plan-de-maintien-dans-lemploi\/","url":"https:\/\/www.ogbl.lu\/communique\/plan-de-maintien-dans-lemploi\/","name":"[:fr]Plan de maintien dans l\u2019emploi[:en]Plan de maintien dans l\u2019emploi[:] - OGBL","isPartOf":{"@id":"https:\/\/www.ogbl.lu\/de\/#website"},"datePublished":"2009-03-27T09:38:23+00:00","dateModified":"2023-06-02T09:48:25+00:00","breadcrumb":{"@id":"https:\/\/www.ogbl.lu\/communique\/plan-de-maintien-dans-lemploi\/#breadcrumb"},"inLanguage":"de-DE","potentialAction":[{"@type":"ReadAction","target":["https:\/\/www.ogbl.lu\/communique\/plan-de-maintien-dans-lemploi\/"]}]},{"@type":"BreadcrumbList","@id":"https:\/\/www.ogbl.lu\/communique\/plan-de-maintien-dans-lemploi\/#breadcrumb","itemListElement":[{"@type":"ListItem","position":1,"name":"Home","item":"https:\/\/www.ogbl.lu\/"},{"@type":"ListItem","position":2,"name":"Plan de maintien dans l\u2019emploi"}]},{"@type":"WebSite","@id":"https:\/\/www.ogbl.lu\/de\/#website","url":"https:\/\/www.ogbl.lu\/de\/","name":"OGBL","description":"DIE GEWERKSCHAFT","publisher":{"@id":"https:\/\/www.ogbl.lu\/de\/#organization"},"potentialAction":[{"@type":"SearchAction","target":{"@type":"EntryPoint","urlTemplate":"https:\/\/www.ogbl.lu\/de\/?s={search_term_string}"},"query-input":"required name=search_term_string"}],"inLanguage":"de-DE"},{"@type":"Organization","@id":"https:\/\/www.ogbl.lu\/de\/#organization","name":"OGBL","url":"https:\/\/www.ogbl.lu\/de\/","logo":{"@type":"ImageObject","inLanguage":"de-DE","@id":"https:\/\/www.ogbl.lu\/de\/#\/schema\/logo\/image\/","url":"https:\/\/www.ogbl.lu\/wp-content\/uploads\/2024\/07\/LOGO_Red_FR-svg.png","contentUrl":"https:\/\/www.ogbl.lu\/wp-content\/uploads\/2024\/07\/LOGO_Red_FR-svg.png","width":369,"height":171,"caption":"OGBL"},"image":{"@id":"https:\/\/www.ogbl.lu\/de\/#\/schema\/logo\/image\/"}}]}},"_links":{"self":[{"href":"https:\/\/www.ogbl.lu\/de\/wp-json\/wp\/v2\/communiques\/607"}],"collection":[{"href":"https:\/\/www.ogbl.lu\/de\/wp-json\/wp\/v2\/communiques"}],"about":[{"href":"https:\/\/www.ogbl.lu\/de\/wp-json\/wp\/v2\/types\/communiques"}],"author":[{"embeddable":true,"href":"https:\/\/www.ogbl.lu\/de\/wp-json\/wp\/v2\/users\/1"}],"version-history":[{"count":0,"href":"https:\/\/www.ogbl.lu\/de\/wp-json\/wp\/v2\/communiques\/607\/revisions"}],"wp:attachment":[{"href":"https:\/\/www.ogbl.lu\/de\/wp-json\/wp\/v2\/media?parent=607"}],"wp:term":[{"taxonomy":"categorie_communiques","embeddable":true,"href":"https:\/\/www.ogbl.lu\/de\/wp-json\/wp\/v2\/categorie_communiques?post=607"},{"taxonomy":"syndicat","embeddable":true,"href":"https:\/\/www.ogbl.lu\/de\/wp-json\/wp\/v2\/syndicat?post=607"}],"curies":[{"name":"wp","href":"https:\/\/api.w.org\/{rel}","templated":true}]}}