{"id":59925,"date":"2025-10-27T16:34:38","date_gmt":"2025-10-27T15:34:38","guid":{"rendered":"https:\/\/www.ogbl.lu\/?post_type=communiques&#038;p=59925"},"modified":"2025-10-27T16:36:53","modified_gmt":"2025-10-27T15:36:53","slug":"signature-dun-plan-social-aupres-ding-luxembourg","status":"publish","type":"communiques","link":"https:\/\/www.ogbl.lu\/de\/communique\/signature-dun-plan-social-aupres-ding-luxembourg\/","title":{"rendered":"Signature d\u2019un plan social aupr\u00e8s d\u2019ING Luxembourg"},"content":{"rendered":"<p class=\"qtranxs-available-languages-message qtranxs-available-languages-message-de\"> <\/p><p>Le 24 octobre 2025, apr\u00e8s de longues mais constructives et respectueuses discussions, les syndicats ALEBA, LCGB et OGBL, en \u00e9troite collaboration avec la d\u00e9l\u00e9gation du personnel de ING, ont trouv\u00e9 un accord avec la direction d\u2019ING Luxembourg. Ces n\u00e9gociations ont abouti \u00e0 une signature d\u2019un plan social qui couvrira les 124 employ\u00e9s potentiellement impact\u00e9s.<\/p>\n<p>Malgr\u00e9 la d\u00e9cision regrettable de la direction de proc\u00e9der \u00e0 des suppressions d&#8217;emplois dans le cadre d&#8217;un plan social, cet accord a \u00e9t\u00e9 conclu dans un esprit de dialogue ouvert et de collaboration, avec pour objectif commun de soutenir tous les employ\u00e9s concern\u00e9s par la transformation strat\u00e9gique en cours.<\/p>\n<p>Le plan social pr\u00e9voit des indemnit\u00e9s financi\u00e8res additionnelles et comprend \u00e9galement un soutien d\u00e9di\u00e9 \u00e0 la transition de carri\u00e8re et \u00e0 la formation. Ces mesures garantissent que le plan social offre des conditions d\u00e9centes et respectueuses \u00e0 tous les employ\u00e9s concern\u00e9s.<\/p>\n<p>Dans le cadre de la r\u00e9orientation strat\u00e9gique d&#8217;ING Luxembourg vers les activit\u00e9s de Private Banking et de Wholesale Banking, la direction d\u2019ING a d\u00e9cid\u00e9 de mettre en \u0153uvre des changements structurels et une r\u00e9duction de certaines positions au moyen d\u2019un plan social.<\/p>\n<p>Les syndicats tiennent \u00e0 souligner que tout a \u00e9t\u00e9 mis en \u0153uvre pour offrir les meilleures conditions de d\u00e9part possibles aux employ\u00e9s concern\u00e9s.<\/p>\n<p><strong><em>Communiqu\u00e9 par l\u2019OGBL, le LCGB et l\u2019ALEBA,\u00a0<\/em><\/strong><strong><em>le 27 octobre 2025<\/em><\/strong><\/p>","protected":false},"author":5,"featured_media":59926,"template":"","categorie_communiques":[52],"syndicat":[],"acf":[],"yoast_head":"<!-- This site is optimized with the Yoast SEO plugin v23.1 - https:\/\/yoast.com\/wordpress\/plugins\/seo\/ -->\r\n<title><\/title>\r\n<meta name=\"robots\" content=\"index, follow, max-snippet:-1, max-image-preview:large, max-video-preview:-1\" \/>\r\n<link rel=\"canonical\" href=\"https:\/\/www.ogbl.lu\/communique\/signature-dun-plan-social-aupres-ding-luxembourg\/\" \/>\r\n<meta property=\"og:locale\" content=\"de_DE\" \/>\r\n<meta property=\"og:type\" content=\"article\" \/>\r\n<meta property=\"og:title\" content=\"[:fr]Signature d\u2019un plan social aupr\u00e8s d\u2019ING Luxembourg[:en]Social Plan signed at ING Luxembourg [:] - OGBL\" \/>\r\n<meta property=\"og:description\" content=\"Le 24 octobre 2025, apr\u00e8s de longues mais constructives et respectueuses discussions, les syndicats ALEBA, LCGB et OGBL, en \u00e9troite \u2026\" \/>\r\n<meta property=\"og:url\" content=\"https:\/\/www.ogbl.lu\/communique\/signature-dun-plan-social-aupres-ding-luxembourg\/\" \/>\r\n<meta property=\"og:site_name\" content=\"OGBL\" \/>\r\n<meta property=\"article:modified_time\" content=\"2025-10-27T15:36:53+00:00\" \/>\r\n<meta property=\"og:image\" content=\"https:\/\/www.ogbl.lu\/wp-content\/uploads\/2025\/10\/processed-D52B8597-4A72-4A3C-B338-3D99E4E343CF-1035x777.jpeg\" \/>\r\n\t<meta property=\"og:image:width\" content=\"1035\" \/>\r\n\t<meta property=\"og:image:height\" content=\"777\" \/>\r\n\t<meta property=\"og:image:type\" content=\"image\/jpeg\" \/>\r\n<meta name=\"twitter:card\" content=\"summary_large_image\" \/>\r\n<meta name=\"twitter:label1\" content=\"Est. reading time\" \/>\n\t<meta name=\"twitter:data1\" content=\"2 Minuten\" \/>\r\n<script type=\"application\/ld+json\" class=\"yoast-schema-graph\">{\"@context\":\"https:\/\/schema.org\",\"@graph\":[{\"@type\":\"WebPage\",\"@id\":\"https:\/\/www.ogbl.lu\/communique\/signature-dun-plan-social-aupres-ding-luxembourg\/\",\"url\":\"https:\/\/www.ogbl.lu\/communique\/signature-dun-plan-social-aupres-ding-luxembourg\/\",\"name\":\"[:fr]Signature d\u2019un plan social aupr\u00e8s d\u2019ING Luxembourg[:en]Social Plan signed at ING Luxembourg [:] - OGBL\",\"isPartOf\":{\"@id\":\"https:\/\/www.ogbl.lu\/de\/#website\"},\"primaryImageOfPage\":{\"@id\":\"https:\/\/www.ogbl.lu\/communique\/signature-dun-plan-social-aupres-ding-luxembourg\/#primaryimage\"},\"image\":{\"@id\":\"https:\/\/www.ogbl.lu\/communique\/signature-dun-plan-social-aupres-ding-luxembourg\/#primaryimage\"},\"thumbnailUrl\":\"https:\/\/www.ogbl.lu\/wp-content\/uploads\/2025\/10\/processed-D52B8597-4A72-4A3C-B338-3D99E4E343CF.jpeg\",\"datePublished\":\"2025-10-27T15:34:38+00:00\",\"dateModified\":\"2025-10-27T15:36:53+00:00\",\"breadcrumb\":{\"@id\":\"https:\/\/www.ogbl.lu\/communique\/signature-dun-plan-social-aupres-ding-luxembourg\/#breadcrumb\"},\"inLanguage\":\"de-DE\",\"potentialAction\":[{\"@type\":\"ReadAction\",\"target\":[\"https:\/\/www.ogbl.lu\/communique\/signature-dun-plan-social-aupres-ding-luxembourg\/\"]}]},{\"@type\":\"ImageObject\",\"inLanguage\":\"de-DE\",\"@id\":\"https:\/\/www.ogbl.lu\/communique\/signature-dun-plan-social-aupres-ding-luxembourg\/#primaryimage\",\"url\":\"https:\/\/www.ogbl.lu\/wp-content\/uploads\/2025\/10\/processed-D52B8597-4A72-4A3C-B338-3D99E4E343CF.jpeg\",\"contentUrl\":\"https:\/\/www.ogbl.lu\/wp-content\/uploads\/2025\/10\/processed-D52B8597-4A72-4A3C-B338-3D99E4E343CF.jpeg\",\"width\":2420,\"height\":1816},{\"@type\":\"BreadcrumbList\",\"@id\":\"https:\/\/www.ogbl.lu\/communique\/signature-dun-plan-social-aupres-ding-luxembourg\/#breadcrumb\",\"itemListElement\":[{\"@type\":\"ListItem\",\"position\":1,\"name\":\"Home\",\"item\":\"https:\/\/www.ogbl.lu\/\"},{\"@type\":\"ListItem\",\"position\":2,\"name\":\"Signature d\u2019un plan social aupr\u00e8s d\u2019ING Luxembourg\"}]},{\"@type\":\"WebSite\",\"@id\":\"https:\/\/www.ogbl.lu\/de\/#website\",\"url\":\"https:\/\/www.ogbl.lu\/de\/\",\"name\":\"OGBL\",\"description\":\"DIE GEWERKSCHAFT\",\"publisher\":{\"@id\":\"https:\/\/www.ogbl.lu\/de\/#organization\"},\"potentialAction\":[{\"@type\":\"SearchAction\",\"target\":{\"@type\":\"EntryPoint\",\"urlTemplate\":\"https:\/\/www.ogbl.lu\/de\/?s={search_term_string}\"},\"query-input\":\"required name=search_term_string\"}],\"inLanguage\":\"de-DE\"},{\"@type\":\"Organization\",\"@id\":\"https:\/\/www.ogbl.lu\/de\/#organization\",\"name\":\"OGBL\",\"url\":\"https:\/\/www.ogbl.lu\/de\/\",\"logo\":{\"@type\":\"ImageObject\",\"inLanguage\":\"de-DE\",\"@id\":\"https:\/\/www.ogbl.lu\/de\/#\/schema\/logo\/image\/\",\"url\":\"https:\/\/www.ogbl.lu\/wp-content\/uploads\/2024\/07\/LOGO_Red_FR-svg.png\",\"contentUrl\":\"https:\/\/www.ogbl.lu\/wp-content\/uploads\/2024\/07\/LOGO_Red_FR-svg.png\",\"width\":369,\"height\":171,\"caption\":\"OGBL\"},\"image\":{\"@id\":\"https:\/\/www.ogbl.lu\/de\/#\/schema\/logo\/image\/\"}}]}<\/script>\r\n<!-- \/ Yoast SEO plugin. -->","yoast_head_json":{"title":"[:fr]Signature d\u2019un plan social aupr\u00e8s d\u2019ING Luxembourg[:en]Social Plan signed at ING Luxembourg [:] - OGBL","robots":{"index":"index","follow":"follow","max-snippet":"max-snippet:-1","max-image-preview":"max-image-preview:large","max-video-preview":"max-video-preview:-1"},"canonical":"https:\/\/www.ogbl.lu\/communique\/signature-dun-plan-social-aupres-ding-luxembourg\/","og_locale":"de_DE","og_type":"article","og_title":"[:fr]Signature d\u2019un plan social aupr\u00e8s d\u2019ING Luxembourg[:en]Social Plan signed at ING Luxembourg [:] - OGBL","og_description":"Le 24 octobre 2025, apr\u00e8s de longues mais constructives et respectueuses discussions, les syndicats ALEBA, LCGB et OGBL, en \u00e9troite \u2026","og_url":"https:\/\/www.ogbl.lu\/communique\/signature-dun-plan-social-aupres-ding-luxembourg\/","og_site_name":"OGBL","article_modified_time":"2025-10-27T15:36:53+00:00","og_image":[{"width":1035,"height":777,"url":"https:\/\/www.ogbl.lu\/wp-content\/uploads\/2025\/10\/processed-D52B8597-4A72-4A3C-B338-3D99E4E343CF-1035x777.jpeg","type":"image\/jpeg"}],"twitter_card":"summary_large_image","twitter_misc":{"Est. reading time":"2 Minuten"},"schema":{"@context":"https:\/\/schema.org","@graph":[{"@type":"WebPage","@id":"https:\/\/www.ogbl.lu\/communique\/signature-dun-plan-social-aupres-ding-luxembourg\/","url":"https:\/\/www.ogbl.lu\/communique\/signature-dun-plan-social-aupres-ding-luxembourg\/","name":"[:fr]Signature d\u2019un plan social aupr\u00e8s d\u2019ING Luxembourg[:en]Social Plan signed at ING Luxembourg [:] - OGBL","isPartOf":{"@id":"https:\/\/www.ogbl.lu\/de\/#website"},"primaryImageOfPage":{"@id":"https:\/\/www.ogbl.lu\/communique\/signature-dun-plan-social-aupres-ding-luxembourg\/#primaryimage"},"image":{"@id":"https:\/\/www.ogbl.lu\/communique\/signature-dun-plan-social-aupres-ding-luxembourg\/#primaryimage"},"thumbnailUrl":"https:\/\/www.ogbl.lu\/wp-content\/uploads\/2025\/10\/processed-D52B8597-4A72-4A3C-B338-3D99E4E343CF.jpeg","datePublished":"2025-10-27T15:34:38+00:00","dateModified":"2025-10-27T15:36:53+00:00","breadcrumb":{"@id":"https:\/\/www.ogbl.lu\/communique\/signature-dun-plan-social-aupres-ding-luxembourg\/#breadcrumb"},"inLanguage":"de-DE","potentialAction":[{"@type":"ReadAction","target":["https:\/\/www.ogbl.lu\/communique\/signature-dun-plan-social-aupres-ding-luxembourg\/"]}]},{"@type":"ImageObject","inLanguage":"de-DE","@id":"https:\/\/www.ogbl.lu\/communique\/signature-dun-plan-social-aupres-ding-luxembourg\/#primaryimage","url":"https:\/\/www.ogbl.lu\/wp-content\/uploads\/2025\/10\/processed-D52B8597-4A72-4A3C-B338-3D99E4E343CF.jpeg","contentUrl":"https:\/\/www.ogbl.lu\/wp-content\/uploads\/2025\/10\/processed-D52B8597-4A72-4A3C-B338-3D99E4E343CF.jpeg","width":2420,"height":1816},{"@type":"BreadcrumbList","@id":"https:\/\/www.ogbl.lu\/communique\/signature-dun-plan-social-aupres-ding-luxembourg\/#breadcrumb","itemListElement":[{"@type":"ListItem","position":1,"name":"Home","item":"https:\/\/www.ogbl.lu\/"},{"@type":"ListItem","position":2,"name":"Signature d\u2019un plan social aupr\u00e8s d\u2019ING Luxembourg"}]},{"@type":"WebSite","@id":"https:\/\/www.ogbl.lu\/de\/#website","url":"https:\/\/www.ogbl.lu\/de\/","name":"OGBL","description":"DIE GEWERKSCHAFT","publisher":{"@id":"https:\/\/www.ogbl.lu\/de\/#organization"},"potentialAction":[{"@type":"SearchAction","target":{"@type":"EntryPoint","urlTemplate":"https:\/\/www.ogbl.lu\/de\/?s={search_term_string}"},"query-input":"required name=search_term_string"}],"inLanguage":"de-DE"},{"@type":"Organization","@id":"https:\/\/www.ogbl.lu\/de\/#organization","name":"OGBL","url":"https:\/\/www.ogbl.lu\/de\/","logo":{"@type":"ImageObject","inLanguage":"de-DE","@id":"https:\/\/www.ogbl.lu\/de\/#\/schema\/logo\/image\/","url":"https:\/\/www.ogbl.lu\/wp-content\/uploads\/2024\/07\/LOGO_Red_FR-svg.png","contentUrl":"https:\/\/www.ogbl.lu\/wp-content\/uploads\/2024\/07\/LOGO_Red_FR-svg.png","width":369,"height":171,"caption":"OGBL"},"image":{"@id":"https:\/\/www.ogbl.lu\/de\/#\/schema\/logo\/image\/"}}]}},"_links":{"self":[{"href":"https:\/\/www.ogbl.lu\/de\/wp-json\/wp\/v2\/communiques\/59925"}],"collection":[{"href":"https:\/\/www.ogbl.lu\/de\/wp-json\/wp\/v2\/communiques"}],"about":[{"href":"https:\/\/www.ogbl.lu\/de\/wp-json\/wp\/v2\/types\/communiques"}],"author":[{"embeddable":true,"href":"https:\/\/www.ogbl.lu\/de\/wp-json\/wp\/v2\/users\/5"}],"version-history":[{"count":2,"href":"https:\/\/www.ogbl.lu\/de\/wp-json\/wp\/v2\/communiques\/59925\/revisions"}],"predecessor-version":[{"id":59928,"href":"https:\/\/www.ogbl.lu\/de\/wp-json\/wp\/v2\/communiques\/59925\/revisions\/59928"}],"wp:featuredmedia":[{"embeddable":true,"href":"https:\/\/www.ogbl.lu\/de\/wp-json\/wp\/v2\/media\/59926"}],"wp:attachment":[{"href":"https:\/\/www.ogbl.lu\/de\/wp-json\/wp\/v2\/media?parent=59925"}],"wp:term":[{"taxonomy":"categorie_communiques","embeddable":true,"href":"https:\/\/www.ogbl.lu\/de\/wp-json\/wp\/v2\/categorie_communiques?post=59925"},{"taxonomy":"syndicat","embeddable":true,"href":"https:\/\/www.ogbl.lu\/de\/wp-json\/wp\/v2\/syndicat?post=59925"}],"curies":[{"name":"wp","href":"https:\/\/api.w.org\/{rel}","templated":true}]}}