{"id":549,"date":"2008-07-22T14:38:54","date_gmt":"2008-07-22T12:38:54","guid":{"rendered":"https:\/\/www.ogbl.lu\/communiques\/ogbl-recu-au-ministere-des-transports"},"modified":"2023-06-05T13:33:37","modified_gmt":"2023-06-05T11:33:37","slug":"ogbl-recu-au-ministere-des-transports","status":"publish","type":"communiques","link":"https:\/\/www.ogbl.lu\/de\/communique\/ogbl-recu-au-ministere-des-transports\/","title":{"rendered":"Empfang des OGBL im Transportministerium"},"content":{"rendered":"<p>Auf Anfrage des OGBL kam eine Gewerkschaftsdelegation am 18. Juli 2008 mit dem Vorsitzenden des Verwaltungsrates Frank Reimen und dem Generaldirektor von Lux-Airport, Fernand Brisbois, zusammen um sich den Fragen und Anliegen des OGBL und der Delegation zu stellen.<br \/>\nEine Stunde wurde als zeitlicher Rahmen vom Ministerium festgesetzt, in der man sich auf die wesentlichsten Punkte beschr\u00e4nkte.<\/p>\n<p><strong>Personalmangel<\/strong><\/p>\n<p>Innerhalb eines Jahres haben ca. zehn Mitarbeiter der Firma gek\u00fcndigt. Diese sind jedoch bislang nicht ersetzt worden. Dadurch ist es zu einer zus\u00e4tzlichen Belastung des Stammpersonals gekommen, wobei unter anderem einige Artikel des seit M\u00e4rz 2008 abgeschlossenen Kollektivvertrags nicht zum Tragen kommen. Die Direktion best\u00e4tigte die Richtigkeit der zahlreichen K\u00fcndigungen, vertrat jedoch den Standpunkt, dass dadurch die Funktionalit\u00e4t von Lux-Airport in keiner Weise beeintr\u00e4chtigt werde.<br \/>\nDer Regierungsvertreter und der Generaldirektor erkl\u00e4rten die Dauer-, bzw. \u00dcberlastung des Personals mit den derzeit noch andauernden Baumassnahmen am neuen Flughafenterminal. In diesem Zusammenhang verwies Herr Fernand Brisbois auf die drastische Personalentwicklung bei Lux-Airport, wo im Januar 2007 37 Mitarbeiter besch\u00e4ftigt waren, im Gegensatz zu derzeit 207 Besch\u00e4ftigten. Im August 2008 werden dreizehn weitere Einstellungen erfolgen und es wird zu weiteren Neueinstellungen kommen, so Herr Brisbois. Zudem habe sich die Personalstrategie ge\u00e4ndert. Festes Ziel sei jedoch, den Flughafen lediglich mit Lux-Airport Personal zu betreiben. Er betonte auch das erfolgreiche Beenden der Krise, in der sich der Site Findel 2007 befand und die vielen Schwankungen, denen der Flughafen an sich unterliege.<\/p>\n<p><strong>Outsourcing<\/strong><\/p>\n<p>Derzeit werden die Personaldefizite der Sicherheitsbereiche sowohl im Terminal als auch auf dem Flughafengel\u00e4nde von so genanntem Leihpersonal von Brinks und G4S ausgeglichen, was f\u00fcr das Stammpersonal eine zus\u00e4tzliche Belastung in verschiedenen Bereichen zur Folge hat. Die Direktion sieht darin eine Notl\u00f6sung, zeigte sich jedoch verwundert dar\u00fcber, bislang noch keinerlei Kritik aus Personalreihen vernommen zu haben. Dies lie\u00df beide Parteien zu der \u00dcberzeugung gelangen, dass die Kommunikation innerhalb des Betriebes nicht optimal funktioniere. Die Gr\u00fcnde konnten allerdings nicht herausgestellt werden. Nochmals versuchte Herr Brisbois die besondere Stresssituation, in der sich der Flughafen befinde, zu betonen und dass sich der daraus resultierende Druck auf alle Bereiche innerhalb des Betriebes gleicherma\u00dfen verteile. Der Tatsache, dass neue Formatteure mehr als dringend gebraucht werden, hatte er nichts entgegen zu bringen.<br \/>\nDer Vorsitzende des Verwaltungsrates, Herr Frank Reimen, stellte das hohe Sicherheitsniveau der Sicherheitskontrollen im internationalen Vergleich heraus und setzte diese in direkten Zusammenhang mit der aktuellen Personalproblematik und der Inbetriebnahme des neuen Terminals. Zusammen mit der Polizei ist ein so genannter Aktionsplan erstellt worden und keinesfalls kommt es zur Schlie\u00dfung des Flughafens laut Art. 15. der europ\u00e4ischen Verordnung.<br \/>\nEin Formationsplan wird diesbez\u00fcglich bis voraussichtlich Mitte, sp\u00e4testens jedoch Ende September erstellt.<\/p>\n<p><strong>Mobbing\/ Bel\u00e4stigung am Arbeitsplatz (Harc\u00e8lement moral)<\/strong><\/p>\n<p>Diese beiden \u00fcberaus aktuellen und wichtigen Punkte werden in einer separaten Unterredung abgehandelt werden.<br \/>\nKlar und deutlich gab der Verwaltungsratsvorsitzende Frank Reimen zu verstehen, dass eine negative Arbeitsatmosph\u00e4re weder vom Minister noch vom Verwaltungsrat selbst akzeptiert werde und eventuelle Fehler auf direktem Wege zu sanktionieren seien.<br \/>\nDas Stichwort \u201eBel\u00e4stigung am Arbeitplatz\u201c (Harc\u00e8lement moral) darf keinesfalls als Vorwand benutzt werden, noch als Mittel zum Zweck vorgegeben werden. Eigendynamik darf nicht aufkommen.<\/p>\n<p><strong>Arbeitsbedingungen<\/strong><\/p>\n<p>Der OGBL sprach direkt die Thematik der Sauberkeit und Hygiene an und belegte anhand eines Beispiels das Nichtfunktionieren der Heizungen in den Containern. Ebenso musste die Direktion die Tatsache der versp\u00e4teten Lohnauszahlung zur Kenntnis nehmen sowie die der verz\u00f6gerten Herausgabe der Arbeitspl\u00e4ne. Herr Brisbois versprach daran zu arbeiten. Er gab auch bekannt, dass ein System zur Arbeitszeiterfassung erworben wurde. Erstaunt war der Generaldirektor dar\u00fcber, dass die Delegation immer noch kein B\u00fcro, und kein Brett zur Ver\u00f6ffentlichung bzw. Bekanntgabe wichtiger Informationen zur Verf\u00fcgung habe. Er ist davon ausgegangen, dass diese Fragen l\u00e4ngst gekl\u00e4rt seien. Er versprach, dies sofort umzusetzen.<br \/>\nAbschlie\u00dfend verwies der Regierungsberater und Verwaltungsratsvorsitzender Frank Reimen an den Sozialdialog und betonte nochmals die Bedeutung der Personaldelegation.<\/p>\n<p><strong>Mitgeteilt am 22. Juli 2008<\/strong><br \/>\n<strong>vom OGBL Syndikat Zivile Luftfahrt<\/strong><\/p>\n<p>&nbsp;<\/p>","protected":false},"author":1,"featured_media":0,"template":"","categorie_communiques":[44],"syndicat":[68],"acf":[],"yoast_head":"<!-- This site is optimized with the Yoast SEO plugin v23.1 - https:\/\/yoast.com\/wordpress\/plugins\/seo\/ -->\r\n<title>Empfang des OGBL im Transportministerium - OGBL<\/title>\r\n<meta name=\"robots\" content=\"index, follow, max-snippet:-1, max-image-preview:large, max-video-preview:-1\" \/>\r\n<link rel=\"canonical\" href=\"https:\/\/www.ogbl.lu\/communique\/ogbl-recu-au-ministere-des-transports\/\" \/>\r\n<meta property=\"og:locale\" content=\"de_DE\" \/>\r\n<meta property=\"og:type\" content=\"article\" \/>\r\n<meta property=\"og:title\" content=\"[:fr]OGBL re\u00e7u au Minist\u00e8re des Transports[:de]Empfang des OGBL im Transportministerium[:en]OGBL re\u00e7u au Minist\u00e8re des Transports[:] - OGBL\" \/>\r\n<meta property=\"og:description\" content=\"Auf Anfrage des OGBL kam eine Gewerkschaftsdelegation am 18. Juli 2008 mit dem Vorsitzenden des Verwaltungsrates Frank Reimen und dem \u2026\" \/>\r\n<meta property=\"og:url\" content=\"https:\/\/www.ogbl.lu\/communique\/ogbl-recu-au-ministere-des-transports\/\" \/>\r\n<meta property=\"og:site_name\" content=\"OGBL\" \/>\r\n<meta property=\"article:modified_time\" content=\"2023-06-05T11:33:37+00:00\" \/>\r\n<meta name=\"twitter:card\" content=\"summary_large_image\" \/>\r\n<meta name=\"twitter:label1\" content=\"Est. reading time\" \/>\n\t<meta name=\"twitter:data1\" content=\"8 Minuten\" \/>\r\n<script type=\"application\/ld+json\" class=\"yoast-schema-graph\">{\"@context\":\"https:\/\/schema.org\",\"@graph\":[{\"@type\":\"WebPage\",\"@id\":\"https:\/\/www.ogbl.lu\/communique\/ogbl-recu-au-ministere-des-transports\/\",\"url\":\"https:\/\/www.ogbl.lu\/communique\/ogbl-recu-au-ministere-des-transports\/\",\"name\":\"[:fr]OGBL re\u00e7u au Minist\u00e8re des Transports[:de]Empfang des OGBL im Transportministerium[:en]OGBL re\u00e7u au Minist\u00e8re des Transports[:] - OGBL\",\"isPartOf\":{\"@id\":\"https:\/\/www.ogbl.lu\/de\/#website\"},\"datePublished\":\"2008-07-22T12:38:54+00:00\",\"dateModified\":\"2023-06-05T11:33:37+00:00\",\"breadcrumb\":{\"@id\":\"https:\/\/www.ogbl.lu\/communique\/ogbl-recu-au-ministere-des-transports\/#breadcrumb\"},\"inLanguage\":\"de-DE\",\"potentialAction\":[{\"@type\":\"ReadAction\",\"target\":[\"https:\/\/www.ogbl.lu\/communique\/ogbl-recu-au-ministere-des-transports\/\"]}]},{\"@type\":\"BreadcrumbList\",\"@id\":\"https:\/\/www.ogbl.lu\/communique\/ogbl-recu-au-ministere-des-transports\/#breadcrumb\",\"itemListElement\":[{\"@type\":\"ListItem\",\"position\":1,\"name\":\"Home\",\"item\":\"https:\/\/www.ogbl.lu\/\"},{\"@type\":\"ListItem\",\"position\":2,\"name\":\"OGBL re\u00e7u au Minist\u00e8re des Transports\"}]},{\"@type\":\"WebSite\",\"@id\":\"https:\/\/www.ogbl.lu\/de\/#website\",\"url\":\"https:\/\/www.ogbl.lu\/de\/\",\"name\":\"OGBL\",\"description\":\"DIE GEWERKSCHAFT\",\"publisher\":{\"@id\":\"https:\/\/www.ogbl.lu\/de\/#organization\"},\"potentialAction\":[{\"@type\":\"SearchAction\",\"target\":{\"@type\":\"EntryPoint\",\"urlTemplate\":\"https:\/\/www.ogbl.lu\/de\/?s={search_term_string}\"},\"query-input\":\"required name=search_term_string\"}],\"inLanguage\":\"de-DE\"},{\"@type\":\"Organization\",\"@id\":\"https:\/\/www.ogbl.lu\/de\/#organization\",\"name\":\"OGBL\",\"url\":\"https:\/\/www.ogbl.lu\/de\/\",\"logo\":{\"@type\":\"ImageObject\",\"inLanguage\":\"de-DE\",\"@id\":\"https:\/\/www.ogbl.lu\/de\/#\/schema\/logo\/image\/\",\"url\":\"https:\/\/www.ogbl.lu\/wp-content\/uploads\/2024\/07\/LOGO_Red_FR-svg.png\",\"contentUrl\":\"https:\/\/www.ogbl.lu\/wp-content\/uploads\/2024\/07\/LOGO_Red_FR-svg.png\",\"width\":369,\"height\":171,\"caption\":\"OGBL\"},\"image\":{\"@id\":\"https:\/\/www.ogbl.lu\/de\/#\/schema\/logo\/image\/\"}}]}<\/script>\r\n<!-- \/ Yoast SEO plugin. -->","yoast_head_json":{"title":"[:fr]OGBL re\u00e7u au Minist\u00e8re des Transports[:de]Empfang des OGBL im Transportministerium[:en]OGBL re\u00e7u au Minist\u00e8re des Transports[:] - OGBL","robots":{"index":"index","follow":"follow","max-snippet":"max-snippet:-1","max-image-preview":"max-image-preview:large","max-video-preview":"max-video-preview:-1"},"canonical":"https:\/\/www.ogbl.lu\/communique\/ogbl-recu-au-ministere-des-transports\/","og_locale":"de_DE","og_type":"article","og_title":"[:fr]OGBL re\u00e7u au Minist\u00e8re des Transports[:de]Empfang des OGBL im Transportministerium[:en]OGBL re\u00e7u au Minist\u00e8re des Transports[:] - OGBL","og_description":"Auf Anfrage des OGBL kam eine Gewerkschaftsdelegation am 18. Juli 2008 mit dem Vorsitzenden des Verwaltungsrates Frank Reimen und dem \u2026","og_url":"https:\/\/www.ogbl.lu\/communique\/ogbl-recu-au-ministere-des-transports\/","og_site_name":"OGBL","article_modified_time":"2023-06-05T11:33:37+00:00","twitter_card":"summary_large_image","twitter_misc":{"Est. reading time":"8 Minuten"},"schema":{"@context":"https:\/\/schema.org","@graph":[{"@type":"WebPage","@id":"https:\/\/www.ogbl.lu\/communique\/ogbl-recu-au-ministere-des-transports\/","url":"https:\/\/www.ogbl.lu\/communique\/ogbl-recu-au-ministere-des-transports\/","name":"[:fr]OGBL re\u00e7u au Minist\u00e8re des Transports[:de]Empfang des OGBL im Transportministerium[:en]OGBL re\u00e7u au Minist\u00e8re des Transports[:] - OGBL","isPartOf":{"@id":"https:\/\/www.ogbl.lu\/de\/#website"},"datePublished":"2008-07-22T12:38:54+00:00","dateModified":"2023-06-05T11:33:37+00:00","breadcrumb":{"@id":"https:\/\/www.ogbl.lu\/communique\/ogbl-recu-au-ministere-des-transports\/#breadcrumb"},"inLanguage":"de-DE","potentialAction":[{"@type":"ReadAction","target":["https:\/\/www.ogbl.lu\/communique\/ogbl-recu-au-ministere-des-transports\/"]}]},{"@type":"BreadcrumbList","@id":"https:\/\/www.ogbl.lu\/communique\/ogbl-recu-au-ministere-des-transports\/#breadcrumb","itemListElement":[{"@type":"ListItem","position":1,"name":"Home","item":"https:\/\/www.ogbl.lu\/"},{"@type":"ListItem","position":2,"name":"OGBL re\u00e7u au Minist\u00e8re des Transports"}]},{"@type":"WebSite","@id":"https:\/\/www.ogbl.lu\/de\/#website","url":"https:\/\/www.ogbl.lu\/de\/","name":"OGBL","description":"DIE GEWERKSCHAFT","publisher":{"@id":"https:\/\/www.ogbl.lu\/de\/#organization"},"potentialAction":[{"@type":"SearchAction","target":{"@type":"EntryPoint","urlTemplate":"https:\/\/www.ogbl.lu\/de\/?s={search_term_string}"},"query-input":"required name=search_term_string"}],"inLanguage":"de-DE"},{"@type":"Organization","@id":"https:\/\/www.ogbl.lu\/de\/#organization","name":"OGBL","url":"https:\/\/www.ogbl.lu\/de\/","logo":{"@type":"ImageObject","inLanguage":"de-DE","@id":"https:\/\/www.ogbl.lu\/de\/#\/schema\/logo\/image\/","url":"https:\/\/www.ogbl.lu\/wp-content\/uploads\/2024\/07\/LOGO_Red_FR-svg.png","contentUrl":"https:\/\/www.ogbl.lu\/wp-content\/uploads\/2024\/07\/LOGO_Red_FR-svg.png","width":369,"height":171,"caption":"OGBL"},"image":{"@id":"https:\/\/www.ogbl.lu\/de\/#\/schema\/logo\/image\/"}}]}},"_links":{"self":[{"href":"https:\/\/www.ogbl.lu\/de\/wp-json\/wp\/v2\/communiques\/549"}],"collection":[{"href":"https:\/\/www.ogbl.lu\/de\/wp-json\/wp\/v2\/communiques"}],"about":[{"href":"https:\/\/www.ogbl.lu\/de\/wp-json\/wp\/v2\/types\/communiques"}],"author":[{"embeddable":true,"href":"https:\/\/www.ogbl.lu\/de\/wp-json\/wp\/v2\/users\/1"}],"version-history":[{"count":0,"href":"https:\/\/www.ogbl.lu\/de\/wp-json\/wp\/v2\/communiques\/549\/revisions"}],"wp:attachment":[{"href":"https:\/\/www.ogbl.lu\/de\/wp-json\/wp\/v2\/media?parent=549"}],"wp:term":[{"taxonomy":"categorie_communiques","embeddable":true,"href":"https:\/\/www.ogbl.lu\/de\/wp-json\/wp\/v2\/categorie_communiques?post=549"},{"taxonomy":"syndicat","embeddable":true,"href":"https:\/\/www.ogbl.lu\/de\/wp-json\/wp\/v2\/syndicat?post=549"}],"curies":[{"name":"wp","href":"https:\/\/api.w.org\/{rel}","templated":true}]}}