{"id":3087,"date":"2022-12-02T14:52:15","date_gmt":"2022-12-02T13:52:15","guid":{"rendered":"https:\/\/www.ogbl.lu\/communiques\/heures-supplementaires-dans-lenseignement-fondamental-et-secondaire"},"modified":"2023-06-16T11:27:15","modified_gmt":"2023-06-16T09:27:15","slug":"heures-supplementaires-dans-lenseignement-fondamental-et-secondaire","status":"publish","type":"communiques","link":"https:\/\/www.ogbl.lu\/de\/communique\/heures-supplementaires-dans-lenseignement-fondamental-et-secondaire\/","title":{"rendered":"\u00dcberstunden in Grund- und Sekundarschulen"},"content":{"rendered":"<p>W\u00e4hrend des vergangenen Schuljahres lag die durchschnittliche Anzahl von w\u00f6chentlichen \u00dcberstunden\u00a0<b>f\u00fcr das gesamte Lehrpersonal<\/b>\u00a0bei\u00a0<b>2.200\u00a0<\/b>Stunden in den Grundschulen und\u00a0<b>10.218\u00a0<\/b>Stunden in den Sekundarschulen. Dieser Zustand veranschaulicht den immensen Personalmangel, unter dem die Grund- und Sekundarschulen leiden.<\/p>\n<p>Neben dem Fakt, dass \u00dcberstunden oft zu Stress und \u00dcberbelastung der Lehrkr\u00e4fte f\u00fchren, was die Qualit\u00e4t des Unterrichts sicherlich kaum positiv beeinflussen kann, stellt sich aber auch die Frage nach der Bezahlung der \u00dcberstunden. Im Lehrberuf werden diese weitaus schlechter bezahlt als im gesamten \u00f6ffentlichen Dienst und sind zudem nicht pensionsf\u00e4hig:<\/p>\n<ul>\n<li>\u00dcberstunden werden mit einem Korrekturkoeffizienten von 36\/52 bezahlt. Beamte erhalten zudem einen niedrigeren Punktwert f\u00fcr \u00dcberstunden (20,0746124 \u20ac anstelle von 21,2002547 \u20ac).<\/li>\n<li>Im Fall einer krankheitsbedingten Abwesenheit von mehr als 3 Tagen, werden monatliche \u00dcberstunden \u00fcberhaupt nicht ausbezahlt. H\u00e4lt man sich vor Augen, dass das Risiko eines Burnouts mit durchschnittlich 10,218 \u00dcberstunden pro Woche in den Sekundarschulen erheblich steigt, so ist dies ein Hohn f\u00fcr betroffene Lehrkr\u00e4fte.<\/li>\n<li>Des Weiteren k\u00f6nnen Sekundarschullehrer in Vollzeit nur maximal 4,4 \u00dcberstunden pro Woche auf ihr Zeitsparkonto einzahlen &#8211; Grundschullehrer vom 2. bis 4. Zyklus in Vollzeit 4,6.\u00a0 Diese Regelung geht absolut an der Arbeitsrealit\u00e4t vieler Lehrkr\u00e4fte vorbei. Zur Erinnerung: Viele Lehrkr\u00e4fte wollen keine \u00dcberstunden leisten, haben in den Sekundarschulen aber erst ab 5 Schulstunden pro Woche die M\u00f6glichkeit, diese abzulehnen. Zudem leisten viele \u00dcberstunden w\u00e4hrend des gesamten Schuljahres.<\/li>\n<li>Was die Unterschiede zwischen den Geschlechtern bei den Rentenbetr\u00e4gen betrifft (Gender Pension Gap), so belegt Luxemburg auf EU-Ebene den traurigen 1. Platz. Dies ist auch kaum verwunderlich, wenn unsere Gesetze z.B. vorschreiben, dass \u00dcberstunden \u2013 auch im Falle von Teilzeitarbeit \u2013 nicht in die Rente miteinflie\u00dfen. Im Jahr 2020 lag der Unterschied zwischen der durchschnittlichen Rente f\u00fcr M\u00e4nner und Frauen bei rund 40%. Wenn wir uns dann noch vor Augen halten, dass vermehrt Frauen in Teilzeit gehen \u2013 vor allem wegen der Kinderbetreuung \u2013 und dann trotzdem schlecht bezahlte, nicht pensionsf\u00e4hige \u00dcberstunden leisten m\u00fcssen, so sollte uns klar werden, dass dieser Zustand den Gender Pension Gap nicht vermindern wird.<\/li>\n<\/ul>\n<p>Daher fordern wir:<\/p>\n<ul>\n<li>Die <b>Abschaffung des Korrekturkoeffizienten von 36\/52<\/b>. \u00dcberstunden sollen zumindest so bezahlt werden wie normale Stunden.<\/li>\n<li>Die <b>Abschaffung des Korrekturkoeffizienten f\u00fcr \u00dcberstunden<\/b>, der <b>ab einer krankheitsbedingten Abwesenheit von mehr als 3 Tagen<\/b> berechnet wird.<\/li>\n<li>Eine <b>Erh\u00f6hung der Obergrenze von 4,4 \u2014 beziehungsweise 4,6 w\u00f6chentlich einzahlbaren \u00dcberstunden auf das Zeitsparkonto (CET)<\/b> auf <b>10 einzahlbare \u00dcberstunden<\/b> pro Woche.<\/li>\n<li>Um dem Lehrermangel entgegenzuwirken, brauchen wir zeitnah Ma\u00dfnahmen, die daf\u00fcr sorgen, dass der <b>Lehrberuf wieder attraktiver<\/b> wird. Dazu geh\u00f6rt auch mehr Mitspracherecht f\u00fcr Lehrkr\u00e4fte in Bezug auf die Bildungspolitik.<\/li>\n<\/ul>\n<p><b>Mitgeteilt vom OGBL-Syndikat Erziehung und Wissenschaft (SEW)<br \/>\nam 2. Dezember 2022<i> <\/i><\/b><\/p>","protected":false},"author":1,"featured_media":3125,"template":"","categorie_communiques":[49],"syndicat":[77],"acf":[],"yoast_head":"<!-- This site is optimized with the Yoast SEO plugin v23.1 - https:\/\/yoast.com\/wordpress\/plugins\/seo\/ -->\r\n<title>\u00dcberstunden in Grund- und Sekundarschulen - OGBL<\/title>\r\n<meta name=\"robots\" content=\"index, follow, max-snippet:-1, max-image-preview:large, max-video-preview:-1\" \/>\r\n<link rel=\"canonical\" href=\"https:\/\/www.ogbl.lu\/communique\/heures-supplementaires-dans-lenseignement-fondamental-et-secondaire\/\" \/>\r\n<meta property=\"og:locale\" content=\"de_DE\" \/>\r\n<meta property=\"og:type\" content=\"article\" \/>\r\n<meta property=\"og:title\" content=\"[:fr]Heures suppl\u00e9mentaires dans l\u2019enseignement fondamental et secondaire[:de]\u00dcberstunden in Grund- und Sekundarschulen[:en]Heures suppl\u00e9mentaires dans l\u2019enseignement fondamental et secondaire[:] - OGBL\" \/>\r\n<meta property=\"og:description\" content=\"W\u00e4hrend des vergangenen Schuljahres lag die durchschnittliche Anzahl von w\u00f6chentlichen \u00dcberstunden\u00a0f\u00fcr das gesamte Lehrpersonal\u00a0bei\u00a02.200\u00a0Stunden in den Grundschulen und\u00a010.218\u00a0Stunden in den \u2026\" \/>\r\n<meta property=\"og:url\" content=\"https:\/\/www.ogbl.lu\/communique\/heures-supplementaires-dans-lenseignement-fondamental-et-secondaire\/\" \/>\r\n<meta property=\"og:site_name\" content=\"OGBL\" \/>\r\n<meta property=\"article:modified_time\" content=\"2023-06-16T09:27:15+00:00\" \/>\r\n<meta property=\"og:image\" content=\"https:\/\/www.ogbl.lu\/wp-content\/uploads\/2022\/12\/AdobeStock_459585098-1024x683-1.jpeg\" \/>\r\n\t<meta property=\"og:image:width\" content=\"1024\" \/>\r\n\t<meta property=\"og:image:height\" content=\"683\" \/>\r\n\t<meta property=\"og:image:type\" content=\"image\/jpeg\" \/>\r\n<meta name=\"twitter:card\" content=\"summary_large_image\" \/>\r\n<meta name=\"twitter:label1\" content=\"Est. reading time\" \/>\n\t<meta name=\"twitter:data1\" content=\"5 Minuten\" \/>\r\n<script type=\"application\/ld+json\" class=\"yoast-schema-graph\">{\"@context\":\"https:\/\/schema.org\",\"@graph\":[{\"@type\":\"WebPage\",\"@id\":\"https:\/\/www.ogbl.lu\/communique\/heures-supplementaires-dans-lenseignement-fondamental-et-secondaire\/\",\"url\":\"https:\/\/www.ogbl.lu\/communique\/heures-supplementaires-dans-lenseignement-fondamental-et-secondaire\/\",\"name\":\"[:fr]Heures suppl\u00e9mentaires dans l\u2019enseignement fondamental et secondaire[:de]\u00dcberstunden in Grund- und Sekundarschulen[:en]Heures suppl\u00e9mentaires dans l\u2019enseignement fondamental et secondaire[:] - OGBL\",\"isPartOf\":{\"@id\":\"https:\/\/www.ogbl.lu\/de\/#website\"},\"primaryImageOfPage\":{\"@id\":\"https:\/\/www.ogbl.lu\/communique\/heures-supplementaires-dans-lenseignement-fondamental-et-secondaire\/#primaryimage\"},\"image\":{\"@id\":\"https:\/\/www.ogbl.lu\/communique\/heures-supplementaires-dans-lenseignement-fondamental-et-secondaire\/#primaryimage\"},\"thumbnailUrl\":\"https:\/\/www.ogbl.lu\/wp-content\/uploads\/2022\/12\/AdobeStock_459585098-1024x683-1.jpeg\",\"datePublished\":\"2022-12-02T13:52:15+00:00\",\"dateModified\":\"2023-06-16T09:27:15+00:00\",\"breadcrumb\":{\"@id\":\"https:\/\/www.ogbl.lu\/communique\/heures-supplementaires-dans-lenseignement-fondamental-et-secondaire\/#breadcrumb\"},\"inLanguage\":\"de-DE\",\"potentialAction\":[{\"@type\":\"ReadAction\",\"target\":[\"https:\/\/www.ogbl.lu\/communique\/heures-supplementaires-dans-lenseignement-fondamental-et-secondaire\/\"]}]},{\"@type\":\"ImageObject\",\"inLanguage\":\"de-DE\",\"@id\":\"https:\/\/www.ogbl.lu\/communique\/heures-supplementaires-dans-lenseignement-fondamental-et-secondaire\/#primaryimage\",\"url\":\"https:\/\/www.ogbl.lu\/wp-content\/uploads\/2022\/12\/AdobeStock_459585098-1024x683-1.jpeg\",\"contentUrl\":\"https:\/\/www.ogbl.lu\/wp-content\/uploads\/2022\/12\/AdobeStock_459585098-1024x683-1.jpeg\",\"width\":1024,\"height\":683},{\"@type\":\"BreadcrumbList\",\"@id\":\"https:\/\/www.ogbl.lu\/communique\/heures-supplementaires-dans-lenseignement-fondamental-et-secondaire\/#breadcrumb\",\"itemListElement\":[{\"@type\":\"ListItem\",\"position\":1,\"name\":\"Home\",\"item\":\"https:\/\/www.ogbl.lu\/\"},{\"@type\":\"ListItem\",\"position\":2,\"name\":\"Heures suppl\u00e9mentaires dans l\u2019enseignement fondamental et secondaire\"}]},{\"@type\":\"WebSite\",\"@id\":\"https:\/\/www.ogbl.lu\/de\/#website\",\"url\":\"https:\/\/www.ogbl.lu\/de\/\",\"name\":\"OGBL\",\"description\":\"DIE GEWERKSCHAFT\",\"publisher\":{\"@id\":\"https:\/\/www.ogbl.lu\/de\/#organization\"},\"potentialAction\":[{\"@type\":\"SearchAction\",\"target\":{\"@type\":\"EntryPoint\",\"urlTemplate\":\"https:\/\/www.ogbl.lu\/de\/?s={search_term_string}\"},\"query-input\":\"required name=search_term_string\"}],\"inLanguage\":\"de-DE\"},{\"@type\":\"Organization\",\"@id\":\"https:\/\/www.ogbl.lu\/de\/#organization\",\"name\":\"OGBL\",\"url\":\"https:\/\/www.ogbl.lu\/de\/\",\"logo\":{\"@type\":\"ImageObject\",\"inLanguage\":\"de-DE\",\"@id\":\"https:\/\/www.ogbl.lu\/de\/#\/schema\/logo\/image\/\",\"url\":\"https:\/\/www.ogbl.lu\/wp-content\/uploads\/2024\/07\/LOGO_Red_FR-svg.png\",\"contentUrl\":\"https:\/\/www.ogbl.lu\/wp-content\/uploads\/2024\/07\/LOGO_Red_FR-svg.png\",\"width\":369,\"height\":171,\"caption\":\"OGBL\"},\"image\":{\"@id\":\"https:\/\/www.ogbl.lu\/de\/#\/schema\/logo\/image\/\"}}]}<\/script>\r\n<!-- \/ Yoast SEO plugin. -->","yoast_head_json":{"title":"[:fr]Heures suppl\u00e9mentaires dans l\u2019enseignement fondamental et secondaire[:de]\u00dcberstunden in Grund- und Sekundarschulen[:en]Heures suppl\u00e9mentaires dans l\u2019enseignement fondamental et secondaire[:] - OGBL","robots":{"index":"index","follow":"follow","max-snippet":"max-snippet:-1","max-image-preview":"max-image-preview:large","max-video-preview":"max-video-preview:-1"},"canonical":"https:\/\/www.ogbl.lu\/communique\/heures-supplementaires-dans-lenseignement-fondamental-et-secondaire\/","og_locale":"de_DE","og_type":"article","og_title":"[:fr]Heures suppl\u00e9mentaires dans l\u2019enseignement fondamental et secondaire[:de]\u00dcberstunden in Grund- und Sekundarschulen[:en]Heures suppl\u00e9mentaires dans l\u2019enseignement fondamental et secondaire[:] - OGBL","og_description":"W\u00e4hrend des vergangenen Schuljahres lag die durchschnittliche Anzahl von w\u00f6chentlichen \u00dcberstunden\u00a0f\u00fcr das gesamte Lehrpersonal\u00a0bei\u00a02.200\u00a0Stunden in den Grundschulen und\u00a010.218\u00a0Stunden in den \u2026","og_url":"https:\/\/www.ogbl.lu\/communique\/heures-supplementaires-dans-lenseignement-fondamental-et-secondaire\/","og_site_name":"OGBL","article_modified_time":"2023-06-16T09:27:15+00:00","og_image":[{"width":1024,"height":683,"url":"https:\/\/www.ogbl.lu\/wp-content\/uploads\/2022\/12\/AdobeStock_459585098-1024x683-1.jpeg","type":"image\/jpeg"}],"twitter_card":"summary_large_image","twitter_misc":{"Est. reading time":"5 Minuten"},"schema":{"@context":"https:\/\/schema.org","@graph":[{"@type":"WebPage","@id":"https:\/\/www.ogbl.lu\/communique\/heures-supplementaires-dans-lenseignement-fondamental-et-secondaire\/","url":"https:\/\/www.ogbl.lu\/communique\/heures-supplementaires-dans-lenseignement-fondamental-et-secondaire\/","name":"[:fr]Heures suppl\u00e9mentaires dans l\u2019enseignement fondamental et secondaire[:de]\u00dcberstunden in Grund- und Sekundarschulen[:en]Heures suppl\u00e9mentaires dans l\u2019enseignement fondamental et secondaire[:] - OGBL","isPartOf":{"@id":"https:\/\/www.ogbl.lu\/de\/#website"},"primaryImageOfPage":{"@id":"https:\/\/www.ogbl.lu\/communique\/heures-supplementaires-dans-lenseignement-fondamental-et-secondaire\/#primaryimage"},"image":{"@id":"https:\/\/www.ogbl.lu\/communique\/heures-supplementaires-dans-lenseignement-fondamental-et-secondaire\/#primaryimage"},"thumbnailUrl":"https:\/\/www.ogbl.lu\/wp-content\/uploads\/2022\/12\/AdobeStock_459585098-1024x683-1.jpeg","datePublished":"2022-12-02T13:52:15+00:00","dateModified":"2023-06-16T09:27:15+00:00","breadcrumb":{"@id":"https:\/\/www.ogbl.lu\/communique\/heures-supplementaires-dans-lenseignement-fondamental-et-secondaire\/#breadcrumb"},"inLanguage":"de-DE","potentialAction":[{"@type":"ReadAction","target":["https:\/\/www.ogbl.lu\/communique\/heures-supplementaires-dans-lenseignement-fondamental-et-secondaire\/"]}]},{"@type":"ImageObject","inLanguage":"de-DE","@id":"https:\/\/www.ogbl.lu\/communique\/heures-supplementaires-dans-lenseignement-fondamental-et-secondaire\/#primaryimage","url":"https:\/\/www.ogbl.lu\/wp-content\/uploads\/2022\/12\/AdobeStock_459585098-1024x683-1.jpeg","contentUrl":"https:\/\/www.ogbl.lu\/wp-content\/uploads\/2022\/12\/AdobeStock_459585098-1024x683-1.jpeg","width":1024,"height":683},{"@type":"BreadcrumbList","@id":"https:\/\/www.ogbl.lu\/communique\/heures-supplementaires-dans-lenseignement-fondamental-et-secondaire\/#breadcrumb","itemListElement":[{"@type":"ListItem","position":1,"name":"Home","item":"https:\/\/www.ogbl.lu\/"},{"@type":"ListItem","position":2,"name":"Heures suppl\u00e9mentaires dans l\u2019enseignement fondamental et secondaire"}]},{"@type":"WebSite","@id":"https:\/\/www.ogbl.lu\/de\/#website","url":"https:\/\/www.ogbl.lu\/de\/","name":"OGBL","description":"DIE GEWERKSCHAFT","publisher":{"@id":"https:\/\/www.ogbl.lu\/de\/#organization"},"potentialAction":[{"@type":"SearchAction","target":{"@type":"EntryPoint","urlTemplate":"https:\/\/www.ogbl.lu\/de\/?s={search_term_string}"},"query-input":"required name=search_term_string"}],"inLanguage":"de-DE"},{"@type":"Organization","@id":"https:\/\/www.ogbl.lu\/de\/#organization","name":"OGBL","url":"https:\/\/www.ogbl.lu\/de\/","logo":{"@type":"ImageObject","inLanguage":"de-DE","@id":"https:\/\/www.ogbl.lu\/de\/#\/schema\/logo\/image\/","url":"https:\/\/www.ogbl.lu\/wp-content\/uploads\/2024\/07\/LOGO_Red_FR-svg.png","contentUrl":"https:\/\/www.ogbl.lu\/wp-content\/uploads\/2024\/07\/LOGO_Red_FR-svg.png","width":369,"height":171,"caption":"OGBL"},"image":{"@id":"https:\/\/www.ogbl.lu\/de\/#\/schema\/logo\/image\/"}}]}},"_links":{"self":[{"href":"https:\/\/www.ogbl.lu\/de\/wp-json\/wp\/v2\/communiques\/3087"}],"collection":[{"href":"https:\/\/www.ogbl.lu\/de\/wp-json\/wp\/v2\/communiques"}],"about":[{"href":"https:\/\/www.ogbl.lu\/de\/wp-json\/wp\/v2\/types\/communiques"}],"author":[{"embeddable":true,"href":"https:\/\/www.ogbl.lu\/de\/wp-json\/wp\/v2\/users\/1"}],"version-history":[{"count":0,"href":"https:\/\/www.ogbl.lu\/de\/wp-json\/wp\/v2\/communiques\/3087\/revisions"}],"wp:featuredmedia":[{"embeddable":true,"href":"https:\/\/www.ogbl.lu\/de\/wp-json\/wp\/v2\/media\/3125"}],"wp:attachment":[{"href":"https:\/\/www.ogbl.lu\/de\/wp-json\/wp\/v2\/media?parent=3087"}],"wp:term":[{"taxonomy":"categorie_communiques","embeddable":true,"href":"https:\/\/www.ogbl.lu\/de\/wp-json\/wp\/v2\/categorie_communiques?post=3087"},{"taxonomy":"syndicat","embeddable":true,"href":"https:\/\/www.ogbl.lu\/de\/wp-json\/wp\/v2\/syndicat?post=3087"}],"curies":[{"name":"wp","href":"https:\/\/api.w.org\/{rel}","templated":true}]}}