{"id":3086,"date":"2022-12-01T13:51:32","date_gmt":"2022-12-01T12:51:32","guid":{"rendered":"https:\/\/www.ogbl.lu\/communiques\/les-salaries-en-travail-poste-vont-se-retrouver-sans-bus-du-jour-au-lendemain"},"modified":"2023-06-02T11:05:36","modified_gmt":"2023-06-02T09:05:36","slug":"les-salaries-en-travail-poste-vont-se-retrouver-sans-bus-du-jour-au-lendemain","status":"publish","type":"communiques","link":"https:\/\/www.ogbl.lu\/de\/communique\/les-salaries-en-travail-poste-vont-se-retrouver-sans-bus-du-jour-au-lendemain\/","title":{"rendered":"Schichtarbeiter werden von einem Tag auf den anderen ohne Bus da stehen"},"content":{"rendered":"<p>In einem Schreiben, das Ende November an die Gesch\u00e4ftsleitungen einiger Industrieunternehmen gerichtet war, teilte das Ministerium f\u00fcr Mobilit\u00e4t und \u00f6ffentliche Arbeiten seine Entscheidung mit, ab dem 12. Februar 2023 Buslinien einzustellen, die zu den Schichtwechselzeiten Haltestellen in Industriegebieten anfahren. Laut Ministerium wurde diese Entscheidung im Rahmen der kompletten Reorganisation des RGTR-Netzes getroffen und sei auf die geringe Frequentierung dieser Linien zur\u00fcckzuf\u00fchren, die ihre Betriebskosten nicht rechtfertigen w\u00fcrde.<\/p>\n<p>Der OGBL verurteilt die Entscheidung des Ministeriums aufs Sch\u00e4rfste. Diese schlie\u00dft die Schichtarbeiter von der M\u00f6glichkeit aus, auf den \u00f6ffentlichen Transport zur\u00fcckzugreifen, und l\u00e4sst sie ab dem 12. Februar 2023 ohne wirkliche Alternative, um zur Arbeit zu kommen. Die bestehenden \u00f6ffentlichen Verkehrsmittel bieten nicht die gleichen Strecken und schon gar nicht die richtigen Fahrpl\u00e4ne, um dem ununterbrochenen Werksbetrieb\u00a0 gerecht zu werden. Auch die Industriegebiete sind nur sehr schlecht an den \u00f6ffentlichen Nahverkehr angebunden. Dar\u00fcber hinaus werden diese Linien auch von Arbeitnehmern genutzt, die in anderen Branchen arbeiten und ebenfalls auf diese Fahrtzeiten angewiesen sind, um zu ihrem Arbeitsplatz zu gelangen.<\/p>\n<p>Diese Entscheidung geht an der Realit\u00e4t vor Ort vorbei und verschlechtert die Situation f\u00fcr die Arbeitnehmer im Schichtdienst.<\/p>\n<p>So ergab beispielsweise eine von der Personaldelegation des Unternehmens CEBI in Steinsel durchgef\u00fchrte Umfrage, dass \u00fcber 200 Schichtarbeiter t\u00e4glich mit dem Bus zur Arbeit fahren. Auch an anderen Industriestandorten stellt der OGBL eine starke Nutzung der \u00f6ffentlichen Verkehrsmittel fest. Die Beschwerden beginnen sich zu h\u00e4ufen.<br \/>\nMitten in der Kaufkraftkrise setzt diese Entscheidung noch einen drauf und bestraft Arbeitnehmer und insbesondere Geringverdiener noch mehr.<\/p>\n<p>Die F\u00f6rderung der sanften Mobilit\u00e4t und der Ausbau des \u00f6ffentlichen Verkehrs sind eine Priorit\u00e4t im Regierungsprogramm. Das Angebot eines qualitativ hochwertigen \u00f6ffentlichen Nahverkehrs ist eine Voraussetzung daf\u00fcr. Hier wird den betroffenen Betrieben und Arbeitnehmern jedoch keine brauchbare Alternative angeboten.<\/p>\n<p>Der OGBL fordert, dass die Pl\u00e4ne zur Streichung von Linien aufgegeben werden. Es m\u00fcssen zuverl\u00e4ssige Verbindungen zu den Schichtwechselzeiten garantiert werden. In diesem Zusammenhang hat der OGBL eine Unterredung mit dem Minister f\u00fcr Mobilit\u00e4t und \u00f6ffentliche Arbeiten gefordert.<\/p>","protected":false},"author":1,"featured_media":3127,"template":"","categorie_communiques":[162],"syndicat":[165],"acf":[],"yoast_head":"<!-- This site is optimized with the Yoast SEO plugin v23.1 - https:\/\/yoast.com\/wordpress\/plugins\/seo\/ -->\r\n<title>Schichtarbeiter werden von einem Tag auf den anderen ohne Bus da stehen - OGBL<\/title>\r\n<meta name=\"robots\" content=\"index, follow, max-snippet:-1, max-image-preview:large, max-video-preview:-1\" \/>\r\n<link rel=\"canonical\" href=\"https:\/\/www.ogbl.lu\/communique\/les-salaries-en-travail-poste-vont-se-retrouver-sans-bus-du-jour-au-lendemain\/\" \/>\r\n<meta property=\"og:locale\" content=\"de_DE\" \/>\r\n<meta property=\"og:type\" content=\"article\" \/>\r\n<meta property=\"og:title\" content=\"[:fr]Les salari\u00e9s en travail post\u00e9 vont se retrouver sans bus du jour au lendemain[:de]Schichtarbeiter werden von einem Tag auf den anderen ohne Bus da stehen[:en]Les salari\u00e9s en travail post\u00e9 vont se retrouver sans bus du jour au lendemain[:] - OGBL\" \/>\r\n<meta property=\"og:description\" content=\"In einem Schreiben, das Ende November an die Gesch\u00e4ftsleitungen einiger Industrieunternehmen gerichtet war, teilte das Ministerium f\u00fcr Mobilit\u00e4t und \u00f6ffentliche \u2026\" \/>\r\n<meta property=\"og:url\" content=\"https:\/\/www.ogbl.lu\/communique\/les-salaries-en-travail-poste-vont-se-retrouver-sans-bus-du-jour-au-lendemain\/\" \/>\r\n<meta property=\"og:site_name\" content=\"OGBL\" \/>\r\n<meta property=\"article:modified_time\" content=\"2023-06-02T09:05:36+00:00\" \/>\r\n<meta property=\"og:image\" content=\"https:\/\/www.ogbl.lu\/wp-content\/uploads\/2022\/12\/AdobeStock_522612012-1024x683-1.jpeg\" \/>\r\n\t<meta property=\"og:image:width\" content=\"1024\" \/>\r\n\t<meta property=\"og:image:height\" content=\"683\" \/>\r\n\t<meta property=\"og:image:type\" content=\"image\/jpeg\" \/>\r\n<meta name=\"twitter:card\" content=\"summary_large_image\" \/>\r\n<meta name=\"twitter:label1\" content=\"Est. reading time\" \/>\n\t<meta name=\"twitter:data1\" content=\"4 Minuten\" \/>\r\n<script type=\"application\/ld+json\" class=\"yoast-schema-graph\">{\"@context\":\"https:\/\/schema.org\",\"@graph\":[{\"@type\":\"WebPage\",\"@id\":\"https:\/\/www.ogbl.lu\/communique\/les-salaries-en-travail-poste-vont-se-retrouver-sans-bus-du-jour-au-lendemain\/\",\"url\":\"https:\/\/www.ogbl.lu\/communique\/les-salaries-en-travail-poste-vont-se-retrouver-sans-bus-du-jour-au-lendemain\/\",\"name\":\"[:fr]Les salari\u00e9s en travail post\u00e9 vont se retrouver sans bus du jour au lendemain[:de]Schichtarbeiter werden von einem Tag auf den anderen ohne Bus da stehen[:en]Les salari\u00e9s en travail post\u00e9 vont se retrouver sans bus du jour au lendemain[:] - OGBL\",\"isPartOf\":{\"@id\":\"https:\/\/www.ogbl.lu\/de\/#website\"},\"primaryImageOfPage\":{\"@id\":\"https:\/\/www.ogbl.lu\/communique\/les-salaries-en-travail-poste-vont-se-retrouver-sans-bus-du-jour-au-lendemain\/#primaryimage\"},\"image\":{\"@id\":\"https:\/\/www.ogbl.lu\/communique\/les-salaries-en-travail-poste-vont-se-retrouver-sans-bus-du-jour-au-lendemain\/#primaryimage\"},\"thumbnailUrl\":\"https:\/\/www.ogbl.lu\/wp-content\/uploads\/2022\/12\/AdobeStock_522612012-1024x683-1.jpeg\",\"datePublished\":\"2022-12-01T12:51:32+00:00\",\"dateModified\":\"2023-06-02T09:05:36+00:00\",\"breadcrumb\":{\"@id\":\"https:\/\/www.ogbl.lu\/communique\/les-salaries-en-travail-poste-vont-se-retrouver-sans-bus-du-jour-au-lendemain\/#breadcrumb\"},\"inLanguage\":\"de-DE\",\"potentialAction\":[{\"@type\":\"ReadAction\",\"target\":[\"https:\/\/www.ogbl.lu\/communique\/les-salaries-en-travail-poste-vont-se-retrouver-sans-bus-du-jour-au-lendemain\/\"]}]},{\"@type\":\"ImageObject\",\"inLanguage\":\"de-DE\",\"@id\":\"https:\/\/www.ogbl.lu\/communique\/les-salaries-en-travail-poste-vont-se-retrouver-sans-bus-du-jour-au-lendemain\/#primaryimage\",\"url\":\"https:\/\/www.ogbl.lu\/wp-content\/uploads\/2022\/12\/AdobeStock_522612012-1024x683-1.jpeg\",\"contentUrl\":\"https:\/\/www.ogbl.lu\/wp-content\/uploads\/2022\/12\/AdobeStock_522612012-1024x683-1.jpeg\",\"width\":1024,\"height\":683},{\"@type\":\"BreadcrumbList\",\"@id\":\"https:\/\/www.ogbl.lu\/communique\/les-salaries-en-travail-poste-vont-se-retrouver-sans-bus-du-jour-au-lendemain\/#breadcrumb\",\"itemListElement\":[{\"@type\":\"ListItem\",\"position\":1,\"name\":\"Home\",\"item\":\"https:\/\/www.ogbl.lu\/\"},{\"@type\":\"ListItem\",\"position\":2,\"name\":\"Les salari\u00e9s en travail post\u00e9 vont se retrouver sans bus du jour au lendemain\"}]},{\"@type\":\"WebSite\",\"@id\":\"https:\/\/www.ogbl.lu\/de\/#website\",\"url\":\"https:\/\/www.ogbl.lu\/de\/\",\"name\":\"OGBL\",\"description\":\"DIE GEWERKSCHAFT\",\"publisher\":{\"@id\":\"https:\/\/www.ogbl.lu\/de\/#organization\"},\"potentialAction\":[{\"@type\":\"SearchAction\",\"target\":{\"@type\":\"EntryPoint\",\"urlTemplate\":\"https:\/\/www.ogbl.lu\/de\/?s={search_term_string}\"},\"query-input\":\"required name=search_term_string\"}],\"inLanguage\":\"de-DE\"},{\"@type\":\"Organization\",\"@id\":\"https:\/\/www.ogbl.lu\/de\/#organization\",\"name\":\"OGBL\",\"url\":\"https:\/\/www.ogbl.lu\/de\/\",\"logo\":{\"@type\":\"ImageObject\",\"inLanguage\":\"de-DE\",\"@id\":\"https:\/\/www.ogbl.lu\/de\/#\/schema\/logo\/image\/\",\"url\":\"https:\/\/www.ogbl.lu\/wp-content\/uploads\/2024\/07\/LOGO_Red_FR-svg.png\",\"contentUrl\":\"https:\/\/www.ogbl.lu\/wp-content\/uploads\/2024\/07\/LOGO_Red_FR-svg.png\",\"width\":369,\"height\":171,\"caption\":\"OGBL\"},\"image\":{\"@id\":\"https:\/\/www.ogbl.lu\/de\/#\/schema\/logo\/image\/\"}}]}<\/script>\r\n<!-- \/ Yoast SEO plugin. -->","yoast_head_json":{"title":"[:fr]Les salari\u00e9s en travail post\u00e9 vont se retrouver sans bus du jour au lendemain[:de]Schichtarbeiter werden von einem Tag auf den anderen ohne Bus da stehen[:en]Les salari\u00e9s en travail post\u00e9 vont se retrouver sans bus du jour au lendemain[:] - OGBL","robots":{"index":"index","follow":"follow","max-snippet":"max-snippet:-1","max-image-preview":"max-image-preview:large","max-video-preview":"max-video-preview:-1"},"canonical":"https:\/\/www.ogbl.lu\/communique\/les-salaries-en-travail-poste-vont-se-retrouver-sans-bus-du-jour-au-lendemain\/","og_locale":"de_DE","og_type":"article","og_title":"[:fr]Les salari\u00e9s en travail post\u00e9 vont se retrouver sans bus du jour au lendemain[:de]Schichtarbeiter werden von einem Tag auf den anderen ohne Bus da stehen[:en]Les salari\u00e9s en travail post\u00e9 vont se retrouver sans bus du jour au lendemain[:] - OGBL","og_description":"In einem Schreiben, das Ende November an die Gesch\u00e4ftsleitungen einiger Industrieunternehmen gerichtet war, teilte das Ministerium f\u00fcr Mobilit\u00e4t und \u00f6ffentliche \u2026","og_url":"https:\/\/www.ogbl.lu\/communique\/les-salaries-en-travail-poste-vont-se-retrouver-sans-bus-du-jour-au-lendemain\/","og_site_name":"OGBL","article_modified_time":"2023-06-02T09:05:36+00:00","og_image":[{"width":1024,"height":683,"url":"https:\/\/www.ogbl.lu\/wp-content\/uploads\/2022\/12\/AdobeStock_522612012-1024x683-1.jpeg","type":"image\/jpeg"}],"twitter_card":"summary_large_image","twitter_misc":{"Est. reading time":"4 Minuten"},"schema":{"@context":"https:\/\/schema.org","@graph":[{"@type":"WebPage","@id":"https:\/\/www.ogbl.lu\/communique\/les-salaries-en-travail-poste-vont-se-retrouver-sans-bus-du-jour-au-lendemain\/","url":"https:\/\/www.ogbl.lu\/communique\/les-salaries-en-travail-poste-vont-se-retrouver-sans-bus-du-jour-au-lendemain\/","name":"[:fr]Les salari\u00e9s en travail post\u00e9 vont se retrouver sans bus du jour au lendemain[:de]Schichtarbeiter werden von einem Tag auf den anderen ohne Bus da stehen[:en]Les salari\u00e9s en travail post\u00e9 vont se retrouver sans bus du jour au lendemain[:] - OGBL","isPartOf":{"@id":"https:\/\/www.ogbl.lu\/de\/#website"},"primaryImageOfPage":{"@id":"https:\/\/www.ogbl.lu\/communique\/les-salaries-en-travail-poste-vont-se-retrouver-sans-bus-du-jour-au-lendemain\/#primaryimage"},"image":{"@id":"https:\/\/www.ogbl.lu\/communique\/les-salaries-en-travail-poste-vont-se-retrouver-sans-bus-du-jour-au-lendemain\/#primaryimage"},"thumbnailUrl":"https:\/\/www.ogbl.lu\/wp-content\/uploads\/2022\/12\/AdobeStock_522612012-1024x683-1.jpeg","datePublished":"2022-12-01T12:51:32+00:00","dateModified":"2023-06-02T09:05:36+00:00","breadcrumb":{"@id":"https:\/\/www.ogbl.lu\/communique\/les-salaries-en-travail-poste-vont-se-retrouver-sans-bus-du-jour-au-lendemain\/#breadcrumb"},"inLanguage":"de-DE","potentialAction":[{"@type":"ReadAction","target":["https:\/\/www.ogbl.lu\/communique\/les-salaries-en-travail-poste-vont-se-retrouver-sans-bus-du-jour-au-lendemain\/"]}]},{"@type":"ImageObject","inLanguage":"de-DE","@id":"https:\/\/www.ogbl.lu\/communique\/les-salaries-en-travail-poste-vont-se-retrouver-sans-bus-du-jour-au-lendemain\/#primaryimage","url":"https:\/\/www.ogbl.lu\/wp-content\/uploads\/2022\/12\/AdobeStock_522612012-1024x683-1.jpeg","contentUrl":"https:\/\/www.ogbl.lu\/wp-content\/uploads\/2022\/12\/AdobeStock_522612012-1024x683-1.jpeg","width":1024,"height":683},{"@type":"BreadcrumbList","@id":"https:\/\/www.ogbl.lu\/communique\/les-salaries-en-travail-poste-vont-se-retrouver-sans-bus-du-jour-au-lendemain\/#breadcrumb","itemListElement":[{"@type":"ListItem","position":1,"name":"Home","item":"https:\/\/www.ogbl.lu\/"},{"@type":"ListItem","position":2,"name":"Les salari\u00e9s en travail post\u00e9 vont se retrouver sans bus du jour au lendemain"}]},{"@type":"WebSite","@id":"https:\/\/www.ogbl.lu\/de\/#website","url":"https:\/\/www.ogbl.lu\/de\/","name":"OGBL","description":"DIE GEWERKSCHAFT","publisher":{"@id":"https:\/\/www.ogbl.lu\/de\/#organization"},"potentialAction":[{"@type":"SearchAction","target":{"@type":"EntryPoint","urlTemplate":"https:\/\/www.ogbl.lu\/de\/?s={search_term_string}"},"query-input":"required name=search_term_string"}],"inLanguage":"de-DE"},{"@type":"Organization","@id":"https:\/\/www.ogbl.lu\/de\/#organization","name":"OGBL","url":"https:\/\/www.ogbl.lu\/de\/","logo":{"@type":"ImageObject","inLanguage":"de-DE","@id":"https:\/\/www.ogbl.lu\/de\/#\/schema\/logo\/image\/","url":"https:\/\/www.ogbl.lu\/wp-content\/uploads\/2024\/07\/LOGO_Red_FR-svg.png","contentUrl":"https:\/\/www.ogbl.lu\/wp-content\/uploads\/2024\/07\/LOGO_Red_FR-svg.png","width":369,"height":171,"caption":"OGBL"},"image":{"@id":"https:\/\/www.ogbl.lu\/de\/#\/schema\/logo\/image\/"}}]}},"_links":{"self":[{"href":"https:\/\/www.ogbl.lu\/de\/wp-json\/wp\/v2\/communiques\/3086"}],"collection":[{"href":"https:\/\/www.ogbl.lu\/de\/wp-json\/wp\/v2\/communiques"}],"about":[{"href":"https:\/\/www.ogbl.lu\/de\/wp-json\/wp\/v2\/types\/communiques"}],"author":[{"embeddable":true,"href":"https:\/\/www.ogbl.lu\/de\/wp-json\/wp\/v2\/users\/1"}],"version-history":[{"count":0,"href":"https:\/\/www.ogbl.lu\/de\/wp-json\/wp\/v2\/communiques\/3086\/revisions"}],"wp:featuredmedia":[{"embeddable":true,"href":"https:\/\/www.ogbl.lu\/de\/wp-json\/wp\/v2\/media\/3127"}],"wp:attachment":[{"href":"https:\/\/www.ogbl.lu\/de\/wp-json\/wp\/v2\/media?parent=3086"}],"wp:term":[{"taxonomy":"categorie_communiques","embeddable":true,"href":"https:\/\/www.ogbl.lu\/de\/wp-json\/wp\/v2\/categorie_communiques?post=3086"},{"taxonomy":"syndicat","embeddable":true,"href":"https:\/\/www.ogbl.lu\/de\/wp-json\/wp\/v2\/syndicat?post=3086"}],"curies":[{"name":"wp","href":"https:\/\/api.w.org\/{rel}","templated":true}]}}