{"id":2914,"date":"2021-12-17T14:12:30","date_gmt":"2021-12-17T13:12:30","guid":{"rendered":"https:\/\/www.ogbl.lu\/communiques\/pandemie-ou-pas-il-est-temps-dagir"},"modified":"2023-06-21T13:21:28","modified_gmt":"2023-06-21T11:21:28","slug":"pandemie-ou-pas-il-est-temps-dagir","status":"publish","type":"communiques","link":"https:\/\/www.ogbl.lu\/de\/communique\/pandemie-ou-pas-il-est-temps-dagir\/","title":{"rendered":"Pandemie hin oder her, es ist an der Zeit zum Handeln"},"content":{"rendered":"<p><img decoding=\"async\" class=\"alignleft wp-image-32107\" style=\"border: 0px none;\" src=\"https:\/\/www.ogbl.lu\/wp-content\/uploads\/communiques\/Back_Nora_ok_ok_11_gris2-789x1024.jpg\" alt=\"Back_Nora_ok_ok_11_gris2\" width=\"300\" \/>Wieder einmal explodieren die Infektionszahlen. Wieder einmal erleben wir strenge sanit\u00e4re Einschr\u00e4nkungen in unserem Privat- und Berufsleben. Impfen, impfen, impfen lautet der Appell an die individuelle Verantwortung um den Weg aus einer kollektiven Krise zu ebnen. Jeder Einzelne kann hier dazu beitragen, dass wir unsere Spit\u00e4ler vor dem fatalen Kollaps sch\u00fctzen. Es gibt jedoch auch eine politische Verantwortung, die nicht nur darin besteht, jeden Einzelnen auf seine Aufgabe aufmerksam zu machen. Neben der notwendigen Erh\u00f6hung der Impfquote muss parallel unser \u00f6ffentliches Gesundheitssystem gesch\u00fctzt, gest\u00e4rkt und weiterentwickelt werden. Und nicht in seinen Grundfesten ersch\u00fcttert werden. Umso unverst\u00e4ndlicher ist es, dass heute, 20 Monate nach Beginn der Pandemie, genau dies passieren soll und unser Gesundheitssystem privatisiert werden soll.<\/p>\n<p>Vor einigen Wochen sendete Radio 100,7 die Nachricht, dass ein h\u00f6chst umstrittener Gesetzesvorentwurf diesbez\u00fcglich \u00fcberhaupt nicht vom Gesundheitsministerium selbst verfasst wurde, sondern quasi direkt aus der Feder der AMMD und des Coll\u00e8ge m\u00e9dical stammt. Diesem handfesten Skandal wurde jedoch kaum Beachtung geschenkt. Dabei geht es bei dem Gesetzesvorentwurf um nichts anderes als die knallharte private Kommerzialisierung unseres Gesundheitswesens.<\/p>\n<p>In Zukunft soll es der liberalen Medizin erlaubt sein, kommerzielle Betriebsgesellschaften zu betreiben. Besonders entt\u00e4uschend ist der Umstand, dass eine Regierungspartei, die bis zur Gegenwart vorgab, sich f\u00fcr ein \u00f6ffentliches System der Gesundheitsversorgung einzusetzen, jetzt im Begriff ist, das Gesundheitswesen dem Prinzip der profitorientierten Marktliberalisierung preiszugeben und zu unterwerfen. Und dies in Zeiten einer weltweiten Pandemie.<\/p>\n<p>Der OGBL fordert den Stopp dieser Gesetzesinitiative, die im \u00fcbrigen dunkle Wolken f\u00fcr die soziale Sicherheit Luxemburgs, f\u00fcr die obligatorische Konventionierung der \u00c4rzteschaft und f\u00fcr eine zielf\u00fchrende und effiziente Finanzierung des Gesundheitswesens aufziehen l\u00e4sst. Wenn korporatistische Lobbyisten zu Gesetzesschreibern im Gesundheitsministerium werden, haben wir ein handfestes demokratisches Defizit, das im \u00fcbrigen den sogenannten \u201eGesondheetsd\u00ebsch\u201c zur Farce macht. Besonders verwerflich ist in diesem Zusammenhang, dass von der Coronakrise profitiert wird, um so still wie nur m\u00f6glich h\u00f6chst kontroverse politische Vorhaben durchzupeitschen.<\/p>\n<p>Andererseits wird alles andere politisch Notwendige und Wichtige, das, wenn keine Pandemie w\u00e4re, im Fokus der Politik, der Medien und der \u00f6ffentlichen Diskussion stehen w\u00fcrde, vertagt.<\/p>\n<hr \/>\n<h2 style=\"text-align: center;\"><em>Der OGBL fordert die Regierung auf, hinsichtlich anderer dringender Themen nicht in den politischen Lockdown zu verfallen.<\/em><\/h2>\n<hr \/>\n<p>Die Wohnungskrise w\u00fctet weiter. Sie nimmt an Sch\u00e4rfe zu. Die Schere zwischen den Wohnkosten und den Einkommen geht weiter ungebremst auseinander. Die Zahl der Haushalte, die einer finanziellen \u00dcberbelastung ausgeliefert sind, nimmt weiter zu. L\u00e4ngst ist die Wohnungskrise zur Triebkraft eines gef\u00e4hrlichen Anstiegs der sozialen Ungleichheit in Luxemburg geworden.<\/p>\n<p>Die Regierung h\u00e4tte noch zwei Jahre lang Zeit und Gelegenheit, um ihr Versagen in der Bek\u00e4mpfung der Krise zu verhindern! Die Zeichen stehen allerdings sehr schlecht.<br \/>\nEs fehlt ein Gesetzesvorhaben gegen die Boden- und Immobilienspekulation bzw. gegen die exzessive Hortung von Boden und Immobilien. Es liegt ein Gesetzesvorhaben \u00fcber den Mietvertrag vor, das keine an die Einkommensentwicklung gekoppelte Deckelung der Mietpreise vorsieht. Die politischen Ank\u00fcndigungen im Zusammenhang mit der Reform der Grundsteuer bleiben vage. Ern\u00fcchternd ist ebenfalls die H\u00f6he der mehrj\u00e4hrigen staatlichen Finanzdotation f\u00fcr den Wohnungsfonds. Sie ist v\u00f6llig unzureichend, um der dringend notwendigen massiven F\u00f6rderung des \u00f6ffentlichen Wohnungsbaus und des \u00f6ffentlichen Bodenaufkaufs gerecht zu werden.<\/p>\n<p>Die Zur\u00fcckstellung der Steuerreform war mit der Ank\u00fcndigung der Regierung verbunden, dass keine Steuern erh\u00f6ht werden w\u00fcrden. Pustekuchen! F\u00fcr die untere und mittlere Schicht der Steuerzahler erh\u00f6ht sich mit der Inflation die reale Steuerlast. Der OGBL fordert die Regierung auf, Wort zu halten und eine entsprechende Anpassung der Steuertabelle vorzunehmen. Dies w\u00fcrde gleichzeitig die Entwertung der Steuerkredite aufheben.<\/p>\n<p>Die stetig zunehmenden sozialen Ungleichheiten in einem der reichsten L\u00e4nder der Welt, die fehlende Aufwertung der Familienzulagen, die fehlende strukturelle Erh\u00f6hung des gesetzlichen Mindestlohns, die explosionsartig ansteigenden Energiepreise, die l\u00e4cherlich geringe Aufwertung der Teuerungszulage, die problematisch niedrige Mindestrente, die \u00fcberf\u00e4llige Reform der Kollektivvertragsgesetzgebung, und so vieles mehr runden die Liste des politischen Handlungs\u00adbedarfs ab.<\/p>\n<p><strong> Pandemie hin oder her, es ist an der Zeit zum Handeln. Grad Elo!<\/strong><\/p>\n<p>Nora Back, Pr\u00e4sidentin des OGBL<\/p>","protected":false},"author":1,"featured_media":3286,"template":"","categorie_communiques":[41],"syndicat":[],"acf":[],"yoast_head":"<!-- This site is optimized with the Yoast SEO plugin v23.1 - https:\/\/yoast.com\/wordpress\/plugins\/seo\/ -->\r\n<title>Pandemie hin oder her, es ist an der Zeit zum Handeln  - OGBL<\/title>\r\n<meta name=\"robots\" content=\"index, follow, max-snippet:-1, max-image-preview:large, max-video-preview:-1\" \/>\r\n<link rel=\"canonical\" href=\"https:\/\/www.ogbl.lu\/communique\/pandemie-ou-pas-il-est-temps-dagir\/\" \/>\r\n<meta property=\"og:locale\" content=\"de_DE\" \/>\r\n<meta property=\"og:type\" content=\"article\" \/>\r\n<meta property=\"og:title\" content=\"[:fr]Pand\u00e9mie ou pas, il est temps d\u2019agir[:de]Pandemie hin oder her, es ist an der Zeit zum Handeln [:en]Pand\u00e9mie ou pas, il est temps d\u2019agir[:] - OGBL\" \/>\r\n<meta property=\"og:description\" content=\"Wieder einmal explodieren die Infektionszahlen. Wieder einmal erleben wir strenge sanit\u00e4re Einschr\u00e4nkungen in unserem Privat- und Berufsleben. Impfen, impfen, impfen \u2026\" \/>\r\n<meta property=\"og:url\" content=\"https:\/\/www.ogbl.lu\/communique\/pandemie-ou-pas-il-est-temps-dagir\/\" \/>\r\n<meta property=\"og:site_name\" content=\"OGBL\" \/>\r\n<meta property=\"article:modified_time\" content=\"2023-06-21T11:21:28+00:00\" \/>\r\n<meta property=\"og:image\" content=\"https:\/\/www.ogbl.lu\/wp-content\/uploads\/2021\/12\/Back_Nora_ok_ok_11_gris2-789x1024-1.jpg\" \/>\r\n\t<meta property=\"og:image:width\" content=\"789\" \/>\r\n\t<meta property=\"og:image:height\" content=\"1024\" \/>\r\n\t<meta property=\"og:image:type\" content=\"image\/jpeg\" \/>\r\n<meta name=\"twitter:card\" content=\"summary_large_image\" \/>\r\n<meta name=\"twitter:label1\" content=\"Est. reading time\" \/>\n\t<meta name=\"twitter:data1\" content=\"8 Minuten\" \/>\r\n<script type=\"application\/ld+json\" class=\"yoast-schema-graph\">{\"@context\":\"https:\/\/schema.org\",\"@graph\":[{\"@type\":\"WebPage\",\"@id\":\"https:\/\/www.ogbl.lu\/communique\/pandemie-ou-pas-il-est-temps-dagir\/\",\"url\":\"https:\/\/www.ogbl.lu\/communique\/pandemie-ou-pas-il-est-temps-dagir\/\",\"name\":\"[:fr]Pand\u00e9mie ou pas, il est temps d\u2019agir[:de]Pandemie hin oder her, es ist an der Zeit zum Handeln [:en]Pand\u00e9mie ou pas, il est temps d\u2019agir[:] - OGBL\",\"isPartOf\":{\"@id\":\"https:\/\/www.ogbl.lu\/de\/#website\"},\"primaryImageOfPage\":{\"@id\":\"https:\/\/www.ogbl.lu\/communique\/pandemie-ou-pas-il-est-temps-dagir\/#primaryimage\"},\"image\":{\"@id\":\"https:\/\/www.ogbl.lu\/communique\/pandemie-ou-pas-il-est-temps-dagir\/#primaryimage\"},\"thumbnailUrl\":\"https:\/\/www.ogbl.lu\/wp-content\/uploads\/2021\/12\/Back_Nora_ok_ok_11_gris2-789x1024-1.jpg\",\"datePublished\":\"2021-12-17T13:12:30+00:00\",\"dateModified\":\"2023-06-21T11:21:28+00:00\",\"breadcrumb\":{\"@id\":\"https:\/\/www.ogbl.lu\/communique\/pandemie-ou-pas-il-est-temps-dagir\/#breadcrumb\"},\"inLanguage\":\"de-DE\",\"potentialAction\":[{\"@type\":\"ReadAction\",\"target\":[\"https:\/\/www.ogbl.lu\/communique\/pandemie-ou-pas-il-est-temps-dagir\/\"]}]},{\"@type\":\"ImageObject\",\"inLanguage\":\"de-DE\",\"@id\":\"https:\/\/www.ogbl.lu\/communique\/pandemie-ou-pas-il-est-temps-dagir\/#primaryimage\",\"url\":\"https:\/\/www.ogbl.lu\/wp-content\/uploads\/2021\/12\/Back_Nora_ok_ok_11_gris2-789x1024-1.jpg\",\"contentUrl\":\"https:\/\/www.ogbl.lu\/wp-content\/uploads\/2021\/12\/Back_Nora_ok_ok_11_gris2-789x1024-1.jpg\",\"width\":789,\"height\":1024},{\"@type\":\"BreadcrumbList\",\"@id\":\"https:\/\/www.ogbl.lu\/communique\/pandemie-ou-pas-il-est-temps-dagir\/#breadcrumb\",\"itemListElement\":[{\"@type\":\"ListItem\",\"position\":1,\"name\":\"Home\",\"item\":\"https:\/\/www.ogbl.lu\/\"},{\"@type\":\"ListItem\",\"position\":2,\"name\":\"Pand\u00e9mie ou pas, il est temps d\u2019agir\"}]},{\"@type\":\"WebSite\",\"@id\":\"https:\/\/www.ogbl.lu\/de\/#website\",\"url\":\"https:\/\/www.ogbl.lu\/de\/\",\"name\":\"OGBL\",\"description\":\"DIE GEWERKSCHAFT\",\"publisher\":{\"@id\":\"https:\/\/www.ogbl.lu\/de\/#organization\"},\"potentialAction\":[{\"@type\":\"SearchAction\",\"target\":{\"@type\":\"EntryPoint\",\"urlTemplate\":\"https:\/\/www.ogbl.lu\/de\/?s={search_term_string}\"},\"query-input\":\"required name=search_term_string\"}],\"inLanguage\":\"de-DE\"},{\"@type\":\"Organization\",\"@id\":\"https:\/\/www.ogbl.lu\/de\/#organization\",\"name\":\"OGBL\",\"url\":\"https:\/\/www.ogbl.lu\/de\/\",\"logo\":{\"@type\":\"ImageObject\",\"inLanguage\":\"de-DE\",\"@id\":\"https:\/\/www.ogbl.lu\/de\/#\/schema\/logo\/image\/\",\"url\":\"https:\/\/www.ogbl.lu\/wp-content\/uploads\/2024\/07\/LOGO_Red_FR-svg.png\",\"contentUrl\":\"https:\/\/www.ogbl.lu\/wp-content\/uploads\/2024\/07\/LOGO_Red_FR-svg.png\",\"width\":369,\"height\":171,\"caption\":\"OGBL\"},\"image\":{\"@id\":\"https:\/\/www.ogbl.lu\/de\/#\/schema\/logo\/image\/\"}}]}<\/script>\r\n<!-- \/ Yoast SEO plugin. -->","yoast_head_json":{"title":"[:fr]Pand\u00e9mie ou pas, il est temps d\u2019agir[:de]Pandemie hin oder her, es ist an der Zeit zum Handeln [:en]Pand\u00e9mie ou pas, il est temps d\u2019agir[:] - OGBL","robots":{"index":"index","follow":"follow","max-snippet":"max-snippet:-1","max-image-preview":"max-image-preview:large","max-video-preview":"max-video-preview:-1"},"canonical":"https:\/\/www.ogbl.lu\/communique\/pandemie-ou-pas-il-est-temps-dagir\/","og_locale":"de_DE","og_type":"article","og_title":"[:fr]Pand\u00e9mie ou pas, il est temps d\u2019agir[:de]Pandemie hin oder her, es ist an der Zeit zum Handeln [:en]Pand\u00e9mie ou pas, il est temps d\u2019agir[:] - OGBL","og_description":"Wieder einmal explodieren die Infektionszahlen. Wieder einmal erleben wir strenge sanit\u00e4re Einschr\u00e4nkungen in unserem Privat- und Berufsleben. Impfen, impfen, impfen \u2026","og_url":"https:\/\/www.ogbl.lu\/communique\/pandemie-ou-pas-il-est-temps-dagir\/","og_site_name":"OGBL","article_modified_time":"2023-06-21T11:21:28+00:00","og_image":[{"width":789,"height":1024,"url":"https:\/\/www.ogbl.lu\/wp-content\/uploads\/2021\/12\/Back_Nora_ok_ok_11_gris2-789x1024-1.jpg","type":"image\/jpeg"}],"twitter_card":"summary_large_image","twitter_misc":{"Est. reading time":"8 Minuten"},"schema":{"@context":"https:\/\/schema.org","@graph":[{"@type":"WebPage","@id":"https:\/\/www.ogbl.lu\/communique\/pandemie-ou-pas-il-est-temps-dagir\/","url":"https:\/\/www.ogbl.lu\/communique\/pandemie-ou-pas-il-est-temps-dagir\/","name":"[:fr]Pand\u00e9mie ou pas, il est temps d\u2019agir[:de]Pandemie hin oder her, es ist an der Zeit zum Handeln [:en]Pand\u00e9mie ou pas, il est temps d\u2019agir[:] - OGBL","isPartOf":{"@id":"https:\/\/www.ogbl.lu\/de\/#website"},"primaryImageOfPage":{"@id":"https:\/\/www.ogbl.lu\/communique\/pandemie-ou-pas-il-est-temps-dagir\/#primaryimage"},"image":{"@id":"https:\/\/www.ogbl.lu\/communique\/pandemie-ou-pas-il-est-temps-dagir\/#primaryimage"},"thumbnailUrl":"https:\/\/www.ogbl.lu\/wp-content\/uploads\/2021\/12\/Back_Nora_ok_ok_11_gris2-789x1024-1.jpg","datePublished":"2021-12-17T13:12:30+00:00","dateModified":"2023-06-21T11:21:28+00:00","breadcrumb":{"@id":"https:\/\/www.ogbl.lu\/communique\/pandemie-ou-pas-il-est-temps-dagir\/#breadcrumb"},"inLanguage":"de-DE","potentialAction":[{"@type":"ReadAction","target":["https:\/\/www.ogbl.lu\/communique\/pandemie-ou-pas-il-est-temps-dagir\/"]}]},{"@type":"ImageObject","inLanguage":"de-DE","@id":"https:\/\/www.ogbl.lu\/communique\/pandemie-ou-pas-il-est-temps-dagir\/#primaryimage","url":"https:\/\/www.ogbl.lu\/wp-content\/uploads\/2021\/12\/Back_Nora_ok_ok_11_gris2-789x1024-1.jpg","contentUrl":"https:\/\/www.ogbl.lu\/wp-content\/uploads\/2021\/12\/Back_Nora_ok_ok_11_gris2-789x1024-1.jpg","width":789,"height":1024},{"@type":"BreadcrumbList","@id":"https:\/\/www.ogbl.lu\/communique\/pandemie-ou-pas-il-est-temps-dagir\/#breadcrumb","itemListElement":[{"@type":"ListItem","position":1,"name":"Home","item":"https:\/\/www.ogbl.lu\/"},{"@type":"ListItem","position":2,"name":"Pand\u00e9mie ou pas, il est temps d\u2019agir"}]},{"@type":"WebSite","@id":"https:\/\/www.ogbl.lu\/de\/#website","url":"https:\/\/www.ogbl.lu\/de\/","name":"OGBL","description":"DIE GEWERKSCHAFT","publisher":{"@id":"https:\/\/www.ogbl.lu\/de\/#organization"},"potentialAction":[{"@type":"SearchAction","target":{"@type":"EntryPoint","urlTemplate":"https:\/\/www.ogbl.lu\/de\/?s={search_term_string}"},"query-input":"required name=search_term_string"}],"inLanguage":"de-DE"},{"@type":"Organization","@id":"https:\/\/www.ogbl.lu\/de\/#organization","name":"OGBL","url":"https:\/\/www.ogbl.lu\/de\/","logo":{"@type":"ImageObject","inLanguage":"de-DE","@id":"https:\/\/www.ogbl.lu\/de\/#\/schema\/logo\/image\/","url":"https:\/\/www.ogbl.lu\/wp-content\/uploads\/2024\/07\/LOGO_Red_FR-svg.png","contentUrl":"https:\/\/www.ogbl.lu\/wp-content\/uploads\/2024\/07\/LOGO_Red_FR-svg.png","width":369,"height":171,"caption":"OGBL"},"image":{"@id":"https:\/\/www.ogbl.lu\/de\/#\/schema\/logo\/image\/"}}]}},"_links":{"self":[{"href":"https:\/\/www.ogbl.lu\/de\/wp-json\/wp\/v2\/communiques\/2914"}],"collection":[{"href":"https:\/\/www.ogbl.lu\/de\/wp-json\/wp\/v2\/communiques"}],"about":[{"href":"https:\/\/www.ogbl.lu\/de\/wp-json\/wp\/v2\/types\/communiques"}],"author":[{"embeddable":true,"href":"https:\/\/www.ogbl.lu\/de\/wp-json\/wp\/v2\/users\/1"}],"version-history":[{"count":0,"href":"https:\/\/www.ogbl.lu\/de\/wp-json\/wp\/v2\/communiques\/2914\/revisions"}],"wp:featuredmedia":[{"embeddable":true,"href":"https:\/\/www.ogbl.lu\/de\/wp-json\/wp\/v2\/media\/3286"}],"wp:attachment":[{"href":"https:\/\/www.ogbl.lu\/de\/wp-json\/wp\/v2\/media?parent=2914"}],"wp:term":[{"taxonomy":"categorie_communiques","embeddable":true,"href":"https:\/\/www.ogbl.lu\/de\/wp-json\/wp\/v2\/categorie_communiques?post=2914"},{"taxonomy":"syndicat","embeddable":true,"href":"https:\/\/www.ogbl.lu\/de\/wp-json\/wp\/v2\/syndicat?post=2914"}],"curies":[{"name":"wp","href":"https:\/\/api.w.org\/{rel}","templated":true}]}}