{"id":2844,"date":"2021-07-09T13:05:50","date_gmt":"2021-07-09T11:05:50","guid":{"rendered":"https:\/\/www.ogbl.lu\/communiques\/retour-a-la-normale"},"modified":"2023-06-21T13:59:04","modified_gmt":"2023-06-21T11:59:04","slug":"retour-a-la-normale","status":"publish","type":"communiques","link":"https:\/\/www.ogbl.lu\/de\/communique\/retour-a-la-normale\/","title":{"rendered":"Zur\u00fcck zur Normalit\u00e4t"},"content":{"rendered":"<p><a href=\"https:\/\/www.ogbl.lu\/wp-content\/uploads\/communiques\/Back_Nora_ok_ok_11_gris2.jpg\" target=\"_blank\" rel=\"noopener\"><img decoding=\"async\" class=\" wp-image-32107 alignleft\" style=\"border: 0px none;\" src=\"https:\/\/www.ogbl.lu\/wp-content\/uploads\/communiques\/Back_Nora_ok_ok_11_gris2-789x1024.jpg\" alt=\"Back_Nora_ok_ok_11_gris2\" width=\"300\" \/><\/a><strong>Noch ist ungewiss, ob sich die sanit\u00e4re Krise so langsam ihrem Ende zuneigt oder ob wir nur mal zwischendurch Luft holen k\u00f6nnen in Erwartung der n\u00e4chsten Welle und eventueller neuer (oder alter) einschneidender Ma\u00dfnahmen, die erneut die Rechte und Freiheiten der Menschen einschr\u00e4nken.<\/strong><\/p>\n<p>Noch ist es auch verfr\u00fcht, das gesamte Ausma\u00df der negativen sozialen Konsequenzen der Krise definitiv zu erfassen, sei es die steigenden Ungleichheiten, die schulische und au\u00dferschulische Entwicklung der Kinder oder die Gesundheit der Coviderkrankten oder die der Kranken, die zeitweise auf die notwendige medizinische Behandlung verzichten mussten.<\/p>\n<p>Diese Aufarbeitung muss geschehen, und sie muss objektiv geschehen, um die n\u00f6tigen Lehren aus der Krise zu ziehen. Es kann hier nicht bei einem Waringo-Bericht II bleiben.<br \/>\nDennoch ist es schon jetzt an der Zeit eine Zwischenbilanz zu ziehen.<\/p>\n<p>Was man bis jetzt sagen kann ist, dass Luxemburg wirtschaftlich und finanziell vergleichbar gut durch die Krise gekommen ist, auch wesentlich besser als erwartet. Auch die Staatsverschuldung bietet keinen Anlass zur Sorge, l\u00e4sst im Gegenteil weiteren Spielraum zu, ohne dass die selbstverordnete 30%-Grenze \u00fcberschritten w\u00fcrde.<\/p>\n<p>Die gute finanzielle Situation erm\u00f6glicht auch ein progressives Phasing-out aus dem Coronohilfsma\u00dfnahmenpaket, was unbedingt n\u00f6tig ist, da l\u00e4ngst nicht alle wirtschaftlichen Sektoren so glimpflich durch die Krise gekommen sind, wie das die Durchschnittswerte in den Statistiken vermuten lassen. F\u00fcr viele Unternehmen ist die Krise immer noch nicht vorbei.<\/p>\n<p>Das gilt allerdings nicht nur f\u00fcr die Betriebe. Es ist zu bef\u00fcrchten, dass es Lohneinbu\u00dfen vor allem bei Niedrigverdienern gab, die schon zu normalen Zeiten Schwierigkeiten haben \u00fcber die Runden zu kommen. Leider werden die Sozialstatistiken erst mit mehrj\u00e4hriger Versp\u00e4tung ver\u00f6ffentlicht.<\/p>\n<h2 style=\"text-align: center;\"><em>Es bedarf jetzt des n\u00f6tigen politischen Mutes.<\/em><\/h2>\n<p style=\"text-align: left;\">Der OGBL fordert seit Anfang der Krise, dass vor allem die Kaufkraft dieser Personen gest\u00e4rkt werden muss. Einige einfache Ma\u00dfnahmen bieten sich an: Aufwertung der Steuerkredite, dauerhafte und h\u00f6here Aufwertung der Teuerungspauschale, aber auch eine strukturelle Aufwertung der Familienleistungen, da Familien mit Kindern generell einem h\u00f6heren Armutsrisiko ausgesetzt sind. Die aktuelle Gesetzesvorlage ist absolut unzureichend und wird von uns abgelehnt, da sie unter anderem zus\u00e4tzlich neue Ungerechtigkeiten zwischen Ans\u00e4ssigen und Grenzg\u00e4ngern schafft.<\/p>\n<p>Wir brauchen auch mehr Steuergerechtigkeit. Die Diskussionen \u00fcber eine Steuerreform sind angelaufen und durchgreifende Ma\u00dfnahmen d\u00fcrfen nicht bis nach den n\u00e4chsten Wahlen warten, ansonsten werden wir bis zu ihrer Umsetzung wenigstens nochmal f\u00fcnf Jahre verlieren.<\/p>\n<p>Was die allgemeine Steuergerechtigkeit betrifft, ist eine der Schlussfolgerungen einer rezenten OCDE-Studie, dass Luxemburg eines der \u201egro\u00dfz\u00fcgigsten\u201c Erbschaftssteuersysteme aller OCDE-L\u00e4nder hat.<\/p>\n<p>Nat\u00fcrlich vor allem f\u00fcr die Happy few.<\/p>\n<p>Die starke Konzentration des Besitzes erlaubt es hier gezielt und progressiv vorzugehen, so dass eine Einf\u00fchrung der Erbschaftssteuer in direkter Linie f\u00fcr den Normalsterblichen nichts \u00e4ndern w\u00fcrde und eine gr\u00f6\u00dfere Chancengleichheit entstehen w\u00fcrde.<\/p>\n<p>Chancengleichheit haben wir schon gar nicht im Bereich Wohnungsbau. Hier m\u00fcssen N\u00e4gel mit K\u00f6pfen gemacht werden. Sogar der Premierminister hat sich f\u00fcr eine Steuer auf Wohnungen und Grundst\u00fccken, die aus Spekulationsgr\u00fcnden leer stehen, ausgesprochen.<br \/>\nEs bedarf jetzt des n\u00f6tigen politischen Mutes. Steuergerechtigkeit und erschwinglichen Wohnraum gibt es nicht zum politischen Nulltarif. Die politischen Entscheidungstr\u00e4ger m\u00fcssen die Wahl treffen: wollen sie weiter vor den paar dutzend gr\u00f6\u00dften Immobilienbesitzern kuschen oder wollen sie Tausenden und Tausenden von Menschen eine Perspektive auf dem Wohnungsmarkt bieten?<\/p>\n<p><strong>Nora Back, <\/strong><br \/>\n<strong>Pr\u00e4sidentin des OGBL<\/strong><\/p>","protected":false},"author":1,"featured_media":3357,"template":"","categorie_communiques":[41],"syndicat":[],"acf":[],"yoast_head":"<!-- This site is optimized with the Yoast SEO plugin v23.1 - https:\/\/yoast.com\/wordpress\/plugins\/seo\/ -->\r\n<title>Zur\u00fcck zur Normalit\u00e4t - OGBL<\/title>\r\n<meta name=\"robots\" content=\"index, follow, max-snippet:-1, max-image-preview:large, max-video-preview:-1\" \/>\r\n<link rel=\"canonical\" href=\"https:\/\/www.ogbl.lu\/communique\/retour-a-la-normale\/\" \/>\r\n<meta property=\"og:locale\" content=\"de_DE\" \/>\r\n<meta property=\"og:type\" content=\"article\" \/>\r\n<meta property=\"og:title\" content=\"[:fr]Retour \u00e0 la normale[:de]Zur\u00fcck zur Normalit\u00e4t[:en]Retour \u00e0 la normale[:] - OGBL\" \/>\r\n<meta property=\"og:description\" content=\"Noch ist ungewiss, ob sich die sanit\u00e4re Krise so langsam ihrem Ende zuneigt oder ob wir nur mal zwischendurch Luft \u2026\" \/>\r\n<meta property=\"og:url\" content=\"https:\/\/www.ogbl.lu\/communique\/retour-a-la-normale\/\" \/>\r\n<meta property=\"og:site_name\" content=\"OGBL\" \/>\r\n<meta property=\"article:modified_time\" content=\"2023-06-21T11:59:04+00:00\" \/>\r\n<meta property=\"og:image\" content=\"https:\/\/www.ogbl.lu\/wp-content\/uploads\/2021\/07\/Back_Nora_ok_ok_11_gris2-789x1024-1.jpg\" \/>\r\n\t<meta property=\"og:image:width\" content=\"789\" \/>\r\n\t<meta property=\"og:image:height\" content=\"1024\" \/>\r\n\t<meta property=\"og:image:type\" content=\"image\/jpeg\" \/>\r\n<meta name=\"twitter:card\" content=\"summary_large_image\" \/>\r\n<meta name=\"twitter:label1\" content=\"Est. reading time\" \/>\n\t<meta name=\"twitter:data1\" content=\"7 Minuten\" \/>\r\n<script type=\"application\/ld+json\" class=\"yoast-schema-graph\">{\"@context\":\"https:\/\/schema.org\",\"@graph\":[{\"@type\":\"WebPage\",\"@id\":\"https:\/\/www.ogbl.lu\/communique\/retour-a-la-normale\/\",\"url\":\"https:\/\/www.ogbl.lu\/communique\/retour-a-la-normale\/\",\"name\":\"[:fr]Retour \u00e0 la normale[:de]Zur\u00fcck zur Normalit\u00e4t[:en]Retour \u00e0 la normale[:] - OGBL\",\"isPartOf\":{\"@id\":\"https:\/\/www.ogbl.lu\/de\/#website\"},\"primaryImageOfPage\":{\"@id\":\"https:\/\/www.ogbl.lu\/communique\/retour-a-la-normale\/#primaryimage\"},\"image\":{\"@id\":\"https:\/\/www.ogbl.lu\/communique\/retour-a-la-normale\/#primaryimage\"},\"thumbnailUrl\":\"https:\/\/www.ogbl.lu\/wp-content\/uploads\/2021\/07\/Back_Nora_ok_ok_11_gris2-789x1024-1.jpg\",\"datePublished\":\"2021-07-09T11:05:50+00:00\",\"dateModified\":\"2023-06-21T11:59:04+00:00\",\"breadcrumb\":{\"@id\":\"https:\/\/www.ogbl.lu\/communique\/retour-a-la-normale\/#breadcrumb\"},\"inLanguage\":\"de-DE\",\"potentialAction\":[{\"@type\":\"ReadAction\",\"target\":[\"https:\/\/www.ogbl.lu\/communique\/retour-a-la-normale\/\"]}]},{\"@type\":\"ImageObject\",\"inLanguage\":\"de-DE\",\"@id\":\"https:\/\/www.ogbl.lu\/communique\/retour-a-la-normale\/#primaryimage\",\"url\":\"https:\/\/www.ogbl.lu\/wp-content\/uploads\/2021\/07\/Back_Nora_ok_ok_11_gris2-789x1024-1.jpg\",\"contentUrl\":\"https:\/\/www.ogbl.lu\/wp-content\/uploads\/2021\/07\/Back_Nora_ok_ok_11_gris2-789x1024-1.jpg\",\"width\":789,\"height\":1024},{\"@type\":\"BreadcrumbList\",\"@id\":\"https:\/\/www.ogbl.lu\/communique\/retour-a-la-normale\/#breadcrumb\",\"itemListElement\":[{\"@type\":\"ListItem\",\"position\":1,\"name\":\"Home\",\"item\":\"https:\/\/www.ogbl.lu\/\"},{\"@type\":\"ListItem\",\"position\":2,\"name\":\"Retour \u00e0 la normale\"}]},{\"@type\":\"WebSite\",\"@id\":\"https:\/\/www.ogbl.lu\/de\/#website\",\"url\":\"https:\/\/www.ogbl.lu\/de\/\",\"name\":\"OGBL\",\"description\":\"DIE GEWERKSCHAFT\",\"publisher\":{\"@id\":\"https:\/\/www.ogbl.lu\/de\/#organization\"},\"potentialAction\":[{\"@type\":\"SearchAction\",\"target\":{\"@type\":\"EntryPoint\",\"urlTemplate\":\"https:\/\/www.ogbl.lu\/de\/?s={search_term_string}\"},\"query-input\":\"required name=search_term_string\"}],\"inLanguage\":\"de-DE\"},{\"@type\":\"Organization\",\"@id\":\"https:\/\/www.ogbl.lu\/de\/#organization\",\"name\":\"OGBL\",\"url\":\"https:\/\/www.ogbl.lu\/de\/\",\"logo\":{\"@type\":\"ImageObject\",\"inLanguage\":\"de-DE\",\"@id\":\"https:\/\/www.ogbl.lu\/de\/#\/schema\/logo\/image\/\",\"url\":\"https:\/\/www.ogbl.lu\/wp-content\/uploads\/2024\/07\/LOGO_Red_FR-svg.png\",\"contentUrl\":\"https:\/\/www.ogbl.lu\/wp-content\/uploads\/2024\/07\/LOGO_Red_FR-svg.png\",\"width\":369,\"height\":171,\"caption\":\"OGBL\"},\"image\":{\"@id\":\"https:\/\/www.ogbl.lu\/de\/#\/schema\/logo\/image\/\"}}]}<\/script>\r\n<!-- \/ Yoast SEO plugin. -->","yoast_head_json":{"title":"[:fr]Retour \u00e0 la normale[:de]Zur\u00fcck zur Normalit\u00e4t[:en]Retour \u00e0 la normale[:] - OGBL","robots":{"index":"index","follow":"follow","max-snippet":"max-snippet:-1","max-image-preview":"max-image-preview:large","max-video-preview":"max-video-preview:-1"},"canonical":"https:\/\/www.ogbl.lu\/communique\/retour-a-la-normale\/","og_locale":"de_DE","og_type":"article","og_title":"[:fr]Retour \u00e0 la normale[:de]Zur\u00fcck zur Normalit\u00e4t[:en]Retour \u00e0 la normale[:] - OGBL","og_description":"Noch ist ungewiss, ob sich die sanit\u00e4re Krise so langsam ihrem Ende zuneigt oder ob wir nur mal zwischendurch Luft \u2026","og_url":"https:\/\/www.ogbl.lu\/communique\/retour-a-la-normale\/","og_site_name":"OGBL","article_modified_time":"2023-06-21T11:59:04+00:00","og_image":[{"width":789,"height":1024,"url":"https:\/\/www.ogbl.lu\/wp-content\/uploads\/2021\/07\/Back_Nora_ok_ok_11_gris2-789x1024-1.jpg","type":"image\/jpeg"}],"twitter_card":"summary_large_image","twitter_misc":{"Est. reading time":"7 Minuten"},"schema":{"@context":"https:\/\/schema.org","@graph":[{"@type":"WebPage","@id":"https:\/\/www.ogbl.lu\/communique\/retour-a-la-normale\/","url":"https:\/\/www.ogbl.lu\/communique\/retour-a-la-normale\/","name":"[:fr]Retour \u00e0 la normale[:de]Zur\u00fcck zur Normalit\u00e4t[:en]Retour \u00e0 la normale[:] - OGBL","isPartOf":{"@id":"https:\/\/www.ogbl.lu\/de\/#website"},"primaryImageOfPage":{"@id":"https:\/\/www.ogbl.lu\/communique\/retour-a-la-normale\/#primaryimage"},"image":{"@id":"https:\/\/www.ogbl.lu\/communique\/retour-a-la-normale\/#primaryimage"},"thumbnailUrl":"https:\/\/www.ogbl.lu\/wp-content\/uploads\/2021\/07\/Back_Nora_ok_ok_11_gris2-789x1024-1.jpg","datePublished":"2021-07-09T11:05:50+00:00","dateModified":"2023-06-21T11:59:04+00:00","breadcrumb":{"@id":"https:\/\/www.ogbl.lu\/communique\/retour-a-la-normale\/#breadcrumb"},"inLanguage":"de-DE","potentialAction":[{"@type":"ReadAction","target":["https:\/\/www.ogbl.lu\/communique\/retour-a-la-normale\/"]}]},{"@type":"ImageObject","inLanguage":"de-DE","@id":"https:\/\/www.ogbl.lu\/communique\/retour-a-la-normale\/#primaryimage","url":"https:\/\/www.ogbl.lu\/wp-content\/uploads\/2021\/07\/Back_Nora_ok_ok_11_gris2-789x1024-1.jpg","contentUrl":"https:\/\/www.ogbl.lu\/wp-content\/uploads\/2021\/07\/Back_Nora_ok_ok_11_gris2-789x1024-1.jpg","width":789,"height":1024},{"@type":"BreadcrumbList","@id":"https:\/\/www.ogbl.lu\/communique\/retour-a-la-normale\/#breadcrumb","itemListElement":[{"@type":"ListItem","position":1,"name":"Home","item":"https:\/\/www.ogbl.lu\/"},{"@type":"ListItem","position":2,"name":"Retour \u00e0 la normale"}]},{"@type":"WebSite","@id":"https:\/\/www.ogbl.lu\/de\/#website","url":"https:\/\/www.ogbl.lu\/de\/","name":"OGBL","description":"DIE GEWERKSCHAFT","publisher":{"@id":"https:\/\/www.ogbl.lu\/de\/#organization"},"potentialAction":[{"@type":"SearchAction","target":{"@type":"EntryPoint","urlTemplate":"https:\/\/www.ogbl.lu\/de\/?s={search_term_string}"},"query-input":"required name=search_term_string"}],"inLanguage":"de-DE"},{"@type":"Organization","@id":"https:\/\/www.ogbl.lu\/de\/#organization","name":"OGBL","url":"https:\/\/www.ogbl.lu\/de\/","logo":{"@type":"ImageObject","inLanguage":"de-DE","@id":"https:\/\/www.ogbl.lu\/de\/#\/schema\/logo\/image\/","url":"https:\/\/www.ogbl.lu\/wp-content\/uploads\/2024\/07\/LOGO_Red_FR-svg.png","contentUrl":"https:\/\/www.ogbl.lu\/wp-content\/uploads\/2024\/07\/LOGO_Red_FR-svg.png","width":369,"height":171,"caption":"OGBL"},"image":{"@id":"https:\/\/www.ogbl.lu\/de\/#\/schema\/logo\/image\/"}}]}},"_links":{"self":[{"href":"https:\/\/www.ogbl.lu\/de\/wp-json\/wp\/v2\/communiques\/2844"}],"collection":[{"href":"https:\/\/www.ogbl.lu\/de\/wp-json\/wp\/v2\/communiques"}],"about":[{"href":"https:\/\/www.ogbl.lu\/de\/wp-json\/wp\/v2\/types\/communiques"}],"author":[{"embeddable":true,"href":"https:\/\/www.ogbl.lu\/de\/wp-json\/wp\/v2\/users\/1"}],"version-history":[{"count":0,"href":"https:\/\/www.ogbl.lu\/de\/wp-json\/wp\/v2\/communiques\/2844\/revisions"}],"wp:featuredmedia":[{"embeddable":true,"href":"https:\/\/www.ogbl.lu\/de\/wp-json\/wp\/v2\/media\/3357"}],"wp:attachment":[{"href":"https:\/\/www.ogbl.lu\/de\/wp-json\/wp\/v2\/media?parent=2844"}],"wp:term":[{"taxonomy":"categorie_communiques","embeddable":true,"href":"https:\/\/www.ogbl.lu\/de\/wp-json\/wp\/v2\/categorie_communiques?post=2844"},{"taxonomy":"syndicat","embeddable":true,"href":"https:\/\/www.ogbl.lu\/de\/wp-json\/wp\/v2\/syndicat?post=2844"}],"curies":[{"name":"wp","href":"https:\/\/api.w.org\/{rel}","templated":true}]}}