{"id":2427,"date":"2019-02-14T11:34:26","date_gmt":"2019-02-14T10:34:26","guid":{"rendered":"https:\/\/www.ogbl.lu\/communiques\/logbl-revendique-des-negociations-globales-pour-tout-le-secteur-public"},"modified":"2023-06-02T10:16:36","modified_gmt":"2023-06-02T08:16:36","slug":"logbl-revendique-des-negociations-globales-pour-tout-le-secteur-public","status":"publish","type":"communiques","link":"https:\/\/www.ogbl.lu\/de\/communique\/logbl-revendique-des-negociations-globales-pour-tout-le-secteur-public\/","title":{"rendered":"Der OGBL fordert Globalverhandlungen f\u00fcr den gesamten \u00f6ffentlichen Sektor"},"content":{"rendered":"<p>Am 11. Februar kam eine Delegation des OGBL, angef\u00fchrt vom Pr\u00e4sidenten Andr\u00e9 Roeltgen und bestehend aus Vertretern der verschiedenen \u00f6ffentlichen Bereiche sowie der Gilde der Fluglotsen GLCCA, mit dem neuen Minister des \u00d6ffentlichen Diensts, Marc Hansen, zusammen. Ziel der Unterredung war ein erster Austausch \u00fcber die wesentlichen Fragen die in den Zust\u00e4ndigkeitsbereich des Ministers fallen.<\/p>\n<p>Der OGBL unterstrich bei dieser Gelegenheit, dass er keineswegs nur im Privatsektor st\u00e4rkste Kraft ist, sondern auch in vielen \u00f6ffentlichen Bereichen, etwa bei den Arbeitnehmern beim Staat und den Gemeinden, in den Krankenh\u00e4usern, im Pflege- und Sozialbereich, in Hochschule und Forschung. Nichtsdestotrotz bleibt der OGBL weiterhin von den Geh\u00e4lterverhandlungen beim \u00d6ffentlichen Dienst ausgeschlossen.<\/p>\n<p>In gewisser Weise stellt dies eine Einschr\u00e4nkung der Tarifautonomie des OGBL dar, da er f\u00fcr Bereiche verhandelt, die von den Verhandlungsresultaten beim Geh\u00e4lterabkommen im \u00d6ffentlichen Dienst abh\u00e4ngig sind. Diese Problematik wurde besonders akut bei den Kollektivvertragsverhandlungen im Gesundheits- und Sozialwesen (FHL und SAS), wo 2017 erst in letzter Minute ein Streik vermieden werden konnte.<\/p>\n<p>Aktuell stellt sich hier wieder die Frage der Umsetzung und Berechnung der j\u00fcngsten Resultate der Verhandlungen im \u00d6ffentlichen Dienst, einerseits der Erh\u00f6hung der Essenszulage, die diese Woche von der Abgeordnetenkammer angenommen wurde, andererseits die Abschaffung der 80-80-90-Regelung w\u00e4hrend der Stagezeit, die vor kurzem auf den Instanzenweg gebracht wurde.<\/p>\n<p>Die zweite Ma\u00dfnahme, begr\u00fc\u00dft der OGBL, der sich immer gegen die 80-80-90-Regelung gewehrt hat, nat\u00fcrlich. Sie hat aber auch Auswirkungen auf den Stage f\u00fcr die angehenden Lehrkr\u00e4fte in der Grundschule. Auch dieses Thema wurde bei der Unterredung behandelt, wobei das zust\u00e4ndige OGBL-Syndikat, der SEW\/OGBL, diesbez\u00fcglich noch weitere Unterredungen sowohl mit Minister Hansen als auch mit dem Bildungsminister Claude Meisch haben wird.<\/p>\n<p>Im Zusammenhang mit den Globalverhandlungen f\u00fcr den gesamten \u00f6ffentlichen Sektor trug der OGBL auch seine Forderung nach einem einheitlichen Kollektivvertrag f\u00fcr alle Arbeitnehmer bei Staat und Gemeinden vor, der auf dem bestehenden Kollektivvertrag f\u00fcr die Arbeitnehmer beim Staat sowie dem S\u00fcdgemeindenkollektivvertrag aufbauen k\u00f6nnte.<\/p>\n<p>Eine weitere in diesem Rahmen aufgeworfene Frage war die Abwesenheit einer Verbindung zwischen der Lohnentwicklung an der Universit\u00e4t Luxemburg und den \u00f6ffentlichen Forschungszentren mit dem \u00d6ffentlichen Dienst, wie sie vor 2003 noch bestand. Auch wenn der OGBL \u00fcber die Einf\u00fchrung von Kollektivvertr\u00e4gen die Absichten einzelner Direktionen weitergehende Verschlechterungen der Lohnstrukturen vorzusehen abwehren konnte, so hat dies die Grundtendenz, dass die Laufbahnen in diesem Bereich f\u00fcr Einheimische immer weniger attraktiv werden, nur abgebremst, nicht aufgehoben. Es ist mittlerweile lohntechnisch attraktiver, an einer Sekundarschule zu unterrichten als Forscher oder Lehrkraft an der Universit\u00e4t oder einem CRP zu sein. Deswegen stellt der OGBL die Forderung auch diesen Bereich in Globalverhandlungen f\u00fcr den \u00f6ffentlichen Sektor zu integrieren, immerhin handelt es sich auch hier um \u201e\u00e9tablissements publics\u201c.<\/p>\n<p>Ein weiteres Thema war die im Regierungsprogramm vorgesehene Aufwertung der Laufbahnen der Fluglotsen, die der OGBL begr\u00fc\u00dft. Der OGBL und sein Kooperationspartner GLCCA werden dem Minister hierzu konkrete Vorschl\u00e4ge unterbreiten.<\/p>\n<p>Der OGBL ist unter anderem auch noch auf die von Tendenz zur Externalisierung einzelner Bereiche eingegangen, die vormals in \u00f6ffentlicher Hand waren, insbesondere im Bereich der Geb\u00e4udeinstandhaltungs- und reinigung sowie der Kantinen. Der OGBL verlangt eine Umkehrung dieser Tendenz, die eine indirekte Privatisierung von \u00f6ffentlichen Dienstleistungen darstellt. Eine weitere behandelte Frage betraf die Sicherheit und Gesundheit am Arbeitsplatz f\u00fcr die Arbeitnehmer beim Staat.<\/p>\n<p>Der Minister des \u00d6ffentlichen Diensts verfolgte die Anmerkungen des OGBL aufmerksam und versprach die einzelnen Fragen im weiteren Verlauf seines Mandats im Dialog mit allen betroffenen Parteien anzugehen.<\/p>\n<p><b>Mitgeteilt vom OGBL<br \/>\n<\/b><b>am 14. Februar 2019<\/b><\/p>","protected":false},"author":1,"featured_media":3736,"template":"","categorie_communiques":[44,49,41,51,53],"syndicat":[68,77,75,71],"acf":[],"yoast_head":"<!-- This site is optimized with the Yoast SEO plugin v23.1 - https:\/\/yoast.com\/wordpress\/plugins\/seo\/ -->\r\n<title>Der OGBL fordert Globalverhandlungen f\u00fcr den gesamten \u00f6ffentlichen Sektor - OGBL<\/title>\r\n<meta name=\"robots\" content=\"index, follow, max-snippet:-1, max-image-preview:large, max-video-preview:-1\" \/>\r\n<link rel=\"canonical\" href=\"https:\/\/www.ogbl.lu\/communique\/logbl-revendique-des-negociations-globales-pour-tout-le-secteur-public\/\" \/>\r\n<meta property=\"og:locale\" content=\"de_DE\" \/>\r\n<meta property=\"og:type\" content=\"article\" \/>\r\n<meta property=\"og:title\" content=\"[:fr]L\u2019OGBL revendique des n\u00e9gociations globales pour tout le secteur public[:de]Der OGBL fordert Globalverhandlungen f\u00fcr den gesamten \u00f6ffentlichen Sektor[:en]L\u2019OGBL revendique des n\u00e9gociations globales pour tout le secteur public[:] - OGBL\" \/>\r\n<meta property=\"og:description\" content=\"Am 11. Februar kam eine Delegation des OGBL, angef\u00fchrt vom Pr\u00e4sidenten Andr\u00e9 Roeltgen und bestehend aus Vertretern der verschiedenen \u00f6ffentlichen \u2026\" \/>\r\n<meta property=\"og:url\" content=\"https:\/\/www.ogbl.lu\/communique\/logbl-revendique-des-negociations-globales-pour-tout-le-secteur-public\/\" \/>\r\n<meta property=\"og:site_name\" content=\"OGBL\" \/>\r\n<meta property=\"article:modified_time\" content=\"2023-06-02T08:16:36+00:00\" \/>\r\n<meta property=\"og:image\" content=\"https:\/\/www.ogbl.lu\/wp-content\/uploads\/2019\/02\/Foto_OGBL_Hansen-1024x682-1.jpg\" \/>\r\n\t<meta property=\"og:image:width\" content=\"1024\" \/>\r\n\t<meta property=\"og:image:height\" content=\"682\" \/>\r\n\t<meta property=\"og:image:type\" content=\"image\/jpeg\" \/>\r\n<meta name=\"twitter:card\" content=\"summary_large_image\" \/>\r\n<meta name=\"twitter:label1\" content=\"Est. reading time\" \/>\n\t<meta name=\"twitter:data1\" content=\"7 Minuten\" \/>\r\n<script type=\"application\/ld+json\" class=\"yoast-schema-graph\">{\"@context\":\"https:\/\/schema.org\",\"@graph\":[{\"@type\":\"WebPage\",\"@id\":\"https:\/\/www.ogbl.lu\/communique\/logbl-revendique-des-negociations-globales-pour-tout-le-secteur-public\/\",\"url\":\"https:\/\/www.ogbl.lu\/communique\/logbl-revendique-des-negociations-globales-pour-tout-le-secteur-public\/\",\"name\":\"[:fr]L\u2019OGBL revendique des n\u00e9gociations globales pour tout le secteur public[:de]Der OGBL fordert Globalverhandlungen f\u00fcr den gesamten \u00f6ffentlichen Sektor[:en]L\u2019OGBL revendique des n\u00e9gociations globales pour tout le secteur public[:] - OGBL\",\"isPartOf\":{\"@id\":\"https:\/\/www.ogbl.lu\/de\/#website\"},\"primaryImageOfPage\":{\"@id\":\"https:\/\/www.ogbl.lu\/communique\/logbl-revendique-des-negociations-globales-pour-tout-le-secteur-public\/#primaryimage\"},\"image\":{\"@id\":\"https:\/\/www.ogbl.lu\/communique\/logbl-revendique-des-negociations-globales-pour-tout-le-secteur-public\/#primaryimage\"},\"thumbnailUrl\":\"https:\/\/www.ogbl.lu\/wp-content\/uploads\/2019\/02\/Foto_OGBL_Hansen-1024x682-1.jpg\",\"datePublished\":\"2019-02-14T10:34:26+00:00\",\"dateModified\":\"2023-06-02T08:16:36+00:00\",\"breadcrumb\":{\"@id\":\"https:\/\/www.ogbl.lu\/communique\/logbl-revendique-des-negociations-globales-pour-tout-le-secteur-public\/#breadcrumb\"},\"inLanguage\":\"de-DE\",\"potentialAction\":[{\"@type\":\"ReadAction\",\"target\":[\"https:\/\/www.ogbl.lu\/communique\/logbl-revendique-des-negociations-globales-pour-tout-le-secteur-public\/\"]}]},{\"@type\":\"ImageObject\",\"inLanguage\":\"de-DE\",\"@id\":\"https:\/\/www.ogbl.lu\/communique\/logbl-revendique-des-negociations-globales-pour-tout-le-secteur-public\/#primaryimage\",\"url\":\"https:\/\/www.ogbl.lu\/wp-content\/uploads\/2019\/02\/Foto_OGBL_Hansen-1024x682-1.jpg\",\"contentUrl\":\"https:\/\/www.ogbl.lu\/wp-content\/uploads\/2019\/02\/Foto_OGBL_Hansen-1024x682-1.jpg\",\"width\":1024,\"height\":682},{\"@type\":\"BreadcrumbList\",\"@id\":\"https:\/\/www.ogbl.lu\/communique\/logbl-revendique-des-negociations-globales-pour-tout-le-secteur-public\/#breadcrumb\",\"itemListElement\":[{\"@type\":\"ListItem\",\"position\":1,\"name\":\"Home\",\"item\":\"https:\/\/www.ogbl.lu\/\"},{\"@type\":\"ListItem\",\"position\":2,\"name\":\"L\u2019OGBL revendique des n\u00e9gociations globales pour tout le secteur public\"}]},{\"@type\":\"WebSite\",\"@id\":\"https:\/\/www.ogbl.lu\/de\/#website\",\"url\":\"https:\/\/www.ogbl.lu\/de\/\",\"name\":\"OGBL\",\"description\":\"DIE GEWERKSCHAFT\",\"publisher\":{\"@id\":\"https:\/\/www.ogbl.lu\/de\/#organization\"},\"potentialAction\":[{\"@type\":\"SearchAction\",\"target\":{\"@type\":\"EntryPoint\",\"urlTemplate\":\"https:\/\/www.ogbl.lu\/de\/?s={search_term_string}\"},\"query-input\":\"required name=search_term_string\"}],\"inLanguage\":\"de-DE\"},{\"@type\":\"Organization\",\"@id\":\"https:\/\/www.ogbl.lu\/de\/#organization\",\"name\":\"OGBL\",\"url\":\"https:\/\/www.ogbl.lu\/de\/\",\"logo\":{\"@type\":\"ImageObject\",\"inLanguage\":\"de-DE\",\"@id\":\"https:\/\/www.ogbl.lu\/de\/#\/schema\/logo\/image\/\",\"url\":\"https:\/\/www.ogbl.lu\/wp-content\/uploads\/2024\/07\/LOGO_Red_FR-svg.png\",\"contentUrl\":\"https:\/\/www.ogbl.lu\/wp-content\/uploads\/2024\/07\/LOGO_Red_FR-svg.png\",\"width\":369,\"height\":171,\"caption\":\"OGBL\"},\"image\":{\"@id\":\"https:\/\/www.ogbl.lu\/de\/#\/schema\/logo\/image\/\"}}]}<\/script>\r\n<!-- \/ Yoast SEO plugin. -->","yoast_head_json":{"title":"[:fr]L\u2019OGBL revendique des n\u00e9gociations globales pour tout le secteur public[:de]Der OGBL fordert Globalverhandlungen f\u00fcr den gesamten \u00f6ffentlichen Sektor[:en]L\u2019OGBL revendique des n\u00e9gociations globales pour tout le secteur public[:] - OGBL","robots":{"index":"index","follow":"follow","max-snippet":"max-snippet:-1","max-image-preview":"max-image-preview:large","max-video-preview":"max-video-preview:-1"},"canonical":"https:\/\/www.ogbl.lu\/communique\/logbl-revendique-des-negociations-globales-pour-tout-le-secteur-public\/","og_locale":"de_DE","og_type":"article","og_title":"[:fr]L\u2019OGBL revendique des n\u00e9gociations globales pour tout le secteur public[:de]Der OGBL fordert Globalverhandlungen f\u00fcr den gesamten \u00f6ffentlichen Sektor[:en]L\u2019OGBL revendique des n\u00e9gociations globales pour tout le secteur public[:] - OGBL","og_description":"Am 11. Februar kam eine Delegation des OGBL, angef\u00fchrt vom Pr\u00e4sidenten Andr\u00e9 Roeltgen und bestehend aus Vertretern der verschiedenen \u00f6ffentlichen \u2026","og_url":"https:\/\/www.ogbl.lu\/communique\/logbl-revendique-des-negociations-globales-pour-tout-le-secteur-public\/","og_site_name":"OGBL","article_modified_time":"2023-06-02T08:16:36+00:00","og_image":[{"width":1024,"height":682,"url":"https:\/\/www.ogbl.lu\/wp-content\/uploads\/2019\/02\/Foto_OGBL_Hansen-1024x682-1.jpg","type":"image\/jpeg"}],"twitter_card":"summary_large_image","twitter_misc":{"Est. reading time":"7 Minuten"},"schema":{"@context":"https:\/\/schema.org","@graph":[{"@type":"WebPage","@id":"https:\/\/www.ogbl.lu\/communique\/logbl-revendique-des-negociations-globales-pour-tout-le-secteur-public\/","url":"https:\/\/www.ogbl.lu\/communique\/logbl-revendique-des-negociations-globales-pour-tout-le-secteur-public\/","name":"[:fr]L\u2019OGBL revendique des n\u00e9gociations globales pour tout le secteur public[:de]Der OGBL fordert Globalverhandlungen f\u00fcr den gesamten \u00f6ffentlichen Sektor[:en]L\u2019OGBL revendique des n\u00e9gociations globales pour tout le secteur public[:] - OGBL","isPartOf":{"@id":"https:\/\/www.ogbl.lu\/de\/#website"},"primaryImageOfPage":{"@id":"https:\/\/www.ogbl.lu\/communique\/logbl-revendique-des-negociations-globales-pour-tout-le-secteur-public\/#primaryimage"},"image":{"@id":"https:\/\/www.ogbl.lu\/communique\/logbl-revendique-des-negociations-globales-pour-tout-le-secteur-public\/#primaryimage"},"thumbnailUrl":"https:\/\/www.ogbl.lu\/wp-content\/uploads\/2019\/02\/Foto_OGBL_Hansen-1024x682-1.jpg","datePublished":"2019-02-14T10:34:26+00:00","dateModified":"2023-06-02T08:16:36+00:00","breadcrumb":{"@id":"https:\/\/www.ogbl.lu\/communique\/logbl-revendique-des-negociations-globales-pour-tout-le-secteur-public\/#breadcrumb"},"inLanguage":"de-DE","potentialAction":[{"@type":"ReadAction","target":["https:\/\/www.ogbl.lu\/communique\/logbl-revendique-des-negociations-globales-pour-tout-le-secteur-public\/"]}]},{"@type":"ImageObject","inLanguage":"de-DE","@id":"https:\/\/www.ogbl.lu\/communique\/logbl-revendique-des-negociations-globales-pour-tout-le-secteur-public\/#primaryimage","url":"https:\/\/www.ogbl.lu\/wp-content\/uploads\/2019\/02\/Foto_OGBL_Hansen-1024x682-1.jpg","contentUrl":"https:\/\/www.ogbl.lu\/wp-content\/uploads\/2019\/02\/Foto_OGBL_Hansen-1024x682-1.jpg","width":1024,"height":682},{"@type":"BreadcrumbList","@id":"https:\/\/www.ogbl.lu\/communique\/logbl-revendique-des-negociations-globales-pour-tout-le-secteur-public\/#breadcrumb","itemListElement":[{"@type":"ListItem","position":1,"name":"Home","item":"https:\/\/www.ogbl.lu\/"},{"@type":"ListItem","position":2,"name":"L\u2019OGBL revendique des n\u00e9gociations globales pour tout le secteur public"}]},{"@type":"WebSite","@id":"https:\/\/www.ogbl.lu\/de\/#website","url":"https:\/\/www.ogbl.lu\/de\/","name":"OGBL","description":"DIE GEWERKSCHAFT","publisher":{"@id":"https:\/\/www.ogbl.lu\/de\/#organization"},"potentialAction":[{"@type":"SearchAction","target":{"@type":"EntryPoint","urlTemplate":"https:\/\/www.ogbl.lu\/de\/?s={search_term_string}"},"query-input":"required name=search_term_string"}],"inLanguage":"de-DE"},{"@type":"Organization","@id":"https:\/\/www.ogbl.lu\/de\/#organization","name":"OGBL","url":"https:\/\/www.ogbl.lu\/de\/","logo":{"@type":"ImageObject","inLanguage":"de-DE","@id":"https:\/\/www.ogbl.lu\/de\/#\/schema\/logo\/image\/","url":"https:\/\/www.ogbl.lu\/wp-content\/uploads\/2024\/07\/LOGO_Red_FR-svg.png","contentUrl":"https:\/\/www.ogbl.lu\/wp-content\/uploads\/2024\/07\/LOGO_Red_FR-svg.png","width":369,"height":171,"caption":"OGBL"},"image":{"@id":"https:\/\/www.ogbl.lu\/de\/#\/schema\/logo\/image\/"}}]}},"_links":{"self":[{"href":"https:\/\/www.ogbl.lu\/de\/wp-json\/wp\/v2\/communiques\/2427"}],"collection":[{"href":"https:\/\/www.ogbl.lu\/de\/wp-json\/wp\/v2\/communiques"}],"about":[{"href":"https:\/\/www.ogbl.lu\/de\/wp-json\/wp\/v2\/types\/communiques"}],"author":[{"embeddable":true,"href":"https:\/\/www.ogbl.lu\/de\/wp-json\/wp\/v2\/users\/1"}],"version-history":[{"count":0,"href":"https:\/\/www.ogbl.lu\/de\/wp-json\/wp\/v2\/communiques\/2427\/revisions"}],"wp:featuredmedia":[{"embeddable":true,"href":"https:\/\/www.ogbl.lu\/de\/wp-json\/wp\/v2\/media\/3736"}],"wp:attachment":[{"href":"https:\/\/www.ogbl.lu\/de\/wp-json\/wp\/v2\/media?parent=2427"}],"wp:term":[{"taxonomy":"categorie_communiques","embeddable":true,"href":"https:\/\/www.ogbl.lu\/de\/wp-json\/wp\/v2\/categorie_communiques?post=2427"},{"taxonomy":"syndicat","embeddable":true,"href":"https:\/\/www.ogbl.lu\/de\/wp-json\/wp\/v2\/syndicat?post=2427"}],"curies":[{"name":"wp","href":"https:\/\/api.w.org\/{rel}","templated":true}]}}